{"id":6892,"date":"2022-07-28T17:28:31","date_gmt":"2022-07-28T20:28:31","guid":{"rendered":"http:\/\/10.10.1.232\/wordpress\/?page_id=6892"},"modified":"2025-01-16T14:25:06","modified_gmt":"2025-01-16T17:25:06","slug":"pandemia-da-covid-19-atos-normativos","status":"publish","type":"page","link":"http:\/\/10.10.1.232\/wordpress\/?page_id=6892","title":{"rendered":"Pandemia da COVID-19 &#8211; Atos Normativos"},"content":{"rendered":"\t\t<div data-elementor-type=\"wp-page\" data-elementor-id=\"6892\" class=\"elementor elementor-6892\">\n\t\t\t\t\t\t<section class=\"elementor-section elementor-top-section elementor-element elementor-element-c8ddeb6 elementor-section-height-min-height elementor-section-boxed elementor-section-height-default elementor-section-items-middle\" data-id=\"c8ddeb6\" data-element_type=\"section\" data-settings=\"{&quot;background_background&quot;:&quot;classic&quot;}\">\n\t\t\t\t\t\t\t<div class=\"elementor-background-overlay\"><\/div>\n\t\t\t\t\t\t\t<div class=\"elementor-container elementor-column-gap-default\">\n\t\t\t\t\t<div class=\"elementor-column elementor-col-100 elementor-top-column elementor-element elementor-element-6a5337e\" data-id=\"6a5337e\" data-element_type=\"column\">\n\t\t\t<div class=\"elementor-widget-wrap elementor-element-populated\">\n\t\t\t\t\t\t<div class=\"elementor-element elementor-element-feefb6c elementor-widget elementor-widget-heading\" data-id=\"feefb6c\" data-element_type=\"widget\" data-widget_type=\"heading.default\">\n\t\t\t\t<div class=\"elementor-widget-container\">\n\t\t\t\t\t<h1 class=\"elementor-heading-title elementor-size-default\">Atos Normativos<\/h1>\t\t\t\t<\/div>\n\t\t\t\t<\/div>\n\t\t\t\t\t<\/div>\n\t\t<\/div>\n\t\t\t\t\t<\/div>\n\t\t<\/section>\n\t\t\t\t<section class=\"elementor-section elementor-top-section elementor-element elementor-element-ae3664b elementor-section-boxed elementor-section-height-default elementor-section-height-default\" data-id=\"ae3664b\" data-element_type=\"section\">\n\t\t\t\t\t\t<div class=\"elementor-container elementor-column-gap-default\">\n\t\t\t\t\t<div class=\"elementor-column elementor-col-100 elementor-top-column elementor-element elementor-element-18ea5ac\" data-id=\"18ea5ac\" data-element_type=\"column\">\n\t\t\t<div class=\"elementor-widget-wrap elementor-element-populated\">\n\t\t\t\t\t\t<div class=\"elementor-element elementor-element-a569c8a elementor-widget elementor-widget-spacer\" data-id=\"a569c8a\" data-element_type=\"widget\" data-widget_type=\"spacer.default\">\n\t\t\t\t<div class=\"elementor-widget-container\">\n\t\t\t\t\t\t\t<div class=\"elementor-spacer\">\n\t\t\t<div class=\"elementor-spacer-inner\"><\/div>\n\t\t<\/div>\n\t\t\t\t\t\t<\/div>\n\t\t\t\t<\/div>\n\t\t\t\t\t<\/div>\n\t\t<\/div>\n\t\t\t\t\t<\/div>\n\t\t<\/section>\n\t\t\t\t<section class=\"elementor-section elementor-top-section elementor-element elementor-element-e4a418e elementor-section-boxed elementor-section-height-default elementor-section-height-default\" data-id=\"e4a418e\" data-element_type=\"section\">\n\t\t\t\t\t\t<div class=\"elementor-container elementor-column-gap-default\">\n\t\t\t\t\t<div class=\"elementor-column elementor-col-50 elementor-top-column elementor-element elementor-element-dc50665\" data-id=\"dc50665\" data-element_type=\"column\">\n\t\t\t<div class=\"elementor-widget-wrap elementor-element-populated\">\n\t\t\t\t\t\t<div class=\"elementor-element elementor-element-cc66e56 elementor-widget elementor-widget-button\" data-id=\"cc66e56\" data-element_type=\"widget\" data-widget_type=\"button.default\">\n\t\t\t\t<div class=\"elementor-widget-container\">\n\t\t\t\t\t\t\t\t\t<div class=\"elementor-button-wrapper\">\n\t\t\t\t\t<a class=\"elementor-button elementor-button-link elementor-size-sm\" href=\"http:\/\/10.10.1.232\/wordpress\/?page_id=6774\">\n\t\t\t\t\t\t<span class=\"elementor-button-content-wrapper\">\n\t\t\t\t\t\t<span class=\"elementor-button-icon\">\n\t\t\t\t<i aria-hidden=\"true\" class=\"fas fa-angle-double-left\"><\/i>\t\t\t<\/span>\n\t\t\t\t\t\t\t\t\t<span class=\"elementor-button-text\">Voltar para Pandemia da COVID-19<\/span>\n\t\t\t\t\t<\/span>\n\t\t\t\t\t<\/a>\n\t\t\t\t<\/div>\n\t\t\t\t\t\t\t\t<\/div>\n\t\t\t\t<\/div>\n\t\t\t\t<div class=\"elementor-element elementor-element-98d337a elementor-widget elementor-widget-toggle\" data-id=\"98d337a\" data-element_type=\"widget\" data-widget_type=\"toggle.default\">\n\t\t\t\t<div class=\"elementor-widget-container\">\n\t\t\t\t\t\t\t<div class=\"elementor-toggle\">\n\t\t\t\t\t\t\t<div class=\"elementor-toggle-item\">\n\t\t\t\t\t<div id=\"elementor-tab-title-1601\" class=\"elementor-tab-title\" data-tab=\"1\" role=\"button\" aria-controls=\"elementor-tab-content-1601\" aria-expanded=\"false\">\n\t\t\t\t\t\t\t\t\t\t\t\t<span class=\"elementor-toggle-icon elementor-toggle-icon-left\" aria-hidden=\"true\">\n\t\t\t\t\t\t\t\t\t\t\t\t\t\t\t<span class=\"elementor-toggle-icon-closed\"><i class=\"fas fa-caret-right\"><\/i><\/span>\n\t\t\t\t\t\t\t\t<span class=\"elementor-toggle-icon-opened\"><i class=\"elementor-toggle-icon-opened fas fa-caret-up\"><\/i><\/span>\n\t\t\t\t\t\t\t\t\t\t\t\t\t<\/span>\n\t\t\t\t\t\t\t\t\t\t\t\t<a class=\"elementor-toggle-title\" tabindex=\"0\">Acervo<\/a>\n\t\t\t\t\t<\/div>\n\n\t\t\t\t\t<div id=\"elementor-tab-content-1601\" class=\"elementor-tab-content elementor-clearfix\" data-tab=\"1\" role=\"region\" aria-labelledby=\"elementor-tab-title-1601\"><ul><li><a href=\"http:\/\/10.10.1.232\/wordpress\/?page_id=1769\">Dados hist\u00f3ricos de constru\u00e7\u00e3o dos pr\u00e9dios da Justi\u00e7a Eleitoral<\/a><\/li><li><a href=\"http:\/\/10.10.1.232\/wordpress\/?page_id=3083\">Documentos Hist\u00f3ricos<\/a><\/li><li><a href=\"http:\/\/10.10.1.232\/wordpress\/?page_id=3194\">Centro de Mem\u00f3ria Des. Geraldo Crispim Borges<\/a><\/li><li><a href=\"http:\/\/10.10.1.232\/wordpress\/?page_id=3520\">Elei\u00e7\u00f5es Antigas<\/a><\/li><li><a href=\"http:\/\/10.10.1.232\/wordpress\/?page_id=3660\">Diplomas<\/a><\/li><\/ul><\/div>\n\t\t\t\t<\/div>\n\t\t\t\t\t\t\t<div class=\"elementor-toggle-item\">\n\t\t\t\t\t<div id=\"elementor-tab-title-1602\" class=\"elementor-tab-title\" data-tab=\"2\" role=\"button\" aria-controls=\"elementor-tab-content-1602\" aria-expanded=\"false\">\n\t\t\t\t\t\t\t\t\t\t\t\t<span class=\"elementor-toggle-icon elementor-toggle-icon-left\" aria-hidden=\"true\">\n\t\t\t\t\t\t\t\t\t\t\t\t\t\t\t<span class=\"elementor-toggle-icon-closed\"><i class=\"fas fa-caret-right\"><\/i><\/span>\n\t\t\t\t\t\t\t\t<span class=\"elementor-toggle-icon-opened\"><i class=\"elementor-toggle-icon-opened fas fa-caret-up\"><\/i><\/span>\n\t\t\t\t\t\t\t\t\t\t\t\t\t<\/span>\n\t\t\t\t\t\t\t\t\t\t\t\t<a class=\"elementor-toggle-title\" tabindex=\"0\">Acessibilidade e Log\u00edstica Sustent\u00e1vel<\/a>\n\t\t\t\t\t<\/div>\n\n\t\t\t\t\t<div id=\"elementor-tab-content-1602\" class=\"elementor-tab-content elementor-clearfix\" data-tab=\"2\" role=\"region\" aria-labelledby=\"elementor-tab-title-1602\"><ul><li><a href=\"http:\/\/10.10.1.232\/wordpress\/?page_id=3690\">Acessibilidade e Log\u00edstica Sustent\u00e1vel<\/a><\/li><\/ul><\/div>\n\t\t\t\t<\/div>\n\t\t\t\t\t\t\t<div class=\"elementor-toggle-item\">\n\t\t\t\t\t<div id=\"elementor-tab-title-1603\" class=\"elementor-tab-title\" data-tab=\"3\" role=\"button\" aria-controls=\"elementor-tab-content-1603\" aria-expanded=\"false\">\n\t\t\t\t\t\t\t\t\t\t\t\t<span class=\"elementor-toggle-icon elementor-toggle-icon-left\" aria-hidden=\"true\">\n\t\t\t\t\t\t\t\t\t\t\t\t\t\t\t<span class=\"elementor-toggle-icon-closed\"><i class=\"fas fa-caret-right\"><\/i><\/span>\n\t\t\t\t\t\t\t\t<span class=\"elementor-toggle-icon-opened\"><i class=\"elementor-toggle-icon-opened fas fa-caret-up\"><\/i><\/span>\n\t\t\t\t\t\t\t\t\t\t\t\t\t<\/span>\n\t\t\t\t\t\t\t\t\t\t\t\t<a class=\"elementor-toggle-title\" tabindex=\"0\">Comenda Desembargador Jorge de Morais Jardim<\/a>\n\t\t\t\t\t<\/div>\n\n\t\t\t\t\t<div id=\"elementor-tab-content-1603\" class=\"elementor-tab-content elementor-clearfix\" data-tab=\"3\" role=\"region\" aria-labelledby=\"elementor-tab-title-1603\"><ul><li><a href=\"http:\/\/10.10.1.232\/wordpress\/?page_id=3927\">Resolu\u00e7\u00e3o n\u00ba 02\/96<\/a><\/li><li><a href=\"http:\/\/10.10.1.232\/wordpress\/?page_id=3965\">Condecorados<\/a><\/li><li><a href=\"http:\/\/10.10.1.232\/wordpress\/?page_id=3952\">Fotografias <\/a><\/li><\/ul><\/div>\n\t\t\t\t<\/div>\n\t\t\t\t\t\t\t<div class=\"elementor-toggle-item\">\n\t\t\t\t\t<div id=\"elementor-tab-title-1604\" class=\"elementor-tab-title\" data-tab=\"4\" role=\"button\" aria-controls=\"elementor-tab-content-1604\" aria-expanded=\"false\">\n\t\t\t\t\t\t\t\t\t\t\t\t<span class=\"elementor-toggle-icon elementor-toggle-icon-left\" aria-hidden=\"true\">\n\t\t\t\t\t\t\t\t\t\t\t\t\t\t\t<span class=\"elementor-toggle-icon-closed\"><i class=\"fas fa-caret-right\"><\/i><\/span>\n\t\t\t\t\t\t\t\t<span class=\"elementor-toggle-icon-opened\"><i class=\"elementor-toggle-icon-opened fas fa-caret-up\"><\/i><\/span>\n\t\t\t\t\t\t\t\t\t\t\t\t\t<\/span>\n\t\t\t\t\t\t\t\t\t\t\t\t<a class=\"elementor-toggle-title\" tabindex=\"0\">Comiss\u00e3o de Gest\u00e3o da Mem\u00f3ria e Cultura<\/a>\n\t\t\t\t\t<\/div>\n\n\t\t\t\t\t<div id=\"elementor-tab-content-1604\" class=\"elementor-tab-content elementor-clearfix\" data-tab=\"4\" role=\"region\" aria-labelledby=\"elementor-tab-title-1604\"><ul><li><a href=\"http:\/\/10.10.1.232\/wordpress\/?page_id=4146\">Comiss\u00e3o de Gest\u00e3o da Mem\u00f3ria e Cultura<\/a><\/li><li><a href=\"http:\/\/10.10.1.232\/wordpress\/?page_id=4155\">Integrantes da Comiss\u00e3o<\/a><\/li><li><a href=\"http:\/\/10.10.1.232\/wordpress\/?page_id=4286\">Atos de designa\u00e7\u00e3o<\/a><\/li><\/ul><\/div>\n\t\t\t\t<\/div>\n\t\t\t\t\t\t\t<div class=\"elementor-toggle-item\">\n\t\t\t\t\t<div id=\"elementor-tab-title-1605\" class=\"elementor-tab-title\" data-tab=\"5\" role=\"button\" aria-controls=\"elementor-tab-content-1605\" aria-expanded=\"false\">\n\t\t\t\t\t\t\t\t\t\t\t\t<span class=\"elementor-toggle-icon elementor-toggle-icon-left\" aria-hidden=\"true\">\n\t\t\t\t\t\t\t\t\t\t\t\t\t\t\t<span class=\"elementor-toggle-icon-closed\"><i class=\"fas fa-caret-right\"><\/i><\/span>\n\t\t\t\t\t\t\t\t<span class=\"elementor-toggle-icon-opened\"><i class=\"elementor-toggle-icon-opened fas fa-caret-up\"><\/i><\/span>\n\t\t\t\t\t\t\t\t\t\t\t\t\t<\/span>\n\t\t\t\t\t\t\t\t\t\t\t\t<a class=\"elementor-toggle-title\" tabindex=\"0\">Eventos<\/a>\n\t\t\t\t\t<\/div>\n\n\t\t\t\t\t<div id=\"elementor-tab-content-1605\" class=\"elementor-tab-content elementor-clearfix\" data-tab=\"5\" role=\"region\" aria-labelledby=\"elementor-tab-title-1605\"><ul><li><a href=\"http:\/\/10.10.1.232\/wordpress\/?page_id=10800\">2006 at\u00e9 2020<\/a><\/li><li><a href=\"http:\/\/10.10.1.232\/wordpress\/?page_id=5014\">2021<\/a><\/li><li><a href=\"http:\/\/10.10.1.232\/wordpress\/?page_id=9840\">2022<\/a><\/li><\/ul><\/div>\n\t\t\t\t<\/div>\n\t\t\t\t\t\t\t<div class=\"elementor-toggle-item\">\n\t\t\t\t\t<div id=\"elementor-tab-title-1606\" class=\"elementor-tab-title\" data-tab=\"6\" role=\"button\" aria-controls=\"elementor-tab-content-1606\" aria-expanded=\"false\">\n\t\t\t\t\t\t\t\t\t\t\t\t<span class=\"elementor-toggle-icon elementor-toggle-icon-left\" aria-hidden=\"true\">\n\t\t\t\t\t\t\t\t\t\t\t\t\t\t\t<span class=\"elementor-toggle-icon-closed\"><i class=\"fas fa-caret-right\"><\/i><\/span>\n\t\t\t\t\t\t\t\t<span class=\"elementor-toggle-icon-opened\"><i class=\"elementor-toggle-icon-opened fas fa-caret-up\"><\/i><\/span>\n\t\t\t\t\t\t\t\t\t\t\t\t\t<\/span>\n\t\t\t\t\t\t\t\t\t\t\t\t<a class=\"elementor-toggle-title\" tabindex=\"0\">Escola Judici\u00e1ria Eleitoral<\/a>\n\t\t\t\t\t<\/div>\n\n\t\t\t\t\t<div id=\"elementor-tab-content-1606\" class=\"elementor-tab-content elementor-clearfix\" data-tab=\"6\" role=\"region\" aria-labelledby=\"elementor-tab-title-1606\"><ul><li><a href=\"http:\/\/10.10.1.232\/wordpress\/?page_id=5071\">Escola Judici\u00e1ria Eleitoral<\/a><\/li><li><a href=\"http:\/\/10.10.1.232\/wordpress\/?page_id=5194\">Programas<\/a><\/li><li><a href=\"http:\/\/10.10.1.232\/wordpress\/?page_id=5133\">Publica\u00e7\u00f5es<\/a><\/li><li><a href=\"http:\/\/10.10.1.232\/wordpress\/?page_id=5168\">Diretores da Escola Judici\u00e1ria Eleitoral<\/a><\/li><\/ul><\/div>\n\t\t\t\t<\/div>\n\t\t\t\t\t\t\t<div class=\"elementor-toggle-item\">\n\t\t\t\t\t<div id=\"elementor-tab-title-1607\" class=\"elementor-tab-title\" data-tab=\"7\" role=\"button\" aria-controls=\"elementor-tab-content-1607\" aria-expanded=\"false\">\n\t\t\t\t\t\t\t\t\t\t\t\t<span class=\"elementor-toggle-icon elementor-toggle-icon-left\" aria-hidden=\"true\">\n\t\t\t\t\t\t\t\t\t\t\t\t\t\t\t<span class=\"elementor-toggle-icon-closed\"><i class=\"fas fa-caret-right\"><\/i><\/span>\n\t\t\t\t\t\t\t\t<span class=\"elementor-toggle-icon-opened\"><i class=\"elementor-toggle-icon-opened fas fa-caret-up\"><\/i><\/span>\n\t\t\t\t\t\t\t\t\t\t\t\t\t<\/span>\n\t\t\t\t\t\t\t\t\t\t\t\t<a class=\"elementor-toggle-title\" tabindex=\"0\">Espa\u00e7o Cultural<\/a>\n\t\t\t\t\t<\/div>\n\n\t\t\t\t\t<div id=\"elementor-tab-content-1607\" class=\"elementor-tab-content elementor-clearfix\" data-tab=\"7\" role=\"region\" aria-labelledby=\"elementor-tab-title-1607\"><ul><li><a href=\"http:\/\/10.10.1.232\/wordpress\/?page_id=5251\">Cerrado<\/a><\/li><li><a href=\"http:\/\/10.10.1.232\/wordpress\/?page_id=5325\">Minha Cidade<\/a><\/li><li><a href=\"http:\/\/10.10.1.232\/wordpress\/?page_id=5336\">Ver\u00e3o<\/a><\/li><li><a href=\"http:\/\/10.10.1.232\/wordpress\/?page_id=5385\">La\u00e7os de Afeto<\/a><\/li><li><a href=\"http:\/\/10.10.1.232\/wordpress\/?page_id=9364\">Pai<\/a><\/li><li><a href=\"http:\/\/10.10.1.232\/wordpress\/?page_id=7551\">Prote\u00e7\u00e3o \u00e0s Florestas<\/a><\/li><\/ul><\/div>\n\t\t\t\t<\/div>\n\t\t\t\t\t\t\t<div class=\"elementor-toggle-item\">\n\t\t\t\t\t<div id=\"elementor-tab-title-1608\" class=\"elementor-tab-title\" data-tab=\"8\" role=\"button\" aria-controls=\"elementor-tab-content-1608\" aria-expanded=\"false\">\n\t\t\t\t\t\t\t\t\t\t\t\t<span class=\"elementor-toggle-icon elementor-toggle-icon-left\" aria-hidden=\"true\">\n\t\t\t\t\t\t\t\t\t\t\t\t\t\t\t<span class=\"elementor-toggle-icon-closed\"><i class=\"fas fa-caret-right\"><\/i><\/span>\n\t\t\t\t\t\t\t\t<span class=\"elementor-toggle-icon-opened\"><i class=\"elementor-toggle-icon-opened fas fa-caret-up\"><\/i><\/span>\n\t\t\t\t\t\t\t\t\t\t\t\t\t<\/span>\n\t\t\t\t\t\t\t\t\t\t\t\t<a class=\"elementor-toggle-title\" tabindex=\"0\">Evolu\u00e7\u00e3o do Eleitorado<\/a>\n\t\t\t\t\t<\/div>\n\n\t\t\t\t\t<div id=\"elementor-tab-content-1608\" class=\"elementor-tab-content elementor-clearfix\" data-tab=\"8\" role=\"region\" aria-labelledby=\"elementor-tab-title-1608\"><ul><li><a href=\"http:\/\/10.10.1.232\/wordpress\/?page_id=6823\">Evolu\u00e7\u00e3o do Eleitorado<\/a><\/li><\/ul><\/div>\n\t\t\t\t<\/div>\n\t\t\t\t\t\t\t<div class=\"elementor-toggle-item\">\n\t\t\t\t\t<div id=\"elementor-tab-title-1609\" class=\"elementor-tab-title\" data-tab=\"9\" role=\"button\" aria-controls=\"elementor-tab-content-1609\" aria-expanded=\"false\">\n\t\t\t\t\t\t\t\t\t\t\t\t<span class=\"elementor-toggle-icon elementor-toggle-icon-left\" aria-hidden=\"true\">\n\t\t\t\t\t\t\t\t\t\t\t\t\t\t\t<span class=\"elementor-toggle-icon-closed\"><i class=\"fas fa-caret-right\"><\/i><\/span>\n\t\t\t\t\t\t\t\t<span class=\"elementor-toggle-icon-opened\"><i class=\"elementor-toggle-icon-opened fas fa-caret-up\"><\/i><\/span>\n\t\t\t\t\t\t\t\t\t\t\t\t\t<\/span>\n\t\t\t\t\t\t\t\t\t\t\t\t<a class=\"elementor-toggle-title\" tabindex=\"0\">Exposi\u00e7\u00f5es<\/a>\n\t\t\t\t\t<\/div>\n\n\t\t\t\t\t<div id=\"elementor-tab-content-1609\" class=\"elementor-tab-content elementor-clearfix\" data-tab=\"9\" role=\"region\" aria-labelledby=\"elementor-tab-title-1609\"><ul><li><a href=\"http:\/\/10.10.1.232\/wordpress\/?page_id=5411\">Exposi\u00e7\u00f5es<\/a><\/li><li><a href=\"http:\/\/10.10.1.232\/wordpress\/?page_id=5429\">Fotografias do Tribunal<\/a><\/li><li><a href=\"http:\/\/10.10.1.232\/wordpress\/?page_id=5517\">Comunidade Kalunga<\/a><\/li><li><a href=\"http:\/\/10.10.1.232\/wordpress\/?page_id=5523\">Exposi\u00e7\u00f5es do TSE<\/a><\/li><\/ul><\/div>\n\t\t\t\t<\/div>\n\t\t\t\t\t\t\t<div class=\"elementor-toggle-item\">\n\t\t\t\t\t<div id=\"elementor-tab-title-16010\" class=\"elementor-tab-title\" data-tab=\"10\" role=\"button\" aria-controls=\"elementor-tab-content-16010\" aria-expanded=\"false\">\n\t\t\t\t\t\t\t\t\t\t\t\t<span class=\"elementor-toggle-icon elementor-toggle-icon-left\" aria-hidden=\"true\">\n\t\t\t\t\t\t\t\t\t\t\t\t\t\t\t<span class=\"elementor-toggle-icon-closed\"><i class=\"fas fa-caret-right\"><\/i><\/span>\n\t\t\t\t\t\t\t\t<span class=\"elementor-toggle-icon-opened\"><i class=\"elementor-toggle-icon-opened fas fa-caret-up\"><\/i><\/span>\n\t\t\t\t\t\t\t\t\t\t\t\t\t<\/span>\n\t\t\t\t\t\t\t\t\t\t\t\t<a class=\"elementor-toggle-title\" tabindex=\"0\">Institui\u00e7\u00f5es de Mem\u00f3ria do Poder Judici\u00e1rio<\/a>\n\t\t\t\t\t<\/div>\n\n\t\t\t\t\t<div id=\"elementor-tab-content-16010\" class=\"elementor-tab-content elementor-clearfix\" data-tab=\"10\" role=\"region\" aria-labelledby=\"elementor-tab-title-16010\"><ul><li><a href=\"http:\/\/10.10.1.232\/wordpress\/?page_id=6499\">Institui\u00e7\u00f5es de Mem\u00f3ria do Poder Judici\u00e1rio<\/a><\/li><\/ul><\/div>\n\t\t\t\t<\/div>\n\t\t\t\t\t\t\t<div class=\"elementor-toggle-item\">\n\t\t\t\t\t<div id=\"elementor-tab-title-16011\" class=\"elementor-tab-title\" data-tab=\"11\" role=\"button\" aria-controls=\"elementor-tab-content-16011\" aria-expanded=\"false\">\n\t\t\t\t\t\t\t\t\t\t\t\t<span class=\"elementor-toggle-icon elementor-toggle-icon-left\" aria-hidden=\"true\">\n\t\t\t\t\t\t\t\t\t\t\t\t\t\t\t<span class=\"elementor-toggle-icon-closed\"><i class=\"fas fa-caret-right\"><\/i><\/span>\n\t\t\t\t\t\t\t\t<span class=\"elementor-toggle-icon-opened\"><i class=\"elementor-toggle-icon-opened fas fa-caret-up\"><\/i><\/span>\n\t\t\t\t\t\t\t\t\t\t\t\t\t<\/span>\n\t\t\t\t\t\t\t\t\t\t\t\t<a class=\"elementor-toggle-title\" tabindex=\"0\">Linha sucess\u00f3ria da composi\u00e7\u00e3o Plen\u00e1ria do TRE-GO<\/a>\n\t\t\t\t\t<\/div>\n\n\t\t\t\t\t<div id=\"elementor-tab-content-16011\" class=\"elementor-tab-content elementor-clearfix\" data-tab=\"11\" role=\"region\" aria-labelledby=\"elementor-tab-title-16011\"><ul><li><a href=\"http:\/\/10.10.1.232\/wordpress\/?page_id=6577\">Linha sucess\u00f3ria da composi\u00e7\u00e3o Plen\u00e1ria do TRE-GO<\/a><\/li><\/ul><\/div>\n\t\t\t\t<\/div>\n\t\t\t\t\t\t\t<div class=\"elementor-toggle-item\">\n\t\t\t\t\t<div id=\"elementor-tab-title-16012\" class=\"elementor-tab-title\" data-tab=\"12\" role=\"button\" aria-controls=\"elementor-tab-content-16012\" aria-expanded=\"false\">\n\t\t\t\t\t\t\t\t\t\t\t\t<span class=\"elementor-toggle-icon elementor-toggle-icon-left\" aria-hidden=\"true\">\n\t\t\t\t\t\t\t\t\t\t\t\t\t\t\t<span class=\"elementor-toggle-icon-closed\"><i class=\"fas fa-caret-right\"><\/i><\/span>\n\t\t\t\t\t\t\t\t<span class=\"elementor-toggle-icon-opened\"><i class=\"elementor-toggle-icon-opened fas fa-caret-up\"><\/i><\/span>\n\t\t\t\t\t\t\t\t\t\t\t\t\t<\/span>\n\t\t\t\t\t\t\t\t\t\t\t\t<a class=\"elementor-toggle-title\" tabindex=\"0\">Zonas Eleitorais<\/a>\n\t\t\t\t\t<\/div>\n\n\t\t\t\t\t<div id=\"elementor-tab-content-16012\" class=\"elementor-tab-content elementor-clearfix\" data-tab=\"12\" role=\"region\" aria-labelledby=\"elementor-tab-title-16012\"><ul><li><a href=\"http:\/\/10.10.1.232\/wordpress\/?page_id=6611\">Mapas<\/a><\/li><li><a href=\"http:\/\/10.10.1.232\/wordpress\/?page_id=6623\">Zonas Eleitorais<\/a><\/li><\/ul><\/div>\n\t\t\t\t<\/div>\n\t\t\t\t\t\t\t<div class=\"elementor-toggle-item\">\n\t\t\t\t\t<div id=\"elementor-tab-title-16013\" class=\"elementor-tab-title\" data-tab=\"13\" role=\"button\" aria-controls=\"elementor-tab-content-16013\" aria-expanded=\"false\">\n\t\t\t\t\t\t\t\t\t\t\t\t<span class=\"elementor-toggle-icon elementor-toggle-icon-left\" aria-hidden=\"true\">\n\t\t\t\t\t\t\t\t\t\t\t\t\t\t\t<span class=\"elementor-toggle-icon-closed\"><i class=\"fas fa-caret-right\"><\/i><\/span>\n\t\t\t\t\t\t\t\t<span class=\"elementor-toggle-icon-opened\"><i class=\"elementor-toggle-icon-opened fas fa-caret-up\"><\/i><\/span>\n\t\t\t\t\t\t\t\t\t\t\t\t\t<\/span>\n\t\t\t\t\t\t\t\t\t\t\t\t<a class=\"elementor-toggle-title\" tabindex=\"0\">Livros de Visitas<\/a>\n\t\t\t\t\t<\/div>\n\n\t\t\t\t\t<div id=\"elementor-tab-content-16013\" class=\"elementor-tab-content elementor-clearfix\" data-tab=\"13\" role=\"region\" aria-labelledby=\"elementor-tab-title-16013\"><ul><li><a href=\"http:\/\/10.10.1.232\/wordpress\/?page_id=6635\">Livros de Visitas<\/a><\/li><\/ul><\/div>\n\t\t\t\t<\/div>\n\t\t\t\t\t\t\t<div class=\"elementor-toggle-item\">\n\t\t\t\t\t<div id=\"elementor-tab-title-16014\" class=\"elementor-tab-title\" data-tab=\"14\" role=\"button\" aria-controls=\"elementor-tab-content-16014\" aria-expanded=\"false\">\n\t\t\t\t\t\t\t\t\t\t\t\t<span class=\"elementor-toggle-icon elementor-toggle-icon-left\" aria-hidden=\"true\">\n\t\t\t\t\t\t\t\t\t\t\t\t\t\t\t<span class=\"elementor-toggle-icon-closed\"><i class=\"fas fa-caret-right\"><\/i><\/span>\n\t\t\t\t\t\t\t\t<span class=\"elementor-toggle-icon-opened\"><i class=\"elementor-toggle-icon-opened fas fa-caret-up\"><\/i><\/span>\n\t\t\t\t\t\t\t\t\t\t\t\t\t<\/span>\n\t\t\t\t\t\t\t\t\t\t\t\t<a class=\"elementor-toggle-title\" tabindex=\"0\">I Semana da Mem\u00f3ria do Poder Judici\u00e1rio Goiano<\/a>\n\t\t\t\t\t<\/div>\n\n\t\t\t\t\t<div id=\"elementor-tab-content-16014\" class=\"elementor-tab-content elementor-clearfix\" data-tab=\"14\" role=\"region\" aria-labelledby=\"elementor-tab-title-16014\"><ul><li><a href=\"http:\/\/10.10.1.232\/wordpress\/?page_id=7232\">I Semana da Mem\u00f3ria<\/a><\/li><\/ul><\/div>\n\t\t\t\t<\/div>\n\t\t\t\t\t\t\t<div class=\"elementor-toggle-item\">\n\t\t\t\t\t<div id=\"elementor-tab-title-16015\" class=\"elementor-tab-title\" data-tab=\"15\" role=\"button\" aria-controls=\"elementor-tab-content-16015\" aria-expanded=\"false\">\n\t\t\t\t\t\t\t\t\t\t\t\t<span class=\"elementor-toggle-icon elementor-toggle-icon-left\" aria-hidden=\"true\">\n\t\t\t\t\t\t\t\t\t\t\t\t\t\t\t<span class=\"elementor-toggle-icon-closed\"><i class=\"fas fa-caret-right\"><\/i><\/span>\n\t\t\t\t\t\t\t\t<span class=\"elementor-toggle-icon-opened\"><i class=\"elementor-toggle-icon-opened fas fa-caret-up\"><\/i><\/span>\n\t\t\t\t\t\t\t\t\t\t\t\t\t<\/span>\n\t\t\t\t\t\t\t\t\t\t\t\t<a class=\"elementor-toggle-title\" tabindex=\"0\">Ouvidoria Regional Eleitoral<\/a>\n\t\t\t\t\t<\/div>\n\n\t\t\t\t\t<div id=\"elementor-tab-content-16015\" class=\"elementor-tab-content elementor-clearfix\" data-tab=\"15\" role=\"region\" aria-labelledby=\"elementor-tab-title-16015\"><ul><li><a href=\"http:\/\/10.10.1.232\/wordpress\/?page_id=6733\">Informa\u00e7\u00f5es<\/a><\/li><li><a href=\"http:\/\/10.10.1.232\/wordpress\/?page_id=6850\">Ouvidores<\/a><\/li><li><a href=\"http:\/\/10.10.1.232\/wordpress\/?page_id=6755\">Ouvidores Regionais Eleitorais<\/a><\/li><li><a href=\"http:\/\/10.10.1.232\/wordpress\/?page_id=6741\">Ouvidoria da Mulher<\/a><\/li><li><a href=\"http:\/\/10.10.1.232\/wordpress\/?page_id=6746\">Ouvidoria na Pandemia<\/a><\/li><li><a href=\"http:\/\/10.10.1.232\/wordpress\/wp-content\/uploads\/memorial\/Ouvidoria%20Regional%20Eleitoral\/RELAT%C3%93RIO%20DE%20ATIVIDADES%20ORE%202020.pdf\">Relat\u00f3rio de Atividades<\/a><\/li><\/ul><\/div>\n\t\t\t\t<\/div>\n\t\t\t\t\t\t\t<div class=\"elementor-toggle-item\">\n\t\t\t\t\t<div id=\"elementor-tab-title-16016\" class=\"elementor-tab-title\" data-tab=\"16\" role=\"button\" aria-controls=\"elementor-tab-content-16016\" aria-expanded=\"false\">\n\t\t\t\t\t\t\t\t\t\t\t\t<span class=\"elementor-toggle-icon elementor-toggle-icon-left\" aria-hidden=\"true\">\n\t\t\t\t\t\t\t\t\t\t\t\t\t\t\t<span class=\"elementor-toggle-icon-closed\"><i class=\"fas fa-caret-right\"><\/i><\/span>\n\t\t\t\t\t\t\t\t<span class=\"elementor-toggle-icon-opened\"><i class=\"elementor-toggle-icon-opened fas fa-caret-up\"><\/i><\/span>\n\t\t\t\t\t\t\t\t\t\t\t\t\t<\/span>\n\t\t\t\t\t\t\t\t\t\t\t\t<a class=\"elementor-toggle-title\" tabindex=\"0\">Pandemia da COVID-19<\/a>\n\t\t\t\t\t<\/div>\n\n\t\t\t\t\t<div id=\"elementor-tab-content-16016\" class=\"elementor-tab-content elementor-clearfix\" data-tab=\"16\" role=\"region\" aria-labelledby=\"elementor-tab-title-16016\"><ul><li><a href=\"http:\/\/10.10.1.232\/wordpress\/?page_id=6774\">Pandemia da COVID-19<\/a><\/li><li><a href=\"http:\/\/10.10.1.232\/wordpress\/?page_id=6892\">Atos Normativos<\/a><\/li><li><a href=\"http:\/\/10.10.1.232\/wordpress\/?page_id=6906\">Diploma\u00e7\u00e3o dos Eleitos das Elei\u00e7\u00f5es 2020<\/a><\/li><li><a href=\"http:\/\/10.10.1.232\/wordpress\/?page_id=6912\">Manuais do Candidato<\/a><\/li><li><a href=\"http:\/\/10.10.1.232\/wordpress\/?page_id=6920\">V\u00eddeos Informativos<\/a><\/li><li><a href=\"https:\/\/www.in.gov.br\/en\/web\/dou\/-\/portaria-gm\/ms-n-913-de-22-de-abril-de-2022-394545491\">Portaria GM\/MS N\u00ba 913, de 22 de abril de 2022<\/a><\/li><li><a href=\"https:\/\/apps.tre-go.jus.br\/internet\/legislacao-compilada\/resolucao\/resolucao-202200367.htm\">Resolu\u00e7\u00e3o TRE\/GO n\u00b0 367\/2022<\/a><\/li><\/ul><\/div>\n\t\t\t\t<\/div>\n\t\t\t\t\t\t\t<div class=\"elementor-toggle-item\">\n\t\t\t\t\t<div id=\"elementor-tab-title-16017\" class=\"elementor-tab-title\" data-tab=\"17\" role=\"button\" aria-controls=\"elementor-tab-content-16017\" aria-expanded=\"false\">\n\t\t\t\t\t\t\t\t\t\t\t\t<span class=\"elementor-toggle-icon elementor-toggle-icon-left\" aria-hidden=\"true\">\n\t\t\t\t\t\t\t\t\t\t\t\t\t\t\t<span class=\"elementor-toggle-icon-closed\"><i class=\"fas fa-caret-right\"><\/i><\/span>\n\t\t\t\t\t\t\t\t<span class=\"elementor-toggle-icon-opened\"><i class=\"elementor-toggle-icon-opened fas fa-caret-up\"><\/i><\/span>\n\t\t\t\t\t\t\t\t\t\t\t\t\t<\/span>\n\t\t\t\t\t\t\t\t\t\t\t\t<a class=\"elementor-toggle-title\" tabindex=\"0\">Sarau Cultural<\/a>\n\t\t\t\t\t<\/div>\n\n\t\t\t\t\t<div id=\"elementor-tab-content-16017\" class=\"elementor-tab-content elementor-clearfix\" data-tab=\"17\" role=\"region\" aria-labelledby=\"elementor-tab-title-16017\"><ul><li><a href=\"http:\/\/10.10.1.232\/wordpress\/?page_id=12615\">Sarau Cultural<\/a><\/li><\/ul><\/div>\n\t\t\t\t<\/div>\n\t\t\t\t\t\t\t<div class=\"elementor-toggle-item\">\n\t\t\t\t\t<div id=\"elementor-tab-title-16018\" class=\"elementor-tab-title\" data-tab=\"18\" role=\"button\" aria-controls=\"elementor-tab-content-16018\" aria-expanded=\"false\">\n\t\t\t\t\t\t\t\t\t\t\t\t<span class=\"elementor-toggle-icon elementor-toggle-icon-left\" aria-hidden=\"true\">\n\t\t\t\t\t\t\t\t\t\t\t\t\t\t\t<span class=\"elementor-toggle-icon-closed\"><i class=\"fas fa-caret-right\"><\/i><\/span>\n\t\t\t\t\t\t\t\t<span class=\"elementor-toggle-icon-opened\"><i class=\"elementor-toggle-icon-opened fas fa-caret-up\"><\/i><\/span>\n\t\t\t\t\t\t\t\t\t\t\t\t\t<\/span>\n\t\t\t\t\t\t\t\t\t\t\t\t<a class=\"elementor-toggle-title\" tabindex=\"0\">Unidades de Mem\u00f3ria Institucional<\/a>\n\t\t\t\t\t<\/div>\n\n\t\t\t\t\t<div id=\"elementor-tab-content-16018\" class=\"elementor-tab-content elementor-clearfix\" data-tab=\"18\" role=\"region\" aria-labelledby=\"elementor-tab-title-16018\"><ul><li><a href=\"http:\/\/10.10.1.232\/wordpress\/?page_id=6947\">Unidades de Mem\u00f3ria<\/a><\/li><li><a href=\"http:\/\/10.10.1.232\/wordpress\/?page_id=6949\">Arquivo<\/a><\/li><li><a href=\"http:\/\/10.10.1.232\/wordpress\/?page_id=6988\">Biblioteca<\/a><\/li><li><a href=\"http:\/\/10.10.1.232\/wordpress\/?page_id=7010\">Memorial<\/a><\/li><\/ul><\/div>\n\t\t\t\t<\/div>\n\t\t\t\t\t\t\t\t<\/div>\n\t\t\t\t\t\t<\/div>\n\t\t\t\t<\/div>\n\t\t\t\t\t<\/div>\n\t\t<\/div>\n\t\t\t\t<div class=\"elementor-column elementor-col-25 elementor-top-column elementor-element elementor-element-4d3779c\" data-id=\"4d3779c\" data-element_type=\"column\">\n\t\t\t<div class=\"elementor-widget-wrap\">\n\t\t\t\t\t\t\t<\/div>\n\t\t<\/div>\n\t\t\t\t<div class=\"elementor-column elementor-col-25 elementor-top-column elementor-element elementor-element-2305793\" data-id=\"2305793\" data-element_type=\"column\">\n\t\t\t<div class=\"elementor-widget-wrap elementor-element-populated\">\n\t\t\t\t\t\t<div class=\"elementor-element elementor-element-294a192 elementor-widget elementor-widget-toggle\" data-id=\"294a192\" data-element_type=\"widget\" data-widget_type=\"toggle.default\">\n\t\t\t\t<div class=\"elementor-widget-container\">\n\t\t\t\t\t\t\t<div class=\"elementor-toggle\">\n\t\t\t\t\t\t\t<div class=\"elementor-toggle-item\">\n\t\t\t\t\t<div id=\"elementor-tab-title-4321\" class=\"elementor-tab-title\" data-tab=\"1\" role=\"button\" aria-controls=\"elementor-tab-content-4321\" aria-expanded=\"false\">\n\t\t\t\t\t\t\t\t\t\t\t\t<span class=\"elementor-toggle-icon elementor-toggle-icon-left\" aria-hidden=\"true\">\n\t\t\t\t\t\t\t\t\t\t\t\t\t\t\t<span class=\"elementor-toggle-icon-closed\"><i class=\"fas fa-caret-right\"><\/i><\/span>\n\t\t\t\t\t\t\t\t<span class=\"elementor-toggle-icon-opened\"><i class=\"elementor-toggle-icon-opened fas fa-caret-up\"><\/i><\/span>\n\t\t\t\t\t\t\t\t\t\t\t\t\t<\/span>\n\t\t\t\t\t\t\t\t\t\t\t\t<a class=\"elementor-toggle-title\" tabindex=\"0\">Conselho Nacional de Justi\u00e7a<\/a>\n\t\t\t\t\t<\/div>\n\n\t\t\t\t\t<div id=\"elementor-tab-content-4321\" class=\"elementor-tab-content elementor-clearfix\" data-tab=\"1\" role=\"region\" aria-labelledby=\"elementor-tab-title-4321\"><div class=\"mYVXT\">\n<div class=\"LS81yb VICjCf j5pSsc db35Fc\" tabindex=\"-1\">\n<div class=\"hJDwNd-AhqUyc-uQSCkd Ft7HRd-AhqUyc-uQSCkd purZT-AhqUyc-II5mzb ZcASvf-AhqUyc-II5mzb pSzOP-AhqUyc-qWD73c Ktthjf-AhqUyc-qWD73c JNdkSc SQVYQc yYI8W HQwdzb\">\n<div class=\"JNdkSc-SmKAyb LkDMRd\">\n<div class=\"\">\n<div class=\"oKdM2c ZZyype Kzv0Me\">\n<div id=\"h.3f5ecf45ab67155e_666\" class=\"hJDwNd-AhqUyc-uQSCkd Ft7HRd-AhqUyc-uQSCkd jXK9ad D2fZ2 zu5uec OjCsFc dmUFtb GNzUNc\">\n<div class=\"jXK9ad-SmKAyb\">\n<div class=\"tyJCtd mGzaTb Depvyb baZpAe\">\n<ul>\n \t<li><a href=\"https:\/\/atos.cnj.jus.br\/files\/original122816202209146321c8e0706f2.pdf\">Portaria SG n\u00b0 43, de 13 de setembro de 2022\u00a0<\/a> &#8211; Disp\u00f5e sobre a realiza\u00e7\u00e3o das atividades no Conselho Nacional de Justi\u00e7a.<\/li>\n \t<li><a href=\"https:\/\/atos.cnj.jus.br\/files\/original1552592022020361fbfa5bca74b.pdf\">Portaria SG n\u00b0 3, de 0<span id=\"OBJ_PREFIX_DWT925_com_zimbra_date\" class=\"Object\" role=\"link\"><span id=\"OBJ_PREFIX_DWT975_com_zimbra_date\" class=\"Object\" role=\"link\">2 de fevereiro 2022 <\/span><\/span><\/a>&#8211; Altera a Portaria SG no 53\/2021, que disp\u00f5e sobre a realiza\u00e7\u00e3o das atividades no Conselho Nacional de Justi\u00e7a e estabelece medidas preventivas ao cont\u00e1gio pelo Coronav\u00edrus (Covid-19).<\/li>\n \t<li><a href=\"https:\/\/atos.cnj.jus.br\/files\/original2013292022012761f2fce935348.pdf\">Portaria SG n\u00b0 2, de <span id=\"OBJ_PREFIX_DWT927_com_zimbra_date\" class=\"Object\" role=\"link\"><span id=\"OBJ_PREFIX_DWT977_com_zimbra_date\" class=\"Object\" role=\"link\">27 de janeiro de 2022<\/span><\/span> <\/a>&#8211; Altera a Portaria SG no 53\/2021, que disp\u00f5e sobre a realiza\u00e7\u00e3o das atividades no Conselho Nacional de Justi\u00e7a e estabelece medidas preventivas ao cont\u00e1gio pelo Coronav\u00edrus (Covid-19).<\/li>\n\n \t<li dir=\"ltr\"><a href=\"https:\/\/atos.cnj.jus.br\/files\/original22501320211025617734a53c58e.pdf\">Recomenda\u00e7\u00e3o n\u00b0 112, de <span id=\"OBJ_PREFIX_DWT967_com_zimbra_date\" class=\"Object\" role=\"link\"><span id=\"OBJ_PREFIX_DWT1018_com_zimbra_date\" class=\"Object\" role=\"link\">20 de outubro de 2021<\/span><\/span><\/a>\u00a0&#8211; Adequa as Recomenda\u00e7\u00f5es CNJ n\u00ba 57\/2019; n\u00ba 58\/2019; Recomenda\u00e7\u00e3o CNJ n\u00ba 63\/2020; Recomenda\u00e7\u00e3o CNJ n\u00ba 71\/2020 \u00e0 Lei n\u00ba 14.112\/2020, alteradora das Leis n\u00ba 11.101\/2005, n\u00ba 10.522\/2002, e n\u00ba 8.929\/1994<\/li>\n \t<li dir=\"ltr\"><a href=\"https:\/\/atos.cnj.jus.br\/files\/original18481720210921614a28f12cf0e.pdf\">Recomenda\u00e7\u00e3o n\u00b0 108 de <span id=\"OBJ_PREFIX_DWT965_com_zimbra_date\" class=\"Object\" role=\"link\"><span id=\"OBJ_PREFIX_DWT1016_com_zimbra_date\" class=\"Object\" role=\"link\">15 de setembro de 2021<\/span><\/span><\/a>\u00a0&#8211; Recomenda aos \u00f3rg\u00e3os do Poder Judici\u00e1rio com compet\u00eancia para julgamento de quest\u00f5es que envolvem ref\u00fagio e migra\u00e7\u00f5es a observ\u00e2ncia de diretrizes estabelecidas nos tratados internacionais sobre direitos humanos, enquanto perdurar a situa\u00e7\u00e3o de pandemia de Covid-19.<\/li>\n \t<li dir=\"ltr\"><a href=\"https:\/\/atos.cnj.jus.br\/files\/original1851022021071460ef3216bda0d.pdf\">Recomenda\u00e7\u00e3o n\u00b0 101 de <\/a><a href=\"https:\/\/atos.cnj.jus.br\/files\/original1851022021071460ef3216bda0d.pdf\"><span id=\"OBJ_PREFIX_DWT963_com_zimbra_date\" class=\"Object\" role=\"link\"><span id=\"OBJ_PREFIX_DWT1014_com_zimbra_date\" class=\"Object\" role=\"link\">12 de julho de 2021 <\/span><\/span><\/a>&#8211; Recomenda aos tribunais brasileiros a ado\u00e7\u00e3o de medidas espec\u00edficas para o fim de garantir o acesso \u00e0 Justi\u00e7a aos exclu\u00eddos digitais.<\/li>\n \t<li dir=\"ltr\"><a href=\"https:\/\/atos.cnj.jus.br\/files\/original1443552021061860ccb12b53b0d.pdf\">Recomenda\u00e7\u00e3o n\u00b0 100, de <span id=\"OBJ_PREFIX_DWT961_com_zimbra_date\" class=\"Object\" role=\"link\"><span id=\"OBJ_PREFIX_DWT1012_com_zimbra_date\" class=\"Object\" role=\"link\">16 de junho de 2021 <\/span><\/span><\/a><span id=\"OBJ_PREFIX_DWT962_com_zimbra_url\" class=\"Object\" role=\"link\"><span id=\"OBJ_PREFIX_DWT1013_com_zimbra_url\" class=\"Object\" role=\"link\"><\/span><\/span> &#8211; Recomenda o uso de m\u00e9todos consensuais de solu\u00e7\u00e3o de conflitos em demandas que versem sobre o direito \u00e0 sa\u00fade.<\/li>\n \t<li dir=\"ltr\"><a href=\"https:\/\/atos.cnj.jus.br\/files\/original1445072021061160c376f3d2a90.pdf\">Resolu\u00e7\u00e3o n\u00b0 397, de <\/a><a href=\"https:\/\/atos.cnj.jus.br\/files\/original1445072021061160c376f3d2a90.pdf\"><span id=\"OBJ_PREFIX_DWT940_com_zimbra_date\" class=\"Object\" role=\"link\"><span id=\"OBJ_PREFIX_DWT991_com_zimbra_date\" class=\"Object\" role=\"link\">09 de junho de 2021 <\/span><\/span><\/a>&#8211; Altera a Resolu\u00e7\u00e3o CNJ no 322\/2020, que estabelece, no \u00e2mbito do Poder Judici\u00e1rio, medidas para a retomada dos servi\u00e7os presenciais, observadas as a\u00e7\u00f5es necess\u00e1rias para preven\u00e7\u00e3o de cont\u00e1gio pelo novo Coronav\u00edrus \u2013 Covid-19, e d\u00e1 outras provid\u00eancias.<\/li>\n \t<li><a href=\"https:\/\/atos.cnj.jus.br\/files\/original194230202108236123fa2637e76.pdf\">Portaria SG n\u00b0 53, de <span id=\"OBJ_PREFIX_DWT929_com_zimbra_date\" class=\"Object\" role=\"link\"><span id=\"OBJ_PREFIX_DWT979_com_zimbra_date\" class=\"Object\" role=\"link\">14 de maio de 2021<\/span><\/span><\/a> &#8211; Disp\u00f5e sobre a realiza\u00e7\u00e3o das atividades no Conselho Nacional de Justi\u00e7a e estabelece medidas preventivas ao cont\u00e1gio pelo Coronav\u00edrus (Covid-19)<\/li>\n \t<li><a href=\"https:\/\/atos.cnj.jus.br\/files\/original16093020210414607713ba3aa7d.pdf\">Recomenda\u00e7\u00e3o n\u00b0 97, de <span id=\"OBJ_PREFIX_DWT959_com_zimbra_date\" class=\"Object\" role=\"link\"><span id=\"OBJ_PREFIX_DWT1010_com_zimbra_date\" class=\"Object\" role=\"link\">09 de maio de 2021 <\/span><\/span><\/a>&#8211; Recomendar aos Tribunais de Justi\u00e7a dos Estados e do Distrito Federal e dos Territ\u00f3rios a utiliza\u00e7\u00e3o de ferramentas tecnol\u00f3gicas para a realiza\u00e7\u00e3o de audi\u00eancias e atendimentos pelas equipes t\u00e9cnicas, em raz\u00e3o da pandemia mundial por Covid-19, dentre outras recomenda\u00e7\u00f5es.<\/li>\n \t<li><a href=\"https:\/\/atos.cnj.jus.br\/files\/original1525102021041460770956604b7.pdf\">Recomenda\u00e7\u00e3o n\u00b0 96, de <span id=\"OBJ_PREFIX_DWT956_com_zimbra_date\" class=\"Object\" role=\"link\"><span id=\"OBJ_PREFIX_DWT1007_com_zimbra_date\" class=\"Object\" role=\"link\">09 de abril de 2021<\/span><\/span>\u00a0<\/a>&#8211; Altera o art. 1o, caput, e \u00a7 2o, da Recomenda\u00e7\u00e3o CNJ no 64\/2020, que trata da suspens\u00e3o dos prazos de validade dos concursos p\u00fablicos realizados no \u00e2mbito do Poder Judici\u00e1rio e recomenda a prorroga\u00e7\u00e3o, at\u00e9 <span id=\"OBJ_PREFIX_DWT958_com_zimbra_date\" class=\"Object\" role=\"link\"><span id=\"OBJ_PREFIX_DWT1009_com_zimbra_date\" class=\"Object\" role=\"link\">31 de dezembro<\/span><\/span> de 2021, dos concursos p\u00fablicos vigentes, como meio de mitigar o impacto decorrente das medidas de combate \u00e0 contamina\u00e7\u00e3o causada pelo Coronav\u00edrus \u2013 Sars-cov-2.<\/li>\n \t<li><a href=\"https:\/\/atos.cnj.jus.br\/files\/original13155720210408606f020d45c71.pdf\">Recomenda\u00e7\u00e3o n\u00b0 92, de <span id=\"OBJ_PREFIX_DWT954_com_zimbra_date\" class=\"Object\" role=\"link\"><span id=\"OBJ_PREFIX_DWT1005_com_zimbra_date\" class=\"Object\" role=\"link\">29 de mar\u00e7o de 2021 <\/span><\/span><\/a>&#8211; Recomenda aos magistrados que, \u00e0 luz da independ\u00eancia funcional que lhes \u00e9 assegurada, atuem na pandemia da Covid-19 de forma a fortalecer o sistema brasileiro de sa\u00fade e a preservar a vida com observ\u00e2ncia da isonomia e dos preceitos veiculados pela Lei de Introdu\u00e7\u00e3o \u00e0s Normas do Direito Brasileiro.<\/li>\n \t<li><a href=\"https:\/\/atos.cnj.jus.br\/files\/original23532120210325605d227181455.PDF\">Portaria n\u00b0 97, de <span id=\"OBJ_PREFIX_DWT931_com_zimbra_date\" class=\"Object\" role=\"link\"><span id=\"OBJ_PREFIX_DWT981_com_zimbra_date\" class=\"Object\" role=\"link\">25 de mar\u00e7o de 2021<\/span><\/span><\/a> &#8211; Designa conselheira para representar o CNJ no Comit\u00ea Nacional de Enfrentamento \u00e0 Covid-19.<\/li>\n \t<li><a href=\"https:\/\/atos.cnj.jus.br\/files\/original15374320210405606b2ec701d4c.pdf\">Recomenda\u00e7\u00e3o n\u00b0 91, de 15 de mar\u00e7o de <span id=\"OBJ_PREFIX_DWT952_com_zimbra_date\" class=\"Object\" role=\"link\"><span id=\"OBJ_PREFIX_DWT1003_com_zimbra_date\" class=\"Object\" role=\"link\">2021<\/span><\/span><\/a>\u00a0&#8211; Recomenda aos tribunais e magistrados\u00a0a ado\u00e7\u00e3o de medidas preventivas adicionais \u00e0 propaga\u00e7\u00e3o da infec\u00e7\u00e3o pelo novo Coronav\u00edrus e suas variantes \u2013 Covid-19, no \u00e2mbito dos sistemas de justi\u00e7a penal e socioeducativo.<\/li>\n \t<li><a href=\"https:\/\/atos.cnj.jus.br\/files\/original1256102021030560422a6ac453a.pdf\">Recomenda\u00e7\u00e3o n\u00b0 90, de <span id=\"OBJ_PREFIX_DWT950_com_zimbra_date\" class=\"Object\" role=\"link\"><span id=\"OBJ_PREFIX_DWT1001_com_zimbra_date\" class=\"Object\" role=\"link\">02 de mar\u00e7o de 2021<\/span><\/span><\/a>\u00a0&#8211; Recomenda aos \u00f3rg\u00e3os do Poder Judici\u00e1rio a ado\u00e7\u00e3o de cautelas quando da solu\u00e7\u00e3o de conflitos que versem sobre a desocupa\u00e7\u00e3o coletiva de im\u00f3veis urbanos e rurais durante o per\u00edodo da pandemia do Coronav\u00edrus (Covid-19).<\/li>\n \t<li dir=\"ltr\"><a href=\"https:\/\/atos.cnj.jus.br\/files\/original050524202012185fdc389475baa.pdf\">Recomenda\u00e7\u00e3o n\u00ba 83, de <span id=\"OBJ_PREFIX_DWT948_com_zimbra_date\" class=\"Object\" role=\"link\"><span id=\"OBJ_PREFIX_DWT999_com_zimbra_date\" class=\"Object\" role=\"link\">16 de dezembro de 2020<\/span><\/span><\/a>\u00a0&#8211; Recomenda aos tribunais brasileiros o estabelecimento de crit\u00e9rios para a realiza\u00e7\u00e3o de audi\u00eancias, avalia\u00e7\u00e3o da equipe interprofissional, participa\u00e7\u00e3o em programa e\/ou curso de prepara\u00e7\u00e3o para ado\u00e7\u00e3o e outros atos processuais por meio de videoconfer\u00eancia, enquanto perdurar o estado de calamidade p\u00fablica, reconhecido pelo Decreto Federal n\u00ba\u00a006\/2020, em raz\u00e3o da pandemia mundial por Covid-19.<\/li>\n \t<li dir=\"ltr\"><a href=\"https:\/\/atos.cnj.jus.br\/files\/original201715202010085f7f73cb4225e.pdf\">Resolu\u00e7\u00e3o n\u00ba 341, de <span id=\"OBJ_PREFIX_DWT942_com_zimbra_date\" class=\"Object\" role=\"link\"><span id=\"OBJ_PREFIX_DWT993_com_zimbra_date\" class=\"Object\" role=\"link\">07 de outubro de 2020<\/span><\/span><\/a>\u00a0&#8211; Determina aos tribunais brasileiros a disponibiliza\u00e7\u00e3o de salas para depoimentos em audi\u00eancias por sistema de videoconfer\u00eancia, a fim de evitar o cont\u00e1gio pela\u00a0Covid-19.<\/li>\n \t<li class=\"TYR86d wXCUfe zfr3Q\" dir=\"ltr\">\n<p class=\"CDt4Ke zfr3Q\" dir=\"ltr\"><span class=\" aw5Odc\"><a class=\"XqQF9c\" href=\"https:\/\/www.google.com\/url?q=https%3A%2F%2Fatos.cnj.jus.br%2Fatos%2Fdetalhar%2F3498&amp;sa=D&amp;sntz=1&amp;usg=AOvVaw3plPMovx6o_s1RfnfxftGp\" target=\"_blank\" rel=\"noopener\">Resolu\u00e7\u00e3o n\u00b0 337, de 29 de setembro de 2020<\/a><\/span> &#8211; Disp\u00f5e sobre a utiliza\u00e7\u00e3o de sistemas de videoconfer\u00eancia no Poder Judici\u00e1rio.<\/p>\n<\/li>\n \t<li class=\"TYR86d wXCUfe zfr3Q\" dir=\"ltr\">\n<p class=\"CDt4Ke zfr3Q\" dir=\"ltr\"><a class=\"XqQF9c rXJpyf\" href=\"https:\/\/www.google.com\/url?q=https%3A%2F%2Fatos.cnj.jus.br%2Fatos%2Fdetalhar%2F3480&amp;sa=D&amp;sntz=1&amp;usg=AOvVaw3fNygi-uXdski3IsLRdh7y\" target=\"_blank\" rel=\"noopener\">Recomenda\u00e7\u00e3o n\u00b0 78\/2020, de 15 de setembro de 2020<\/a> &#8211; Acrescenta o art. 5-A \u00e0 Recomenda\u00e7\u00e3o CNJ n\u00ba 62\/2020, que trata das medidas preventivas \u00e0 propaga\u00e7\u00e3o da infec\u00e7\u00e3o pelo novo Coronav\u00edrus \u2013 Covid-19 no \u00e2mbito dos sistemas de justi\u00e7a penal e socioeducativo, e altera o art. 15, para prorrogar sua vig\u00eancia.<\/p>\n<\/li>\n \t<li dir=\"ltr\"><a href=\"https:\/\/atos.cnj.jus.br\/files\/original235014202010165f8a31b6a561d.pdf\">Recomenda\u00e7\u00e3o Conjunta n\u00ba 1, de <span id=\"OBJ_PREFIX_DWT944_com_zimbra_date\" class=\"Object\" role=\"link\"><span id=\"OBJ_PREFIX_DWT995_com_zimbra_date\" class=\"Object\" role=\"link\">09 de setembro de 2020 <\/span><\/span><\/a>&#8211; Disp\u00f5e sobre cuidados \u00e0 comunidade socioeducativa, nos programas de atendimento do Sistema Nacional de Atendimento Socioeducativo (SINASE), no contexto de transmiss\u00e3o comunit\u00e1ria do novo Coronav\u00edrus (COVID-19), em todo o territ\u00f3rio nacional e d\u00e1 outras provid\u00eancias.<\/li>\n \t<li class=\"TYR86d wXCUfe zfr3Q\" dir=\"ltr\">\n<p class=\"CDt4Ke zfr3Q\" dir=\"ltr\"><span class=\" aw5Odc\"><a class=\"XqQF9c\" href=\"https:\/\/www.google.com\/url?q=https%3A%2F%2Fatos.cnj.jus.br%2Fatos%2Fdetalhar%2F3435&amp;sa=D&amp;sntz=1&amp;usg=AOvVaw0tNbv0sAlSl808s5k6-1Lb\" target=\"_blank\" rel=\"noopener\">Resolu\u00e7\u00e3o <\/a><\/span><span class=\" aw5Odc\"><a class=\"XqQF9c\" href=\"https:\/\/www.google.com\/url?q=https%3A%2F%2Fatos.cnj.jus.br%2Fatos%2Fdetalhar%2F3435&amp;sa=D&amp;sntz=1&amp;usg=AOvVaw0tNbv0sAlSl808s5k6-1Lb\" target=\"_blank\" rel=\"noopener\">n<\/a><\/span><span class=\" aw5Odc\"><a class=\"XqQF9c\" href=\"https:\/\/www.google.com\/url?q=https%3A%2F%2Fatos.cnj.jus.br%2Fatos%2Fdetalhar%2F3435&amp;sa=D&amp;sntz=1&amp;usg=AOvVaw0tNbv0sAlSl808s5k6-1Lb\" target=\"_blank\" rel=\"noopener\">\u00ba 330<\/a><\/span><span class=\" aw5Odc\"><a class=\"XqQF9c\" href=\"https:\/\/www.google.com\/url?q=https%3A%2F%2Fatos.cnj.jus.br%2Fatos%2Fdetalhar%2F3435&amp;sa=D&amp;sntz=1&amp;usg=AOvVaw0tNbv0sAlSl808s5k6-1Lb\" target=\"_blank\" rel=\"noopener\">,<\/a><\/span><span class=\" aw5Odc\"><a class=\"XqQF9c\" href=\"https:\/\/www.google.com\/url?q=https%3A%2F%2Fatos.cnj.jus.br%2Fatos%2Fdetalhar%2F3435&amp;sa=D&amp;sntz=1&amp;usg=AOvVaw0tNbv0sAlSl808s5k6-1Lb\" target=\"_blank\" rel=\"noopener\"> de 26<\/a><\/span><span class=\" aw5Odc\"><a class=\"XqQF9c\" href=\"https:\/\/www.google.com\/url?q=https%3A%2F%2Fatos.cnj.jus.br%2Fatos%2Fdetalhar%2F3435&amp;sa=D&amp;sntz=1&amp;usg=AOvVaw0tNbv0sAlSl808s5k6-1Lb\" target=\"_blank\" rel=\"noopener\"> de agosto de <\/a><\/span><span class=\" aw5Odc\"><a class=\"XqQF9c\" href=\"https:\/\/www.google.com\/url?q=https%3A%2F%2Fatos.cnj.jus.br%2Fatos%2Fdetalhar%2F3435&amp;sa=D&amp;sntz=1&amp;usg=AOvVaw0tNbv0sAlSl808s5k6-1Lb\" target=\"_blank\" rel=\"noopener\">2020<\/a><\/span> &#8211; Regulamenta e estabelece crit\u00e9rios para a realiza\u00e7\u00e3o de audi\u00eancias e outros atos processuais por videoconfer\u00eancia, em processos de apura\u00e7\u00e3o de atos infracionais e de execu\u00e7\u00e3o de medidas socioeducativas, durante o estado de calamidade p\u00fablica, reconhecido pelo Decreto Federal n\u00ba 06\/2020, em raz\u00e3o da pandemia mundial por Covid-19.<\/p>\n<\/li>\n \t<li class=\"TYR86d wXCUfe zfr3Q\" dir=\"ltr\">\n<p class=\"CDt4Ke zfr3Q\" dir=\"ltr\"><a class=\"XqQF9c rXJpyf\" href=\"https:\/\/www.google.com\/url?q=https%3A%2F%2Fatos.cnj.jus.br%2Fatos%2Fdetalhar%2F3434&amp;sa=D&amp;sntz=1&amp;usg=AOvVaw01vBujNcXmGDERzxOzMJXQ\" target=\"_blank\" rel=\"noopener\">Recomenda\u00e7\u00e3o n\u00ba 71\/2020, de 05 de agosto de 2020<\/a> &#8211; Disp\u00f5e sobre a cria\u00e7\u00e3o do Centros Judici\u00e1rios de Solu\u00e7\u00e3o de Conflitos e Cidadania \u2013 Cejusc Empresarial e fomenta o uso de m\u00e9todos adequados de tratamento de conflitos de natureza empresarial.<\/p>\n<\/li>\n \t<li class=\"TYR86d wXCUfe zfr3Q\" dir=\"ltr\">\n<p class=\"CDt4Ke zfr3Q\" dir=\"ltr\"><span class=\" aw5Odc\"><a class=\"XqQF9c\" href=\"https:\/\/www.google.com\/url?q=https%3A%2F%2Fatos.cnj.jus.br%2Fatos%2Fdetalhar%2F3433&amp;sa=D&amp;sntz=1&amp;usg=AOvVaw3UG4y7p1kOmC0jIC0mtLUk\" target=\"_blank\" rel=\"noopener\">Recomenda\u00e7\u00e3o n\u00b0 70, de 04 de agosto de 2020<\/a><\/span> &#8211; Recomenda aos tribunais brasileiros a regulamenta\u00e7\u00e3o da forma de atendimento virtual aos advogados, procuradores, defensores p\u00fablicos, membros do Minist\u00e9rio P\u00fablico e da Pol\u00edcia Judici\u00e1ria e das partes no exerc\u00edcio do seu Jus Postulandi, no per\u00edodo da pandemia da Covid-19.<\/p>\n<\/li>\n \t<li class=\"TYR86d wXCUfe zfr3Q\" dir=\"ltr\">\n<p class=\"CDt4Ke zfr3Q\" dir=\"ltr\"><span class=\" aw5Odc\"><a class=\"XqQF9c\" href=\"https:\/\/www.google.com\/url?q=https%3A%2F%2Fatos.cnj.jus.br%2Fatos%2Fdetalhar%2F3400&amp;sa=D&amp;sntz=1&amp;usg=AOvVaw2F80YAx7dL8MtXI8l3Twbi\" target=\"_blank\" rel=\"noopener\">Resolu\u00e7\u00e3o <\/a><\/span><span class=\" aw5Odc\"><a class=\"XqQF9c\" href=\"https:\/\/www.google.com\/url?q=https%3A%2F%2Fatos.cnj.jus.br%2Fatos%2Fdetalhar%2F3400&amp;sa=D&amp;sntz=1&amp;usg=AOvVaw2F80YAx7dL8MtXI8l3Twbi\" target=\"_blank\" rel=\"noopener\">n<\/a><\/span><span class=\" aw5Odc\"><a class=\"XqQF9c\" href=\"https:\/\/www.google.com\/url?q=https%3A%2F%2Fatos.cnj.jus.br%2Fatos%2Fdetalhar%2F3400&amp;sa=D&amp;sntz=1&amp;usg=AOvVaw2F80YAx7dL8MtXI8l3Twbi\" target=\"_blank\" rel=\"noopener\">\u00ba 329<\/a><\/span><span class=\" aw5Odc\"><a class=\"XqQF9c\" href=\"https:\/\/www.google.com\/url?q=https%3A%2F%2Fatos.cnj.jus.br%2Fatos%2Fdetalhar%2F3400&amp;sa=D&amp;sntz=1&amp;usg=AOvVaw2F80YAx7dL8MtXI8l3Twbi\" target=\"_blank\" rel=\"noopener\">,<\/a><\/span><span class=\" aw5Odc\"><a class=\"XqQF9c\" href=\"https:\/\/www.google.com\/url?q=https%3A%2F%2Fatos.cnj.jus.br%2Fatos%2Fdetalhar%2F3400&amp;sa=D&amp;sntz=1&amp;usg=AOvVaw2F80YAx7dL8MtXI8l3Twbi\" target=\"_blank\" rel=\"noopener\"> de 30<\/a><\/span><span class=\" aw5Odc\"><a class=\"XqQF9c\" href=\"https:\/\/www.google.com\/url?q=https%3A%2F%2Fatos.cnj.jus.br%2Fatos%2Fdetalhar%2F3400&amp;sa=D&amp;sntz=1&amp;usg=AOvVaw2F80YAx7dL8MtXI8l3Twbi\" target=\"_blank\" rel=\"noopener\"> de julho de <\/a><\/span><span class=\" aw5Odc\"><a class=\"XqQF9c\" href=\"https:\/\/www.google.com\/url?q=https%3A%2F%2Fatos.cnj.jus.br%2Fatos%2Fdetalhar%2F3400&amp;sa=D&amp;sntz=1&amp;usg=AOvVaw2F80YAx7dL8MtXI8l3Twbi\" target=\"_blank\" rel=\"noopener\">2020<\/a><\/span> &#8211; Regulamenta e estabelece crit\u00e9rios para a realiza\u00e7\u00e3o de audi\u00eancias e outros atos processuais por videoconfer\u00eancia, em processos penais e de execu\u00e7\u00e3o penal, durante o estado de calamidade p\u00fablica, reconhecido pelo Decreto Federal n\u00ba 06\/2020, em raz\u00e3o da pandemia mundial por Covid-19.<\/p>\n<\/li>\n \t<li class=\"TYR86d wXCUfe zfr3Q\" dir=\"ltr\">\n<p class=\"CDt4Ke zfr3Q\" dir=\"ltr\"><a class=\"XqQF9c rXJpyf\" href=\"https:\/\/www.google.com\/url?q=https%3A%2F%2Fatos.cnj.jus.br%2Fatos%2Fdetalhar%2F3410&amp;sa=D&amp;sntz=1&amp;usg=AOvVaw2OtC3ihijlEniv-K4xauSL\" target=\"_blank\" rel=\"noopener\">Recomenda\u00e7\u00e3o 69\/2020, de 03 de julho de 2020<\/a> &#8211; Recomenda \u00e0s presid\u00eancias dos tribunais ado\u00e7\u00e3o de provid\u00eancias para que promovam o pagamento de precat\u00f3rios com o intuito de mitigar o impacto decorrente das medidas de combate \u00e0 contamina\u00e7\u00e3o pelo novo Coronav\u00edrus causador da Covid-19.<\/p>\n<\/li>\n \t<li><a href=\"https:\/\/atos.cnj.jus.br\/files\/original202626202007025efe42f256187.pdf\">Portaria n\u00b0 106, de <span id=\"OBJ_PREFIX_DWT933_com_zimbra_date\" class=\"Object\" role=\"link\"><span id=\"OBJ_PREFIX_DWT983_com_zimbra_date\" class=\"Object\" role=\"link\">1 de julho 2020<\/span><\/span><\/a>\u00a0&#8211; Prorroga o prazo para conclus\u00e3o das atividades do Grupo de Trabalho destinado \u00e0 elabora\u00e7\u00e3o de estudos para a indica\u00e7\u00e3o de solu\u00e7\u00f5es ao Conselho Nacional de Justi\u00e7a voltadas \u00e0 prioridade de atendimento das v\u00edtimas de viol\u00eancia <span id=\"OBJ_PREFIX_DWT985_com_zimbra_date\" class=\"Object\" role=\"link\">dom<\/span>\u00e9stica e familiar ocorrida durante o isolamento social em decorr\u00eancia da pandemia do novo Coronav\u00edrus \u2013 Covid- 19, institu\u00eddo pela Portaria no 70, de <span id=\"OBJ_PREFIX_DWT935_com_zimbra_date\" class=\"Object\" role=\"link\"><span id=\"OBJ_PREFIX_DWT986_com_zimbra_date\" class=\"Object\" role=\"link\">22 de abril<\/span><\/span> de 2020.<\/li>\n \t<li class=\"TYR86d wXCUfe zfr3Q\" dir=\"ltr\">\n<p class=\"CDt4Ke zfr3Q\" dir=\"ltr\"><a class=\"XqQF9c rXJpyf\" href=\"https:\/\/www.google.com\/url?q=https%3A%2F%2Fatos.cnj.jus.br%2Fatos%2Fdetalhar%2F3364&amp;sa=D&amp;sntz=1&amp;usg=AOvVaw2Hh0Wdj2umA6V10or5JtbS\" target=\"_blank\" rel=\"noopener\">Recomenda\u00e7\u00e3o n\u00ba 68\/2020, de 17 de junho de 2020<\/a> &#8211; Acrescenta o art. 8\u00ba-A \u00e0 Recomenda\u00e7\u00e3o CNJ n\u00ba 62\/2020, que trata das medidas preventivas \u00e0 propaga\u00e7\u00e3o da infec\u00e7\u00e3o pelo novo Coronav\u00edrus \u2013 Covid-19, no \u00e2mbito dos sistemas de justi\u00e7a penal e socioeducativo, e altera o art. 15, para prorrogar a vig\u00eancia por noventa dias.<\/p>\n<\/li>\n \t<li class=\"TYR86d wXCUfe zfr3Q\" dir=\"ltr\">\n<p class=\"CDt4Ke zfr3Q\" dir=\"ltr\"><span class=\" aw5Odc\"><a class=\"XqQF9c\" href=\"https:\/\/www.google.com\/url?q=https%3A%2F%2Fatos.cnj.jus.br%2Fatos%2Fdetalhar%2F3399&amp;sa=D&amp;sntz=1&amp;usg=AOvVaw3p4rAQGcyDiH5cwgMyXaId\" target=\"_blank\" rel=\"noopener\">Recomenda\u00e7\u00e3o <\/a><\/span><span class=\" aw5Odc\"><a class=\"XqQF9c\" href=\"https:\/\/www.google.com\/url?q=https%3A%2F%2Fatos.cnj.jus.br%2Fatos%2Fdetalhar%2F3399&amp;sa=D&amp;sntz=1&amp;usg=AOvVaw3p4rAQGcyDiH5cwgMyXaId\" target=\"_blank\" rel=\"noopener\">n<\/a><\/span><span class=\" aw5Odc\"><a class=\"XqQF9c\" href=\"https:\/\/www.google.com\/url?q=https%3A%2F%2Fatos.cnj.jus.br%2Fatos%2Fdetalhar%2F3399&amp;sa=D&amp;sntz=1&amp;usg=AOvVaw3p4rAQGcyDiH5cwgMyXaId\" target=\"_blank\" rel=\"noopener\">\u00ba 67<\/a><\/span><span class=\" aw5Odc\"><a class=\"XqQF9c\" href=\"https:\/\/www.google.com\/url?q=https%3A%2F%2Fatos.cnj.jus.br%2Fatos%2Fdetalhar%2F3399&amp;sa=D&amp;sntz=1&amp;usg=AOvVaw3p4rAQGcyDiH5cwgMyXaId\" target=\"_blank\" rel=\"noopener\">,<\/a><\/span><span class=\" aw5Odc\"><a class=\"XqQF9c\" href=\"https:\/\/www.google.com\/url?q=https%3A%2F%2Fatos.cnj.jus.br%2Fatos%2Fdetalhar%2F3399&amp;sa=D&amp;sntz=1&amp;usg=AOvVaw3p4rAQGcyDiH5cwgMyXaId\" target=\"_blank\" rel=\"noopener\"> de 17<\/a><\/span><span class=\" aw5Odc\"><a class=\"XqQF9c\" href=\"https:\/\/www.google.com\/url?q=https%3A%2F%2Fatos.cnj.jus.br%2Fatos%2Fdetalhar%2F3246&amp;sa=D&amp;sntz=1&amp;usg=AOvVaw1f4UbP_HqE0-5esHpun-xS\" target=\"_blank\" rel=\"noopener\"> de junho de <\/a><\/span><span class=\" aw5Odc\"><a class=\"XqQF9c\" href=\"https:\/\/www.google.com\/url?q=https%3A%2F%2Fatos.cnj.jus.br%2Fatos%2Fdetalhar%2F3399&amp;sa=D&amp;sntz=1&amp;usg=AOvVaw3p4rAQGcyDiH5cwgMyXaId\" target=\"_blank\" rel=\"noopener\">2020<\/a><\/span> &#8211; Disp\u00f5e sobre a ado\u00e7\u00e3o de medidas de urg\u00eancia, durante a pandemia, para a prote\u00e7\u00e3o da integridade f\u00edsica, ps\u00edquica e da vida de v\u00edtimas de viol\u00eancia dom\u00e9stica e familiar contra a mulher, e d\u00e1 outras provid\u00eancias.<\/p>\n<\/li>\n \t<li dir=\"ltr\"><a href=\"https:\/\/atos.cnj.jus.br\/files\/original002150202006235ef14b1e81812.pdf\">Portaria n\u00b0 87, de <span id=\"OBJ_PREFIX_DWT936_com_zimbra_date\" class=\"Object\" role=\"link\"><span id=\"OBJ_PREFIX_DWT987_com_zimbra_date\" class=\"Object\" role=\"link\">8 de junho<\/span><\/span> de 2020<\/a> &#8211; Inclui os incisos XII e XIII ao art. 3o da Portaria no 70, de <span id=\"OBJ_PREFIX_DWT938_com_zimbra_date\" class=\"Object\" role=\"link\"><span id=\"OBJ_PREFIX_DWT989_com_zimbra_date\" class=\"Object\" role=\"link\">22 de abril<\/span><\/span> de 2020, que institui Grupo de Trabalho destinado \u00e0 elabora\u00e7\u00e3o de estudos para a indica\u00e7\u00e3o de solu\u00e7\u00f5es ao Conselho Nacional de Justi\u00e7a voltadas \u00e0 prioridade de atendimento das v\u00edtimas de viol\u00eancia <span id=\"OBJ_PREFIX_DWT939_com_zimbra_date\" class=\"Object\" role=\"link\"><span id=\"OBJ_PREFIX_DWT990_com_zimbra_date\" class=\"Object\" role=\"link\">dom<\/span><\/span>\u00e9stica e familiar ocorrida durante o isolamento social em decorr\u00eancia da pandemia do novo Coronav\u00edrus \u2013 Covid-19.<\/li>\n \t<li class=\"TYR86d wXCUfe zfr3Q\" dir=\"ltr\">\n<p class=\"CDt4Ke zfr3Q\" dir=\"ltr\"><span class=\" aw5Odc\"><a class=\"XqQF9c\" href=\"https:\/\/www.google.com\/url?q=https%3A%2F%2Fatos.cnj.jus.br%2Fatos%2Fdetalhar%2F3333&amp;sa=D&amp;sntz=1&amp;usg=AOvVaw0pqZmYuOBgTryE4B8N5lyP\" target=\"_blank\" rel=\"noopener\">Resolu\u00e7\u00e3o <\/a><\/span><span class=\" aw5Odc\"><a class=\"XqQF9c\" href=\"https:\/\/www.google.com\/url?q=https%3A%2F%2Fatos.cnj.jus.br%2Fatos%2Fdetalhar%2F3333&amp;sa=D&amp;sntz=1&amp;usg=AOvVaw0pqZmYuOBgTryE4B8N5lyP\" target=\"_blank\" rel=\"noopener\">n<\/a><\/span><span class=\" aw5Odc\"><a class=\"XqQF9c\" href=\"https:\/\/www.google.com\/url?q=https%3A%2F%2Fatos.cnj.jus.br%2Fatos%2Fdetalhar%2F3333&amp;sa=D&amp;sntz=1&amp;usg=AOvVaw0pqZmYuOBgTryE4B8N5lyP\" target=\"_blank\" rel=\"noopener\">\u00ba 322<\/a><\/span><span class=\" aw5Odc\"><a class=\"XqQF9c\" href=\"https:\/\/www.google.com\/url?q=https%3A%2F%2Fatos.cnj.jus.br%2Fatos%2Fdetalhar%2F3333&amp;sa=D&amp;sntz=1&amp;usg=AOvVaw0pqZmYuOBgTryE4B8N5lyP\" target=\"_blank\" rel=\"noopener\">,<\/a><\/span><span class=\" aw5Odc\"><a class=\"XqQF9c\" href=\"https:\/\/www.google.com\/url?q=https%3A%2F%2Fatos.cnj.jus.br%2Fatos%2Fdetalhar%2F3333&amp;sa=D&amp;sntz=1&amp;usg=AOvVaw0pqZmYuOBgTryE4B8N5lyP\" target=\"_blank\" rel=\"noopener\"> de 01<\/a><\/span><span class=\" aw5Odc\"><a class=\"XqQF9c\" href=\"https:\/\/www.google.com\/url?q=https%3A%2F%2Fatos.cnj.jus.br%2Fatos%2Fdetalhar%2F3333&amp;sa=D&amp;sntz=1&amp;usg=AOvVaw0pqZmYuOBgTryE4B8N5lyP\" target=\"_blank\" rel=\"noopener\"> de junho de <\/a><\/span><span class=\" aw5Odc\"><a class=\"XqQF9c\" href=\"https:\/\/www.google.com\/url?q=https%3A%2F%2Fatos.cnj.jus.br%2Fatos%2Fdetalhar%2F3333&amp;sa=D&amp;sntz=1&amp;usg=AOvVaw0pqZmYuOBgTryE4B8N5lyP\" target=\"_blank\" rel=\"noopener\">2020<\/a><\/span> &#8211; Estabelece, no \u00e2mbito do Poder Judici\u00e1rio, medidas para retomada dos servi\u00e7os presenciais, observadas as a\u00e7\u00f5es necess\u00e1rias para preven\u00e7\u00e3o de cont\u00e1gio pelo novo Coronav\u00edrus &#8211; Covid-19, e d\u00e1 outras provid\u00eancias.<\/p>\n<\/li>\n \t<li class=\"TYR86d wXCUfe zfr3Q\" dir=\"ltr\">\n<p class=\"CDt4Ke zfr3Q\" dir=\"ltr\"><span class=\" aw5Odc\"><a class=\"XqQF9c\" href=\"https:\/\/www.google.com\/url?q=https%3A%2F%2Fatos.cnj.jus.br%2Fatos%2Fdetalhar%2F3318&amp;sa=D&amp;sntz=1&amp;usg=AOvVaw2r7dR_-j1Tm_EYjgYIe7Ai\" target=\"_blank\" rel=\"noopener\">Recomenda\u00e7\u00e3o <\/a><\/span><span class=\" aw5Odc\"><a class=\"XqQF9c\" href=\"https:\/\/www.google.com\/url?q=https%3A%2F%2Fatos.cnj.jus.br%2Fatos%2Fdetalhar%2F3318&amp;sa=D&amp;sntz=1&amp;usg=AOvVaw2r7dR_-j1Tm_EYjgYIe7Ai\" target=\"_blank\" rel=\"noopener\">n<\/a><\/span><span class=\" aw5Odc\"><a class=\"XqQF9c\" href=\"https:\/\/www.google.com\/url?q=https%3A%2F%2Fatos.cnj.jus.br%2Fatos%2Fdetalhar%2F3318&amp;sa=D&amp;sntz=1&amp;usg=AOvVaw2r7dR_-j1Tm_EYjgYIe7Ai\" target=\"_blank\" rel=\"noopener\">\u00ba 66<\/a><\/span><span class=\" aw5Odc\"><a class=\"XqQF9c\" href=\"https:\/\/www.google.com\/url?q=https%3A%2F%2Fatos.cnj.jus.br%2Fatos%2Fdetalhar%2F3318&amp;sa=D&amp;sntz=1&amp;usg=AOvVaw2r7dR_-j1Tm_EYjgYIe7Ai\" target=\"_blank\" rel=\"noopener\">,<\/a><\/span><span class=\" aw5Odc\"><a class=\"XqQF9c\" href=\"https:\/\/www.google.com\/url?q=https%3A%2F%2Fatos.cnj.jus.br%2Fatos%2Fdetalhar%2F3318&amp;sa=D&amp;sntz=1&amp;usg=AOvVaw2r7dR_-j1Tm_EYjgYIe7Ai\" target=\"_blank\" rel=\"noopener\"> de 13<\/a><\/span><span class=\" aw5Odc\"><a class=\"XqQF9c\" href=\"https:\/\/www.google.com\/url?q=https%3A%2F%2Fatos.cnj.jus.br%2Fatos%2Fdetalhar%2F3246&amp;sa=D&amp;sntz=1&amp;usg=AOvVaw1f4UbP_HqE0-5esHpun-xS\" target=\"_blank\" rel=\"noopener\"> de maio de <\/a><\/span><span class=\" aw5Odc\"><a class=\"XqQF9c\" href=\"https:\/\/www.google.com\/url?q=https%3A%2F%2Fatos.cnj.jus.br%2Fatos%2Fdetalhar%2F3318&amp;sa=D&amp;sntz=1&amp;usg=AOvVaw2r7dR_-j1Tm_EYjgYIe7Ai\" target=\"_blank\" rel=\"noopener\">2020<\/a><\/span> &#8211; Recomenda aos Ju\u00edzos com compet\u00eancia para o julgamento das a\u00e7\u00f5es que versem sobre o direito \u00e0 sa\u00fade a ado\u00e7\u00e3o de medidas para garantir os melhores resultados \u00e0 sociedade durante o per\u00edodo excepcional de pandemia da Covid-19<\/p>\n<\/li>\n \t<li class=\"TYR86d wXCUfe zfr3Q\" dir=\"ltr\">\n<p class=\"CDt4Ke zfr3Q\" dir=\"ltr\"><span class=\" aw5Odc\"><a class=\"XqQF9c\" href=\"https:\/\/www.google.com\/url?q=https%3A%2F%2Fatos.cnj.jus.br%2Fatos%2Fdetalhar%2F3302&amp;sa=D&amp;sntz=1&amp;usg=AOvVaw0766c3P1QT2I11tAGwnFlL\" target=\"_blank\" rel=\"noopener\">Resolu\u00e7\u00e3o <\/a><\/span><span class=\" aw5Odc\"><a class=\"XqQF9c\" href=\"https:\/\/www.google.com\/url?q=https%3A%2F%2Fatos.cnj.jus.br%2Fatos%2Fdetalhar%2F3302&amp;sa=D&amp;sntz=1&amp;usg=AOvVaw0766c3P1QT2I11tAGwnFlL\" target=\"_blank\" rel=\"noopener\">n<\/a><\/span><span class=\" aw5Odc\"><a class=\"XqQF9c\" href=\"https:\/\/www.google.com\/url?q=https%3A%2F%2Fatos.cnj.jus.br%2Fatos%2Fdetalhar%2F3302&amp;sa=D&amp;sntz=1&amp;usg=AOvVaw0766c3P1QT2I11tAGwnFlL\" target=\"_blank\" rel=\"noopener\">\u00ba 317, de 30<\/a><\/span><span class=\" aw5Odc\"><a class=\"XqQF9c\" href=\"https:\/\/www.google.com\/url?q=https%3A%2F%2Fatos.cnj.jus.br%2Fatos%2Fdetalhar%2F3302&amp;sa=D&amp;sntz=1&amp;usg=AOvVaw0766c3P1QT2I11tAGwnFlL\" target=\"_blank\" rel=\"noopener\"> de abril de <\/a><\/span><span class=\" aw5Odc\"><a class=\"XqQF9c\" href=\"https:\/\/www.google.com\/url?q=https%3A%2F%2Fatos.cnj.jus.br%2Fatos%2Fdetalhar%2F3302&amp;sa=D&amp;sntz=1&amp;usg=AOvVaw0766c3P1QT2I11tAGwnFlL\" target=\"_blank\" rel=\"noopener\">2020<\/a><\/span> &#8211; Disp\u00f5e sobre a realiza\u00e7\u00e3o de per\u00edcias em meios eletr\u00f4nicos ou virtuais em a\u00e7\u00f5es em que se discutem benef\u00edcios previdenci\u00e1rios por incapacidade ou assistenciais, enquanto durarem os efeitos da crise ocasionada pela pandemia do novo Coronav\u00edrus, e d\u00e1 outras provid\u00eancias.<\/p>\n<\/li>\n \t<li dir=\"ltr\"><a href=\"https:\/\/atos.cnj.jus.br\/files\/original234153202004285ea8bf410ccac.pdf\">Recomenda\u00e7\u00e3o Conjunta n\u00b0 01, de <span id=\"OBJ_PREFIX_DWT946_com_zimbra_date\" class=\"Object\" role=\"link\"><span id=\"OBJ_PREFIX_DWT997_com_zimbra_date\" class=\"Object\" role=\"link\">16 de maio de 2020<\/span><\/span><\/a>\u00a0&#8211; Disp\u00f5e\u00a0sobre cuidados a crian\u00e7as e adolescentes com medida protetiva de acolhimento, no contexto de transmiss\u00e3o comunit\u00e1ria do novo Coronav\u00edrus (Covid-19), em todo o territ\u00f3rio nacional e d\u00e1 outras provid\u00eancias.<\/li>\n \t<li class=\"TYR86d wXCUfe zfr3Q\" dir=\"ltr\">\n<p class=\"CDt4Ke zfr3Q\" dir=\"ltr\"><span class=\" aw5Odc\"><a class=\"XqQF9c\" href=\"https:\/\/www.google.com\/url?q=https%3A%2F%2Fatos.cnj.jus.br%2Fatos%2Fdetalhar%2F3261&amp;sa=D&amp;sntz=1&amp;usg=AOvVaw375cayQJVPLzRRg85eSwkF\" target=\"_blank\" rel=\"noopener\">Recomenda\u00e7\u00e3o <\/a><\/span><span class=\" aw5Odc\"><a class=\"XqQF9c\" href=\"https:\/\/www.google.com\/url?q=https%3A%2F%2Fatos.cnj.jus.br%2Fatos%2Fdetalhar%2F3261&amp;sa=D&amp;sntz=1&amp;usg=AOvVaw375cayQJVPLzRRg85eSwkF\" target=\"_blank\" rel=\"noopener\">n<\/a><\/span><span class=\" aw5Odc\"><a class=\"XqQF9c\" href=\"https:\/\/www.google.com\/url?q=https%3A%2F%2Fatos.cnj.jus.br%2Fatos%2Fdetalhar%2F3261&amp;sa=D&amp;sntz=1&amp;usg=AOvVaw375cayQJVPLzRRg85eSwkF\" target=\"_blank\" rel=\"noopener\">\u00ba 63<\/a><\/span><span class=\" aw5Odc\"><a class=\"XqQF9c\" href=\"https:\/\/www.google.com\/url?q=https%3A%2F%2Fatos.cnj.jus.br%2Fatos%2Fdetalhar%2F3261&amp;sa=D&amp;sntz=1&amp;usg=AOvVaw375cayQJVPLzRRg85eSwkF\" target=\"_blank\" rel=\"noopener\">,<\/a><\/span><span class=\" aw5Odc\"><a class=\"XqQF9c\" href=\"https:\/\/www.google.com\/url?q=https%3A%2F%2Fatos.cnj.jus.br%2Fatos%2Fdetalhar%2F3261&amp;sa=D&amp;sntz=1&amp;usg=AOvVaw375cayQJVPLzRRg85eSwkF\" target=\"_blank\" rel=\"noopener\"> de 31<\/a><\/span><span class=\" aw5Odc\"><a class=\"XqQF9c\" href=\"https:\/\/www.google.com\/url?q=https%3A%2F%2Fatos.cnj.jus.br%2Fatos%2Fdetalhar%2F3246&amp;sa=D&amp;sntz=1&amp;usg=AOvVaw1f4UbP_HqE0-5esHpun-xS\" target=\"_blank\" rel=\"noopener\"> de mar\u00e7o de <\/a><\/span><span class=\" aw5Odc\"><a class=\"XqQF9c\" href=\"https:\/\/www.google.com\/url?q=https%3A%2F%2Fatos.cnj.jus.br%2Fatos%2Fdetalhar%2F3261&amp;sa=D&amp;sntz=1&amp;usg=AOvVaw375cayQJVPLzRRg85eSwkF\" target=\"_blank\" rel=\"noopener\">2020<\/a><\/span> &#8211; Recomenda aos Ju\u00edzos com compet\u00eancia para o julgamento de a\u00e7\u00f5es de recupera\u00e7\u00e3o empresarial e fal\u00eancia a ado\u00e7\u00e3o de medidas para a mitiga\u00e7\u00e3o do impacto decorrente das medidas de combate \u00e0 contamina\u00e7\u00e3o pelo novo coronav\u00edrus causador da Covid-19.<\/p>\n<\/li>\n \t<li class=\"TYR86d wXCUfe zfr3Q\" dir=\"ltr\">\n<p class=\"CDt4Ke zfr3Q\" dir=\"ltr\"><span class=\" aw5Odc\"><a class=\"XqQF9c\" href=\"https:\/\/www.google.com\/url?q=https%3A%2F%2Fatos.cnj.jus.br%2Fatos%2Fdetalhar%2F3249&amp;sa=D&amp;sntz=1&amp;usg=AOvVaw1iel15sg23u-KZKkR7yk7d\" target=\"_blank\" rel=\"noopener\">Resolu\u00e7\u00e3o n\u00b0 313, de 19 de mar\u00e7o de 2020<\/a><\/span> &#8211; Estabelece, no \u00e2mbito do Poder Judici\u00e1rio, regime de Plant\u00e3o Extraordin\u00e1rio, para uniformizar o funcionamento dos servi\u00e7os judici\u00e1rios, com o objetivo de prevenir o cont\u00e1gio pelo novo Coronav\u00edrus &#8211; Covid-19, e garantir o acesso \u00e0 justi\u00e7a neste per\u00edodo emergencial.<\/p>\n<\/li>\n \t<li class=\"TYR86d wXCUfe zfr3Q\" dir=\"ltr\">\n<p class=\"CDt4Ke zfr3Q\" dir=\"ltr\"><span class=\" aw5Odc\"><a class=\"XqQF9c\" href=\"https:\/\/www.google.com\/url?q=https%3A%2F%2Fatos.cnj.jus.br%2Fatos%2Fdetalhar%2F3246&amp;sa=D&amp;sntz=1&amp;usg=AOvVaw1f4UbP_HqE0-5esHpun-xS\" target=\"_blank\" rel=\"noopener\">Recomenda\u00e7\u00e3o n\u00ba 62<\/a><\/span><span class=\" aw5Odc\"><a class=\"XqQF9c\" href=\"https:\/\/www.google.com\/url?q=https%3A%2F%2Fatos.cnj.jus.br%2Fatos%2Fdetalhar%2F3246&amp;sa=D&amp;sntz=1&amp;usg=AOvVaw1f4UbP_HqE0-5esHpun-xS\" target=\"_blank\" rel=\"noopener\">, <\/a><\/span><span class=\" aw5Odc\"><a class=\"XqQF9c\" href=\"https:\/\/www.google.com\/url?q=https%3A%2F%2Fatos.cnj.jus.br%2Fatos%2Fdetalhar%2F3246&amp;sa=D&amp;sntz=1&amp;usg=AOvVaw1f4UbP_HqE0-5esHpun-xS\" target=\"_blank\" rel=\"noopener\">de 17<\/a><\/span><span class=\" aw5Odc\"><a class=\"XqQF9c\" href=\"https:\/\/www.google.com\/url?q=https%3A%2F%2Fatos.cnj.jus.br%2Fatos%2Fdetalhar%2F3246&amp;sa=D&amp;sntz=1&amp;usg=AOvVaw1f4UbP_HqE0-5esHpun-xS\" target=\"_blank\" rel=\"noopener\"> de mar\u00e7o de <\/a><\/span><span class=\" aw5Odc\"><a class=\"XqQF9c\" href=\"https:\/\/www.google.com\/url?q=https%3A%2F%2Fatos.cnj.jus.br%2Fatos%2Fdetalhar%2F3246&amp;sa=D&amp;sntz=1&amp;usg=AOvVaw1f4UbP_HqE0-5esHpun-xS\" target=\"_blank\" rel=\"noopener\">2020<\/a><\/span> &#8211; Recomenda aos Tribunais e magistrados a ado\u00e7\u00e3o de medidas preventivas \u00e0 propaga\u00e7\u00e3o da infec\u00e7\u00e3o pelo novo coronav\u00edrus \u2013 Covid-19 no \u00e2mbito dos sistemas de justi\u00e7a penal e socioeducativo.<\/p>\n<\/li>\n<\/ul>\n<\/div>\n<\/div>\n<\/div>\n<\/div>\n<div class=\"oKdM2c ZZyype\">\n<div id=\"h.5f601c0e18225e1a_3\" class=\"hJDwNd-AhqUyc-uQSCkd Ft7HRd-AhqUyc-uQSCkd jXK9ad D2fZ2 zu5uec wHaque g5GTcb GNzUNc\">\n<div class=\"jXK9ad-SmKAyb\">\n<div class=\"tyJCtd mGzaTb Depvyb baZpAe\"><small id=\"h.qk4svjw32tyl\" class=\"CDt4Ke zfr3Q TMjjoe\" dir=\"ltr\">Cr\u00e9dito: Conselho Nacional de Justi\u00e7a<\/small><\/div>\n<\/div>\n<\/div>\n<\/div>\n<\/div>\n<\/div>\n<\/div>\n<\/div>\n<\/div><\/div>\n\t\t\t\t<\/div>\n\t\t\t\t\t\t\t<div class=\"elementor-toggle-item\">\n\t\t\t\t\t<div id=\"elementor-tab-title-4322\" class=\"elementor-tab-title\" data-tab=\"2\" role=\"button\" aria-controls=\"elementor-tab-content-4322\" aria-expanded=\"false\">\n\t\t\t\t\t\t\t\t\t\t\t\t<span class=\"elementor-toggle-icon elementor-toggle-icon-left\" aria-hidden=\"true\">\n\t\t\t\t\t\t\t\t\t\t\t\t\t\t\t<span class=\"elementor-toggle-icon-closed\"><i class=\"fas fa-caret-right\"><\/i><\/span>\n\t\t\t\t\t\t\t\t<span class=\"elementor-toggle-icon-opened\"><i class=\"elementor-toggle-icon-opened fas fa-caret-up\"><\/i><\/span>\n\t\t\t\t\t\t\t\t\t\t\t\t\t<\/span>\n\t\t\t\t\t\t\t\t\t\t\t\t<a class=\"elementor-toggle-title\" tabindex=\"0\">Conselho Nacional de Sa\u00fade<\/a>\n\t\t\t\t\t<\/div>\n\n\t\t\t\t\t<div id=\"elementor-tab-content-4322\" class=\"elementor-tab-content elementor-clearfix\" data-tab=\"2\" role=\"region\" aria-labelledby=\"elementor-tab-title-4322\"><section id=\"h.3f5ecf45ab67155e_674\" class=\"yaqOZd\"><div class=\"mYVXT\"><div class=\"LS81yb VICjCf j5pSsc db35Fc\" tabindex=\"-1\"><div class=\"hJDwNd-AhqUyc-uQSCkd Ft7HRd-AhqUyc-uQSCkd purZT-AhqUyc-II5mzb ZcASvf-AhqUyc-II5mzb pSzOP-AhqUyc-qWD73c Ktthjf-AhqUyc-qWD73c JNdkSc SQVYQc yYI8W HQwdzb\"><div class=\"JNdkSc-SmKAyb LkDMRd\"><div class=\"\"><div class=\"oKdM2c ZZyype Kzv0Me\"><div id=\"h.3f5ecf45ab67155e_671\" class=\"hJDwNd-AhqUyc-uQSCkd Ft7HRd-AhqUyc-uQSCkd jXK9ad D2fZ2 zu5uec OjCsFc dmUFtb GNzUNc\"><div class=\"jXK9ad-SmKAyb\"><div class=\"tyJCtd mGzaTb Depvyb baZpAe\"><ul class=\"n8H08c UVNKR\"><li><a href=\"http:\/\/conselho.saude.gov.br\/recomendacoes-cns\/2016-recomendacao-n-026-de-09-de-setembro-de-2021#:~:text=Recomenda%20ao%20Minist%C3%A9rio%20da%20Sa%C3%BAde,Nacional%20de%20Sa%C3%BAde%202020%2D2023.&amp;text=Considerando%20as%20atribui%C3%A7%C3%B5es%20conferidas%20ao,de%20setembro%20de%202008%2C%20art.\">Recomenda\u00e7\u00e3o n\u00b0 026, de 09 de setembro de 2021<\/a> &#8211; Recomenda ao Minist\u00e9rio da Sa\u00fade a revis\u00e3o do Plano Nacional de Sa\u00fade 2020-2023.<\/li><li><p class=\"Textbody\"><span style=\"font-size: 16px;\"><a href=\"http:\/\/conselho.saude.gov.br\/recomendacoes-cns\/1985-recomendacao-n-021-de-24-de-agosto-de-2021#:~:text=Recomenda%20a%C3%A7%C3%B5es%20referentes%20%C3%A0%20prioriza%C3%A7%C3%A3o,Vacina%C3%A7%C3%A3o%20contra%20a%20Covid%2D19.\">Recomenda\u00e7\u00e3o n\u00b0 021, de 24 de agosto de 2021<\/a> &#8211; <\/span><span style=\"font-size: 16px;\">Recomenda a\u00e7\u00f5es referentes \u00e0 prioriza\u00e7\u00e3o de trabalhadores e trabalhadoras que est\u00e3o em exposi\u00e7\u00e3o di\u00e1ria \u00e0 Covid-19 no Plano Nacional de Operacionaliza\u00e7\u00e3o da Vacina\u00e7\u00e3o contra a Covid-19.<\/span><\/p><\/li><li><a href=\"http:\/\/conselho.saude.gov.br\/recomendacoes-cns\/1945-recomendacao-n-018-de-05-de-agosto-de-2021#:~:text=Recomenda%20a%20prorroga%C3%A7%C3%A3o%2C%20em%20car%C3%A1ter,de%20pandemia%20da%20Covid%2D19.&amp;text=Considerando%20as%20atribui%C3%A7%C3%B5es%20conferidas%20ao,de%20setembro%20de%202008%2C%20art.\">Recomenda\u00e7\u00e3o n\u00b0 018, de 05 de agosto de 2021<\/a> &#8211; Recomenda a prorroga\u00e7\u00e3o, em car\u00e1ter de urg\u00eancia, dos prazos de atua\u00e7\u00e3o dos m\u00e9dicos no Programa Mais M\u00e9dicos pelo Brasil, especialmente no contexto de pandemia da Covid-19.<\/li><li><a href=\"http:\/\/conselho.saude.gov.br\/recomendacoes-cns\/1920-recomendacao-n-017-de-26-de-julho-de-2021#:~:text=Recomenda%20ao%20Exmo.,Minist%C3%A9rio%20da%20Sa%C3%BAde%20com%20celeridade..\">Recomenda\u00e7\u00e3o n\u00b0 017, de 26 de julho de 2021<\/a> &#8211; Recomenda ao Exmo. Sr. Presidente da Rep\u00fablica a ado\u00e7\u00e3o de medidas corretivas urgentes que promovam a execu\u00e7\u00e3o or\u00e7ament\u00e1ria e financeira do Minist\u00e9rio da Sa\u00fade com celeridade.<\/li><li dir=\"ltr\"><a href=\"http:\/\/conselho.saude.gov.br\/recomendacoes-cns\/1850-recomendacao-n-015-de-06-de-julho-de-2021#:~:text=Recomenda%20a%C3%A7%C3%B5es%20referentes%20%C3%A0%20inclus%C3%A3o,Imuniza%C3%A7%C3%A3o%20contra%20a%20Covid%2D19.&amp;text=Considerando%20as%20atribui%C3%A7%C3%B5es%20conferidas%20ao,de%20setembro%20de%202008%2C%20Art.\">Recomenda\u00e7\u00e3o n\u00b0 015, de 06 de julho de 2021<\/a> &#8211; Recomenda a\u00e7\u00f5es referentes \u00e0 inclus\u00e3o das mulheres gr\u00e1vidas, pu\u00e9rperas e lactantes no Plano Nacional de Imuniza\u00e7\u00e3o contra a Covid-19.<\/li><li class=\"TYR86d wXCUfe zfr3Q\" dir=\"ltr\"><p class=\"CDt4Ke zfr3Q\" dir=\"ltr\"><span class=\" aw5Odc\"><a class=\"XqQF9c\" href=\"http:\/\/www.google.com\/url?q=http%3A%2F%2Fconselho.saude.gov.br%2Frecomendacoes-cns%2F1766-recomendacao-n-014-de-02-de-junho-de-2021&amp;sa=D&amp;sntz=1&amp;usg=AOvVaw0l3H_avUkn0AdVxcrM7MWb\" target=\"_blank\" rel=\"noopener\">Recomenda\u00e7\u00e3o n\u00ba 014, de 02 de junho de 2021<\/a><\/span> &#8211; Recomenda a aprova\u00e7\u00e3o do PL 827\/2020, que pro\u00edbe os despejos durante a pandemia da Covid-19, e a decis\u00e3o cautelar favor\u00e1vel \u00e0 ADPF n\u00ba 828, que suspende a remo\u00e7\u00e3o, desocupa\u00e7\u00e3o ou reintegra\u00e7\u00e3o de posse durante o per\u00edodo pand\u00eamico.<\/p><\/li><li class=\"TYR86d wXCUfe zfr3Q\" dir=\"ltr\"><p class=\"CDt4Ke zfr3Q\" dir=\"ltr\"><span class=\" aw5Odc\"><a class=\"XqQF9c\" href=\"http:\/\/www.google.com\/url?q=http%3A%2F%2Fconselho.saude.gov.br%2Frecomendacoes-cns%2F1750-recomendacao-n-013-de-24-de-maio-de-2021&amp;sa=D&amp;sntz=1&amp;usg=AOvVaw2Mxno0l8sF1ALDEUv4GeHY\" target=\"_blank\" rel=\"noopener\">Recomenda\u00e7\u00e3o n\u00ba 013, de 24 de maio de 2021<\/a><\/span> &#8211; Recomenda\u00e7\u00e3o favor\u00e1vel ao licenciamento compuls\u00f3rio para todas as tecnologias dispon\u00edveis para atender os interesses sociais, diante da pandemia da Covid-19.<\/p><\/li><li class=\"TYR86d wXCUfe zfr3Q\" dir=\"ltr\"><p class=\"CDt4Ke zfr3Q\" dir=\"ltr\"><span class=\" aw5Odc\"><a class=\"XqQF9c\" href=\"http:\/\/www.google.com\/url?q=http%3A%2F%2Fconselho.saude.gov.br%2Frecomendacoes-cns%2F1675-recomendacao-n-005-de-31-de-marco-de-2021&amp;sa=D&amp;sntz=1&amp;usg=AOvVaw01Gef_Fjb6ML_u6MuvJGlG\" target=\"_blank\" rel=\"noopener\">Recomenda\u00e7\u00e3o n\u00b0<\/a><\/span><span class=\" aw5Odc\"><a class=\"XqQF9c\" href=\"http:\/\/www.google.com\/url?q=http%3A%2F%2Fconselho.saude.gov.br%2Frecomendacoes-cns%2F1675-recomendacao-n-005-de-31-de-marco-de-2021&amp;sa=D&amp;sntz=1&amp;usg=AOvVaw01Gef_Fjb6ML_u6MuvJGlG\" target=\"_blank\" rel=\"noopener\">5<\/a><\/span><span class=\" aw5Odc\"><a class=\"XqQF9c\" href=\"http:\/\/www.google.com\/url?q=http%3A%2F%2Fconselho.saude.gov.br%2Frecomendacoes-cns%2F1675-recomendacao-n-005-de-31-de-marco-de-2021&amp;sa=D&amp;sntz=1&amp;usg=AOvVaw01Gef_Fjb6ML_u6MuvJGlG\" target=\"_blank\" rel=\"noopener\">, de 3<\/a><\/span><span class=\" aw5Odc\"><a class=\"XqQF9c\" href=\"http:\/\/www.google.com\/url?q=http%3A%2F%2Fconselho.saude.gov.br%2Frecomendacoes-cns%2F1675-recomendacao-n-005-de-31-de-marco-de-2021&amp;sa=D&amp;sntz=1&amp;usg=AOvVaw01Gef_Fjb6ML_u6MuvJGlG\" target=\"_blank\" rel=\"noopener\">1<\/a><\/span><span class=\" aw5Odc\"><a class=\"XqQF9c\" href=\"http:\/\/www.google.com\/url?q=http%3A%2F%2Fconselho.saude.gov.br%2Frecomendacoes-cns%2F1675-recomendacao-n-005-de-31-de-marco-de-2021&amp;sa=D&amp;sntz=1&amp;usg=AOvVaw01Gef_Fjb6ML_u6MuvJGlG\" target=\"_blank\" rel=\"noopener\"> de mar\u00e7o de 202<\/a><\/span><span class=\" aw5Odc\"><a class=\"XqQF9c\" href=\"http:\/\/www.google.com\/url?q=http%3A%2F%2Fconselho.saude.gov.br%2Frecomendacoes-cns%2F1675-recomendacao-n-005-de-31-de-marco-de-2021&amp;sa=D&amp;sntz=1&amp;usg=AOvVaw01Gef_Fjb6ML_u6MuvJGlG\" target=\"_blank\" rel=\"noopener\">1<\/a><\/span> &#8211; Recomenda medidas de promo\u00e7\u00e3o da sa\u00fade e da alimenta\u00e7\u00e3o e nutri\u00e7\u00e3o no combate \u00e0 pandemia do Coronav\u00edrus.<\/p><\/li><li class=\"TYR86d wXCUfe zfr3Q\" dir=\"ltr\"><p class=\"CDt4Ke zfr3Q\" dir=\"ltr\"><span class=\" aw5Odc\"><a class=\"XqQF9c\" href=\"http:\/\/www.google.com\/url?q=http%3A%2F%2Fconselho.saude.gov.br%2Frecomendacoes-cns%2F1671-recomendacao-n-004-de-30-de-marco-de-2021&amp;sa=D&amp;sntz=1&amp;usg=AOvVaw3ltv2nBbIBO_xcwTD1kdGR\" target=\"_blank\" rel=\"noopener\">Recomenda\u00e7\u00e3o n\u00b04, de 30 de mar\u00e7o de 202<\/a><\/span><span class=\" aw5Odc\"><a class=\"XqQF9c\" href=\"http:\/\/www.google.com\/url?q=http%3A%2F%2Fconselho.saude.gov.br%2Frecomendacoes-cns%2F1671-recomendacao-n-004-de-30-de-marco-de-2021&amp;sa=D&amp;sntz=1&amp;usg=AOvVaw3ltv2nBbIBO_xcwTD1kdGR\" target=\"_blank\" rel=\"noopener\">1<\/a><\/span> &#8211; Recomenda a\u00e7\u00f5es relativas aos cuidados \u00e0 sa\u00fade das popula\u00e7\u00f5es vulnerabilizadas no contexto da pandemia da Covid-19.<\/p><\/li><li class=\"TYR86d wXCUfe zfr3Q\" dir=\"ltr\"><p class=\"CDt4Ke zfr3Q\" dir=\"ltr\"><span class=\" aw5Odc\"><a class=\"XqQF9c\" href=\"http:\/\/www.google.com\/url?q=http%3A%2F%2Fconselho.saude.gov.br%2Frecomendacoes-cns%2Frecomendacoes-2020%2F1321-recomendacao-n-054-de-20-agosto-de-2020&amp;sa=D&amp;sntz=1&amp;usg=AOvVaw2vviXQl3yZ-8glDbKteRZg\" target=\"_blank\" rel=\"noopener\">Recomenda\u00e7\u00e3o n\u00ba 54\/2020, de 20 de agosto de 2020<\/a><\/span> &#8211; Recomenda orienta\u00e7\u00f5es ao Minist\u00e9rio da Sa\u00fade e \u00f3rg\u00e3os de controle, bem como a\u00e7\u00f5es para aquisi\u00e7\u00e3o de medicamentos para o enfrentamento \u00e0 pandemia do COVID-19.<\/p><\/li><li class=\"TYR86d wXCUfe zfr3Q\" dir=\"ltr\"><p class=\"CDt4Ke zfr3Q\" dir=\"ltr\"><span class=\" aw5Odc\"><a class=\"XqQF9c\" href=\"https:\/\/drive.google.com\/file\/d\/1igxuZBfVi5gH6Ii7QhhHDVH0CtAo1Vy9\/view\" target=\"_blank\" rel=\"noopener\">Recomenda\u00e7\u00e3o n\u00b0 22, de 09 de abril de 2020<\/a><\/span> &#8211; Recomenda medidas com vistas a garantir as condi\u00e7\u00f5es sanit\u00e1rias e de prote\u00e7\u00e3o social para fazer frente \u00e0s necessidades emergenciais da popula\u00e7\u00e3o diante da pandemia da COVID-19.<\/p><\/li><li class=\"TYR86d wXCUfe zfr3Q\" dir=\"ltr\"><p class=\"CDt4Ke zfr3Q\" dir=\"ltr\"><span class=\" aw5Odc\"><a class=\"XqQF9c\" href=\"http:\/\/www.google.com\/url?q=http%3A%2F%2Fconselho.saude.gov.br%2Frecomendacoes-cns%2Frecomendacoes-2020%2F1103-recomendac-a-o-no-020-de-07-de-abril-de-2020&amp;sa=D&amp;sntz=1&amp;usg=AOvVaw0Tm4FT71j-CCRMeHzwt_Xl\" target=\"_blank\" rel=\"noopener\">Recomenda\u00e7\u00e3o n\u00b020<\/a><\/span><span class=\" aw5Odc\"><a class=\"XqQF9c\" href=\"http:\/\/www.google.com\/url?q=http%3A%2F%2Fconselho.saude.gov.br%2Frecomendacoes-cns%2Frecomendacoes-2020%2F1103-recomendac-a-o-no-020-de-07-de-abril-de-2020&amp;sa=D&amp;sntz=1&amp;usg=AOvVaw0Tm4FT71j-CCRMeHzwt_Xl\" target=\"_blank\" rel=\"noopener\">, de 07 de abril de 2020<\/a><\/span> &#8211; Recomenda observ\u00e2ncia do Parecer T\u00e9cnico n\u00ba 128\/2020, que disp\u00f5e sobre as orienta\u00e7\u00f5es ao trabalho\/atua\u00e7\u00e3o dos trabalhadores e trabalhadoras, no \u00e2mbito dos servi\u00e7os de sa\u00fade, durante a Emerg\u00eancia em Sa\u00fade P\u00fablica de Import\u00e2ncia Nacional em decorr\u00eancia Doen\u00e7a por Coronav\u00edrus &#8211; COVID-19.<\/p><\/li><\/ul><\/div><\/div><\/div><\/div><div class=\"oKdM2c ZZyype\"><div id=\"h.5f601c0e18225e1a_8\" class=\"hJDwNd-AhqUyc-uQSCkd Ft7HRd-AhqUyc-uQSCkd jXK9ad D2fZ2 zu5uec wHaque g5GTcb GNzUNc\"><div class=\"jXK9ad-SmKAyb\"><div class=\"tyJCtd mGzaTb Depvyb baZpAe\"><small id=\"h.ax4aleo6q9ih\" class=\"CDt4Ke zfr3Q TMjjoe\" dir=\"ltr\">Cr\u00e9dito: Conselho Nacional de Sa\u00fade<\/small><\/div><\/div><\/div><\/div><\/div><\/div><\/div><\/div><\/div><\/section><section id=\"h.56d8e9e063be37e8_172\" class=\"yaqOZd WxWicb\"><div class=\"IFuOkc\">\u00a0<\/div><div class=\"mYVXT\"><div class=\"LS81yb VICjCf j5pSsc db35Fc\" tabindex=\"-1\"><div class=\"hJDwNd-AhqUyc-uQSCkd Ft7HRd-AhqUyc-uQSCkd purZT-AhqUyc-II5mzb ZcASvf-AhqUyc-II5mzb pSzOP-AhqUyc-qWD73c Ktthjf-AhqUyc-qWD73c JNdkSc SQVYQc\"><div class=\"JNdkSc-SmKAyb LkDMRd\"><div class=\"\"><div class=\"oKdM2c ZZyype Kzv0Me\"><div id=\"h.56d8e9e063be37e8_175\" class=\"hJDwNd-AhqUyc-uQSCkd Ft7HRd-AhqUyc-uQSCkd jXK9ad D2fZ2 zu5uec OjCsFc dmUFtb wHaque g5GTcb\"><div class=\"jXK9ad-SmKAyb\"><div class=\"tyJCtd baZpAe\"><div class=\"iwQgFb\" role=\"presentation\">\u00a0<\/div><\/div><\/div><\/div><\/div><\/div><\/div><\/div><\/div><\/div><\/section><\/div>\n\t\t\t\t<\/div>\n\t\t\t\t\t\t\t<div class=\"elementor-toggle-item\">\n\t\t\t\t\t<div id=\"elementor-tab-title-4323\" class=\"elementor-tab-title\" data-tab=\"3\" role=\"button\" aria-controls=\"elementor-tab-content-4323\" aria-expanded=\"false\">\n\t\t\t\t\t\t\t\t\t\t\t\t<span class=\"elementor-toggle-icon elementor-toggle-icon-left\" aria-hidden=\"true\">\n\t\t\t\t\t\t\t\t\t\t\t\t\t\t\t<span class=\"elementor-toggle-icon-closed\"><i class=\"fas fa-caret-right\"><\/i><\/span>\n\t\t\t\t\t\t\t\t<span class=\"elementor-toggle-icon-opened\"><i class=\"elementor-toggle-icon-opened fas fa-caret-up\"><\/i><\/span>\n\t\t\t\t\t\t\t\t\t\t\t\t\t<\/span>\n\t\t\t\t\t\t\t\t\t\t\t\t<a class=\"elementor-toggle-title\" tabindex=\"0\">Governo Federal<\/a>\n\t\t\t\t\t<\/div>\n\n\t\t\t\t\t<div id=\"elementor-tab-content-4323\" class=\"elementor-tab-content elementor-clearfix\" data-tab=\"3\" role=\"region\" aria-labelledby=\"elementor-tab-title-4323\"><div class=\"mYVXT\"><div class=\"LS81yb VICjCf j5pSsc db35Fc\" tabindex=\"-1\"><div class=\"hJDwNd-AhqUyc-uQSCkd Ft7HRd-AhqUyc-uQSCkd purZT-AhqUyc-II5mzb ZcASvf-AhqUyc-II5mzb pSzOP-AhqUyc-qWD73c Ktthjf-AhqUyc-qWD73c JNdkSc SQVYQc yYI8W HQwdzb\"><div class=\"JNdkSc-SmKAyb LkDMRd\"><div class=\"\"><div class=\"oKdM2c ZZyype Kzv0Me\"><div id=\"h.16f51c7ac7a371de_57\" class=\"hJDwNd-AhqUyc-uQSCkd Ft7HRd-AhqUyc-uQSCkd jXK9ad D2fZ2 zu5uec OjCsFc dmUFtb GNzUNc\"><div class=\"jXK9ad-SmKAyb\"><div class=\"tyJCtd mGzaTb Depvyb baZpAe\"><ul class=\"n8H08c UVNKR\"><li class=\"TYR86d wXCUfe zfr3Q\" dir=\"ltr\"><p class=\"CDt4Ke zfr3Q\" dir=\"ltr\"><a class=\"XqQF9c rXJpyf\" href=\"http:\/\/www.google.com\/url?q=http%3A%2F%2Fwww.planalto.gov.br%2FCCIVIL_03%2F_Ato2019-2022%2F2021%2FLei%2FL14171.htm&amp;sa=D&amp;sntz=1&amp;usg=AOvVaw0MbPw2sqe3HEWi12_Ftm4W\" target=\"_blank\" rel=\"noopener\">Lei n\u00ba 14.171, de 10.6.2021<\/a> &#8211; Altera a Lei n\u00ba 13.982, de 2 de abril de 2020, para estabelecer medidas de prote\u00e7\u00e3o \u00e0 mulher provedora de fam\u00edlia monoparental em rela\u00e7\u00e3o ao recebimento do aux\u00edlio emergencial de que trata o seu art. 2\u00ba; e d\u00e1 outras provid\u00eancias.<\/p><\/li><li class=\"TYR86d wXCUfe zfr3Q\" dir=\"ltr\"><p class=\"CDt4Ke zfr3Q\" dir=\"ltr\"><a class=\"XqQF9c rXJpyf\" href=\"http:\/\/www.google.com\/url?q=http%3A%2F%2Fwww.planalto.gov.br%2FCCIVIL_03%2F_Ato2019-2022%2F2021%2FMpv%2Fmpv1054.htm&amp;sa=D&amp;sntz=1&amp;usg=AOvVaw1XXHsKfJCWq0wk6QsI5ST9\" target=\"_blank\" rel=\"noopener\">Medida Provis\u00f3ria n\u00ba 1.054 de 8.6.2021<\/a> &#8211; Abre cr\u00e9dito extraordin\u00e1rio, em favor dos Minist\u00e9rios da Justi\u00e7a e Seguran\u00e7a P\u00fablica, da Defesa e da Cidadania, no valor de R$ 235.348.850,00, para os fins que especifica.<\/p><\/li><li class=\"TYR86d wXCUfe zfr3Q\" dir=\"ltr\"><p class=\"CDt4Ke zfr3Q\" dir=\"ltr\"><a class=\"XqQF9c rXJpyf\" href=\"http:\/\/www.google.com\/url?q=http%3A%2F%2Fwww.planalto.gov.br%2FCCIVIL_03%2F_Ato2019-2022%2F2021%2FLei%2FL14160.htm&amp;sa=D&amp;sntz=1&amp;usg=AOvVaw0r_S3OJMtogEspQYMpoKiA\" target=\"_blank\" rel=\"noopener\">Lei n\u00ba 14.160, de 2.6.2021<\/a> &#8211; Disp\u00f5e sobre o estabelecimento de barreiras sanit\u00e1rias protetivas de \u00e1reas ind\u00edgenas.<\/p><\/li><li class=\"TYR86d wXCUfe zfr3Q\" dir=\"ltr\"><p class=\"CDt4Ke zfr3Q\" dir=\"ltr\"><a class=\"XqQF9c rXJpyf\" href=\"http:\/\/www.google.com\/url?q=http%3A%2F%2Fwww.planalto.gov.br%2FCCIVIL_03%2F_Ato2019-2022%2F2021%2FMpv%2Fmpv1053.htm&amp;sa=D&amp;sntz=1&amp;usg=AOvVaw37mRnG6MFSM-_Uc6MacHgy\" target=\"_blank\" rel=\"noopener\">Medida Provis\u00f3ria n\u00ba 1.053 de 2.6.2021<\/a> &#8211; Abre cr\u00e9dito extraordin\u00e1rio, em favor de Encargos Financeiros da Uni\u00e3o, no valor de R$ 5.000.000.000,00, para o fim que especifica.<\/p><\/li><li class=\"TYR86d wXCUfe zfr3Q\" dir=\"ltr\"><p class=\"CDt4Ke zfr3Q\" dir=\"ltr\"><a class=\"XqQF9c rXJpyf\" href=\"http:\/\/www.google.com\/url?q=http%3A%2F%2Fwww.planalto.gov.br%2FCCIVIL_03%2FPortaria%2FPRT%2FPortaria-654-21-ccv.htm&amp;sa=D&amp;sntz=1&amp;usg=AOvVaw3AOzEFMpuEEYKCZJuyCBus\" target=\"_blank\" rel=\"noopener\">Portaria n\u00ba 654, de 28.5.2021<\/a> &#8211; Disp\u00f5e sobre a restri\u00e7\u00e3o excepcional e tempor\u00e1ria de entrada no Pa\u00eds de estrangeiros, de qualquer nacionalidade, conforme recomenda\u00e7\u00e3o da Ag\u00eancia Nacional de Vigil\u00e2ncia Sanit\u00e1ria &#8211; Anvisa.<\/p><\/li><li class=\"TYR86d wXCUfe zfr3Q\" dir=\"ltr\"><p class=\"CDt4Ke zfr3Q\" dir=\"ltr\"><a class=\"XqQF9c rXJpyf\" href=\"http:\/\/www.google.com\/url?q=http%3A%2F%2Fwww.planalto.gov.br%2FCCIVIL_03%2FPortaria%2FPRT%2FPortaria-135-21-mara.htm&amp;sa=D&amp;sntz=1&amp;usg=AOvVaw2d95mTmApgxUGDoooCsXCA\" target=\"_blank\" rel=\"noopener\">Portaria n\u00ba 135, de 19.5.2021<\/a> &#8211; Altera a Portaria MAPA n\u00ba 116, de 26 de mar\u00e7o de 2020, que disp\u00f5e sobre os servi\u00e7os, as atividades e os produtos considerados essenciais pelo Minist\u00e9rio da Agricultura, Pecu\u00e1ria e Abastecimento para o pleno funcionamento das cadeias produtivas de alimentos e bebidas, para assegurar o abastecimento e a seguran\u00e7a alimentar da popula\u00e7\u00e3o brasileira enquanto perdurar o estado de calamidade p\u00fablica decorrente da pandemia da COVID-19.<\/p><\/li><li class=\"TYR86d wXCUfe zfr3Q\" dir=\"ltr\"><p class=\"CDt4Ke zfr3Q\" dir=\"ltr\"><a class=\"XqQF9c rXJpyf\" href=\"http:\/\/www.google.com\/url?q=http%3A%2F%2Fwww.planalto.gov.br%2FCCIVIL_03%2F_Ato2019-2022%2F2021%2FLei%2FL14152.htm&amp;sa=D&amp;sntz=1&amp;usg=AOvVaw0YmckjJAlgWrhIgiVS9mAe\" target=\"_blank\" rel=\"noopener\">Lei n\u00ba 14.152, de 19.5.2021<\/a> &#8211; Disp\u00f5e sobre a extens\u00e3o do prazo de validade de prescri\u00e7\u00f5es m\u00e9dicas e de pedidos de exames complementares de diagn\u00f3stico emitidos para gestantes e pu\u00e9rperas, e sobre o acesso facilitado a cuidados intensivos e \u00e0 interna\u00e7\u00e3o em leitos de unidade de terapia intensiva (UTI) enquanto perdurar a pandemia de covid-19.<\/p><\/li><li class=\"TYR86d wXCUfe zfr3Q\" dir=\"ltr\"><p class=\"CDt4Ke zfr3Q\" dir=\"ltr\"><a class=\"XqQF9c rXJpyf\" href=\"http:\/\/www.google.com\/url?q=http%3A%2F%2Fwww.planalto.gov.br%2FCCIVIL_03%2F_Ato2019-2022%2F2021%2FLei%2FL14151.htm&amp;sa=D&amp;sntz=1&amp;usg=AOvVaw1wlSK2JxHeib_o4Pt7_hua\" target=\"_blank\" rel=\"noopener\">Lei n\u00ba 14.151, de 12.5.2021<\/a> &#8211; Disp\u00f5e sobre o afastamento da empregada gestante das atividades de trabalho presencial durante a emerg\u00eancia de sa\u00fade p\u00fablica de import\u00e2ncia nacional decorrente do novo coronav\u00edrus.<\/p><\/li><li class=\"TYR86d wXCUfe zfr3Q\" dir=\"ltr\"><p class=\"CDt4Ke zfr3Q\" dir=\"ltr\"><a class=\"XqQF9c rXJpyf\" href=\"http:\/\/www.google.com\/url?q=http%3A%2F%2Fwww.planalto.gov.br%2FCCIVIL_03%2F_Ato2019-2022%2F2021%2FLei%2FL14150.htm&amp;sa=D&amp;sntz=1&amp;usg=AOvVaw3MN8LCOR1qPI2A-rKHwJaj\" target=\"_blank\" rel=\"noopener\">Lei n\u00ba 14.150, de 12.5.2021<\/a> &#8211; Altera a Lei n\u00ba 14.017, de 29 de junho de 2020 (Lei Aldir Blanc), para estender a prorroga\u00e7\u00e3o do aux\u00edlio emergencial a trabalhadores e trabalhadoras da cultura e para prorrogar o prazo de utiliza\u00e7\u00e3o de recursos pelos Estados, pelo Distrito Federal e pelos Munic\u00edpios. <a class=\"XqQF9c rXJpyf\" href=\"http:\/\/www.google.com\/url?q=http%3A%2F%2Fwww.planalto.gov.br%2FCCIVIL_03%2F_Ato2019-2022%2F2021%2FMsg%2FVEP%2FVEP-199.htm&amp;sa=D&amp;sntz=1&amp;usg=AOvVaw22EjjxbzVFFlLxRmw41x0z\" target=\"_blank\" rel=\"noopener\">Mensagem de veto<\/a><\/p><\/li><li class=\"TYR86d wXCUfe zfr3Q\" dir=\"ltr\"><p class=\"CDt4Ke zfr3Q\" dir=\"ltr\"><a class=\"XqQF9c rXJpyf\" href=\"http:\/\/www.google.com\/url?q=http%3A%2F%2Fwww.planalto.gov.br%2FCCIVIL_03%2F_Ato2019-2022%2F2021%2FMpv%2Fmpv1048.htm&amp;sa=D&amp;sntz=1&amp;usg=AOvVaw2RyeGIAEyA6T3VZH3B8Nm1\" target=\"_blank\" rel=\"noopener\">Medida Provis\u00f3ria n\u00ba 1.048 de 10.5.2021<\/a> &#8211; Abre cr\u00e9dito extraordin\u00e1rio, em favor do Minist\u00e9rio da Sa\u00fade, no valor de R$ 5.500.071.904,00, para os fins que especifica.<\/p><\/li><li class=\"TYR86d wXCUfe zfr3Q\" dir=\"ltr\"><p class=\"CDt4Ke zfr3Q\" dir=\"ltr\"><a class=\"XqQF9c rXJpyf\" href=\"http:\/\/www.google.com\/url?q=http%3A%2F%2Fwww.planalto.gov.br%2FCCIVIL_03%2F_Ato2019-2022%2F2021%2FDecreto%2FD10697.htm&amp;sa=D&amp;sntz=1&amp;usg=AOvVaw3gJxU-5DAfadKnxQ23HPMO\" target=\"_blank\" rel=\"noopener\">Decreto n\u00ba 10.697, de 10.5.2021<\/a> &#8211; Altera o Decreto n\u00ba 9.795, de 17 de maio de 2019, para criar a Secretaria Extraordin\u00e1ria de Enfrentamento \u00e0 Covid-19 e remaneja e transforma cargos em comiss\u00e3o e fun\u00e7\u00f5es de confian\u00e7a.<\/p><\/li><li class=\"TYR86d wXCUfe zfr3Q\" dir=\"ltr\"><p class=\"CDt4Ke zfr3Q\" dir=\"ltr\"><a class=\"XqQF9c rXJpyf\" href=\"http:\/\/www.google.com\/url?q=http%3A%2F%2Fwww.planalto.gov.br%2FCCIVIL_03%2FLEIS%2FLCP%2FLcp181.htm&amp;sa=D&amp;sntz=1&amp;usg=AOvVaw3gCjZpU8URKwP7o9rK-pc3\" target=\"_blank\" rel=\"noopener\">Lei Complementar n\u00ba 181, de 6.5.2021<\/a> &#8211; Altera a Lei Complementar n\u00ba 172, de 15 de abril de 2020, e a Lei n\u00ba 14.029, de 28 de julho de 2020, para conceder prazo para que os Estados, o Distrito Federal e os Munic\u00edpios executem atos de transposi\u00e7\u00e3o e de transfer\u00eancia e atos de transposi\u00e7\u00e3o e de reprograma\u00e7\u00e3o, respectivamente; altera a Lei Complementar n\u00ba 156, de 28 de dezembro de 2016, para conceder prazo adicional para celebra\u00e7\u00e3o de aditivos contratuais e permitir mudan\u00e7a nos crit\u00e9rios de indexa\u00e7\u00e3o dos contratos de refinanciamento de d\u00edvidas; altera a Lei Complementar n\u00ba 159, de 19 de maio de 2017, para permitir o afastamento de veda\u00e7\u00f5es durante o Regime de Recupera\u00e7\u00e3o Fiscal desde que previsto no Plano de Recupera\u00e7\u00e3o Fiscal; altera a Lei Complementar n\u00ba 178, de 13 de janeiro de 2021, para conceder prazo adicional para celebra\u00e7\u00e3o de contratos e disciplinar a apura\u00e7\u00e3o de valores inadimplidos de Estado com Regime de Recupera\u00e7\u00e3o Fiscal vigente em 31 de agosto de 2020; e revoga o art. 27 da Lei Complementar n\u00ba 178, de 13 de janeiro de 2021.<\/p><\/li><\/ul><ul class=\"n8H08c UVNKR\"><li class=\"TYR86d wXCUfe zfr3Q\" dir=\"ltr\"><p class=\"CDt4Ke zfr3Q\" dir=\"ltr\"><span class=\" aw5Odc\"><a class=\"XqQF9c\" href=\"http:\/\/www.google.com\/url?q=http%3A%2F%2Fwww.planalto.gov.br%2FCCIVIL_03%2F_Ato2019-2022%2F2021%2FMpv%2Fmpv1047.htm&amp;sa=D&amp;sntz=1&amp;usg=AOvVaw07PdCCowTmK2It9pMPIx3c\" target=\"_blank\" rel=\"noopener\">Medida Provis\u00f3ria n\u00ba 1.047 de 03.5.2021<\/a><\/span> &#8211; Disp\u00f5e sobre as medidas excepcionais para a aquisi\u00e7\u00e3o de bens e a contrata\u00e7\u00e3o de servi\u00e7os, inclusive de engenharia, e insumos destinados ao enfrentamento da pandemia da covid-19.<\/p><\/li><li class=\"TYR86d wXCUfe zfr3Q\" dir=\"ltr\"><p class=\"CDt4Ke zfr3Q\" dir=\"ltr\"><span class=\" aw5Odc\"><a class=\"XqQF9c\" href=\"http:\/\/www.google.com\/url?q=http%3A%2F%2Fwww.planalto.gov.br%2FCCIVIL_03%2F_Ato2019-2022%2F2021%2FLei%2FL14148.htm&amp;sa=D&amp;sntz=1&amp;usg=AOvVaw24Vk_iKtSPkSdty5iYTHD7\" target=\"_blank\" rel=\"noopener\">Lei n\u00ba 14.148, de 3.5.2021<\/a><\/span> &#8211; Disp\u00f5e sobre a\u00e7\u00f5es emergenciais e tempor\u00e1rias destinadas ao setor de eventos para compensar os efeitos decorrentes das medidas de combate \u00e0 pandemia da Covid-19; institui o Programa Emergencial de Retomada do Setor de Eventos (Perse) e o Programa de Garantia aos Setores Cr\u00edticos (PGSC); e altera as Leis n\u00bas 13.756, de 12 de dezembro de 2018, e 8.212, de 24 de julho de 1991. <span class=\" aw5Odc\"><a class=\"XqQF9c\" href=\"http:\/\/www.google.com\/url?q=http%3A%2F%2Fwww.planalto.gov.br%2FCCIVIL_03%2F_Ato2019-2022%2F2021%2FMsg%2FVEP%2FVEP-186.htm&amp;sa=D&amp;sntz=1&amp;usg=AOvVaw0mREKDI6BrU_9ASCRl6VwA\" target=\"_blank\" rel=\"noopener\">Mensagem de veto<\/a><\/span><\/p><\/li><li class=\"TYR86d wXCUfe zfr3Q\" dir=\"ltr\"><p class=\"CDt4Ke zfr3Q\" dir=\"ltr\"><span class=\" aw5Odc\"><a class=\"XqQF9c\" href=\"http:\/\/www.google.com\/url?q=http%3A%2F%2Fwww.planalto.gov.br%2FCCIVIL_03%2F_Ato2019-2022%2F2021%2FMpv%2Fmpv1047.htm&amp;sa=D&amp;sntz=1&amp;usg=AOvVaw07PdCCowTmK2It9pMPIx3c\" target=\"_blank\" rel=\"noopener\">Medida Provis\u00f3ria n\u00ba 1.047 de 03.5.2021<\/a><\/span> &#8211; Disp\u00f5e sobre as medidas excepcionais para a aquisi\u00e7\u00e3o de bens e a contrata\u00e7\u00e3o de servi\u00e7os, inclusive de engenharia, e insumos destinados ao enfrentamento da pandemia da covid-19.<\/p><\/li><li class=\"TYR86d wXCUfe zfr3Q\" dir=\"ltr\"><p class=\"CDt4Ke zfr3Q\" dir=\"ltr\"><span class=\" aw5Odc\"><a class=\"XqQF9c\" href=\"http:\/\/www.google.com\/url?q=http%3A%2F%2Fwww.planalto.gov.br%2FCCIVIL_03%2F_Ato2019-2022%2F2021%2FMpv%2Fmpv1046.htm&amp;sa=D&amp;sntz=1&amp;usg=AOvVaw2vJda7k_tLDOamSAZWjnvG\" target=\"_blank\" rel=\"noopener\">Medida Provis\u00f3ria n\u00ba 1.046 de 27.4.2021<\/a><\/span> &#8211; Disp\u00f5e sobre as medidas trabalhistas para enfrentamento da emerg\u00eancia de sa\u00fade p\u00fablica de import\u00e2ncia internacional decorrente do coronav\u00edrus (covid-19).<\/p><\/li><li class=\"TYR86d wXCUfe zfr3Q\" dir=\"ltr\"><p class=\"CDt4Ke zfr3Q\" dir=\"ltr\"><span class=\" aw5Odc\"><a class=\"XqQF9c\" href=\"http:\/\/www.google.com\/url?q=http%3A%2F%2Fwww.planalto.gov.br%2FCCIVIL_03%2F_Ato2019-2022%2F2021%2FMpv%2Fmpv1045.htm&amp;sa=D&amp;sntz=1&amp;usg=AOvVaw3STZyCuxPhyP81sPUGu8pt\" target=\"_blank\" rel=\"noopener\">Medida Provis\u00f3ria n\u00ba 1.045 de 27.4.2021<\/a><\/span> &#8211; Institui o Novo Programa Emergencial de Manuten\u00e7\u00e3o do Emprego e da Renda e disp\u00f5e sobre medidas complementares para o enfrentamento das consequ\u00eancias da emerg\u00eancia de sa\u00fade p\u00fablica de import\u00e2ncia internacional decorrente do coronav\u00edrus (covid-19) no \u00e2mbito das rela\u00e7\u00f5es de trabalho.<\/p><\/li><li class=\"TYR86d wXCUfe zfr3Q\" dir=\"ltr\"><p class=\"CDt4Ke zfr3Q\" dir=\"ltr\"><span class=\" aw5Odc\"><a class=\"XqQF9c\" href=\"http:\/\/www.google.com\/url?q=http%3A%2F%2Fwww.planalto.gov.br%2FCCIVIL_03%2F_Ato2019-2022%2F2021%2FMpv%2Fmpv1044.htm&amp;sa=D&amp;sntz=1&amp;usg=AOvVaw3Z0I5nJye5gVOIXSKSxVId\" target=\"_blank\" rel=\"noopener\">Medida Provis\u00f3ria n\u00ba 1.044 de 27.4.2021<\/a><\/span> &#8211; Abre cr\u00e9dito extraordin\u00e1rio, em favor do Minist\u00e9rio da Economia, no valor de R$ 9.977.701.233,00, para o fim que especifica.<\/p><\/li><li class=\"TYR86d wXCUfe zfr3Q\" dir=\"ltr\"><p class=\"CDt4Ke zfr3Q\" dir=\"ltr\"><span class=\" aw5Odc\"><a class=\"XqQF9c\" href=\"http:\/\/www.google.com\/url?q=http%3A%2F%2Fwww.planalto.gov.br%2FCCIVIL_03%2F_Ato2019-2022%2F2021%2FLei%2FL14147.htm&amp;sa=D&amp;sntz=1&amp;usg=AOvVaw009L6RhDoM04BQALXQojgG\" target=\"_blank\" rel=\"noopener\">Lei n\u00ba 14.147, de 26.4.2021<\/a><\/span> &#8211; Cria o Programa Pr\u00f3-Leitos, com aplica\u00e7\u00e3o enquanto perdurar a emerg\u00eancia de sa\u00fade p\u00fablica decorrente da pandemia da covid-19. <span class=\" aw5Odc\"><a class=\"XqQF9c\" href=\"http:\/\/www.google.com\/url?q=http%3A%2F%2Fwww.planalto.gov.br%2FCCIVIL_03%2F_Ato2019-2022%2F2021%2FMsg%2FVEP%2FVEP-164.htm&amp;sa=D&amp;sntz=1&amp;usg=AOvVaw0rt4PgNxZo0iKgPqIz6dI7\" target=\"_blank\" rel=\"noopener\">Mensagem de veto<\/a><\/span><\/p><\/li><li class=\"TYR86d wXCUfe zfr3Q\" dir=\"ltr\"><p class=\"CDt4Ke zfr3Q\" dir=\"ltr\"><span class=\" aw5Odc\"><a class=\"XqQF9c\" href=\"http:\/\/www.google.com\/url?q=http%3A%2F%2Fwww.planalto.gov.br%2FCCIVIL_03%2FPortaria%2FPRT%2FPortaria-769-MS-21.htm&amp;sa=D&amp;sntz=1&amp;usg=AOvVaw0jhRZUFHcEO04PPKVnME1h\" target=\"_blank\" rel=\"noopener\">Portaria n\u00ba 769, de 22.4.2021<\/a><\/span> &#8211; Autoriza leitos de Unidades de Terapia Intensiva &#8211; UTI, para atendimento exclusivo dos pacientes COVID-19.<\/p><\/li><li class=\"TYR86d wXCUfe zfr3Q\" dir=\"ltr\"><p class=\"CDt4Ke zfr3Q\" dir=\"ltr\"><span class=\" aw5Odc\"><a class=\"XqQF9c\" href=\"http:\/\/www.google.com\/url?q=http%3A%2F%2Fwww.planalto.gov.br%2FCCIVIL_03%2FPortaria%2FPRT%2FPortaria-768-MS-21.htm&amp;sa=D&amp;sntz=1&amp;usg=AOvVaw1M-INo5WENID7L1XT8exN3\" target=\"_blank\" rel=\"noopener\">Portaria n\u00ba 768, de 22.4.2021<\/a><\/span> &#8211; Torna sem efeito a autoriza\u00e7\u00e3o de leitos de Unidade de Terapia Intensiva &#8211; UTI para atendimento exclusivo dos pacientes COVID-19 e estabelece a devolu\u00e7\u00e3o de recurso do Bloco de Manuten\u00e7\u00e3o das A\u00e7\u00f5es e Servi\u00e7os P\u00fablicos de Sa\u00fade &#8211; Grupo Coronav\u00edrus (COVID-19), disponibilizado ao Estado de S\u00e3o Paulo e Munic\u00edpio de Itatiba.<\/p><\/li><li class=\"TYR86d wXCUfe zfr3Q\" dir=\"ltr\"><p class=\"CDt4Ke zfr3Q\" dir=\"ltr\"><span class=\" aw5Odc\"><a class=\"XqQF9c\" href=\"http:\/\/www.google.com\/url?q=http%3A%2F%2Fwww.planalto.gov.br%2FCCIVIL_03%2FPortaria%2FPRT%2FPortaria-766-MS-21.htm&amp;sa=D&amp;sntz=1&amp;usg=AOvVaw3zOPArFynQ69J2xnFuWlW-\" target=\"_blank\" rel=\"noopener\">Portaria n\u00ba 766, de 22.4.2021<\/a><\/span> &#8211; Torna sem efeito a autoriza\u00e7\u00e3o de leitos de Unidades de Terapia Intensiva &#8211; UTI Adulto, para atendimento exclusivo dos pacientes COVID-19 e estabelece a devolu\u00e7\u00e3o de recurso do Bloco de Manuten\u00e7\u00e3o das A\u00e7\u00f5es e Servi\u00e7os P\u00fablicos de Sa\u00fade &#8211; Grupo Coronav\u00edrus (COVID-19), disponibilizado ao Estado de Minas Gerais e Munic\u00edpio de Juiz de Fora.<\/p><\/li><li class=\"TYR86d wXCUfe zfr3Q\" dir=\"ltr\"><p class=\"CDt4Ke zfr3Q\" dir=\"ltr\"><span class=\" aw5Odc\"><a class=\"XqQF9c\" href=\"http:\/\/www.google.com\/url?q=http%3A%2F%2Fwww.planalto.gov.br%2FCCIVIL_03%2F_Ato2019-2022%2F2021%2FMpv%2Fmpv1043.htm&amp;sa=D&amp;sntz=1&amp;usg=AOvVaw2KHf3iwI9zB513Rqr2KPfF\" target=\"_blank\" rel=\"noopener\">Medida Provis\u00f3ria n\u00ba 1.043 de 16.4.2021<\/a><\/span> &#8211; Abre cr\u00e9dito extraordin\u00e1rio, em favor do Minist\u00e9rio da Sa\u00fade, no valor de R$ 2.693.315.000,00, para os fins que especifica.<\/p><\/li><li class=\"TYR86d wXCUfe zfr3Q\" dir=\"ltr\"><p class=\"CDt4Ke zfr3Q\" dir=\"ltr\"><span class=\" aw5Odc\"><a class=\"XqQF9c\" href=\"http:\/\/www.google.com\/url?q=http%3A%2F%2Fwww.planalto.gov.br%2FCCIVIL_03%2FLEIS%2FLCP%2FLcp180.htm&amp;sa=D&amp;sntz=1&amp;usg=AOvVaw1fY278lq8XvYNkHZ4GIiVQ\" target=\"_blank\" rel=\"noopener\">Lei Complementar n\u00ba 180, de 14.4.2021<\/a><\/span> &#8211; Altera a Lei Complementar n\u00ba 173, de 27 de maio de 2020, que estabelece o Programa Federativo de Enfrentamento ao Coronav\u00edrus SARS-CoV-2 (Covid-19).<\/p><\/li><li class=\"TYR86d wXCUfe zfr3Q\" dir=\"ltr\"><p class=\"CDt4Ke zfr3Q\" dir=\"ltr\"><span class=\" aw5Odc\"><a class=\"XqQF9c\" href=\"http:\/\/www.google.com\/url?q=http%3A%2F%2Fwww.planalto.gov.br%2FCCIVIL_03%2FPortaria%2FRES%2FResolucao%252014-PR-2021.htm&amp;sa=D&amp;sntz=1&amp;usg=AOvVaw2pKKDmoWfOFFIhHkRgkChQ\" target=\"_blank\" rel=\"noopener\">Resolu\u00e7\u00e3o n\u00ba 14, de 6.4.2020<\/a><\/span> &#8211; Revoga a Resolu\u00e7\u00e3o n\u00ba 1, de 13 de abril de 2020, que instituiu o Grupo de Trabalho para a Coordena\u00e7\u00e3o de A\u00e7\u00f5es Estruturantes e Estrat\u00e9gicas para Recupera\u00e7\u00e3o,Crescimento e Desenvolvimento do Pa\u00eds, no \u00e2mbito do Comit\u00ea de Crise da Covid-19, e a Resolu\u00e7\u00e3o n\u00ba 2, de 14de abril de 2020, que a alterou.<\/p><\/li><li class=\"TYR86d wXCUfe zfr3Q\" dir=\"ltr\"><p class=\"CDt4Ke zfr3Q\" dir=\"ltr\"><span class=\" aw5Odc\"><a class=\"XqQF9c\" href=\"http:\/\/www.google.com\/url?q=http%3A%2F%2Fwww.planalto.gov.br%2FCCIVIL_03%2F_Ato2019-2022%2F2021%2FDecreto%2FD10664.htm&amp;sa=D&amp;sntz=1&amp;usg=AOvVaw3txI_iV6-CQDoUXlG8TaKG\" target=\"_blank\" rel=\"noopener\">Decreto n\u00ba 10.664, de 31.3.2021<\/a><\/span> &#8211; Altera o Decreto n\u00ba 8.139, de 7 de novembro de 2013, que disp\u00f5e sobre as condi\u00e7\u00f5es para extin\u00e7\u00e3o do servi\u00e7o de radiodifus\u00e3o sonora em ondas m\u00e9dias de car\u00e1ter local, sobre a adapta\u00e7\u00e3o das outorgas vigentes para execu\u00e7\u00e3o deste servi\u00e7o, e o Decreto n\u00ba 10.312, de 4 de abril de 2020, que amplia, temporariamente, o escopo de multiprograma\u00e7\u00e3o com conte\u00fado espec\u00edfico destinado \u00e0s atividades de educa\u00e7\u00e3o, ci\u00eancia, tecnologia, inova\u00e7\u00f5es, cidadania e sa\u00fade de entidades executoras de servi\u00e7o de radiodifus\u00e3o de sons e imagens em tecnologia digital, com fins exclusivamente educacionais ou de explora\u00e7\u00e3o comercial, em raz\u00e3o da pandemia da covid-19.<\/p><\/li><li class=\"TYR86d wXCUfe zfr3Q\" dir=\"ltr\"><p class=\"CDt4Ke zfr3Q\" dir=\"ltr\"><span class=\" aw5Odc\"><a class=\"XqQF9c\" href=\"http:\/\/www.google.com\/url?q=http%3A%2F%2Fwww.planalto.gov.br%2FCCIVIL_03%2FPortaria%2FPRT%2FPortaria-622-21-mcidadania.htm&amp;sa=D&amp;sntz=1&amp;usg=AOvVaw3Nj7EO_FEIDCTvVwc5mYNU\" target=\"_blank\" rel=\"noopener\">Portaria n\u00ba 622, de 31.3.2021<\/a><\/span> &#8211; Disp\u00f5e sobre o calend\u00e1rio de pagamentos e saques do aux\u00edlio emergencial 2021, institu\u00eddo pela Medida Provis\u00f3ria n\u00ba 1.039, de 18 de mar\u00e7o de 2021.<\/p><\/li><li class=\"TYR86d wXCUfe zfr3Q\" dir=\"ltr\"><p class=\"CDt4Ke zfr3Q\" dir=\"ltr\"><span class=\" aw5Odc\"><a class=\"XqQF9c\" href=\"http:\/\/www.google.com\/url?q=http%3A%2F%2Fwww.planalto.gov.br%2FCCIVIL_03%2F_Ato2019-2022%2F2021%2FLei%2FL14131.htm&amp;sa=D&amp;sntz=1&amp;usg=AOvVaw15eoUcnNpa08uxvSOaoWvb\" target=\"_blank\" rel=\"noopener\">Lei n\u00ba 14.131, de 30.3.2021<\/a><\/span> &#8211; Disp\u00f5e sobre o acr\u00e9scimo de 5% (cinco por cento) ao percentual m\u00e1ximo para a contrata\u00e7\u00e3o de opera\u00e7\u00f5es de cr\u00e9dito com desconto autom\u00e1tico em folha de pagamento at\u00e9 31 de dezembro de 2021; e altera a Lei n\u00ba 8.213, de 24 de julho de 1991.<\/p><\/li><li class=\"TYR86d wXCUfe zfr3Q\" dir=\"ltr\"><p class=\"CDt4Ke zfr3Q\" dir=\"ltr\"><span class=\" aw5Odc\"><a class=\"XqQF9c\" href=\"http:\/\/www.google.com\/url?q=http%3A%2F%2Fwww.planalto.gov.br%2FCCIVIL_03%2F_Ato2019-2022%2F2021%2FMpv%2Fmpv1041.htm&amp;sa=D&amp;sntz=1&amp;usg=AOvVaw01u6G3UAaiCYgLNDlGmdcA\" target=\"_blank\" rel=\"noopener\">Medida Provis\u00f3ria n\u00ba 1.041 de 30.3.2021<\/a><\/span> &#8211; Abre cr\u00e9dito extraordin\u00e1rio, em favor do Minist\u00e9rio da Sa\u00fade, no valor de R$ 5.324.320.142,00, para os fins que especifica.<\/p><\/li><li class=\"TYR86d wXCUfe zfr3Q\" dir=\"ltr\"><p class=\"CDt4Ke zfr3Q\" dir=\"ltr\"><span class=\" aw5Odc\"><a class=\"XqQF9c\" href=\"http:\/\/www.google.com\/url?q=http%3A%2F%2Fwww.planalto.gov.br%2FCCIVIL_03%2F_Ato2019-2022%2F2021%2FLei%2FL14128.htm&amp;sa=D&amp;sntz=1&amp;usg=AOvVaw2TIVdKHFu3pamFvkNU0cSn\" target=\"_blank\" rel=\"noopener\">Lei n\u00ba 14.128, de 26.3.2021<\/a><\/span> &#8211; Disp\u00f5e sobre compensa\u00e7\u00e3o financeira a ser paga pela Uni\u00e3o aos profissionais e trabalhadores de sa\u00fade que, durante o per\u00edodo de emerg\u00eancia de sa\u00fade p\u00fablica de import\u00e2ncia nacional decorrente da dissemina\u00e7\u00e3o do novo coronav\u00edrus (SARS-CoV-2), por terem trabalhado no atendimento direto a pacientes acometidos pela Covid-19, ou realizado visitas domiciliares em determinado per\u00edodo de tempo, no caso de agentes comunit\u00e1rios de sa\u00fade ou de combate a endemias, tornarem-se permanentemente incapacitados para o trabalho, ou ao seu c\u00f4njuge ou companheiro, aos seus dependentes e aos seus herdeiros necess\u00e1rios, em caso de \u00f3bito; e altera a Lei n\u00ba 605, de 5 de janeiro de 1949.<\/p><\/li><li class=\"TYR86d wXCUfe zfr3Q\" dir=\"ltr\"><p class=\"CDt4Ke zfr3Q\" dir=\"ltr\"><span class=\" aw5Odc\"><a class=\"XqQF9c\" href=\"http:\/\/www.google.com\/url?q=http%3A%2F%2Fwww.planalto.gov.br%2FCCIVIL_03%2F_Ato2019-2022%2F2021%2FDecreto%2FD10661.htm&amp;sa=D&amp;sntz=1&amp;usg=AOvVaw18yQFZA4NeUbQA-dGuXHEg\" target=\"_blank\" rel=\"noopener\">Decreto n\u00ba 10.661, de 26.3.2021<\/a><\/span> &#8211; Regulamenta a Medida Provis\u00f3ria n\u00ba 1.039, de 18 de mar\u00e7o de 2021, que institui o Aux\u00edlio Emergencial 2021 para o enfrentamento da emerg\u00eancia de sa\u00fade p\u00fablica de import\u00e2ncia internacional decorrente do coronav\u00edrus (covid-19).<\/p><\/li><li class=\"TYR86d wXCUfe zfr3Q\" dir=\"ltr\"><p class=\"CDt4Ke zfr3Q\" dir=\"ltr\"><span class=\" aw5Odc\"><a class=\"XqQF9c\" href=\"http:\/\/www.google.com\/url?q=http%3A%2F%2Fwww.planalto.gov.br%2FCCIVIL_03%2FPortaria%2FPRT%2FPortaria-620-21-mcidadania.htm&amp;sa=D&amp;sntz=1&amp;usg=AOvVaw339LfNodne1fa9LezPL72K\" target=\"_blank\" rel=\"noopener\">Portaria n\u00ba 620, de 26.3.2021<\/a><\/span> &#8211; Regulamenta os procedimentos de que trata o Decreto n\u00ba 10.661, de 26 de mar\u00e7o de 2021, a respeito do Aux\u00edlio Emergencial 2021, institu\u00eddo pela Medida Provis\u00f3ria n\u00ba 1.039, de 18 de mar\u00e7o de 2021.<\/p><\/li><li class=\"TYR86d wXCUfe zfr3Q\" dir=\"ltr\"><p class=\"CDt4Ke zfr3Q\" dir=\"ltr\"><span class=\" aw5Odc\"><a class=\"XqQF9c\" href=\"http:\/\/www.google.com\/url?q=http%3A%2F%2Fwww.planalto.gov.br%2FCCIVIL_03%2FPortaria%2FPRT%2FPortaria-216-21-minfra-contran.htm&amp;sa=D&amp;sntz=1&amp;usg=AOvVaw1AGcdisD2X1CwfuN1vCR9M\" target=\"_blank\" rel=\"noopener\">Portaria n\u00ba 216, de 26.3.2021<\/a><\/span> &#8211; Disp\u00f5e sobre os prazos de processos e de procedimentos afetos aos \u00f3rg\u00e3os e entidades do Sistema Nacional de Tr\u00e2nsito (SNT) e \u00e0s entidades p\u00fablicas e privadas prestadoras de servi\u00e7os relacionados ao tr\u00e2nsito, por for\u00e7a das medidas de enfrentamento da pandemia de Covid-19 no Estado do Rio Grande do Sul.<\/p><\/li><li class=\"TYR86d wXCUfe zfr3Q\" dir=\"ltr\"><p class=\"CDt4Ke zfr3Q\" dir=\"ltr\"><span class=\" aw5Odc\"><a class=\"XqQF9c\" href=\"http:\/\/www.google.com\/url?q=http%3A%2F%2Fwww.planalto.gov.br%2FCCIVIL_03%2FPortaria%2FPRT%2FPortaria-215-21-minfra-contran.htm&amp;sa=D&amp;sntz=1&amp;usg=AOvVaw0pldu7rlv5l3myfZmREJOe\" target=\"_blank\" rel=\"noopener\">Portaria n\u00ba 215, de 26.3.2021<\/a><\/span> &#8211; Disp\u00f5e sobre os prazos de processos e de procedimentos afetos aos \u00f3rg\u00e3os e entidades do Sistema Nacional de Tr\u00e2nsito (SNT) e \u00e0s entidades p\u00fablicas e privadas prestadoras de servi\u00e7os relacionados ao tr\u00e2nsito, por for\u00e7a das medidas de enfrentamento da pandemia de Covid-19 no Estado do Par\u00e1.<\/p><\/li><li class=\"TYR86d wXCUfe zfr3Q\" dir=\"ltr\"><p class=\"CDt4Ke zfr3Q\" dir=\"ltr\"><span class=\" aw5Odc\"><a class=\"XqQF9c\" href=\"http:\/\/www.google.com\/url?q=http%3A%2F%2Fwww.planalto.gov.br%2FCCIVIL_03%2FPortaria%2FPRT%2FPortaria-214-21-minfra-contran.htm&amp;sa=D&amp;sntz=1&amp;usg=AOvVaw3HL4UvH7d4aRSsSN_EGoNi\" target=\"_blank\" rel=\"noopener\">Portaria n\u00ba 214, de 26.3.2021<\/a><\/span> &#8211; Disp\u00f5e sobre os prazos de processos e de procedimentos afetos aos \u00f3rg\u00e3os e entidades do Sistema Nacional de Tr\u00e2nsito (SNT) e \u00e0s entidades p\u00fablicas e privadas prestadoras de servi\u00e7os relacionados ao tr\u00e2nsito, por for\u00e7a das medidas de enfrentamento da pandemia de Covid-19 no Estado do Esp\u00edrito Santo.<\/p><\/li><li class=\"TYR86d wXCUfe zfr3Q\" dir=\"ltr\"><p class=\"CDt4Ke zfr3Q\" dir=\"ltr\"><span class=\" aw5Odc\"><a class=\"XqQF9c\" href=\"http:\/\/www.google.com\/url?q=http%3A%2F%2Fwww.planalto.gov.br%2FCCIVIL_03%2F_Ato2019-2022%2F2021%2FDecreto%2FD10659.htm&amp;sa=D&amp;sntz=1&amp;usg=AOvVaw2NLwgXRm5H3bwZZUzufh1h\" target=\"_blank\" rel=\"noopener\">Decreto n\u00ba 10.659, de 25.3.2021<\/a><\/span> &#8211; Institui o Comit\u00ea de Coordena\u00e7\u00e3o Nacional para Enfrentamento da Pandemia da Covid-19.<\/p><\/li><li class=\"TYR86d wXCUfe zfr3Q\" dir=\"ltr\"><p class=\"CDt4Ke zfr3Q\" dir=\"ltr\"><span class=\" aw5Odc\"><a class=\"XqQF9c\" href=\"http:\/\/www.google.com\/url?q=http%3A%2F%2Fwww.planalto.gov.br%2FCCIVIL_03%2FPortaria%2FPRT%2FPortaria-518-MS-21.htm&amp;sa=D&amp;sntz=1&amp;usg=AOvVaw2ln7iXXC_wJUuguaMvB0JB\" target=\"_blank\" rel=\"noopener\">Portaria n\u00ba 518, de 23.3.2021<\/a><\/span> &#8211; Autoriza leitos de Unidades de Terapia Intensiva &#8211; UTI, para atendimento exclusivo dos pacientes COVID-19.<\/p><\/li><li class=\"TYR86d wXCUfe zfr3Q\" dir=\"ltr\"><p class=\"CDt4Ke zfr3Q\" dir=\"ltr\"><span class=\" aw5Odc\"><a class=\"XqQF9c\" href=\"http:\/\/www.google.com\/url?q=http%3A%2F%2Fwww.planalto.gov.br%2FCCIVIL_03%2F_Ato2019-2022%2F2021%2FMpv%2Fmpv1039.htm&amp;sa=D&amp;sntz=1&amp;usg=AOvVaw1kFtEITLSHCpgpmlBa0_he\" target=\"_blank\" rel=\"noopener\">Medida Provis\u00f3ria n\u00ba 1.039 de 18.3.2021<\/a><\/span> &#8211; Institui o Aux\u00edlio Emergencial 2021 para o enfrentamento da emerg\u00eancia de sa\u00fade p\u00fablica de import\u00e2ncia internacional decorrente do coronav\u00edrus (covid-19).<\/p><\/li><li class=\"TYR86d wXCUfe zfr3Q\" dir=\"ltr\"><p class=\"CDt4Ke zfr3Q\" dir=\"ltr\"><span class=\" aw5Odc\"><a class=\"XqQF9c\" href=\"http:\/\/www.google.com\/url?q=http%3A%2F%2Fwww.planalto.gov.br%2FCCIVIL_03%2F_Ato2019-2022%2F2021%2FMpv%2Fmpv1038.htm&amp;sa=D&amp;sntz=1&amp;usg=AOvVaw2b5DhkxpFfNAxnzIfvDMZg\" target=\"_blank\" rel=\"noopener\">Medida Provis\u00f3ria n\u00ba 1.038 de 18.3.2021<\/a><\/span> &#8211; Abre cr\u00e9dito extraordin\u00e1rio, em favor do Minist\u00e9rio da Cidadania e da Advocacia-Geral da Uni\u00e3o, no valor de R$ 394.560.026,00, para os fins que especifica.<\/p><\/li><li class=\"TYR86d wXCUfe zfr3Q\" dir=\"ltr\"><p class=\"CDt4Ke zfr3Q\" dir=\"ltr\"><span class=\" aw5Odc\"><a class=\"XqQF9c\" href=\"http:\/\/www.google.com\/url?q=http%3A%2F%2Fwww.planalto.gov.br%2FCCIVIL_03%2F_Ato2019-2022%2F2021%2FMpv%2Fmpv1037.htm&amp;sa=D&amp;sntz=1&amp;usg=AOvVaw1FIsB2-9QNL59fohajigbq\" target=\"_blank\" rel=\"noopener\">Medida Provis\u00f3ria n\u00ba 1.037 de 18.3.2021<\/a><\/span> &#8211; Abre cr\u00e9dito extraordin\u00e1rio, em favor do Minist\u00e9rio da Cidadania, no valor de R$ 42.575.600.000,00, para o fim que especifica, e d\u00e1 outras provid\u00eancias.<\/p><\/li><li class=\"TYR86d wXCUfe zfr3Q\" dir=\"ltr\"><p class=\"CDt4Ke zfr3Q\" dir=\"ltr\"><span class=\" aw5Odc\"><a class=\"XqQF9c\" href=\"http:\/\/www.google.com\/url?q=http%3A%2F%2Fwww.planalto.gov.br%2FCCIVIL_03%2F_Ato2019-2022%2F2021%2FMpv%2Fmpv1036.htm&amp;sa=D&amp;sntz=1&amp;usg=AOvVaw3PlIwunnEJyoHF0d-wDdIH\" target=\"_blank\" rel=\"noopener\">Medida Provis\u00f3ria n\u00ba 1.036 de 17.3.2021<\/a><\/span> &#8211; Altera a Lei n\u00ba 14.046, de 24 de agosto de 2020, para dispor sobre medidas emergenciais para atenuar os efeitos da crise decorrente da pandemia da covid-19 nos setores de turismo e de cultura.<\/p><\/li><li class=\"TYR86d wXCUfe zfr3Q\" dir=\"ltr\"><p class=\"CDt4Ke zfr3Q\" dir=\"ltr\"><span class=\" aw5Odc\"><a class=\"XqQF9c\" href=\"http:\/\/www.google.com\/url?q=http%3A%2F%2Fwww.planalto.gov.br%2FCCIVIL_03%2FConstituicao%2FEmendas%2FEmc%2Femc109.htm&amp;sa=D&amp;sntz=1&amp;usg=AOvVaw2pbGs3S_UnPYBcHYkpzf0T\" target=\"_blank\" rel=\"noopener\">Emenda Constitucional n\u00ba 109, de 15.3.2021<\/a><\/span> &#8211; Altera os arts. 29-A, 37, 49, 84, 163, 165, 167, 168 e 169 da Constitui\u00e7\u00e3o Federal e os arts. 101 e 109 do Ato das Disposi\u00e7\u00f5es Constitucionais Transit\u00f3rias; acrescenta \u00e0 Constitui\u00e7\u00e3o Federal os arts. 164-A, 167- A, 167-B, 167-C, 167-D, 167-E, 167-F e 167-G; revoga dispositivos do Ato das Disposi\u00e7\u00f5es Constitucionais Transit\u00f3rias e institui regras transit\u00f3rias sobre redu\u00e7\u00e3o de benef\u00edcios tribut\u00e1rios; desvincula parcialmente o super\u00e1vit financeiro de fundos p\u00fablicos; e suspende condicionalidades para realiza\u00e7\u00e3o de despesas com concess\u00e3o de aux\u00edlio emergencial residual para enfrentar as consequ\u00eancias sociais e econ\u00f4micas da pandemia da Covid-19.<\/p><\/li><li class=\"TYR86d wXCUfe zfr3Q\" dir=\"ltr\"><p class=\"CDt4Ke zfr3Q\" dir=\"ltr\"><span class=\" aw5Odc\"><a class=\"XqQF9c\" href=\"http:\/\/www.google.com\/url?q=http%3A%2F%2Fwww.planalto.gov.br%2FCCIVIL_03%2F_Ato2019-2022%2F2021%2FLei%2FL14125.htm&amp;sa=D&amp;sntz=1&amp;usg=AOvVaw3W_tzU7bos-MN0NTnmCAOr\" target=\"_blank\" rel=\"noopener\">Lei n\u00ba 14.125, de 10.3.2021<\/a><\/span> &#8211; Disp\u00f5e sobre a responsabilidade civil relativa a eventos adversos p\u00f3s-vacina\u00e7\u00e3o contra a Covid-19 e sobre a aquisi\u00e7\u00e3o e distribui\u00e7\u00e3o de vacinas por pessoas jur\u00eddicas de direito privado. <span class=\" aw5Odc\"><a class=\"XqQF9c\" href=\"http:\/\/www.google.com\/url?q=http%3A%2F%2Fwww.planalto.gov.br%2FCCIVIL_03%2F_Ato2019-2022%2F2021%2FMsg%2FVEP%2FVEP-70.htm&amp;sa=D&amp;sntz=1&amp;usg=AOvVaw06MOoRW0-IhwufDSK0Hqz4\" target=\"_blank\" rel=\"noopener\">Mensagem de veto<\/a><\/span><\/p><\/li><li class=\"TYR86d wXCUfe zfr3Q\" dir=\"ltr\"><p class=\"CDt4Ke zfr3Q\" dir=\"ltr\"><span class=\" aw5Odc\"><a class=\"XqQF9c\" href=\"http:\/\/www.google.com\/url?q=http%3A%2F%2Fwww.planalto.gov.br%2FCCIVIL_03%2F_Ato2019-2022%2F2021%2FLei%2FL14124.htm&amp;sa=D&amp;sntz=1&amp;usg=AOvVaw3wdjz2qFMkO2EIv6vTx-Ij\" target=\"_blank\" rel=\"noopener\">Lei n\u00ba 14.124, de 10.3.2021<\/a><\/span> &#8211; Disp\u00f5e sobre as medidas excepcionais relativas \u00e0 aquisi\u00e7\u00e3o de vacinas e de insumos e \u00e0 contrata\u00e7\u00e3o de bens e servi\u00e7os de log\u00edstica, de tecnologia da informa\u00e7\u00e3o e comunica\u00e7\u00e3o, de comunica\u00e7\u00e3o social e publicit\u00e1ria e de treinamentos destinados \u00e0 vacina\u00e7\u00e3o contra a covid-19 e sobre o Plano Nacional de Operacionaliza\u00e7\u00e3o da Vacina\u00e7\u00e3o contra a Covid-19.<\/p><\/li><li class=\"TYR86d wXCUfe zfr3Q\" dir=\"ltr\"><p class=\"CDt4Ke zfr3Q\" dir=\"ltr\"><span class=\" aw5Odc\"><a class=\"XqQF9c\" href=\"http:\/\/www.google.com\/url?q=http%3A%2F%2Fwww.planalto.gov.br%2FCCIVIL_03%2F_Ato2019-2022%2F2021%2FLei%2FL14123.htm&amp;sa=D&amp;sntz=1&amp;usg=AOvVaw3JuDXP8ZWtXIgEqo2KFBvq\" target=\"_blank\" rel=\"noopener\">Lei n\u00ba 14.123, de 10.3.2021<\/a><\/span> &#8211; Altera a Lei n\u00ba 13.650, de 11 de abril de 2018, e prorroga at\u00e9 31 de dezembro de 2020 a suspens\u00e3o da obrigatoriedade de manuten\u00e7\u00e3o das metas quantitativas e qualitativas contratualizadas pelos prestadores de servi\u00e7o de sa\u00fade no \u00e2mbito do Sistema \u00danico de Sa\u00fade (SUS) estabelecida pelo art. 1\u00ba da Lei n\u00ba 13.992, de 22 de abril de 2020.<\/p><\/li><li class=\"TYR86d wXCUfe zfr3Q\" dir=\"ltr\"><p class=\"CDt4Ke zfr3Q\" dir=\"ltr\"><span class=\" aw5Odc\"><a class=\"XqQF9c\" href=\"http:\/\/www.google.com\/url?q=http%3A%2F%2Fwww.planalto.gov.br%2FCCIVIL_03%2F_Ato2019-2022%2F2021%2FLei%2FL14122.htm&amp;sa=D&amp;sntz=1&amp;usg=AOvVaw0roPyl0MV_XkpomygVh-EZ\" target=\"_blank\" rel=\"noopener\">Lei n\u00ba 14.122, de 3.3.2021<\/a><\/span> &#8211; Abre cr\u00e9dito extraordin\u00e1rio em favor do Minist\u00e9rio da Sa\u00fade, no valor de R$ 2.513.700.000,00 (dois bilh\u00f5es, quinhentos e treze milh\u00f5es e setecentos mil reais), para o fim que especifica; e d\u00e1 outras provid\u00eancias.<\/p><\/li><li class=\"TYR86d wXCUfe zfr3Q\" dir=\"ltr\"><p class=\"CDt4Ke zfr3Q\" dir=\"ltr\"><span class=\" aw5Odc\"><a class=\"XqQF9c\" href=\"http:\/\/www.google.com\/url?q=http%3A%2F%2Fwww.planalto.gov.br%2FCCIVIL_03%2F_Ato2019-2022%2F2021%2FDecreto%2FD10642.htm&amp;sa=D&amp;sntz=1&amp;usg=AOvVaw0I6sTqzyaxAlGgZY9dLo_H\" target=\"_blank\" rel=\"noopener\">Decreto n\u00ba 10.642, de 3.3.2021<\/a><\/span> &#8211; Altera o Decreto n\u00ba 10.311, de 3 de abril de 2020, que institui o Conselho de Solidariedade para Combate \u00e0 Covid-19 e aos seus Efeitos Sociais e Econ\u00f4micos.<\/p><\/li><li class=\"TYR86d wXCUfe zfr3Q\" dir=\"ltr\"><p class=\"CDt4Ke zfr3Q\" dir=\"ltr\"><span class=\" aw5Odc\"><a class=\"XqQF9c\" href=\"http:\/\/www.google.com\/url?q=http%3A%2F%2Fwww.planalto.gov.br%2FCCIVIL_03%2FPortaria%2FPRT%2FPortaria-373-MS-21.htm&amp;sa=D&amp;sntz=1&amp;usg=AOvVaw0gOQpnJNs76mde42rDD5kw\" target=\"_blank\" rel=\"noopener\">Portaria n\u00ba 373, de 2.3.2020<\/a><\/span> &#8211; Disp\u00f5e sobre o procedimento para autoriza\u00e7\u00e3o de leitos de Unidade de Terapia Intensiva &#8211; UTI Adulto e Pedi\u00e1trico COVID-19, em car\u00e1ter excepcional e tempor\u00e1rio.<\/p><\/li><li class=\"TYR86d wXCUfe zfr3Q\" dir=\"ltr\"><p class=\"CDt4Ke zfr3Q\" dir=\"ltr\"><span class=\" aw5Odc\"><a class=\"XqQF9c\" href=\"http:\/\/www.google.com\/url?q=http%3A%2F%2Fwww.planalto.gov.br%2FCCIVIL_03%2F_Ato2019-2022%2F2021%2FLei%2FL14121.htm&amp;sa=D&amp;sntz=1&amp;usg=AOvVaw2xjc0avOecz1fsHBNH9dns\" target=\"_blank\" rel=\"noopener\">Lei n\u00ba 14.121, de 1\u00ba.3.2021<\/a><\/span> &#8211; Autoriza o Poder Executivo federal a aderir ao Instrumento de Acesso Global de Vacinas Covid-19 (Covax Facility) e estabelece diretrizes para a imuniza\u00e7\u00e3o da popula\u00e7\u00e3o. <span class=\" aw5Odc\"><a class=\"XqQF9c\" href=\"http:\/\/www.google.com\/url?q=http%3A%2F%2Fwww.planalto.gov.br%2FCCIVIL_03%2F_Ato2019-2022%2F2021%2FMsg%2FVEP%2FVEP-56.htm&amp;sa=D&amp;sntz=1&amp;usg=AOvVaw3cQ3rJAzGbIEIBL9fWDU6K\" target=\"_blank\" rel=\"noopener\">Mensagem de veto<\/a><\/span><\/p><\/li><li class=\"TYR86d wXCUfe zfr3Q\" dir=\"ltr\"><p class=\"CDt4Ke zfr3Q\" dir=\"ltr\"><span class=\" aw5Odc\"><a class=\"XqQF9c\" href=\"http:\/\/www.google.com\/url?q=http%3A%2F%2Fwww.planalto.gov.br%2FCCIVIL_03%2FPortaria%2FPRT%2FPortaria-44-21-mara.htm&amp;sa=D&amp;sntz=1&amp;usg=AOvVaw1tWhn8fAvUS5IqwfeiX9nC\" target=\"_blank\" rel=\"noopener\">Portaria n\u00ba 44, de 24.2.2021<\/a><\/span> &#8211; Disp\u00f5e sobre o regime de trabalho dos servidores e empregados p\u00fablicos do MAPA durante o per\u00edodo de enfrentamento da pandemia da COVID-19.<\/p><\/li><li class=\"TYR86d wXCUfe zfr3Q\" dir=\"ltr\"><p class=\"CDt4Ke zfr3Q\" dir=\"ltr\"><span class=\" aw5Odc\"><a class=\"XqQF9c\" href=\"http:\/\/www.google.com\/url?q=http%3A%2F%2Fwww.planalto.gov.br%2FCCIVIL_03%2F_Ato2019-2022%2F2021%2FMpv%2Fmpv1033.htm&amp;sa=D&amp;sntz=1&amp;usg=AOvVaw0zmMvYtwLx5BOYCV7Nrobx\" target=\"_blank\" rel=\"noopener\">Medida Provis\u00f3ria n\u00ba 1.033 de 24.2.2021<\/a><\/span> &#8211; Altera a Lei n\u00ba 11.508, de 20 de julho de 2007, que disp\u00f5e sobre o regime tribut\u00e1rio, cambial e administrativo das Zonas de Processamento de Exporta\u00e7\u00e3o, para conceder tratamento \u00e0 produ\u00e7\u00e3o de oxig\u00eanio medicinal empregado em medidas de preven\u00e7\u00e3o, controle e conten\u00e7\u00e3o de riscos, danos e agravos \u00e0 sa\u00fade p\u00fablica relacionados com a covid-19.<\/p><\/li><li class=\"TYR86d wXCUfe zfr3Q\" dir=\"ltr\"><p class=\"CDt4Ke zfr3Q\" dir=\"ltr\"><span class=\" aw5Odc\"><a class=\"XqQF9c\" href=\"http:\/\/www.google.com\/url?q=http%3A%2F%2Fwww.planalto.gov.br%2FCCIVIL_03%2F_Ato2019-2022%2F2021%2FMpv%2Fmpv1032.htm&amp;sa=D&amp;sntz=1&amp;usg=AOvVaw0SawuNom-_BmbV0oUZ4xy3\" target=\"_blank\" rel=\"noopener\">Medida Provis\u00f3ria n\u00ba 1.032 de 24.2.2021<\/a><\/span> &#8211; Abre cr\u00e9dito extraordin\u00e1rio, em favor do Minist\u00e9rio da Sa\u00fade, no valor de R$ 2.861.205.000,00, para os fins que especifica.<\/p><\/li><li class=\"TYR86d wXCUfe zfr3Q\" dir=\"ltr\"><p class=\"CDt4Ke zfr3Q\" dir=\"ltr\"><span class=\" aw5Odc\"><a class=\"XqQF9c\" href=\"http:\/\/www.google.com\/url?q=http%3A%2F%2Fwww.planalto.gov.br%2FCCIVIL_03%2FPortaria%2FPRT%2FPortaria-37-21-mara.htm&amp;sa=D&amp;sntz=1&amp;usg=AOvVaw3_24vG4mVlZU6Yv5Qal_-0\" target=\"_blank\" rel=\"noopener\">Portaria n\u00ba 37, de 18.2.2021<\/a><\/span> &#8211; Institui, no \u00e2mbito do Minist\u00e9rio da Agricultura, Pecu\u00e1ria e Abastecimento &#8211; MAPA, o Comit\u00ea de Crise para monitoramento e a\u00e7\u00f5es para minimizar os impactos do coronav\u00edrus (CC-AGRO-COVID19) no funcionamento da agropecu\u00e1ria e abastecimento de alimentos para a popula\u00e7\u00e3o brasileira.<\/p><\/li><li class=\"TYR86d wXCUfe zfr3Q\" dir=\"ltr\"><p class=\"CDt4Ke zfr3Q\" dir=\"ltr\"><span class=\" aw5Odc\"><a class=\"XqQF9c\" href=\"http:\/\/www.google.com\/url?q=http%3A%2F%2Fwww.planalto.gov.br%2FCCIVIL_03%2FPortaria%2FPRT%2FPortaria-268-21-MS.htm&amp;sa=D&amp;sntz=1&amp;usg=AOvVaw0JpNh2O19NCt6loi-cAaxR\" target=\"_blank\" rel=\"noopener\">Portaria n\u00ba 268, de 12.2.2021<\/a><\/span> &#8211; Delega compet\u00eancia ao Secret\u00e1rio de Aten\u00e7\u00e3o Especializada \u00e0 Sa\u00fade do Minist\u00e9rio da Sa\u00fade, para realizar requisi\u00e7\u00e3o de medicamentos, equipamentos, imunobiol\u00f3gicos e outros insumos, bens e servi\u00e7os de interesse para sa\u00fade, durante a vig\u00eancia da declara\u00e7\u00e3o de emerg\u00eancia em sa\u00fade p\u00fablica de import\u00e2ncia internacional decorrente do coronav\u00edrus (COVID-19).<\/p><\/li><li class=\"TYR86d wXCUfe zfr3Q\" dir=\"ltr\"><p class=\"CDt4Ke zfr3Q\" dir=\"ltr\"><span class=\" aw5Odc\"><a class=\"XqQF9c\" href=\"http:\/\/www.google.com\/url?q=http%3A%2F%2Fwww.planalto.gov.br%2FCCIVIL_03%2FPortaria%2FPRT%2FPortaria-199-21-minfra-contran.htm&amp;sa=D&amp;sntz=1&amp;usg=AOvVaw19xiagf5K5XB4-Ri1KRpd5\" target=\"_blank\" rel=\"noopener\">Portaria n\u00ba 199, de 10.2.2021<\/a><\/span> &#8211; Disp\u00f5e sobre os prazos de processos e de procedimentos afetos aos \u00f3rg\u00e3os e entidades do Sistema Nacional de Tr\u00e2nsito e \u00e0s entidades p\u00fablicas e privadas prestadoras de servi\u00e7os relacionados ao tr\u00e2nsito, por for\u00e7a das medidas de enfrentamento da pandemia de Covid-19 no Estado do Amazonas.<\/p><\/li><li class=\"TYR86d wXCUfe zfr3Q\" dir=\"ltr\"><p class=\"CDt4Ke zfr3Q\" dir=\"ltr\"><span class=\" aw5Odc\"><a class=\"XqQF9c\" href=\"http:\/\/www.google.com\/url?q=http%3A%2F%2Fwww.planalto.gov.br%2FCCIVIL_03%2F_Ato2019-2022%2F2021%2FMpv%2Fmpv1028.htm&amp;sa=D&amp;sntz=1&amp;usg=AOvVaw2FtAb7mE0BW2Lt2GReHF2A\" target=\"_blank\" rel=\"noopener\">Medida Provis\u00f3ria n\u00ba 1.028, de 9.2.2021<\/a><\/span> &#8211; Estabelece normas para facilita\u00e7\u00e3o de acesso a cr\u00e9dito e mitiga\u00e7\u00e3o dos impactos econ\u00f4micos decorrentes da pandemia da covid-19.<\/p><\/li><li class=\"TYR86d wXCUfe zfr3Q\" dir=\"ltr\"><p class=\"CDt4Ke zfr3Q\" dir=\"ltr\"><span class=\" aw5Odc\"><a class=\"XqQF9c\" href=\"http:\/\/www.google.com\/url?q=http%3A%2F%2Fwww.planalto.gov.br%2FCCIVIL_03%2FPortaria%2FRES%2FResolucao%252012-21-PR.htm&amp;sa=D&amp;sntz=1&amp;usg=AOvVaw39VxRIK8oKrizP97i9JcBP\" target=\"_blank\" rel=\"noopener\">Resolu\u00e7\u00e3o n\u00ba 12, de 9.2.2021<\/a><\/span> &#8211; Disp\u00f5e sobre a\u00e7\u00f5es de apoio da administra\u00e7\u00e3o p\u00fablica federal em aux\u00edlio aos Estados e ao Distrito Federal que o solicitarem, para enfrentamento da pandemia de Covid-19.<\/p><\/li><li class=\"TYR86d wXCUfe zfr3Q\" dir=\"ltr\"><p class=\"CDt4Ke zfr3Q\" dir=\"ltr\"><span class=\" aw5Odc\"><a class=\"XqQF9c\" href=\"http:\/\/www.google.com\/url?q=http%3A%2F%2Fwww.planalto.gov.br%2FCCIVIL_03%2FPortaria%2F_Outros%2FDespacho-PR.htm&amp;sa=D&amp;sntz=1&amp;usg=AOvVaw3QsufcZlalNUNZIflOCa39\" target=\"_blank\" rel=\"noopener\">Despacho de 5.2.2021<\/a><\/span> &#8211; Determina ao Coordenador do Comit\u00ea de Crise para Supervis\u00e3o e Monitoramento dos Impactos da Covid-19, que, sem interrup\u00e7\u00e3o das a\u00e7\u00f5es em curso e do apoio j\u00e1 prestado pelo Minist\u00e9rio da Sa\u00fade, articule as a\u00e7\u00f5es complementares de toda a administra\u00e7\u00e3o p\u00fablica federal em aux\u00edlio aos Estados e ao Distrito Federal que o solicitarem para enfrentamento da pandemia de covid-19 em decorr\u00eancia da insufici\u00eancia ou do exaurimento de suas capacidades.<\/p><\/li><li class=\"TYR86d wXCUfe zfr3Q\" dir=\"ltr\"><p class=\"CDt4Ke zfr3Q\" dir=\"ltr\"><span class=\" aw5Odc\"><a class=\"XqQF9c\" href=\"http:\/\/www.google.com\/url?q=http%3A%2F%2Fwww.planalto.gov.br%2FCCIVIL_03%2FPortaria%2FPRT%2FPortaria-197-21-MS.htm&amp;sa=D&amp;sntz=1&amp;usg=AOvVaw2Dnt6n4JBDF18250YJa8lS\" target=\"_blank\" rel=\"noopener\">Portaria n\u00ba 197, de 1\u00ba.2.2021<\/a><\/span> &#8211; Delega compet\u00eancia ao Diretor do Departamento de Log\u00edstica em Sa\u00fade do Minist\u00e9rio da Sa\u00fade, para realizar requisi\u00e7\u00e3o de medicamentos, equipamentos, imunobiol\u00f3gicos e outros insumos de interesse para sa\u00fade, durante a vig\u00eancia da declara\u00e7\u00e3o de emerg\u00eancia em sa\u00fade p\u00fablica de import\u00e2ncia internacional decorrente do coronav\u00edrus (COVID-19).<\/p><\/li><li class=\"TYR86d wXCUfe zfr3Q\" dir=\"ltr\"><p class=\"CDt4Ke zfr3Q\" dir=\"ltr\"><span class=\" aw5Odc\"><a class=\"XqQF9c\" href=\"http:\/\/www.google.com\/url?q=http%3A%2F%2Fwww.planalto.gov.br%2FCCIVIL_03%2F_Ato2019-2022%2F2021%2FMpv%2Fmpv1027.htm&amp;sa=D&amp;sntz=1&amp;usg=AOvVaw2srD0RG5hWqDbHrvyCmulW\" target=\"_blank\" rel=\"noopener\">Medida Provis\u00f3ria n\u00ba 1.027, de 1\u00ba.2.2021<\/a><\/span> &#8211; Disp\u00f5e sobre o estabelecimento de barreiras sanit\u00e1rias protetivas de \u00e1reas ind\u00edgenas.<\/p><\/li><li class=\"TYR86d wXCUfe zfr3Q\" dir=\"ltr\"><p class=\"CDt4Ke zfr3Q\" dir=\"ltr\"><span class=\" aw5Odc\"><a class=\"XqQF9c\" href=\"http:\/\/www.google.com\/url?q=http%3A%2F%2Fwww.planalto.gov.br%2FCCIVIL_03%2F_Ato2019-2022%2F2021%2FDecreto%2FD10614.htm&amp;sa=D&amp;sntz=1&amp;usg=AOvVaw2sXYUnb7nr0wn8vXQRl_-5\" target=\"_blank\" rel=\"noopener\">Decreto n\u00ba 10.614, de 29.1.2021<\/a><\/span> &#8211; Altera o Decreto n\u00ba 10.579, de 18 de dezembro de 2020, que estabelece regras para a inscri\u00e7\u00e3o de restos a pagar das despesas de que trata o art. 5\u00ba da Emenda Constitucional n\u00ba 106, de 7 de maio de 2020.<\/p><\/li><li class=\"TYR86d wXCUfe zfr3Q\" dir=\"ltr\"><p class=\"CDt4Ke zfr3Q\" dir=\"ltr\"><span class=\" aw5Odc\"><a class=\"XqQF9c\" href=\"http:\/\/www.google.com\/url?q=http%3A%2F%2Fwww.planalto.gov.br%2FCCIVIL_03%2FPortaria%2FPRT%2FPortaria-652-21-ccv.htm&amp;sa=D&amp;sntz=1&amp;usg=AOvVaw3-JwOOd9b-Wp8okSv6yu0Q\" target=\"_blank\" rel=\"noopener\">Portaria n\u00ba 652, de 25.1.2021<\/a><\/span> &#8211; Disp\u00f5e sobre a restri\u00e7\u00e3o excepcional e tempor\u00e1ria de entrada no Pa\u00eds de estrangeiros, de qualquer nacionalidade, conforme recomenda\u00e7\u00e3o da Ag\u00eancia Nacional de Vigil\u00e2ncia Sanit\u00e1ria &#8211; Anvisa.<\/p><\/li><li class=\"TYR86d wXCUfe zfr3Q\" dir=\"ltr\"><p class=\"CDt4Ke zfr3Q\" dir=\"ltr\"><span class=\" aw5Odc\"><a class=\"XqQF9c\" href=\"http:\/\/www.google.com\/url?q=http%3A%2F%2Fwww.planalto.gov.br%2FCCIVIL_03%2FPortaria%2FPRT%2FPortaria-196-21-minfra-contran.htm&amp;sa=D&amp;sntz=1&amp;usg=AOvVaw2LQOG4tPyIy5ISTQiVfy4s\" target=\"_blank\" rel=\"noopener\">Portaria n\u00ba 196, de 21.1.2021<\/a><\/span> &#8211; Disp\u00f5e sobre os prazos de processos e de procedimentos afetos aos \u00f3rg\u00e3os e entidades do Sistema Nacional de Tr\u00e2nsito e \u00e0s entidades p\u00fablicas e privadas prestadoras de servi\u00e7os relacionados ao tr\u00e2nsito, por for\u00e7a das medidas de enfrentamento da pandemia de Covid-19 no Estado do Amazonas.<\/p><\/li><li class=\"TYR86d wXCUfe zfr3Q\" dir=\"ltr\"><p class=\"CDt4Ke zfr3Q\" dir=\"ltr\"><span class=\" aw5Odc\"><a class=\"XqQF9c\" href=\"http:\/\/www.google.com\/url?q=http%3A%2F%2Fwww.planalto.gov.br%2FCCIVIL_03%2F_Ato2019-2022%2F2021%2FDecreto%2FD10601.htm&amp;sa=D&amp;sntz=1&amp;usg=AOvVaw0kbEMG8nnRfR-G89PK9EZM\" target=\"_blank\" rel=\"noopener\">Decreto n\u00ba 10.601, de 15.1.2021<\/a><\/span> &#8211; Reabre, em favor do Minist\u00e9rio da Sa\u00fade, cr\u00e9dito extraordin\u00e1rio, no valor de R$ 1.682.804.743,00, aberto pela Medida Provis\u00f3ria n\u00ba 1.004, de 24 de setembro de 2020.<\/p><\/li><li class=\"TYR86d wXCUfe zfr3Q\" dir=\"ltr\"><p class=\"CDt4Ke zfr3Q\" dir=\"ltr\"><span class=\" aw5Odc\"><a class=\"XqQF9c\" href=\"http:\/\/www.google.com\/url?q=http%3A%2F%2Fwww.planalto.gov.br%2FCCIVIL_03%2F_Ato2019-2022%2F2021%2FLei%2FL14117.htm&amp;sa=D&amp;sntz=1&amp;usg=AOvVaw1Lt22lU51j1un0TucX_JDK\" target=\"_blank\" rel=\"noopener\">Lei n\u00ba 14.117, de 8.1.2021<\/a><\/span> &#8211; Suspende o pagamento do parcelamento de d\u00edvidas no \u00e2mbito do Programa de Moderniza\u00e7\u00e3o da Gest\u00e3o e de Responsabilidade Fiscal do Futebol Brasileiro (Profut), criado pela Lei n\u00ba 13.155, de 4 de agosto de 2015, durante a vig\u00eancia de calamidade p\u00fablica nacional reconhecida pelo Congresso Nacional; e altera as Leis n<sup>os<\/sup> 9.615, de 24 de mar\u00e7o de 1998, e 10.671, de 15 de maio de 2003. <span class=\" aw5Odc\"><a class=\"XqQF9c\" href=\"http:\/\/www.google.com\/url?q=http%3A%2F%2Fwww.planalto.gov.br%2FCCIVIL_03%2F_Ato2019-2022%2F2021%2FMsg%2FVEP%2FVEP-5.htm&amp;sa=D&amp;sntz=1&amp;usg=AOvVaw2jAx7SLwJ2x3TgJjuWfVkG\" target=\"_blank\" rel=\"noopener\">Mensagem de veto<\/a><\/span><\/p><\/li><li class=\"TYR86d wXCUfe zfr3Q\" dir=\"ltr\"><p class=\"CDt4Ke zfr3Q\" dir=\"ltr\"><span class=\" aw5Odc\"><a class=\"XqQF9c\" href=\"http:\/\/www.google.com\/url?q=http%3A%2F%2Fwww.planalto.gov.br%2FCCIVIL_03%2FPortaria%2FPRT%2FPortaria-651-21-ccv.htm&amp;sa=D&amp;sntz=1&amp;usg=AOvVaw3q2undqYO26FYDCzr8Xm_j\" target=\"_blank\" rel=\"noopener\">Portaria n\u00ba 651, de 8.1.2021<\/a><\/span> &#8211; Disp\u00f5e sobre a restri\u00e7\u00e3o excepcional e tempor\u00e1ria de entrada no Pa\u00eds de estrangeiros,de qualquer nacionalidade, conforme recomenda\u00e7\u00e3o da Ag\u00eancia Nacional de Vigil\u00e2ncia Sanit\u00e1ria &#8211; Anvisa.<\/p><\/li><li class=\"TYR86d wXCUfe zfr3Q\" dir=\"ltr\"><p class=\"CDt4Ke zfr3Q\" dir=\"ltr\"><span class=\" aw5Odc\"><a class=\"XqQF9c\" href=\"http:\/\/www.google.com\/url?q=http%3A%2F%2Fwww.planalto.gov.br%2FCCIVIL_03%2F_Ato2019-2022%2F2021%2FDecreto%2FD10595.htm&amp;sa=D&amp;sntz=1&amp;usg=AOvVaw1bSM4z8-_H9AGPqTmPcYSY\" target=\"_blank\" rel=\"noopener\">Decreto n\u00ba 10.595, de 7.1.2021<\/a><\/span> &#8211; Reabre, em favor do Minist\u00e9rio da Sa\u00fade, cr\u00e9dito extraordin\u00e1rio, no valor de R$ 19.911.094.462,00, aberto pela Medida Provis\u00f3ria n\u00ba 1.015, de 17 de dezembro de 2020.<\/p><\/li><li class=\"TYR86d wXCUfe zfr3Q\" dir=\"ltr\"><p class=\"CDt4Ke zfr3Q\" dir=\"ltr\"><span class=\" aw5Odc\"><a class=\"XqQF9c\" href=\"http:\/\/www.google.com\/url?q=http%3A%2F%2Fwww.planalto.gov.br%2FCCIVIL_03%2F_Ato2019-2022%2F2021%2FMpv%2Fmpv1026.htm&amp;sa=D&amp;sntz=1&amp;usg=AOvVaw3fMQJnGMxAF-9eOSwX5afg\" target=\"_blank\" rel=\"noopener\">Medida Provis\u00f3ria n\u00ba 1.026, de 6.1.2021<\/a><\/span> &#8211; Disp\u00f5e sobre as medidas excepcionais relativas \u00e0 aquisi\u00e7\u00e3o de vacinas, insumos, bens e servi\u00e7os de log\u00edstica, tecnologia da informa\u00e7\u00e3o e comunica\u00e7\u00e3o, comunica\u00e7\u00e3o social e publicit\u00e1ria e treinamentos destinados \u00e0 vacina\u00e7\u00e3o contra a covid-19 e sobre o Plano Nacional de Operacionaliza\u00e7\u00e3o da Vacina\u00e7\u00e3o contra a Covid-19.<\/p><\/li><li class=\"TYR86d wXCUfe zfr3Q\" dir=\"ltr\"><p class=\"CDt4Ke zfr3Q\" dir=\"ltr\"><span class=\" aw5Odc\"><a class=\"XqQF9c\" href=\"http:\/\/www.google.com\/url?q=http%3A%2F%2Fwww.planalto.gov.br%2FCCIVIL_03%2F_Ato2019-2022%2F2020%2FMpv%2Fmpv1024.htm&amp;sa=D&amp;sntz=1&amp;usg=AOvVaw3bfKzRPrBFsHe89tJ3BSFN\" target=\"_blank\" rel=\"noopener\">Medida Provis\u00f3ria n\u00ba 1.024, de 31.12.2020<\/a><\/span> &#8211; Altera a Lei n\u00ba 14.034, de 5 de agosto de 2020, para prorrogar o prazo de vig\u00eancia de medidas emergenciais para a avia\u00e7\u00e3o civil brasileira em raz\u00e3o da pandemia da covid-19.<\/p><\/li><li class=\"TYR86d wXCUfe zfr3Q\" dir=\"ltr\"><p class=\"CDt4Ke zfr3Q\" dir=\"ltr\"><span class=\" aw5Odc\"><a class=\"XqQF9c\" href=\"http:\/\/www.google.com\/url?q=http%3A%2F%2Fwww.planalto.gov.br%2FCCIVIL_03%2F_Ato2019-2022%2F2020%2FLei%2FL14115.htm&amp;sa=D&amp;sntz=1&amp;usg=AOvVaw20fT2XA0xomxk1TqeecQIP\" target=\"_blank\" rel=\"noopener\">Lei n\u00ba 14.115, de 29.12.2020<\/a><\/span> &#8211; Estabelece o aumento da participa\u00e7\u00e3o da Uni\u00e3o no Fundo Garantidor de Opera\u00e7\u00f5es (FGO), no montante equivalente ao dos recursos devolvidos \u00e0 Uni\u00e3o em conformidade com os \u00a7\u00a7 4\u00ba e 5\u00ba do art. 10 da Lei n\u00ba 14.043, de 19 de agosto de 2020. <span class=\" aw5Odc\"><a class=\"XqQF9c\" href=\"http:\/\/www.google.com\/url?q=http%3A%2F%2Fwww.planalto.gov.br%2FCCIVIL_03%2F_Ato2019-2022%2F2020%2FMsg%2FVEP%2FVEP-757.htm&amp;sa=D&amp;sntz=1&amp;usg=AOvVaw3L4QPnhEvw79XF0QLQMGHr\" target=\"_blank\" rel=\"noopener\">Mensagem de veto<\/a><\/span><\/p><\/li><li class=\"TYR86d wXCUfe zfr3Q\" dir=\"ltr\"><p class=\"CDt4Ke zfr3Q\" dir=\"ltr\"><span class=\" aw5Odc\"><a class=\"XqQF9c\" href=\"http:\/\/www.google.com\/url?q=http%3A%2F%2Fwww.planalto.gov.br%2FCCIVIL_03%2F_Ato2019-2022%2F2020%2FLei%2FL14114.htm&amp;sa=D&amp;sntz=1&amp;usg=AOvVaw1FIpqsKaNEKMbMX19l7fFR\" target=\"_blank\" rel=\"noopener\">Lei n\u00ba 14.114, de 29.12.2020<\/a><\/span> &#8211; Abre aos Or\u00e7amentos Fiscal e da Seguridade Social da Uni\u00e3o, em favor de diversos \u00f3rg\u00e3os do Poder Executivo, cr\u00e9dito especial no valor de R$ 4.223.266.669,00, para os fins que especifica.<\/p><\/li><li class=\"TYR86d wXCUfe zfr3Q\" dir=\"ltr\"><p class=\"CDt4Ke zfr3Q\" dir=\"ltr\"><span class=\" aw5Odc\"><a class=\"XqQF9c\" href=\"http:\/\/www.google.com\/url?q=http%3A%2F%2Fwww.planalto.gov.br%2FCCIVIL_03%2F_Ato2019-2022%2F2020%2FMpv%2Fmpv1020.htm&amp;sa=D&amp;sntz=1&amp;usg=AOvVaw2fNRGFv2nqMkfrShbLK2CA\" target=\"_blank\" rel=\"noopener\">Medida Provis\u00f3ria n\u00ba 1.020, de 29.12.2020<\/a><\/span> &#8211; Abre cr\u00e9dito extraordin\u00e1rio, em favor de Encargos Financeiros da Uni\u00e3o, no valor de R$ 10.193.233.748,00, para o fim que especifica, e d\u00e1 outras provid\u00eancias.<\/p><\/li><li class=\"TYR86d wXCUfe zfr3Q\" dir=\"ltr\"><p class=\"CDt4Ke zfr3Q\" dir=\"ltr\"><span class=\" aw5Odc\"><a class=\"XqQF9c\" href=\"http:\/\/www.google.com\/url?q=http%3A%2F%2Fwww.planalto.gov.br%2FCCIVIL_03%2F_Ato2019-2022%2F2020%2FMpv%2Fmpv1019.htm&amp;sa=D&amp;sntz=1&amp;usg=AOvVaw22HzMneAiJX_6sWSmhPWkA\" target=\"_blank\" rel=\"noopener\">Medida Provis\u00f3ria n\u00ba 1.019, de 29.12.2020<\/a><\/span> &#8211; Altera a Lei n\u00ba 14.017, de 29 de junho de 2020, para dispor sobre a execu\u00e7\u00e3o e os prazos para realiza\u00e7\u00e3o das a\u00e7\u00f5es emergenciais destinadas ao setor cultural.<\/p><\/li><li class=\"TYR86d wXCUfe zfr3Q\" dir=\"ltr\"><p class=\"CDt4Ke zfr3Q\" dir=\"ltr\"><span class=\" aw5Odc\"><a class=\"XqQF9c\" href=\"http:\/\/www.google.com\/url?q=http%3A%2F%2Fwww.planalto.gov.br%2FCCIVIL_03%2F_Ato2019-2022%2F2020%2FDecreto%2FD10594.htm&amp;sa=D&amp;sntz=1&amp;usg=AOvVaw3kt6FG8QysiDr2w67NbSFR\" target=\"_blank\" rel=\"noopener\">Decreto n\u00ba 10.594, de 29.12.2020<\/a><\/span> &#8211; Prorroga, de of\u00edcio, a vig\u00eancia de conv\u00eanios, contratos de repasse, termos de fomento, termos de colabora\u00e7\u00e3o, termos de parceria, termos de compromisso e outros instrumentos cong\u00eaneres, celebrados pelos \u00f3rg\u00e3os e entidades da administra\u00e7\u00e3o p\u00fablica federal para transfer\u00eancias de recursos da Uni\u00e3o.<\/p><\/li><li class=\"TYR86d wXCUfe zfr3Q\" dir=\"ltr\"><p class=\"CDt4Ke zfr3Q\" dir=\"ltr\"><span class=\" aw5Odc\"><a class=\"XqQF9c\" href=\"http:\/\/www.google.com\/url?q=http%3A%2F%2Fwww.planalto.gov.br%2FCCIVIL_03%2FPortaria%2FPRT%2FPortaria-648-20-ccv.htm&amp;sa=D&amp;sntz=1&amp;usg=AOvVaw10drgT6EH6rESKJ1Vqg7BN\" target=\"_blank\" rel=\"noopener\">Portaria n\u00ba 648, de 23.12.2020<\/a><\/span> &#8211; Disp\u00f5e sobre a restri\u00e7\u00e3o excepcional e tempor\u00e1ria de entrada no Pa\u00eds de estrangeiros, de qualquer nacionalidade, conforme recomenda\u00e7\u00e3o da Ag\u00eancia Nacional de Vigil\u00e2ncia Sanit\u00e1ria &#8211; Anvisa.<\/p><\/li><li class=\"TYR86d wXCUfe zfr3Q\" dir=\"ltr\"><p class=\"CDt4Ke zfr3Q\" dir=\"ltr\"><span class=\" aw5Odc\"><a class=\"XqQF9c\" href=\"http:\/\/www.google.com\/url?q=http%3A%2F%2Fwww.planalto.gov.br%2FCCIVIL_03%2F_Ato2019-2022%2F2020%2FDecreto%2FD10579.htm&amp;sa=D&amp;sntz=1&amp;usg=AOvVaw26RqxrX2GxQdnSaGn3jQEK\" target=\"_blank\" rel=\"noopener\">Decreto n\u00ba 10.579, de 18.12.2020<\/a><\/span> &#8211; Estabelece regras para a inscri\u00e7\u00e3o de restos a pagar das despesas de que trata o art. 5\u00ba da Emenda Constitucional n\u00ba 106, de 7 de maio de 2020, e d\u00e1 outras provid\u00eancias.<\/p><\/li><li class=\"TYR86d wXCUfe zfr3Q\" dir=\"ltr\"><p class=\"CDt4Ke zfr3Q\" dir=\"ltr\"><span class=\" aw5Odc\"><a class=\"XqQF9c\" href=\"http:\/\/www.google.com\/url?q=http%3A%2F%2Fwww.planalto.gov.br%2FCCIVIL_03%2FPortaria%2FPRT%2FPortaria-630-20-ccv.htm&amp;sa=D&amp;sntz=1&amp;usg=AOvVaw2dyWTFEMLwJIt5-xaTmf2G\" target=\"_blank\" rel=\"noopener\">Portaria n\u00ba 630, de 17.12.2020<\/a><\/span> &#8211; Disp\u00f5e sobre a restri\u00e7\u00e3o excepcional e tempor\u00e1ria de entrada no Pa\u00eds de estrangeiros, de qualquer nacionalidade, conforme recomenda\u00e7\u00e3o da Ag\u00eancia Nacional de Vigil\u00e2ncia Sanit\u00e1ria &#8211; Anvisa.<\/p><\/li><li class=\"TYR86d wXCUfe zfr3Q\" dir=\"ltr\"><p class=\"CDt4Ke zfr3Q\" dir=\"ltr\"><span class=\" aw5Odc\"><a class=\"XqQF9c\" href=\"http:\/\/www.google.com\/url?q=http%3A%2F%2Fwww.planalto.gov.br%2FCCIVIL_03%2F_Ato2019-2022%2F2020%2FMpv%2Fmpv1015.htm&amp;sa=D&amp;sntz=1&amp;usg=AOvVaw0JMnkm_9eh3GSqlJlLBAlt\" target=\"_blank\" rel=\"noopener\">Medida Provis\u00f3ria n\u00ba 1.015, de 17.12.2020<\/a><\/span> &#8211; Abre cr\u00e9dito extraordin\u00e1rio, em favor do Minist\u00e9rio da Sa\u00fade, no valor de R$ 20.000.000.000,00, para o fim que especifica.<\/p><\/li><li class=\"TYR86d wXCUfe zfr3Q\" dir=\"ltr\"><p class=\"CDt4Ke zfr3Q\" dir=\"ltr\"><span class=\" aw5Odc\"><a class=\"XqQF9c\" href=\"http:\/\/www.google.com\/url?q=http%3A%2F%2Fwww.planalto.gov.br%2FCCIVIL_03%2FPortaria%2FPRT%2FPortaria-615-20-ccv.htm&amp;sa=D&amp;sntz=1&amp;usg=AOvVaw1CZfryJnyujrz1J-qSH3ye\" target=\"_blank\" rel=\"noopener\">Portaria n\u00ba 615, de 11.12.2020<\/a><\/span> &#8211; Disp\u00f5e sobre a restri\u00e7\u00e3o excepcional e tempor\u00e1ria de entrada no Pa\u00eds de estrangeiros, de qualquer nacionalidade, conforme recomenda\u00e7\u00e3o da Ag\u00eancia Nacional de Vigil\u00e2ncia Sanit\u00e1ria &#8211; Anvisa.<\/p><\/li><li class=\"TYR86d wXCUfe zfr3Q\" dir=\"ltr\"><p class=\"CDt4Ke zfr3Q\" dir=\"ltr\"><span class=\" aw5Odc\"><a class=\"XqQF9c\" href=\"http:\/\/www.google.com\/url?q=http%3A%2F%2Fwww.planalto.gov.br%2FCCIVIL_03%2FPortaria%2FPRT%2FPortaria%2520n%25C2%25BA%2520102-20-pr-sg.htm&amp;sa=D&amp;sntz=1&amp;usg=AOvVaw30bDk_EkMTG83Azc-85vaU\" target=\"_blank\" rel=\"noopener\">Portaria n\u00ba 102, de 9.12.2020<\/a><\/span> &#8211; Estabelece orienta\u00e7\u00f5es para a retomada das atividades presenciais de forma gradual e segura dos servidores e empregados p\u00fablicos em exerc\u00edcio nos \u00f3rg\u00e3os da Presid\u00eancia da Rep\u00fablica.<\/p><\/li><li class=\"TYR86d wXCUfe zfr3Q\" dir=\"ltr\"><p class=\"CDt4Ke zfr3Q\" dir=\"ltr\"><span class=\" aw5Odc\"><a class=\"XqQF9c\" href=\"http:\/\/www.google.com\/url?q=http%3A%2F%2Fwww.planalto.gov.br%2FCCIVIL_03%2F_Ato2019-2022%2F2020%2FLei%2FL14107.htm&amp;sa=D&amp;sntz=1&amp;usg=AOvVaw3oPYffOFzLFzMUHVrFlUV3\" target=\"_blank\" rel=\"noopener\">Lei n\u00ba 14.107, de 3.12.2020<\/a><\/span> &#8211; Abre cr\u00e9dito extraordin\u00e1rio em favor do Minist\u00e9rio da Sa\u00fade, no valor de R$ 1.994.960.005,00, (um bilh\u00e3o, novecentos e noventa e quatro milh\u00f5es, novecentos e sessenta mil e cinco reais), para o fim que especifica; e d\u00e1 outras provid\u00eancias.<\/p><\/li><li class=\"TYR86d wXCUfe zfr3Q\" dir=\"ltr\"><p class=\"CDt4Ke zfr3Q\" dir=\"ltr\"><span class=\" aw5Odc\"><a class=\"XqQF9c\" href=\"http:\/\/www.google.com\/url?q=http%3A%2F%2Fwww.planalto.gov.br%2FCCIVIL_03%2FPortaria%2FRES%2FResolucao-11-20-PR.htm&amp;sa=D&amp;sntz=1&amp;usg=AOvVaw0pnfLtpIf1U77p5UjNAhOu\" target=\"_blank\" rel=\"noopener\">Resolu\u00e7\u00e3o n\u00ba 11, de 25.11.2020<\/a><\/span> &#8211; Institui Grupo de Trabalho para a coordena\u00e7\u00e3o das medidas de prote\u00e7\u00e3o e a presta\u00e7\u00e3o de contas de benef\u00edcios, em resposta aos impactos relacionados ao coronav\u00edrus, no \u00e2mbito do Comit\u00ea de Crise da covid-19.<\/p><\/li><li class=\"TYR86d wXCUfe zfr3Q\" dir=\"ltr\"><p class=\"CDt4Ke zfr3Q\" dir=\"ltr\"><span class=\" aw5Odc\"><a class=\"XqQF9c\" href=\"http:\/\/www.google.com\/url?q=http%3A%2F%2Fwww.planalto.gov.br%2FCCIVIL_03%2FPortaria%2FRES%2FResolucao%252010-20-PR.htm&amp;sa=D&amp;sntz=1&amp;usg=AOvVaw1hxMWKrcifVI_Dx0mXuu4-\" target=\"_blank\" rel=\"noopener\">Resolu\u00e7\u00e3o n\u00ba 10, de 25.11.2020<\/a><\/span> &#8211; Disp\u00f5e sobre a defini\u00e7\u00e3o de responsabilidades entreo Minist\u00e9rio da Economia, o Minist\u00e9rio da Cidadaniae o Minist\u00e9rio da Sa\u00fade em rela\u00e7\u00e3o \u00e0s demandas porprote\u00e7\u00e3o social no combate \u00e0 covid-19.<\/p><\/li><li class=\"TYR86d wXCUfe zfr3Q\" dir=\"ltr\"><p class=\"CDt4Ke zfr3Q\" dir=\"ltr\"><span class=\" aw5Odc\"><a class=\"XqQF9c\" href=\"http:\/\/www.google.com\/url?q=http%3A%2F%2Fwww.planalto.gov.br%2FCCIVIL_03%2F_Ato2019-2022%2F2020%2FDecreto%2FD10543.htm&amp;sa=D&amp;sntz=1&amp;usg=AOvVaw1iUzMJkg5ZOB4izX0KzqZu\" target=\"_blank\" rel=\"noopener\">Decreto n\u00ba 10.543, de 13.11.2020<\/a><\/span> &#8211; Disp\u00f5e sobre o uso de assinaturas eletr\u00f4nicas na administra\u00e7\u00e3o p\u00fablica federal e regulamenta o art. 5\u00ba da Lei n\u00ba 14.063, de 23 de setembro de 2020, quanto ao n\u00edvel m\u00ednimo exigido para a assinatura eletr\u00f4nica em intera\u00e7\u00f5es com o ente p\u00fablico.<\/p><\/li><li class=\"TYR86d wXCUfe zfr3Q\" dir=\"ltr\"><p class=\"CDt4Ke zfr3Q\" dir=\"ltr\"><span class=\" aw5Odc\"><a class=\"XqQF9c\" href=\"http:\/\/www.google.com\/url?q=http%3A%2F%2Fwww.planalto.gov.br%2FCCIVIL_03%2FPortaria%2FPRT%2FPortaria-518-20-ccv.htm&amp;sa=D&amp;sntz=1&amp;usg=AOvVaw35yguFZe-SqkZJnGqBcjvq\" target=\"_blank\" rel=\"noopener\">Portaria n\u00ba 518, de 12.11.2020<\/a><\/span> &#8211; Disp\u00f5e sobre a restri\u00e7\u00e3o excepcional e tempor\u00e1ria de entrada no Pa\u00eds de estrangeiros, de qualquer nacionalidade, conforme recomenda\u00e7\u00e3o da Ag\u00eancia Nacional de Vigil\u00e2ncia Sanit\u00e1ria &#8211; Anvisa.<\/p><\/li><li class=\"TYR86d wXCUfe zfr3Q\" dir=\"ltr\"><p class=\"CDt4Ke zfr3Q\" dir=\"ltr\"><span class=\" aw5Odc\"><a class=\"XqQF9c\" href=\"http:\/\/www.google.com\/url?q=http%3A%2F%2Fwww.planalto.gov.br%2FCCIVIL_03%2FPortaria%2FPRT%2FPortaria-352-20-mapa.htm&amp;sa=D&amp;sntz=1&amp;usg=AOvVaw3pYMrk_qXcivD7mej2PiXG\" target=\"_blank\" rel=\"noopener\">Portaria n\u00ba 352, de 6.11.2020<\/a><\/span> &#8211; Disp\u00f5e sobre o retorno ao trabalho presencial dos servidores e empregados p\u00fablicos, no \u00e2mbito do Minist\u00e9rio da Agricultura, Pecu\u00e1ria e Abastecimento &#8211; MAPA.<\/p><\/li><li class=\"TYR86d wXCUfe zfr3Q\" dir=\"ltr\"><p class=\"CDt4Ke zfr3Q\" dir=\"ltr\"><span class=\" aw5Odc\"><a class=\"XqQF9c\" href=\"http:\/\/www.google.com\/url?q=http%3A%2F%2Fwww.planalto.gov.br%2FCCIVIL_03%2F_Ato2019-2022%2F2020%2FDecreto%2FD10538.htm&amp;sa=D&amp;sntz=1&amp;usg=AOvVaw0liAXBrZMuxI1yNKntrM7i\" target=\"_blank\" rel=\"noopener\">Decreto n\u00ba 10.538, de 3.11.2020<\/a><\/span> &#8211; Desobriga o conscrito dispensado do Servi\u00e7o Militar Obrigat\u00f3rio de participar da cerim\u00f4nia de juramento \u00e0 Bandeira Nacional, em car\u00e1ter emergencial e tempor\u00e1rio, durante a vig\u00eancia da declara\u00e7\u00e3o de emerg\u00eancia de sa\u00fade p\u00fablica de import\u00e2ncia internacional decorrente da covid-19.<\/p><\/li><li class=\"TYR86d wXCUfe zfr3Q\" dir=\"ltr\"><p class=\"CDt4Ke zfr3Q\" dir=\"ltr\"><span class=\" aw5Odc\"><a class=\"XqQF9c\" href=\"http:\/\/www.google.com\/url?q=http%3A%2F%2Fwww.planalto.gov.br%2FCCIVIL_03%2F_Ato2019-2022%2F2020%2FDecreto%2FD10537.htm&amp;sa=D&amp;sntz=1&amp;usg=AOvVaw3x7RChnttUCLSJijXfOjqA\" target=\"_blank\" rel=\"noopener\">Decreto n\u00ba 10.537, de 28.10.2020<\/a><\/span> &#8211; Altera o art. 154 do Regulamento da Previd\u00eancia Social, aprovado pelo Decreto n\u00ba 3.048, de 6 de maio de 1999, e o art. 1\u00ba do Decreto n\u00ba 10.413, de 2 de julho de 2020, que autoriza o Instituto Nacional do Seguro Social a prorrogar o per\u00edodo das antecipa\u00e7\u00f5es de que tratam os art. 3\u00ba e art. 4\u00ba da Lei n\u00ba 13.982, de 2 de abril de 2020.<\/p><\/li><li class=\"TYR86d wXCUfe zfr3Q\" dir=\"ltr\"><p class=\"CDt4Ke zfr3Q\" dir=\"ltr\"><span class=\" aw5Odc\"><a class=\"XqQF9c\" href=\"http:\/\/www.google.com\/url?q=http%3A%2F%2Fwww.planalto.gov.br%2FCCIVIL_03%2F_Ato2019-2022%2F2020%2FMpv%2Fmpv1008.htm&amp;sa=D&amp;sntz=1&amp;usg=AOvVaw1RkVMa-3R3phu_oh3_qGdI\" target=\"_blank\" rel=\"noopener\">Medida Provis\u00f3ria n\u00ba 1.008, de 26.10.2020<\/a><\/span> &#8211; Abre cr\u00e9dito extraordin\u00e1rio, em favor do Minist\u00e9rio da Cidadania, no valor de R$ 228.000.000,00, para o fim que especifica, e d\u00e1 outras provid\u00eancias.<\/p><\/li><li class=\"TYR86d wXCUfe zfr3Q\" dir=\"ltr\"><p class=\"CDt4Ke zfr3Q\" dir=\"ltr\"><span class=\" aw5Odc\"><a class=\"XqQF9c\" href=\"http:\/\/www.google.com\/url?q=http%3A%2F%2Fwww.planalto.gov.br%2FCCIVIL_03%2F_Ato2019-2022%2F2020%2FLei%2FL14075.htm&amp;sa=D&amp;sntz=1&amp;usg=AOvVaw2j3ZA0uDWrMhA7Z4VuBIKI\" target=\"_blank\" rel=\"noopener\">Lei n\u00ba 14.075, de 22.10.2020 <\/a> <\/span> &#8211; Disp\u00f5e sobre a conta do tipo poupan\u00e7a social digital; e altera as Leis n<sup>os<\/sup> 13.982, de 2 de abril de 2020, e 14.058, de 17 de setembro de 2020.<\/p><\/li><li class=\"TYR86d wXCUfe zfr3Q\" dir=\"ltr\"><p class=\"CDt4Ke zfr3Q\" dir=\"ltr\"><span class=\" aw5Odc\"><a class=\"XqQF9c\" href=\"http:\/\/www.google.com\/url?q=http%3A%2F%2Fwww.planalto.gov.br%2FCCIVIL_03%2FPortaria%2FPRT%2FPortaria%252022647-20-me-serf.htm&amp;sa=D&amp;sntz=1&amp;usg=AOvVaw3oTUeePmXVyrdetQTYMARO\" target=\"_blank\" rel=\"noopener\">Portaria n\u00ba 22.647, de 21.10.2020<\/a><\/span> &#8211; Altera parcialmente grupos de natureza de despesa, constantes do Anexo I da Medida Provis\u00f3ria no 967, de 19 de maio de 2020, convertida na Lei n\u00ba 14.055, de 10 de setembro de 2020, no \u00e2mbito do Minist\u00e9rio da Sa\u00fade, no valor de R$ 444.900.000,00.<\/p><\/li><li class=\"TYR86d wXCUfe zfr3Q\" dir=\"ltr\"><p class=\"CDt4Ke zfr3Q\" dir=\"ltr\"><span class=\" aw5Odc\"><a class=\"XqQF9c\" href=\"http:\/\/www.google.com\/url?q=http%3A%2F%2Fwww.planalto.gov.br%2FCCIVIL_03%2FPortaria%2FPRT%2FPortaria-509-20-mcidadania.htm&amp;sa=D&amp;sntz=1&amp;usg=AOvVaw19JQvkE3ccKf-Huz3H0v5R\" target=\"_blank\" rel=\"noopener\">Portaria n\u00ba 509, de 21.10.2020<\/a><\/span> &#8211; Prorroga o prazo estabelecido na Portaria n\u00ba 366, de 22 de abril de 2020, que disp\u00f5e acerca de medidas para o enfrentamento da Emerg\u00eancia em Sa\u00fade P\u00fablica de Import\u00e2ncia Nacional, em decorr\u00eancia da Infec\u00e7\u00e3o Humana pelo novo coronav\u00edrus (COVID-19), no \u00e2mbito do Programa Crian\u00e7a Feliz\/Primeira Inf\u00e2ncia no SUAS.<\/p><\/li><li class=\"TYR86d wXCUfe zfr3Q\" dir=\"ltr\"><p class=\"CDt4Ke zfr3Q\" dir=\"ltr\"><span class=\" aw5Odc\"><a class=\"XqQF9c\" href=\"http:\/\/www.google.com\/url?q=http%3A%2F%2Fwww.planalto.gov.br%2FCCIVIL_03%2F_Ato2019-2022%2F2020%2FLei%2FL14073.htm&amp;sa=D&amp;sntz=1&amp;usg=AOvVaw2nkXVxKMHFMmseklgZykbM\" target=\"_blank\" rel=\"noopener\">Lei n\u00ba 14.073, de 14.10.2020<\/a><\/span> &#8211; Disp\u00f5e sobre a\u00e7\u00f5es emergenciais destinadas ao setor esportivo a serem adotadas durante o estado de calamidade p\u00fablica reconhecido pelo Decreto Legislativo n\u00ba 6, de 20 de mar\u00e7o de 2020; e altera as Leis n<sup>os<\/sup> 9.615, de 24 de mar\u00e7o de 1998, e 13.756, de 12 de dezembro de 2018. <span class=\" aw5Odc\"><a class=\"XqQF9c\" href=\"http:\/\/www.google.com\/url?q=http%3A%2F%2Fwww.planalto.gov.br%2FCCIVIL_03%2F_Ato2019-2022%2F2020%2FMsg%2FVEP%2FVEP-598.htm&amp;sa=D&amp;sntz=1&amp;usg=AOvVaw3gOo7MUlbV1fExprL5kTm6\" target=\"_blank\" rel=\"noopener\">Mensagem de veto<\/a><\/span><\/p><\/li><li class=\"TYR86d wXCUfe zfr3Q\" dir=\"ltr\"><p class=\"CDt4Ke zfr3Q\" dir=\"ltr\"><span class=\" aw5Odc\"><a class=\"XqQF9c\" href=\"http:\/\/www.google.com\/url?q=http%3A%2F%2Fwww.planalto.gov.br%2FCCIVIL_03%2F_Ato2019-2022%2F2020%2FLei%2FL14072.htm&amp;sa=D&amp;sntz=1&amp;usg=AOvVaw3ZCtFH7c3aDMpYl_xFynt1\" target=\"_blank\" rel=\"noopener\">Lei n\u00ba 14.072, de 14.10.2020<\/a><\/span> &#8211; Autoriza a prorroga\u00e7\u00e3o de contratos por tempo determinado no \u00e2mbito do Minist\u00e9rio da Sa\u00fade e do Minist\u00e9rio da Educa\u00e7\u00e3o. <span class=\" aw5Odc\"><a class=\"XqQF9c\" href=\"http:\/\/www.google.com\/url?q=http%3A%2F%2Fwww.planalto.gov.br%2FCCIVIL_03%2F_Ato2019-2022%2F2020%2FMsg%2FVEP%2FVEP-597.htm&amp;sa=D&amp;sntz=1&amp;usg=AOvVaw1S2D7m7wT6ay009lzt2wsc\" target=\"_blank\" rel=\"noopener\">Mensagem de veto<\/a><\/span><\/p><\/li><li class=\"TYR86d wXCUfe zfr3Q\" dir=\"ltr\"><p class=\"CDt4Ke zfr3Q\" dir=\"ltr\"><span class=\" aw5Odc\"><a class=\"XqQF9c\" href=\"http:\/\/www.google.com\/url?q=http%3A%2F%2Fwww.planalto.gov.br%2FCCIVIL_03%2FPortaria%2FPRT%2FPortaria-478-20-ccv.htm&amp;sa=D&amp;sntz=1&amp;usg=AOvVaw2UEvAXJtinwWe_WwPmNTSs\" target=\"_blank\" rel=\"noopener\">Portaria n\u00ba 478, de 14.10.2020<\/a><\/span> &#8211; Disp\u00f5e sobre a restri\u00e7\u00e3o excepcional e tempor\u00e1ria de entrada no Pa\u00eds de estrangeiros,de qualquer nacionalidade, conforme recomenda\u00e7\u00e3o da Ag\u00eancia Nacional de Vigil\u00e2ncia Sanit\u00e1ria &#8211; Anvisa.<\/p><\/li><li class=\"TYR86d wXCUfe zfr3Q\" dir=\"ltr\"><p class=\"CDt4Ke zfr3Q\" dir=\"ltr\"><span class=\" aw5Odc\"><a class=\"XqQF9c\" href=\"http:\/\/www.google.com\/url?q=http%3A%2F%2Fwww.planalto.gov.br%2FCCIVIL_03%2F_Ato2019-2022%2F2020%2FDecreto%2FD10517.htm&amp;sa=D&amp;sntz=1&amp;usg=AOvVaw2qlbIKZ4NX6Cx-QyWgt2BF\" target=\"_blank\" rel=\"noopener\">Decreto n\u00ba 10.517, de 13.10.2020<\/a><\/span> &#8211; Prorroga os prazos para celebrar acordos de redu\u00e7\u00e3o proporcional de jornada de trabalho e de sal\u00e1rio e de suspens\u00e3o tempor\u00e1ria de contrato de trabalho e para efetuar o pagamento dos benef\u00edcios emergenciais de que trata a Lei n\u00ba 14.020, de 6 de julho de 2020.<\/p><\/li><li class=\"TYR86d wXCUfe zfr3Q\" dir=\"ltr\"><p class=\"CDt4Ke zfr3Q\" dir=\"ltr\"><span class=\" aw5Odc\"><a class=\"XqQF9c\" href=\"http:\/\/www.google.com\/url?q=http%3A%2F%2Fwww.planalto.gov.br%2FCCIVIL_03%2F_Ato2019-2022%2F2020%2FMpv%2Fmpv1007.htm&amp;sa=D&amp;sntz=1&amp;usg=AOvVaw3Ggk5fzktrRRwO2aX8Hz0N\" target=\"_blank\" rel=\"noopener\">Medida Provis\u00f3ria n\u00ba 1.007, de 2.10.2020<\/a><\/span> &#8211; Abre cr\u00e9dito extraordin\u00e1rio, em favor do Minist\u00e9rio da Economia, no valor de R$ 98.270.969,00, para os fins que especifica.<\/p><\/li><li class=\"TYR86d wXCUfe zfr3Q\" dir=\"ltr\"><p class=\"CDt4Ke zfr3Q\" dir=\"ltr\"><span class=\" aw5Odc\"><a class=\"XqQF9c\" href=\"http:\/\/www.google.com\/url?q=http%3A%2F%2Fwww.planalto.gov.br%2FCCIVIL_03%2F_Ato2019-2022%2F2020%2FDecreto%2FD10504.htm&amp;sa=D&amp;sntz=1&amp;usg=AOvVaw3488D2Mc88snzo9mC3R4et\" target=\"_blank\" rel=\"noopener\">Decreto n\u00ba 10.504, de 2.10.2020<\/a><\/span> &#8211; Altera o Decreto n\u00ba 6.306, de 14 de dezembro de 2007, que regulamenta o Imposto sobre Opera\u00e7\u00f5es de Cr\u00e9dito, C\u00e2mbio e Seguro, ou relativas a T\u00edtulos ou Valores Mobili\u00e1rios &#8211; IOF.<\/p><\/li><li class=\"TYR86d wXCUfe zfr3Q\" dir=\"ltr\"><p class=\"CDt4Ke zfr3Q\" dir=\"ltr\"><span class=\" aw5Odc\"><a class=\"XqQF9c\" href=\"http:\/\/www.google.com\/url?q=http%3A%2F%2Fwww.planalto.gov.br%2FCCIVIL_03%2F_Ato2019-2022%2F2020%2FDecreto%2FD10503.htm&amp;sa=D&amp;sntz=1&amp;usg=AOvVaw0Xh94WvaY3jqz9bitRJ70k\" target=\"_blank\" rel=\"noopener\">Decreto n\u00ba 10.503, de 2.10.2020<\/a><\/span> &#8211; Prorroga a aplica\u00e7\u00e3o da redu\u00e7\u00e3o das al\u00edquotas de tributos de que tratam o Decreto n\u00ba 10.285, de 20 de mar\u00e7o de 2020, o Decreto n\u00ba 10.302, de 1\u00ba de abril de 2020, o Decreto n\u00ba 10.318, de 9 de abril de 2020, e o Decreto n\u00ba 10.352, de 19 de maio de 2020.<\/p><\/li><li class=\"TYR86d wXCUfe zfr3Q\" dir=\"ltr\"><p class=\"CDt4Ke zfr3Q\" dir=\"ltr\"><span class=\" aw5Odc\"><a class=\"XqQF9c\" href=\"http:\/\/www.google.com\/url?q=http%3A%2F%2Fwww.planalto.gov.br%2FCCIVIL_03%2FPortaria%2FPRT%2FPortaria-470-20-ccv.htm&amp;sa=D&amp;sntz=1&amp;usg=AOvVaw1XoG1k5VrVAkopEeQKW2WB\" target=\"_blank\" rel=\"noopener\">Portaria n\u00ba 470, de 2.10.2020<\/a><\/span> &#8211; Disp\u00f5e sobre a restri\u00e7\u00e3o excepcional e tempor\u00e1ria deentrada no Pa\u00eds de estrangeiros, de qualquernacionalidade, conforme recomenda\u00e7\u00e3o da Ag\u00eanciaNacional de Vigil\u00e2ncia Sanit\u00e1ria &#8211; Anvisa.<\/p><\/li><li class=\"TYR86d wXCUfe zfr3Q\" dir=\"ltr\"><p class=\"CDt4Ke zfr3Q\" dir=\"ltr\"><span class=\" aw5Odc\"><a class=\"XqQF9c\" href=\"http:\/\/www.google.com\/url?q=http%3A%2F%2Fwww.planalto.gov.br%2FCCIVIL_03%2F_Ato2019-2022%2F2020%2FLei%2FL14068.htm&amp;sa=D&amp;sntz=1&amp;usg=AOvVaw2GaLcKcYPpxwu28mKVNxw8\" target=\"_blank\" rel=\"noopener\">Lei n\u00ba 14.068, de 1\u00ba.10.2020<\/a><\/span> &#8211; Abre cr\u00e9dito extraordin\u00e1rio em favor de Encargos Financeiros da Uni\u00e3o, no valor de R$ 20.000.000.000,00 (vinte bilh\u00f5es de reais), para o fim que especifica; e d\u00e1 outras provid\u00eancias.<\/p><\/li><li class=\"TYR86d wXCUfe zfr3Q\" dir=\"ltr\"><p class=\"CDt4Ke zfr3Q\" dir=\"ltr\"><span class=\" aw5Odc\"><a class=\"XqQF9c\" href=\"http:\/\/www.google.com\/url?q=http%3A%2F%2Fwww.planalto.gov.br%2FCCIVIL_03%2F_Ato2019-2022%2F2020%2FLei%2FL14067.htm&amp;sa=D&amp;sntz=1&amp;usg=AOvVaw15eGfEksLh8MUHfcjKH1uh\" target=\"_blank\" rel=\"noopener\">Lei n\u00ba 14.067, de 1\u00ba.10.2020<\/a><\/span> &#8211; Abre cr\u00e9dito extraordin\u00e1rio em favor do Minist\u00e9rio da Sa\u00fade, no valor de R$ 4.489.224.000,00 (quatro bilh\u00f5es, quatrocentos e oitenta e nove milh\u00f5es, duzentos e vinte e quatro mil reais), para o fim que especifica.<\/p><\/li><li class=\"TYR86d wXCUfe zfr3Q\" dir=\"ltr\"><p class=\"CDt4Ke zfr3Q\" dir=\"ltr\"><span class=\" aw5Odc\"><a class=\"XqQF9c\" href=\"http:\/\/www.google.com\/url?q=http%3A%2F%2Fwww.planalto.gov.br%2FCCIVIL_03%2F_Ato2019-2022%2F2020%2FMpv%2Fmpv1006.htm&amp;sa=D&amp;sntz=1&amp;usg=AOvVaw05VRGY0UKs2TZ5brRqS5ac\" target=\"_blank\" rel=\"noopener\">Medida Provis\u00f3ria n\u00ba 1.006, de 1\u00ba.10.2020<\/a><\/span> &#8211; Aumenta a margem de cr\u00e9dito consignado dos titulares de benef\u00edcios de aposentadoria e pens\u00e3o do Regime Geral de Previd\u00eancia Social durante o per\u00edodo da pandemia de covid-19.<\/p><\/li><li class=\"TYR86d wXCUfe zfr3Q\" dir=\"ltr\"><p class=\"CDt4Ke zfr3Q\" dir=\"ltr\"><span class=\" aw5Odc\"><a class=\"XqQF9c\" href=\"http:\/\/www.google.com\/url?q=http%3A%2F%2Fwww.planalto.gov.br%2FCCIVIL_03%2F_Ato2019-2022%2F2020%2FLei%2FL14065.htm&amp;sa=D&amp;sntz=1&amp;usg=AOvVaw3DrYK44JPVmLd-82AedUNI\" target=\"_blank\" rel=\"noopener\">Lei n\u00ba 14.065, de 30.9.2020<\/a><\/span> &#8211; Autoriza pagamentos antecipados nas licita\u00e7\u00f5es e nos contratos realizados no \u00e2mbito da administra\u00e7\u00e3o p\u00fablica; adequa os limites de dispensa de licita\u00e7\u00e3o; amplia o uso do Regime Diferenciado de Contrata\u00e7\u00f5es P\u00fablicas (RDC) durante o estado de calamidade p\u00fablica reconhecido pelo Decreto Legislativo n\u00ba 6, de 20 de mar\u00e7o de 2020; e altera a Lei n\u00ba 13.979, de 6 de fevereiro de 2020.<\/p><\/li><li class=\"TYR86d wXCUfe zfr3Q\" dir=\"ltr\"><p class=\"CDt4Ke zfr3Q\" dir=\"ltr\"><span class=\" aw5Odc\"><a class=\"XqQF9c\" href=\"http:\/\/www.google.com\/url?q=http%3A%2F%2Fwww.planalto.gov.br%2FCCIVIL_03%2F_Ato2019-2022%2F2020%2FMpv%2Fmpv1005.htm&amp;sa=D&amp;sntz=1&amp;usg=AOvVaw3S9oVvbZ6G-oamcILhWZ-_\" target=\"_blank\" rel=\"noopener\">Medida Provis\u00f3ria n\u00ba 1.005, de 30.9.2020<\/a><\/span> &#8211; Disp\u00f5e sobre o estabelecimento de barreiras sanit\u00e1rias protetivas de \u00e1reas ind\u00edgenas.<\/p><\/li><li class=\"TYR86d wXCUfe zfr3Q\" dir=\"ltr\"><p class=\"CDt4Ke zfr3Q\" dir=\"ltr\"><span class=\" aw5Odc\"><a class=\"XqQF9c\" href=\"http:\/\/www.google.com\/url?q=http%3A%2F%2Fwww.planalto.gov.br%2FCCIVIL_03%2F_Ato2019-2022%2F2020%2FMpv%2Fmpv1004.htm&amp;sa=D&amp;sntz=1&amp;usg=AOvVaw13_AHRjdJJBz8MCyKPh79M\" target=\"_blank\" rel=\"noopener\">Medida Provis\u00f3ria n\u00ba 1.004, de 24.9.2020<\/a><\/span> &#8211; Abre cr\u00e9dito extraordin\u00e1rio, em favor do Minist\u00e9rio da Sa\u00fade, no valor de R$ 2.513.700.000,00, para o fim que especifica, e d\u00e1 outras provid\u00eancias.<\/p><\/li><li class=\"TYR86d wXCUfe zfr3Q\" dir=\"ltr\"><p class=\"CDt4Ke zfr3Q\" dir=\"ltr\"><span class=\" aw5Odc\"><a class=\"XqQF9c\" href=\"http:\/\/www.google.com\/url?q=http%3A%2F%2Fwww.planalto.gov.br%2FCCIVIL_03%2F_Ato2019-2022%2F2020%2FMpv%2Fmpv1003.htm&amp;sa=D&amp;sntz=1&amp;usg=AOvVaw2zQ69-1uE0r-7XrOpcW1Ak\" target=\"_blank\" rel=\"noopener\">Medida Provis\u00f3ria n\u00ba 1.003, de 24.9.2020<\/a><\/span> &#8211; Autoriza o Poder Executivo federal a aderir ao Instrumento de Acesso Global de Vacinas Covid-19 &#8211; Covax Facility.<\/p><\/li><li class=\"TYR86d wXCUfe zfr3Q\" dir=\"ltr\"><p class=\"CDt4Ke zfr3Q\" dir=\"ltr\"><span class=\" aw5Odc\"><a class=\"XqQF9c\" href=\"http:\/\/www.google.com\/url?q=http%3A%2F%2Fwww.planalto.gov.br%2FCCIVIL_03%2FPortaria%2FPRT%2FPortaria-456-20-ccv.htm&amp;sa=D&amp;sntz=1&amp;usg=AOvVaw2E4lb5501jVCALMQ5Hn8Dv\" target=\"_blank\" rel=\"noopener\">Portaria n\u00ba 456, de 24.9.2020<\/a><\/span> &#8211; Disp\u00f5e sobre a restri\u00e7\u00e3o excepcional e tempor\u00e1ria de entrada no Pa\u00eds de estrangeiros, de qualquer nacionalidade, conforme recomenda\u00e7\u00e3o da Ag\u00eancia Nacional de Vigil\u00e2ncia Sanit\u00e1ria &#8211; Anvisa.<\/p><\/li><li class=\"TYR86d wXCUfe zfr3Q\" dir=\"ltr\"><p class=\"CDt4Ke zfr3Q\" dir=\"ltr\"><span class=\" aw5Odc\"><a class=\"XqQF9c\" href=\"http:\/\/www.google.com\/url?q=http%3A%2F%2Fwww.planalto.gov.br%2FCCIVIL_03%2F_Ato2019-2022%2F2020%2FMpv%2Fmpv1002.htm&amp;sa=D&amp;sntz=1&amp;usg=AOvVaw34I0lrMqjcqh9dCYlV8zyO\" target=\"_blank\" rel=\"noopener\">Medida Provis\u00f3ria n\u00ba 1.002, de 23.9.2020<\/a><\/span> &#8211; Abre cr\u00e9dito extraordin\u00e1rio, em favor de Opera\u00e7\u00f5es Oficiais de Cr\u00e9dito, no valor de R$ 10.000.000.000,00, para o fim que especifica, e d\u00e1 outras provid\u00eancias.<\/p><\/li><li class=\"TYR86d wXCUfe zfr3Q\" dir=\"ltr\"><p class=\"CDt4Ke zfr3Q\" dir=\"ltr\"><span class=\" aw5Odc\"><a class=\"XqQF9c\" href=\"http:\/\/www.google.com\/url?q=http%3A%2F%2Fwww.planalto.gov.br%2FCCIVIL_03%2F_Ato2019-2022%2F2020%2FLei%2FL14063.htm&amp;sa=D&amp;sntz=1&amp;usg=AOvVaw1fxUMbPTqNzl_wEsewn9Ax\" target=\"_blank\" rel=\"noopener\">Lei n\u00ba 14.063, de 23.9.2020<\/a><\/span> &#8211; Disp\u00f5e sobre o uso de assinaturas eletr\u00f4nicas em intera\u00e7\u00f5es com entes p\u00fablicos, em atos de pessoas jur\u00eddicas e em quest\u00f5es de sa\u00fade e sobre as licen\u00e7as de softwares desenvolvidos por entes p\u00fablicos; e altera a Lei n\u00ba 9.096, de 19 de setembro de 1995, a Lei n\u00ba 5.991, de 17 de dezembro de 1973, e a Medida Provis\u00f3ria n\u00ba 2.200-2, de 24 de agosto de 2001. <span class=\" aw5Odc\"><a class=\"XqQF9c\" href=\"http:\/\/www.google.com\/url?q=http%3A%2F%2Fwww.planalto.gov.br%2FCCIVIL_03%2F_Ato2019-2022%2F2020%2FMsg%2FVEP%2FVEP-546.htm&amp;sa=D&amp;sntz=1&amp;usg=AOvVaw1JuxL9qpqtBsmAvNj2ptNi\" target=\"_blank\" rel=\"noopener\">Mensagem de veto<\/a><\/span><\/p><\/li><li class=\"TYR86d wXCUfe zfr3Q\" dir=\"ltr\"><p class=\"CDt4Ke zfr3Q\" dir=\"ltr\"><span class=\" aw5Odc\"><a class=\"XqQF9c\" href=\"http:\/\/www.google.com\/url?q=http%3A%2F%2Fwww.planalto.gov.br%2FCCIVIL_03%2F_Ato2019-2022%2F2020%2FLei%2FL14061.htm&amp;sa=D&amp;sntz=1&amp;usg=AOvVaw1JWH10ApuI9MxNF1M2t_VM\" target=\"_blank\" rel=\"noopener\">Lei n\u00ba 14.061, de 23.9.2020<\/a><\/span> &#8211; Prorroga at\u00e9 30 de setembro de 2020 a suspens\u00e3o da obrigatoriedade da manuten\u00e7\u00e3o das metas quantitativas e qualitativas contratualizadas pelos prestadores de servi\u00e7o de sa\u00fade, de qualquer natureza, no \u00e2mbito do Sistema \u00danico de Sa\u00fade (SUS), estabelecida na Lei n\u00ba 13.992, de 22 de abril de 2020; e d\u00e1 outras provid\u00eancias.<\/p><\/li><li class=\"TYR86d wXCUfe zfr3Q\" dir=\"ltr\"><p class=\"CDt4Ke zfr3Q\" dir=\"ltr\"><span class=\" aw5Odc\"><a class=\"XqQF9c\" href=\"http:\/\/www.google.com\/url?q=http%3A%2F%2Fwww.planalto.gov.br%2FCCIVIL_03%2F_Ato2019-2022%2F2020%2FLei%2FL14060.htm&amp;sa=D&amp;sntz=1&amp;usg=AOvVaw2z2fX2HLqIbNzhcHL5LLnb\" target=\"_blank\" rel=\"noopener\">Lei n\u00ba 14.060, de 23.9.2020<\/a><\/span> &#8211; Prorroga os prazos de suspens\u00e3o de pagamentos de tributos previstos nos atos concess\u00f3rios do regime especial de drawback que tenham sido prorrogados por 1 (um) ano pela autoridade fiscal e que tenham termo em 2020; e altera a Lei n\u00ba 11.945, de 4 de junho de 2009. <span class=\" aw5Odc\"><a class=\"XqQF9c\" href=\"http:\/\/www.google.com\/url?q=http%3A%2F%2Fwww.planalto.gov.br%2FCCIVIL_03%2F_Ato2019-2022%2F2020%2FMsg%2FVEP%2FVEP-542.htm&amp;sa=D&amp;sntz=1&amp;usg=AOvVaw2XlTlaN2DqPoPy8__cGLb1\" target=\"_blank\" rel=\"noopener\">Mensagem de veto<\/a><\/span><\/p><\/li><li class=\"TYR86d wXCUfe zfr3Q\" dir=\"ltr\"><p class=\"CDt4Ke zfr3Q\" dir=\"ltr\"><span class=\" aw5Odc\"><a class=\"XqQF9c\" href=\"http:\/\/www.google.com\/url?q=http%3A%2F%2Fwww.planalto.gov.br%2FCCIVIL_03%2F_Ato2019-2022%2F2020%2FDecreto%2FD10489.htm&amp;sa=D&amp;sntz=1&amp;usg=AOvVaw3h7swKVA13-W1It_VeuLno\" target=\"_blank\" rel=\"noopener\">Decreto n\u00ba 10.489, de 17.9.2020<\/a><\/span> &#8211; Altera o Decreto n\u00ba 10.464, de 17 de agosto de 2020, que regulamenta a Lei n\u00ba 14.017, de 29 de junho de 2020, que disp\u00f5e sobre as a\u00e7\u00f5es emergenciais destinadas ao setor cultural a serem adotadas durante o estado de calamidade p\u00fablica reconhecido pelo Decreto Legislativo n\u00ba 6, de 20 de mar\u00e7o de 2020.<\/p><\/li><li class=\"TYR86d wXCUfe zfr3Q\" dir=\"ltr\"><p class=\"CDt4Ke zfr3Q\" dir=\"ltr\"><span class=\" aw5Odc\"><a class=\"XqQF9c\" href=\"http:\/\/www.google.com\/url?q=http%3A%2F%2Fwww.planalto.gov.br%2FCCIVIL_03%2F_Ato2019-2022%2F2020%2FLei%2FL14058.htm&amp;sa=D&amp;sntz=1&amp;usg=AOvVaw2VVnAdDcRE3Law5WIBVSen\" target=\"_blank\" rel=\"noopener\">Lei n\u00ba 14.058, de 17.9.2020<\/a><\/span> &#8211; Estabelece a operacionaliza\u00e7\u00e3o do pagamento do Benef\u00edcio Emergencial de Preserva\u00e7\u00e3o do Emprego e da Renda e do benef\u00edcio emergencial mensal de que trata a Lei n\u00ba 14.020, de 6 de julho de 2020.<\/p><\/li><li class=\"TYR86d wXCUfe zfr3Q\" dir=\"ltr\"><p class=\"CDt4Ke zfr3Q\" dir=\"ltr\"><span class=\" aw5Odc\"><a class=\"XqQF9c\" href=\"http:\/\/www.google.com\/url?q=http%3A%2F%2Fwww.planalto.gov.br%2FCCIVIL_03%2F_Ato2019-2022%2F2020%2FDecreto%2FD10488.htm&amp;sa=D&amp;sntz=1&amp;usg=AOvVaw16VAod0ouqWicITj9Evm1c\" target=\"_blank\" rel=\"noopener\">Decreto n\u00ba 10.488, de 16.9.2020<\/a><\/span> &#8211; Regulamenta a Medida Provis\u00f3ria n\u00ba 1.000, de 2 de setembro de 2020, que institui o aux\u00edlio emergencial residual para enfrentamento da emerg\u00eancia de sa\u00fade p\u00fablica de import\u00e2ncia internacional decorrente do coronav\u00edrus (covid-19) respons\u00e1vel pelo surto de 2019, altera o Decreto n\u00ba 10.316, de 7 de abril de 2020, e d\u00e1 outras provid\u00eancias.<\/p><\/li><li class=\"TYR86d wXCUfe zfr3Q\" dir=\"ltr\"><p class=\"CDt4Ke zfr3Q\" dir=\"ltr\"><span class=\" aw5Odc\"><a class=\"XqQF9c\" href=\"http:\/\/www.google.com\/url?q=http%3A%2F%2Fwww.planalto.gov.br%2FCCIVIL_03%2F_Ato2019-2022%2F2020%2FMpv%2Fmpv1001.htm&amp;sa=D&amp;sntz=1&amp;usg=AOvVaw1X_WpYnfns4aVjPNsjtcWJ\" target=\"_blank\" rel=\"noopener\">Medida Provis\u00f3ria n\u00ba 1.001, de 15.9.2020<\/a><\/span> &#8211; Abre cr\u00e9dito extraordin\u00e1rio, em favor dos Minist\u00e9rios da Educa\u00e7\u00e3o e da Cidadania, no valor de R$ 264.866.289,00, para os fins que especifica, e d\u00e1 outras provid\u00eancias.<\/p><\/li><li class=\"TYR86d wXCUfe zfr3Q\" dir=\"ltr\"><p class=\"CDt4Ke zfr3Q\" dir=\"ltr\"><span class=\" aw5Odc\"><a class=\"XqQF9c\" href=\"http:\/\/www.google.com\/url?q=http%3A%2F%2Fwww.planalto.gov.br%2FCCIVIL_03%2F_Ato2019-2022%2F2020%2FLei%2FL14057.htm&amp;sa=D&amp;sntz=1&amp;usg=AOvVaw2vKeVufFHatg308SbuXEY7\" target=\"_blank\" rel=\"noopener\">Lei n\u00ba 14.057, de 11.9.2020<\/a><\/span> &#8211; Disciplina o acordo com credores para pagamento com desconto de precat\u00f3rios federais e o acordo terminativo de lit\u00edgio contra a Fazenda P\u00fablica e disp\u00f5e sobre a destina\u00e7\u00e3o dos recursos deles oriundos para o combate \u00e0 Covid-19, durante a vig\u00eancia do estado de calamidade p\u00fablica reconhecido pelo Decreto Legislativo n\u00ba 6, de 20 de mar\u00e7o de 2020; e altera a Lei n\u00ba 7.689, de 15 de dezembro de 1988, e a Lei n\u00ba 8.212, de 24 de julho de 1991. <span class=\" aw5Odc\"><a class=\"XqQF9c\" href=\"http:\/\/www.google.com\/url?q=http%3A%2F%2Fwww.planalto.gov.br%2FCCIVIL_03%2F_Ato2019-2022%2F2020%2FMsg%2FVEP%2FVEP-517.htm&amp;sa=D&amp;sntz=1&amp;usg=AOvVaw33n45aXYpC0vxfQw3mWS6o\" target=\"_blank\" rel=\"noopener\">Mensagem de veto<\/a><\/span><\/p><\/li><li class=\"TYR86d wXCUfe zfr3Q\" dir=\"ltr\"><p class=\"CDt4Ke zfr3Q\" dir=\"ltr\"><span class=\" aw5Odc\"><a class=\"XqQF9c\" href=\"http:\/\/www.google.com\/url?q=http%3A%2F%2Fwww.planalto.gov.br%2FCCIVIL_03%2F_Ato2019-2022%2F2020%2FLei%2FL14056.htm&amp;sa=D&amp;sntz=1&amp;usg=AOvVaw33l1jyxPOp7uEdvt_Kw0EJ\" target=\"_blank\" rel=\"noopener\">Lei n\u00ba 14.056, de 10.9.2020<\/a><\/span> &#8211; Abre cr\u00e9dito extraordin\u00e1rio em favor do Minist\u00e9rio da Sa\u00fade, no valor de R$ 10.000.000.000,00 (dez bilh\u00f5es de reais), para os fins que especifica; e d\u00e1 outras provid\u00eancias.<\/p><\/li><li class=\"TYR86d wXCUfe zfr3Q\" dir=\"ltr\"><p class=\"CDt4Ke zfr3Q\" dir=\"ltr\"><span class=\" aw5Odc\"><a class=\"XqQF9c\" href=\"http:\/\/www.google.com\/url?q=http%3A%2F%2Fwww.planalto.gov.br%2FCCIVIL_03%2F_Ato2019-2022%2F2020%2FLei%2FL14055.htm&amp;sa=D&amp;sntz=1&amp;usg=AOvVaw1kDHmkrFiFPwgA7aT3v2zF\" target=\"_blank\" rel=\"noopener\">Lei n\u00ba 14.055, de 10.9.2020<\/a><\/span> &#8211; Abre cr\u00e9dito extraordin\u00e1rio em favor do Minist\u00e9rio da Sa\u00fade, no valor de R$ 5.566.379.351,00 (cinco bilh\u00f5es, quinhentos e sessenta e seis milh\u00f5es, trezentos e setenta e nove mil trezentos e cinquenta e um reais), para os fins que especifica; e d\u00e1 outras provid\u00eancias.<\/p><\/li><li class=\"TYR86d wXCUfe zfr3Q\" dir=\"ltr\"><p class=\"CDt4Ke zfr3Q\" dir=\"ltr\"><span class=\" aw5Odc\"><a class=\"XqQF9c\" href=\"http:\/\/www.google.com\/url?q=http%3A%2F%2Fwww.planalto.gov.br%2FCCIVIL_03%2F_Ato2019-2022%2F2020%2FLei%2FL14054.htm&amp;sa=D&amp;sntz=1&amp;usg=AOvVaw1rV5QXt7YWT_YIBoTLG9nF\" target=\"_blank\" rel=\"noopener\">Lei n\u00ba 14.054, de 10.9.2020<\/a><\/span> &#8211; Abre cr\u00e9dito extraordin\u00e1rio em favor dos Minist\u00e9rios da Ci\u00eancia, Tecnologia, Inova\u00e7\u00f5es e Comunica\u00e7\u00f5es e das Rela\u00e7\u00f5es Exteriores, no valor de R$ 418.800.000,00 (quatrocentos e dezoito milh\u00f5es e oitocentos mil reais), para os fins que especifica.<\/p><\/li><li class=\"TYR86d wXCUfe zfr3Q\" dir=\"ltr\"><p class=\"CDt4Ke zfr3Q\" dir=\"ltr\"><span class=\" aw5Odc\"><a class=\"XqQF9c\" href=\"http:\/\/www.google.com\/url?q=http%3A%2F%2Fwww.planalto.gov.br%2FCCIVIL_03%2F_Ato2019-2022%2F2020%2FMpv%2Fmpv1000.htm&amp;sa=D&amp;sntz=1&amp;usg=AOvVaw1qvbaSgqprQUOjjpO8WwSs\" target=\"_blank\" rel=\"noopener\">Medida Provis\u00f3ria n\u00ba 1000, de 2.9.2020<\/a><\/span> &#8211; Institui o aux\u00edlio emergencial residual para enfrentamento da emerg\u00eancia de sa\u00fade p\u00fablica de import\u00e2ncia internacional decorrente do coronav\u00edrus (covid-19) respons\u00e1vel pelo surto de 2019, a que se refere a Lei n\u00ba 13.979, de 6 de fevereiro de 2020<\/p><\/li><li class=\"TYR86d wXCUfe zfr3Q\" dir=\"ltr\"><p class=\"CDt4Ke zfr3Q\" dir=\"ltr\"><span class=\" aw5Odc\"><a class=\"XqQF9c\" href=\"http:\/\/www.google.com\/url?q=http%3A%2F%2Fwww.planalto.gov.br%2FCCIVIL_03%2F_Ato2019-2022%2F2020%2FMpv%2Fmpv999.htm&amp;sa=D&amp;sntz=1&amp;usg=AOvVaw3-PisdyHI-D2sZH4fGF-Xy\" target=\"_blank\" rel=\"noopener\">Medida Provis\u00f3ria n\u00ba 999, de 2.9.2020<\/a><\/span> &#8211; Abre cr\u00e9dito extraordin\u00e1rio, em favor do Minist\u00e9rio da Cidadania, no valor de R$ 67.600.886.209,00, para o fim que especifica, e d\u00e1 outras provid\u00eancias.<\/p><\/li><li class=\"TYR86d wXCUfe zfr3Q\" dir=\"ltr\"><p class=\"CDt4Ke zfr3Q\" dir=\"ltr\"><span class=\" aw5Odc\"><a class=\"XqQF9c\" href=\"http:\/\/www.google.com\/url?q=http%3A%2F%2Fwww.planalto.gov.br%2FCCIVIL_03%2F_Ato2019-2022%2F2020%2FMpv%2Fmpv997.htm&amp;sa=D&amp;sntz=1&amp;usg=AOvVaw20xf48VLolHD36D61kPJNa\" target=\"_blank\" rel=\"noopener\">Medida Provis\u00f3ria n\u00ba 997, de 31.8.2020<\/a><\/span> &#8211; Abre cr\u00e9dito extraordin\u00e1rio, em favor de Encargos Financeiros da Uni\u00e3o, no valor de R$ 12.000.000.000,00, para o fim que especifica, e d\u00e1 outras provid\u00eancias.<\/p><\/li><li class=\"TYR86d wXCUfe zfr3Q\" dir=\"ltr\"><p class=\"CDt4Ke zfr3Q\" dir=\"ltr\"><span class=\" aw5Odc\"><a class=\"XqQF9c\" href=\"http:\/\/www.google.com\/url?q=http%3A%2F%2Fwww.planalto.gov.br%2FCCIVIL_03%2FPortaria%2FPRT%2FPortaria-419-20-cc-mjsp-minfra-ms.htm&amp;sa=D&amp;sntz=1&amp;usg=AOvVaw15jwIjYO9Ft65M4oOeWvs8\" target=\"_blank\" rel=\"noopener\">Portaria n\u00ba 419, de 26.8.2020<\/a><\/span> &#8211; Disp\u00f5e sobre a restri\u00e7\u00e3o excepcional e tempor\u00e1ria de entrada no Pa\u00eds de estrangeiros, de qualquer nacionalidade, conforme recomenda\u00e7\u00e3o da Ag\u00eancia Nacional de Vigil\u00e2ncia Sanit\u00e1ria &#8211; Anvisa.<\/p><\/li><li class=\"TYR86d wXCUfe zfr3Q\" dir=\"ltr\"><p class=\"CDt4Ke zfr3Q\" dir=\"ltr\"><span class=\" aw5Odc\"><a class=\"XqQF9c\" href=\"http:\/\/www.google.com\/url?q=http%3A%2F%2Fwww.planalto.gov.br%2FCCIVIL_03%2F_Ato2019-2022%2F2020%2FLei%2FL14048.htm&amp;sa=D&amp;sntz=1&amp;usg=AOvVaw1_PU3Wq5ejPa-r-pZfGIAc\" target=\"_blank\" rel=\"noopener\">Lei n\u00ba 14.048, de 24.8.2020<\/a><\/span> &#8211; Disp\u00f5e sobre medidas emergenciais de amparo aos agricultores familiares do Brasil para mitigar os impactos socioecon\u00f4micos da Covid-19; altera as Leis n\u00bas 13.340, de 28 de setembro de 2016, e 13.606, de 9 de janeiro de 2018; e d\u00e1 outras provid\u00eancias (Lei Assis Carvalho). <span class=\" aw5Odc\"><a class=\"XqQF9c\" href=\"http:\/\/www.google.com\/url?q=http%3A%2F%2Fwww.planalto.gov.br%2FCCIVIL_03%2F_Ato2019-2022%2F2020%2FMsg%2FVEP%2FVEP-476.htm&amp;sa=D&amp;sntz=1&amp;usg=AOvVaw3C9XeNVsg69RvQ8crX9YjV\" target=\"_blank\" rel=\"noopener\">Mensagem de veto<\/a><\/span><\/p><\/li><li class=\"TYR86d wXCUfe zfr3Q\" dir=\"ltr\"><p class=\"CDt4Ke zfr3Q\" dir=\"ltr\"><span class=\" aw5Odc\"><a class=\"XqQF9c\" href=\"http:\/\/www.google.com\/url?q=http%3A%2F%2Fwww.planalto.gov.br%2FCCIVIL_03%2F_Ato2019-2022%2F2020%2FLei%2FL14047.htm&amp;sa=D&amp;sntz=1&amp;usg=AOvVaw1369a4HE3UZpObPULw6OAi\" target=\"_blank\" rel=\"noopener\">Lei n\u00ba 14.047, de 24.8.2020<\/a><\/span> &#8211; Disp\u00f5e sobre medidas tempor\u00e1rias para enfrentamento da pandemia da Covid-19 no \u00e2mbito do setor portu\u00e1rio, sobre a cess\u00e3o de p\u00e1tios da administra\u00e7\u00e3o p\u00fablica e sobre o custeio das despesas com servi\u00e7os de estacionamento para a perman\u00eancia de aeronaves de empresas nacionais de transporte a\u00e9reo regular de passageiros em p\u00e1tios da Empresa Brasileira de Infraestrutura Aeroportu\u00e1ria (Infraero); e altera as Leis n\u00bas 9.719, de 27 de novembro de 1998, 7.783, de 28 de junho de 1989, 12.815, de 5 de junho de 2013, 7.565, de 19 de dezembro de 1986, e 10.233, de 5 de junho de 2001. <span class=\" aw5Odc\"><a class=\"XqQF9c\" href=\"http:\/\/www.google.com\/url?q=http%3A%2F%2Fwww.planalto.gov.br%2FCCIVIL_03%2F_Ato2019-2022%2F2020%2FMsg%2FVEP%2FVEP-475.htm&amp;sa=D&amp;sntz=1&amp;usg=AOvVaw2AiMLIda3BijHk9cG14lbH\" target=\"_blank\" rel=\"noopener\">Mensagem de veto<\/a><\/span><\/p><\/li><li class=\"TYR86d wXCUfe zfr3Q\" dir=\"ltr\"><p class=\"CDt4Ke zfr3Q\" dir=\"ltr\"><span class=\" aw5Odc\"><a class=\"XqQF9c\" href=\"http:\/\/www.google.com\/url?q=http%3A%2F%2Fwww.planalto.gov.br%2FCCIVIL_03%2F_Ato2019-2022%2F2020%2FLei%2FL14046.htm&amp;sa=D&amp;sntz=1&amp;usg=AOvVaw3KICQ5tZhMlI0oIJLiFn7l\" target=\"_blank\" rel=\"noopener\">Lei n\u00ba 14.046, de 24.8.2020<\/a><\/span> &#8211; Disp\u00f5e sobre o adiamento e o cancelamento de servi\u00e7os, de reservas e de eventos dos setores de turismo e de cultura em raz\u00e3o do estado de calamidade p\u00fablica reconhecido pelo Decreto Legislativo n\u00ba 6, de 20 de mar\u00e7o de 2020, e da emerg\u00eancia de sa\u00fade p\u00fablica de import\u00e2ncia internacional decorrente da pandemia da Covid-19. <span class=\" aw5Odc\"><a class=\"XqQF9c\" href=\"http:\/\/www.google.com\/url?q=http%3A%2F%2Fwww.planalto.gov.br%2FCCIVIL_03%2F_Ato2019-2022%2F2020%2FMsg%2FVEP%2FVEP-474.htm&amp;sa=D&amp;sntz=1&amp;usg=AOvVaw2iwX7NuS-d4HtWJEpm8aKU\" target=\"_blank\" rel=\"noopener\">Mensagem de veto<\/a><\/span><\/p><\/li><li class=\"TYR86d wXCUfe zfr3Q\" dir=\"ltr\"><p class=\"CDt4Ke zfr3Q\" dir=\"ltr\"><span class=\" aw5Odc\"><a class=\"XqQF9c\" href=\"http:\/\/www.google.com\/url?q=http%3A%2F%2Fwww.planalto.gov.br%2FCCIVIL_03%2F_Ato2019-2022%2F2020%2FDecreto%2FD10470.htm&amp;sa=D&amp;sntz=1&amp;usg=AOvVaw0OD9nLWOq-G9Ay5w-w3Eoa\" target=\"_blank\" rel=\"noopener\">Decreto n\u00ba 10.470, de 24.8.2020<\/a><\/span> &#8211; Prorroga os prazos para celebrar acordos de redu\u00e7\u00e3o proporcional de jornada de trabalho e de sal\u00e1rio e de suspens\u00e3o tempor\u00e1ria de contrato de trabalho e para efetuar o pagamento dos benef\u00edcios emergenciais de que trata a Lei n\u00ba 14.020, de 6 de julho de 2020.<\/p><\/li><li class=\"TYR86d wXCUfe zfr3Q\" dir=\"ltr\"><p class=\"CDt4Ke zfr3Q\" dir=\"ltr\"><span class=\" aw5Odc\"><a class=\"XqQF9c\" href=\"http:\/\/www.google.com\/url?q=http%3A%2F%2Fwww.planalto.gov.br%2FCCIVIL_03%2F_Ato2019-2022%2F2020%2FLei%2FL14045.htm&amp;sa=D&amp;sntz=1&amp;usg=AOvVaw2Ut2CCLvxHMTkQdojuLHiK\" target=\"_blank\" rel=\"noopener\">Lei n\u00ba 14.045, de 20.8.2020<\/a><\/span> &#8211; Altera a Lei n\u00ba 13.999, de 18 de maio de 2020, para instituir linha de cr\u00e9dito destinada aos profissionais liberais que atuem como pessoa f\u00edsica, durante o estado de calamidade p\u00fablica reconhecido pelo Decreto Legislativo n\u00ba 6, de 20 de mar\u00e7o de 2020, e a Lei n\u00ba 12.087, de 11 de novembro de 2009, para criar o Conselho de Participa\u00e7\u00e3o em Fundos Garantidores de Risco de Cr\u00e9dito para Microempresas e para Pequenas e M\u00e9dias Empresas e o Conselho de Participa\u00e7\u00e3o em Opera\u00e7\u00f5es de Cr\u00e9dito Educativo. <span class=\" aw5Odc\"><a class=\"XqQF9c\" href=\"http:\/\/www.google.com\/url?q=http%3A%2F%2Fwww.planalto.gov.br%2FCCIVIL_03%2F_Ato2019-2022%2F2020%2FMsg%2FVEP%2FVEP-471.htm&amp;sa=D&amp;sntz=1&amp;usg=AOvVaw32qydXAwVn48ZJOJo6xVqS\" target=\"_blank\" rel=\"noopener\">Mensagem de veto<\/a><\/span><\/p><\/li><li class=\"TYR86d wXCUfe zfr3Q\" dir=\"ltr\"><p class=\"CDt4Ke zfr3Q\" dir=\"ltr\"><span class=\" aw5Odc\"><a class=\"XqQF9c\" href=\"http:\/\/www.google.com\/url?q=http%3A%2F%2Fwww.planalto.gov.br%2FCCIVIL_03%2F_Ato2019-2022%2F2020%2FLei%2FL14043.htm&amp;sa=D&amp;sntz=1&amp;usg=AOvVaw1gf00rnOBdjZAaAE7m6ndU\" target=\"_blank\" rel=\"noopener\">Lei n\u00ba 14.043, de 19.8.2020<\/a><\/span> &#8211; Institui o Programa Emergencial de Suporte a Empregos; altera as Leis n\u00bas 9.430, de 27 de dezembro de 1996, e 13.999, de 18 de maio de 2020; e d\u00e1 outras provid\u00eancias. <span class=\" aw5Odc\"><a class=\"XqQF9c\" href=\"http:\/\/www.google.com\/url?q=http%3A%2F%2Fwww.planalto.gov.br%2FCCIVIL_03%2F_Ato2019-2022%2F2020%2FMsg%2FVEP%2FVEP-466.htm&amp;sa=D&amp;sntz=1&amp;usg=AOvVaw09huVpZw7rbWScmGYa4eA9\" target=\"_blank\" rel=\"noopener\">Mensagem de veto<\/a><\/span><\/p><\/li><li class=\"TYR86d wXCUfe zfr3Q\" dir=\"ltr\"><p class=\"CDt4Ke zfr3Q\" dir=\"ltr\"><span class=\" aw5Odc\"><a class=\"XqQF9c\" href=\"http:\/\/www.google.com\/url?q=http%3A%2F%2Fwww.planalto.gov.br%2FCCIVIL_03%2F_Ato2019-2022%2F2020%2FLei%2FL14042.htm&amp;sa=D&amp;sntz=1&amp;usg=AOvVaw1PkkJuEen6VCpgb3pRpMqv\" target=\"_blank\" rel=\"noopener\">Lei n\u00ba 14.042, de 19.8.2020<\/a><\/span> &#8211; Institui o Programa Emergencial de Acesso a Cr\u00e9dito (Peac); altera as Leis n\u00bas 12.087, de 11 de novembro de 2009, e 13.999, de 18 de maio de 2020; e d\u00e1 outras provid\u00eancias. <span class=\" aw5Odc\"><a class=\"XqQF9c\" href=\"http:\/\/www.google.com\/url?q=http%3A%2F%2Fwww.planalto.gov.br%2FCCIVIL_03%2F_Ato2019-2022%2F2020%2FMsg%2FVEP%2FVEP-465.htm&amp;sa=D&amp;sntz=1&amp;usg=AOvVaw0jonrzpVOd3RgQvEQgGoh_\" target=\"_blank\" rel=\"noopener\">Mensagem de veto<\/a><\/span><\/p><\/li><li class=\"TYR86d wXCUfe zfr3Q\" dir=\"ltr\"><p class=\"CDt4Ke zfr3Q\" dir=\"ltr\"><span class=\" aw5Odc\"><a class=\"XqQF9c\" href=\"http:\/\/www.google.com\/url?q=http%3A%2F%2Fwww.planalto.gov.br%2FCCIVIL_03%2F_Ato2019-2022%2F2020%2FLei%2FL14041.htm&amp;sa=D&amp;sntz=1&amp;usg=AOvVaw1OBrHnJm5dD8NIUQq3Bn6O\" target=\"_blank\" rel=\"noopener\">Lei n\u00ba 14.041, de 18.8.2020<\/a><\/span> &#8211; Disp\u00f5e sobre a presta\u00e7\u00e3o de apoio financeiro pela Uni\u00e3o aos Estados, ao Distrito Federal e aos Munic\u00edpios com o objetivo de mitigar as dificuldades financeiras decorrentes do estado de calamidade p\u00fablica reconhecido pelo Decreto Legislativo n\u00ba 6, de 20 de mar\u00e7o de 2020, e da emerg\u00eancia de sa\u00fade p\u00fablica de import\u00e2ncia internacional decorrente da pandemia da Covid-19. <span class=\" aw5Odc\"><a class=\"XqQF9c\" href=\"http:\/\/www.google.com\/url?q=http%3A%2F%2Fwww.planalto.gov.br%2FCCIVIL_03%2F_Ato2019-2022%2F2020%2FMsg%2FVEP%2FVEP-461.htm&amp;sa=D&amp;sntz=1&amp;usg=AOvVaw0YpaKuucvL4l0DJyrprQce\" target=\"_blank\" rel=\"noopener\">Mensagem de veto<\/a><\/span><\/p><\/li><li class=\"TYR86d wXCUfe zfr3Q\" dir=\"ltr\"><p class=\"CDt4Ke zfr3Q\" dir=\"ltr\"><span class=\" aw5Odc\"><a class=\"XqQF9c\" href=\"http:\/\/www.google.com\/url?q=http%3A%2F%2Fwww.planalto.gov.br%2FCCIVIL_03%2F_Ato2019-2022%2F2020%2FLei%2FL14040.htm&amp;sa=D&amp;sntz=1&amp;usg=AOvVaw3spWlVwGLIK72i_OxkbrG8\" target=\"_blank\" rel=\"noopener\">Lei n\u00ba 14.040, de 18.8.2020<\/a><\/span> &#8211; Estabelece normas educacionais excepcionais a serem adotadas durante o estado de calamidade p\u00fablica reconhecido pelo Decreto Legislativo n\u00ba 6, de 20 de mar\u00e7o de 2020; e altera a Lei n\u00ba 11.947, de 16 de junho de 2009. <span class=\" aw5Odc\"><a class=\"XqQF9c\" href=\"http:\/\/www.google.com\/url?q=http%3A%2F%2Fwww.planalto.gov.br%2FCCIVIL_03%2F_Ato2019-2022%2F2020%2FMsg%2FVEP%2FVEP-460.htm&amp;sa=D&amp;sntz=1&amp;usg=AOvVaw3XHQaJHWmH4tMuZF7POLD3\" target=\"_blank\" rel=\"noopener\">Mensagem de veto<\/a><\/span><\/p><\/li><li class=\"TYR86d wXCUfe zfr3Q\" dir=\"ltr\"><p class=\"CDt4Ke zfr3Q\" dir=\"ltr\"><span class=\" aw5Odc\"><a class=\"XqQF9c\" href=\"http:\/\/www.google.com\/url?q=http%3A%2F%2Fwww.planalto.gov.br%2FCCIVIL_03%2F_Ato2019-2022%2F2020%2FDecreto%2FD10464.htm&amp;sa=D&amp;sntz=1&amp;usg=AOvVaw1y47EB_1Lnqfok-SM9cnUC\" target=\"_blank\" rel=\"noopener\">Decreto n\u00ba 10.464, de 17.8.2020<\/a><\/span> &#8211; Regulamenta a Lei n\u00ba 14.017, de 29 de junho de 2020, que disp\u00f5e sobre as a\u00e7\u00f5es emergenciais destinadas ao setor cultural a serem adotadas durante o estado de calamidade p\u00fablica reconhecido pelo Decreto Legislativo n\u00ba 6, de 20 de mar\u00e7o de 2020.<\/p><\/li><li class=\"TYR86d wXCUfe zfr3Q\" dir=\"ltr\"><p class=\"CDt4Ke zfr3Q\" dir=\"ltr\"><span class=\" aw5Odc\"><a class=\"XqQF9c\" href=\"http:\/\/www.google.com\/url?q=http%3A%2F%2Fwww.planalto.gov.br%2FCCIVIL_03%2F_Ato2019-2022%2F2020%2FLei%2FL14036.htm&amp;sa=D&amp;sntz=1&amp;usg=AOvVaw3pvpcxTnl589fGVgXxIMcW\" target=\"_blank\" rel=\"noopener\">Lei n\u00ba 14.036, de 13.8.2020<\/a><\/span> &#8211; Altera a Lei n\u00ba 14.017, de 29 de junho de 2020, para estabelecer a forma de repasse pela Uni\u00e3o dos valores a serem aplicados pelos Poderes Executivos locais em a\u00e7\u00f5es emergenciais de apoio ao setor cultural durante o estado de calamidade p\u00fablica reconhecido pelo Decreto Legislativo n\u00ba 6, de 20 de mar\u00e7o de 2020, e as regras para a restitui\u00e7\u00e3o ou a suplementa\u00e7\u00e3o dos valores por meio de outras fontes pr\u00f3prias de recursos pelos Estados, pelos Munic\u00edpios ou pelo Distrito Federal.<\/p><\/li><li class=\"TYR86d wXCUfe zfr3Q\" dir=\"ltr\"><p class=\"CDt4Ke zfr3Q\" dir=\"ltr\"><span class=\" aw5Odc\"><a class=\"XqQF9c\" href=\"http:\/\/www.google.com\/url?q=http%3A%2F%2Fwww.planalto.gov.br%2FCCIVIL_03%2FPortaria%2FPRT%2FPortaria-2104-20-MS.htm&amp;sa=D&amp;sntz=1&amp;usg=AOvVaw2RW8Zo1Oc1o1L11yEwqVuz\" target=\"_blank\" rel=\"noopener\">Portaria n\u00ba 2.104, de 12.8.2020<\/a><\/span> &#8211; Habilita leitos de Unidades de Terapia Intensiva &#8211; UTI Adulto Tipo II &#8211; COVID-19 e estabelece recurso financeiro do Bloco de Manuten\u00e7\u00e3o das A\u00e7\u00f5es e Servi\u00e7os P\u00fablicos de Sa\u00fade &#8211; Grupo Coronav\u00edrus (COVID 19), a ser disponibilizado ao Estado de Santa Catarina e Munic\u00edpios.<\/p><\/li><li class=\"TYR86d wXCUfe zfr3Q\" dir=\"ltr\"><p class=\"CDt4Ke zfr3Q\" dir=\"ltr\"><span class=\" aw5Odc\"><a class=\"XqQF9c\" href=\"http:\/\/www.google.com\/url?q=http%3A%2F%2Fwww.planalto.gov.br%2FCCIVIL_03%2F_Ato2019-2022%2F2020%2FLei%2FL14035.htm&amp;sa=D&amp;sntz=1&amp;usg=AOvVaw0YxQfDGXU18VefYPpLgvMy\" target=\"_blank\" rel=\"noopener\">Lei n\u00ba 14.035, de 11.8.2020<\/a><\/span> &#8211; Altera a Lei n\u00ba 13.979, de 6 de fevereiro de 2020, para dispor sobre procedimentos para a aquisi\u00e7\u00e3o ou contrata\u00e7\u00e3o de bens, servi\u00e7os e insumos destinados ao enfrentamento da emerg\u00eancia de sa\u00fade p\u00fablica de import\u00e2ncia internacional decorrente do coronav\u00edrus respons\u00e1vel pelo surto de 2019. <span class=\" aw5Odc\"><a class=\"XqQF9c\" href=\"http:\/\/www.google.com\/url?q=http%3A%2F%2Fwww.planalto.gov.br%2FCCIVIL_03%2F_Ato2019-2022%2F2020%2FMsg%2FVEP%2FVEP-441.htm&amp;sa=D&amp;sntz=1&amp;usg=AOvVaw1VAAXSAsEilt15Oqnp_Q01\" target=\"_blank\" rel=\"noopener\">Mensagem de veto<\/a><\/span><\/p><\/li><li class=\"TYR86d wXCUfe zfr3Q\" dir=\"ltr\"><p class=\"CDt4Ke zfr3Q\" dir=\"ltr\"><span class=\" aw5Odc\"><a class=\"XqQF9c\" href=\"http:\/\/www.google.com\/url?q=http%3A%2F%2Fwww.planalto.gov.br%2FCCIVIL_03%2FPortaria%2FPRT%2FPortaria-2075-20-MS.htm&amp;sa=D&amp;sntz=1&amp;usg=AOvVaw1be0FfOvVYWHHagZhEksq9\" target=\"_blank\" rel=\"noopener\">Portaria n\u00ba 2.075, de 11.8.2020<\/a><\/span> &#8211; Estabelece recursos do Bloco de Custeio das A\u00e7\u00f5es e dos Servi\u00e7os P\u00fablicos de Sa\u00fade a serem disponibilizados aos Estados, Distrito Federal e Munic\u00edpios, destinados ao custeio de a\u00e7\u00f5es e servi\u00e7os relacionados \u00e0 COVID 19.<\/p><\/li><li class=\"TYR86d wXCUfe zfr3Q\" dir=\"ltr\"><p class=\"CDt4Ke zfr3Q\" dir=\"ltr\"><span class=\" aw5Odc\"><a class=\"XqQF9c\" href=\"http:\/\/www.google.com\/url?q=http%3A%2F%2Fwww.planalto.gov.br%2FCCIVIL_03%2FPortaria%2FPRT%2FPortaria-2072-20-MS.htm&amp;sa=D&amp;sntz=1&amp;usg=AOvVaw2QOzZeJXl9u4p0RuydTtYm\" target=\"_blank\" rel=\"noopener\">Portaria n\u00ba 2.072, de 11.8.2020<\/a><\/span> &#8211; Estabelece recursos do Bloco de Custeio das A\u00e7\u00f5es e dos Servi\u00e7os P\u00fablicos de Sa\u00fade a serem disponibilizados aos Estados, Distrito Federal e Munic\u00edpios, destinados ao custeio de a\u00e7\u00f5es e servi\u00e7os relacionados \u00e0 COVID 19.<\/p><\/li><li class=\"TYR86d wXCUfe zfr3Q\" dir=\"ltr\"><p class=\"CDt4Ke zfr3Q\" dir=\"ltr\"><span class=\" aw5Odc\"><a class=\"XqQF9c\" href=\"http:\/\/www.google.com\/url?q=http%3A%2F%2Fwww.planalto.gov.br%2FCCIVIL_03%2F_Ato2019-2022%2F2020%2FMpv%2Fmpv994.htm&amp;sa=D&amp;sntz=1&amp;usg=AOvVaw2QL0WI26K-0dB-T7sApBI_\" target=\"_blank\" rel=\"noopener\">Medida Provis\u00f3ria n\u00ba 994, de 6.8.2020<\/a><\/span> &#8211; Abre cr\u00e9dito extraordin\u00e1rio, em favor do Minist\u00e9rio da Sa\u00fade, no valor de R$ 1.994.960.005,00, para o fim que especifica, e d\u00e1 outras provid\u00eancias.<\/p><\/li><li class=\"TYR86d wXCUfe zfr3Q\" dir=\"ltr\"><p class=\"CDt4Ke zfr3Q\" dir=\"ltr\"><span class=\" aw5Odc\"><a class=\"XqQF9c\" href=\"http:\/\/www.google.com\/url?q=http%3A%2F%2Fwww.planalto.gov.br%2FCCIVIL_03%2F_Ato2019-2022%2F2020%2FDecreto%2FD10446.htm&amp;sa=D&amp;sntz=1&amp;usg=AOvVaw1CTc5yRd52q4677rXjJNeG\" target=\"_blank\" rel=\"noopener\">Decreto n\u00ba 10.446, de 6.8.2020<\/a><\/span> &#8211; Disp\u00f5e sobre a regulamenta\u00e7\u00e3o da celebra\u00e7\u00e3o de aditivos contratuais que versem sobre a altera\u00e7\u00e3o do cronograma de pagamentos das outorgas nos contratos de parceria no setor aeroportu\u00e1rio celebrados at\u00e9 31 de dezembro de 2016, de que trata a Lei n\u00ba 13.499, de 26 de outubro de 2017, com as altera\u00e7\u00f5es promovidas pela Lei n\u00ba 14.034, de 5 de agosto de 2020.<\/p><\/li><li class=\"TYR86d wXCUfe zfr3Q\" dir=\"ltr\"><p class=\"CDt4Ke zfr3Q\" dir=\"ltr\"><span class=\" aw5Odc\"><a class=\"XqQF9c\" href=\"http:\/\/www.google.com\/url?q=http%3A%2F%2Fwww.planalto.gov.br%2FCCIVIL_03%2F_Ato2019-2022%2F2020%2FLei%2FL14034.htm&amp;sa=D&amp;sntz=1&amp;usg=AOvVaw1ybYBb8m7N44Mtmt2qqf-8\" target=\"_blank\" rel=\"noopener\">Lei n\u00ba 14.034, de 5.8.2020<\/a><\/span> &#8211; Disp\u00f5e sobre medidas emergenciais para a avia\u00e7\u00e3o civil brasileira em raz\u00e3o da pandemia da Covid-19; e altera as Leis n\u00bas 7.565, de 19 de dezembro de 1986, 6.009, de 26 de dezembro de 1973, 12.462, de 4 de agosto de 2011, 13.319, de 25 de julho de 2016, 13.499, de 26 de outubro de 2017, e 9.825, de 23 de agosto de 1999. <span class=\" aw5Odc\"><a class=\"XqQF9c\" href=\"http:\/\/www.google.com\/url?q=http%3A%2F%2Fwww.planalto.gov.br%2FCCIVIL_03%2F_Ato2019-2022%2F2020%2FMsg%2FVEP%2FVEP-433.htm&amp;sa=D&amp;sntz=1&amp;usg=AOvVaw0oONwk2Wpfz7AD3BAfOnRc\" target=\"_blank\" rel=\"noopener\">Mensagem de veto<\/a><\/span><\/p><\/li><li class=\"TYR86d wXCUfe zfr3Q\" dir=\"ltr\"><p class=\"CDt4Ke zfr3Q\" dir=\"ltr\"><span class=\" aw5Odc\"><a class=\"XqQF9c\" href=\"http:\/\/www.google.com\/url?q=http%3A%2F%2Fwww.planalto.gov.br%2FCCIVIL_03%2FPortaria%2FPRT%2FPortaria-1950-20-MS.htm&amp;sa=D&amp;sntz=1&amp;usg=AOvVaw07dyrIEf21onpzifjQuiBj\" target=\"_blank\" rel=\"noopener\">Portaria n\u00ba 1.950, de 4.8.2020<\/a><\/span> &#8211; Delega compet\u00eancia ao Secret\u00e1rio de Aten\u00e7\u00e3o Especializada \u00e0 Sa\u00fade, do Minist\u00e9rio da Sa\u00fade, para realizar requisi\u00e7\u00e3o de medicamentos, equipamentos, imunobiol\u00f3gicos e outros insumos de interesse para sa\u00fade, durante a vig\u00eancia da declara\u00e7\u00e3o de emerg\u00eancia em sa\u00fade p\u00fablica de import\u00e2ncia internacional decorrente do coronav\u00edrus (COVID-19).<\/p><\/li><li class=\"TYR86d wXCUfe zfr3Q\" dir=\"ltr\"><p class=\"CDt4Ke zfr3Q\" dir=\"ltr\"><span class=\" aw5Odc\"><a class=\"XqQF9c\" href=\"http:\/\/www.google.com\/url?q=http%3A%2F%2Fwww.planalto.gov.br%2FCCIVIL_03%2F_Ato2019-2022%2F2020%2FLei%2FL14033.htm&amp;sa=D&amp;sntz=1&amp;usg=AOvVaw05-aWD2rGU3SfHmvxNCodv\" target=\"_blank\" rel=\"noopener\">Lei n\u00ba 14.033, de 4.8.2020<\/a><\/span> &#8211; Abre cr\u00e9dito extraordin\u00e1rio em favor da Presid\u00eancia da Rep\u00fablica, do Minist\u00e9rio da Educa\u00e7\u00e3o, do Minist\u00e9rio da Justi\u00e7a e Seguran\u00e7a P\u00fablica e do Minist\u00e9rio da Mulher, da Fam\u00edlia e dos Direitos Humanos, no valor de R$ 639.034.512,00 (seiscentos e trinta e nove milh\u00f5es, trinta e quatro mil quinhentos e doze reais), para os fins que especifica.<\/p><\/li><li class=\"TYR86d wXCUfe zfr3Q\" dir=\"ltr\"><p class=\"CDt4Ke zfr3Q\" dir=\"ltr\"><span class=\" aw5Odc\"><a class=\"XqQF9c\" href=\"http:\/\/www.google.com\/url?q=http%3A%2F%2Fwww.planalto.gov.br%2FCCIVIL_03%2F_Ato2019-2022%2F2020%2FLei%2FL14032.htm&amp;sa=D&amp;sntz=1&amp;usg=AOvVaw2deY0PdhR7QOEYJgiExv4v\" target=\"_blank\" rel=\"noopener\">Lei n\u00ba 14.032, de 4.8.2020<\/a><\/span> &#8211; Abre cr\u00e9dito extraordin\u00e1rio em favor dos Minist\u00e9rios da Educa\u00e7\u00e3o, da Sa\u00fade e da Cidadania, no valor de R$ 2.113.789.466,00 (dois bilh\u00f5es, cento e treze milh\u00f5es, setecentos e oitenta e nove mil quatrocentos e sessenta e seis reais), para os fins que especifica.<\/p><\/li><li class=\"TYR86d wXCUfe zfr3Q\" dir=\"ltr\"><p class=\"CDt4Ke zfr3Q\" dir=\"ltr\"><span class=\" aw5Odc\"><a class=\"XqQF9c\" href=\"http:\/\/www.google.com\/url?q=http%3A%2F%2Fwww.planalto.gov.br%2FCCIVIL_03%2FPortaria%2FPRT%2FPortaria-3032-20-mcti.htm&amp;sa=D&amp;sntz=1&amp;usg=AOvVaw0nRKP2uopqhR3RGxXKLFeK\" target=\"_blank\" rel=\"noopener\">Portaria n\u00ba 3.032, de 31.7.2020<\/a><\/span> &#8211; Altera a Portaria MCTI n\u00ba 2.858, de 8 de julho 2020, que limita a concess\u00e3o da jornada de trabalho remoto institu\u00eddo pela Portaria MCTIC n\u00ba 1.186, de 20 de mar\u00e7o de 2020, determina o retorno gradual das atividades presenciais e fixa medidas de preven\u00e7\u00e3o \u00e0 infec\u00e7\u00e3o e \u00e0 propaga\u00e7\u00e3o do novo coronav\u00edrus (2019-nCoV), no \u00e2mbito do Minist\u00e9rio da Ci\u00eancia, Tecnologia e Inova\u00e7\u00f5es &#8211; MCTI.<\/p><\/li><li class=\"TYR86d wXCUfe zfr3Q\" dir=\"ltr\"><p class=\"CDt4Ke zfr3Q\" dir=\"ltr\"><span class=\" aw5Odc\"><a class=\"XqQF9c\" href=\"http:\/\/www.google.com\/url?q=http%3A%2F%2Fwww.planalto.gov.br%2FCCIVIL_03%2FPortaria%2FPRT%2FPortaria-453-20-mcidadania.htm&amp;sa=D&amp;sntz=1&amp;usg=AOvVaw3YCnki6dTj1DRMj0qisEhq\" target=\"_blank\" rel=\"noopener\">Portaria n\u00ba 453, de 31.7.2020<\/a><\/span> &#8211; Dispor sobre o calend\u00e1rio de pagamentos e saques do aux\u00edlio emergencial institu\u00eddo pela Lei n\u00ba 13.982, de 2 de abril de 2020.<\/p><\/li><li class=\"TYR86d wXCUfe zfr3Q\" dir=\"ltr\"><p class=\"CDt4Ke zfr3Q\" dir=\"ltr\"><span class=\" aw5Odc\"><a class=\"XqQF9c\" href=\"http:\/\/www.google.com\/url?q=http%3A%2F%2Fwww.planalto.gov.br%2FCCIVIL_03%2FPortaria%2FPRT%2FPortaria-219-20-mctic.htm&amp;sa=D&amp;sntz=1&amp;usg=AOvVaw2e7O4Msz67-dUVbGniZoZn\" target=\"_blank\" rel=\"noopener\">Portaria n\u00ba 219, de 30.7.2020<\/a><\/span> &#8211; Altera a Portaria MC n\u00ba 53, de 8 de julho de 2020, que limita a concess\u00e3o da jornada de trabalho remoto institu\u00eddo pela Portaria MCTIC n\u00ba 1.186, de 20 de mar\u00e7o de 2020, determina o retorno gradual das atividades presenciais e fixa medidas de preven\u00e7\u00e3o \u00e0 infec\u00e7\u00e3o e \u00e0 propaga\u00e7\u00e3o do novo Coronav\u00edrus (2019-nCoV), no \u00e2mbito do Minist\u00e9rio das Comunica\u00e7\u00f5es &#8211; MC.<\/p><\/li><li class=\"TYR86d wXCUfe zfr3Q\" dir=\"ltr\"><p class=\"CDt4Ke zfr3Q\" dir=\"ltr\"><span class=\" aw5Odc\"><a class=\"XqQF9c\" href=\"http:\/\/www.google.com\/url?q=http%3A%2F%2Fwww.planalto.gov.br%2FCCIVIL_03%2FPortaria%2FPRT%2FPortaria-1-20-cc-mjsp-minfra-ms.htm&amp;sa=D&amp;sntz=1&amp;usg=AOvVaw1tB5M58vgwp1E-wzBUuz1P\" target=\"_blank\" rel=\"noopener\">Portaria n\u00ba 1, de 29.7.2020<\/a><\/span> &#8211; Disp\u00f5e sobre a restri\u00e7\u00e3o excepcional e tempor\u00e1ria de entrada no Pa\u00eds de estrangeiros, de qualquer nacionalidade, conforme recomenda\u00e7\u00e3o da Ag\u00eancia Nacional de Vigil\u00e2ncia Sanit\u00e1ria &#8211; Anvisa.<\/p><\/li><li class=\"TYR86d wXCUfe zfr3Q\" dir=\"ltr\"><p class=\"CDt4Ke zfr3Q\" dir=\"ltr\"><span class=\" aw5Odc\"><a class=\"XqQF9c\" href=\"http:\/\/www.google.com\/url?q=http%3A%2F%2Fwww.planalto.gov.br%2FCCIVIL_03%2F_Ato2019-2022%2F2020%2FLei%2FL14030.htm&amp;sa=D&amp;sntz=1&amp;usg=AOvVaw1RxI7q0rYcuwl7QflOPt3_\" target=\"_blank\" rel=\"noopener\">Lei n\u00ba 14.030, de 28.7.2020<\/a><\/span> &#8211; Disp\u00f5e sobre as assembleias e as reuni\u00f5es de sociedades an\u00f4nimas, de sociedades limitadas, de sociedades cooperativas e de entidades de representa\u00e7\u00e3o do cooperativismo durante o exerc\u00edcio de 2020; altera as Leis n\u00bas 5.764, de 16 de dezembro de 1971, 6.404, de 15 de dezembro de 1976, e 10.406, de 10 de janeiro de 2002 (C\u00f3digo Civil); e d\u00e1 outras provid\u00eancias. <span class=\" aw5Odc\"><a class=\"XqQF9c\" href=\"http:\/\/www.google.com\/url?q=http%3A%2F%2Fwww.planalto.gov.br%2FCCIVIL_03%2F_Ato2019-2022%2F2020%2FMsg%2FVEP%2FVEP-421.htm&amp;sa=D&amp;sntz=1&amp;usg=AOvVaw04p0zyY35s87Psmct55FEW\" target=\"_blank\" rel=\"noopener\">Mensagem de veto<\/a><\/span><\/p><\/li><li class=\"TYR86d wXCUfe zfr3Q\" dir=\"ltr\"><p class=\"CDt4Ke zfr3Q\" dir=\"ltr\"><span class=\" aw5Odc\"><a class=\"XqQF9c\" href=\"http:\/\/www.google.com\/url?q=http%3A%2F%2Fwww.planalto.gov.br%2FCCIVIL_03%2F_Ato2019-2022%2F2020%2FLei%2FL14029.htm&amp;sa=D&amp;sntz=1&amp;usg=AOvVaw2XD2NkyH3xvOle9MgIZDdN\" target=\"_blank\" rel=\"noopener\">Lei n\u00ba 14.029, de 28.7.2020<\/a><\/span> &#8211; Disp\u00f5e sobre a transposi\u00e7\u00e3o e a reprograma\u00e7\u00e3o de saldos financeiros constantes dos fundos de assist\u00eancia social dos Estados, do Distrito Federal e dos Munic\u00edpios, provenientes de repasses federais. <span class=\" aw5Odc\"><a class=\"XqQF9c\" href=\"http:\/\/www.google.com\/url?q=http%3A%2F%2Fwww.planalto.gov.br%2FCCIVIL_03%2F_Ato2019-2022%2F2020%2FMsg%2FVEP%2FVEP-420.htm&amp;sa=D&amp;sntz=1&amp;usg=AOvVaw3eqlrsX8WYavdxaxBPA--a\" target=\"_blank\" rel=\"noopener\">Mensagem de veto<\/a><\/span><\/p><\/li><li class=\"TYR86d wXCUfe zfr3Q\" dir=\"ltr\"><p class=\"CDt4Ke zfr3Q\" dir=\"ltr\"><span class=\" aw5Odc\"><a class=\"XqQF9c\" href=\"http:\/\/www.google.com\/url?q=http%3A%2F%2Fwww.planalto.gov.br%2FCCIVIL_03%2F_Ato2019-2022%2F2020%2FLei%2FL14028.htm&amp;sa=D&amp;sntz=1&amp;usg=AOvVaw3DJFtuddyu77i8yfCvUzPp\" target=\"_blank\" rel=\"noopener\">Lei n\u00ba 14.028, de 27.7.2020<\/a><\/span> &#8211; Altera a Lei n\u00ba 13.979, de 6 de fevereiro de 2020, para garantir que o receitu\u00e1rio m\u00e9dico ou odontol\u00f3gico de medicamentos sujeitos a prescri\u00e7\u00e3o e de uso cont\u00ednuo tenha validade pelo menos enquanto perdurarem as medidas de isolamento para conten\u00e7\u00e3o do surto da Covid-19, na forma que especifica. <span class=\" aw5Odc\"><a class=\"XqQF9c\" href=\"http:\/\/www.google.com\/url?q=http%3A%2F%2Fwww.planalto.gov.br%2FCCIVIL_03%2F_Ato2019-2022%2F2020%2FMsg%2FVEP%2FVEP-419.htm&amp;sa=D&amp;sntz=1&amp;usg=AOvVaw11ZBk7OloaM8Y5vVDMOBSw\" target=\"_blank\" rel=\"noopener\">Mensagem de veto<\/a><\/span><\/p><\/li><li class=\"TYR86d wXCUfe zfr3Q\" dir=\"ltr\"><p class=\"CDt4Ke zfr3Q\" dir=\"ltr\"><span class=\" aw5Odc\"><a class=\"XqQF9c\" href=\"http:\/\/www.google.com\/url?q=http%3A%2F%2Fwww.planalto.gov.br%2FCCIVIL_03%2FPortaria%2FPRT%2FPortaria-1857-20-MS.htm&amp;sa=D&amp;sntz=1&amp;usg=AOvVaw22sxX5Q6YpdvZSxbD5z9c5\" target=\"_blank\" rel=\"noopener\">Portaria n\u00ba 1.857, de 28.7.2020<\/a><\/span> &#8211; Disp\u00f5e sobre a transfer\u00eancia de incentivos financeiros aos Munic\u00edpios e ao Distrito Federal para combate \u00e0 Emerg\u00eancia em Sa\u00fade P\u00fablica de Import\u00e2ncia Nacional (ESPIN) em decorr\u00eancia da Infec\u00e7\u00e3o Humana pelo novo Coronav\u00edrus\/Covid-19, considerando as escolas p\u00fablicas da rede b\u00e1sica de ensino.<\/p><\/li><li class=\"TYR86d wXCUfe zfr3Q\" dir=\"ltr\"><p class=\"CDt4Ke zfr3Q\" dir=\"ltr\"><span class=\" aw5Odc\"><a class=\"XqQF9c\" href=\"http:\/\/www.google.com\/url?q=http%3A%2F%2Fwww.planalto.gov.br%2FCCIVIL_03%2F_Ato2019-2022%2F2020%2FMpv%2Fmpv992.htm&amp;sa=D&amp;sntz=1&amp;usg=AOvVaw0ftpX-zm3-rZtTef-O7as-\" target=\"_blank\" rel=\"noopener\">Medida Provis\u00f3ria n\u00ba 992, de 16.7.2020<\/a><\/span> &#8211; Disp\u00f5e sobre o financiamento a microempresa e empresa de pequeno e m\u00e9dio porte, sobre o cr\u00e9dito presumido apurado com base em cr\u00e9ditos decorrentes de diferen\u00e7as tempor\u00e1rias, sobre o compartilhamento de aliena\u00e7\u00e3o fiduci\u00e1ria e sobre a dispensa do cumprimento de exig\u00eancias de demonstra\u00e7\u00e3o de regularidade fiscal nas opera\u00e7\u00f5es praticadas pelo Banco Central do Brasil em decorr\u00eancia do disposto no art. 7\u00ba da Emenda Constitucional n\u00ba 106, de 7 de maio de 2020, e altera a Lei n\u00ba 13.476, de 28 de agosto de 2017, a Lei n\u00ba 13.097, de 19 de janeiro de 2015, e a Lei n\u00ba 6.015, de 31 de dezembro de 1973.<\/p><\/li><li class=\"TYR86d wXCUfe zfr3Q\" dir=\"ltr\"><p class=\"CDt4Ke zfr3Q\" dir=\"ltr\"><span class=\" aw5Odc\"><a class=\"XqQF9c\" href=\"http:\/\/www.google.com\/url?q=http%3A%2F%2Fwww.planalto.gov.br%2FCCIVIL_03%2F_Ato2019-2022%2F2020%2FMpv%2Fmpv991.htm&amp;sa=D&amp;sntz=1&amp;usg=AOvVaw2B5u4Zxt5ujGeC-e6mv88H\" target=\"_blank\" rel=\"noopener\">Medida Provis\u00f3ria n\u00ba 991, de 15.7.2020<\/a><\/span> &#8211; Abre cr\u00e9dito extraordin\u00e1rio, em favor do Minist\u00e9rio da Mulher, da Fam\u00edlia e dos Direitos Humanos, no valor de R$ 160.000.000,00, para os fins que especifica.<\/p><\/li><li class=\"TYR86d wXCUfe zfr3Q\" dir=\"ltr\"><p class=\"CDt4Ke zfr3Q\" dir=\"ltr\"><span class=\" aw5Odc\"><a class=\"XqQF9c\" href=\"http:\/\/www.google.com\/url?q=http%3A%2F%2Fwww.planalto.gov.br%2FCCIVIL_03%2F_Ato2019-2022%2F2020%2FLei%2FL14025.htm&amp;sa=D&amp;sntz=1&amp;usg=AOvVaw1K7VqRe4kUjND-0xZ2TnAm\" target=\"_blank\" rel=\"noopener\">Lei n\u00ba 14.025, de 14.7.2020<\/a><\/span> &#8211; Altera excepcionalmente as al\u00edquotas das contribui\u00e7\u00f5es aos servi\u00e7os sociais aut\u00f4nomos que especifica e ao Fundo de Desenvolvimento do Ensino Profissional Mar\u00edtimo. <span class=\" aw5Odc\"><a class=\"XqQF9c\" href=\"http:\/\/www.google.com\/url?q=http%3A%2F%2Fwww.planalto.gov.br%2FCCIVIL_03%2F_Ato2019-2022%2F2020%2FMsg%2FVEP%2FVEP-395.htm&amp;sa=D&amp;sntz=1&amp;usg=AOvVaw2Ory09ZAIlC4ChMRhOD31U\" target=\"_blank\" rel=\"noopener\">Mensagem de veto<\/a><\/span><\/p><\/li><li class=\"TYR86d wXCUfe zfr3Q\" dir=\"ltr\"><p class=\"CDt4Ke zfr3Q\" dir=\"ltr\"><span class=\" aw5Odc\"><a class=\"XqQF9c\" href=\"http:\/\/www.google.com\/url?q=http%3A%2F%2Fwww.planalto.gov.br%2FCCIVIL_03%2FPortaria%2FPRT%2FPortaria-16655-20-ME.htm&amp;sa=D&amp;sntz=1&amp;usg=AOvVaw0AkA6FGismzjs6UXNyWiW-\" target=\"_blank\" rel=\"noopener\">Portaria n\u00ba 16.655, de 14.7.2020<\/a><\/span> &#8211; Disciplina hip\u00f3tese de recontrata\u00e7\u00e3o nos casos de rescis\u00e3o sem justa causa, durante o estado de calamidade p\u00fablica de que trata o Decreto Legislativo n\u00ba 6, de 20 de mar\u00e7o de 2020. (Processo n\u00ba 19965.108664\/2020-06).<\/p><\/li><li class=\"TYR86d wXCUfe zfr3Q\" dir=\"ltr\"><p class=\"CDt4Ke zfr3Q\" dir=\"ltr\"><span class=\" aw5Odc\"><a class=\"XqQF9c\" href=\"http:\/\/www.google.com\/url?q=http%3A%2F%2Fwww.planalto.gov.br%2FCCIVIL_03%2F_Ato2019-2022%2F2020%2FDecreto%2FD10422.htm&amp;sa=D&amp;sntz=1&amp;usg=AOvVaw1PpgQq4kikztiRUmomVQDw\" target=\"_blank\" rel=\"noopener\">Decreto n\u00ba 10.422, de 13.7.2020<\/a><\/span> &#8211; Prorroga os prazos para celebrar os acordos de redu\u00e7\u00e3o proporcional de jornada e de sal\u00e1rio e de suspens\u00e3o tempor\u00e1ria do contrato de trabalho e para efetuar o pagamento dos benef\u00edcios emergenciais de que trata a Lei n\u00ba 14.020, de 6 de julho de 2020.<\/p><\/li><li class=\"TYR86d wXCUfe zfr3Q\" dir=\"ltr\"><p class=\"CDt4Ke zfr3Q\" dir=\"ltr\"><span class=\" aw5Odc\"><a class=\"XqQF9c\" href=\"http:\/\/www.google.com\/url?q=http%3A%2F%2Fwww.planalto.gov.br%2FCCIVIL_03%2F_Ato2019-2022%2F2020%2FLei%2FL14024.htm&amp;sa=D&amp;sntz=1&amp;usg=AOvVaw3YYVhAVdFn5I_aqmJ6n--d\" target=\"_blank\" rel=\"noopener\">Lei n\u00ba 14.024, de 9.7.2020<\/a><\/span> &#8211; Altera a Lei n\u00ba 10.260, de 12 de julho de 2001, para suspender temporariamente as obriga\u00e7\u00f5es financeiras dos estudantes benefici\u00e1rios do Fundo de Financiamento Estudantil (Fies) durante o per\u00edodo de vig\u00eancia do estado de calamidade p\u00fablica reconhecido pelo Decreto Legislativo n\u00ba 6, de 20 de mar\u00e7o de 2020. <span class=\" aw5Odc\"><a class=\"XqQF9c\" href=\"http:\/\/www.google.com\/url?q=http%3A%2F%2Fwww.planalto.gov.br%2FCCIVIL_03%2F_Ato2019-2022%2F2020%2FMsg%2FVEP%2FVEP-388.htm&amp;sa=D&amp;sntz=1&amp;usg=AOvVaw0ei96f2TM19zBzkCOv4L08\" target=\"_blank\" rel=\"noopener\">Mensagem de veto<\/a><\/span><\/p><\/li><li class=\"TYR86d wXCUfe zfr3Q\" dir=\"ltr\"><p class=\"CDt4Ke zfr3Q\" dir=\"ltr\"><span class=\" aw5Odc\"><a class=\"XqQF9c\" href=\"http:\/\/www.google.com\/url?q=http%3A%2F%2Fwww.planalto.gov.br%2FCCIVIL_03%2F_Ato2019-2022%2F2020%2FMpv%2Fmpv990.htm&amp;sa=D&amp;sntz=1&amp;usg=AOvVaw0EDhOWQE_nhRY689LAQXFL\" target=\"_blank\" rel=\"noopener\">Medida Provis\u00f3ria n\u00ba 990, de 9.7.2020<\/a><\/span> &#8211; Abre cr\u00e9dito extraordin\u00e1rio, em favor de Transfer\u00eancias a Estados, Distrito Federal e Munic\u00edpios, no valor de R$ 3.000.000.000,00, para o fim que especifica, e d\u00e1 outras provid\u00eancias.<\/p><\/li><li class=\"TYR86d wXCUfe zfr3Q\" dir=\"ltr\"><p class=\"CDt4Ke zfr3Q\" dir=\"ltr\"><span class=\" aw5Odc\"><a class=\"XqQF9c\" href=\"http:\/\/www.google.com\/url?q=http%3A%2F%2Fwww.planalto.gov.br%2FCCIVIL_03%2FPortaria%2FPRT%2FPortaria-2858-20-mctic.htm&amp;sa=D&amp;sntz=1&amp;usg=AOvVaw0f_gSAIQGDyfy43HfBt-cC\" target=\"_blank\" rel=\"noopener\">Portaria n\u00ba 2.858, de 8.7.2020<\/a><\/span> &#8211; Limita a concess\u00e3o da jornada de trabalho remoto institu\u00eddo pela Portaria MCTIC n\u00ba 1.186, de 20 de mar\u00e7o de 2020, determina o retorno gradual das atividades presenciais e fixa medidas de preven\u00e7\u00e3o \u00e0 infec\u00e7\u00e3o e \u00e0 propaga\u00e7\u00e3o do novo coronav\u00edrus (2019-nCoV), no \u00e2mbito do Minist\u00e9rio da Ci\u00eancia, Tecnologia e Inova\u00e7\u00f5es &#8211; MCTI.<\/p><\/li><li class=\"TYR86d wXCUfe zfr3Q\" dir=\"ltr\"><p class=\"CDt4Ke zfr3Q\" dir=\"ltr\"><span class=\" aw5Odc\"><a class=\"XqQF9c\" href=\"http:\/\/www.google.com\/url?q=http%3A%2F%2Fwww.planalto.gov.br%2FCCIVIL_03%2FPortaria%2FPRT%2FPortaria-53-20-mctic.htm&amp;sa=D&amp;sntz=1&amp;usg=AOvVaw0O1htKwq0ZqPrb2zlSukLn\" target=\"_blank\" rel=\"noopener\">Portaria n\u00ba 53, de 8.7.2020<\/a><\/span> &#8211; Limita a concess\u00e3o da jornada de trabalho remoto institu\u00eddo pela Portaria MCTIC n\u00ba 1.186, de 20 de mar\u00e7o de 2020, determina o retorno gradual das atividades presenciais e fixa medidas de preven\u00e7\u00e3o \u00e0 infec\u00e7\u00e3o e \u00e0 propaga\u00e7\u00e3o do novo Coronav\u00edrus (2019-nCoV), no \u00e2mbito do Minist\u00e9rio das Comunica\u00e7\u00f5es &#8211; MC.<\/p><\/li><li class=\"TYR86d wXCUfe zfr3Q\" dir=\"ltr\"><p class=\"CDt4Ke zfr3Q\" dir=\"ltr\"><span class=\" aw5Odc\"><a class=\"XqQF9c\" href=\"http:\/\/www.google.com\/url?q=http%3A%2F%2Fwww.planalto.gov.br%2FCCIVIL_03%2F_Ato2019-2022%2F2020%2FMpv%2Fmpv989.htm&amp;sa=D&amp;sntz=1&amp;usg=AOvVaw3h3Wn_akEh1ril-OZFhnLT\" target=\"_blank\" rel=\"noopener\">Medida Provis\u00f3ria n\u00ba 989, de 8.7.2020<\/a><\/span> &#8211; Abre cr\u00e9dito extraordin\u00e1rio, em favor dos Minist\u00e9rios da Educa\u00e7\u00e3o, da Sa\u00fade e da Cidadania, no valor de R$ 348.347.886,00, para os fins que especifica.<\/p><\/li><li class=\"TYR86d wXCUfe zfr3Q\" dir=\"ltr\"><p class=\"CDt4Ke zfr3Q\" dir=\"ltr\"><span class=\" aw5Odc\"><a class=\"XqQF9c\" href=\"http:\/\/www.google.com\/url?q=http%3A%2F%2Fwww.planalto.gov.br%2FCCIVIL_03%2F_Ato2019-2022%2F2020%2FLei%2FL14023.htm&amp;sa=D&amp;sntz=1&amp;usg=AOvVaw26f4vKeOK2sWiQcCKumTQK\" target=\"_blank\" rel=\"noopener\">Lei n\u00ba 14.023, de 8.7.2020<\/a><\/span> &#8211; Altera a Lei n\u00ba 13.979, de 6 de fevereiro de 2020, para determinar a ado\u00e7\u00e3o de medidas imediatas que preservem a sa\u00fade e a vida de todos os profissionais considerados essenciais ao controle de doen\u00e7as e \u00e0 manuten\u00e7\u00e3o da ordem p\u00fablica, durante a emerg\u00eancia de sa\u00fade p\u00fablica decorrente do coronav\u00edrus respons\u00e1vel pelo surto de 2019.<\/p><\/li><li class=\"TYR86d wXCUfe zfr3Q\" dir=\"ltr\"><p class=\"CDt4Ke zfr3Q\" dir=\"ltr\"><span class=\" aw5Odc\"><a class=\"XqQF9c\" href=\"http:\/\/www.google.com\/url?q=http%3A%2F%2Fwww.planalto.gov.br%2FCCIVIL_03%2F_Ato2019-2022%2F2020%2FLei%2FL14022.htm&amp;sa=D&amp;sntz=1&amp;usg=AOvVaw2cGqriB1j6naFgzoysHgod\" target=\"_blank\" rel=\"noopener\">Lei n\u00ba 14.022, de 7.7.2020<\/a><\/span> &#8211; Altera a Lei n\u00ba 13.979, de 6 de fevereiro de 2020, e disp\u00f5e sobre medidas de enfrentamento \u00e0 viol\u00eancia dom\u00e9stica e familiar contra a mulher e de enfrentamento \u00e0 viol\u00eancia contra crian\u00e7as, adolescentes, pessoas idosas e pessoas com defici\u00eancia durante a emerg\u00eancia de sa\u00fade p\u00fablica de import\u00e2ncia internacional decorrente do coronav\u00edrus respons\u00e1vel pelo surto de 2019.<\/p><\/li><li class=\"TYR86d wXCUfe zfr3Q\" dir=\"ltr\"><p class=\"CDt4Ke zfr3Q\" dir=\"ltr\"><span class=\" aw5Odc\"><a class=\"XqQF9c\" href=\"http:\/\/www.google.com\/url?q=http%3A%2F%2Fwww.planalto.gov.br%2FCCIVIL_03%2F_Ato2019-2022%2F2020%2FLei%2FL14021.htm&amp;sa=D&amp;sntz=1&amp;usg=AOvVaw23sAnyqDNyJaFVg8Azidca\" target=\"_blank\" rel=\"noopener\">Lei n\u00ba 14.021, de 7.7.2020<\/a><\/span> &#8211; Disp\u00f5e sobre medidas de prote\u00e7\u00e3o social para preven\u00e7\u00e3o do cont\u00e1gio e da dissemina\u00e7\u00e3o da Covid-19 nos territ\u00f3rios ind\u00edgenas; cria o Plano Emergencial para Enfrentamento \u00e0 Covid-19 nos territ\u00f3rios ind\u00edgenas; estipula medidas de apoio \u00e0s comunidades quilombolas, aos pescadores artesanais e aos demais povos e comunidades tradicionais para o enfrentamento \u00e0 Covid-19; e altera a Lei n\u00ba 8.080, de 19 de setembro de 1990, a fim de assegurar aporte de recursos adicionais nas situa\u00e7\u00f5es emergenciais e de calamidade p\u00fablica. <span class=\" aw5Odc\"><a class=\"XqQF9c\" href=\"http:\/\/www.google.com\/url?q=http%3A%2F%2Fwww.planalto.gov.br%2FCCIVIL_03%2F_Ato2019-2022%2F2020%2FMsg%2FVEP%2FVEP-378.htm&amp;sa=D&amp;sntz=1&amp;usg=AOvVaw33WFMJH8jY70ZgiQ_7inhX\" target=\"_blank\" rel=\"noopener\">Mensagem de veto<\/a><\/span><\/p><\/li><li class=\"TYR86d wXCUfe zfr3Q\" dir=\"ltr\"><p class=\"CDt4Ke zfr3Q\" dir=\"ltr\"><span class=\" aw5Odc\"><a class=\"XqQF9c\" href=\"http:\/\/www.google.com\/url?q=http%3A%2F%2Fwww.planalto.gov.br%2FCCIVIL_03%2F_Ato2019-2022%2F2020%2FDecreto%2FD10416.htm&amp;sa=D&amp;sntz=1&amp;usg=AOvVaw2TBHioRmWYRO2kOvCcTiR1\" target=\"_blank\" rel=\"noopener\">Decreto n\u00ba 10.416, de 7.7.2020<\/a><\/span> &#8211; Autoriza o uso de videonconfer\u00eancia nas reuni\u00f5es de colegiados da administra\u00e7\u00e3o p\u00fablica federal.<\/p><\/li><li class=\"TYR86d wXCUfe zfr3Q\" dir=\"ltr\"><p class=\"CDt4Ke zfr3Q\" dir=\"ltr\"><span class=\" aw5Odc\"><a class=\"XqQF9c\" href=\"http:\/\/www.google.com\/url?q=http%3A%2F%2Fwww.planalto.gov.br%2FCCIVIL_03%2F_Ato2019-2022%2F2020%2FLei%2FL14020.htm&amp;sa=D&amp;sntz=1&amp;usg=AOvVaw08oTspParUBKN_MQvuO_h_\" target=\"_blank\" rel=\"noopener\">Lei n\u00ba 14.020, de 6.7.2020<\/a><\/span> &#8211; Institui o Programa Emergencial de Manuten\u00e7\u00e3o do Emprego e da Renda; disp\u00f5e sobre medidas complementares para enfrentamento do estado de calamidade p\u00fablica reconhecido pelo Decreto Legislativo n\u00ba 6, de 20 de mar\u00e7o de 2020, e da emerg\u00eancia de sa\u00fade p\u00fablica de import\u00e2ncia internacional decorrente do coronav\u00edrus, de que trata a Lei n\u00ba 13.979, de 6 de fevereiro de 2020; altera as Leis n\u00bas 8.213, de 24 de julho de 1991, 10.101, de 19 de dezembro de 2000, 12.546, de 14 de dezembro de 2011, 10.865, de 30 de abril de 2004, e 8.177, de 1\u00ba de mar\u00e7o de 1991; e d\u00e1 outras provid\u00eancias. <span class=\" aw5Odc\"><a class=\"XqQF9c\" href=\"http:\/\/www.google.com\/url?q=http%3A%2F%2Fwww.planalto.gov.br%2FCCIVIL_03%2F_Ato2019-2022%2F2020%2FMsg%2FVEP%2FVEP-377.htm&amp;sa=D&amp;sntz=1&amp;usg=AOvVaw2fg-RwVl9dTxT1cUr2bau1\" target=\"_blank\" rel=\"noopener\">Mensagem de veto<\/a><\/span><\/p><\/li><li class=\"TYR86d wXCUfe zfr3Q\" dir=\"ltr\"><p class=\"CDt4Ke zfr3Q\" dir=\"ltr\"><span class=\" aw5Odc\"><a class=\"XqQF9c\" href=\"http:\/\/www.google.com\/url?q=http%3A%2F%2Fwww.planalto.gov.br%2FCCIVIL_03%2FPortaria%2FRES%2FResolucao-7-20-PR.htm&amp;sa=D&amp;sntz=1&amp;usg=AOvVaw2Fu5gKTSs8EWSlfUG9EH6d\" target=\"_blank\" rel=\"noopener\">Resolu\u00e7\u00e3o n\u00ba 7, de 3.7.2020<\/a><\/span> &#8211; Disp\u00f5e sobre procedimentos a serem adotados por \u00f3rg\u00e3os e entidades do Poder Executivo federal em rela\u00e7\u00e3o \u00e0s solicita\u00e7\u00f5es de transporte de equipamentos,medicamentos e insumos para o combate \u00e0 Covid -19.<\/p><\/li><li class=\"TYR86d wXCUfe zfr3Q\" dir=\"ltr\"><p class=\"CDt4Ke zfr3Q\" dir=\"ltr\"><span class=\" aw5Odc\"><a class=\"XqQF9c\" href=\"http:\/\/www.google.com\/url?q=http%3A%2F%2Fwww.planalto.gov.br%2FCCIVIL_03%2FConstituicao%2FEmendas%2FEmc%2Femc107.htm&amp;sa=D&amp;sntz=1&amp;usg=AOvVaw22siIfsZRAOPVDRyjydaRK\" target=\"_blank\" rel=\"noopener\">Emenda Constitucional n\u00ba 107, de 2.7.2020<\/a><\/span> &#8211; Adia, em raz\u00e3o da pandemia da Covid-19, as elei\u00e7\u00f5es municipais de outubro de 2020 e os prazos eleitorais respectivos.<\/p><\/li><li class=\"TYR86d wXCUfe zfr3Q\" dir=\"ltr\"><p class=\"CDt4Ke zfr3Q\" dir=\"ltr\"><span class=\" aw5Odc\"><a class=\"XqQF9c\" href=\"http:\/\/www.google.com\/url?q=http%3A%2F%2Fwww.planalto.gov.br%2FCCIVIL_03%2F_Ato2019-2022%2F2020%2FLei%2FL14019.htm&amp;sa=D&amp;sntz=1&amp;usg=AOvVaw1tyZ5f1KKVaiSmh8z5BHjj\" target=\"_blank\" rel=\"noopener\">Lei n\u00ba 14.019, de 2.7.2020<\/a><\/span> &#8211; Altera a Lei n\u00ba 13.979, de 6 de fevereiro de 2020, para dispor sobre a obrigatoriedade do uso de m\u00e1scaras de prote\u00e7\u00e3o individual para circula\u00e7\u00e3o em espa\u00e7os p\u00fablicos e privados acess\u00edveis ao p\u00fablico, em vias p\u00fablicas e em transportes p\u00fablicos, sobre a ado\u00e7\u00e3o de medidas de assepsia de locais de acesso p\u00fablico, inclusive transportes p\u00fablicos, e sobre a disponibiliza\u00e7\u00e3o de produtos saneantes aos usu\u00e1rios durante a vig\u00eancia das medidas para enfrentamento da emerg\u00eancia de sa\u00fade p\u00fablica de import\u00e2ncia internacional decorrente da pandemia da Covid-19. <span class=\" aw5Odc\"><a class=\"XqQF9c\" href=\"http:\/\/www.google.com\/url?q=http%3A%2F%2Fwww.planalto.gov.br%2FCCIVIL_03%2F_Ato2019-2022%2F2020%2FMsg%2FVEP%2FVEP-374.htm&amp;sa=D&amp;sntz=1&amp;usg=AOvVaw3e8FivZfmqKR5gxZIUxoyN\" target=\"_blank\" rel=\"noopener\">Mensagem de veto<\/a><\/span><\/p><\/li><li class=\"TYR86d wXCUfe zfr3Q\" dir=\"ltr\"><p class=\"CDt4Ke zfr3Q\" dir=\"ltr\"><span class=\" aw5Odc\"><a class=\"XqQF9c\" href=\"http:\/\/www.google.com\/url?q=http%3A%2F%2Fwww.planalto.gov.br%2FCCIVIL_03%2F_Ato2019-2022%2F2020%2FDecreto%2FD10414.htm&amp;sa=D&amp;sntz=1&amp;usg=AOvVaw0ImVHsi-KL8idmdnKQMvJV\" target=\"_blank\" rel=\"noopener\">Decreto n\u00ba 10.414, de 2.7.2020<\/a><\/span> &#8211; Altera o Decreto n\u00ba 6.306, de 14 de dezembro de 2007, que regulamenta o Imposto sobre Opera\u00e7\u00f5es de Cr\u00e9dito, C\u00e2mbio e Seguro, ou relativas a T\u00edtulos ou Valores Mobili\u00e1rios &#8211; IOF.<\/p><\/li><li class=\"TYR86d wXCUfe zfr3Q\" dir=\"ltr\"><p class=\"CDt4Ke zfr3Q\" dir=\"ltr\"><span class=\" aw5Odc\"><a class=\"XqQF9c\" href=\"http:\/\/www.google.com\/url?q=http%3A%2F%2Fwww.planalto.gov.br%2FCCIVIL_03%2F_Ato2019-2022%2F2020%2FDecreto%2FD10413.htm&amp;sa=D&amp;sntz=1&amp;usg=AOvVaw1SMeiLfNaAgkE6kY4Uz7kC\" target=\"_blank\" rel=\"noopener\">Decreto n\u00ba 10.413, de 2.7.2020<\/a><\/span> &#8211; Autoriza o Instituto Nacional do Seguro Social a prorrogar o per\u00edodo das antecipa\u00e7\u00f5es de que tratam os art. 3\u00ba e art. 4\u00ba da Lei n\u00ba 13.982, de 2 de abril de 2020.<\/p><\/li><li class=\"TYR86d wXCUfe zfr3Q\" dir=\"ltr\"><p class=\"CDt4Ke zfr3Q\" dir=\"ltr\"><span class=\" aw5Odc\"><a class=\"XqQF9c\" href=\"http:\/\/www.google.com\/url?q=http%3A%2F%2Fwww.planalto.gov.br%2FCCIVIL_03%2F_Ato2019-2022%2F2020%2FDecreto%2FD10412.htm&amp;sa=D&amp;sntz=1&amp;usg=AOvVaw3ELBJrvYH3P02bTEvUlUS_\" target=\"_blank\" rel=\"noopener\">Decreto n\u00ba 10.412, de 30.6.2020<\/a><\/span> &#8211; Altera o Decreto n\u00ba 10.316, de 7 de abril de 2020, para prorrogar o per\u00edodo de pagamento do aux\u00edlio emergencial de que trata a Lei n\u00ba 13.982, de 2 de abril de 2020.<\/p><\/li><li class=\"TYR86d wXCUfe zfr3Q\" dir=\"ltr\"><p class=\"CDt4Ke zfr3Q\" dir=\"ltr\"><span class=\" aw5Odc\"><a class=\"XqQF9c\" href=\"http:\/\/www.google.com\/url?q=http%3A%2F%2Fwww.planalto.gov.br%2FCCIVIL_03%2FPortaria%2Fprt340-20-ccv.htm&amp;sa=D&amp;sntz=1&amp;usg=AOvVaw1qpcnG1O-TRfoepZBsjd4l\" target=\"_blank\" rel=\"noopener\">Portaria n\u00ba 340, de 30.6.2020<\/a><\/span> &#8211; Disp\u00f5e sobre a restri\u00e7\u00e3o excepcional e tempor\u00e1ria de entrada no Pa\u00eds de estrangeiros, de qualquer nacionalidade, conforme recomenda\u00e7\u00e3o da Ag\u00eancia Nacional de Vigil\u00e2ncia Sanit\u00e1ria &#8211; Anvisa.<\/p><\/li><li class=\"TYR86d wXCUfe zfr3Q\" dir=\"ltr\"><p class=\"CDt4Ke zfr3Q\" dir=\"ltr\"><span class=\" aw5Odc\"><a class=\"XqQF9c\" href=\"http:\/\/www.google.com\/url?q=http%3A%2F%2Fwww.planalto.gov.br%2FCCIVIL_03%2F_Ato2019-2022%2F2020%2FMpv%2Fmpv988.htm&amp;sa=D&amp;sntz=1&amp;usg=AOvVaw0BsL2ytgmh5dH7ga3BdEe7\" target=\"_blank\" rel=\"noopener\">Medida Provis\u00f3ria n\u00ba 988, de 30.6.2020<\/a><\/span> &#8211; Abre cr\u00e9dito extraordin\u00e1rio, em favor do Minist\u00e9rio da Cidadania, no valor de R$ 101.600.000.000,00, para o fim que especifica, e d\u00e1 outras provid\u00eancias.<\/p><\/li><li class=\"TYR86d wXCUfe zfr3Q\" dir=\"ltr\"><p class=\"CDt4Ke zfr3Q\" dir=\"ltr\"><span class=\" aw5Odc\"><a class=\"XqQF9c\" href=\"http:\/\/www.google.com\/url?q=http%3A%2F%2Fwww.planalto.gov.br%2FCCIVIL_03%2F_Ato2019-2022%2F2020%2FLei%2FL14018.htm&amp;sa=D&amp;sntz=1&amp;usg=AOvVaw3UWhlaz4dnOPb7-1e3tFyz\" target=\"_blank\" rel=\"noopener\">Lei n\u00ba 14.018, de 29.6.2020<\/a><\/span> &#8211; Disp\u00f5e sobre a presta\u00e7\u00e3o de aux\u00edlio financeiro pela Uni\u00e3o \u00e0s Institui\u00e7\u00f5es de Longa Perman\u00eancia para Idosos (ILPIs), no exerc\u00edcio de 2020, em raz\u00e3o do enfrentamento da emerg\u00eancia de sa\u00fade p\u00fablica de import\u00e2ncia internacional decorrente do coronav\u00edrus (Covid-19). <span class=\" aw5Odc\"><a class=\"XqQF9c\" href=\"http:\/\/www.google.com\/url?q=http%3A%2F%2Fwww.planalto.gov.br%2FCCIVIL_03%2F_Ato2019-2022%2F2020%2FMsg%2FVEP%2FVEP-365.htm&amp;sa=D&amp;sntz=1&amp;usg=AOvVaw0yVji4WUq28oatvgpQbL4J\" target=\"_blank\" rel=\"noopener\">Mensagem de veto<\/a><\/span><\/p><\/li><li class=\"TYR86d wXCUfe zfr3Q\" dir=\"ltr\"><p class=\"CDt4Ke zfr3Q\" dir=\"ltr\"><span class=\" aw5Odc\"><a class=\"XqQF9c\" href=\"http:\/\/www.google.com\/url?q=http%3A%2F%2Fwww.planalto.gov.br%2FCCIVIL_03%2F_Ato2019-2022%2F2020%2FLei%2FL14017.htm&amp;sa=D&amp;sntz=1&amp;usg=AOvVaw0QrZ-d8sb4Dph0gnwz_xxq\" target=\"_blank\" rel=\"noopener\">Lei n\u00ba 14.017, de 29.6.2020<\/a><\/span> &#8211; Disp\u00f5e sobre a\u00e7\u00f5es emergenciais destinadas ao setor cultural a serem adotadas durante o estado de calamidade p\u00fablica reconhecido pelo Decreto Legislativo n\u00ba 6, de 20 de mar\u00e7o de 2020. <span class=\" aw5Odc\"><a class=\"XqQF9c\" href=\"http:\/\/www.google.com\/url?q=http%3A%2F%2Fwww.planalto.gov.br%2FCCIVIL_03%2F_Ato2019-2022%2F2020%2FMsg%2FVEP%2FVEP-364.htm&amp;sa=D&amp;sntz=1&amp;usg=AOvVaw0RKdMt5RHTp7pQEcplgqy7\" target=\"_blank\" rel=\"noopener\">Mensagem de veto<\/a><\/span><\/p><\/li><li class=\"TYR86d wXCUfe zfr3Q\" dir=\"ltr\"><p class=\"CDt4Ke zfr3Q\" dir=\"ltr\"><span class=\" aw5Odc\"><a class=\"XqQF9c\" href=\"http:\/\/www.google.com\/url?q=http%3A%2F%2Fwww.planalto.gov.br%2FCCIVIL_03%2F_Ato2019-2022%2F2020%2FMpv%2Fmpv986.htm&amp;sa=D&amp;sntz=1&amp;usg=AOvVaw2Flvlh4GhJnHMUCr2QYOLF\" target=\"_blank\" rel=\"noopener\">Medida Provis\u00f3ria n\u00ba 986, de 29.6.2020<\/a><\/span> &#8211; Estabelece a forma de repasse pela Uni\u00e3o dos valores a serem aplicados pelos Poderes Executivos locais em a\u00e7\u00f5es emergenciais de apoio ao setor cultural durante o estado de calamidade p\u00fablica reconhecido pelo Decreto Legislativo n\u00ba 6, de 20 de mar\u00e7o de 2020, e as regras para a restitui\u00e7\u00e3o ou a suplementa\u00e7\u00e3o por meio de outras fontes pr\u00f3prias de recursos pelos Estados, pelos Munic\u00edpios ou pelo Distrito Federal.<\/p><\/li><li class=\"TYR86d wXCUfe zfr3Q\" dir=\"ltr\"><p class=\"CDt4Ke zfr3Q\" dir=\"ltr\"><span class=\" aw5Odc\"><a class=\"XqQF9c\" href=\"http:\/\/www.google.com\/url?q=http%3A%2F%2Fwww.planalto.gov.br%2FCCIVIL_03%2F_Ato2019-2022%2F2020%2FDecreto%2FD10407.htm&amp;sa=D&amp;sntz=1&amp;usg=AOvVaw2UM7x3dJg8cSwcBFbDE0eT\" target=\"_blank\" rel=\"noopener\">Decreto n\u00ba 10.407, de 29.6.2020<\/a><\/span> &#8211; Regulamenta a Lei n\u00ba 13.993, de 23 de abril de 2020, que disp\u00f5e sobre a proibi\u00e7\u00e3o de exporta\u00e7\u00f5es de produtos m\u00e9dicos, hospitalares e de higiene essenciais ao combate \u00e0 epidemia da covid-19 no Pa\u00eds.<\/p><\/li><li class=\"TYR86d wXCUfe zfr3Q\" dir=\"ltr\"><p class=\"CDt4Ke zfr3Q\" dir=\"ltr\"><span class=\" aw5Odc\"><a class=\"XqQF9c\" href=\"http:\/\/www.google.com\/url?q=http%3A%2F%2Fwww.planalto.gov.br%2FCCIVIL_03%2F_Ato2019-2022%2F2020%2FMpv%2Fmpv985.htm&amp;sa=D&amp;sntz=1&amp;usg=AOvVaw3DdPS0pWwai_uYkQRoT92I\" target=\"_blank\" rel=\"noopener\">Medida Provis\u00f3ria n\u00ba 985, de 25.6.2020<\/a><\/span> &#8211; Abre cr\u00e9dito extraordin\u00e1rio, em favor do Minist\u00e9rio da Defesa, no valor de R$ 300.000.000,00, para o fim que especifica, e d\u00e1 outras provid\u00eancias.<\/p><\/li><li class=\"TYR86d wXCUfe zfr3Q\" dir=\"ltr\"><p class=\"CDt4Ke zfr3Q\" dir=\"ltr\"><span class=\" aw5Odc\"><a class=\"XqQF9c\" href=\"http:\/\/www.google.com\/url?q=http%3A%2F%2Fwww.planalto.gov.br%2FCCIVIL_03%2F_Ato2019-2022%2F2020%2FLei%2FL14016.htm&amp;sa=D&amp;sntz=1&amp;usg=AOvVaw1BrAOpmDKdjBFTxTFTN9v7\" target=\"_blank\" rel=\"noopener\">Lei n\u00ba 14.016, de 23.6.2020<\/a><\/span> &#8211; Disp\u00f5e sobre o combate ao desperd\u00edcio de alimentos e a doa\u00e7\u00e3o de excedentes de alimentos para o consumo humano.<\/p><\/li><li class=\"TYR86d wXCUfe zfr3Q\" dir=\"ltr\"><p class=\"CDt4Ke zfr3Q\" dir=\"ltr\"><span class=\" aw5Odc\"><a class=\"XqQF9c\" href=\"http:\/\/www.google.com\/url?q=http%3A%2F%2Fwww.planalto.gov.br%2FCCIVIL_03%2F_Ato2019-2022%2F2020%2FDecreto%2FD10404.htm&amp;sa=D&amp;sntz=1&amp;usg=AOvVaw2wc9p3qLDiLO7FprTPtVo1\" target=\"_blank\" rel=\"noopener\">Decreto n\u00ba 10.404, de 22.6.2020<\/a><\/span> &#8211; Altera o Decreto n\u00ba 10.277, de 16 de mar\u00e7o de 2020, que institui o Comit\u00ea de Crise para Supervis\u00e3o e Monitoramento dos Impactos da Covid-19.<\/p><\/li><li class=\"TYR86d wXCUfe zfr3Q\" dir=\"ltr\"><p class=\"CDt4Ke zfr3Q\" dir=\"ltr\"><span class=\" aw5Odc\"><a class=\"XqQF9c\" href=\"http:\/\/www.google.com\/url?q=http%3A%2F%2Fwww.planalto.gov.br%2FCCIVIL_03%2FPortaria%2Fprt319-20-ccv.htm&amp;sa=D&amp;sntz=1&amp;usg=AOvVaw0bnI5C3JUla_OusbzZRu14\" target=\"_blank\" rel=\"noopener\">Portaria n\u00ba 319, de 20.6.2020<\/a><\/span> &#8211; Disp\u00f5e sobre a restri\u00e7\u00e3o excepcional e tempor\u00e1ria de entrada no Pa\u00eds de estrangeiros, de qualquer nacionalidade, conforme recomenda\u00e7\u00e3o da Ag\u00eancia Nacional de Vigil\u00e2ncia Sanit\u00e1ria &#8211; Anvisa.<\/p><\/li><li class=\"TYR86d wXCUfe zfr3Q\" dir=\"ltr\"><p class=\"CDt4Ke zfr3Q\" dir=\"ltr\"><span class=\" aw5Odc\"><a class=\"XqQF9c\" href=\"http:\/\/www.google.com\/url?q=http%3A%2F%2Fwww.planalto.gov.br%2FCCIVIL_03%2F_Ato2019-2022%2F2020%2FDecreto%2FD10403.htm&amp;sa=D&amp;sntz=1&amp;usg=AOvVaw39TzSc9Kyt0Y-0xcrmjRj0\" target=\"_blank\" rel=\"noopener\">Decreto n\u00ba 10.403, de 19.6.2020<\/a><\/span> &#8211; Altera o Decreto n\u00ba 10.046, de 9 de outubro de 2019, que disp\u00f5e sobre a governan\u00e7a no compartilhamento de dados no \u00e2mbito da administra\u00e7\u00e3o p\u00fablica federal e institui o Cadastro Base do Cidad\u00e3o e o Comit\u00ea Central de Governan\u00e7a de Dados.<\/p><\/li><li class=\"TYR86d wXCUfe zfr3Q\" dir=\"ltr\"><p class=\"CDt4Ke zfr3Q\" dir=\"ltr\"><span class=\" aw5Odc\"><a class=\"XqQF9c\" href=\"http:\/\/www.google.com\/url?q=http%3A%2F%2Fwww.planalto.gov.br%2FCCIVIL_03%2F_Ato2019-2022%2F2020%2FMpv%2Fmpv984.htm&amp;sa=D&amp;sntz=1&amp;usg=AOvVaw3aNrPN-MVQgWSpU7_63Liq\" target=\"_blank\" rel=\"noopener\">Medida Provis\u00f3ria n\u00ba 984, de 18.6.2020<\/a><\/span> &#8211; Altera a Lei n\u00ba 9.615, de 24 de mar\u00e7o de 1998, que institui normas gerais sobre desporto, e a Lei n\u00ba 10.671, de 15 de maio de 2003, que disp\u00f5e sobre o Estatuto de Defesa do Torcedor, e d\u00e1 outras provid\u00eancias, em raz\u00e3o da emerg\u00eancia de sa\u00fade p\u00fablica de import\u00e2ncia internacional decorrente da pandemia da covid-19, de que trata a Lei n\u00ba 13.979, de 6 de fevereiro de 2020.<\/p><\/li><li class=\"TYR86d wXCUfe zfr3Q\" dir=\"ltr\"><p class=\"CDt4Ke zfr3Q\" dir=\"ltr\"><span class=\" aw5Odc\"><a class=\"XqQF9c\" href=\"http:\/\/www.google.com\/url?q=http%3A%2F%2Fwww.planalto.gov.br%2FCCIVIL_03%2F_Ato2019-2022%2F2020%2FMpv%2Fmpv983.htm&amp;sa=D&amp;sntz=1&amp;usg=AOvVaw2v6AGF6KRks_3LJy2qMWXy\" target=\"_blank\" rel=\"noopener\">Medida Provis\u00f3ria n\u00ba 983, de 16.6.2020<\/a><\/span> &#8211; Disp\u00f5e sobre as assinaturas eletr\u00f4nicas em comunica\u00e7\u00f5es com entes p\u00fablicos e em quest\u00f5es de sa\u00fade e sobre as licen\u00e7as de softwares desenvolvidos por entes p\u00fablicos.<\/p><\/li><li class=\"TYR86d wXCUfe zfr3Q\" dir=\"ltr\"><p class=\"CDt4Ke zfr3Q\" dir=\"ltr\"><span class=\" aw5Odc\"><a class=\"XqQF9c\" href=\"http:\/\/www.google.com\/url?q=http%3A%2F%2Fwww.planalto.gov.br%2FCCIVIL_03%2F_Ato2019-2022%2F2020%2FDecreto%2FD10398.htm&amp;sa=D&amp;sntz=1&amp;usg=AOvVaw0dO645aiuvzJg__lQHh4JZ\" target=\"_blank\" rel=\"noopener\">Decreto n\u00ba 10.398, de 16.6.2020<\/a><\/span> &#8211; Altera o Decreto n\u00ba 10.316, de 7 de abril de 2020, para definir a base do Cadastro \u00danico a ser utilizada para pagamento do aux\u00edlio emergencial estabelecido pelo art. 2\u00ba da Lei n\u00ba 13.982, de 2 de abril de 2020.<\/p><\/li><li class=\"TYR86d wXCUfe zfr3Q\" dir=\"ltr\"><p class=\"CDt4Ke zfr3Q\" dir=\"ltr\"><span class=\" aw5Odc\"><a class=\"XqQF9c\" href=\"http:\/\/www.google.com\/url?q=http%3A%2F%2Fwww.planalto.gov.br%2FCCIVIL_03%2FPortaria%2FPRT%2FPortaria-413-20-mcidadania.htm&amp;sa=D&amp;sntz=1&amp;usg=AOvVaw0xQQIQR-xvbHcRBzZHoSDi\" target=\"_blank\" rel=\"noopener\">Portaria n\u00ba 413, de 15.6.2020<\/a><\/span> &#8211; Dispor sobre o calend\u00e1rio de pagamentos e saques do aux\u00edlio emergencial institu\u00eddo pela Lei n\u00ba 13.982, de 2 de abril de 2020.<\/p><\/li><li class=\"TYR86d wXCUfe zfr3Q\" dir=\"ltr\"><p class=\"CDt4Ke zfr3Q\" dir=\"ltr\"><span class=\" aw5Odc\"><a class=\"XqQF9c\" href=\"http:\/\/www.google.com\/url?q=http%3A%2F%2Fwww.planalto.gov.br%2FCCIVIL_03%2F_Ato2019-2022%2F2020%2FMpv%2Fmpv982.htm&amp;sa=D&amp;sntz=1&amp;usg=AOvVaw214L4rmKEkmC5Cke6xc_Yk\" target=\"_blank\" rel=\"noopener\">Medida Provis\u00f3ria n\u00ba 982, de 13.6.2020<\/a><\/span> &#8211; Disp\u00f5e sobre a conta do tipo poupan\u00e7a social digital.<\/p><\/li><li class=\"TYR86d wXCUfe zfr3Q\" dir=\"ltr\"><p class=\"CDt4Ke zfr3Q\" dir=\"ltr\"><span class=\" aw5Odc\"><a class=\"XqQF9c\" href=\"http:\/\/www.google.com\/url?q=http%3A%2F%2Fwww.planalto.gov.br%2FCCIVIL_03%2F_Ato2019-2022%2F2020%2FLei%2FL14010.htm&amp;sa=D&amp;sntz=1&amp;usg=AOvVaw2GNdO-JSYGC1aZH9-p6dcR\" target=\"_blank\" rel=\"noopener\">Lei n\u00ba 14.010, de 10.6.2020<\/a><\/span> &#8211; Disp\u00f5e sobre o Regime Jur\u00eddico Emergencial e Transit\u00f3rio das rela\u00e7\u00f5es jur\u00eddicas de Direito Privado (RJET) no per\u00edodo da pandemia do coronav\u00edrus (Covid-19). <span class=\" aw5Odc\"><a class=\"XqQF9c\" href=\"http:\/\/www.google.com\/url?q=http%3A%2F%2Fwww.planalto.gov.br%2FCCIVIL_03%2F_Ato2019-2022%2F2020%2FMsg%2FVEP%2FVEP-331.htm&amp;sa=D&amp;sntz=1&amp;usg=AOvVaw0qw7WWo3D76daE8JN8BrTN\" target=\"_blank\" rel=\"noopener\">Mensagem de veto<\/a><\/span><\/p><\/li><li class=\"TYR86d wXCUfe zfr3Q\" dir=\"ltr\"><p class=\"CDt4Ke zfr3Q\" dir=\"ltr\"><span class=\" aw5Odc\"><a class=\"XqQF9c\" href=\"http:\/\/www.google.com\/url?q=http%3A%2F%2Fwww.planalto.gov.br%2FCCIVIL_03%2FPortaria%2FPRT%2FPortaria-2589-20-mctic.htm&amp;sa=D&amp;sntz=1&amp;usg=AOvVaw20wwPo769P8n-wskrQo3NU\" target=\"_blank\" rel=\"noopener\">Portaria n\u00ba 2.589, de 9.6.2020<\/a><\/span> &#8211; Tecnologia, Inova\u00e7\u00f5es e Comunica\u00e7\u00f5es &#8211; MCTIC.<\/p><\/li><li class=\"TYR86d wXCUfe zfr3Q\" dir=\"ltr\"><p class=\"CDt4Ke zfr3Q\" dir=\"ltr\"><span class=\" aw5Odc\"><a class=\"XqQF9c\" href=\"http:\/\/www.google.com\/url?q=http%3A%2F%2Fwww.planalto.gov.br%2FCCIVIL_03%2F_Ato2019-2022%2F2020%2FMpv%2Fmpv979.htm&amp;sa=D&amp;sntz=1&amp;usg=AOvVaw3Sh6GJudI3tgoO0VFG8a5v\" target=\"_blank\" rel=\"noopener\">Medida Provis\u00f3ria n\u00ba 979, de 9.6.2020<\/a><\/span> &#8211; Disp\u00f5e sobre a designa\u00e7\u00e3o de dirigentes pro tempore para as institui\u00e7\u00f5es federais de ensino durante o per\u00edodo da emerg\u00eancia de sa\u00fade p\u00fablica de import\u00e2ncia internacional decorrente da pandemia da covid-19, de que trata a Lei n\u00ba 13.979, de 6 de fevereiro de 2020.<\/p><\/li><li class=\"TYR86d wXCUfe zfr3Q\" dir=\"ltr\"><p class=\"CDt4Ke zfr3Q\" dir=\"ltr\"><span class=\" aw5Odc\"><a class=\"XqQF9c\" href=\"http:\/\/www.google.com\/url?q=http%3A%2F%2Fwww.planalto.gov.br%2FCCIVIL_03%2F_Ato2019-2022%2F2020%2FMpv%2Fmpv978.htm&amp;sa=D&amp;sntz=1&amp;usg=AOvVaw2KIgZ94kXJBtL0ZFxFrcid\" target=\"_blank\" rel=\"noopener\">Medida Provis\u00f3ria n\u00ba 978, de 4.6.2020<\/a><\/span> &#8211; Abre cr\u00e9dito extraordin\u00e1rio, em favor de Transfer\u00eancias a Estados, Distrito Federal e Munic\u00edpios, no valor de R$ 60.189.488.452,00, para o fim que especifica, e d\u00e1 outras provid\u00eancias.<\/p><\/li><li class=\"TYR86d wXCUfe zfr3Q\" dir=\"ltr\"><p class=\"CDt4Ke zfr3Q\" dir=\"ltr\"><span class=\" aw5Odc\"><a class=\"XqQF9c\" href=\"http:\/\/www.google.com\/url?q=http%3A%2F%2Fwww.planalto.gov.br%2FCCIVIL_03%2F_Ato2019-2022%2F2020%2FMpv%2Fmpv977.htm&amp;sa=D&amp;sntz=1&amp;usg=AOvVaw3iIowltsnCfiyWQFXr2LLP\" target=\"_blank\" rel=\"noopener\">Medida Provis\u00f3ria n\u00ba 977, de 4.6.2020<\/a><\/span> &#8211; Abre cr\u00e9dito extraordin\u00e1rio, em favor de Encargos Financeiros da Uni\u00e3o, no valor de R$ 20.000.000.000,00, para o fim que especifica, e d\u00e1 outras provid\u00eancias.<\/p><\/li><li class=\"TYR86d wXCUfe zfr3Q\" dir=\"ltr\"><p class=\"CDt4Ke zfr3Q\" dir=\"ltr\"><span class=\" aw5Odc\"><a class=\"XqQF9c\" href=\"http:\/\/www.google.com\/url?q=http%3A%2F%2Fwww.planalto.gov.br%2FCCIVIL_03%2F_Ato2019-2022%2F2020%2FMpv%2Fmpv976.htm&amp;sa=D&amp;sntz=1&amp;usg=AOvVaw1rX5yKQ8OsrA3Ynsuz3fSO\" target=\"_blank\" rel=\"noopener\">Medida Provis\u00f3ria n\u00ba 976, de 4.6.2020<\/a><\/span> &#8211; Abre cr\u00e9dito extraordin\u00e1rio, em favor do Minist\u00e9rio da Sa\u00fade, no valor de R$ 4.489.224.000,00, para o fim que especifica.<\/p><\/li><li class=\"TYR86d wXCUfe zfr3Q\" dir=\"ltr\"><p class=\"CDt4Ke zfr3Q\" dir=\"ltr\"><span class=\" aw5Odc\"><a class=\"XqQF9c\" href=\"http:\/\/www.google.com\/url?q=http%3A%2F%2Fwww.planalto.gov.br%2FCCIVIL_03%2FPortaria%2FRES%2Fres-6-20-pr.htm&amp;sa=D&amp;sntz=1&amp;usg=AOvVaw2h1U1tYv990c1-7vooRwmM\" target=\"_blank\" rel=\"noopener\">Resolu\u00e7\u00e3o n\u00ba 6, de 2.6.2020<\/a><\/span> &#8211; Institui Grupo de Trabalho para a Consolida\u00e7\u00e3o das Estrat\u00e9gias de Governan\u00e7a e Gest\u00e3o de Riscos do Governo federal em resposta aos impactos relacionados ao coronav\u00edrus, no \u00e2mbito do Comit\u00ea de Crise da covid-19.<\/p><\/li><li class=\"TYR86d wXCUfe zfr3Q\" dir=\"ltr\"><p class=\"CDt4Ke zfr3Q\" dir=\"ltr\"><span class=\" aw5Odc\"><a class=\"XqQF9c\" href=\"http:\/\/www.google.com\/url?q=http%3A%2F%2Fwww.planalto.gov.br%2FCCIVIL_03%2F_Ato2019-2022%2F2020%2FMpv%2Fmpv975.htm&amp;sa=D&amp;sntz=1&amp;usg=AOvVaw1anSc9hf2YOHhhh97Ed27P\" target=\"_blank\" rel=\"noopener\">Medida Provis\u00f3ria n\u00ba 975, de 1\u00ba.6.2020<\/a><\/span> &#8211; Institui o Programa Emergencial de Acesso a Cr\u00e9dito e altera a Lei n\u00ba 12.087, de 11 de novembro de 2009, e a Lei n\u00ba 13.999, de 18 de maio de 2020.<\/p><\/li><li class=\"TYR86d wXCUfe zfr3Q\" dir=\"ltr\"><p class=\"CDt4Ke zfr3Q\" dir=\"ltr\"><span class=\" aw5Odc\"><a class=\"XqQF9c\" href=\"http:\/\/www.google.com\/url?q=http%3A%2F%2Fwww.planalto.gov.br%2FCCIVIL_03%2FPortaria%2FPRT%2FPortaria-936-ME.htm&amp;sa=D&amp;sntz=1&amp;usg=AOvVaw0qR7NSgb3GsUx0ixw7vUCE\" target=\"_blank\" rel=\"noopener\">Portaria n\u00ba 936, de 29.5.2020<\/a><\/span> &#8211; Altera a Portaria RFB n\u00ba 543, de 20 de mar\u00e7o de 2020, que suspende prazos para pr\u00e1tica de atos processuais e os procedimentos administrativos que especifica, no \u00e2mbito da Secretaria Especial da Receita Federal do Brasil (RFB), como medida de prote\u00e7\u00e3o para enfrentamento da emerg\u00eancia de sa\u00fade p\u00fablica decorrente do coronav\u00edrus (Covid-19).<\/p><\/li><li class=\"TYR86d wXCUfe zfr3Q\" dir=\"ltr\"><p class=\"CDt4Ke zfr3Q\" dir=\"ltr\"><span class=\" aw5Odc\"><a class=\"XqQF9c\" href=\"http:\/\/www.google.com\/url?q=http%3A%2F%2Fwww.planalto.gov.br%2FCCIVIL_03%2F_Ato2019-2022%2F2020%2FLei%2FL14006.htm&amp;sa=D&amp;sntz=1&amp;usg=AOvVaw0bgYrdFBPzf9Y9PeYfSnOB\" target=\"_blank\" rel=\"noopener\">Lei n\u00ba 14.006, de 28.5.2020<\/a><\/span> &#8211; Altera a Lei n\u00ba 13.979, de 6 de fevereiro de 2020, para estabelecer o prazo de 72 (setenta e duas) horas para que a Ag\u00eancia Nacional de Vigil\u00e2ncia Sanit\u00e1ria (Anvisa) autorize a importa\u00e7\u00e3o e distribui\u00e7\u00e3o de quaisquer materiais, medicamentos, equipamentos e insumos da \u00e1rea de sa\u00fade registrados por autoridade sanit\u00e1ria estrangeira e autorizados \u00e0 distribui\u00e7\u00e3o comercial em seus respectivos pa\u00edses; e d\u00e1 outras provid\u00eancias. <span class=\" aw5Odc\"><a class=\"XqQF9c\" href=\"http:\/\/www.google.com\/url?q=http%3A%2F%2Fwww.planalto.gov.br%2FCCIVIL_03%2F_Ato2019-2022%2F2020%2FMsg%2FVEP%2FVEP-309.htm&amp;sa=D&amp;sntz=1&amp;usg=AOvVaw1Q9j3cmhHzYWUUtFcLFDvb\" target=\"_blank\" rel=\"noopener\">Mensagem de veto<\/a><\/span><\/p><\/li><li class=\"TYR86d wXCUfe zfr3Q\" dir=\"ltr\"><p class=\"CDt4Ke zfr3Q\" dir=\"ltr\"><span class=\" aw5Odc\"><a class=\"XqQF9c\" href=\"http:\/\/www.google.com\/url?q=http%3A%2F%2Fwww.planalto.gov.br%2FCCIVIL_03%2F_Ato2019-2022%2F2020%2FMpv%2Fmpv974.htm&amp;sa=D&amp;sntz=1&amp;usg=AOvVaw0LRw1Js7DCu_ZALQkOYnMj\" target=\"_blank\" rel=\"noopener\">Medida Provis\u00f3ria n\u00ba 974, de 28.5.2020<\/a><\/span> &#8211; Autoriza a prorroga\u00e7\u00e3o de contratos por tempo determinado no \u00e2mbito do Minist\u00e9rio da Sa\u00fade.<\/p><\/li><li class=\"TYR86d wXCUfe zfr3Q\" dir=\"ltr\"><p class=\"CDt4Ke zfr3Q\" dir=\"ltr\"><span class=\" aw5Odc\"><a class=\"XqQF9c\" href=\"http:\/\/www.google.com\/url?q=http%3A%2F%2Fwww.planalto.gov.br%2FCCIVIL_03%2F_Ato2019-2022%2F2020%2FDecreto%2FD10384.htm&amp;sa=D&amp;sntz=1&amp;usg=AOvVaw0aH1u8xRuxuHUgq0wAUW0R\" target=\"_blank\" rel=\"noopener\">Decreto n\u00ba 10.384, de 28.5.2020<\/a><\/span> &#8211; Disp\u00f5e sobre a prorroga\u00e7\u00e3o do prazo para a apresenta\u00e7\u00e3o obrigat\u00f3ria para o alistamento militar devido ao enfrentamento da pandemia da covid-19.<\/p><\/li><li class=\"TYR86d wXCUfe zfr3Q\" dir=\"ltr\"><p class=\"CDt4Ke zfr3Q\" dir=\"ltr\"><span class=\" aw5Odc\"><a class=\"XqQF9c\" href=\"http:\/\/www.google.com\/url?q=http%3A%2F%2Fwww.planalto.gov.br%2FCCIVIL_03%2FLEIS%2FLCP%2FLcp173.htm&amp;sa=D&amp;sntz=1&amp;usg=AOvVaw3o_PlId2Y2VQ0v_WungKdM\" target=\"_blank\" rel=\"noopener\">Lei Complementar n\u00ba 173, de 27.5.2020<\/a><\/span> &#8211; Estabelece o Programa Federativo de Enfrentamento ao Coronav\u00edrus SARS-CoV-2 (Covid-19), altera a Lei Complementar n\u00ba 101, de 4 de maio de 2000, e d\u00e1 outras provid\u00eancias. <span class=\" aw5Odc\"><a class=\"XqQF9c\" href=\"http:\/\/www.google.com\/url?q=http%3A%2F%2Fwww.planalto.gov.br%2FCCIVIL_03%2F_Ato2019-2022%2F2020%2FMsg%2FVEP%2FVEP-307.htm&amp;sa=D&amp;sntz=1&amp;usg=AOvVaw2D-JU8JYdNKz2QT2lKeXaq\" target=\"_blank\" rel=\"noopener\">Mensagem de veto<\/a><\/span><\/p><\/li><li class=\"TYR86d wXCUfe zfr3Q\" dir=\"ltr\"><p class=\"CDt4Ke zfr3Q\" dir=\"ltr\"><span class=\" aw5Odc\"><a class=\"XqQF9c\" href=\"http:\/\/www.google.com\/url?q=http%3A%2F%2Fwww.planalto.gov.br%2FCCIVIL_03%2FPortaria%2FPRT%2FPortaria%2520n%25C2%25BA%25209-20-mjsp-ms.htm&amp;sa=D&amp;sntz=1&amp;usg=AOvVaw2lCFXSIYqjK9HY8NtTeii2\" target=\"_blank\" rel=\"noopener\">Portaria n\u00ba 9, de 27.5.2020<\/a><\/span> &#8211; Revoga a Portaria Interministerial MJSP\/MS n\u00ba 05, de 17 de mar\u00e7o de 2020.<\/p><\/li><li class=\"TYR86d wXCUfe zfr3Q\" dir=\"ltr\"><p class=\"CDt4Ke zfr3Q\" dir=\"ltr\"><span class=\" aw5Odc\"><a class=\"XqQF9c\" href=\"http:\/\/www.google.com\/url?q=http%3A%2F%2Fwww.planalto.gov.br%2FCCIVIL_03%2F_Ato2019-2022%2F2020%2FMpv%2Fmpv973.htm&amp;sa=D&amp;sntz=1&amp;usg=AOvVaw2lsG0v7MIwGI-hI2Dv81VG\" target=\"_blank\" rel=\"noopener\">Medida Provis\u00f3ria n\u00ba 973, de 27.5.2020<\/a><\/span> &#8211; Altera a Lei n\u00ba 11.508, de 20 de julho de 2007, que disp\u00f5e sobre o regime tribut\u00e1rio, cambial e administrativo das Zonas de Processamento de Exporta\u00e7\u00e3o.<\/p><\/li><li class=\"TYR86d wXCUfe zfr3Q\" dir=\"ltr\"><p class=\"CDt4Ke zfr3Q\" dir=\"ltr\"><span class=\" aw5Odc\"><a class=\"XqQF9c\" href=\"http:\/\/www.google.com\/url?q=http%3A%2F%2Fwww.planalto.gov.br%2FCCIVIL_03%2F_Ato2019-2022%2F2020%2FDecreto%2FD10377.htm&amp;sa=D&amp;sntz=1&amp;usg=AOvVaw3AC2ITUBO6Ly2zi9KUm_D6\" target=\"_blank\" rel=\"noopener\">Decreto n\u00ba 10.377, de 27.5.2020<\/a><\/span> &#8211; Altera o Decreto n\u00ba 6.306, de 14 de dezembro de 2007, que regulamenta o Imposto sobre Opera\u00e7\u00f5es de Cr\u00e9dito, C\u00e2mbio e Seguro, ou relativas a T\u00edtulos ou Valores Mobili\u00e1rios.<\/p><\/li><li class=\"TYR86d wXCUfe zfr3Q\" dir=\"ltr\"><p class=\"CDt4Ke zfr3Q\" dir=\"ltr\"><span class=\" aw5Odc\"><a class=\"XqQF9c\" href=\"http:\/\/www.google.com\/url?q=http%3A%2F%2Fwww.planalto.gov.br%2FCCIVIL_03%2F_Ato2019-2022%2F2020%2FMpv%2Fmpv972.htm&amp;sa=D&amp;sntz=1&amp;usg=AOvVaw1n6NokQZiOA4zqxje1A48b\" target=\"_blank\" rel=\"noopener\">Medida Provis\u00f3ria n\u00ba 972, de 26.5.2020<\/a><\/span> &#8211; Abre cr\u00e9dito extraordin\u00e1rio, em favor de Encargos Financeiros da Uni\u00e3o, no valor de R$ 15.900.000.000,00, para o fim que especifica e d\u00e1 outras provid\u00eancias.<\/p><\/li><li class=\"TYR86d wXCUfe zfr3Q\" dir=\"ltr\"><p class=\"CDt4Ke zfr3Q\" dir=\"ltr\"><span class=\" aw5Odc\"><a class=\"XqQF9c\" href=\"http:\/\/www.google.com\/url?q=http%3A%2F%2Fwww.planalto.gov.br%2FCCIVIL_03%2F_Ato2019-2022%2F2020%2FMpv%2Fmpv970.htm&amp;sa=D&amp;sntz=1&amp;usg=AOvVaw1HHSgoLDpVjis214fxxniD\" target=\"_blank\" rel=\"noopener\">Medida Provis\u00f3ria n\u00ba 970, de 25.5.2020<\/a><\/span> &#8211; Abre cr\u00e9dito extraordin\u00e1rio, em favor dos Minist\u00e9rios da Sa\u00fade e da Cidadania, no valor de R$ 29.058.260.654,00, para os fins que especifica e d\u00e1 outras provid\u00eancias.<\/p><\/li><li class=\"TYR86d wXCUfe zfr3Q\" dir=\"ltr\"><p class=\"CDt4Ke zfr3Q\" dir=\"ltr\"><span class=\" aw5Odc\"><a class=\"XqQF9c\" href=\"http:\/\/www.google.com\/url?q=http%3A%2F%2Fwww.planalto.gov.br%2FCCIVIL_03%2FPortaria%2FPRT%2FPortaria-255-20-ccv.htm&amp;sa=D&amp;sntz=1&amp;usg=AOvVaw0ZpxZkyL4BlnIRO2_9dSt9\" target=\"_blank\" rel=\"noopener\">Portaria n\u00ba 255, de 22.5.2020<\/a><\/span> &#8211; Disp\u00f5e sobre a restri\u00e7\u00e3o excepcional e tempor\u00e1ria de entrada no Pa\u00eds de estrangeiros, de qualquer nacionalidade, conforme recomenda\u00e7\u00e3o da Ag\u00eancia Nacional de Vigil\u00e2ncia Sanit\u00e1ria &#8211; Anvisa.<\/p><\/li><li class=\"TYR86d wXCUfe zfr3Q\" dir=\"ltr\"><p class=\"CDt4Ke zfr3Q\" dir=\"ltr\"><span class=\" aw5Odc\"><a class=\"XqQF9c\" href=\"http:\/\/www.google.com\/url?q=http%3A%2F%2Fwww.planalto.gov.br%2FCCIVIL_03%2F_Ato2019-2022%2F2020%2FDecreto%2FD10361.htm&amp;sa=D&amp;sntz=1&amp;usg=AOvVaw0n2YBvNxGrlVtUW9Z4MtHd\" target=\"_blank\" rel=\"noopener\">Decreto n\u00ba 10.361, de 21.5.2020<\/a><\/span> &#8211; Altera o Anexo ao Decreto n\u00ba 10.232, de 6 de fevereiro de 2020, que distribui o efetivo de Oficiais e Pra\u00e7as do Ex\u00e9rcito em tempo de paz para 2020.<\/p><\/li><li class=\"TYR86d wXCUfe zfr3Q\" dir=\"ltr\"><p class=\"CDt4Ke zfr3Q\" dir=\"ltr\"><span class=\" aw5Odc\"><a class=\"XqQF9c\" href=\"http:\/\/www.google.com\/url?q=http%3A%2F%2Fwww.planalto.gov.br%2FCCIVIL_03%2F_Ato2019-2022%2F2020%2FDecreto%2FD10360.htm&amp;sa=D&amp;sntz=1&amp;usg=AOvVaw0HnpFB0cQwd5wydn9A9V2S\" target=\"_blank\" rel=\"noopener\">Decreto n\u00ba 10.360, de 21.5.2020<\/a><\/span> &#8211; Disp\u00f5e sobre a forma de identifica\u00e7\u00e3o das autoriza\u00e7\u00f5es de despesas relacionadas ao enfrentamento de calamidade p\u00fablica nacional decorrente de pandemia e de seus efeitos sociais e econ\u00f4micos.<\/p><\/li><li class=\"TYR86d wXCUfe zfr3Q\" dir=\"ltr\"><p class=\"CDt4Ke zfr3Q\" dir=\"ltr\"><span class=\" aw5Odc\"><a class=\"XqQF9c\" href=\"http:\/\/www.google.com\/url?q=http%3A%2F%2Fwww.planalto.gov.br%2FCCIVIL_03%2F_Ato2019-2022%2F2020%2FMpv%2Fmpv969.htm&amp;sa=D&amp;sntz=1&amp;usg=AOvVaw1iSDDMUGgxS9_800wQWP21\" target=\"_blank\" rel=\"noopener\">Medida Provis\u00f3ria n\u00ba 969, de 20.5.2020<\/a><\/span> &#8211; Abre cr\u00e9dito extraordin\u00e1rio, em favor do Minist\u00e9rio da Sa\u00fade, no valor de R$ 10.000.000.000,00, para os fins que especifica, e d\u00e1 outras provid\u00eancias.<\/p><\/li><li class=\"TYR86d wXCUfe zfr3Q\" dir=\"ltr\"><p class=\"CDt4Ke zfr3Q\" dir=\"ltr\"><span class=\" aw5Odc\"><a class=\"XqQF9c\" href=\"http:\/\/www.google.com\/url?q=http%3A%2F%2Fwww.planalto.gov.br%2FCCIVIL_03%2F_Ato2019-2022%2F2020%2FMpv%2Fmpv967.htm&amp;sa=D&amp;sntz=1&amp;usg=AOvVaw20BsBppu09-I5Lbrc7PstP\" target=\"_blank\" rel=\"noopener\">Medida Provis\u00f3ria n\u00ba 967, de 19.5.2020<\/a><\/span> &#8211; Abre cr\u00e9dito extraordin\u00e1rio, em favor do Minist\u00e9rio da Sa\u00fade, no valor de R$ 5.566.379.351,00, para os fins que especifica e d\u00e1 outras provid\u00eancias.<\/p><\/li><li class=\"TYR86d wXCUfe zfr3Q\" dir=\"ltr\"><p class=\"CDt4Ke zfr3Q\" dir=\"ltr\"><span class=\" aw5Odc\"><a class=\"XqQF9c\" href=\"http:\/\/www.google.com\/url?q=http%3A%2F%2Fwww.planalto.gov.br%2FCCIVIL_03%2F_Ato2019-2022%2F2020%2FDecreto%2FD10352.htm&amp;sa=D&amp;sntz=1&amp;usg=AOvVaw1csITpZJHY89sANuE00oHb\" target=\"_blank\" rel=\"noopener\">Decreto n\u00ba 10.352, de 19.5.2020<\/a><\/span> &#8211; Reduz temporariamente a al\u00edquota do Imposto sobre Produtos Industrializados incidente sobre o produto que menciona.<\/p><\/li><li class=\"TYR86d wXCUfe zfr3Q\" dir=\"ltr\"><p class=\"CDt4Ke zfr3Q\" dir=\"ltr\"><span class=\" aw5Odc\"><a class=\"XqQF9c\" href=\"http:\/\/www.google.com\/url?q=http%3A%2F%2Fwww.planalto.gov.br%2FCCIVIL_03%2F_Ato2019-2022%2F2020%2FDecreto%2FD10350.htm&amp;sa=D&amp;sntz=1&amp;usg=AOvVaw2CMf1wH55O_1v52z9AE1IB\" target=\"_blank\" rel=\"noopener\">Decreto n\u00ba 10.350, de 18.5.2020<\/a><\/span> &#8211; Disp\u00f5e sobre a cria\u00e7\u00e3o da Conta destinada ao setor el\u00e9trico para enfrentamento do estado de calamidade p\u00fablica reconhecido pelo Decreto Legislativo n\u00ba 6, de 20 de mar\u00e7o de 2020 e regulamenta a Medida Provis\u00f3ria n\u00ba 950, de 8 de abril de 2020, e d\u00e1 outras provid\u00eancias.<\/p><\/li><li class=\"TYR86d wXCUfe zfr3Q\" dir=\"ltr\"><p class=\"CDt4Ke zfr3Q\" dir=\"ltr\"><span class=\" aw5Odc\"><a class=\"XqQF9c\" href=\"http:\/\/www.google.com\/url?q=http%3A%2F%2Fwww.planalto.gov.br%2FCCIVIL_03%2F_Ato2019-2022%2F2020%2FLei%2FL13998.htm&amp;sa=D&amp;sntz=1&amp;usg=AOvVaw2nwlf_0RHiIzt_wg5ttwq3\" target=\"_blank\" rel=\"noopener\">Lei n\u00ba 13.998, de 14.5.2020<\/a><\/span> &#8211; Promove mudanc\u0327as no auxi\u0301lio emergencial institui\u0301do pela Lei n\u00ba 13.982, de 2 de abril de 2020; e da\u0301 outras provide\u0302ncias.<\/p><\/li><li class=\"TYR86d wXCUfe zfr3Q\" dir=\"ltr\"><p class=\"CDt4Ke zfr3Q\" dir=\"ltr\"><span class=\" aw5Odc\"><a class=\"XqQF9c\" href=\"http:\/\/www.google.com\/url?q=http%3A%2F%2Fwww.planalto.gov.br%2FCCIVIL_03%2FPortaria%2FRES%2FResolucao-5-20-PR.htm&amp;sa=D&amp;sntz=1&amp;usg=AOvVaw2ZVGh0m9-NwVI-Hldi2ZaR\" target=\"_blank\" rel=\"noopener\">Resolu\u00e7\u00e3o n\u00ba 5, de 13.5.2020<\/a><\/span> &#8211; Institui Grupo de Trabalho de Apoio aos Brasileiros no Exterior, em resposta aos impactos relacionados ao coronav\u00edrus, no \u00e2mbito do Comit\u00ea de Crise da Covid19.<\/p><\/li><li class=\"TYR86d wXCUfe zfr3Q\" dir=\"ltr\"><p class=\"CDt4Ke zfr3Q\" dir=\"ltr\"><span class=\" aw5Odc\"><a class=\"XqQF9c\" href=\"http:\/\/www.google.com\/url?q=http%3A%2F%2Fwww.planalto.gov.br%2FCCIVIL_03%2FPortaria%2FRES%2FResolucao-4-20-PR.htm&amp;sa=D&amp;sntz=1&amp;usg=AOvVaw0rJE2kXc31hO3ZQwCCU4BJ\" target=\"_blank\" rel=\"noopener\">Resolu\u00e7\u00e3o n\u00ba 4, de 13.5.2020<\/a><\/span> &#8211; Institui Grupo de Trabalho para a Coordena\u00e7\u00e3o de A\u00e7\u00f5es Estrat\u00e9gicas de Tecnologia da Informa\u00e7\u00e3o, em resposta aos impactos relacionados \u00e0 pandemia do coronav\u00edrus (Covid-19).<\/p><\/li><li class=\"TYR86d wXCUfe zfr3Q\" dir=\"ltr\"><p class=\"CDt4Ke zfr3Q\" dir=\"ltr\"><span class=\" aw5Odc\"><a class=\"XqQF9c\" href=\"http:\/\/www.google.com\/url?q=http%3A%2F%2Fwww.planalto.gov.br%2FCCIVIL_03%2F_Ato2019-2022%2F2020%2FMpv%2Fmpv966.htm&amp;sa=D&amp;sntz=1&amp;usg=AOvVaw2msa489coLG308QDW3EZhF\" target=\"_blank\" rel=\"noopener\">Medida Provis\u00f3ria n\u00ba 966, de 13.5.2020<\/a><\/span> &#8211; Disp\u00f5e sobre a responsabiliza\u00e7\u00e3o de agentes p\u00fablicos por a\u00e7\u00e3o e omiss\u00e3o em atos relacionados com a pandemia da covid-19.<\/p><\/li><li class=\"TYR86d wXCUfe zfr3Q\" dir=\"ltr\"><p class=\"CDt4Ke zfr3Q\" dir=\"ltr\"><span class=\" aw5Odc\"><a class=\"XqQF9c\" href=\"http:\/\/www.google.com\/url?q=http%3A%2F%2Fwww.planalto.gov.br%2FCCIVIL_03%2F_Ato2019-2022%2F2020%2FMpv%2Fmpv965.htm&amp;sa=D&amp;sntz=1&amp;usg=AOvVaw0RTa77YGe5CVKqwqTtBJ7p\" target=\"_blank\" rel=\"noopener\">Medida Provis\u00f3ria n\u00ba 965, de 13.5.2020<\/a><\/span> &#8211; Abre cr\u00e9dito extraordin\u00e1rio, em favor do Minist\u00e9rio da Justi\u00e7a e Seguran\u00e7a P\u00fablica, no valor de R$ 408.869.802,00, para os fins que especifica.<\/p><\/li><li class=\"TYR86d wXCUfe zfr3Q\" dir=\"ltr\"><p class=\"CDt4Ke zfr3Q\" dir=\"ltr\"><span class=\" aw5Odc\"><a class=\"XqQF9c\" href=\"http:\/\/www.google.com\/url?q=http%3A%2F%2Fwww.planalto.gov.br%2FCCIVIL_03%2F_Ato2019-2022%2F2020%2FDecreto%2FD10344.htm&amp;sa=D&amp;sntz=1&amp;usg=AOvVaw2m2uhaNUMRDctja_j1LkIK\" target=\"_blank\" rel=\"noopener\">Decreto n\u00ba 10.344, de 11.5.2020<\/a><\/span> &#8211; Altera o Decreto n\u00ba 10.282, de 20 de mar\u00e7o de 2020, que regulamenta a Lei n\u00ba 13.979, de 6 de fevereiro de 2020, para definir os servi\u00e7os p\u00fablicos e as atividades essenciais.<\/p><\/li><li class=\"TYR86d wXCUfe zfr3Q\" dir=\"ltr\"><p class=\"CDt4Ke zfr3Q\" dir=\"ltr\"><span class=\" aw5Odc\"><a class=\"XqQF9c\" href=\"http:\/\/www.google.com\/url?q=http%3A%2F%2Fwww.planalto.gov.br%2FCCIVIL_03%2F_Ato2019-2022%2F2020%2FDecreto%2FD10342.htm&amp;sa=D&amp;sntz=1&amp;usg=AOvVaw1uJeZJyWGGH1XAwMY0s9fn\" target=\"_blank\" rel=\"noopener\">Decreto n\u00ba 10.342, de 7.5.2020<\/a><\/span> &#8211; Altera o Decreto n\u00ba 10.282, de 20 de mar\u00e7o de 2020, que regulamenta a Lei n\u00ba 13.979, de 6 de fevereiro de 2020, para definir os servi\u00e7os p\u00fablicos e as atividades essenciais.<\/p><\/li><li class=\"TYR86d wXCUfe zfr3Q\" dir=\"ltr\"><p class=\"CDt4Ke zfr3Q\" dir=\"ltr\"><span class=\" aw5Odc\"><a class=\"XqQF9c\" href=\"http:\/\/www.google.com\/url?q=http%3A%2F%2Fwww.planalto.gov.br%2FCCIVIL_03%2FConstituicao%2FEmendas%2FEmc%2Femc106.htm&amp;sa=D&amp;sntz=1&amp;usg=AOvVaw3reT9QkVJZP7yPkjAFruDp\" target=\"_blank\" rel=\"noopener\">Emenda Constitucional n\u00ba 106, de 7.5.2020<\/a><\/span> &#8211; Institui regime extraordin\u00e1rio fiscal, financeiro e de contrata\u00e7\u00f5es para enfrentamento de calamidade p\u00fablica nacional decorrente de pandemia.<\/p><\/li><li class=\"TYR86d wXCUfe zfr3Q\" dir=\"ltr\"><p class=\"CDt4Ke zfr3Q\" dir=\"ltr\"><span class=\" aw5Odc\"><a class=\"XqQF9c\" href=\"http:\/\/www.google.com\/url?q=http%3A%2F%2Fwww.planalto.gov.br%2FCCIVIL_03%2F_Ato2019-2022%2F2020%2FMpv%2Fmpv963.htm&amp;sa=D&amp;sntz=1&amp;usg=AOvVaw2mPzE9-4gFNZxe1G1wMi2A\" target=\"_blank\" rel=\"noopener\">Medida Provis\u00f3ria n\u00ba 963, de 7.5.2020<\/a><\/span> &#8211; Abre cr\u00e9dito extraordin\u00e1rio, em favor de Opera\u00e7\u00f5es Oficiais de Cr\u00e9dito, no valor de R$ 5.000.000.000,00, para o fim que especifica.<\/p><\/li><li class=\"TYR86d wXCUfe zfr3Q\" dir=\"ltr\"><p class=\"CDt4Ke zfr3Q\" dir=\"ltr\"><span class=\" aw5Odc\"><a class=\"XqQF9c\" href=\"http:\/\/www.google.com\/url?q=http%3A%2F%2Fwww.planalto.gov.br%2FCCIVIL_03%2F_Ato2019-2022%2F2020%2FMpv%2Fmpv962.htm&amp;sa=D&amp;sntz=1&amp;usg=AOvVaw08kCEmN7R45wxDaVsjx5ls\" target=\"_blank\" rel=\"noopener\">Medida Provis\u00f3ria n\u00ba 962, de 6.5.2020<\/a><\/span> &#8211; Abre cr\u00e9dito extraordin\u00e1rio, em favor dos Minist\u00e9rios da Ci\u00eancia, Tecnologia, Inova\u00e7\u00f5es e Comunica\u00e7\u00f5es e das Rela\u00e7\u00f5es Exteriores, no valor de R$ 418.800.000,00, para os fins que especifica.<\/p><\/li><li class=\"TYR86d wXCUfe zfr3Q\" dir=\"ltr\"><p class=\"CDt4Ke zfr3Q\" dir=\"ltr\"><span class=\" aw5Odc\"><a class=\"XqQF9c\" href=\"http:\/\/www.google.com\/url?q=http%3A%2F%2Fwww.planalto.gov.br%2FCCIVIL_03%2F_Ato2019-2022%2F2020%2FMpv%2Fmpv961.htm&amp;sa=D&amp;sntz=1&amp;usg=AOvVaw2PT71uEPekPjstXZ5fF75A\" target=\"_blank\" rel=\"noopener\">Medida Provis\u00f3ria n\u00ba 961, de 6.5.2020<\/a><\/span> &#8211; Autoriza pagamentos antecipados nas licita\u00e7\u00f5es e nos contratos, adequa os limites de dispensa de licita\u00e7\u00e3o e amplia o uso do Regime Diferenciado de Contrata\u00e7\u00f5es P\u00fablicas &#8211; RDC durante o estado de calamidade p\u00fablica reconhecido pelo Decreto Legislativo n\u00ba 6, de 20 de mar\u00e7o de 2020.<\/p><\/li><li class=\"TYR86d wXCUfe zfr3Q\" dir=\"ltr\"><p class=\"CDt4Ke zfr3Q\" dir=\"ltr\"><span class=\" aw5Odc\"><a class=\"XqQF9c\" href=\"http:\/\/www.google.com\/url?q=http%3A%2F%2Fwww.planalto.gov.br%2FCCIVIL_03%2FPortaria%2FPRT%2FPortaria%25201111-MS.htm&amp;sa=D&amp;sntz=1&amp;usg=AOvVaw1btoUjdh_TtiTyi-EM9Gnh\" target=\"_blank\" rel=\"noopener\">Portaria n\u00ba 1.111, de 5.5.2020<\/a><\/span> &#8211; Habilita leitos da Unidade de Terapia Intensiva &#8211; UTI Adulto Tipo II &#8211; COVID-19 e estabelece recurso do Bloco de Manuten\u00e7\u00e3o das A\u00e7\u00f5es e Servi\u00e7os P\u00fablicos de Sa\u00fade &#8211; Grupo Coronav\u00edrus (COVID 19), a ser disponibilizado ao Estado do Cear\u00e1 Munic\u00edpio de Fortaleza.<\/p><\/li><li class=\"TYR86d wXCUfe zfr3Q\" dir=\"ltr\"><p class=\"CDt4Ke zfr3Q\" dir=\"ltr\"><span class=\" aw5Odc\"><a class=\"XqQF9c\" href=\"http:\/\/www.google.com\/url?q=http%3A%2F%2Fwww.planalto.gov.br%2FCCIVIL_03%2FPortaria%2FPRT%2FPortaria%25201109-MS.htm&amp;sa=D&amp;sntz=1&amp;usg=AOvVaw0AZiZVn1k-KV_rXCNgnmle\" target=\"_blank\" rel=\"noopener\">Portaria n\u00ba 1.109, de 5.5.2020<\/a><\/span> &#8211; Habilita leitos da Unidade de Terapia Intensiva &#8211; UTI Adulto Tipo II &#8211; COVID-19 e estabelece recurso do Bloco de Manuten\u00e7\u00e3o das A\u00e7\u00f5es e Servi\u00e7os P\u00fablicos de Sa\u00fade &#8211; Grupo Coronav\u00edrus (COVID 19), a ser disponibilizado Estados do Amazonas, Goi\u00e1s, Esp\u00edrito Santo, Maranh\u00e3o, Distrito Federal, Mato Grosso, Pernambuco, Amap\u00e1, Rond\u00f4nia e Sergipe.<\/p><\/li><li class=\"TYR86d wXCUfe zfr3Q\" dir=\"ltr\"><p class=\"CDt4Ke zfr3Q\" dir=\"ltr\"><span class=\" aw5Odc\"><a class=\"XqQF9c\" href=\"http:\/\/www.google.com\/url?q=http%3A%2F%2Fwww.planalto.gov.br%2FCCIVIL_03%2F_Ato2019-2022%2F2020%2FLei%2FL13995.htm&amp;sa=D&amp;sntz=1&amp;usg=AOvVaw3i0yaYcPvDM8DjNVHth_c3\" target=\"_blank\" rel=\"noopener\">Lei n\u00ba 13.995, de 5.5.2020<\/a><\/span> &#8211; Disp\u00f5e sobre a presta\u00e7\u00e3o de aux\u00edlio financeiro pela Uni\u00e3o \u00e0s santas casas e hospitais filantr\u00f3picos, sem fins lucrativos, que participam de forma complementar do Sistema \u00danico de Sa\u00fade (SUS), no exerc\u00edcio de 2020, com o objetivo de permitir-lhes atuar de forma coordenada no combate \u00e0 pandemia da Covid-19.<\/p><\/li><li class=\"TYR86d wXCUfe zfr3Q\" dir=\"ltr\"><p class=\"CDt4Ke zfr3Q\" dir=\"ltr\"><span class=\" aw5Odc\"><a class=\"XqQF9c\" href=\"http:\/\/www.google.com\/url?q=http%3A%2F%2Fwww.planalto.gov.br%2FCCIVIL_03%2FPortaria%2FPRT%2FPortaria%25201093-MS.htm&amp;sa=D&amp;sntz=1&amp;usg=AOvVaw2xfmvs0cfSMaUloOU3PxjC\" target=\"_blank\" rel=\"noopener\">Portaria n\u00ba 1.093, de 4.5.2020<\/a><\/span> &#8211; Habilita leitos da Unidade de Terapia Intensiva &#8211; UTI Adulto Tipo II &#8211; COVID-19, do Hospital Jos\u00e9 Maria Morais, e estabelece recurso do Bloco de Manuten\u00e7\u00e3o das A\u00e7\u00f5es e Servi\u00e7os P\u00fablicos de Sa\u00fade &#8211; Grupo Coronav\u00edrus (COVID 19), a ser disponibilizado ao Estado de Minas Gerais e Munic\u00edpio de Coronel Fabriciano.<\/p><\/li><li class=\"TYR86d wXCUfe zfr3Q\" dir=\"ltr\"><p class=\"CDt4Ke zfr3Q\" dir=\"ltr\"><span class=\" aw5Odc\"><a class=\"XqQF9c\" href=\"http:\/\/www.google.com\/url?q=http%3A%2F%2Fwww.planalto.gov.br%2FCCIVIL_03%2FPortaria%2FPRT%2FPortaria%25201092-MS.htm&amp;sa=D&amp;sntz=1&amp;usg=AOvVaw1Rchj77I_Tkb4kDX_86xxB\" target=\"_blank\" rel=\"noopener\">Portaria n\u00ba 1.092, de 4.5.2020<\/a><\/span> &#8211; Habilita leitos da Unidade de Terapia Intensiva &#8211; UTI Adulto e Pedi\u00e1trico Tipo II &#8211; COVID-19 e estabelece recurso do Bloco de Manuten\u00e7\u00e3o das A\u00e7\u00f5es e Servi\u00e7os P\u00fablicos de Sa\u00fade &#8211; Grupo Coronav\u00edrus (COVID 19), a ser disponibilizado ao Estado do Rio Grande do Norte e Munic\u00edpio de Natal.<\/p><\/li><li class=\"TYR86d wXCUfe zfr3Q\" dir=\"ltr\"><p class=\"CDt4Ke zfr3Q\" dir=\"ltr\"><span class=\" aw5Odc\"><a class=\"XqQF9c\" href=\"http:\/\/www.google.com\/url?q=http%3A%2F%2Fwww.planalto.gov.br%2FCCIVIL_03%2FPortaria%2FPRT%2FPortaria%25201091-MS.htm&amp;sa=D&amp;sntz=1&amp;usg=AOvVaw1iMez46qrVws0qEk1k6Fhk\" target=\"_blank\" rel=\"noopener\">Portaria n\u00ba 1.091, de 4.5.2020<\/a><\/span> &#8211; Habilita leitos da Unidade de Terapia Intensiva &#8211; UTI Adulto Tipo II &#8211; COVID-19 e estabelece recurso do Bloco de Manuten\u00e7\u00e3o das A\u00e7\u00f5es e Servi\u00e7os P\u00fablicos de Sa\u00fade &#8211; Grupo Coronav\u00edrus (COVID 19), a ser disponibilizado ao Estado de Pernambuco e Munic\u00edpio de Jaboat\u00e3o dos Guararapes.<\/p><\/li><li class=\"TYR86d wXCUfe zfr3Q\" dir=\"ltr\"><p class=\"CDt4Ke zfr3Q\" dir=\"ltr\"><span class=\" aw5Odc\"><a class=\"XqQF9c\" href=\"http:\/\/www.google.com\/url?q=http%3A%2F%2Fwww.planalto.gov.br%2FCCIVIL_03%2FPortaria%2FPRT%2FPortaria%25201089-MS.htm&amp;sa=D&amp;sntz=1&amp;usg=AOvVaw0VYDyKwYQcxNhS09Or1i31\" target=\"_blank\" rel=\"noopener\">Portaria n\u00ba 1.089, de 4.5.2020<\/a><\/span> &#8211; Habilita leitos de Unidade de Terapia Intensiva &#8211; UTI Adulto Tipo II &#8211; COVID-19 e estabelece recurso do Bloco de Manuten\u00e7\u00e3o das A\u00e7\u00f5es e Servi\u00e7os P\u00fablicos de Sa\u00fade &#8211; Grupo Coronav\u00edrus (COVID 19), a ser disponibilizado ao Estado de S\u00e3o Paulo e Munic\u00edpios.<\/p><\/li><li class=\"TYR86d wXCUfe zfr3Q\" dir=\"ltr\"><p class=\"CDt4Ke zfr3Q\" dir=\"ltr\"><span class=\" aw5Odc\"><a class=\"XqQF9c\" href=\"http:\/\/www.google.com\/url?q=http%3A%2F%2Fwww.planalto.gov.br%2FCCIVIL_03%2FPortaria%2FPRT%2FPortaria%25201088-MS.htm&amp;sa=D&amp;sntz=1&amp;usg=AOvVaw0CDrdQlcj0AW_k2j8QCr4O\" target=\"_blank\" rel=\"noopener\">Portaria n\u00ba 1.088, de 4.5.2020<\/a><\/span> &#8211; Habilita leitos da Unidade de Terapia Intensiva &#8211; UTI Adulto Tipo II &#8211; COVID-19 e estabelece recurso do Bloco de Manuten\u00e7\u00e3o das A\u00e7\u00f5es e Servi\u00e7os P\u00fablicos de Sa\u00fade &#8211; Grupo Coronav\u00edrus (COVID 19), a ser disponibilizado ao Estado da Para\u00edba e Munic\u00edpios.<\/p><\/li><li class=\"TYR86d wXCUfe zfr3Q\" dir=\"ltr\"><p class=\"CDt4Ke zfr3Q\" dir=\"ltr\"><span class=\" aw5Odc\"><a class=\"XqQF9c\" href=\"http:\/\/www.google.com\/url?q=http%3A%2F%2Fwww.planalto.gov.br%2FCCIVIL_03%2FPortaria%2FPRT%2FPortaria%25201087-MS.htm&amp;sa=D&amp;sntz=1&amp;usg=AOvVaw326sCl52YI1GZjVv6AKtv4\" target=\"_blank\" rel=\"noopener\">Portaria n\u00ba 1.087, de 4.5.2020<\/a><\/span> &#8211; Habilita leitos da Unidade de Terapia Intensiva &#8211; UTI Adulto Tipo II &#8211; COVID-19 e estabelece recurso do Bloco de Manuten\u00e7\u00e3o das A\u00e7\u00f5es e Servi\u00e7os P\u00fablicos de Sa\u00fade &#8211; Grupo Coronav\u00edrus (COVID 19), a ser disponibilizado ao Estado do Piau\u00ed Munic\u00edpio de Parna\u00edba.<\/p><\/li><li class=\"TYR86d wXCUfe zfr3Q\" dir=\"ltr\"><p class=\"CDt4Ke zfr3Q\" dir=\"ltr\"><span class=\" aw5Odc\"><a class=\"XqQF9c\" href=\"http:\/\/www.google.com\/url?q=http%3A%2F%2Fwww.planalto.gov.br%2FCCIVIL_03%2FPortaria%2FPRT%2FPortaria%25201086-MS.htm&amp;sa=D&amp;sntz=1&amp;usg=AOvVaw3nyQyyi2KeAgvjOWSOsT3-\" target=\"_blank\" rel=\"noopener\">Portaria n\u00ba 1.086, de 4.5.2020<\/a><\/span> &#8211; Habilita leitos da Unidade de Terapia Intensiva &#8211; UTI Adulto e Pedi\u00e1trico Tipo II &#8211; COVID-19 e estabelece recurso do Bloco de Manuten\u00e7\u00e3o das A\u00e7\u00f5es e Servi\u00e7os P\u00fablicos de Sa\u00fade &#8211; Grupo Coronav\u00edrus (COVID 19), a ser disponibilizado ao Estado do Piau\u00ed e Munic\u00edpio de Teresina.<\/p><\/li><li class=\"TYR86d wXCUfe zfr3Q\" dir=\"ltr\"><p class=\"CDt4Ke zfr3Q\" dir=\"ltr\"><span class=\" aw5Odc\"><a class=\"XqQF9c\" href=\"http:\/\/www.google.com\/url?q=http%3A%2F%2Fwww.planalto.gov.br%2FCCIVIL_03%2FPortaria%2FPRT%2FPortaria%25201085-MS.htm&amp;sa=D&amp;sntz=1&amp;usg=AOvVaw2YK9S-Mc5VkBfjJLeVT1m4\" target=\"_blank\" rel=\"noopener\">Portaria n\u00ba 1.085, de 4.5.2020<\/a><\/span> &#8211; Habilita leitos da Unidade de Terapia Intensiva &#8211; UTI Adulto Tipo II &#8211; COVID-19 e estabelece recurso do Bloco de Manuten\u00e7\u00e3o das A\u00e7\u00f5es e Servi\u00e7os P\u00fablicos de Sa\u00fade &#8211; Grupo Coronav\u00edrus (COVID 19), a ser disponibilizado ao Estado da Para\u00edba.<\/p><\/li><li class=\"TYR86d wXCUfe zfr3Q\" dir=\"ltr\"><p class=\"CDt4Ke zfr3Q\" dir=\"ltr\"><span class=\" aw5Odc\"><a class=\"XqQF9c\" href=\"http:\/\/www.google.com\/url?q=http%3A%2F%2Fwww.planalto.gov.br%2FCCIVIL_03%2F_Ato2019-2022%2F2020%2FMpv%2Fmpv960.htm&amp;sa=D&amp;sntz=1&amp;usg=AOvVaw3lHnGmVkKwIVjx-W2GTX7c\" target=\"_blank\" rel=\"noopener\">Medida Provis\u00f3ria n\u00ba 960, de 30.4.2020<\/a><\/span> &#8211; Prorroga os prazos de suspens\u00e3o de pagamentos de tributos previstos nos atos concess\u00f3rios do regime especial de drawback, que tenham sido prorrogados por um ano pela autoridade fiscal e tenham termo em 2020.<\/p><\/li><li class=\"TYR86d wXCUfe zfr3Q\" dir=\"ltr\"><p class=\"CDt4Ke zfr3Q\" dir=\"ltr\"><span class=\" aw5Odc\"><a class=\"XqQF9c\" href=\"http:\/\/www.google.com\/url?q=http%3A%2F%2Fwww.planalto.gov.br%2FCCIVIL_03%2F_Ato2019-2022%2F2020%2FMpv%2Fmpv959.htm&amp;sa=D&amp;sntz=1&amp;usg=AOvVaw2ZYIZ_RE1FU1yD91yJfSIn\" target=\"_blank\" rel=\"noopener\">Medida Provis\u00f3ria n\u00ba 959, de 29.4.2020<\/a><\/span> &#8211; Estabelece a operacionaliza\u00e7\u00e3o do pagamento do Benef\u00edcio Emergencial de Preserva\u00e7\u00e3o do Emprego e da Renda e do benef\u00edcio emergencial mensal de que trata a Medida Provis\u00f3ria n\u00ba 936, de 1\u00ba de abril de 2020, e prorroga a vacatio legis da Lei n\u00ba 13.709, de 14 de agosto de 2018, que estabelece a Lei Geral de Prote\u00e7\u00e3o de Dados Pessoais &#8211; LGPD.<\/p><\/li><li class=\"TYR86d wXCUfe zfr3Q\" dir=\"ltr\"><p class=\"CDt4Ke zfr3Q\" dir=\"ltr\"><span class=\" aw5Odc\"><a class=\"XqQF9c\" href=\"http:\/\/www.google.com\/url?q=http%3A%2F%2Fwww.planalto.gov.br%2FCCIVIL_03%2FPortaria%2FPRT%2FPortaria-204-20-ccv.htm&amp;sa=D&amp;sntz=1&amp;usg=AOvVaw2lpRmFNNBJnNG3Ai8z87Us\" target=\"_blank\" rel=\"noopener\">Portaria n\u00ba 204, de 29.4.2020<\/a><\/span> &#8211; Disp\u00f5e sobre a restri\u00e7\u00e3o excepcional e tempor\u00e1ria de entrada no Pa\u00eds de estrangeiros, de qualquer nacionalidade, por via terrestre, conforme recomenda\u00e7\u00e3o da Ag\u00eancia Nacional de Vigil\u00e2ncia Sanit\u00e1ria &#8211; Anvisa.<\/p><\/li><li class=\"TYR86d wXCUfe zfr3Q\" dir=\"ltr\"><p class=\"CDt4Ke zfr3Q\" dir=\"ltr\"><span class=\" aw5Odc\"><a class=\"XqQF9c\" href=\"http:\/\/www.google.com\/url?q=http%3A%2F%2Fwww.planalto.gov.br%2FCCIVIL_03%2F_Ato2019-2022%2F2020%2FDecreto%2FD10329.htm&amp;sa=D&amp;sntz=1&amp;usg=AOvVaw0EybfSbu0A5x65TVeaSbd4\" target=\"_blank\" rel=\"noopener\">Decreto n\u00ba 10.329, de 28.4.2020<\/a><\/span> &#8211; Altera o Decreto n\u00ba 10.282, de 20 de mar\u00e7o de 2020, que regulamenta a Lei n\u00ba 13.979, de 6 de fevereiro de 2020, para definir os servi\u00e7os p\u00fablicos e as atividades essenciais.<\/p><\/li><li class=\"TYR86d wXCUfe zfr3Q\" dir=\"ltr\"><p class=\"CDt4Ke zfr3Q\" dir=\"ltr\"><span class=\" aw5Odc\"><a class=\"XqQF9c\" href=\"http:\/\/www.google.com\/url?q=http%3A%2F%2Fwww.planalto.gov.br%2FCCIVIL_03%2FPortaria%2FPRT%2FPortaria-203-20-ccv.htm&amp;sa=D&amp;sntz=1&amp;usg=AOvVaw3H0By3kySY79fSLwKCEJR7\" target=\"_blank\" rel=\"noopener\">Portaria n\u00ba 203, de 28.4.2020<\/a><\/span> &#8211; Disp\u00f5e sobre a restri\u00e7\u00e3o excepcional e tempor\u00e1ria de entrada no Pa\u00eds de estrangeiros, por via a\u00e9rea, conforme recomenda\u00e7\u00e3o da Ag\u00eancia Nacional de Vigil\u00e2ncia Sanit\u00e1ria &#8211; Anvisa.<\/p><\/li><li class=\"TYR86d wXCUfe zfr3Q\" dir=\"ltr\"><p class=\"CDt4Ke zfr3Q\" dir=\"ltr\"><span class=\" aw5Odc\"><a class=\"XqQF9c\" href=\"http:\/\/www.google.com\/url?q=http%3A%2F%2Fwww.planalto.gov.br%2FCCIVIL_03%2F_Ato2019-2022%2F2020%2FMpv%2Fmpv958.htm&amp;sa=D&amp;sntz=1&amp;usg=AOvVaw1Yc0YRjd1WRrPpqDu4nccx\" target=\"_blank\" rel=\"noopener\">Medida Provis\u00f3ria n\u00ba 958, de 24.4.2020<\/a><\/span> &#8211; Estabelece normas para a facilita\u00e7\u00e3o do acesso ao cr\u00e9dito e mitiga\u00e7\u00e3o dos impactos econ\u00f4micos decorrentes da pandemia de coronav\u00edrus (covid-19).<\/p><\/li><li class=\"TYR86d wXCUfe zfr3Q\" dir=\"ltr\"><p class=\"CDt4Ke zfr3Q\" dir=\"ltr\"><span class=\" aw5Odc\"><a class=\"XqQF9c\" href=\"http:\/\/www.google.com\/url?q=http%3A%2F%2Fwww.planalto.gov.br%2FCCIVIL_03%2F_Ato2019-2022%2F2020%2FMpv%2Fmpv957.htm&amp;sa=D&amp;sntz=1&amp;usg=AOvVaw3g64TIgCrNLmM9A6YxxwG3\" target=\"_blank\" rel=\"noopener\">Medida Provis\u00f3ria n\u00ba 957, de 24.4.2020<\/a><\/span> &#8211; Abre cr\u00e9dito extraordin\u00e1rio, em favor do Minist\u00e9rio da Cidadania, no valor de R$ 500.000.000,00, para o fim que especifica.<\/p><\/li><li class=\"TYR86d wXCUfe zfr3Q\" dir=\"ltr\"><p class=\"CDt4Ke zfr3Q\" dir=\"ltr\"><span class=\" aw5Odc\"><a class=\"XqQF9c\" href=\"http:\/\/www.google.com\/url?q=http%3A%2F%2Fwww.planalto.gov.br%2FCCIVIL_03%2FPortaria%2FPRT%2FPortaria-201-20-ccv.htm&amp;sa=D&amp;sntz=1&amp;usg=AOvVaw1ZxbPtEmBZQFPm1pE7FTcq\" target=\"_blank\" rel=\"noopener\">Portaria n\u00ba 201, de 24.4.2020<\/a><\/span> &#8211; Disp\u00f5e sobre a restri\u00e7\u00e3o excepcional e tempor\u00e1ria de entrada no Pa\u00eds de estrangeiros, por transporte aquavi\u00e1rio, conforme recomenda\u00e7\u00e3o da Ag\u00eancia Nacional de Vigil\u00e2ncia Sanit\u00e1ria &#8211; Anvisa.<\/p><\/li><li class=\"TYR86d wXCUfe zfr3Q\" dir=\"ltr\"><p class=\"CDt4Ke zfr3Q\" dir=\"ltr\"><span class=\" aw5Odc\"><a class=\"XqQF9c\" href=\"http:\/\/www.google.com\/url?q=http%3A%2F%2Fwww.planalto.gov.br%2FCCIVIL_03%2F_Ato2019-2022%2F2020%2FMpv%2Fmpv956.htm&amp;sa=D&amp;sntz=1&amp;usg=AOvVaw11uCkQsBPFrJMJTxnKH8Mb\" target=\"_blank\" rel=\"noopener\">Medida Provis\u00f3ria n\u00ba 956, de 24.4.2020<\/a><\/span> &#8211; Abre cr\u00e9dito extraordin\u00e1rio, em favor do Minist\u00e9rio da Cidadania, no valor de R$ 25.720.000.000,00, para o fim que especifica.<\/p><\/li><li class=\"TYR86d wXCUfe zfr3Q\" dir=\"ltr\"><p class=\"CDt4Ke zfr3Q\" dir=\"ltr\"><span class=\" aw5Odc\"><a class=\"XqQF9c\" href=\"http:\/\/www.google.com\/url?q=http%3A%2F%2Fwww.planalto.gov.br%2FCCIVIL_03%2FPortaria%2FRES%2Fres-170-20-cgicpb.htm&amp;sa=D&amp;sntz=1&amp;usg=AOvVaw34nbzOSkUx0Z6jd4XEezsa\" target=\"_blank\" rel=\"noopener\">Resolu\u00e7\u00e3o n\u00ba 170, de 23.4.2020<\/a><\/span> &#8211; Estabelece os procedimentos a serem observados quando da primeira emiss\u00e3o de um certificado digital por meio de videoconfer\u00eancia.<\/p><\/li><li class=\"TYR86d wXCUfe zfr3Q\" dir=\"ltr\"><p class=\"CDt4Ke zfr3Q\" dir=\"ltr\"><span class=\" aw5Odc\"><a class=\"XqQF9c\" href=\"http:\/\/www.google.com\/url?q=http%3A%2F%2Fwww.planalto.gov.br%2FCCIVIL_03%2F_Ato2019-2022%2F2020%2FLei%2FL13993.htm&amp;sa=D&amp;sntz=1&amp;usg=AOvVaw0VAOxBq6CeTHbLqRKHDMy1\" target=\"_blank\" rel=\"noopener\">Lei n\u00ba 13.993, de 23.4.2020<\/a><\/span> &#8211; Disp\u00f5e sobre a proibi\u00e7\u00e3o de exporta\u00e7\u00f5es de produtos m\u00e9dicos, hospitalares e de higiene essenciais ao combate \u00e0 epidemia de coronav\u00edrus no Brasil.<\/p><\/li><li class=\"TYR86d wXCUfe zfr3Q\" dir=\"ltr\"><p class=\"CDt4Ke zfr3Q\" dir=\"ltr\"><span class=\" aw5Odc\"><a class=\"XqQF9c\" href=\"http:\/\/www.google.com\/url?q=http%3A%2F%2Fwww.planalto.gov.br%2FCCIVIL_03%2F_Ato2019-2022%2F2020%2FLei%2FL13992.htm&amp;sa=D&amp;sntz=1&amp;usg=AOvVaw1dFeCaZ6gORiRzeJbTBt2k\" target=\"_blank\" rel=\"noopener\">Lei n\u00ba 13.992, de 22.4.2020<\/a><\/span> &#8211; Suspende por 120 (cento e vinte) dias, a contar de 1\u00ba de mar\u00e7o do corrente ano, a obrigatoriedade da manuten\u00e7\u00e3o das metas quantitativas e qualitativas contratualizadas pelos prestadores de servi\u00e7o de sa\u00fade no \u00e2mbito do Sistema \u00danico de Sa\u00fade (SUS).<\/p><\/li><li class=\"TYR86d wXCUfe zfr3Q\" dir=\"ltr\"><p class=\"CDt4Ke zfr3Q\" dir=\"ltr\"><span class=\" aw5Odc\"><a class=\"XqQF9c\" href=\"http:\/\/www.google.com\/url?q=http%3A%2F%2Fwww.planalto.gov.br%2FCCIVIL_03%2F_Ato2019-2022%2F2020%2FDecreto%2FD10324.htm&amp;sa=D&amp;sntz=1&amp;usg=AOvVaw3tPh6v6U7tKxeHhYn0gShU\" target=\"_blank\" rel=\"noopener\">Decreto n\u00ba 10.324, de 22.4.2020<\/a><\/span> &#8211; Altera o Decreto n\u00ba 10.249, de 19 de fevereiro de 2020, que disp\u00f5e sobre a programa\u00e7\u00e3o or\u00e7ament\u00e1ria e financeira e estabelece o cronograma mensal de desembolso do Poder Executivo federal para o exerc\u00edcio de 2020.<\/p><\/li><li class=\"TYR86d wXCUfe zfr3Q\" dir=\"ltr\"><p class=\"CDt4Ke zfr3Q\" dir=\"ltr\"><span class=\" aw5Odc\"><a class=\"XqQF9c\" href=\"http:\/\/www.google.com\/url?q=http%3A%2F%2Fwww.planalto.gov.br%2FCCIVIL_03%2FPortaria%2FPRT%2FPortaria-366-20-mcidadania.htm&amp;sa=D&amp;sntz=1&amp;usg=AOvVaw3vphZGj0dwpS2pVH9VPM4o\" target=\"_blank\" rel=\"noopener\">Portaria n\u00ba 366, de 22.4.2020<\/a><\/span> &#8211; Disp\u00f5e acerca de medidas para o enfrentamento da Emerg\u00eancia em Sa\u00fade P\u00fablica de Import\u00e2ncia Nacional, em decorr\u00eancia da Infec\u00e7\u00e3o Humana pelo novo coronav\u00edrus (COVID-19), no \u00e2mbito do Programa Crian\u00e7a Feliz\/Primeira Inf\u00e2ncia no SUAS.<\/p><\/li><li class=\"TYR86d wXCUfe zfr3Q\" dir=\"ltr\"><p class=\"CDt4Ke zfr3Q\" dir=\"ltr\"><span class=\" aw5Odc\"><a class=\"XqQF9c\" href=\"http:\/\/www.google.com\/url?q=http%3A%2F%2Fwww.planalto.gov.br%2FCCIVIL_03%2FPortaria%2Fprt195-20-ccv.htm&amp;sa=D&amp;sntz=1&amp;usg=AOvVaw2IT17lJM85Y4ijr9s8kEmo\" target=\"_blank\" rel=\"noopener\">Portaria n\u00ba 195, de 20.4.2020<\/a><\/span> &#8211; Prorroga a restri\u00e7\u00e3o excepcional e tempor\u00e1ria de entrada no Pa\u00eds, por via terrestre, de estrangeiros provenientes da Rep\u00fablica Oriental do Uruguai.<\/p><\/li><li class=\"TYR86d wXCUfe zfr3Q\" dir=\"ltr\"><p class=\"CDt4Ke zfr3Q\" dir=\"ltr\"><span class=\" aw5Odc\"><a class=\"XqQF9c\" href=\"http:\/\/www.google.com\/url?q=http%3A%2F%2Fwww.planalto.gov.br%2FCCIVIL_03%2FPortaria%2FRES%2Fres-167-20-cgicpb.htm&amp;sa=D&amp;sntz=1&amp;usg=AOvVaw00ckuZp35bi5rNx5op4sQv\" target=\"_blank\" rel=\"noopener\">Resolu\u00e7\u00e3o n\u00ba 167, de 17.4.2020<\/a><\/span> &#8211; Altera os prazos m\u00e1ximos previstos para a emiss\u00e3o de LCR e para a conclus\u00e3o do processo de revoga\u00e7\u00e3o de certificado.<\/p><\/li><li class=\"TYR86d wXCUfe zfr3Q\" dir=\"ltr\"><p class=\"CDt4Ke zfr3Q\" dir=\"ltr\"><span class=\" aw5Odc\"><a class=\"XqQF9c\" href=\"http:\/\/www.google.com\/url?q=http%3A%2F%2Fwww.planalto.gov.br%2FCCIVIL_03%2FPortaria%2FRES%2Fres-160-20-cgicpb.htm&amp;sa=D&amp;sntz=1&amp;usg=AOvVaw18pzOGE3_kzaA-FGoND9Ma\" target=\"_blank\" rel=\"noopener\">Resolu\u00e7\u00e3o n\u00ba 160, de 17.4.2020<\/a><\/span> &#8211; Estabelece diretrizes para as reuni\u00f5es do Plen\u00e1rio do Comit\u00ea Gestor da Infraestrutura de Chaves P\u00fablicas Brasileira \u2013 ICP-Brasil (CG ICP-Brasil) durante o estado de emerg\u00eancia de sa\u00fade p\u00fablica de import\u00e2ncia internacional decorrente do coronav\u00edrus (COVID-19).<\/p><\/li><li class=\"TYR86d wXCUfe zfr3Q\" dir=\"ltr\"><p class=\"CDt4Ke zfr3Q\" dir=\"ltr\"><span class=\" aw5Odc\"><a class=\"XqQF9c\" href=\"http:\/\/www.google.com\/url?q=http%3A%2F%2Fwww.planalto.gov.br%2FCCIVIL_03%2F_Ato2019-2022%2F2020%2FMpv%2Fmpv954.htm&amp;sa=D&amp;sntz=1&amp;usg=AOvVaw1T1K1Q2uKDX6BlqnywOccf\" target=\"_blank\" rel=\"noopener\">Medida Provis\u00f3ria n\u00ba 954, de 17.4.2020<\/a><\/span> &#8211; Disp\u00f5e sobre o compartilhamento de dados por empresas de telecomunica\u00e7\u00f5es prestadoras de Servi\u00e7o Telef\u00f4nico Fixo Comutado e de Servi\u00e7o M\u00f3vel Pessoal com a Funda\u00e7\u00e3o Instituto Brasileiro de Geografia e Estat\u00edstica, para fins de suporte \u00e0 produ\u00e7\u00e3o estat\u00edstica oficial durante a situa\u00e7\u00e3o de emerg\u00eancia de sa\u00fade p\u00fablica de import\u00e2ncia internacional decorrente do coronav\u00edrus (covid-19), de que trata a Lei n\u00ba 13.979, de 6 de fevereiro de 2020.<\/p><\/li><li class=\"TYR86d wXCUfe zfr3Q\" dir=\"ltr\"><p class=\"CDt4Ke zfr3Q\" dir=\"ltr\"><span class=\" aw5Odc\"><a class=\"XqQF9c\" href=\"http:\/\/www.google.com\/url?q=http%3A%2F%2Fwww.planalto.gov.br%2FCCIVIL_03%2FPortaria%2FREC%2Frecomendacao-conjunta-01-20-MC.htm&amp;sa=D&amp;sntz=1&amp;usg=AOvVaw30dxXEdAhJGJmZA6OLbgqT\" target=\"_blank\" rel=\"noopener\">Recomenda\u00e7\u00e3o n\u00ba 01, de 16.4.2020<\/a><\/span> &#8211; Disp\u00f5e sobre cuidados a crian\u00e7as e adolescentes com medida protetiva de acolhimento, no contexto de transmiss\u00e3o comunit\u00e1ria do novo Coronav\u00edrus (Covid-19), em todo o territ\u00f3rio nacional e d\u00e1 outras provid\u00eancias.<\/p><\/li><li class=\"TYR86d wXCUfe zfr3Q\" dir=\"ltr\"><p class=\"CDt4Ke zfr3Q\" dir=\"ltr\"><span class=\" aw5Odc\"><a class=\"XqQF9c\" href=\"http:\/\/www.google.com\/url?q=http%3A%2F%2Fwww.planalto.gov.br%2FCCIVIL_03%2FPortaria%2FRES%2Fres-373-20-ms-anvisa.htm&amp;sa=D&amp;sntz=1&amp;usg=AOvVaw0JZRt98m3ouP1Pne3r4pf9\" target=\"_blank\" rel=\"noopener\">Resolu\u00e7\u00e3o n\u00ba 373, de 16.4.2020<\/a><\/span> &#8211; Altera o art. 29 da Resolu\u00e7\u00e3o de Diretoria Colegiada &#8211; RDC n\u00ba 72, de 29 de dezembro de 2009 que disp\u00f5e sobre o Regulamento T\u00e9cnico que visa \u00e0 promo\u00e7\u00e3o da sa\u00fade nos portos de controle sanit\u00e1rio instalados em territ\u00f3rio nacional, e embarca\u00e7\u00f5es que por eles transitem durante a Emerg\u00eancia de Sa\u00fade P\u00fablica de Import\u00e2ncia Internacional (ESPII) COVID-19.<\/p><\/li><li class=\"TYR86d wXCUfe zfr3Q\" dir=\"ltr\"><p class=\"CDt4Ke zfr3Q\" dir=\"ltr\"><span class=\" aw5Odc\"><a class=\"XqQF9c\" href=\"http:\/\/www.google.com\/url?q=http%3A%2F%2Fwww.planalto.gov.br%2FCCIVIL_03%2FLEIS%2FLCP%2FLcp172.htm&amp;sa=D&amp;sntz=1&amp;usg=AOvVaw2LnxdcVvY05b0T4rJQxumW\" target=\"_blank\" rel=\"noopener\">Lei Complementar n\u00ba 172, de 15.4.2020<\/a><\/span> &#8211; Disp\u00f5e sobre a transposi\u00e7\u00e3o e a transfer\u00eancia de saldos financeiros constantes dos Fundos de Sa\u00fade dos Estados, do Distrito Federal e dos Munic\u00edpios, provenientes de repasses federais.<\/p><\/li><li class=\"TYR86d wXCUfe zfr3Q\" dir=\"ltr\"><p class=\"CDt4Ke zfr3Q\" dir=\"ltr\"><span class=\" aw5Odc\"><a class=\"XqQF9c\" href=\"http:\/\/www.google.com\/url?q=http%3A%2F%2Fwww.planalto.gov.br%2FCCIVIL_03%2F_Ato2019-2022%2F2020%2FLei%2FL13989.htm&amp;sa=D&amp;sntz=1&amp;usg=AOvVaw3kWIBDpYqcBy96ikwkXFBp\" target=\"_blank\" rel=\"noopener\">Lei n\u00ba 13.989, de 15.4.2020<\/a><\/span> &#8211; Disp\u00f5e sobre o uso da telemedicina durante a crise causada pelo coronav\u00edrus (SARS-CoV-2). <span class=\" aw5Odc\"><a class=\"XqQF9c\" href=\"http:\/\/www.google.com\/url?q=http%3A%2F%2Fwww.planalto.gov.br%2FCCIVIL_03%2F_Ato2019-2022%2F2020%2FMsg%2FVEP%2FVEP-191.htm&amp;sa=D&amp;sntz=1&amp;usg=AOvVaw2O7QpMUR495k14LLoTzJYN\" target=\"_blank\" rel=\"noopener\">Mensagem de veto<\/a><\/span><\/p><\/li><li class=\"TYR86d wXCUfe zfr3Q\" dir=\"ltr\"><p class=\"CDt4Ke zfr3Q\" dir=\"ltr\"><span class=\" aw5Odc\"><a class=\"XqQF9c\" href=\"http:\/\/www.google.com\/url?q=http%3A%2F%2Fwww.planalto.gov.br%2FCCIVIL_03%2F_Ato2019-2022%2F2020%2FMpv%2Fmpv953.htm&amp;sa=D&amp;sntz=1&amp;usg=AOvVaw219EzF80AD2zaV4vici_KR\" target=\"_blank\" rel=\"noopener\">Medida Provis\u00f3ria n\u00ba 953, de 15.4.2020<\/a><\/span> &#8211; Abre cr\u00e9dito extraordin\u00e1rio em favor do Minist\u00e9rio da Cidadania, no valor de R$ 2.550.000.000,00, para o fim que especifica.<\/p><\/li><li class=\"TYR86d wXCUfe zfr3Q\" dir=\"ltr\"><p class=\"CDt4Ke zfr3Q\" dir=\"ltr\"><span class=\" aw5Odc\"><a class=\"XqQF9c\" href=\"http:\/\/www.google.com\/url?q=http%3A%2F%2Fwww.planalto.gov.br%2FCCIVIL_03%2FPortaria%2FRES%2FResolucao%25203-20-PR.htm&amp;sa=D&amp;sntz=1&amp;usg=AOvVaw2gfxHN4xgj398yzP-oJRQm\" target=\"_blank\" rel=\"noopener\">Resolu\u00e7\u00e3o n\u00ba 03, de 15.4.2020<\/a><\/span> &#8211; Institui Grupo de Trabalho para a Coordena\u00e7\u00e3o de A\u00e7\u00f5es Estrat\u00e9gicas para Constru\u00e7\u00e3o de Hospitais de Campanha Federais e Log\u00edstica Internacional de Equipamentos M\u00e9dicos e Insumos de Sa\u00fade, em resposta aos impactos relacionados ao coronav\u00edrus, no \u00e2mbito do Comit\u00ea de Crise da Covid-19.<\/p><\/li><li class=\"TYR86d wXCUfe zfr3Q\" dir=\"ltr\"><p class=\"CDt4Ke zfr3Q\" dir=\"ltr\"><span class=\" aw5Odc\"><a class=\"XqQF9c\" href=\"http:\/\/www.google.com\/url?q=http%3A%2F%2Fwww.planalto.gov.br%2FCCIVIL_03%2F_Ato2019-2022%2F2020%2FMpv%2Fmpv952.htm&amp;sa=D&amp;sntz=1&amp;usg=AOvVaw0lUT2seEXaFOkfr5oPMdcD\" target=\"_blank\" rel=\"noopener\">Medida Provis\u00f3ria n\u00ba 952, de 15.4.2020<\/a><\/span> &#8211; Disp\u00f5e sobre a prorroga\u00e7\u00e3o do prazo para pagamento de tributos incidentes sobre a presta\u00e7\u00e3o de servi\u00e7os de telecomunica\u00e7\u00f5es.<\/p><\/li><li class=\"TYR86d wXCUfe zfr3Q\" dir=\"ltr\"><p class=\"CDt4Ke zfr3Q\" dir=\"ltr\"><span class=\" aw5Odc\"><a class=\"XqQF9c\" href=\"http:\/\/www.google.com\/url?q=http%3A%2F%2Fwww.planalto.gov.br%2FCCIVIL_03%2F_Ato2019-2022%2F2020%2FMpv%2Fmpv951.htm&amp;sa=D&amp;sntz=1&amp;usg=AOvVaw2hmY7KD7tV3E5mzxaz6F1N\" target=\"_blank\" rel=\"noopener\">Medida Provis\u00f3ria n\u00ba 951, de 15.4.2020<\/a><\/span> &#8211; Estabelece normas sobre compras p\u00fablicas, san\u00e7\u00f5es em mat\u00e9ria de licita\u00e7\u00e3o e certifica\u00e7\u00e3o digital e d\u00e1 outras provid\u00eancias.<\/p><\/li><li class=\"TYR86d wXCUfe zfr3Q\" dir=\"ltr\"><p class=\"CDt4Ke zfr3Q\" dir=\"ltr\"><span class=\" aw5Odc\"><a class=\"XqQF9c\" href=\"http:\/\/www.google.com\/url?q=http%3A%2F%2Fwww.planalto.gov.br%2FCCIVIL_03%2FPortaria%2FRES%2FResolucao-371-MS-ANVISA.htm&amp;sa=D&amp;sntz=1&amp;usg=AOvVaw0R_EFzE2Xj0m_QhpSDgdXq\" target=\"_blank\" rel=\"noopener\">Resolu\u00e7\u00e3o n\u00ba 371, de 15.4.2020<\/a><\/span> &#8211; Altera a Resolu\u00e7\u00e3o de Diretoria Colegiada &#8211; RDC n\u00b0 370, de 13 de abril de 2020, que disp\u00f5e sobre a autoriza\u00e7\u00e3o pr\u00e9via para fins de exporta\u00e7\u00e3o de mat\u00e9ria-prima, produto semi-elaborado, produto a granel ou produto farmac\u00eautico acabado destinados ao combate da COVID-19.<\/p><\/li><li class=\"TYR86d wXCUfe zfr3Q\" dir=\"ltr\"><p class=\"CDt4Ke zfr3Q\" dir=\"ltr\"><span class=\" aw5Odc\"><a class=\"XqQF9c\" href=\"http:\/\/www.google.com\/url?q=http%3A%2F%2Fwww.planalto.gov.br%2FCCIVIL_03%2FPortaria%2FIN%2Fin1938-20-me-srfb.htm&amp;sa=D&amp;sntz=1&amp;usg=AOvVaw3-b8Rcze_bgaEKXw2V9V4r\" target=\"_blank\" rel=\"noopener\">Instru\u00e7\u00e3o Normativa n\u00ba 1.938, de 15.4.2020<\/a><\/span> &#8211; Altera a Instru\u00e7\u00e3o Normativa RFB n\u00ba 1.548, de 13 de fevereiro de 2015, que disp\u00f5e sobre o Cadastro de Pessoas F\u00edsicas (CPF), em decorr\u00eancia da pandemia da doen\u00e7a pelo coronav\u00edrus 2019 (Covid-19).<\/p><\/li><li class=\"TYR86d wXCUfe zfr3Q\" dir=\"ltr\"><p class=\"CDt4Ke zfr3Q\" dir=\"ltr\"><span class=\" aw5Odc\"><a class=\"XqQF9c\" href=\"http:\/\/www.google.com\/url?q=http%3A%2F%2Fwww.planalto.gov.br%2FCCIVIL_03%2FPortaria%2FIN%2Fin1936-20-me-srfb.htm&amp;sa=D&amp;sntz=1&amp;usg=AOvVaw1Nw-BBxFDXfd5hiIad3tSc\" target=\"_blank\" rel=\"noopener\">Instru\u00e7\u00e3o Normativa n\u00ba 1.936, de 15.4.2020<\/a><\/span> &#8211; Altera a Instru\u00e7\u00e3o Normativa SRF n\u00ba 680, de 2 de outubro de 2006, que disciplina o despacho aduaneiro de importa\u00e7\u00e3o, em decorr\u00eancia da pandemia da doen\u00e7a pelo coronav\u00edrus 2019 (Covid-19).<\/p><\/li><li class=\"TYR86d wXCUfe zfr3Q\" dir=\"ltr\"><p class=\"CDt4Ke zfr3Q\" dir=\"ltr\"><span class=\" aw5Odc\"><a class=\"XqQF9c\" href=\"http:\/\/www.google.com\/url?q=http%3A%2F%2Fwww.planalto.gov.br%2FCCIVIL_03%2FPortaria%2FPRT%2FPortaria-158-20-me.htm&amp;sa=D&amp;sntz=1&amp;usg=AOvVaw0sGPUfengOwBa036LGuzi_\" target=\"_blank\" rel=\"noopener\">Portaria n\u00ba 158, de 15.4.2020<\/a><\/span> &#8211; Altera a Portaria MF n\u00ba 156, de 24 de junho de 1999, que estabelece requisitos e condi\u00e7\u00f5es para a aplica\u00e7\u00e3o do Regime de Tributa\u00e7\u00e3o Simplificada institu\u00eddo pelo Decreto-Lei n\u00ba 1.804, de 3 de setembro de 1980.<\/p><\/li><li class=\"TYR86d wXCUfe zfr3Q\" dir=\"ltr\"><p class=\"CDt4Ke zfr3Q\" dir=\"ltr\"><span class=\" aw5Odc\"><a class=\"XqQF9c\" href=\"http:\/\/www.google.com\/url?q=http%3A%2F%2Fwww.planalto.gov.br%2FCCIVIL_03%2FPortaria%2FDLB%2Fdeliberacao-852-20-me-cvm.htm&amp;sa=D&amp;sntz=1&amp;usg=AOvVaw0utdGLGlAYvzNUCwwf0e-e\" target=\"_blank\" rel=\"noopener\">Delibera\u00e7\u00e3o n\u00ba 852, de 15.4.2020<\/a><\/span> &#8211; Estabelece o prazo para apresenta\u00e7\u00e3o, pelos empreendimentos hoteleiros e por emissores n\u00e3o registrados que realizaram ofertas ao amparo da Instru\u00e7\u00e3o CVM n\u00ba 476\/09, de informa\u00e7\u00f5es com vencimento em 2020, altera a Delibera\u00e7\u00e3o CVM n\u00ba 849, de 31 de mar\u00e7o de 2020, e revoga a Delibera\u00e7\u00e3o CVM n\u00ba 846, de 16 de mar\u00e7o de 2020.<\/p><\/li><li class=\"TYR86d wXCUfe zfr3Q\" dir=\"ltr\"><p class=\"CDt4Ke zfr3Q\" dir=\"ltr\"><span class=\" aw5Odc\"><a class=\"XqQF9c\" href=\"http:\/\/www.google.com\/url?q=http%3A%2F%2Fwww.planalto.gov.br%2FCCIVIL_03%2FPortaria%2FRES%2FResolucao%25202-PR.htm&amp;sa=D&amp;sntz=1&amp;usg=AOvVaw17hvVLOkCIk7PReHw5TFnp\" target=\"_blank\" rel=\"noopener\">Resolu\u00e7\u00e3o n\u00ba 02, de 14.4.2020<\/a><\/span> &#8211; Altera a Resolu\u00e7\u00e3o n\u00ba 1, de 13 de abril de 2020, para dispor sobre a composi\u00e7\u00e3o do Grupo de Trabalho para a Coordena\u00e7\u00e3o de A\u00e7\u00f5es Estruturantes e Estrat\u00e9gicas para Recupera\u00e7\u00e3o, Crescimento e Desenvolvimento do Pa\u00eds, no \u00e2mbito do Comit\u00ea de Crise da Covid-19.<\/p><\/li><li class=\"TYR86d wXCUfe zfr3Q\" dir=\"ltr\"><p class=\"CDt4Ke zfr3Q\" dir=\"ltr\"><span class=\" aw5Odc\"><a class=\"XqQF9c\" href=\"http:\/\/www.google.com\/url?q=http%3A%2F%2Fwww.planalto.gov.br%2FCCIVIL_03%2FPortaria%2FRES%2FResolucao%25201-PR.htm&amp;sa=D&amp;sntz=1&amp;usg=AOvVaw3Ed4KEEFShVRIQmw5sOp7q\" target=\"_blank\" rel=\"noopener\">Resolu\u00e7\u00e3o n\u00ba 01, de 13.4.2020<\/a><\/span> &#8211; Institui o Grupo de Trabalho para a Coordena\u00e7\u00e3o de A\u00e7\u00f5es Estruturantes e Estrat\u00e9gicas para Recupera\u00e7\u00e3o, Crescimento e Desenvolvimento do Pa\u00eds, no \u00e2mbito do Comit\u00ea de Crise da Covid-19.<\/p><\/li><li class=\"TYR86d wXCUfe zfr3Q\" dir=\"ltr\"><p class=\"CDt4Ke zfr3Q\" dir=\"ltr\"><span class=\" aw5Odc\"><a class=\"XqQF9c\" href=\"http:\/\/www.google.com\/url?q=http%3A%2F%2Fwww.planalto.gov.br%2FCCIVIL_03%2FPortaria%2FPRT%2FPortaria-353-20-mc.htm&amp;sa=D&amp;sntz=1&amp;usg=AOvVaw0rsKdWWuO-ogN7jjR0ZiZj\" target=\"_blank\" rel=\"noopener\">Portaria n\u00ba 353, de 13.4.2020<\/a><\/span> &#8211; Altera temporariamente as regras sobre tramita\u00e7\u00e3o, an\u00e1lise, capta\u00e7\u00e3o, execu\u00e7\u00e3o e aprova\u00e7\u00e3o dos projetos estabelecidos na Portaria MC n\u00ba 123, de 27 de janeiro de 2020, em raz\u00e3o da emerg\u00eancia de sa\u00fade p\u00fablica de import\u00e2ncia internacional decorrente do coronav\u00edrus (COVID-19 ).<\/p><\/li><li class=\"TYR86d wXCUfe zfr3Q\" dir=\"ltr\"><p class=\"CDt4Ke zfr3Q\" dir=\"ltr\"><span class=\" aw5Odc\"><a class=\"XqQF9c\" href=\"http:\/\/www.google.com\/url?q=http%3A%2F%2Fwww.planalto.gov.br%2FCCIVIL_03%2FPortaria%2FRES%2FResolucao-370-MS-ANVISA.htm&amp;sa=D&amp;sntz=1&amp;usg=AOvVaw3dveMiEVCBRJbjZOtMp4rf\" target=\"_blank\" rel=\"noopener\">Resolu\u00e7\u00e3o n\u00ba 370, de 13.4.2020<\/a><\/span> &#8211; Altera a Resolu\u00e7\u00e3o de Diretoria Colegiada &#8211; RDC n\u00b0 352, de 20 de mar\u00e7o de 2020, que disp\u00f5e sobre a autoriza\u00e7\u00e3o pr\u00e9via para fins de exporta\u00e7\u00e3o de mat\u00e9ria-prima, produto semi-elaborado, produto a granel ou produto farmac\u00eautico acabado destinados ao combate da COVID-19.<\/p><\/li><li class=\"TYR86d wXCUfe zfr3Q\" dir=\"ltr\"><p class=\"CDt4Ke zfr3Q\" dir=\"ltr\"><span class=\" aw5Odc\"><a class=\"XqQF9c\" href=\"http:\/\/www.google.com\/url?q=http%3A%2F%2Fwww.planalto.gov.br%2FCCIVIL_03%2F_Ato2019-2022%2F2020%2FDecreto%2FD10318.htm&amp;sa=D&amp;sntz=1&amp;usg=AOvVaw10dsPrr_qk4J-OllgKhQZo\" target=\"_blank\" rel=\"noopener\">Decreto n\u00ba 10.318, de 9.4.2020<\/a><\/span> &#8211; Reduz temporariamente as al\u00edquotas da Contribui\u00e7\u00e3o para o PIS\/Pasep e da Contribui\u00e7\u00e3o para o Financiamento da Seguridade Social &#8211; Cofins incidentes sobre os produtos que menciona.<\/p><\/li><li class=\"TYR86d wXCUfe zfr3Q\" dir=\"ltr\"><p class=\"CDt4Ke zfr3Q\" dir=\"ltr\"><span class=\" aw5Odc\"><a class=\"XqQF9c\" href=\"http:\/\/www.google.com\/url?q=http%3A%2F%2Fwww.planalto.gov.br%2FCCIVIL_03%2FPortaria%2FPRT%2FPortaria-758-20-MS.htm&amp;sa=D&amp;sntz=1&amp;usg=AOvVaw0xHpSEcKRXc1YIp_FuYrgb\" target=\"_blank\" rel=\"noopener\">Portaria n\u00ba 758, de 9.4.2020<\/a><\/span> &#8211; Define o procedimento para o registro obrigat\u00f3rio de interna\u00e7\u00f5es hospitalares dos casos suspeitos e confirmados de COVID-19, nos estabelecimentos de sa\u00fade p\u00fablicos e privados que prestam servi\u00e7os no SUS.<\/p><\/li><li class=\"TYR86d wXCUfe zfr3Q\" dir=\"ltr\"><p class=\"CDt4Ke zfr3Q\" dir=\"ltr\"><span class=\" aw5Odc\"><a class=\"XqQF9c\" href=\"http:\/\/www.google.com\/url?q=http%3A%2F%2Fwww.planalto.gov.br%2FCCIVIL_03%2FPortaria%2FPRT%2FPortaria-661-20-mec.htm&amp;sa=D&amp;sntz=1&amp;usg=AOvVaw1IylaVw0y-JxgxaRks25fa\" target=\"_blank\" rel=\"noopener\">Portaria n\u00ba 661, de 9.4.2020<\/a><\/span> &#8211; Altera o art. 5\u00ba da Portaria n\u00ba 491, de 19 de mar\u00e7o de 2020, que estabelece medidas tempor\u00e1rias de preven\u00e7\u00e3o ao cont\u00e1gio pelo novo coronav\u00edrus &#8211; Covid-19, no \u00e2mbito do Minist\u00e9rio da Educa\u00e7\u00e3o.<\/p><\/li><li class=\"TYR86d wXCUfe zfr3Q\" dir=\"ltr\"><p class=\"CDt4Ke zfr3Q\" dir=\"ltr\"><span class=\" aw5Odc\"><a class=\"XqQF9c\" href=\"http:\/\/www.google.com\/url?q=http%3A%2F%2Fwww.planalto.gov.br%2FCCIVIL_03%2F_Ato2019-2022%2F2020%2FMpv%2Fmpv950.htm&amp;sa=D&amp;sntz=1&amp;usg=AOvVaw312HMrqORwsesWV0ZMn5F8\" target=\"_blank\" rel=\"noopener\">Medida Provis\u00f3ria n\u00ba 950, de 8.4.2020<\/a><\/span> &#8211; Disp\u00f5e sobre medidas tempor\u00e1rias emergenciais destinadas ao setor el\u00e9trico para enfrentamento do estado de calamidade p\u00fablica reconhecido pelo Decreto Legislativo n\u00ba 6, de 20 de mar\u00e7o de 2020, e da emerg\u00eancia de sa\u00fade p\u00fablica de import\u00e2ncia internacional decorrente da pandemia de coronav\u00edrus (covid-19).<\/p><\/li><li class=\"TYR86d wXCUfe zfr3Q\" dir=\"ltr\"><p class=\"CDt4Ke zfr3Q\" dir=\"ltr\"><span class=\" aw5Odc\"><a class=\"XqQF9c\" href=\"http:\/\/www.google.com\/url?q=http%3A%2F%2Fwww.planalto.gov.br%2FCCIVIL_03%2F_Ato2019-2022%2F2020%2FMpv%2Fmpv949.htm&amp;sa=D&amp;sntz=1&amp;usg=AOvVaw2ui23pJXHFbpGe4vJQXV-V\" target=\"_blank\" rel=\"noopener\">Medida Provis\u00f3ria n\u00ba 949, de 8.4.2020<\/a><\/span> &#8211; Abre cr\u00e9dito extraordin\u00e1rio, em favor do Minist\u00e9rio de Minas e Energia, no valor de R$ 900.000.000,00, para o fim que especifica.<\/p><\/li><li class=\"TYR86d wXCUfe zfr3Q\" dir=\"ltr\"><p class=\"CDt4Ke zfr3Q\" dir=\"ltr\"><span class=\" aw5Odc\"><a class=\"XqQF9c\" href=\"http:\/\/www.google.com\/url?q=http%3A%2F%2Fwww.planalto.gov.br%2FCCIVIL_03%2F_Ato2019-2022%2F2020%2FMpv%2Fmpv948.htm&amp;sa=D&amp;sntz=1&amp;usg=AOvVaw3uaj99DXJIAXr6SMUidDwS\" target=\"_blank\" rel=\"noopener\">Medida Provis\u00f3ria n\u00ba 948, de 8.4.2020<\/a><\/span> &#8211; Disp\u00f5e sobre o cancelamento de servi\u00e7os, de reservas e de eventos dos setores de turismo e cultura em raz\u00e3o do estado de calamidade p\u00fablica reconhecido pelo Decreto Legislativo n\u00ba 6, de 20 de mar\u00e7o de 2020, e da emerg\u00eancia de sa\u00fade p\u00fablica de import\u00e2ncia internacional decorrente do coronav\u00edrus (covid-19).<\/p><\/li><li class=\"TYR86d wXCUfe zfr3Q\" dir=\"ltr\"><p class=\"CDt4Ke zfr3Q\" dir=\"ltr\"><span class=\" aw5Odc\"><a class=\"XqQF9c\" href=\"http:\/\/www.google.com\/url?q=http%3A%2F%2Fwww.planalto.gov.br%2FCCIVIL_03%2F_Ato2019-2022%2F2020%2FMpv%2Fmpv947.htm&amp;sa=D&amp;sntz=1&amp;usg=AOvVaw07rVulLseutkUtwzpvCnxO\" target=\"_blank\" rel=\"noopener\">Medida Provis\u00f3ria n\u00ba 947, de 8.4.2020<\/a><\/span> &#8211; Abre cr\u00e9dito extraordin\u00e1rio, em favor do Minist\u00e9rio da Sa\u00fade, no valor de R$ 2.600.000.000,00, para os fins que especifica.<\/p><\/li><li class=\"TYR86d wXCUfe zfr3Q\" dir=\"ltr\"><p class=\"CDt4Ke zfr3Q\" dir=\"ltr\"><span class=\" aw5Odc\"><a class=\"XqQF9c\" href=\"http:\/\/www.google.com\/url?q=http%3A%2F%2Fwww.planalto.gov.br%2FCCIVIL_03%2F_Ato2019-2022%2F2020%2FMpv%2Fmpv946.htm&amp;sa=D&amp;sntz=1&amp;usg=AOvVaw2A47wO-LrY8m4Z1yhOZMv0\" target=\"_blank\" rel=\"noopener\">Medida Provis\u00f3ria n\u00ba 946, de 7.4.2020<\/a><\/span> &#8211; Extingue o Fundo PIS-Pasep, institu\u00eddo pela Lei Complementar n\u00ba 26, de 11 de setembro de 1975, transfere o seu patrim\u00f4nio para o Fundo de Garantia do Tempo de Servi\u00e7o, e d\u00e1 outras provid\u00eancias.<\/p><\/li><li class=\"TYR86d wXCUfe zfr3Q\" dir=\"ltr\"><p class=\"CDt4Ke zfr3Q\" dir=\"ltr\"><span class=\" aw5Odc\"><a class=\"XqQF9c\" href=\"http:\/\/www.google.com\/url?q=http%3A%2F%2Fwww.planalto.gov.br%2FCCIVIL_03%2F_Ato2019-2022%2F2020%2FLei%2FL13987.htm&amp;sa=D&amp;sntz=1&amp;usg=AOvVaw3NXsj04dVCyXyQnY9O0adS\" target=\"_blank\" rel=\"noopener\">Lei n\u00ba 13.987, de 7.4.2020<\/a><\/span> &#8211; Altera a Lei n\u00ba 11.947, de 16 de junho de 2009, para autorizar, em car\u00e1ter excepcional, durante o per\u00edodo de suspens\u00e3o das aulas em raz\u00e3o de situa\u00e7\u00e3o de emerg\u00eancia ou calamidade p\u00fablica, a distribui\u00e7\u00e3o de g\u00eaneros aliment\u00edcios adquiridos com recursos do Programa Nacional de Alimenta\u00e7\u00e3o Escolar (Pnae) aos pais ou respons\u00e1veis dos estudantes das escolas p\u00fablicas de educa\u00e7\u00e3o b\u00e1sica.<\/p><\/li><li class=\"TYR86d wXCUfe zfr3Q\" dir=\"ltr\"><p class=\"CDt4Ke zfr3Q\" dir=\"ltr\"><span class=\" aw5Odc\"><a class=\"XqQF9c\" href=\"http:\/\/www.google.com\/url?q=http%3A%2F%2Fwww.planalto.gov.br%2FCCIVIL_03%2F_Ato2019-2022%2F2020%2FDecreto%2FD10316.htm&amp;sa=D&amp;sntz=1&amp;usg=AOvVaw2FQdZbbmEJF1gUbnCiYSfL\" target=\"_blank\" rel=\"noopener\">Decreto n\u00ba 10.316, de 7.4.2020<\/a><\/span> &#8211; Regulamenta a Lei n\u00ba 13.982, de 2 de abril de 2020, que estabelece medidas excepcionais de prote\u00e7\u00e3o social a serem adotadas durante o per\u00edodo de enfrentamento da emerg\u00eancia de sa\u00fade p\u00fablica de import\u00e2ncia internacional decorrente do coronav\u00edrus (covid-19).<\/p><\/li><li class=\"TYR86d wXCUfe zfr3Q\" dir=\"ltr\"><p class=\"CDt4Ke zfr3Q\" dir=\"ltr\"><span class=\" aw5Odc\"><a class=\"XqQF9c\" href=\"http:\/\/www.google.com\/url?q=http%3A%2F%2Fwww.planalto.gov.br%2FCCIVIL_03%2FPortaria%2FRES%2FResolucao-5883-20-minfra.htm&amp;sa=D&amp;sntz=1&amp;usg=AOvVaw2MovZTYPI6PCEE91baUvnR\" target=\"_blank\" rel=\"noopener\">Resolu\u00e7\u00e3o n\u00ba 5.883, de 7.4.2020<\/a><\/span> &#8211; Referenda a Resolu\u00e7\u00e3o n\u00ba 5.879, de 26 de mar\u00e7o de 2020, e a altera para prorrogar prazos para cumprimento de obriga\u00e7\u00f5es contratuais e regulat\u00f3rias, em raz\u00e3o da emerg\u00eancia de sa\u00fade p\u00fablica de import\u00e2ncia internacional decorrente do coronav\u00edrus, no \u00e2mbito da infraestrutura e servi\u00e7o de transporte ferrovi\u00e1rio de cargas.<\/p><\/li><li class=\"TYR86d wXCUfe zfr3Q\" dir=\"ltr\"><p class=\"CDt4Ke zfr3Q\" dir=\"ltr\"><span class=\" aw5Odc\"><a class=\"XqQF9c\" href=\"http:\/\/www.google.com\/url?q=http%3A%2F%2Fwww.planalto.gov.br%2FCCIVIL_03%2FPortaria%2FPRT%2FPortaria%2520n%25C2%25BA%25209471-20-me-sept.htm&amp;sa=D&amp;sntz=1&amp;usg=AOvVaw0I3_glR_jxKQutt5kYxRcM\" target=\"_blank\" rel=\"noopener\">Portaria n\u00ba 9.471, de 7.4.2020<\/a><\/span> &#8211; Estabelece medida extraordin\u00e1ria e tempor\u00e1ria quanto \u00e0 comercializa\u00e7\u00e3o de Equipamentos de Prote\u00e7\u00e3o Individual &#8211; EPI de prote\u00e7\u00e3o respirat\u00f3ria para o enfrentamento da emerg\u00eancia de sa\u00fade p\u00fablica decorrente do Coronav\u00edrus (COVID-19). (Processo n\u00ba 19966.100318\/2020-61).<\/p><\/li><li class=\"TYR86d wXCUfe zfr3Q\" dir=\"ltr\"><p class=\"CDt4Ke zfr3Q\" dir=\"ltr\"><span class=\" aw5Odc\"><a class=\"XqQF9c\" href=\"http:\/\/www.google.com\/url?q=http%3A%2F%2Fwww.planalto.gov.br%2FCCIVIL_03%2FPortaria%2FPRT%2FPortaria%2520n%25C2%25BA%2520191E-20-mt-anc-dc.htm&amp;sa=D&amp;sntz=1&amp;usg=AOvVaw3fd1uTXB52t76hsa_e8Y0x\" target=\"_blank\" rel=\"noopener\">Portaria n\u00ba 191-E, de 7.4.2020<\/a><\/span> &#8211; Altera a Portaria ANCINE n\u00ba 151-E, de 19 de mar\u00e7o de 2020, que estabelece, em car\u00e1ter excepcional, medidas administrativas para a mitiga\u00e7\u00e3o dos impactos do COVID-19 no setor audiovisual e no que se refere \u00e0s atribui\u00e7\u00f5es da Ag\u00eancia Nacional do Cinema &#8211; ANCINE, nos limites de sua compet\u00eancia.<\/p><\/li><li class=\"TYR86d wXCUfe zfr3Q\" dir=\"ltr\"><p class=\"CDt4Ke zfr3Q\" dir=\"ltr\"><span class=\" aw5Odc\"><a class=\"XqQF9c\" href=\"http:\/\/www.google.com\/url?q=http%3A%2F%2Fwww.planalto.gov.br%2FCCIVIL_03%2FPortaria%2FIN%2Fin4-ccv-inti.htm&amp;sa=D&amp;sntz=1&amp;usg=AOvVaw0HM66Em-obo_O3W0L2TJA7\" target=\"_blank\" rel=\"noopener\">Instru\u00e7\u00e3o normativa n\u00ba 4, de 7.4.2020<\/a><\/span> &#8211; Estabelece crit\u00e9rios para a comprova\u00e7\u00e3o do poder de representa\u00e7\u00e3o legal, para fins de renova\u00e7\u00e3o de certificados digitais de condom\u00ednios, enquanto perdurar o estado de emerg\u00eancia de sa\u00fade p\u00fablica de import\u00e2ncia internacional decorrente do coronav\u00edrus (COVID-19).<\/p><\/li><li class=\"TYR86d wXCUfe zfr3Q\" dir=\"ltr\"><p class=\"CDt4Ke zfr3Q\" dir=\"ltr\"><span class=\" aw5Odc\"><a class=\"XqQF9c\" href=\"http:\/\/www.google.com\/url?q=http%3A%2F%2Fwww.planalto.gov.br%2FCCIVIL_03%2F_Ato2019-2022%2F2020%2FDecreto%2FD10315.htm&amp;sa=D&amp;sntz=1&amp;usg=AOvVaw3bp_x_Sysl8soQaECG_fAy\" target=\"_blank\" rel=\"noopener\">Decreto n\u00ba 10.315, de 6.4.2020<\/a><\/span> &#8211; Prorroga, de of\u00edcio, a vig\u00eancia de instrumentos e o prazo para bloqueio dos restos a pagar de transfer\u00eancias volunt\u00e1rias.<\/p><\/li><li class=\"TYR86d wXCUfe zfr3Q\" dir=\"ltr\"><p class=\"CDt4Ke zfr3Q\" dir=\"ltr\"><span class=\" aw5Odc\"><a class=\"XqQF9c\" href=\"http:\/\/www.google.com\/url?q=http%3A%2F%2Fwww.planalto.gov.br%2FCCIVIL_03%2F_Ato2019-2022%2F2020%2FDecreto%2FD10314.htm&amp;sa=D&amp;sntz=1&amp;usg=AOvVaw0ZQtU2GhICl-j5U8q8qRp3\" target=\"_blank\" rel=\"noopener\">Decreto n\u00ba 10.314, de 6.4.2020<\/a><\/span> &#8211; Altera o Decreto n\u00ba 9.764, de 11 de abril de 2019, que disp\u00f5e sobre o recebimento de doa\u00e7\u00f5es de bens m\u00f3veis e de servi\u00e7os, sem \u00f4nus ou encargos, de pessoas f\u00edsicas ou jur\u00eddicas de direito privado pelos \u00f3rg\u00e3os e pelas entidades da administra\u00e7\u00e3o p\u00fablica federal direta, aut\u00e1rquica e fundacional.<\/p><\/li><li class=\"TYR86d wXCUfe zfr3Q\" dir=\"ltr\"><p class=\"CDt4Ke zfr3Q\" dir=\"ltr\"><span class=\" aw5Odc\"><a class=\"XqQF9c\" href=\"http:\/\/www.google.com\/url?q=http%3A%2F%2Fwww.planalto.gov.br%2FCCIVIL_03%2FPortaria%2FIN%2FIN11-mapa-sda.htm&amp;sa=D&amp;sntz=1&amp;usg=AOvVaw3ieZiBt7z5nR9v8esdLudf\" target=\"_blank\" rel=\"noopener\">Instru\u00e7\u00e3o normativa n\u00ba 11, de 6.4.2020<\/a><\/span> &#8211; Estabelece altera\u00e7\u00f5es pontuais em Instru\u00e7\u00f5es Normativas SDA ou Anexos de Instru\u00e7\u00f5es Normativas SDA, que regulamentam o Programa Nacional de Sanidade dos Equ\u00eddeos (PNSE), Programa Nacional de Sanidade dos Su\u00eddeos (PNSS), Programa Nacional de Controle e Erradica\u00e7\u00e3o da Brucelose e Tuberculose (PNCEBT) e Programa Nacional de Sanidade Av\u00edcola (PNSA), a fim de assegurar a manuten\u00e7\u00e3o da sa\u00fade p\u00fablica, a atividade econ\u00f4mica pecu\u00e1ria e o abastecimento de produtos de origem animal \u00e0 popula\u00e7\u00e3o, no contexto da situa\u00e7\u00e3o de dissemina\u00e7\u00e3o do COVID-19 e sua classifica\u00e7\u00e3o mundial como pandemia e emerg\u00eancia de sa\u00fade p\u00fablica de import\u00e2ncia internacional.<\/p><\/li><li class=\"TYR86d wXCUfe zfr3Q\" dir=\"ltr\"><p class=\"CDt4Ke zfr3Q\" dir=\"ltr\"><span class=\" aw5Odc\"><a class=\"XqQF9c\" href=\"http:\/\/www.google.com\/url?q=http%3A%2F%2Fwww.planalto.gov.br%2FCCIVIL_03%2FPortaria%2Fcircular-3997-20-me-Bacen-dc.htm&amp;sa=D&amp;sntz=1&amp;usg=AOvVaw3n5vtKOgslkwR8X-ssSBBX\" target=\"_blank\" rel=\"noopener\">Circular n\u00ba 3.997, de 6.4.2020<\/a><\/span> &#8211; Altera a Circular n\u00ba 3.916, de 22 de novembro de 2018, que define e consolida as regras do recolhimento compuls\u00f3rio sobre recursos a prazo, para estabelecer dedu\u00e7\u00e3o da exigibilidade do recolhimento compuls\u00f3rio de parcela dos financiamentos concedidos no \u00e2mbito do Programa Emergencial de Suporte a Empregos, institu\u00eddo pela Medida Provis\u00f3ria n\u00ba 944, de 3 de abril de 2020.<\/p><\/li><li class=\"TYR86d wXCUfe zfr3Q\" dir=\"ltr\"><p class=\"CDt4Ke zfr3Q\" dir=\"ltr\"><span class=\" aw5Odc\"><a class=\"XqQF9c\" href=\"http:\/\/www.google.com\/url?q=http%3A%2F%2Fwww.planalto.gov.br%2FCCIVIL_03%2F_Ato2019-2022%2F2020%2FMpv%2Fmpv945.htm&amp;sa=D&amp;sntz=1&amp;usg=AOvVaw3KSKwYziliFdhF1dZhzPNg\" target=\"_blank\" rel=\"noopener\">Medida Provis\u00f3ria n\u00ba 945, de 4.4.2020<\/a><\/span> &#8211; Disp\u00f5e sobre medidas tempor\u00e1rias em resposta \u00e0 pandemia decorrente da covid-19 no \u00e2mbito do setor portu\u00e1rio e sobre a cess\u00e3o de p\u00e1tios sob administra\u00e7\u00e3o militar.<\/p><\/li><li class=\"TYR86d wXCUfe zfr3Q\" dir=\"ltr\"><p class=\"CDt4Ke zfr3Q\" dir=\"ltr\"><span class=\" aw5Odc\"><a class=\"XqQF9c\" href=\"http:\/\/www.google.com\/url?q=http%3A%2F%2Fwww.planalto.gov.br%2FCCIVIL_03%2F_Ato2019-2022%2F2020%2FDecreto%2FD10312.htm&amp;sa=D&amp;sntz=1&amp;usg=AOvVaw2kgDT0UrA5q_qZzM04tbTR\" target=\"_blank\" rel=\"noopener\">Decreto n\u00ba 10.312, de 4.4.2020<\/a><\/span> &#8211; Amplia, temporariamente, o escopo de multiprograma\u00e7\u00e3o com conte\u00fado espec\u00edfico destinado \u00e0s atividades de educa\u00e7\u00e3o, ci\u00eancia, tecnologia, inova\u00e7\u00f5es, cidadania e sa\u00fade de entidades executoras de servi\u00e7o de radiodifus\u00e3o de sons e imagens em tecnologia digital, com fins exclusivamente educacionais ou de explora\u00e7\u00e3o comercial, em raz\u00e3o da pandemia da covid-19.<\/p><\/li><li class=\"TYR86d wXCUfe zfr3Q\" dir=\"ltr\"><p class=\"CDt4Ke zfr3Q\" dir=\"ltr\"><span class=\" aw5Odc\"><a class=\"XqQF9c\" href=\"http:\/\/www.google.com\/url?q=http%3A%2F%2Fwww.planalto.gov.br%2Fccivil_03%2F_Ato2019-2022%2F2020%2FMpv%2Fmpv944.htm&amp;sa=D&amp;sntz=1&amp;usg=AOvVaw3ar1h4QYT7-h9HF0O30JPs\" target=\"_blank\" rel=\"noopener\">Medida Provis\u00f3ria n\u00ba 944, de 3.4.2020<\/a><\/span> &#8211; Institui o Programa Emergencial de Suporte a Empregos.<\/p><\/li><li class=\"TYR86d wXCUfe zfr3Q\" dir=\"ltr\"><p class=\"CDt4Ke zfr3Q\" dir=\"ltr\"><span class=\" aw5Odc\"><a class=\"XqQF9c\" href=\"http:\/\/www.google.com\/url?q=http%3A%2F%2Fwww.planalto.gov.br%2Fccivil_03%2F_Ato2019-2022%2F2020%2FMpv%2Fmpv943.htm&amp;sa=D&amp;sntz=1&amp;usg=AOvVaw154AZ22zQNGMgXlrYpd35I\" target=\"_blank\" rel=\"noopener\">Medida Provis\u00f3ria n\u00ba 943, de 3.4.2020<\/a><\/span> &#8211; Abre cr\u00e9dito extraordin\u00e1rio, em favor de Opera\u00e7\u00f5es Oficiais de Cr\u00e9dito, no valor de R$ 34.000.000.000,00, para o fim que especifica.<\/p><\/li><li class=\"TYR86d wXCUfe zfr3Q\" dir=\"ltr\"><p class=\"CDt4Ke zfr3Q\" dir=\"ltr\"><span class=\" aw5Odc\"><a class=\"XqQF9c\" href=\"http:\/\/www.google.com\/url?q=http%3A%2F%2Fwww.planalto.gov.br%2Fccivil_03%2F_ato2019-2022%2F2020%2Fdecreto%2FD10311.htm&amp;sa=D&amp;sntz=1&amp;usg=AOvVaw1zwxTFraDCf6j5kYN6qZLu\" target=\"_blank\" rel=\"noopener\">Decreto n\u00ba 10.311, de 3.4.2020<\/a><\/span> &#8211; Institui o Conselho de Solidariedade para Combate \u00e0 Covid-19 e aos seus Efeitos Sociais e Econ\u00f4micos.<\/p><\/li><li class=\"TYR86d wXCUfe zfr3Q\" dir=\"ltr\"><p class=\"CDt4Ke zfr3Q\" dir=\"ltr\"><span class=\" aw5Odc\"><a class=\"XqQF9c\" href=\"http:\/\/www.google.com\/url?q=http%3A%2F%2Fwww.planalto.gov.br%2FCCIVIL_03%2FPortaria%2FIN%2FIN1932-me-serfb.htm&amp;sa=D&amp;sntz=1&amp;usg=AOvVaw2UyaKpqfKiMCZCLgyIWItF\" target=\"_blank\" rel=\"noopener\">Instru\u00e7\u00e3o normativa n\u00ba 1.932, de 3.4.2020<\/a><\/span> &#8211; Prorroga o prazo da apresenta\u00e7\u00e3o da Declara\u00e7\u00e3o de D\u00e9bitos e Cr\u00e9ditos Tribut\u00e1rios Federais (DCTF) e da Escritura\u00e7\u00e3o Fiscal Digital da Contribui\u00e7\u00e3o para o PIS\/Pasep, da Contribui\u00e7\u00e3o para o Financiamento da Seguridade Social (Cofins) e da Contribui\u00e7\u00e3o Previdenci\u00e1ria sobre a Receita (EFD-Contribui\u00e7\u00f5es)<\/p><\/li><li class=\"TYR86d wXCUfe zfr3Q\" dir=\"ltr\"><p class=\"CDt4Ke zfr3Q\" dir=\"ltr\"><span class=\" aw5Odc\"><a class=\"XqQF9c\" href=\"http:\/\/www.google.com\/url?q=http%3A%2F%2Fwww.planalto.gov.br%2FCCIVIL_03%2FPortaria%2FPRT%2FPortaria%2520139-me.htm&amp;sa=D&amp;sntz=1&amp;usg=AOvVaw25YmvoYoQTBxCx9KawObr7\" target=\"_blank\" rel=\"noopener\">Portaria n\u00ba 139, de 3.4.2020<\/a><\/span> &#8211; Prorroga o prazo para o recolhimento de tributos federais, na situa\u00e7\u00e3o que especifica em decorr\u00eancia da pandemia relacionada ao Coronav\u00edrus.<\/p><\/li><li class=\"TYR86d wXCUfe zfr3Q\" dir=\"ltr\"><p class=\"CDt4Ke zfr3Q\" dir=\"ltr\"><span class=\" aw5Odc\"><a class=\"XqQF9c\" href=\"http:\/\/www.google.com\/url?q=http%3A%2F%2Fwww.planalto.gov.br%2FCCIVIL_03%2F_Ato2019-2022%2F2020%2FLei%2FL13982.htm&amp;sa=D&amp;sntz=1&amp;usg=AOvVaw05DIeTfPgVai1ddu0-wgwB\" target=\"_blank\" rel=\"noopener\">Lei n\u00ba 13.982, de 2.4.2020<\/a><\/span> &#8211; Altera a Lei n\u00ba 8.742, de 7 de dezembro de 1993, para dispor sobre par\u00e2metros adicionais de caracteriza\u00e7\u00e3o da situa\u00e7\u00e3o de vulnerabilidade social para fins de elegibilidade ao benef\u00edcio de presta\u00e7\u00e3o continuada (BPC), e estabelece medidas excepcionais de prote\u00e7\u00e3o social a serem adotadas durante o per\u00edodo de enfrentamento da emerg\u00eancia de sa\u00fade p\u00fablica de import\u00e2ncia internacional decorrente do coronav\u00edrus (Covid-19) respons\u00e1vel pelo surto de 2019, a que se refere a Lei n\u00ba 13.979, de 6 de fevereiro de 2020. <span class=\" aw5Odc\"><a class=\"XqQF9c\" href=\"http:\/\/www.google.com\/url?q=http%3A%2F%2Fwww.planalto.gov.br%2FCCIVIL_03%2F_Ato2019-2022%2F2020%2FMsg%2FVEP%2FVEP-141.htm&amp;sa=D&amp;sntz=1&amp;usg=AOvVaw0cphGX0bvEltyawNq257NV\" target=\"_blank\" rel=\"noopener\">Mensagem de veto<\/a><\/span><\/p><\/li><li class=\"TYR86d wXCUfe zfr3Q\" dir=\"ltr\"><p class=\"CDt4Ke zfr3Q\" dir=\"ltr\"><span class=\" aw5Odc\"><a class=\"XqQF9c\" href=\"http:\/\/www.google.com\/url?q=http%3A%2F%2Fwww.planalto.gov.br%2FCCIVIL_03%2F_Ato2019-2022%2F2020%2FMpv%2Fmpv942.htm&amp;sa=D&amp;sntz=1&amp;usg=AOvVaw05pCptj-ZSpV95O0RH1KCz\" target=\"_blank\" rel=\"noopener\">Medida Provis\u00f3ria n\u00ba 942, de 2.4.2020<\/a><\/span> &#8211; Abre cr\u00e9dito extraordin\u00e1rio, em favor da Presid\u00eancia da Rep\u00fablica e dos Minist\u00e9rios da Educa\u00e7\u00e3o, da Justi\u00e7a e Seguran\u00e7a P\u00fablica, e da Mulher, da Fam\u00edlia e dos Direitos Humanos, no valor de R$ 639.034.512,00, para os fins que especifica.<\/p><\/li><li class=\"TYR86d wXCUfe zfr3Q\" dir=\"ltr\"><p class=\"CDt4Ke zfr3Q\" dir=\"ltr\"><span class=\" aw5Odc\"><a class=\"XqQF9c\" href=\"http:\/\/www.google.com\/url?q=http%3A%2F%2Fwww.planalto.gov.br%2FCCIVIL_03%2F_Ato2019-2022%2F2020%2FMpv%2Fmpv941.htm&amp;sa=D&amp;sntz=1&amp;usg=AOvVaw0JJO4WFaexK2R264bvsyhG\" target=\"_blank\" rel=\"noopener\">Medida Provis\u00f3ria n\u00ba 941, de 2.4.2020<\/a><\/span> &#8211; Abre cr\u00e9dito extraordin\u00e1rio, em favor dos Minist\u00e9rios da Educa\u00e7\u00e3o, da Sa\u00fade e da Cidadania, no valor de R$ 2.113.789.466,00, para os fins que especifica.<\/p><\/li><li class=\"TYR86d wXCUfe zfr3Q\" dir=\"ltr\"><p class=\"CDt4Ke zfr3Q\" dir=\"ltr\"><span class=\" aw5Odc\"><a class=\"XqQF9c\" href=\"http:\/\/www.google.com\/url?q=http%3A%2F%2Fwww.planalto.gov.br%2FCCIVIL_03%2F_Ato2019-2022%2F2020%2FMpv%2Fmpv940.htm&amp;sa=D&amp;sntz=1&amp;usg=AOvVaw1SQdOLte80-xhsxJHjjvI_\" target=\"_blank\" rel=\"noopener\">Medida Provis\u00f3ria n\u00ba 940, de 2.4.2020<\/a><\/span> &#8211; Abre cr\u00e9dito extraordin\u00e1rio, em favor do Minist\u00e9rio da Sa\u00fade, no valor de R$ 9.444.373.172,00, para os fins que especifica.<\/p><\/li><li class=\"TYR86d wXCUfe zfr3Q\" dir=\"ltr\"><p class=\"CDt4Ke zfr3Q\" dir=\"ltr\"><span class=\" aw5Odc\"><a class=\"XqQF9c\" href=\"http:\/\/www.google.com\/url?q=http%3A%2F%2Fwww.planalto.gov.br%2FCCIVIL_03%2F_Ato2019-2022%2F2020%2FMpv%2Fmpv939.htm&amp;sa=D&amp;sntz=1&amp;usg=AOvVaw1rdEGtVz-42s7nh8jkmTsa\" target=\"_blank\" rel=\"noopener\">Medida Provis\u00f3ria n\u00ba 939, de 2.4.2020<\/a><\/span> &#8211; Abre cr\u00e9dito extraordin\u00e1rio, em favor de Transfer\u00eancias a Estados, Distrito Federal e Munic\u00edpios, no valor de R$ 16.000.000.000,00, para os fins que especifica.<\/p><\/li><li class=\"TYR86d wXCUfe zfr3Q\" dir=\"ltr\"><p class=\"CDt4Ke zfr3Q\" dir=\"ltr\"><span class=\" aw5Odc\"><a class=\"XqQF9c\" href=\"http:\/\/www.google.com\/url?q=http%3A%2F%2Fwww.planalto.gov.br%2FCCIVIL_03%2F_Ato2019-2022%2F2020%2FMpv%2Fmpv938.htm&amp;sa=D&amp;sntz=1&amp;usg=AOvVaw0z6JxLpEyuZJ-Fk29733U2\" target=\"_blank\" rel=\"noopener\">Medida Provis\u00f3ria n\u00ba 938, de 2.4.2020<\/a><\/span> &#8211; Disp\u00f5e sobre a presta\u00e7\u00e3o de apoio financeiro pela Uni\u00e3o aos entes federativos que recebem recursos do Fundo de Participa\u00e7\u00e3o dos Estados &#8211; FPE e do Fundo de Participa\u00e7\u00e3o dos Munic\u00edpios &#8211; FPM, com o objetivo de mitigar as dificuldades financeiras decorrentes do estado de calamidade p\u00fablica reconhecido pelo Decreto Legislativo n\u00ba 6, de 20 de mar\u00e7o de 2020, e da emerg\u00eancia de sa\u00fade p\u00fablica de import\u00e2ncia internacional decorrente do coronav\u00edrus (covid-19).<\/p><\/li><li class=\"TYR86d wXCUfe zfr3Q\" dir=\"ltr\"><p class=\"CDt4Ke zfr3Q\" dir=\"ltr\"><span class=\" aw5Odc\"><a class=\"XqQF9c\" href=\"http:\/\/www.google.com\/url?q=http%3A%2F%2Fwww.planalto.gov.br%2FCCIVIL_03%2F_Ato2019-2022%2F2020%2FMpv%2Fmpv937.htm&amp;sa=D&amp;sntz=1&amp;usg=AOvVaw2rsBOkVcu6Z08Xxs0AEqbB\" target=\"_blank\" rel=\"noopener\">Medida Provis\u00f3ria n\u00ba 937, de 2.4.2020<\/a><\/span> &#8211; Abre cr\u00e9dito extraordin\u00e1rio, em favor do Minist\u00e9rio da Cidadania, no valor de R$ 98.200.000.000,00, para os fins que especifica.<\/p><\/li><li class=\"TYR86d wXCUfe zfr3Q\" dir=\"ltr\"><p class=\"CDt4Ke zfr3Q\" dir=\"ltr\"><span class=\" aw5Odc\"><a class=\"XqQF9c\" href=\"http:\/\/www.google.com\/url?q=http%3A%2F%2Fwww.planalto.gov.br%2FCCIVIL_03%2F_Ato2019-2022%2F2020%2FDecreto%2FD10310.htm&amp;sa=D&amp;sntz=1&amp;usg=AOvVaw3QHVa2VmuhvN7jRstyJJ4K\" target=\"_blank\" rel=\"noopener\">Decreto n\u00ba 10.310, de 2.4.2020<\/a><\/span> &#8211; Altera o Decreto n\u00ba 10.139, de 28 de novembro de 2019, o Decreto n\u00ba 10.178, de 18 de dezembro de 2019, e o Decreto n\u00ba 10.229, de 5 de fevereiro de 2020, para adiar prazos e etapas que estabelecem.<\/p><\/li><li class=\"TYR86d wXCUfe zfr3Q\" dir=\"ltr\"><p class=\"CDt4Ke zfr3Q\" dir=\"ltr\"><span class=\" aw5Odc\"><a class=\"XqQF9c\" href=\"http:\/\/www.google.com\/url?q=http%3A%2F%2Fwww.planalto.gov.br%2FCCIVIL_03%2F_Ato2019-2022%2F2020%2FDecreto%2FD10308.htm&amp;sa=D&amp;sntz=1&amp;usg=AOvVaw3XEkgPkt-tzc-s8eCnn2bL\" target=\"_blank\" rel=\"noopener\">Decreto n\u00ba 10.308, de 2.4.2020<\/a><\/span> &#8211; Disp\u00f5e sobre requisi\u00e7\u00e3o de bens e servi\u00e7os prestados por empresas p\u00fablicas vinculadas ao Minist\u00e9rio da Infraestrutura durante o per\u00edodo do estado de calamidade p\u00fablica decorrente da pandemia de coronav\u00edrus (covid-19).<\/p><\/li><li class=\"TYR86d wXCUfe zfr3Q\" dir=\"ltr\"><p class=\"CDt4Ke zfr3Q\" dir=\"ltr\"><span class=\" aw5Odc\"><a class=\"XqQF9c\" href=\"http:\/\/www.google.com\/url?q=http%3A%2F%2Fwww.planalto.gov.br%2FCCIVIL_03%2FPortaria%2FRES%2Fres-366-20-ms-anvisa.htm&amp;sa=D&amp;sntz=1&amp;usg=AOvVaw3-hCzHHD5y8VcQCPTAX_Ik\" target=\"_blank\" rel=\"noopener\">Resolu\u00e7\u00e3o n\u00ba 366, de 2.4.2020<\/a><\/span> &#8211; Disp\u00f5e sobre a importa\u00e7\u00e3o de produtos para diagn\u00f3stico in vitro de Coronav\u00edrus durante a emerg\u00eancia de sa\u00fade p\u00fablica de import\u00e2ncia internacional decorrente do Novo Coronav\u00edrus.<\/p><\/li><li class=\"TYR86d wXCUfe zfr3Q\" dir=\"ltr\"><p class=\"CDt4Ke zfr3Q\" dir=\"ltr\"><span class=\" aw5Odc\"><a class=\"XqQF9c\" href=\"http:\/\/www.google.com\/url?q=http%3A%2F%2Fwww.planalto.gov.br%2FCCIVIL_03%2FPortaria%2FPRT%2FPortaria%2520n%25C2%25BA%25208-20-mjsp.htm&amp;sa=D&amp;sntz=1&amp;usg=AOvVaw1vW6nbvjaZZL_oh4y48cYL\" target=\"_blank\" rel=\"noopener\">Portaria n\u00ba 8, de 2.4.2020<\/a><\/span> &#8211; Disp\u00f5e sobre a restri\u00e7\u00e3o excepcional e tempor\u00e1ria de entrada no Pa\u00eds de estrangeiros provenientes dos pa\u00edses que relaciona, conforme recomenda\u00e7\u00e3o da Ag\u00eancia Nacional de Vigil\u00e2ncia Sanit\u00e1ria &#8211; Anvisa.<\/p><\/li><li class=\"TYR86d wXCUfe zfr3Q\" dir=\"ltr\"><p class=\"CDt4Ke zfr3Q\" dir=\"ltr\"><span class=\" aw5Odc\"><a class=\"XqQF9c\" href=\"http:\/\/www.google.com\/url?q=http%3A%2F%2Fwww.planalto.gov.br%2FCCIVIL_03%2FPortaria%2FIN%2Fin1931-20-me-srfb.htm&amp;sa=D&amp;sntz=1&amp;usg=AOvVaw3LMC9NItg4knk-UJO7hN5k\" target=\"_blank\" rel=\"noopener\">Instru\u00e7\u00e3o normativa n\u00ba 1.931, de 2.4.2020<\/a><\/span> &#8211; Suspende a efic\u00e1cia do art. 3\u00ba da Portaria RFB n\u00ba 2.860, de 25 de outubro de 2017, e do art. 35 da Instru\u00e7\u00e3o Normativa RFB n\u00ba 1.548, de 13 de fevereiro de 2015, em decorr\u00eancia da emerg\u00eancia de sa\u00fade p\u00fablica acarretada pelo coronav\u00edrus (Covid-19).<\/p><\/li><li class=\"TYR86d wXCUfe zfr3Q\" dir=\"ltr\"><p class=\"CDt4Ke zfr3Q\" dir=\"ltr\"><span class=\" aw5Odc\"><a class=\"XqQF9c\" href=\"http:\/\/www.google.com\/url?q=http%3A%2F%2Fwww.planalto.gov.br%2FCCIVIL_03%2F_Ato2019-2022%2F2020%2FCongresso%2Fato-2-camara-senada.htm&amp;sa=D&amp;sntz=1&amp;usg=AOvVaw2qPU0EJjsGQc9bzTpbdhIQ\" target=\"_blank\" rel=\"noopener\">Ato conjunto das mesas da C\u00e2mara dos Deputados e do Senado Federal n\u00ba 2, de 2020<\/a><\/span> &#8211; Regulamenta a aprecia\u00e7\u00e3o, pelo Congresso Nacional, dos projetos de lei de mat\u00e9ria or\u00e7ament\u00e1ria de que trata o Regimento Comum do Congresso Nacional.<\/p><\/li><li class=\"TYR86d wXCUfe zfr3Q\" dir=\"ltr\"><p class=\"CDt4Ke zfr3Q\" dir=\"ltr\"><span class=\" aw5Odc\"><a class=\"XqQF9c\" href=\"http:\/\/www.google.com\/url?q=http%3A%2F%2Fwww.planalto.gov.br%2FCCIVIL_03%2F_Ato2019-2022%2F2020%2FDecreto%2FD10305.htm&amp;sa=D&amp;sntz=1&amp;usg=AOvVaw3FX4Lfnu1eyLUxvyBgXGdj\" target=\"_blank\" rel=\"noopener\">Decreto n\u00ba 10.305, de 1.4.2020<\/a><\/span> &#8211; Altera o Decreto n\u00ba 6.306, de 14 de dezembro de 2007, que regulamenta o Imposto sobre Opera\u00e7\u00f5es de Cr\u00e9dito, C\u00e2mbio e Seguro ou relativas a T\u00edtulos ou Valores Mobili\u00e1rios.<\/p><\/li><li class=\"TYR86d wXCUfe zfr3Q\" dir=\"ltr\"><p class=\"CDt4Ke zfr3Q\" dir=\"ltr\"><span class=\" aw5Odc\"><a class=\"XqQF9c\" href=\"http:\/\/www.google.com\/url?q=http%3A%2F%2Fwww.planalto.gov.br%2FCCIVIL_03%2F_Ato2019-2022%2F2020%2FDecreto%2FD10302.htm&amp;sa=D&amp;sntz=1&amp;usg=AOvVaw3KPjumd-lRGl_6-qrFjDvd\" target=\"_blank\" rel=\"noopener\">Decreto n\u00ba 10.302, de 1.4.2020<\/a><\/span> &#8211; Reduz temporariamente as al\u00edquotas do Imposto sobre Produtos Industrializados &#8211; IPI incidentes sobre os produtos que menciona.<\/p><\/li><li class=\"TYR86d wXCUfe zfr3Q\" dir=\"ltr\"><p class=\"CDt4Ke zfr3Q\" dir=\"ltr\"><span class=\" aw5Odc\"><a class=\"XqQF9c\" href=\"http:\/\/www.google.com\/url?q=http%3A%2F%2Fwww.planalto.gov.br%2FCCIVIL_03%2F_Ato2019-2022%2F2020%2FMpv%2Fmpv936.htm&amp;sa=D&amp;sntz=1&amp;usg=AOvVaw1tw9oev4iCZSIvrSp1PTWd\" target=\"_blank\" rel=\"noopener\">Medida Provis\u00f3ria n\u00ba 936, de 1.4.2020<\/a><\/span> &#8211; Institui o Programa Emergencial de Manuten\u00e7\u00e3o do Emprego e da Renda e disp\u00f5e sobre medidas trabalhistas complementares para enfrentamento do estado de calamidade p\u00fablica reconhecido pelo Decreto Legislativo n\u00ba 6, de 20 de mar\u00e7o de 2020, e da emerg\u00eancia de sa\u00fade p\u00fablica de import\u00e2ncia internacional decorrente do coronav\u00edrus (covid-19), de que trata a Lei n\u00ba 13.979, de 6 de fevereiro de 2020, e d\u00e1 outras provid\u00eancias.<\/p><\/li><li class=\"TYR86d wXCUfe zfr3Q\" dir=\"ltr\"><p class=\"CDt4Ke zfr3Q\" dir=\"ltr\"><span class=\" aw5Odc\"><a class=\"XqQF9c\" href=\"http:\/\/www.google.com\/url?q=http%3A%2F%2Fwww.planalto.gov.br%2FCCIVIL_03%2F_Ato2019-2022%2F2020%2FMpv%2Fmpv935.htm&amp;sa=D&amp;sntz=1&amp;usg=AOvVaw2A1HTnWFsFVAkOaa38VkwQ\" target=\"_blank\" rel=\"noopener\">Medida Provis\u00f3ria n\u00ba 935, de 1.4.2020<\/a><\/span> &#8211; Abre cr\u00e9dito extraordin\u00e1rio, em favor do Minist\u00e9rio da Economia, no valor de R$ 51.641.629.500,00, para os fins que especifica.<\/p><\/li><li class=\"TYR86d wXCUfe zfr3Q\" dir=\"ltr\"><p class=\"CDt4Ke zfr3Q\" dir=\"ltr\"><span class=\" aw5Odc\"><a class=\"XqQF9c\" href=\"http:\/\/www.google.com\/url?q=http%3A%2F%2Fwww.planalto.gov.br%2FCCIVIL_03%2F_Ato2019-2022%2F2020%2FMpv%2Fmpv934.htm&amp;sa=D&amp;sntz=1&amp;usg=AOvVaw3CGlIYWnnm-IAccVjPSVwa\" target=\"_blank\" rel=\"noopener\">Medida Provis\u00f3ria n\u00ba 934, de 1.4.2020<\/a><\/span> &#8211; Estabelece normas excepcionais sobre o ano letivo da educa\u00e7\u00e3o b\u00e1sica e do ensino superior decorrentes das medidas para enfrentamento da situa\u00e7\u00e3o de emerg\u00eancia de sa\u00fade p\u00fablica de que trata a Lei n\u00ba 13.979, de 6 de fevereiro de 2020.<\/p><\/li><li class=\"TYR86d wXCUfe zfr3Q\" dir=\"ltr\"><p class=\"CDt4Ke zfr3Q\" dir=\"ltr\"><span class=\" aw5Odc\"><a class=\"XqQF9c\" href=\"http:\/\/www.google.com\/url?q=http%3A%2F%2Fwww.planalto.gov.br%2FCCIVIL_03%2FPortaria%2FIN%2FIN-29-20-ME.htm&amp;sa=D&amp;sntz=1&amp;usg=AOvVaw2UfSpTyX4JsKan2RGgeDxw\" target=\"_blank\" rel=\"noopener\">Instru\u00e7\u00e3o normativa n\u00ba 29, de 1.4.2020<\/a><\/span> &#8211; Altera a Instru\u00e7\u00e3o Normativa n\u00ba 22, de 17 de mar\u00e7o de 2020, que estabelece orienta\u00e7\u00f5es aos \u00f3rg\u00e3os e entidades do Sistema de Pessoal Civil da Administra\u00e7\u00e3o P\u00fablica Federal &#8211; SIPEC, quanto \u00e0s medidas de prote\u00e7\u00e3o para enfrentamento da emerg\u00eancia de sa\u00fade p\u00fablica de import\u00e2ncia internacional decorrente do COVID-19, relacionadas ao processo de recadastramento de aposentados, pensionistas e anistiados pol\u00edticos civis.<\/p><\/li><li class=\"TYR86d wXCUfe zfr3Q\" dir=\"ltr\"><p class=\"CDt4Ke zfr3Q\" dir=\"ltr\"><span class=\" aw5Odc\"><a class=\"XqQF9c\" href=\"http:\/\/www.google.com\/url?q=http%3A%2F%2Fwww.planalto.gov.br%2FCCIVIL_03%2FPortaria%2FRES%2FResolucao%2520n%25C2%25BA%2520364-20-MS.htm&amp;sa=D&amp;sntz=1&amp;usg=AOvVaw3Ule88os9iixmHz0nhLoFf\" target=\"_blank\" rel=\"noopener\">Resolu\u00e7\u00e3o n\u00ba 364, de 1.4.2020<\/a><\/span> &#8211; Suspende os efeitos da Resolu\u00e7\u00e3o de Diretoria Colegiada &#8211; RDC n\u00ba 302, de 13 de outubro de 2005, em car\u00e1ter tempor\u00e1rio e excepcional, para os Laborat\u00f3rios Federais de Defesa Agropecu\u00e1ria (LFDA) que ir\u00e3o realizar an\u00e1lises para o diagn\u00f3stico da COVID-19.<\/p><\/li><li class=\"TYR86d wXCUfe zfr3Q\" dir=\"ltr\"><p class=\"CDt4Ke zfr3Q\" dir=\"ltr\"><span class=\" aw5Odc\"><a class=\"XqQF9c\" href=\"http:\/\/www.google.com\/url?q=http%3A%2F%2Fwww.planalto.gov.br%2FCCIVIL_03%2FPortaria%2FPRT%2FPortaria%252039-vpr.htm&amp;sa=D&amp;sntz=1&amp;usg=AOvVaw2rdqAClEN36rdwQX4kSwPC\" target=\"_blank\" rel=\"noopener\">Portaria n\u00ba 39, de 31.3.2020<\/a><\/span> &#8211; Estabelece o regime de trabalho remoto, em car\u00e1ter tempor\u00e1rio e excepcional, quanto ao exerc\u00edcio de atividades por servidores e empregados p\u00fablicos dos \u00f3rg\u00e3os da Presid\u00eancia da Rep\u00fablica em raz\u00e3o do estado de emerg\u00eancia de sa\u00fade p\u00fablica de import\u00e2ncia internacional decorrente do coronav\u00edrus (COVID-19).<\/p><\/li><li class=\"TYR86d wXCUfe zfr3Q\" dir=\"ltr\"><p class=\"CDt4Ke zfr3Q\" dir=\"ltr\"><span class=\" aw5Odc\"><a class=\"XqQF9c\" href=\"http:\/\/www.google.com\/url?q=http%3A%2F%2Fwww.planalto.gov.br%2FCCIVIL_03%2FPortaria%2FPRT%2FPortaria%2520n%25C2%25BA%2520422-20-me-inss.htm&amp;sa=D&amp;sntz=1&amp;usg=AOvVaw0X-wFNPOGw7AIP5MLAI212\" target=\"_blank\" rel=\"noopener\">Portaria n\u00ba 422, de 31.3.2020<\/a><\/span> &#8211; Institui o trabalho remoto em car\u00e1ter excepcional no \u00e2mbito do Instituto Nacional do Seguro Social, como medida de prote\u00e7\u00e3o e preven\u00e7\u00e3o ao cont\u00e1gio para enfrentamento da emerg\u00eancia de sa\u00fade p\u00fablica de import\u00e2ncia internacional decorrente do coronav\u00edrus (COVID-19).<\/p><\/li><li class=\"TYR86d wXCUfe zfr3Q\" dir=\"ltr\"><p class=\"CDt4Ke zfr3Q\" dir=\"ltr\"><span class=\" aw5Odc\"><a class=\"XqQF9c\" href=\"http:\/\/www.google.com\/url?q=http%3A%2F%2Fwww.planalto.gov.br%2FCCIVIL_03%2FPortaria%2FPRT%2FPortaria%2520n%25C2%25BA%252051-20-cnmp.htm&amp;sa=D&amp;sntz=1&amp;usg=AOvVaw2YjTSGl1BeBxkWvMJJJpLY\" target=\"_blank\" rel=\"noopener\">Portaria n\u00ba 51, de 31.3.2020<\/a><\/span> &#8211; Altera o Anexo da Portaria CNMP-PRESI n\u00b0 245, de 10 de dezembro de 2019, que institui o calend\u00e1rio de sess\u00f5es ordin\u00e1rias do Plen\u00e1rio do Conselho Nacional do Minist\u00e9rio P\u00fablico para o 1\u00ba Semestre do exerc\u00edcio de 2020, e convoca a 2\u00aa Sess\u00e3o do Plen\u00e1rio por Videoconfer\u00eancia de 2020.<\/p><\/li><li class=\"TYR86d wXCUfe zfr3Q\" dir=\"ltr\"><p class=\"CDt4Ke zfr3Q\" dir=\"ltr\"><span class=\" aw5Odc\"><a class=\"XqQF9c\" href=\"http:\/\/www.google.com\/url?q=http%3A%2F%2Fwww.planalto.gov.br%2FCCIVIL_03%2FPortaria%2FPRT%2FPortaria%2520n%25C2%25BA%252016-20-ME.htm&amp;sa=D&amp;sntz=1&amp;usg=AOvVaw30QwivmS-eq_ZeaRDZQBY7\" target=\"_blank\" rel=\"noopener\">Portaria n\u00ba 16, de 31.3.2020<\/a><\/span> &#8211; Atendimento ao p\u00fablico prestado pelo Centro de Atendimento ao Contribuinte (CAC)<\/p><\/li><li class=\"TYR86d wXCUfe zfr3Q\" dir=\"ltr\"><p class=\"CDt4Ke zfr3Q\" dir=\"ltr\"><span class=\" aw5Odc\"><a class=\"XqQF9c\" href=\"http:\/\/www.google.com\/url?q=http%3A%2F%2Fwww.planalto.gov.br%2FCCIVIL_03%2FPortaria%2FRES%2FResolucao%2520n%25C2%25BA%252052-20-MMFDH.htm&amp;sa=D&amp;sntz=1&amp;usg=AOvVaw3TTS_5H5FTY4JTY_Ntrbym\" target=\"_blank\" rel=\"noopener\">Resolu\u00e7\u00e3o n\u00ba 52, de 31.3.2020<\/a><\/span> &#8211; Disp\u00f5e sobre as delibera\u00e7\u00f5es aprovadas na Reuni\u00e3o Extraordin\u00e1ria do Conselho Nacional dos Direitos da Pessoa Idosa.<\/p><\/li><li class=\"TYR86d wXCUfe zfr3Q\" dir=\"ltr\"><p class=\"CDt4Ke zfr3Q\" dir=\"ltr\"><span class=\" aw5Odc\"><a class=\"XqQF9c\" href=\"http:\/\/www.google.com\/url?q=http%3A%2F%2Fwww.planalto.gov.br%2FCCIVIL_03%2FPortaria%2FDLB%2Fdeliberacao%2520n%25C2%25BA%2520849-20-me-cvm.htm&amp;sa=D&amp;sntz=1&amp;usg=AOvVaw3HVjWUl3rVOR6s5ij5k65R\" target=\"_blank\" rel=\"noopener\">Delibera\u00e7\u00e3o n\u00ba 849, de 31.3.2020<\/a><\/span> &#8211; Estabelece o prazo para apresenta\u00e7\u00e3o, pelas companhias abertas, de informa\u00e7\u00f5es com vencimento no exerc\u00edcio de 2020 e d\u00e1 outras provid\u00eancias.<\/p><\/li><li class=\"TYR86d wXCUfe zfr3Q\" dir=\"ltr\"><p class=\"CDt4Ke zfr3Q\" dir=\"ltr\"><span class=\" aw5Odc\"><a class=\"XqQF9c\" href=\"http:\/\/www.google.com\/url?q=http%3A%2F%2Fwww.planalto.gov.br%2FCCIVIL_03%2F_Ato2019-2022%2F2020%2FMpv%2Fmpv933.htm&amp;sa=D&amp;sntz=1&amp;usg=AOvVaw1GNq7HZJ0LlRVDAwc9lBOF\" target=\"_blank\" rel=\"noopener\">Medida Provis\u00f3ria n\u00ba 933, de 31.3.2020<\/a><\/span> &#8211; Suspende, pelo prazo que menciona, o ajuste anual de pre\u00e7os de medicamentos para o ano de 2020.<\/p><\/li><li class=\"TYR86d wXCUfe zfr3Q\" dir=\"ltr\"><p class=\"CDt4Ke zfr3Q\" dir=\"ltr\"><span class=\" aw5Odc\"><a class=\"XqQF9c\" href=\"http:\/\/www.google.com\/url?q=http%3A%2F%2Fwww.planalto.gov.br%2FCCIVIL_03%2F_Ato2019-2022%2F2020%2FMpv%2Fmpv932.htm&amp;sa=D&amp;sntz=1&amp;usg=AOvVaw3iVpgfVdy2OFD2M2civHQR\" target=\"_blank\" rel=\"noopener\">Medida Provis\u00f3ria n\u00ba 932, de 31.3.2020<\/a><\/span> &#8211; Altera as al\u00edquotas de contribui\u00e7\u00e3o aos servi\u00e7os sociais aut\u00f4nomos que especifica e d\u00e1 outras provid\u00eancias.<\/p><\/li><li class=\"TYR86d wXCUfe zfr3Q\" dir=\"ltr\"><p class=\"CDt4Ke zfr3Q\" dir=\"ltr\"><span class=\" aw5Odc\"><a class=\"XqQF9c\" href=\"http:\/\/www.google.com\/url?q=http%3A%2F%2Fwww.planalto.gov.br%2FCCIVIL_03%2FPortaria%2FPRT%2FPortaria%2520n%25C2%25BA%2520158-20-ccv.htm&amp;sa=D&amp;sntz=1&amp;usg=AOvVaw23eiptdVzgV63ARuKQZNiB\" target=\"_blank\" rel=\"noopener\">Portaria n\u00ba 158, de 31.3.2020<\/a><\/span> &#8211; Disp\u00f5e sobre a restri\u00e7\u00e3o excepcional e tempor\u00e1ria de entrada no Pa\u00eds de estrangeiros provenientes da Rep\u00fablica Bolivariana da Venezuela, conforme recomenda\u00e7\u00e3o da Ag\u00eancia Nacional de Vigil\u00e2ncia Sanit\u00e1ria &#8211; Anvisa.<\/p><\/li><li class=\"TYR86d wXCUfe zfr3Q\" dir=\"ltr\"><p class=\"CDt4Ke zfr3Q\" dir=\"ltr\"><span class=\" aw5Odc\"><a class=\"XqQF9c\" href=\"http:\/\/www.google.com\/url?q=http%3A%2F%2Fwww.planalto.gov.br%2FCCIVIL_03%2F_Ato2019-2022%2F2020%2FMpv%2Fmpv931.htm&amp;sa=D&amp;sntz=1&amp;usg=AOvVaw1mWuXFmkSsWgHCqxTKqnto\" target=\"_blank\" rel=\"noopener\">Medida Provis\u00f3ria n\u00ba 931, de 30.3.2020<\/a><\/span> &#8211; Altera a Lei n\u00ba 10.406, de 10 de janeiro de 2002 &#8211; C\u00f3digo Civil, a Lei n\u00ba 5.764, de 16 de dezembro de 1971, e a Lei n\u00ba 6.404, de 15 de dezembro de 1976, e d\u00e1 outras provid\u00eancias.<\/p><\/li><li class=\"TYR86d wXCUfe zfr3Q\" dir=\"ltr\"><p class=\"CDt4Ke zfr3Q\" dir=\"ltr\"><span class=\" aw5Odc\"><a class=\"XqQF9c\" href=\"http:\/\/www.google.com\/url?q=http%3A%2F%2Fwww.planalto.gov.br%2FCCIVIL_03%2F_Ato2019-2022%2F2020%2FDecreto%2FD10300.htm&amp;sa=D&amp;sntz=1&amp;usg=AOvVaw0Y2yq5Jj5aXiZ_MObU4Gli\" target=\"_blank\" rel=\"noopener\">Decreto n\u00ba 10.300, de 30.3.2020<\/a><\/span> &#8211; Altera o Decreto n\u00ba 10.277, de 16 de mar\u00e7o de 2020, para dispor sobre a composi\u00e7\u00e3o do Centro de Coordena\u00e7\u00e3o de Opera\u00e7\u00f5es do Comit\u00ea de Crise para Supervis\u00e3o e Monitoramento dos Impactos da Covid-19.<\/p><\/li><li class=\"TYR86d wXCUfe zfr3Q\" dir=\"ltr\"><p class=\"CDt4Ke zfr3Q\" dir=\"ltr\"><span class=\" aw5Odc\"><a class=\"XqQF9c\" href=\"http:\/\/www.google.com\/url?q=http%3A%2F%2Fwww.planalto.gov.br%2FCCIVIL_03%2F_Ato2019-2022%2F2020%2FDecreto%2FD10298.htm&amp;sa=D&amp;sntz=1&amp;usg=AOvVaw3VWbkl1ySw3_KslT5eIov_\" target=\"_blank\" rel=\"noopener\">Decreto n\u00ba 10.298, de 30.3.2020<\/a><\/span> &#8211; Institui o Conselho Nacional de Secret\u00e1rios de Transportes.<\/p><\/li><li class=\"TYR86d wXCUfe zfr3Q\" dir=\"ltr\"><p class=\"CDt4Ke zfr3Q\" dir=\"ltr\"><span class=\" aw5Odc\"><a class=\"XqQF9c\" href=\"http:\/\/www.google.com\/url?q=http%3A%2F%2Fwww.planalto.gov.br%2FCCIVIL_03%2F_Ato2019-2022%2F2020%2FDecreto%2FD10295.htm&amp;sa=D&amp;sntz=1&amp;usg=AOvVaw314_AtBbfRvmgCSbwfTZoq\" target=\"_blank\" rel=\"noopener\">Decreto n\u00ba 10.295, de 30.3.2020<\/a><\/span> &#8211; Altera o Decreto n\u00ba 10.249, de 19 de fevereiro de 2020, que disp\u00f5e sobre a programa\u00e7\u00e3o or\u00e7ament\u00e1ria e financeira e estabelece o cronograma mensal de desembolso do Poder Executivo federal para o exerc\u00edcio de 2020.<\/p><\/li><li class=\"TYR86d wXCUfe zfr3Q\" dir=\"ltr\"><p class=\"CDt4Ke zfr3Q\" dir=\"ltr\"><span class=\" aw5Odc\"><a class=\"XqQF9c\" href=\"http:\/\/www.google.com\/url?q=http%3A%2F%2Fwww.planalto.gov.br%2FCCIVIL_03%2F_Ato2019-2022%2F2020%2FDecreto%2FD10294.htm&amp;sa=D&amp;sntz=1&amp;usg=AOvVaw07qznrEMx_rLdsyRlbB69y\" target=\"_blank\" rel=\"noopener\">Decreto n\u00ba 10.294, de 30.3.2020<\/a><\/span> &#8211; Abre ao Or\u00e7amento Fiscal da Uni\u00e3o, em favor do Minist\u00e9rio da Agricultura, Pecu\u00e1ria e Abastecimento, do Minist\u00e9rio de Minas e Energia e de Encargos Financeiros da Uni\u00e3o, cr\u00e9dito suplementar no valor de R$ 142.004.435,00, para refor\u00e7o de dota\u00e7\u00f5es constantes da Lei Or\u00e7ament\u00e1ria vigente.<\/p><\/li><li class=\"TYR86d wXCUfe zfr3Q\" dir=\"ltr\"><p class=\"CDt4Ke zfr3Q\" dir=\"ltr\"><span class=\" aw5Odc\"><a class=\"XqQF9c\" href=\"http:\/\/www.google.com\/url?q=http%3A%2F%2Fwww.planalto.gov.br%2FCCIVIL_03%2FPortaria%2FPRT%2FPortaria-8779-20-ME.htm&amp;sa=D&amp;sntz=1&amp;usg=AOvVaw3X3ye2vWuqPPcsuTzTNQKY\" target=\"_blank\" rel=\"noopener\">Portaria n\u00ba 8.779, de 30.3.2020<\/a><\/span> &#8211; Aprova o quantitativo de pessoal pr\u00f3prio do Grupo Hospitalar Concei\u00e7\u00e3o &#8211; GHC<\/p><\/li><li class=\"TYR86d wXCUfe zfr3Q\" dir=\"ltr\"><p class=\"CDt4Ke zfr3Q\" dir=\"ltr\"><span class=\" aw5Odc\"><a class=\"XqQF9c\" href=\"http:\/\/www.google.com\/url?q=http%3A%2F%2Fwww.planalto.gov.br%2FCCIVIL_03%2FPortaria%2FPRT%2FPortaria-341-20-mcidadania.htm&amp;sa=D&amp;sntz=1&amp;usg=AOvVaw13HL2VDKVcdDHm-kT7SgJN\" target=\"_blank\" rel=\"noopener\">Portaria n\u00ba 341, de 30.3.2020<\/a><\/span> &#8211; Amplia os prazos previstos na Portaria n\u00ba 166\/2020\/GM\/MC, de 6 de fevereiro de 2020, para apresenta\u00e7\u00e3o dos relat\u00f3rios de aplica\u00e7\u00e3o de recursos de loteria recebidos pelas entidades mencionadas no art. 23 da Lei n\u00ba 13.756, de 2018, em raz\u00e3o da situa\u00e7\u00e3o de Emerg\u00eancia de Sa\u00fade P\u00fablica de Import\u00e2ncia Internacional decorrente do Coronav\u00edrus ( COV I D &#8211; 1 9 ) .<\/p><\/li><li class=\"TYR86d wXCUfe zfr3Q\" dir=\"ltr\"><p class=\"CDt4Ke zfr3Q\" dir=\"ltr\"><span class=\" aw5Odc\"><a class=\"XqQF9c\" href=\"http:\/\/www.google.com\/url?q=http%3A%2F%2Fwww.planalto.gov.br%2FCCIVIL_03%2FPortaria%2FPRT%2FPortaria-340-20-mcidadania.htm&amp;sa=D&amp;sntz=1&amp;usg=AOvVaw1ZxzPELcBuezwkeOeoCxNM\" target=\"_blank\" rel=\"noopener\">Portaria n\u00ba 340, de 30.3.2020<\/a><\/span> &#8211; Estabelece medidas para o enfrentamento da Emerg\u00eancia em Sa\u00fade P\u00fablica de Import\u00e2ncia Nacional decorrente de infec\u00e7\u00e3o humana pelo novo coronav\u00edrus (COVID-19), no \u00e2mbito das Comunidades Terap\u00eauticas.<\/p><\/li><li class=\"TYR86d wXCUfe zfr3Q\" dir=\"ltr\"><p class=\"CDt4Ke zfr3Q\" dir=\"ltr\"><span class=\" aw5Odc\"><a class=\"XqQF9c\" href=\"http:\/\/www.google.com\/url?q=http%3A%2F%2Fwww.planalto.gov.br%2FCCIVIL_03%2FPortaria%2FPRT%2FPortaria-134-20-ME.htm&amp;sa=D&amp;sntz=1&amp;usg=AOvVaw2mzCx87S2UP_I32BKEcpRy\" target=\"_blank\" rel=\"noopener\">Portaria n\u00ba 134, de 30.3.2020<\/a><\/span> &#8211; Portaria Interministerial que altera a Portaria Interministerial n\u00ba 424, de 30 de dezembro de 2016, suspende a contagem dos seus prazos, autoriza a prorroga\u00e7\u00e3o excepcional dos prazos dispostos no seu art. 24, \u00a7\u00a7 1\u00ba e 2\u00ba, e faculta a aplica\u00e7\u00e3o dessas disposi\u00e7\u00f5es aos instrumentos em execu\u00e7\u00e3o ou em fase de presta\u00e7\u00e3o de contas celebrados na vig\u00eancia das Portarias Interministerial n\u00ba 127, de 29 de maio de 2008 e 507, de 24 de novembro de 2011.<\/p><\/li><li class=\"TYR86d wXCUfe zfr3Q\" dir=\"ltr\"><p class=\"CDt4Ke zfr3Q\" dir=\"ltr\"><span class=\" aw5Odc\"><a class=\"XqQF9c\" href=\"http:\/\/www.google.com\/url?q=http%3A%2F%2Fwww.planalto.gov.br%2FCCIVIL_03%2FPortaria%2FPRT%2FPortaria%2520n%25C2%25BA%2520151-20-mjsp.htm&amp;sa=D&amp;sntz=1&amp;usg=AOvVaw0lYZknkz_Cri5TFE7IN_Yu\" target=\"_blank\" rel=\"noopener\">Portaria n\u00ba 151, de 30.3.2020<\/a><\/span> &#8211; Disp\u00f5e sobre o emprego da For\u00e7a Nacional de Seguran\u00e7a P\u00fablica em apoio ao Minist\u00e9rio da Sa\u00fade em todo territ\u00f3rio nacional.<\/p><\/li><li class=\"TYR86d wXCUfe zfr3Q\" dir=\"ltr\"><p class=\"CDt4Ke zfr3Q\" dir=\"ltr\"><span class=\" aw5Odc\"><a class=\"XqQF9c\" href=\"http:\/\/www.google.com\/url?q=http%3A%2F%2Fwww.planalto.gov.br%2FCCIVIL_03%2FPortaria%2FPRT%2FPortaria-21-20-ME.htm&amp;sa=D&amp;sntz=1&amp;usg=AOvVaw268wgcNmdMpvp44dSdkQ1_\" target=\"_blank\" rel=\"noopener\">Portaria n\u00ba 21, de 30.3.2020<\/a><\/span> &#8211; Disp\u00f5e sobre as notifica\u00e7\u00f5es e comunica\u00e7\u00f5es \u00e0s partes interessadas no \u00e2mbito de processos de defesa comercial previstos nos Decretos n\u00ba 8.058, de 26 de julho de 2013, n\u00ba 1.751, de 19 de dezembro de 1995, e n\u00ba 1.488, de 11 de maio de 1995, e nos acordos comerciais em vigor no Brasil.<\/p><\/li><li class=\"TYR86d wXCUfe zfr3Q\" dir=\"ltr\"><p class=\"CDt4Ke zfr3Q\" dir=\"ltr\"><span class=\" aw5Odc\"><a class=\"XqQF9c\" href=\"http:\/\/www.google.com\/url?q=http%3A%2F%2Fwww.planalto.gov.br%2FCCIVIL_03%2FPortaria%2FPRT%2FPortaria-123-20-mara.htm&amp;sa=D&amp;sntz=1&amp;usg=AOvVaw3WBrCl4ot0QfpO8ypEOsXU\" target=\"_blank\" rel=\"noopener\">Portaria n\u00ba 123, de 30.3.2020<\/a><\/span> &#8211; Institu\u00eddo, no \u00e2mbito do Minist\u00e9rio da Agricultura, Pecu\u00e1ria e Abastecimento &#8211; MAPA, o Comit\u00ea de Crise (CC-AGRO-COVID19) com a finalidade monitorar e propor estrat\u00e9gias para minimizar os impactos do coronav\u00edrus na produ\u00e7\u00e3o agr\u00edcola e no abastecimento de alimentos para a popula\u00e7\u00e3o brasileira.<\/p><\/li><li class=\"TYR86d wXCUfe zfr3Q\" dir=\"ltr\"><p class=\"CDt4Ke zfr3Q\" dir=\"ltr\"><span class=\" aw5Odc\"><a class=\"XqQF9c\" href=\"http:\/\/www.google.com\/url?q=http%3A%2F%2Fwww.planalto.gov.br%2FCCIVIL_03%2FPortaria%2FPRT%2FPortaria-135-20-MME.htm&amp;sa=D&amp;sntz=1&amp;usg=AOvVaw2-m0fQ6_vorU-Hcy4PXuoF\" target=\"_blank\" rel=\"noopener\">Portaria n\u00ba 135, de 28.3.2020<\/a><\/span> &#8211; Considerada essencial a disponibiliza\u00e7\u00e3o dos insumos minerais necess\u00e1rios \u00e0 cadeia produtiva das atividades essenciais<\/p><\/li><li class=\"TYR86d wXCUfe zfr3Q\" dir=\"ltr\"><p class=\"CDt4Ke zfr3Q\" dir=\"ltr\"><span class=\" aw5Odc\"><a class=\"XqQF9c\" href=\"http:\/\/www.google.com\/url?q=http%3A%2F%2Fwww.planalto.gov.br%2FCCIVIL_03%2FPortaria%2FPRT%2FPortaria-8633-20-ME.htm&amp;sa=D&amp;sntz=1&amp;usg=AOvVaw0-xuEkuHBagjmSGnFGrWU0\" target=\"_blank\" rel=\"noopener\">Portaria n\u00ba 8.633, de 27.3.2020<\/a><\/span> &#8211; Aprova o quantitativo de pessoal pr\u00f3prio da Empresa Brasileira de Servi\u00e7os Hospitalares &#8211; EBSERH<\/p><\/li><li class=\"TYR86d wXCUfe zfr3Q\" dir=\"ltr\"><p class=\"CDt4Ke zfr3Q\" dir=\"ltr\"><span class=\" aw5Odc\"><a class=\"XqQF9c\" href=\"http:\/\/www.google.com\/url?q=http%3A%2F%2Fwww.planalto.gov.br%2FCCIVIL_03%2FPortaria%2FPRT%2FPortaria%2520n%25C2%25BA%2520580-20-ms.htm&amp;sa=D&amp;sntz=1&amp;usg=AOvVaw1NabvmgcXXGbx9ZYjVIjWJ\" target=\"_blank\" rel=\"noopener\">Portaria n\u00ba 580, de 27.3.2020<\/a><\/span> &#8211; Disp\u00f5e sobre a A\u00e7\u00e3o Estrat\u00e9gica &#8220;O Brasil Conta Comigo &#8211; Residentes na \u00e1rea de Sa\u00fade&#8221;, para o enfrentamento \u00e0 pandemia do coronav\u00edrus (COVID-19).<\/p><\/li><li class=\"TYR86d wXCUfe zfr3Q\" dir=\"ltr\"><p class=\"CDt4Ke zfr3Q\" dir=\"ltr\"><span class=\" aw5Odc\"><a class=\"XqQF9c\" href=\"http:\/\/www.google.com\/url?q=http%3A%2F%2Fwww.planalto.gov.br%2FCCIVIL_03%2FPortaria%2FPRT%2FPortaria-158-20-PR.htm&amp;sa=D&amp;sntz=1&amp;usg=AOvVaw1Ef9GGyrdxoD9udUK5_C5B\" target=\"_blank\" rel=\"noopener\">Portaria n\u00ba 158, de 27.3.2020<\/a><\/span> &#8211; Estabelece, no \u00e2mbito da Procuradoria-Geral Federal, medidas tempor\u00e1rias de preven\u00e7\u00e3o ao cont\u00e1gio pelo Novo Coronav\u00edrus (COVID-19), com a ado\u00e7\u00e3o de medidas relacionadas \u00e0 cobran\u00e7a da d\u00edvida ativa das autarquias e funda\u00e7\u00f5es p\u00fablicas federais, considerando a classifica\u00e7\u00e3o de pandemia pela Organiza\u00e7\u00e3o Mundial de Sa\u00fade (OMS).<\/p><\/li><li class=\"TYR86d wXCUfe zfr3Q\" dir=\"ltr\"><p class=\"CDt4Ke zfr3Q\" dir=\"ltr\"><span class=\" aw5Odc\"><a class=\"XqQF9c\" href=\"http:\/\/www.google.com\/url?q=http%3A%2F%2Fwww.planalto.gov.br%2FCCIVIL_03%2FPortaria%2FPRT%2FPortaria-75-20-mec.htm&amp;sa=D&amp;sntz=1&amp;usg=AOvVaw3WRsUTpDkKEMO1TMeOOpYw\" target=\"_blank\" rel=\"noopener\">Portaria n\u00ba 75, de 27.3.2020<\/a><\/span> &#8211; Altera a Portaria n\u00ba 208, de 6 de fevereiro de 2020, que estabelece o calend\u00e1rio anual de abertura do protocolo de ingresso de processos regulat\u00f3rios no Sistema e-MEC em 2020, tendo em vista a situa\u00e7\u00e3o de pandemia do coronav\u00edrus &#8211; COVID-19.<\/p><\/li><li class=\"TYR86d wXCUfe zfr3Q\" dir=\"ltr\"><p class=\"CDt4Ke zfr3Q\" dir=\"ltr\"><span class=\" aw5Odc\"><a class=\"XqQF9c\" href=\"http:\/\/www.google.com\/url?q=http%3A%2F%2Fwww.planalto.gov.br%2FCCIVIL_03%2FPortaria%2FPRT%2FPortaria-19-20-MS.htm&amp;sa=D&amp;sntz=1&amp;usg=AOvVaw2EhPJCoaCMRFh7EiLUsAkH\" target=\"_blank\" rel=\"noopener\">Portaria n\u00ba 19, de 27.3.2020<\/a><\/span> &#8211; Suspender os trabalhos da Comiss\u00e3o de Processo Administrativo de Responsabiliza\u00e7\u00e3o &#8211; PAR<\/p><\/li><li class=\"TYR86d wXCUfe zfr3Q\" dir=\"ltr\"><p class=\"CDt4Ke zfr3Q\" dir=\"ltr\"><span class=\" aw5Odc\"><a class=\"XqQF9c\" href=\"http:\/\/www.google.com\/url?q=http%3A%2F%2Fwww.planalto.gov.br%2FCCIVIL_03%2FPortaria%2FPRT%2FPortaria%2520n%25C2%25BA%2520880-20-minfra-anac-spo.htm&amp;sa=D&amp;sntz=1&amp;usg=AOvVaw0V0XDuJd0k2JlTqkyrNE4Y\" target=\"_blank\" rel=\"noopener\">Portaria n\u00ba 880, de 27.3.2020<\/a><\/span> &#8211; Autoriza transporte de carga por operador certificado sob o RBAC n\u00ba 135.<\/p><\/li><li class=\"TYR86d wXCUfe zfr3Q\" dir=\"ltr\"><p class=\"CDt4Ke zfr3Q\" dir=\"ltr\"><span class=\" aw5Odc\"><a class=\"XqQF9c\" href=\"http:\/\/www.google.com\/url?q=http%3A%2F%2Fwww.planalto.gov.br%2FCCIVIL_03%2FPortaria%2FPRT%2FPortaria%2520n%25C2%25BA%2520743-20-mdr.htm&amp;sa=D&amp;sntz=1&amp;usg=AOvVaw2v5q5XB6lZo2ZqolGhE88m\" target=\"_blank\" rel=\"noopener\">Portaria n\u00ba 743, de 27.3.2020<\/a><\/span> &#8211; Estabelece rito espec\u00edfico para o reconhecimento federal das situa\u00e7\u00f5es de anormalidade decretadas pelos entes federados, decorrentes de desastre relacionado \u00e0 contamina\u00e7\u00e3o pelo novo coronav\u00edrus (Covid-19).<\/p><\/li><li class=\"TYR86d wXCUfe zfr3Q\" dir=\"ltr\"><p class=\"CDt4Ke zfr3Q\" dir=\"ltr\"><span class=\" aw5Odc\"><a class=\"XqQF9c\" href=\"http:\/\/www.google.com\/url?q=http%3A%2F%2Fwww.planalto.gov.br%2FCCIVIL_03%2FPortaria%2FPRT%2FPortaria%2520n%25C2%25BA%2520601-me-serf.htm&amp;sa=D&amp;sntz=1&amp;usg=AOvVaw0smWQnngQa0SVyHgYJtbxb\" target=\"_blank\" rel=\"noopener\">Portaria n\u00ba 601, de 27.3.2020<\/a><\/span> &#8211; Fica institu\u00eddo o Centro Operacional Aduaneiro de Gest\u00e3o da Crise gerada pela Pandemia da Doen\u00e7a pelo Coronav\u00edrus 2019 (Cogec-Covid-19),<\/p><\/li><li class=\"TYR86d wXCUfe zfr3Q\" dir=\"ltr\"><p class=\"CDt4Ke zfr3Q\" dir=\"ltr\"><span class=\" aw5Odc\"><a class=\"XqQF9c\" href=\"http:\/\/www.google.com\/url?q=http%3A%2F%2Fwww.planalto.gov.br%2FCCIVIL_03%2FPortaria%2FPRT%2FPortaria%2520n%25C2%25BA%2520152-20-ccv.htm&amp;sa=D&amp;sntz=1&amp;usg=AOvVaw36voQDLDD23Pwt8zod-lJD\" target=\"_blank\" rel=\"noopener\">Portaria n\u00ba 152, de 27.3.2020<\/a><\/span> &#8211; Disp\u00f5e sobre a restri\u00e7\u00e3o excepcional e tempor\u00e1ria de entrada no Pa\u00eds de estrangeiros, conforme recomenda\u00e7\u00e3o da Ag\u00eancia Nacional de Vigil\u00e2ncia Sanit\u00e1ria &#8211; Anvisa.<\/p><\/li><li class=\"TYR86d wXCUfe zfr3Q\" dir=\"ltr\"><p class=\"CDt4Ke zfr3Q\" dir=\"ltr\"><span class=\" aw5Odc\"><a class=\"XqQF9c\" href=\"http:\/\/www.google.com\/url?q=http%3A%2F%2Fwww.planalto.gov.br%2FCCIVIL_03%2FPortaria%2FPRT%2FPortaria-149-20-mjsp.htm&amp;sa=D&amp;sntz=1&amp;usg=AOvVaw0aFOHJzexv1AlP01EuaMd6\" target=\"_blank\" rel=\"noopener\">Portaria n\u00ba 149, de 27.3.2020<\/a><\/span> &#8211; Disp\u00f5e sobre restri\u00e7\u00e3o excepcional e tempor\u00e1ria de entrada no Pa\u00eds de estrangeiros, conforme recomenda\u00e7\u00e3o da Ag\u00eancia Nacional de Vigil\u00e2ncia Sanit\u00e1ria &#8211; Anvisa.<\/p><\/li><li class=\"TYR86d wXCUfe zfr3Q\" dir=\"ltr\"><p class=\"CDt4Ke zfr3Q\" dir=\"ltr\"><span class=\" aw5Odc\"><a class=\"XqQF9c\" href=\"http:\/\/www.google.com\/url?q=http%3A%2F%2Fwww.planalto.gov.br%2FCCIVIL_03%2FPortaria%2FPRT%2FPortaria-121-20-MAPA.htm&amp;sa=D&amp;sntz=1&amp;usg=AOvVaw1wKVzagOhR6-EzSl4Koiwl\" target=\"_blank\" rel=\"noopener\">Portaria n\u00ba 121, de 27.3.2020<\/a><\/span> &#8211; execu\u00e7\u00e3o remota das atividades laborais pelos servidores e empregados p\u00fablicos.<\/p><\/li><li class=\"TYR86d wXCUfe zfr3Q\" dir=\"ltr\"><p class=\"CDt4Ke zfr3Q\" dir=\"ltr\"><span class=\" aw5Odc\"><a class=\"XqQF9c\" href=\"http:\/\/www.google.com\/url?q=http%3A%2F%2Fwww.planalto.gov.br%2FCCIVIL_03%2FPortaria%2FPRT%2FPortaria%2520n%25C2%25BA%2520111-20-ME-INMETRO.htm&amp;sa=D&amp;sntz=1&amp;usg=AOvVaw28B69d-i3K4-9ihdMrap5x\" target=\"_blank\" rel=\"noopener\">Portaria n\u00ba 111, de 27.3.2020<\/a><\/span> &#8211; Aprova condi\u00e7\u00f5es extraordin\u00e1rias para realiza\u00e7\u00e3o das atividades de avalia\u00e7\u00e3o da conformidade durante a pandemia do coronav\u00edrus (COVID-19).<\/p><\/li><li class=\"TYR86d wXCUfe zfr3Q\" dir=\"ltr\"><p class=\"CDt4Ke zfr3Q\" dir=\"ltr\"><span class=\" aw5Odc\"><a class=\"XqQF9c\" href=\"http:\/\/www.google.com\/url?q=http%3A%2F%2Fwww.planalto.gov.br%2FCCIVIL_03%2FPortaria%2FPRT%2FPortaria%2520n%25C2%25BA%252014-20-pr-sg.htm&amp;sa=D&amp;sntz=1&amp;usg=AOvVaw1lXEPVfdaxOsYEvPpi9Ih9\" target=\"_blank\" rel=\"noopener\">Portaria n\u00ba 14, de 27.3.2020<\/a><\/span> &#8211; Altera a Portaria n\u00ba 8, de 17 de mar\u00e7o de 2020, que estabelece o regime de trabalho remoto, em car\u00e1ter tempor\u00e1rio e excepcional, quanto ao exerc\u00edcio de atividades por servidores e empregados p\u00fablicos dos \u00f3rg\u00e3os da Presid\u00eancia da Rep\u00fablica em raz\u00e3o do estado de emerg\u00eancia de sa\u00fade p\u00fablica de import\u00e2ncia internacional decorrente do coronav\u00edrus (COVID-19).<\/p><\/li><li class=\"TYR86d wXCUfe zfr3Q\" dir=\"ltr\"><p class=\"CDt4Ke zfr3Q\" dir=\"ltr\"><span class=\" aw5Odc\"><a class=\"XqQF9c\" href=\"http:\/\/www.google.com\/url?q=http%3A%2F%2Fwww.planalto.gov.br%2FCCIVIL_03%2FPortaria%2FPRT%2FPortaria-239-20-MEC.htm&amp;sa=D&amp;sntz=1&amp;usg=AOvVaw3UG9uPGDQic47lvrW1_wIc\" target=\"_blank\" rel=\"noopener\">Portaria n\u00ba 239, de 26.3.2020<\/a><\/span> &#8211; Disp\u00f5e sobre a prorroga\u00e7\u00e3o de prazos de que trata a Portaria SETEC n\u00ba 62, de 24 de janeiro de 2020.<\/p><\/li><li class=\"TYR86d wXCUfe zfr3Q\" dir=\"ltr\"><p class=\"CDt4Ke zfr3Q\" dir=\"ltr\"><span class=\" aw5Odc\"><a class=\"XqQF9c\" href=\"http:\/\/www.google.com\/url?q=http%3A%2F%2Fwww.planalto.gov.br%2FCCIVIL_03%2FPortaria%2FPRT%2FPortaria-168-E-20-MTur-ancine.htm&amp;sa=D&amp;sntz=1&amp;usg=AOvVaw3-Uy_im8XUY4viU0XY1RxS\" target=\"_blank\" rel=\"noopener\">Portaria n\u00ba 168-E, de 26.3.2020<\/a><\/span> &#8211; Altera a Portaria ANCINE n\u00ba 151-E, de 19 de mar\u00e7o de 2020, que estabelece, em car\u00e1ter excepcional, medidas administrativas para a mitiga\u00e7\u00e3o dos impactos do COVID-19 no setor audiovisual e no que se refere \u00e0s atribui\u00e7\u00f5es da Ag\u00eancia Nacional do Cinema &#8211; ANCINE, nos limites de sua compet\u00eancia.<\/p><\/li><li class=\"TYR86d wXCUfe zfr3Q\" dir=\"ltr\"><p class=\"CDt4Ke zfr3Q\" dir=\"ltr\"><span class=\" aw5Odc\"><a class=\"XqQF9c\" href=\"http:\/\/www.google.com\/url?q=http%3A%2F%2Fwww.planalto.gov.br%2FCCIVIL_03%2FPortaria%2FRES%2FResolucao%2520n%25C2%25BA%25204791-20-Bacen.htm&amp;sa=D&amp;sntz=1&amp;usg=AOvVaw0wORmCgmWjNmLqiTEcs-J7\" target=\"_blank\" rel=\"noopener\">Resolu\u00e7\u00e3o n\u00ba 4.791, de 26.3.2020<\/a><\/span> &#8211; Altera a Resolu\u00e7\u00e3o n\u00ba 4.782, de 16 de mar\u00e7o de 2020, que estabelece, por tempo determinado, em fun\u00e7\u00e3o de eventuais impactos da Covid-19 na economia, crit\u00e9rios tempor\u00e1rios para a caracteriza\u00e7\u00e3o das reestrutura\u00e7\u00f5es de opera\u00e7\u00f5es de cr\u00e9dito, para fins de gerenciamento de risco de cr\u00e9dito.<\/p><\/li><li class=\"TYR86d wXCUfe zfr3Q\" dir=\"ltr\"><p class=\"CDt4Ke zfr3Q\" dir=\"ltr\"><span class=\" aw5Odc\"><a class=\"XqQF9c\" href=\"http:\/\/www.google.com\/url?q=http%3A%2F%2Fwww.planalto.gov.br%2FCCIVIL_03%2FPortaria%2FRES%2FResolucao-5879-20-minfra.htm&amp;sa=D&amp;sntz=1&amp;usg=AOvVaw08-KE8EAyWw1PGkb5qWIt3\" target=\"_blank\" rel=\"noopener\">Resolu\u00e7\u00e3o n\u00ba 5.879, de 26.3.2020<\/a><\/span> &#8211; Disp\u00f5e sobre a flexibiliza\u00e7\u00e3o de prazos para cumprimento de obriga\u00e7\u00f5es contratuais e regulat\u00f3rias, em raz\u00e3o da emerg\u00eancia de sa\u00fade p\u00fablica de import\u00e2ncia internacional decorrente do coronav\u00edrus, no \u00e2mbito da infraestrutura e servi\u00e7o de transporte ferrovi\u00e1rio de cargas e do transporte rodovi\u00e1rio de cargas e de passageiros, e d\u00e1 outras provid\u00eancias.<\/p><\/li><li class=\"TYR86d wXCUfe zfr3Q\" dir=\"ltr\"><p class=\"CDt4Ke zfr3Q\" dir=\"ltr\"><span class=\" aw5Odc\"><a class=\"XqQF9c\" href=\"http:\/\/www.google.com\/url?q=http%3A%2F%2Fwww.planalto.gov.br%2FCCIVIL_03%2FPortaria%2FPRT%2FPortaria-586-20-mara.htm&amp;sa=D&amp;sntz=1&amp;usg=AOvVaw2Z0o8gDpqvys3gQXkTHrKc\" target=\"_blank\" rel=\"noopener\">Portaria n\u00ba 586, de 26.3.2020<\/a><\/span> &#8211; Disp\u00f5e sobre a prorroga\u00e7\u00e3o do prazo de vencimento dos d\u00e9bitos provenientes da concess\u00e3o de cr\u00e9dito de instala\u00e7\u00e3o, t\u00edtulos de dom\u00ednio e parcelamentos administrativos e suspens\u00e3o dos prazos administrativos no \u00e2mbito do Incra no per\u00edodo de dura\u00e7\u00e3o da declara\u00e7\u00e3o de Emerg\u00eancia em Sa\u00fade P\u00fablica de Import\u00e2ncia Nacional, e d\u00e1 outras provid\u00eancias.<\/p><\/li><li class=\"TYR86d wXCUfe zfr3Q\" dir=\"ltr\"><p class=\"CDt4Ke zfr3Q\" dir=\"ltr\"><span class=\" aw5Odc\"><a class=\"XqQF9c\" href=\"http:\/\/www.google.com\/url?q=http%3A%2F%2Fwww.planalto.gov.br%2FCCIVIL_03%2FPortaria%2FPRT%2FPortaria%2520n%25C2%25BA%2520162-20-me-serf.htm&amp;sa=D&amp;sntz=1&amp;usg=AOvVaw3gS2ODhgJgFiT_H03F4pRk\" target=\"_blank\" rel=\"noopener\">Portaria n\u00ba 162, de 26.3.2020<\/a><\/span> &#8211; Disciplina excepcionalmente o atendimento externo ao contribuinte e o agendamento de senhas no \u00e2mbito das unidades jurisdicionadas da 1\u00aa Regi\u00e3o Fiscal enquanto perdurar o estado de emerg\u00eancia de sa\u00fade p\u00fablica decorrente do novo Coronav\u00edrus (COVID-19) e revoga a Portaria SRRF01 n\u00ba 145, de 18 de mar\u00e7o de 2020.<\/p><\/li><li class=\"TYR86d wXCUfe zfr3Q\" dir=\"ltr\"><p class=\"CDt4Ke zfr3Q\" dir=\"ltr\"><span class=\" aw5Odc\"><a class=\"XqQF9c\" href=\"http:\/\/www.google.com\/url?q=http%3A%2F%2Fwww.planalto.gov.br%2FCCIVIL_03%2FPortaria%2FPRT%2FPortaria-116-20-mapa.htm&amp;sa=D&amp;sntz=1&amp;usg=AOvVaw0k4FQxJRlkyUiVikRcPOvT\" target=\"_blank\" rel=\"noopener\">Portaria n\u00ba 116, de 26.3.2020<\/a><\/span> &#8211; Disp\u00f5e sobre os servi\u00e7os, as atividades e os produtos considerados essenciais pelo Minist\u00e9rio da Agricultura, Pecu\u00e1ria e Abastecimento para o pleno funcionamento das cadeias produtivas de alimentos e bebidas, para assegurar o abastecimento e a seguran\u00e7a alimentar da popula\u00e7\u00e3o brasileira enquanto perdurar o estado de calamidade p\u00fablica decorrente da pandemia da COVID-19.<\/p><\/li><li class=\"TYR86d wXCUfe zfr3Q\" dir=\"ltr\"><p class=\"CDt4Ke zfr3Q\" dir=\"ltr\"><span class=\" aw5Odc\"><a class=\"XqQF9c\" href=\"http:\/\/www.google.com\/url?q=http%3A%2F%2Fwww.planalto.gov.br%2FCCIVIL_03%2FPortaria%2FPRT%2FPortaria%2520568-MS.htm&amp;sa=D&amp;sntz=1&amp;usg=AOvVaw3J-wh0aUaDgJ7MXHMwUi9T\" target=\"_blank\" rel=\"noopener\">Portaria n\u00ba 568, de 26.3.2020<\/a><\/span> &#8211; Autoriza a habilita\u00e7\u00e3o de leitos de Unidade de Terapia Intensiva Adulto e Pedi\u00e1trica para atendimento exclusivo dos pacientes com a COVID-19.<\/p><\/li><li class=\"TYR86d wXCUfe zfr3Q\" dir=\"ltr\"><p class=\"CDt4Ke zfr3Q\" dir=\"ltr\"><span class=\" aw5Odc\"><a class=\"XqQF9c\" href=\"http:\/\/www.google.com\/url?q=http%3A%2F%2Fwww.planalto.gov.br%2FCCIVIL_03%2FPortaria%2FPRT%2FPortaria%2520561-MS.htm&amp;sa=D&amp;sntz=1&amp;usg=AOvVaw3trf-2UtgbwsVUik221N-b\" target=\"_blank\" rel=\"noopener\">Portaria n\u00ba 561, de 26.3.2020<\/a><\/span> &#8211; Autoriza a utiliza\u00e7\u00e3o de leitos de hospitais de pequeno porte (HPP) para cuidados prolongados.<\/p><\/li><li class=\"TYR86d wXCUfe zfr3Q\" dir=\"ltr\"><p class=\"CDt4Ke zfr3Q\" dir=\"ltr\"><span class=\" aw5Odc\"><a class=\"XqQF9c\" href=\"http:\/\/www.google.com\/url?q=http%3A%2F%2Fwww.planalto.gov.br%2FCCIVIL_03%2FPortaria%2FPRT%2FPortaria%252047-CC.htm&amp;sa=D&amp;sntz=1&amp;usg=AOvVaw0jwCivK5EtDYIyfSRQPkgC\" target=\"_blank\" rel=\"noopener\">Portaria n\u00ba 47, de 26.3.2020<\/a><\/span> &#8211; Disp\u00f5e sobre a restri\u00e7\u00e3o excepcional e tempor\u00e1ria de entrada no Pa\u00eds de estrangeiros por transporte aquavi\u00e1rio, conforme recomenda\u00e7\u00e3o da Ag\u00eancia Nacional de Vigil\u00e2ncia Sanit\u00e1ria &#8211; Anvisa.<\/p><\/li><li class=\"TYR86d wXCUfe zfr3Q\" dir=\"ltr\"><p class=\"CDt4Ke zfr3Q\" dir=\"ltr\"><span class=\" aw5Odc\"><a class=\"XqQF9c\" href=\"http:\/\/www.google.com\/url?q=http%3A%2F%2Fwww.planalto.gov.br%2FCCIVIL_03%2FPortaria%2FIN%2FIN28-20-me.htm&amp;sa=D&amp;sntz=1&amp;usg=AOvVaw2Wmg6HBNJYl3IRG2pbtYkg\" target=\"_blank\" rel=\"noopener\">Instru\u00e7\u00e3o Normativa n\u00ba 28, de 25.3.2020<\/a><\/span> &#8211; Estabelece orienta\u00e7\u00f5es aos \u00f3rg\u00e3os e entidades do Sistema de Pessoal Civil da Administra\u00e7\u00e3o P\u00fablica Federal &#8211; SIPEC, quanto \u00e0 autoriza\u00e7\u00e3o para o servi\u00e7o extraordin\u00e1rio, \u00e0 concess\u00e3o do aux\u00edlio-transporte, do adicional noturno e dos adicionais ocupacionais aos servidores e empregados p\u00fablicos que executam suas atividades remotamente ou que estejam afastados de suas atividades presenciais, nos termos da Instru\u00e7\u00e3o Normativa n\u00ba 19, de 12 de mar\u00e7o de 2020, e d\u00e1 outras provid\u00eancias.<\/p><\/li><li class=\"TYR86d wXCUfe zfr3Q\" dir=\"ltr\"><p class=\"CDt4Ke zfr3Q\" dir=\"ltr\"><span class=\" aw5Odc\"><a class=\"XqQF9c\" href=\"http:\/\/www.google.com\/url?q=http%3A%2F%2Fwww.planalto.gov.br%2FCCIVIL_03%2FPortaria%2FPRT%2FPortaria-202-me-serf.htm&amp;sa=D&amp;sntz=1&amp;usg=AOvVaw2_GpIMpPL8YJ8JU31F-uFn\" target=\"_blank\" rel=\"noopener\">Portaria n\u00ba 202, de 25.3.2020<\/a><\/span> &#8211; Estabelece regras para execu\u00e7\u00e3o remota de atividades, manuten\u00e7\u00e3o de atividades essenciais, estabelece regras para o atendimento no \u00e2mbito da 9\u00aa Regi\u00e3o Fiscal, inclusive por meio de endere\u00e7o eletr\u00f4nico, durante o enfrentamento da emerg\u00eancia de sa\u00fade p\u00fablica decorrente do Novo Coronav\u00edrus (COVID-19)<\/p><\/li><li class=\"TYR86d wXCUfe zfr3Q\" dir=\"ltr\"><p class=\"CDt4Ke zfr3Q\" dir=\"ltr\"><span class=\" aw5Odc\"><a class=\"XqQF9c\" href=\"http:\/\/www.google.com\/url?q=http%3A%2F%2Fwww.planalto.gov.br%2FCCIVIL_03%2FPortaria%2FPRT%2FPortaria-157-me-serf.htm&amp;sa=D&amp;sntz=1&amp;usg=AOvVaw2skLRpDRG4nbN-mg2JXOLl\" target=\"_blank\" rel=\"noopener\">Portaria n\u00ba 157, de 25.3.2020<\/a><\/span> &#8211; Estabelece regras para o atendimento no \u00e2mbito das unidades da 2\u00aa Regi\u00e3o Fiscal, inclusive por meio de endere\u00e7o eletr\u00f4nico, durante o estado de emerg\u00eancia de sa\u00fade p\u00fablica decorrente do Novo Coronav\u00edrus (Covid-19).<\/p><\/li><li class=\"TYR86d wXCUfe zfr3Q\" dir=\"ltr\"><p class=\"CDt4Ke zfr3Q\" dir=\"ltr\"><span class=\" aw5Odc\"><a class=\"XqQF9c\" href=\"http:\/\/www.google.com\/url?q=http%3A%2F%2Fwww.planalto.gov.br%2FCCIVIL_03%2FPortaria%2FPRT%2FPortaria-3-pr-agu.htm&amp;sa=D&amp;sntz=1&amp;usg=AOvVaw0weHpXXCw4NauHSeLwlGyV\" target=\"_blank\" rel=\"noopener\">Portaria n\u00ba 3, de 25.3.2020<\/a><\/span> &#8211; Designar os seguintes Advogados da Uni\u00e3o para prestar colabora\u00e7\u00e3o \u00e0 Consultoria Jur\u00eddica junto ao Minist\u00e9rio da Sa\u00fade no tocante \u00e0s atividades de presta\u00e7\u00e3o de subs\u00eddios e de interlocu\u00e7\u00e3o com as \u00e1reas t\u00e9cnicas competentes para atua\u00e7\u00e3o nas demandas judiciais da Procuradoria-Geral da Uni\u00e3o e de seus \u00f3rg\u00e3os de execu\u00e7\u00e3o, no que concerne \u00e0s a\u00e7\u00f5es do Minist\u00e9rio da Sa\u00fade de enfrentamento \u00e0 pandemia do novo coronav\u00edrus Sars- Cov-2, causador da doen\u00e7a Covid-19:<\/p><\/li><li class=\"TYR86d wXCUfe zfr3Q\" dir=\"ltr\"><p class=\"CDt4Ke zfr3Q\" dir=\"ltr\"><span class=\" aw5Odc\"><a class=\"XqQF9c\" href=\"http:\/\/www.google.com\/url?q=http%3A%2F%2Fwww.planalto.gov.br%2FCCIVIL_03%2FPortaria%2FPRT%2FPortaria-8457-me.htm&amp;sa=D&amp;sntz=1&amp;usg=AOvVaw3hjqWSgJUPIXOpZe2sCL7b\" target=\"_blank\" rel=\"noopener\">Portaria n\u00ba 8.457, de 25.3.2020<\/a><\/span> &#8211; Altera a Portaria PGFN n\u00ba 7.280, de 18 de mar\u00e7o de 2020, que estabelece as condi\u00e7\u00f5es para transa\u00e7\u00e3o extraordin\u00e1ria na cobran\u00e7a da d\u00edvida ativa da Uni\u00e3o, em fun\u00e7\u00e3o dos efeitos do coronavirus (COVID-19) na capacidade de gera\u00e7\u00e3o de resultado dos devedores inscritos em DAU.<\/p><\/li><li class=\"TYR86d wXCUfe zfr3Q\" dir=\"ltr\"><p class=\"CDt4Ke zfr3Q\" dir=\"ltr\"><span class=\" aw5Odc\"><a class=\"XqQF9c\" href=\"http:\/\/www.google.com\/url?q=http%3A%2F%2Fwww.planalto.gov.br%2FCCIVIL_03%2FPortaria%2FPRT%2FPortaria-545-20-MS.htm&amp;sa=D&amp;sntz=1&amp;usg=AOvVaw1TCFqCjWkUZoWo82R4KmyL\" target=\"_blank\" rel=\"noopener\">Portaria n\u00ba 545, de 25.3.2020<\/a><\/span> &#8211; Altera a Portaria n\u00ba 488\/GM\/MS, de 23 de mar\u00e7o de 2020, para orientar a aplica\u00e7\u00e3o de recursos oriundos de emendas parlamentares em medidas para enfrentamento da emerg\u00eancia de sa\u00fade p\u00fablica decorrente do Coronav\u00edrus (COVID-19).<\/p><\/li><li class=\"TYR86d wXCUfe zfr3Q\" dir=\"ltr\"><p class=\"CDt4Ke zfr3Q\" dir=\"ltr\"><span class=\" aw5Odc\"><a class=\"XqQF9c\" href=\"http:\/\/www.google.com\/url?q=http%3A%2F%2Fwww.planalto.gov.br%2FCCIVIL_03%2FPortaria%2FPRT%2FPortaria-143-20-MJ.htm&amp;sa=D&amp;sntz=1&amp;usg=AOvVaw265nyD86K5XrQwajcSbmxo\" target=\"_blank\" rel=\"noopener\">Portaria n\u00ba 143, de 25.3.2020<\/a><\/span> &#8211; Disp\u00f5e sobre a possibilidade de reformula\u00e7\u00e3o e revis\u00e3o de planos de aplica\u00e7\u00e3o dos recursos associados aos programas previstos no \u00a7 2\u00ba do art. 3\u00ba A da Lei Complementar n\u00ba 79, de 1994, como medida excepcional para enfrentamento \u00e0 pandemia do coronav\u00edrus (COVID-19) no sistema prisional brasileiro.<\/p><\/li><li class=\"TYR86d wXCUfe zfr3Q\" dir=\"ltr\"><p class=\"CDt4Ke zfr3Q\" dir=\"ltr\"><span class=\" aw5Odc\"><a class=\"XqQF9c\" href=\"http:\/\/www.google.com\/url?q=http%3A%2F%2Fwww.planalto.gov.br%2FCCIVIL_03%2FPortaria%2FPRT%2FPortaria-142-20-MJ.htm&amp;sa=D&amp;sntz=1&amp;usg=AOvVaw2VuPToDWVNzz0ycg980J2d\" target=\"_blank\" rel=\"noopener\">Portaria n\u00ba 142, de 25.3.2020<\/a><\/span> &#8211; Disp\u00f5e sobre a prorroga\u00e7\u00e3o do emprego da For\u00e7a-Tarefa de Interven\u00e7\u00e3o Penitenci\u00e1ria no estado do Par\u00e1.<\/p><\/li><li class=\"TYR86d wXCUfe zfr3Q\" dir=\"ltr\"><p class=\"CDt4Ke zfr3Q\" dir=\"ltr\"><span class=\" aw5Odc\"><a class=\"XqQF9c\" href=\"http:\/\/www.google.com\/url?q=http%3A%2F%2Fwww.planalto.gov.br%2FCCIVIL_03%2FPortaria%2FPRT%2FPortaria%2520n%25C2%25BA%2520117-20-MI.htm&amp;sa=D&amp;sntz=1&amp;usg=AOvVaw2Tv2RKw7MukFBgfn1lAt7J\" target=\"_blank\" rel=\"noopener\">Portaria n\u00ba 117, de 25.3.2020<\/a><\/span> &#8211; Ficam suspensas, pelo prazo de 90 (noventa) dias, em car\u00e1ter tempor\u00e1rio e excepcional, as atividades de fiscaliza\u00e7\u00e3o de peso nas rodovias federais sob a circunscri\u00e7\u00e3o da ANTT.<\/p><\/li><li class=\"TYR86d wXCUfe zfr3Q\" dir=\"ltr\"><p class=\"CDt4Ke zfr3Q\" dir=\"ltr\"><span class=\" aw5Odc\"><a class=\"XqQF9c\" href=\"http:\/\/www.google.com\/url?q=http%3A%2F%2Fwww.planalto.gov.br%2FCCIVIL_03%2FPortaria%2FPRT%2FPortaria-37-20-ME.htm&amp;sa=D&amp;sntz=1&amp;usg=AOvVaw3_hon1ncX0n5et0LNch4m2\" target=\"_blank\" rel=\"noopener\">Portaria n\u00ba 37, de 25.3.2020<\/a><\/span> &#8211; Disciplina os procedimentos emergenciais a serem adotados no despacho de tr\u00e2nsito aduaneiro, enquanto durarem as medidas de enfrentamento ao Coronav\u00edrus &#8211; Covid 19.<\/p><\/li><li class=\"TYR86d wXCUfe zfr3Q\" dir=\"ltr\"><p class=\"CDt4Ke zfr3Q\" dir=\"ltr\"><span class=\" aw5Odc\"><a class=\"XqQF9c\" href=\"http:\/\/www.google.com\/url?q=http%3A%2F%2Fwww.planalto.gov.br%2FCCIVIL_03%2FPortaria%2FRES%2FResolucao%25207648-MI.htm&amp;sa=D&amp;sntz=1&amp;usg=AOvVaw3jrAcSb6zxNPVqNSrb1eWX\" target=\"_blank\" rel=\"noopener\">Resolu\u00e7\u00e3o n\u00ba 7.648, de 25.3.2020<\/a><\/span> &#8211; Organiza\u00e7\u00e3o Mundial da Sa\u00fade &#8211; OMS como Pandemia do novo coronav\u00edrus (COVID-19);<\/p><\/li><li class=\"TYR86d wXCUfe zfr3Q\" dir=\"ltr\"><p class=\"CDt4Ke zfr3Q\" dir=\"ltr\"><span class=\" aw5Odc\"><a class=\"XqQF9c\" href=\"http:\/\/www.google.com\/url?q=http%3A%2F%2Fwww.planalto.gov.br%2FCCIVIL_03%2FPortaria%2FRES%2FRES-23-20-ME-CAMEX.htm&amp;sa=D&amp;sntz=1&amp;usg=AOvVaw32c2e2IwHu1ufrSrDWpE0e\" target=\"_blank\" rel=\"noopener\">Resolu\u00e7\u00e3o n\u00ba 23, de 25.3.2020<\/a><\/span> &#8211; Decide pela suspens\u00e3o, at\u00e9 30 de setembro de 2020, por interesse p\u00fablico, dos direitos antidumping aplicados \u00e0s importa\u00e7\u00f5es brasileiras de seringas descart\u00e1veis de uso geral, de pl\u00e1stico, com capacidade de 1ml, 3ml, 5 ml, 10 ml ou 20 ml, com ou sem agulhas, origin\u00e1rias da China, e \u00e0s importa\u00e7\u00f5es brasileiras de tubos de pl\u00e1stico para coleta de sangue a v\u00e1cuo, origin\u00e1rios da Alemanha, China, Estados Unidos e Reino Unido, tendo por objetivo facilitar o combate \u00e0 pandemia do Corona V\u00edrus \/ Covid-19.<\/p><\/li><li class=\"TYR86d wXCUfe zfr3Q\" dir=\"ltr\"><p class=\"CDt4Ke zfr3Q\" dir=\"ltr\"><span class=\" aw5Odc\"><a class=\"XqQF9c\" href=\"http:\/\/www.google.com\/url?q=http%3A%2F%2Fwww.planalto.gov.br%2FCCIVIL_03%2FPortaria%2FRES%2FRES-22-20-ME-CAMEX.htm&amp;sa=D&amp;sntz=1&amp;usg=AOvVaw2qQLR4-8O9pvca0kLNcaky\" target=\"_blank\" rel=\"noopener\">Resolu\u00e7\u00e3o n\u00ba 22, de 25.3.2020<\/a><\/span> &#8211; Concede redu\u00e7\u00e3o tempor\u00e1ria, para zero porcento, da al\u00edquota do Imposto de Importa\u00e7\u00e3o ao amparo do artigo 50, al\u00ednea d, do Tratado de Montevid\u00e9u de 1980, internalizado pelo Decreto Legislativo n\u00ba 66, de 16 de novembro de 1981, tendo por objetivo facilitar o combate \u00e0 pandemia do Corona V\u00edrus \/ Covid-19.<\/p><\/li><li class=\"TYR86d wXCUfe zfr3Q\" dir=\"ltr\"><p class=\"CDt4Ke zfr3Q\" dir=\"ltr\"><span class=\" aw5Odc\"><a class=\"XqQF9c\" href=\"http:\/\/www.google.com\/url?q=http%3A%2F%2Fwww.planalto.gov.br%2FCCIVIL_03%2FPortaria%2FRES%2FResolucao%252014-PR.htm&amp;sa=D&amp;sntz=1&amp;usg=AOvVaw0XeZG5zOGJlFJPftzow4Tt\" target=\"_blank\" rel=\"noopener\">Resolu\u00e7\u00e3o n\u00ba 14, de 25.3.2020<\/a><\/span> &#8211; Disp\u00f5e sobre a realiza\u00e7\u00e3o de sess\u00f5es da Comiss\u00e3o de \u00c9tica P\u00fablica &#8211; CEP em ambiente virtual e sobre o julgamento de processos em lista.<\/p><\/li><li class=\"TYR86d wXCUfe zfr3Q\" dir=\"ltr\"><p class=\"CDt4Ke zfr3Q\" dir=\"ltr\"><span class=\" aw5Odc\"><a class=\"XqQF9c\" href=\"http:\/\/www.google.com\/url?q=http%3A%2F%2Fwww.planalto.gov.br%2FCCIVIL_03%2FPortaria%2FRES%2FResolucao%25202-MI.htm&amp;sa=D&amp;sntz=1&amp;usg=AOvVaw0i4oxmckhB6vp0VWaHRQTu\" target=\"_blank\" rel=\"noopener\">Resolu\u00e7\u00e3o n\u00ba 2, de 25.3.2020<\/a><\/span> &#8211; Emite orienta\u00e7\u00e3o aos \u00f3rg\u00e3os e entidades p\u00fablicos nos portos organizados e instala\u00e7\u00f5es portu\u00e1rias sobre a atua\u00e7\u00e3o na \u00e1rea de seguran\u00e7a e vigil\u00e2ncia sanit\u00e1ria, em virtude da pandemia de Coronav\u00edrus (COVID-19).<\/p><\/li><li class=\"TYR86d wXCUfe zfr3Q\" dir=\"ltr\"><p class=\"CDt4Ke zfr3Q\" dir=\"ltr\"><span class=\" aw5Odc\"><a class=\"XqQF9c\" href=\"http:\/\/www.google.com\/url?q=http%3A%2F%2Fwww.planalto.gov.br%2FCCIVIL_03%2FPortaria%2FIN%2FIN27-20-me.htm&amp;sa=D&amp;sntz=1&amp;usg=AOvVaw1aZqgr-ZrOKWcz2WvJcylC\" target=\"_blank\" rel=\"noopener\">Instru\u00e7\u00e3o Normativa n\u00ba 27, de 25.3.2020<\/a><\/span> &#8211; Altera a Instru\u00e7\u00e3o Normativa n\u00ba 19, de 12 de mar\u00e7o de 2020, que estabelece orienta\u00e7\u00f5es aos \u00f3rg\u00e3os e entidades do Sistema de Pessoal Civil da Administra\u00e7\u00e3o P\u00fablica Federal &#8211; SIPEC, quanto \u00e0s medidas de prote\u00e7\u00e3o para enfrentamento da emerg\u00eancia de sa\u00fade p\u00fablica de import\u00e2ncia internacional decorrente do coronav\u00edrus (COVID-19).<\/p><\/li><li class=\"TYR86d wXCUfe zfr3Q\" dir=\"ltr\"><p class=\"CDt4Ke zfr3Q\" dir=\"ltr\"><span class=\" aw5Odc\"><a class=\"XqQF9c\" href=\"http:\/\/www.google.com\/url?q=http%3A%2F%2Fwww.planalto.gov.br%2FCCIVIL_03%2FPortaria%2FIN%2FIN12-20-MMA-IBMARNR.htm&amp;sa=D&amp;sntz=1&amp;usg=AOvVaw2nRy2rCrXchRZrk0gyRlhs\" target=\"_blank\" rel=\"noopener\">Instru\u00e7\u00e3o Normativa n\u00ba 12, de 25.3.2020<\/a><\/span> &#8211; Prorroga o prazo regular para a entrega do Relat\u00f3rio Anual de Atividades Potencialmente Poluidoras e Utilizadoras de Recursos Ambientais &#8211; RAPP de 2020 (ano-base 2019).<\/p><\/li><li class=\"TYR86d wXCUfe zfr3Q\" dir=\"ltr\"><p class=\"CDt4Ke zfr3Q\" dir=\"ltr\"><span class=\" aw5Odc\"><a class=\"XqQF9c\" href=\"http:\/\/www.google.com\/url?q=http%3A%2F%2Fwww.planalto.gov.br%2FCCIVIL_03%2F_Ato2019-2022%2F2020%2FDecreto%2FD10292.htm&amp;sa=D&amp;sntz=1&amp;usg=AOvVaw2_4hlSTzzDiIMjB6Q0Zwaj\" target=\"_blank\" rel=\"noopener\">Decreto n\u00ba 10.292, de 25.3.2020<\/a><\/span> &#8211; Altera o Decreto n\u00ba 10.282, de 20 de mar\u00e7o de 2020, que regulamenta a Lei n\u00ba 13.979, de 6 de fevereiro de 2020, para definir os servi\u00e7os p\u00fablicos e as atividades essenciais.<\/p><\/li><li class=\"TYR86d wXCUfe zfr3Q\" dir=\"ltr\"><p class=\"CDt4Ke zfr3Q\" dir=\"ltr\"><span class=\" aw5Odc\"><a class=\"XqQF9c\" href=\"http:\/\/www.google.com\/url?q=http%3A%2F%2Fwww.planalto.gov.br%2FCCIVIL_03%2F_Ato2019-2022%2F2020%2FMpv%2Fmpv929.htm&amp;sa=D&amp;sntz=1&amp;usg=AOvVaw1sZZuo9voI3Tcu0H3emb5W\" target=\"_blank\" rel=\"noopener\">Medida Provis\u00f3ria n\u00ba 929, de 25.3.2020<\/a><\/span> &#8211; Abre cr\u00e9dito extraordin\u00e1rio, em favor dos Minist\u00e9rios da Ci\u00eancia, Tecnologia, Inova\u00e7\u00f5es e Comunica\u00e7\u00f5es, das Rela\u00e7\u00f5es Exteriores, da Defesa e da Cidadania, no valor de R$ 3.419.598.000,00, para os fins que especifica.<\/p><\/li><li class=\"TYR86d wXCUfe zfr3Q\" dir=\"ltr\"><p class=\"CDt4Ke zfr3Q\" dir=\"ltr\"><span class=\" aw5Odc\"><a class=\"XqQF9c\" href=\"http:\/\/www.google.com\/url?q=http%3A%2F%2Fwww.planalto.gov.br%2FCCIVIL_03%2F_Ato2019-2022%2F2020%2FDecreto%2FD10289.htm&amp;sa=D&amp;sntz=1&amp;usg=AOvVaw07JQ_pAi1n1DP11gedpqeS\" target=\"_blank\" rel=\"noopener\">Decreto n\u00ba 10.289 de 24.3.2020<\/a><\/span> &#8211; Altera o Decreto n\u00ba 10.277, de 16 de mar\u00e7o de 2020, para instituir o Centro de Coordena\u00e7\u00e3o de Opera\u00e7\u00f5es, no \u00e2mbito do Comit\u00ea de Crise para Supervis\u00e3o e Monitoramento dos Impactos da Covid19.<\/p><\/li><li class=\"TYR86d wXCUfe zfr3Q\" dir=\"ltr\"><p class=\"CDt4Ke zfr3Q\" dir=\"ltr\"><span class=\" aw5Odc\"><a class=\"XqQF9c\" href=\"http:\/\/www.google.com\/url?q=http%3A%2F%2Fwww.planalto.gov.br%2FCCIVIL_03%2FPortaria%2FRES%2Fres-878-20-mme-anel.htm&amp;sa=D&amp;sntz=1&amp;usg=AOvVaw0Kpj6DxzrCP5lgXVf65hMl\" target=\"_blank\" rel=\"noopener\">Resolu\u00e7\u00e3o n\u00ba 878, de 24.3.2020<\/a><\/span> &#8211; Medidas para preserva\u00e7\u00e3o da presta\u00e7\u00e3o do servi\u00e7o p\u00fablico de distribui\u00e7\u00e3o de energia el\u00e9trica em decorr\u00eancia da calamidade p\u00fablica atinente \u00e0 pandemia de coronav\u00edrus (COVID-19).<\/p><\/li><li class=\"TYR86d wXCUfe zfr3Q\" dir=\"ltr\"><p class=\"CDt4Ke zfr3Q\" dir=\"ltr\"><span class=\" aw5Odc\"><a class=\"XqQF9c\" href=\"http:\/\/www.google.com\/url?q=http%3A%2F%2Fwww.planalto.gov.br%2FCCIVIL_03%2FPortaria%2FRES%2Fres-682-20-cff.htm&amp;sa=D&amp;sntz=1&amp;usg=AOvVaw0_onC6e0ijv1PlzcogjSj8\" target=\"_blank\" rel=\"noopener\">Resolu\u00e7\u00e3o n\u00ba 682, de 24.3.2020<\/a><\/span> &#8211; Revoga &#8220;ad referendum&#8221; do Plen\u00e1rio a Resolu\u00e7\u00e3o\/CFF n\u00ba 681\/2020 e adota procedimentos em decorr\u00eancia do novo Coronav\u00edrus (COVID-19).<\/p><\/li><li class=\"TYR86d wXCUfe zfr3Q\" dir=\"ltr\"><p class=\"CDt4Ke zfr3Q\" dir=\"ltr\"><span class=\" aw5Odc\"><a class=\"XqQF9c\" href=\"http:\/\/www.google.com\/url?q=http%3A%2F%2Fwww.planalto.gov.br%2FCCIVIL_03%2FPortaria%2FRES%2FResolucao%2520n%25C2%25BA%2520633-cff.htm&amp;sa=D&amp;sntz=1&amp;usg=AOvVaw27qEKnWxddS0BupaXgyp4U\" target=\"_blank\" rel=\"noopener\">Resolu\u00e7\u00e3o n\u00ba 633, de 24.3.2020<\/a><\/span> &#8211; Normatiza, &#8220;ad referendum&#8221; do Plen\u00e1rio do Cofen, at\u00e9 ulterior decis\u00e3o, a atua\u00e7\u00e3o dos profissionais de enfermagem no Atendimento Pr\u00e9-hospitalar (APH) m\u00f3vel Terrestre e Aquavi\u00e1rio, quer seja na assist\u00eancia direta e na Central de Regula\u00e7\u00e3o das Urg\u00eancias (CRU).<\/p><\/li><li class=\"TYR86d wXCUfe zfr3Q\" dir=\"ltr\"><p class=\"CDt4Ke zfr3Q\" dir=\"ltr\"><span class=\" aw5Odc\"><a class=\"XqQF9c\" href=\"http:\/\/www.google.com\/url?q=http%3A%2F%2Fwww.planalto.gov.br%2FCCIVIL_03%2FPortaria%2FRES%2FResolucao%252028-MME.htm&amp;sa=D&amp;sntz=1&amp;usg=AOvVaw125Zyt_zTQ4kGEP4_Cz1SK\" target=\"_blank\" rel=\"noopener\">Resolu\u00e7\u00e3o n\u00ba 28, de 24.3.2020<\/a><\/span> &#8211; Estabelece os casos cujos prazos processuais e mat\u00e9rias ser\u00e3o suspensos, com a fixa\u00e7\u00e3o de prazo inicial e final de suspens\u00e3o, bem assim outros procedimentos correlatos.<\/p><\/li><li class=\"TYR86d wXCUfe zfr3Q\" dir=\"ltr\"><p class=\"CDt4Ke zfr3Q\" dir=\"ltr\"><span class=\" aw5Odc\"><a class=\"XqQF9c\" href=\"http:\/\/www.google.com\/url?q=http%3A%2F%2Fwww.planalto.gov.br%2FCCIVIL_03%2FPortaria%2FPRT%2FPortaria%2520n%25C2%25BA%25201245-20-MCTICL.htm&amp;sa=D&amp;sntz=1&amp;usg=AOvVaw01Y5mwCSFv5WXr7ihpDIV4\" target=\"_blank\" rel=\"noopener\">Portaria n\u00ba 1.245, de 24.3.2020<\/a><\/span> &#8211; Define, no \u00e2mbito do Minist\u00e9rio da Ci\u00eancia, Tecnologia, Inova\u00e7\u00f5es e Comunica\u00e7\u00f5es (MCTIC), as prioridades a serem adotadas para enfrentamento do Coronav\u00edrus &#8211; Covid-19.<\/p><\/li><li class=\"TYR86d wXCUfe zfr3Q\" dir=\"ltr\"><p class=\"CDt4Ke zfr3Q\" dir=\"ltr\"><span class=\" aw5Odc\"><a class=\"XqQF9c\" href=\"http:\/\/www.google.com\/url?q=http%3A%2F%2Fwww.planalto.gov.br%2FCCIVIL_03%2FPortaria%2FPRT%2FPortaria%2520n%25C2%25BA%25206310-20-ANEEL.htm&amp;sa=D&amp;sntz=1&amp;usg=AOvVaw3vQShEx0MOZQjoL9CXAvfj\" target=\"_blank\" rel=\"noopener\">Portaria n\u00ba 6.310, de 24.3.2020<\/a><\/span> &#8211; Estabelecer as medidas para atendimento aos prazos processuais em decorr\u00eancia da calamidade p\u00fablica atinente \u00e0 pandemia de coronav\u00edrus (COVID-19).<\/p><\/li><li class=\"TYR86d wXCUfe zfr3Q\" dir=\"ltr\"><p class=\"CDt4Ke zfr3Q\" dir=\"ltr\"><span class=\" aw5Odc\"><a class=\"XqQF9c\" href=\"http:\/\/www.google.com\/url?q=http%3A%2F%2Fwww.planalto.gov.br%2FCCIVIL_03%2FPortaria%2FPRT%2FPortaria%2520n%25C2%25BA%2520402-20-md-gc3.htm&amp;sa=D&amp;sntz=1&amp;usg=AOvVaw2ufyff89CmrvxPpwT2tNZ7\" target=\"_blank\" rel=\"noopener\">Portaria n\u00ba 402, de 24.3.2020<\/a><\/span> &#8211; Disp\u00f5e sobre a regulamenta\u00e7\u00e3o e operacionaliza\u00e7\u00e3o do disposto no Decreto n\u00ba 10.284, de 20 de mar\u00e7o de 2020, que estabelece a dila\u00e7\u00e3o do prazo de vencimento das Tarifas de Navega\u00e7\u00e3o A\u00e9rea, durante o per\u00edodo de enfrentamento da pandemia da COVID-19.<\/p><\/li><li class=\"TYR86d wXCUfe zfr3Q\" dir=\"ltr\"><p class=\"CDt4Ke zfr3Q\" dir=\"ltr\"><span class=\" aw5Odc\"><a class=\"XqQF9c\" href=\"http:\/\/www.google.com\/url?q=http%3A%2F%2Fwww.planalto.gov.br%2FCCIVIL_03%2FPortaria%2FPRT%2FPortaria%2520n%25C2%25BA%2520337-20-mcidadania.htm&amp;sa=D&amp;sntz=1&amp;usg=AOvVaw3qY7VRtoBFdRSZ6EpmAEN0\" target=\"_blank\" rel=\"noopener\">Portaria n\u00ba 337, de 24.3.2020<\/a><\/span> &#8211; Disp\u00f5e acerca de medidas para o enfrentamento da emerg\u00eancia de sa\u00fade p\u00fablica de import\u00e2ncia internacional decorrente do coronav\u00edrus, COVID-19, no \u00e2mbito do Sistema \u00danico de Assist\u00eancia Social.<\/p><\/li><li class=\"TYR86d wXCUfe zfr3Q\" dir=\"ltr\"><p class=\"CDt4Ke zfr3Q\" dir=\"ltr\"><span class=\" aw5Odc\"><a class=\"XqQF9c\" href=\"http:\/\/www.google.com\/url?q=http%3A%2F%2Fwww.planalto.gov.br%2FCCIVIL_03%2FPortaria%2FPRT%2FPortaria%2520245-MS.htm&amp;sa=D&amp;sntz=1&amp;usg=AOvVaw3y5f-CJP0hlDGWfne_BL-R\" target=\"_blank\" rel=\"noopener\">Portaria n\u00ba 245, de 24.3.2020<\/a><\/span> &#8211; Inclui procedimento na Tabela de Procedimentos, Medicamentos, \u00d3rteses, Pr\u00f3teses e Materiais Especiais (OPM) do Sistema \u00danico de Sa\u00fade (SUS), para atendimento exclusivo de pacientes com diagn\u00f3stico de infec\u00e7\u00e3o pelo COVID-19<\/p><\/li><li class=\"TYR86d wXCUfe zfr3Q\" dir=\"ltr\"><p class=\"CDt4Ke zfr3Q\" dir=\"ltr\"><span class=\" aw5Odc\"><a class=\"XqQF9c\" href=\"http:\/\/www.google.com\/url?q=http%3A%2F%2Fwww.planalto.gov.br%2FCCIVIL_03%2FPortaria%2FPRT%2FPortaria-194-20-ME.htm&amp;sa=D&amp;sntz=1&amp;usg=AOvVaw1UIsLHq0Ss_P0VUG5xvOVy\" target=\"_blank\" rel=\"noopener\">Portaria n\u00ba 194, de 24.3.2020<\/a><\/span> &#8211; Disp\u00f5e em car\u00e1ter excepcional e tempor\u00e1rio sobre o atendimento no \u00e2mbito das unidades da Secretaria Especial da Receita Federal do Brasil na 4\u00aa Regi\u00e3o Fiscal em face do estado de emerg\u00eancia de sa\u00fade p\u00fablica de import\u00e2ncia internacional decorrente do coronav\u00edrus (COVID-19).<\/p><\/li><li class=\"TYR86d wXCUfe zfr3Q\" dir=\"ltr\"><p class=\"CDt4Ke zfr3Q\" dir=\"ltr\"><span class=\" aw5Odc\"><a class=\"XqQF9c\" href=\"http:\/\/www.google.com\/url?q=http%3A%2F%2Fwww.planalto.gov.br%2FCCIVIL_03%2FPortaria%2FPRT%2FPortaria%2520n%25C2%25BA%2520105-20-ME-INMQT.htm&amp;sa=D&amp;sntz=1&amp;usg=AOvVaw0IWjr2QAZzrkEbMuJE516g\" target=\"_blank\" rel=\"noopener\">Portaria n\u00ba 105, de 24.3.2020<\/a><\/span> &#8211; Suspende os prazos para apresenta\u00e7\u00e3o de defesa e interposi\u00e7\u00e3o de recurso nos processos administrativos de apura\u00e7\u00e3o de infra\u00e7\u00e3o administrativa instaurados por descumprimento a deveres institu\u00eddos pela Lei n\u00ba 9.933\/1999.<\/p><\/li><li class=\"TYR86d wXCUfe zfr3Q\" dir=\"ltr\"><p class=\"CDt4Ke zfr3Q\" dir=\"ltr\"><span class=\" aw5Odc\"><a class=\"XqQF9c\" href=\"http:\/\/www.google.com\/url?q=http%3A%2F%2Fwww.planalto.gov.br%2FCCIVIL_03%2FPortaria%2FPRT%2FPortaria%2520n%25C2%25BA%252086-20-md-dgn-dpc.htm&amp;sa=D&amp;sntz=1&amp;usg=AOvVaw0gzCXFmYsR4mtgWFU84j9z\" target=\"_blank\" rel=\"noopener\">Portaria n\u00ba 86, de 24.3.2020<\/a><\/span> &#8211; Prorroga\u00e7\u00e3o da validade de documentos de propriedade e regularidade de embarca\u00e7\u00f5es e plataformas e outros documentos emitidos pelas Capitanias dos Portos e suas organiza\u00e7\u00f5es subordinadas.<\/p><\/li><li class=\"TYR86d wXCUfe zfr3Q\" dir=\"ltr\"><p class=\"CDt4Ke zfr3Q\" dir=\"ltr\"><span class=\" aw5Odc\"><a class=\"XqQF9c\" href=\"http:\/\/www.google.com\/url?q=http%3A%2F%2Fwww.planalto.gov.br%2FCCIVIL_03%2FPortaria%2FPRT%2FPortaria-84-20-MPU.htm&amp;sa=D&amp;sntz=1&amp;usg=AOvVaw1rC2tX4upCEqIce_4JhDpg\" target=\"_blank\" rel=\"noopener\">Portaria n\u00ba 84, de 24.3.2020<\/a><\/span> &#8211; Designa os membros focalizadores do Minist\u00e9rio P\u00fablico do Trabalho nos Estados para intera\u00e7\u00e3o com os membros focalizadores do Gabinete Integrado de Acompanhamento \u00e0 Epidemia do Coronav\u00edrus-19 &#8211; GIAC-COVID19 (Portaria PGR\/MPU N\u00ba 59, de 16 de mar\u00e7o de 2020);<\/p><\/li><li class=\"TYR86d wXCUfe zfr3Q\" dir=\"ltr\"><p class=\"CDt4Ke zfr3Q\" dir=\"ltr\"><span class=\" aw5Odc\"><a class=\"XqQF9c\" href=\"http:\/\/www.google.com\/url?q=http%3A%2F%2Fwww.planalto.gov.br%2FCCIVIL_03%2FPortaria%2FPRT%2FPortaria%2520n%25C2%25BA%252067-20-md-de.htm&amp;sa=D&amp;sntz=1&amp;usg=AOvVaw2O65l7xXJ7Vdkou_XHZi4B\" target=\"_blank\" rel=\"noopener\">Portaria n\u00ba 67, de 24.3.2020<\/a><\/span> &#8211; Suspende o Exame de Admiss\u00e3o ao Est\u00e1gio de Instru\u00e7\u00e3o e Adapta\u00e7\u00e3o para Capel\u00e3es da Aeron\u00e1utica do ano de 2021 (EA EIAC 2021).<\/p><\/li><li class=\"TYR86d wXCUfe zfr3Q\" dir=\"ltr\"><p class=\"CDt4Ke zfr3Q\" dir=\"ltr\"><span class=\" aw5Odc\"><a class=\"XqQF9c\" href=\"http:\/\/www.google.com\/url?q=http%3A%2F%2Fwww.planalto.gov.br%2FCCIVIL_03%2FPortaria%2FPRT%2FPortaria%2520n%25C2%25BA%252066-20-md-de.htm&amp;sa=D&amp;sntz=1&amp;usg=AOvVaw2NG5M7DrTQuvlr8xGhPYt9\" target=\"_blank\" rel=\"noopener\">Portaria n\u00ba 66, de 24.3.2020<\/a><\/span> &#8211; Suspende o Exame de Admiss\u00e3o ao Est\u00e1gio de Adapta\u00e7\u00e3o de Oficiais de Apoio da Aeron\u00e1utica do ano de 2021 (EA EAOAP 2021).<\/p><\/li><li class=\"TYR86d wXCUfe zfr3Q\" dir=\"ltr\"><p class=\"CDt4Ke zfr3Q\" dir=\"ltr\"><span class=\" aw5Odc\"><a class=\"XqQF9c\" href=\"http:\/\/www.google.com\/url?q=http%3A%2F%2Fwww.planalto.gov.br%2FCCIVIL_03%2FPortaria%2FPRT%2FPortaria%2520n%25C2%25BA%252065-20-md-de.htm&amp;sa=D&amp;sntz=1&amp;usg=AOvVaw0SkQoYOCTM2YR6leL7lQLC\" target=\"_blank\" rel=\"noopener\">Portaria n\u00ba 65, de 24.3.2020<\/a><\/span> &#8211; Suspende o Exame de Admiss\u00e3o ao Est\u00e1gio de Adapta\u00e7\u00e3o de Oficiais Engenheiros da Aeron\u00e1utica do ano de 2021 (EA EAOEAR 2021).<\/p><\/li><li class=\"TYR86d wXCUfe zfr3Q\" dir=\"ltr\"><p class=\"CDt4Ke zfr3Q\" dir=\"ltr\"><span class=\" aw5Odc\"><a class=\"XqQF9c\" href=\"http:\/\/www.google.com\/url?q=http%3A%2F%2Fwww.planalto.gov.br%2FCCIVIL_03%2FPortaria%2FPRT%2FPortaria%2520n%25C2%25BA%252064-20-md-de.htm&amp;sa=D&amp;sntz=1&amp;usg=AOvVaw0DZY-8UDtYLgRQNmv9r8w1\" target=\"_blank\" rel=\"noopener\">Portaria n\u00ba 64, de 24.3.2020<\/a><\/span> &#8211; Suspende o Exame de Admiss\u00e3o ao Curso de Adapta\u00e7\u00e3o de Farmac\u00eauticos da Aeron\u00e1utica do ano de 2021 (EA CAFAR 2021).<\/p><\/li><li class=\"TYR86d wXCUfe zfr3Q\" dir=\"ltr\"><p class=\"CDt4Ke zfr3Q\" dir=\"ltr\"><span class=\" aw5Odc\"><a class=\"XqQF9c\" href=\"http:\/\/www.google.com\/url?q=http%3A%2F%2Fwww.planalto.gov.br%2FCCIVIL_03%2FPortaria%2FPRT%2FPortaria%2520n%25C2%25BA%252063-20-md-de.htm&amp;sa=D&amp;sntz=1&amp;usg=AOvVaw3a_BKOuqOXLfFakkmHEusn\" target=\"_blank\" rel=\"noopener\">Portaria n\u00ba 63, de 24.3.2020<\/a><\/span> &#8211; Suspende o Exame de Admiss\u00e3o ao Curso Preparat\u00f3rio de Cadetes do Ar do ano de 2021 (EA CPCAR 2021).<\/p><\/li><li class=\"TYR86d wXCUfe zfr3Q\" dir=\"ltr\"><p class=\"CDt4Ke zfr3Q\" dir=\"ltr\"><span class=\" aw5Odc\"><a class=\"XqQF9c\" href=\"http:\/\/www.google.com\/url?q=http%3A%2F%2Fwww.planalto.gov.br%2FCCIVIL_03%2FPortaria%2FPRT%2FPortaria%2520n%25C2%25BA%252062-20-md-de.htm&amp;sa=D&amp;sntz=1&amp;usg=AOvVaw2Ps8-K3TYPJQIRBBmF4W7y\" target=\"_blank\" rel=\"noopener\">Portaria n\u00ba 62, de 24.3.2020<\/a><\/span> &#8211; Suspende o Exame de Admiss\u00e3o ao Curso de Forma\u00e7\u00e3o de Oficiais Aviadores do ano de 2021 (EA CFOAV 2021).<\/p><\/li><li class=\"TYR86d wXCUfe zfr3Q\" dir=\"ltr\"><p class=\"CDt4Ke zfr3Q\" dir=\"ltr\"><span class=\" aw5Odc\"><a class=\"XqQF9c\" href=\"http:\/\/www.google.com\/url?q=http%3A%2F%2Fwww.planalto.gov.br%2FCCIVIL_03%2FPortaria%2FPRT%2FPortaria%2520n%25C2%25BA%252061-20-md-de.htm&amp;sa=D&amp;sntz=1&amp;usg=AOvVaw3qCi5-s-utKl7IkKdo9hLO\" target=\"_blank\" rel=\"noopener\">Portaria n\u00ba 61, de 24.3.2020<\/a><\/span> &#8211; Suspende o Exame de Admiss\u00e3o ao Curso de Adapta\u00e7\u00e3o de M\u00e9dicos da Aeron\u00e1utica do ano de 2021 (EA CAMAR 2021).<\/p><\/li><li class=\"TYR86d wXCUfe zfr3Q\" dir=\"ltr\"><p class=\"CDt4Ke zfr3Q\" dir=\"ltr\"><span class=\" aw5Odc\"><a class=\"XqQF9c\" href=\"http:\/\/www.google.com\/url?q=http%3A%2F%2Fwww.planalto.gov.br%2FCCIVIL_03%2FPortaria%2FPRT%2FPortaria%2520n%25C2%25BA%252060-20-md-de.htm&amp;sa=D&amp;sntz=1&amp;usg=AOvVaw19vJN_1v5Pd6Lvok1OscZX\" target=\"_blank\" rel=\"noopener\">Portaria n\u00ba 60, de 24.3.2020<\/a><\/span> &#8211; Suspende o Exame de Admiss\u00e3o ao Curso de Forma\u00e7\u00e3o de Oficiais Intendentes do ano de 2021 (EA CFOINT 2021).<\/p><\/li><li class=\"TYR86d wXCUfe zfr3Q\" dir=\"ltr\"><p class=\"CDt4Ke zfr3Q\" dir=\"ltr\"><span class=\" aw5Odc\"><a class=\"XqQF9c\" href=\"http:\/\/www.google.com\/url?q=http%3A%2F%2Fwww.planalto.gov.br%2FCCIVIL_03%2FPortaria%2FPRT%2FPortaria%2520n%25C2%25BA%252059-20-md-de.htm&amp;sa=D&amp;sntz=1&amp;usg=AOvVaw064tWK8AreFaKFrx9g3y8X\" target=\"_blank\" rel=\"noopener\">Portaria n\u00ba 59, de 24.3.2020<\/a><\/span> &#8211; Suspende o Exame de Admiss\u00e3o ao Curso de Forma\u00e7\u00e3o de Oficiais de Infantaria da Aeron\u00e1utica do ano de 2021 (EA CFOINF 2021).<\/p><\/li><li class=\"TYR86d wXCUfe zfr3Q\" dir=\"ltr\"><p class=\"CDt4Ke zfr3Q\" dir=\"ltr\"><span class=\" aw5Odc\"><a class=\"XqQF9c\" href=\"http:\/\/www.google.com\/url?q=http%3A%2F%2Fwww.planalto.gov.br%2FCCIVIL_03%2FPortaria%2FPRT%2FPortaria%2520n%25C2%25BA%252057-20-md-de.htm&amp;sa=D&amp;sntz=1&amp;usg=AOvVaw3DhHET9XSHzcWW1suxbHej\" target=\"_blank\" rel=\"noopener\">Portaria n\u00ba 57, de 24.3.2020<\/a><\/span> &#8211; Suspende o Exame de Admiss\u00e3o ao Curso de Adapta\u00e7\u00e3o de Dentistas da Aeron\u00e1utica do ano de 2021 (EA CADAR 2021).<\/p><\/li><li class=\"TYR86d wXCUfe zfr3Q\" dir=\"ltr\"><p class=\"CDt4Ke zfr3Q\" dir=\"ltr\"><span class=\" aw5Odc\"><a class=\"XqQF9c\" href=\"http:\/\/www.google.com\/url?q=http%3A%2F%2Fwww.planalto.gov.br%2FCCIVIL_03%2FPortaria%2FPRT%2FPortaria%2520n%25C2%25BA%252056-20-md-de.htm&amp;sa=D&amp;sntz=1&amp;usg=AOvVaw3ud52VjsAd4V1ta5hvWxbn\" target=\"_blank\" rel=\"noopener\">Portaria n\u00ba 56, de 24.3.2020<\/a><\/span> &#8211; Suspende o Exame de Admiss\u00e3o ao Est\u00e1gio de Adapta\u00e7\u00e3o \u00e0 Gradua\u00e7\u00e3o de Sargento da Aeron\u00e1utica do ano de 2021 (EA EAGS 2021).<\/p><\/li><li class=\"TYR86d wXCUfe zfr3Q\" dir=\"ltr\"><p class=\"CDt4Ke zfr3Q\" dir=\"ltr\"><span class=\" aw5Odc\"><a class=\"XqQF9c\" href=\"http:\/\/www.google.com\/url?q=http%3A%2F%2Fwww.planalto.gov.br%2FCCIVIL_03%2FPortaria%2FPRT%2FPortaria%2520n%25C2%25BA%252055-20-md-de.htm&amp;sa=D&amp;sntz=1&amp;usg=AOvVaw2D0_uPQHv9gQRB3G0EjmTZ\" target=\"_blank\" rel=\"noopener\">Portaria n\u00ba 55, de 24.3.2020<\/a><\/span> &#8211; Suspende o Exame de Admiss\u00e3o ao Curso de Forma\u00e7\u00e3o de Sargentos da Aeron\u00e1utica para o Primeiro Semestre do ano de 2021 (EA CFS 1\/2021).<\/p><\/li><li class=\"TYR86d wXCUfe zfr3Q\" dir=\"ltr\"><p class=\"CDt4Ke zfr3Q\" dir=\"ltr\"><span class=\" aw5Odc\"><a class=\"XqQF9c\" href=\"http:\/\/www.google.com\/url?q=http%3A%2F%2Fwww.planalto.gov.br%2FCCIVIL_03%2FPortaria%2FPRT%2FPortaria%2520n%25C2%25BA%252050-20-me-serf.htm&amp;sa=D&amp;sntz=1&amp;usg=AOvVaw2zZDj_f9vbayFzRqw3B-CF\" target=\"_blank\" rel=\"noopener\">Portaria n\u00ba 50, de 24.3.2020<\/a><\/span> &#8211; Disciplina o atendimento presencial emergencial na unidade de atendimento ARF\/Mogi das Cruzes, jurisdicionada a esta Delegacia da Receita Federal do Brasil em S\u00e3o Jos\u00e9 dos Campos\/SP.<\/p><\/li><li class=\"TYR86d wXCUfe zfr3Q\" dir=\"ltr\"><p class=\"CDt4Ke zfr3Q\" dir=\"ltr\"><span class=\" aw5Odc\"><a class=\"XqQF9c\" href=\"http:\/\/www.google.com\/url?q=http%3A%2F%2Fwww.planalto.gov.br%2FCCIVIL_03%2FPortaria%2FPRT%2FPortaria%2520n%25C2%25BA%252040-20-me-serf.htm&amp;sa=D&amp;sntz=1&amp;usg=AOvVaw0btObxN6JGj-ms-6xPEMGV\" target=\"_blank\" rel=\"noopener\">Portaria n\u00ba 40, de 24.3.2020<\/a><\/span> &#8211; Disciplina excepcionalmente o atendimento ao contribuinte e o agendamento de senhas no \u00e2mbito do Centro de Atendimento ao Contribuinte (CAC) da Receita Federal do Brasil em Goi\u00e2nia-GO, para o enfrentamento da emerg\u00eancia de sa\u00fade p\u00fablica de import\u00e2ncia internacional decorrente do coronav\u00edrus (COVID &#8211; 19).<\/p><\/li><li class=\"TYR86d wXCUfe zfr3Q\" dir=\"ltr\"><p class=\"CDt4Ke zfr3Q\" dir=\"ltr\"><span class=\" aw5Odc\"><a class=\"XqQF9c\" href=\"http:\/\/www.google.com\/url?q=http%3A%2F%2Fwww.planalto.gov.br%2FCCIVIL_03%2FPortaria%2FPRT%2FPortaria%2520n%25C2%25BA%252036-me-serf.htm&amp;sa=D&amp;sntz=1&amp;usg=AOvVaw1Ky_JkP2ZiLPUFXuyHipJB\" target=\"_blank\" rel=\"noopener\">Portaria n\u00ba 36, de 24.3.2020<\/a><\/span> &#8211; Autoriza o registro de Declara\u00e7\u00e3o de Importa\u00e7\u00e3o, antes da descarga da mercadoria, nos recintos jurisdicionados por esta Alf\u00e2ndega, para mercadorias listadas no anexo II da Instru\u00e7\u00e3o Normativa SRF n\u00ba 680, de 2 de outubro de 2006, enquanto durarem as medidas de enfrentamento ao Coronav\u00edrus &#8211; Covid 19.<\/p><\/li><li class=\"TYR86d wXCUfe zfr3Q\" dir=\"ltr\"><p class=\"CDt4Ke zfr3Q\" dir=\"ltr\"><span class=\" aw5Odc\"><a class=\"XqQF9c\" href=\"http:\/\/www.google.com\/url?q=http%3A%2F%2Fwww.planalto.gov.br%2FCCIVIL_03%2FPortaria%2FPRT%2FPortaria%2520n%25C2%25BA%252024-mapa-safc.htm&amp;sa=D&amp;sntz=1&amp;usg=AOvVaw0oPW30kNFh5S8xSq48Mq4Y\" target=\"_blank\" rel=\"noopener\">Portaria n\u00ba 24, de 24.3.2020<\/a><\/span> &#8211; Prorroga o prazo de validade da Declara\u00e7\u00e3o de Aptid\u00e3o ao Pronaf (DAP), na calamidade p\u00fablica, reconhecida pelo Decreto Legislativo n\u00ba 6, de 20 de mar\u00e7o de 2020, do Congresso Nacional, decorrente da pandemia causada pelo v\u00edrus Covid-19.<\/p><\/li><li class=\"TYR86d wXCUfe zfr3Q\" dir=\"ltr\"><p class=\"CDt4Ke zfr3Q\" dir=\"ltr\"><span class=\" aw5Odc\"><a class=\"XqQF9c\" href=\"http:\/\/www.google.com\/url?q=http%3A%2F%2Fwww.planalto.gov.br%2FCCIVIL_03%2FPortaria%2FPRT%2FPortaria-gaic-covid-%252001-20-MPU.htm&amp;sa=D&amp;sntz=1&amp;usg=AOvVaw3jG9HEP-IQbu0f09ZVBETS\" target=\"_blank\" rel=\"noopener\">Portaria n\u00ba 01, de 24.3.2020<\/a><\/span> &#8211; Designa\u00e7\u00e3o de membros focalizadores tem o prop\u00f3sito de criar pontos de contato entre os membros de diferentes ramos, n\u00edveis e atribui\u00e7\u00f5es, sem preju\u00edzo da independ\u00eancia funcional e das atividades final\u00edsticas de cada um deles.<\/p><\/li><li class=\"TYR86d wXCUfe zfr3Q\" dir=\"ltr\"><p class=\"CDt4Ke zfr3Q\" dir=\"ltr\"><span class=\" aw5Odc\"><a class=\"XqQF9c\" href=\"http:\/\/www.google.com\/url?q=http%3A%2F%2Fwww.planalto.gov.br%2FCCIVIL_03%2FPortaria%2FRES%2Fres-7644-20-minfra-antaq.htm&amp;sa=D&amp;sntz=1&amp;usg=AOvVaw1oKdc3_TSVQJ8a7b0w33rO\" target=\"_blank\" rel=\"noopener\">Resolu\u00e7\u00e3o n\u00ba 7.644, de 23.3.2020<\/a><\/span> &#8211; Estabelecimento de orienta\u00e7\u00f5es acerca da manuten\u00e7\u00e3o do funcionamento das embarca\u00e7\u00f5es e das instala\u00e7\u00f5es portu\u00e1rias reguladas pela Ag\u00eancia Nacional de Transportes Aquavi\u00e1rios &#8211; ANTAQ durante o enfrentamento da emerg\u00eancia de sa\u00fade p\u00fablica de import\u00e2ncia internacional decorrente do coronav\u00edrus respons\u00e1vel pelo surto de 2019.<\/p><\/li><li class=\"TYR86d wXCUfe zfr3Q\" dir=\"ltr\"><p class=\"CDt4Ke zfr3Q\" dir=\"ltr\"><span class=\" aw5Odc\"><a class=\"XqQF9c\" href=\"http:\/\/www.google.com\/url?q=http%3A%2F%2Fwww.planalto.gov.br%2FCCIVIL_03%2FPortaria%2FRES%2Fres-7636-20-minfra-antaq.htm&amp;sa=D&amp;sntz=1&amp;usg=AOvVaw2aKmKjU7xSNZu956gH8EBe\" target=\"_blank\" rel=\"noopener\">Resolu\u00e7\u00e3o n\u00ba 7.636, de 23.3.2020<\/a><\/span> &#8211; Estabelecer medidas em resposta \u00e0 emerg\u00eancia de sa\u00fade p\u00fablica no \u00e2mbito do transporte aquavi\u00e1rio de passageiros e nas instala\u00e7\u00f5es portu\u00e1rias em raz\u00e3o da epidemia do coronav\u00edrus (COVID-19).<\/p><\/li><li class=\"TYR86d wXCUfe zfr3Q\" dir=\"ltr\"><p class=\"CDt4Ke zfr3Q\" dir=\"ltr\"><span class=\" aw5Odc\"><a class=\"XqQF9c\" href=\"http:\/\/www.google.com\/url?q=http%3A%2F%2Fwww.planalto.gov.br%2FCCIVIL_03%2FPortaria%2FRES%2Fres-940-20-cfessl.htm&amp;sa=D&amp;sntz=1&amp;usg=AOvVaw3rhhn_IOOvfFYU1qB8r3t5\" target=\"_blank\" rel=\"noopener\">Resolu\u00e7\u00e3o n\u00ba 940, de 23.3.2020<\/a><\/span> &#8211; Disp\u00f5e sobre a suspens\u00e3o dos prazos processuais e da prescri\u00e7\u00e3o quinquenal e intercorrente no \u00e2mbito do Conselho Federal de Servi\u00e7o Social\/ Cfess e dos Conselhos Regionais de Servi\u00e7o Social e a suspens\u00e3o dos atos processuais que envolvam contato presencial.<\/p><\/li><li class=\"TYR86d wXCUfe zfr3Q\" dir=\"ltr\"><p class=\"CDt4Ke zfr3Q\" dir=\"ltr\"><span class=\" aw5Odc\"><a class=\"XqQF9c\" href=\"http:\/\/www.google.com\/url?q=http%3A%2F%2Fwww.planalto.gov.br%2FCCIVIL_03%2F_Ato2019-2022%2F2020%2FMpv%2Fmpv928.htm&amp;sa=D&amp;sntz=1&amp;usg=AOvVaw228BuLxl_QGHEVsUrbReyd\" target=\"_blank\" rel=\"noopener\">Medida Provis\u00f3ria n\u00ba 928, de 23.3.2020<\/a><\/span> &#8211; Altera a Lei n\u00ba 13.979, de 6 de fevereiro de 2020, que disp\u00f5e sobre as medidas para enfrentamento da emerg\u00eancia de sa\u00fade p\u00fablica de import\u00e2ncia internacional decorrente do coronav\u00edrus respons\u00e1vel pelo surto de 2019, e revoga o art. 18 da Medida Provis\u00f3ria n\u00ba 927, de 22 de mar\u00e7o de 2020.<\/p><\/li><li class=\"TYR86d wXCUfe zfr3Q\" dir=\"ltr\"><p class=\"CDt4Ke zfr3Q\" dir=\"ltr\"><span class=\" aw5Odc\"><a class=\"XqQF9c\" href=\"http:\/\/www.google.com\/url?q=http%3A%2F%2Fwww.planalto.gov.br%2FCCIVIL_03%2FPortaria%2FRES%2Fres-812-20-mme-anp.htm&amp;sa=D&amp;sntz=1&amp;usg=AOvVaw1f4giOVirXkXsSFyZSyyIE\" target=\"_blank\" rel=\"noopener\">Resolu\u00e7\u00e3o n\u00ba 812, de 23.3.2020<\/a><\/span> &#8211; Define procedimentos a serem adotados pelos agentes regulados pela ANP, enquanto durarem as medidas tempor\u00e1rias de enfrentamento da emerg\u00eancia de sa\u00fade p\u00fablica de import\u00e2ncia internacional decorrente do Coronav\u00edrus (Covid-19) estabelecidas pelos Estados e Munic\u00edpios da Federa\u00e7\u00e3o.<\/p><\/li><li class=\"TYR86d wXCUfe zfr3Q\" dir=\"ltr\"><p class=\"CDt4Ke zfr3Q\" dir=\"ltr\"><span class=\" aw5Odc\"><a class=\"XqQF9c\" href=\"http:\/\/www.google.com\/url?q=http%3A%2F%2Fwww.planalto.gov.br%2FCCIVIL_03%2FPortaria%2FRES%2Fres-579-20-cfa.htm&amp;sa=D&amp;sntz=1&amp;usg=AOvVaw06sUyjfxiHitVdPiVVLFW0\" target=\"_blank\" rel=\"noopener\">Resolu\u00e7\u00e3o n\u00ba 579, de 23.3.2020<\/a><\/span> &#8211; Disp\u00f5e sobre a prorroga\u00e7\u00e3o do vencimento das anuidades do exerc\u00edcio de 2020, e d\u00e1 outras provid\u00eancias.<\/p><\/li><li class=\"TYR86d wXCUfe zfr3Q\" dir=\"ltr\"><p class=\"CDt4Ke zfr3Q\" dir=\"ltr\"><span class=\" aw5Odc\"><a class=\"XqQF9c\" href=\"http:\/\/www.google.com\/url?q=http%3A%2F%2Fwww.planalto.gov.br%2FCCIVIL_03%2FPortaria%2FPRT%2FPortaria%2520n%25C2%25BA%2520555-20-me-serf.htm&amp;sa=D&amp;sntz=1&amp;usg=AOvVaw07PrVBq39UExk_dXvVE7kv\" target=\"_blank\" rel=\"noopener\">Portaria n\u00ba 555, de 23.3.2020<\/a><\/span> &#8211; Disp\u00f5e sobre a prorroga\u00e7\u00e3o do prazo de validade das Certid\u00f5es Negativas de D\u00e9bitos relativos a Cr\u00e9ditos Tribut\u00e1rios Federais e \u00e0 D\u00edvida Ativa da Uni\u00e3o (CND) e Certid\u00f5es Positivas com Efeitos de Negativas de D\u00e9bitos relativos a Cr\u00e9ditos Tribut\u00e1rios Federais e \u00e0 D\u00edvida Ativa da Uni\u00e3o (CPEND), em decorr\u00eancia da pandemia relacionada ao coronav\u00edrus (COVID-19).<\/p><\/li><li class=\"TYR86d wXCUfe zfr3Q\" dir=\"ltr\"><p class=\"CDt4Ke zfr3Q\" dir=\"ltr\"><span class=\" aw5Odc\"><a class=\"XqQF9c\" href=\"http:\/\/www.google.com\/url?q=http%3A%2F%2Fwww.planalto.gov.br%2FCCIVIL_03%2FPortaria%2FPRT%2FPortaria%2520n%25C2%25BA%2520492-20-MS.htm&amp;sa=D&amp;sntz=1&amp;usg=AOvVaw3d43ytOo3BFO9-2eEUQhPQ\" target=\"_blank\" rel=\"noopener\">Portaria n\u00ba 492, de 23.3.2020<\/a><\/span> &#8211; Institui a A\u00e7\u00e3o Estrat\u00e9gica &#8220;O Brasil Conta Comigo&#8221;, voltada aos alunos dos cursos da \u00e1rea de sa\u00fade, para o enfrentamento \u00e0 pandemia do coronav\u00edrus (COVID-19).<\/p><\/li><li class=\"TYR86d wXCUfe zfr3Q\" dir=\"ltr\"><p class=\"CDt4Ke zfr3Q\" dir=\"ltr\"><span class=\" aw5Odc\"><a class=\"XqQF9c\" href=\"http:\/\/www.google.com\/url?q=http%3A%2F%2Fwww.planalto.gov.br%2FCCIVIL_03%2FPortaria%2FPRT%2FPortaria-488-MS.htm&amp;sa=D&amp;sntz=1&amp;usg=AOvVaw1IqaWjJZKrTn2-RdKP4K5q\" target=\"_blank\" rel=\"noopener\">Portaria n\u00ba 488, de 23.3.2020<\/a><\/span> &#8211; Disp\u00f5e sobre a aplica\u00e7\u00e3o de emendas parlamentares que adicionarem recursos ao Sistema \u00danico de Sa\u00fade (SUS), para a realiza\u00e7\u00e3o de transfer\u00eancias do Fundo Nacional de Sa\u00fade aos Fundos de Sa\u00fade dos Estados, Distrito Federal e Munic\u00edpios, no exerc\u00edcio de 2020.<\/p><\/li><li class=\"TYR86d wXCUfe zfr3Q\" dir=\"ltr\"><p class=\"CDt4Ke zfr3Q\" dir=\"ltr\"><span class=\" aw5Odc\"><a class=\"XqQF9c\" href=\"http:\/\/www.google.com\/url?q=http%3A%2F%2Fwww.planalto.gov.br%2FCCIVIL_03%2FPortaria%2FPRT%2FPortaria%2520n%25C2%25BA%2520480-20-ms.htm&amp;sa=D&amp;sntz=1&amp;usg=AOvVaw1TRsNFwEMGeV4wxrPlVvr1\" target=\"_blank\" rel=\"noopener\">Portaria n\u00ba 480, de 23.3.2020<\/a><\/span> &#8211; Estabelece recurso do Bloco de Custeio das A\u00e7\u00f5es e Servi\u00e7os P\u00fablicos de Sa\u00fade, a ser disponibilizado aos estados e Distrito Federal, destinados \u00e0s a\u00e7\u00f5es de sa\u00fade para o enfrentamento do Coronav\u00edrus &#8211; COVID 19.<\/p><\/li><li class=\"TYR86d wXCUfe zfr3Q\" dir=\"ltr\"><p class=\"CDt4Ke zfr3Q\" dir=\"ltr\"><span class=\" aw5Odc\"><a class=\"XqQF9c\" href=\"http:\/\/www.google.com\/url?q=http%3A%2F%2Fwww.planalto.gov.br%2FCCIVIL_03%2FPortaria%2FPRT%2FPortaria-476-20-ms.htm&amp;sa=D&amp;sntz=1&amp;usg=AOvVaw1ZRULjI1R0ZkGeRqYzc3uv\" target=\"_blank\" rel=\"noopener\">Portaria n\u00ba 476, de 23.3.2020<\/a><\/span> &#8211; Delega compet\u00eancia ao Diretor do Departamento de Log\u00edstica em Sa\u00fade do Minist\u00e9rio da Sa\u00fade, para realizar requisi\u00e7\u00e3o de medicamentos, equipamentos, imunobiol\u00f3gicos e outros insumos de interesse para sa\u00fade, durante a vig\u00eancia da declara\u00e7\u00e3o de emerg\u00eancia em sa\u00fade p\u00fablica de import\u00e2ncia internacional decorrente do coronav\u00edrus (COVID-19).<\/p><\/li><li class=\"TYR86d wXCUfe zfr3Q\" dir=\"ltr\"><p class=\"CDt4Ke zfr3Q\" dir=\"ltr\"><span class=\" aw5Odc\"><a class=\"XqQF9c\" href=\"http:\/\/www.google.com\/url?q=http%3A%2F%2Fwww.planalto.gov.br%2FCCIVIL_03%2FPortaria%2FRES%2Fres-356-20-ms-anvisa.htm&amp;sa=D&amp;sntz=1&amp;usg=AOvVaw3mMYT3KQPJA6zGco0EwGla\" target=\"_blank\" rel=\"noopener\">Resolu\u00e7\u00e3o n\u00ba 356, de 23.3.2020<\/a><\/span> &#8211; Disp\u00f5e, de forma extraordin\u00e1ria e tempor\u00e1ria, sobre os requisitos para a fabricac\u0327a\u0303o, importac\u0327a\u0303o e aquisic\u0327a\u0303o de dispositivos me\u0301dicos identificados como priorita\u0301rios para uso em servic\u0327os de sau\u0301de, em virtude da emerge\u0302ncia de sau\u0301de pu\u0301blica internacional relacionada ao SARS-CoV-2.<\/p><\/li><li class=\"TYR86d wXCUfe zfr3Q\" dir=\"ltr\"><p class=\"CDt4Ke zfr3Q\" dir=\"ltr\"><span class=\" aw5Odc\"><a class=\"XqQF9c\" href=\"http:\/\/www.google.com\/url?q=http%3A%2F%2Fwww.planalto.gov.br%2FCCIVIL_03%2FPortaria%2FRES%2Fres-355-20-ms-anvisa.htm&amp;sa=D&amp;sntz=1&amp;usg=AOvVaw3Z8EvoRn1qFZDnWiOWJYeW\" target=\"_blank\" rel=\"noopener\">Resolu\u00e7\u00e3o n\u00ba 355, de 23.3.2020<\/a><\/span> &#8211; Disp\u00f5e sobre a suspens\u00e3o dos prazos processuais afetos aos requerimentos de atos p\u00fablicos de libera\u00e7\u00e3o de responsabilidade da Anvisa em virtude da emerg\u00eancia de sa\u00fade p\u00fablica internacional relacionada ao SARS-CoV-2.<\/p><\/li><li class=\"TYR86d wXCUfe zfr3Q\" dir=\"ltr\"><p class=\"CDt4Ke zfr3Q\" dir=\"ltr\"><span class=\" aw5Odc\"><a class=\"XqQF9c\" href=\"http:\/\/www.google.com\/url?q=http%3A%2F%2Fwww.planalto.gov.br%2FCCIVIL_03%2FPortaria%2FRES%2Fres-230-20-cref.htm&amp;sa=D&amp;sntz=1&amp;usg=AOvVaw25NakAqBQ4o3SdmC1jgNMQ\" target=\"_blank\" rel=\"noopener\">Resolu\u00e7\u00e3o n\u00ba 230, de 23.3.2020<\/a><\/span> &#8211; Disp\u00f5e sobre prorroga\u00e7\u00e3o de data de vencimento das anuidades do CREF11\/MS para o Exerc\u00edcio de 2020 e d\u00e1 outras providencias<\/p><\/li><li class=\"TYR86d wXCUfe zfr3Q\" dir=\"ltr\"><p class=\"CDt4Ke zfr3Q\" dir=\"ltr\"><span class=\" aw5Odc\"><a class=\"XqQF9c\" href=\"http:\/\/www.google.com\/url?q=http%3A%2F%2Fwww.planalto.gov.br%2FCCIVIL_03%2FPortaria%2FRES%2Fres-220-20-cro.htm&amp;sa=D&amp;sntz=1&amp;usg=AOvVaw3XF4L24ISQ0dFOyITDM5Bz\" target=\"_blank\" rel=\"noopener\">Resolu\u00e7\u00e3o n\u00ba 220, de 23.3.2020<\/a><\/span> &#8211; Prorroga o prazo para envio das presta\u00e7\u00f5es de contas dos Conselhos Regionais ao Conselho Federal de Odontologia referente ao exerc\u00edcio financeiro de 2019.<\/p><\/li><li class=\"TYR86d wXCUfe zfr3Q\" dir=\"ltr\"><p class=\"CDt4Ke zfr3Q\" dir=\"ltr\"><span class=\" aw5Odc\"><a class=\"XqQF9c\" href=\"http:\/\/www.google.com\/url?q=http%3A%2F%2Fwww.planalto.gov.br%2FCCIVIL_03%2FPortaria%2FPRT%2FPortaria%2520n%25C2%25BA%2520191-20-me-serf.htm&amp;sa=D&amp;sntz=1&amp;usg=AOvVaw0l32MRfbJMkerTXP0dSflm\" target=\"_blank\" rel=\"noopener\">Portaria n\u00ba 191, de 23.3.2020<\/a><\/span> &#8211; Estabelece regras para ado\u00e7\u00e3o de trabalho remoto e manuten\u00e7\u00e3o de atividades essenciais por unidades e servidores da 4\u00aa Regi\u00e3o Fiscal.<\/p><\/li><li class=\"TYR86d wXCUfe zfr3Q\" dir=\"ltr\"><p class=\"CDt4Ke zfr3Q\" dir=\"ltr\"><span class=\" aw5Odc\"><a class=\"XqQF9c\" href=\"http:\/\/www.google.com\/url?q=http%3A%2F%2Fwww.planalto.gov.br%2FCCIVIL_03%2FPortaria%2FPRT%2FPortaria%2520n%25C2%25BA%2520177-20-me-serf.htm&amp;sa=D&amp;sntz=1&amp;usg=AOvVaw1Wl9a9AsZTEPP5_blKr-D0\" target=\"_blank\" rel=\"noopener\">Portaria n\u00ba 177, de 23.3.2020<\/a><\/span> &#8211; Estabelece regras para o atendimento no \u00e2mbito das unidades da 7\u00aa Regi\u00e3o Fiscal, inclusive por meio de endere\u00e7o eletr\u00f4nico, enquanto durar o estado de emerg\u00eancia de sa\u00fade p\u00fablica decorrente do coronav\u00edrus (Covid-19).<\/p><\/li><li class=\"TYR86d wXCUfe zfr3Q\" dir=\"ltr\"><p class=\"CDt4Ke zfr3Q\" dir=\"ltr\"><span class=\" aw5Odc\"><a class=\"XqQF9c\" href=\"http:\/\/www.google.com\/url?q=http%3A%2F%2Fwww.planalto.gov.br%2FCCIVIL_03%2FPortaria%2FPRT%2FPortaria%2520n%25C2%25BA%2520157e-20-mtur-ancine.htm&amp;sa=D&amp;sntz=1&amp;usg=AOvVaw0bvreLPZw4NOA3Lci27sH4\" target=\"_blank\" rel=\"noopener\">Portaria n\u00ba 157-E, de 23.3.2020<\/a><\/span> &#8211; Altera a Portaria ANCINE n\u00ba 151-E, de 19 de mar\u00e7o de 2020, que estabelece, em car\u00e1ter excepcional, medidas administrativas para a mitiga\u00e7\u00e3o dos impactos do COVID-19 no setor audiovisual e no que se refere \u00e0s atribui\u00e7\u00f5es da Ag\u00eancia Nacional do Cinema &#8211; ANCINE, nos limites de sua compet\u00eancia.<\/p><\/li><li class=\"TYR86d wXCUfe zfr3Q\" dir=\"ltr\"><p class=\"CDt4Ke zfr3Q\" dir=\"ltr\"><span class=\" aw5Odc\"><a class=\"XqQF9c\" href=\"http:\/\/www.google.com\/url?q=http%3A%2F%2Fwww.planalto.gov.br%2FCCIVIL_03%2FPortaria%2FRES%2Fres-153-20-cref8.htm&amp;sa=D&amp;sntz=1&amp;usg=AOvVaw1F-Qi-ZDqjCKFP0cC2uPYK\" target=\"_blank\" rel=\"noopener\">Resolu\u00e7\u00e3o n\u00ba 153, de 23.3.2020<\/a><\/span> &#8211; Prorroga o prazo de vencimento para pagamento das anuidades do exerc\u00edcio de 2020 e demais d\u00e9bitos objeto de parcelas em vigor.<\/p><\/li><li class=\"TYR86d wXCUfe zfr3Q\" dir=\"ltr\"><p class=\"CDt4Ke zfr3Q\" dir=\"ltr\"><span class=\" aw5Odc\"><a class=\"XqQF9c\" href=\"http:\/\/www.google.com\/url?q=http%3A%2F%2Fwww.planalto.gov.br%2FCCIVIL_03%2FPortaria%2FPRT%2FPortaria%2520n%25C2%25BA%2520146-3regiao-20-me-serf.htm&amp;sa=D&amp;sntz=1&amp;usg=AOvVaw0yqEpohKMfRJCBMmphhUIU\" target=\"_blank\" rel=\"noopener\">Portaria n\u00ba 146, de 23.3.2020<\/a><\/span> &#8211; Estabelece regras para ado\u00e7\u00e3o de trabalho remoto e manuten\u00e7\u00e3o de atividades essenciais por unidades e servidores da 3\u00aa Regi\u00e3o Fiscal.<\/p><\/li><li class=\"TYR86d wXCUfe zfr3Q\" dir=\"ltr\"><p class=\"CDt4Ke zfr3Q\" dir=\"ltr\"><span class=\" aw5Odc\"><a class=\"XqQF9c\" href=\"http:\/\/www.google.com\/url?q=http%3A%2F%2Fwww.planalto.gov.br%2FCCIVIL_03%2FPortaria%2FPRT%2FPortaria%2520n%25C2%25BA%2520145-3regiao-20-me-serf.htm&amp;sa=D&amp;sntz=1&amp;usg=AOvVaw3xEhReCa_0lsxj_bQ1v-oK\" target=\"_blank\" rel=\"noopener\">Portaria n\u00ba 145, de 23.3.2020<\/a><\/span> &#8211; Estabelece regras para o atendimento no \u00e2mbito das unidades da 3\u00aa Regi\u00e3o Fiscal, inclusive por meio de endere\u00e7o eletr\u00f4nico, enquanto durar o estado de emerg\u00eancia de sa\u00fade p\u00fablica decorrente do Novo Coronav\u00edrus (COVID-19).<\/p><\/li><li class=\"TYR86d wXCUfe zfr3Q\" dir=\"ltr\"><p class=\"CDt4Ke zfr3Q\" dir=\"ltr\"><span class=\" aw5Odc\"><a class=\"XqQF9c\" href=\"http:\/\/www.google.com\/url?q=http%3A%2F%2Fwww.planalto.gov.br%2FCCIVIL_03%2FPortaria%2FPRT%2FPortaria%2520n%25C2%25BA%2520190-20-me-serf.htm&amp;sa=D&amp;sntz=1&amp;usg=AOvVaw2SSExhJZsO4Eyfu1i2H0no\" target=\"_blank\" rel=\"noopener\">Portaria n\u00ba 190, de 23.3.2020<\/a><\/span> &#8211; Estabelece regras para o atendimento no \u00e2mbito das unidades da 4\u00aa Regi\u00e3o Fiscal, inclusive por meio de endere\u00e7o eletr\u00f4nico, enquanto durar o estado de emerg\u00eancia de sa\u00fade p\u00fablica decorrente do Novo Coronav\u00edrus (COVID-19).<\/p><\/li><li class=\"TYR86d wXCUfe zfr3Q\" dir=\"ltr\"><p class=\"CDt4Ke zfr3Q\" dir=\"ltr\"><span class=\" aw5Odc\"><a class=\"XqQF9c\" href=\"http:\/\/www.google.com\/url?q=http%3A%2F%2Fwww.planalto.gov.br%2FCCIVIL_03%2FPortaria%2FPRT%2FPortaria%2520n%25C2%25BA%2520138-20-mjsp.htm&amp;sa=D&amp;sntz=1&amp;usg=AOvVaw1hl6zxBBkOr7biayJmNKxU\" target=\"_blank\" rel=\"noopener\">Portaria n\u00ba 138, de 23.3.2020<\/a><\/span> &#8211; Autoriza a utiliza\u00e7\u00e3o excepcional dos recursos do Fundo Nacional de Seguran\u00e7a P\u00fablica repassados no exerc\u00edcio de 2019, na forma da Portaria n\u00ba 793, de 24 de outubro de 2019, para a\u00e7\u00f5es de seguran\u00e7a p\u00fablica e defesa social necess\u00e1rias ao combate emergencial dos efeitos decorrentes da pandemia do coronav\u00edrus SARS-CoV-2 (Covid-19).<\/p><\/li><li class=\"TYR86d wXCUfe zfr3Q\" dir=\"ltr\"><p class=\"CDt4Ke zfr3Q\" dir=\"ltr\"><span class=\" aw5Odc\"><a class=\"XqQF9c\" href=\"http:\/\/www.google.com\/url?q=http%3A%2F%2Fwww.planalto.gov.br%2FCCIVIL_03%2FPortaria%2FPRT%2FPortaria%2520n%25C2%25BA%2520133-20-CCV.htm&amp;sa=D&amp;sntz=1&amp;usg=AOvVaw0pxfHWG2WM9V0mJ3weZP2f\" target=\"_blank\" rel=\"noopener\">Portaria n\u00ba 133, de 23.3.2020<\/a><\/span> &#8211; Disp\u00f5e sobre a restri\u00e7\u00e3o excepcional e tempor\u00e1ria de entrada no Pa\u00eds de estrangeiros provenientes dos pa\u00edses que relaciona, conforme recomenda\u00e7\u00e3o da Ag\u00eancia Nacional de Vigil\u00e2ncia Sanit\u00e1ria &#8211; Anvisa.<\/p><\/li><li class=\"TYR86d wXCUfe zfr3Q\" dir=\"ltr\"><p class=\"CDt4Ke zfr3Q\" dir=\"ltr\"><span class=\" aw5Odc\"><a class=\"XqQF9c\" href=\"http:\/\/www.google.com\/url?q=http%3A%2F%2Fwww.planalto.gov.br%2FCCIVIL_03%2FPortaria%2FPRT%2FPortaria%2520n%25C2%25BA%2520103-mapa.htm&amp;sa=D&amp;sntz=1&amp;usg=AOvVaw3GBg3l1_fDaDLdueoFS3nj\" target=\"_blank\" rel=\"noopener\">Portaria n\u00ba 103, de 23.3.2020<\/a><\/span> &#8211; Regulamenta, em car\u00e1ter excepcional e tempor\u00e1rio, medidas de enfrentamento e preven\u00e7\u00e3o \u00e0 infec\u00e7\u00e3o e propaga\u00e7\u00e3o do novo Coronav\u00edrus (COVID-19), no \u00e2mbito do Minist\u00e9rio da Agricultura, Pecu\u00e1ria e Abastecimento.<\/p><\/li><li class=\"TYR86d wXCUfe zfr3Q\" dir=\"ltr\"><p class=\"CDt4Ke zfr3Q\" dir=\"ltr\"><span class=\" aw5Odc\"><a class=\"XqQF9c\" href=\"http:\/\/www.google.com\/url?q=http%3A%2F%2Fwww.planalto.gov.br%2FCCIVIL_03%2FPortaria%2FPRT%2FPortaria%2520n%25C2%25BA%252048-20-me-serf.htm&amp;sa=D&amp;sntz=1&amp;usg=AOvVaw0XD1ChbjGOpnj0OKSXHisG\" target=\"_blank\" rel=\"noopener\">Portaria n\u00ba 48, de 23.3.2020<\/a><\/span> &#8211; Disciplina o atendimento presencial emergencial na unidade de atendimento da IRF\/SSO, jurisdicionada a esta Delegacia da Receita Federal do Brasil em S\u00e3o Jos\u00e9 dos Campos\/SP.<\/p><\/li><li class=\"TYR86d wXCUfe zfr3Q\" dir=\"ltr\"><p class=\"CDt4Ke zfr3Q\" dir=\"ltr\"><span class=\" aw5Odc\"><a class=\"XqQF9c\" href=\"http:\/\/www.google.com\/url?q=http%3A%2F%2Fwww.planalto.gov.br%2FCCIVIL_03%2FPortaria%2FPRT%2FPortaria%2520n%25C2%25BA%252047-20-me-serf.htm&amp;sa=D&amp;sntz=1&amp;usg=AOvVaw21L1JjONZfOIqlcVzIrTdh\" target=\"_blank\" rel=\"noopener\">Portaria n\u00ba 47, de 23.3.2020<\/a><\/span> &#8211; Disciplina o atendimento presencial emergencial na unidade de atendimento da Delegacia da Receita Federal do Brasil em S\u00e3o Jos\u00e9 dos Campos\/SP.<\/p><\/li><li class=\"TYR86d wXCUfe zfr3Q\" dir=\"ltr\"><p class=\"CDt4Ke zfr3Q\" dir=\"ltr\"><span class=\" aw5Odc\"><a class=\"XqQF9c\" href=\"http:\/\/www.google.com\/url?q=http%3A%2F%2Fwww.planalto.gov.br%2FCCIVIL_03%2FPortaria%2FPRT%2FPortaria%2520n%25C2%25BA%252041-20-me-serf.htm&amp;sa=D&amp;sntz=1&amp;usg=AOvVaw2mTtnmdfOnlrMuQzK-LqMj\" target=\"_blank\" rel=\"noopener\">Portaria n\u00ba 41, de 23.3.2020<\/a><\/span> &#8211; Estabelece, em car\u00e1ter tempor\u00e1rio, que seja suspenso o uso de controle de acesso biom\u00e9trico nos recintos aduaneiros jurisdicionados pela Alf\u00e2ndega da Receita Federal do Brasil no Porto de Itaja\u00ed.<\/p><\/li><li class=\"TYR86d wXCUfe zfr3Q\" dir=\"ltr\"><p class=\"CDt4Ke zfr3Q\" dir=\"ltr\"><span class=\" aw5Odc\"><a class=\"XqQF9c\" href=\"http:\/\/www.google.com\/url?q=http%3A%2F%2Fwww.planalto.gov.br%2FCCIVIL_03%2FPortaria%2FRES%2Fres-39-20-cref13ba.htm&amp;sa=D&amp;sntz=1&amp;usg=AOvVaw3EQ1J29m_Txz5DdckUGpQI\" target=\"_blank\" rel=\"noopener\">Resolu\u00e7\u00e3o n\u00ba 39, de 23.3.2020<\/a><\/span> &#8211; Disp\u00f5e sobre a Prorroga\u00e7\u00e3o do Prazo Para Pagamento da Anuidade de 2020 Com Desconto No \u00c2mbito do Conselho Regional de Educa\u00e7\u00e3o F\u00edsica da 13\u00aa Regi\u00e3o\/BAHIA.<\/p><\/li><li class=\"TYR86d wXCUfe zfr3Q\" dir=\"ltr\"><p class=\"CDt4Ke zfr3Q\" dir=\"ltr\"><span class=\" aw5Odc\"><a class=\"XqQF9c\" href=\"http:\/\/www.google.com\/url?q=http%3A%2F%2Fwww.planalto.gov.br%2FCCIVIL_03%2FPortaria%2FPRT%2FPortaria%2520n%25C2%25BA%252035-me-serf.htm&amp;sa=D&amp;sntz=1&amp;usg=AOvVaw2S-WSvou8MitmeFZagEFsH\" target=\"_blank\" rel=\"noopener\">Portaria n\u00ba 35, de 23.3.2020<\/a><\/span> &#8211; Determina a suspens\u00e3o do atendimento presencial do Centro de Atendimento ao Contribuinte da Alf\u00e2ndega do Aeroporto Internacional de S\u00e3o Paulo\/Guarulhos em raz\u00e3o da necessidade do enfrentamento da emerg\u00eancia de sa\u00fade p\u00fablica decorrente do coronav\u00edrus (COVID-19).<\/p><\/li><li class=\"TYR86d wXCUfe zfr3Q\" dir=\"ltr\"><p class=\"CDt4Ke zfr3Q\" dir=\"ltr\"><span class=\" aw5Odc\"><a class=\"XqQF9c\" href=\"http:\/\/www.google.com\/url?q=http%3A%2F%2Fwww.planalto.gov.br%2FCCIVIL_03%2FPortaria%2FPRT%2FPortaria%2520n%25C2%25BA%252035-20-mma-ipjbrj.htm&amp;sa=D&amp;sntz=1&amp;usg=AOvVaw2NryW5gdw_zY-qekiLi850\" target=\"_blank\" rel=\"noopener\">Portaria n\u00ba 35, de 23.3.2020<\/a><\/span> &#8211; Suspens\u00e3o da visita\u00e7\u00e3o pelo p\u00fablico externo a todas as \u00e1reas do JBRJ por tempo indeterminado.<\/p><\/li><li class=\"TYR86d wXCUfe zfr3Q\" dir=\"ltr\"><p class=\"CDt4Ke zfr3Q\" dir=\"ltr\"><span class=\" aw5Odc\"><a class=\"XqQF9c\" href=\"http:\/\/www.google.com\/url?q=http%3A%2F%2Fwww.planalto.gov.br%2FCCIVIL_03%2FPortaria%2FPRT%2FPortaria%2520n%25C2%25BA%252035-20-MD.htm&amp;sa=D&amp;sntz=1&amp;usg=AOvVaw2alIlwkNLQSxdO_BRqSx0r\" target=\"_blank\" rel=\"noopener\">Portaria n\u00ba 35, de 23.3.2020<\/a><\/span> &#8211; Estabelece orienta\u00e7\u00f5es aos ordenadores de despesa do Minist\u00e9rio da Defesa e das For\u00e7as Armadas quanto \u00e0 aplica\u00e7\u00e3o dos procedimentos de contrata\u00e7\u00e3o previstos nos arts. 4\u00ba a 4\u00ba-I da Lei n\u00ba 13.979, de 6 de fevereiro de 2020.<\/p><\/li><li class=\"TYR86d wXCUfe zfr3Q\" dir=\"ltr\"><p class=\"CDt4Ke zfr3Q\" dir=\"ltr\"><span class=\" aw5Odc\"><a class=\"XqQF9c\" href=\"http:\/\/www.google.com\/url?q=http%3A%2F%2Fwww.planalto.gov.br%2FCCIVIL_03%2FPortaria%2FPRT%2FPortaria%2520n%25C2%25BA%252033-20-me-serf.htm&amp;sa=D&amp;sntz=1&amp;usg=AOvVaw1-NTm7x7N14hjBFnfBxazm\" target=\"_blank\" rel=\"noopener\">Portaria n\u00ba 33, de 23.3.2020<\/a><\/span> &#8211; Disciplina os procedimentos emergenciais relacionados ao agendamento de posicionamento de cargas nos recintos alfandegados e \u00e0 verifica\u00e7\u00e3o remota de mercadorias por meio de imagens, na importa\u00e7\u00e3o, na exporta\u00e7\u00e3o e nas remessas expressas, enquanto durarem as medidas de enfrentamento ao Coronav\u00edrus &#8211; Covid 19.<\/p><\/li><li class=\"TYR86d wXCUfe zfr3Q\" dir=\"ltr\"><p class=\"CDt4Ke zfr3Q\" dir=\"ltr\"><span class=\" aw5Odc\"><a class=\"XqQF9c\" href=\"http:\/\/www.google.com\/url?q=http%3A%2F%2Fwww.planalto.gov.br%2FCCIVIL_03%2FPortaria%2FPRT%2FPortaria%2520n%25C2%25BA%252032-20-me-serf.htm&amp;sa=D&amp;sntz=1&amp;usg=AOvVaw0uL7fJVUt6ccJ0736KXfJV\" target=\"_blank\" rel=\"noopener\">Portaria n\u00ba 32, de 23.3.2020<\/a><\/span> &#8211; Disp\u00f5e sobre o expediente no per\u00edodo de emerg\u00eancia em sa\u00fade p\u00fablica de import\u00e2ncia internacional decorrente do coronav\u00edrus (COVID-19) no \u00e2mbito da Delegacia da Receita Federal do Brasil no Rio de Janeiro I<\/p><\/li><li class=\"TYR86d wXCUfe zfr3Q\" dir=\"ltr\"><p class=\"CDt4Ke zfr3Q\" dir=\"ltr\"><span class=\" aw5Odc\"><a class=\"XqQF9c\" href=\"http:\/\/www.google.com\/url?q=http%3A%2F%2Fwww.planalto.gov.br%2FCCIVIL_03%2FPortaria%2FPRT%2FPortaria%2520n%25C2%25BA%252029-20-cro.htm&amp;sa=D&amp;sntz=1&amp;usg=AOvVaw1Uk4VXKD7cB71MJ2yavKoq\" target=\"_blank\" rel=\"noopener\">Portaria n\u00ba 29, de 23.3.2020<\/a><\/span> &#8211; Institui o regime de teletrabalho e Suspende os atendimentos presenciais, em todas as unidades administrativas do CROSP, e d\u00e1 outras provid\u00eancias.<\/p><\/li><li class=\"TYR86d wXCUfe zfr3Q\" dir=\"ltr\"><p class=\"CDt4Ke zfr3Q\" dir=\"ltr\"><span class=\" aw5Odc\"><a class=\"XqQF9c\" href=\"http:\/\/www.google.com\/url?q=http%3A%2F%2Fwww.planalto.gov.br%2FCCIVIL_03%2FPortaria%2FPRT%2FPortaria%2520n%25C2%25BA%252027-20-me-serf.htm&amp;sa=D&amp;sntz=1&amp;usg=AOvVaw3RgWHWHvdE2XvCIdncoP2s\" target=\"_blank\" rel=\"noopener\">Portaria n\u00ba 27, de 23.3.2020<\/a><\/span> &#8211; Altera\u00e7\u00e3o tempor\u00e1ria do hor\u00e1rio de atendimento do plant\u00e3o aduaneiro da ALF\/PPA.<\/p><\/li><li class=\"TYR86d wXCUfe zfr3Q\" dir=\"ltr\"><p class=\"CDt4Ke zfr3Q\" dir=\"ltr\"><span class=\" aw5Odc\"><a class=\"XqQF9c\" href=\"http:\/\/www.google.com\/url?q=http%3A%2F%2Fwww.planalto.gov.br%2FCCIVIL_03%2FPortaria%2FPRT%2FPortaria%2520n%25C2%25BA%252026-me-serf.htm&amp;sa=D&amp;sntz=1&amp;usg=AOvVaw2hYJ0YgyH9D1YBJjS6BMNS\" target=\"_blank\" rel=\"noopener\">Portaria n\u00ba 26, de 23.3.2020<\/a><\/span> &#8211; Suspens\u00e3o tempor\u00e1ria do atendimento presencial no CAC da ALF\/PPA como medida de prote\u00e7\u00e3o ao Coronav\u00edrus (Covid-19).<\/p><\/li><li class=\"TYR86d wXCUfe zfr3Q\" dir=\"ltr\"><p class=\"CDt4Ke zfr3Q\" dir=\"ltr\"><span class=\" aw5Odc\"><a class=\"XqQF9c\" href=\"http:\/\/www.google.com\/url?q=http%3A%2F%2Fwww.planalto.gov.br%2FCCIVIL_03%2FPortaria%2FPRT%2FPortaria%2520n%25C2%25BA%252024-20-minfra.htm&amp;sa=D&amp;sntz=1&amp;usg=AOvVaw2IOxtARryBdNBymlzrIHHk\" target=\"_blank\" rel=\"noopener\">Portaria n\u00ba 24, de 23.3.2020<\/a><\/span> &#8211; Estabelece medidas no Minist\u00e9rio da Infraestrutura, em car\u00e1ter excepcional, para enfrentamento da emerg\u00eancia de sa\u00fade p\u00fablica de import\u00e2ncia internacional decorrente do Coronav\u00edrus (COVID-19).<\/p><\/li><li class=\"TYR86d wXCUfe zfr3Q\" dir=\"ltr\"><p class=\"CDt4Ke zfr3Q\" dir=\"ltr\"><span class=\" aw5Odc\"><a class=\"XqQF9c\" href=\"http:\/\/www.google.com\/url?q=http%3A%2F%2Fwww.planalto.gov.br%2FCCIVIL_03%2FPortaria%2FPRT%2FPortaria%2520n%25C2%25BA%252014-20-crcam.htm&amp;sa=D&amp;sntz=1&amp;usg=AOvVaw2I5IwuvIXQbEohxhzcn3Q_\" target=\"_blank\" rel=\"noopener\">Portaria n\u00ba 14, de 23.3.2020<\/a><\/span> &#8211; Institui novas medidas de combate e preven\u00e7\u00e3o ao cont\u00e1gio do coronav\u00edrus no Conselho Regional de Contabilidade do Amazonas.<\/p><\/li><li class=\"TYR86d wXCUfe zfr3Q\" dir=\"ltr\"><p class=\"CDt4Ke zfr3Q\" dir=\"ltr\"><span class=\" aw5Odc\"><a class=\"XqQF9c\" href=\"http:\/\/www.google.com\/url?q=http%3A%2F%2Fwww.planalto.gov.br%2FCCIVIL_03%2FPortaria%2FPRT%2FPortaria%2520n%25C2%25BA%25202-20-me-serf.htm&amp;sa=D&amp;sntz=1&amp;usg=AOvVaw3STE6ratQVZqVhAd9s8tGn\" target=\"_blank\" rel=\"noopener\">Portaria n\u00ba 2, de 23.3.2020<\/a><\/span> &#8211; Disp\u00f5e sobre o atendimento ao contribuinte na Delegacia da Receita Federal em Governador Valadares\/MG, Ag\u00eancia da Receita Federal do Brasil em Almenara\/MG, Ag\u00eancia da Receita Federal em Caratinga\/MG Ag\u00eancia da Receita Federal do Brasil em Manhua\u00e7u\/MG e Ag\u00eancia da Receita Federal do Brasil em Te\u00f3filo Otoni\/MG, para o enfrentamento da emerg\u00eancia de sa\u00fade p\u00fablica de import\u00e2ncia internacional decorrente do coronav\u00edrus (COVID-19).<\/p><\/li><li class=\"TYR86d wXCUfe zfr3Q\" dir=\"ltr\"><p class=\"CDt4Ke zfr3Q\" dir=\"ltr\"><span class=\" aw5Odc\"><a class=\"XqQF9c\" href=\"http:\/\/www.google.com\/url?q=http%3A%2F%2Fwww.planalto.gov.br%2FCCIVIL_03%2FPortaria%2FREC%2Frecomendacao%2520n%25C2%25BA%25202--20-cremepe.htm&amp;sa=D&amp;sntz=1&amp;usg=AOvVaw3yaHTuizCqLiFV0XA6aV6Y\" target=\"_blank\" rel=\"noopener\">Recomenda\u00e7\u00e3o n\u00ba 2, de 23.3.2020<\/a><\/span> &#8211; Recomenda procedimentos a serem observados pelos m\u00e9dicos respons\u00e1veis pela estrat\u00e9gia de sa\u00fade da fam\u00edlia, das Secretarias Municipais de Sa\u00fade, durante o atendimento aos casos do COVID-19 e outras provid\u00eancias.<\/p><\/li><li class=\"TYR86d wXCUfe zfr3Q\" dir=\"ltr\"><p class=\"CDt4Ke zfr3Q\" dir=\"ltr\"><span class=\" aw5Odc\"><a class=\"XqQF9c\" href=\"http:\/\/www.google.com\/url?q=http%3A%2F%2Fwww.planalto.gov.br%2FCCIVIL_03%2FPortaria%2FRES%2FResolucao%2520n%25C2%25BA%252020-cref19.htm&amp;sa=D&amp;sntz=1&amp;usg=AOvVaw0WRPKumb10sf0-XHfzpeKv\" target=\"_blank\" rel=\"noopener\">Resolu\u00e7\u00e3o n\u00ba 20, de 23.3.2020<\/a><\/span> &#8211; Disp\u00f5e sobre as medidas emergenciais devido \u00e0 Crise de Calamidade P\u00fablica ocorrida com a Pandemia do Coronav\u00edrus &#8211; COVID-19.<\/p><\/li><li class=\"TYR86d wXCUfe zfr3Q\" dir=\"ltr\"><p class=\"CDt4Ke zfr3Q\" dir=\"ltr\"><span class=\" aw5Odc\"><a class=\"XqQF9c\" href=\"http:\/\/www.google.com\/url?q=http%3A%2F%2Fwww.planalto.gov.br%2FCCIVIL_03%2F_Ato2019-2022%2F2020%2FDecreto%2FD10288.htm&amp;sa=D&amp;sntz=1&amp;usg=AOvVaw0f9lD5ytwMBNsQnLsRrTBN\" target=\"_blank\" rel=\"noopener\">Decreto n\u00ba 10.288 de 22.3.2020<\/a><\/span> &#8211; Regulamenta a Lei n\u00ba 13.979, de 6 de fevereiro de 2020, para definir as atividades e os servi\u00e7os relacionados \u00e0 imprensa como essenciais.<\/p><\/li><li class=\"TYR86d wXCUfe zfr3Q\" dir=\"ltr\"><p class=\"CDt4Ke zfr3Q\" dir=\"ltr\"><span class=\" aw5Odc\"><a class=\"XqQF9c\" href=\"http:\/\/www.google.com\/url?q=http%3A%2F%2Fwww.planalto.gov.br%2FCCIVIL_03%2F_Ato2019-2022%2F2020%2FMpv%2Fmpv927.htm&amp;sa=D&amp;sntz=1&amp;usg=AOvVaw1rILhzeM1FS2meLT2-KIxM\" target=\"_blank\" rel=\"noopener\">Medida Provis\u00f3ria n\u00ba 927, de 22.3.2020<\/a><\/span> &#8211; Disp\u00f5e sobre as medidas trabalhistas para enfrentamento do estado de calamidade p\u00fablica reconhecido pelo Decreto Legislativo n\u00ba 6, de 20 de mar\u00e7o de 2020, e da emerg\u00eancia de sa\u00fade p\u00fablica de import\u00e2ncia internacional decorrente do coronav\u00edrus (covid-19), e d\u00e1 outras provid\u00eancias.<\/p><\/li><li class=\"TYR86d wXCUfe zfr3Q\" dir=\"ltr\"><p class=\"CDt4Ke zfr3Q\" dir=\"ltr\"><span class=\" aw5Odc\"><a class=\"XqQF9c\" href=\"http:\/\/www.google.com\/url?q=http%3A%2F%2Fwww.planalto.gov.br%2FCCIVIL_03%2FPortaria%2FPRT%2FPortaria%2520n%25C2%25BA%2520827-20-mma-ibama.htm&amp;sa=D&amp;sntz=1&amp;usg=AOvVaw10_uXWsPfnDXi3d6xmpX11\" target=\"_blank\" rel=\"noopener\">Portaria n\u00ba 827, de 22.3.2020<\/a><\/span> &#8211; Estabelece as diretrizes quanto \u00e0 execu\u00e7\u00e3o de trabalho remoto para o Minist\u00e9rio do Meio Ambiente e suas entidades vinculadas, enquanto perdurar o estado de emerg\u00eancia de sa\u00fade p\u00fablica de import\u00e2ncia internacional decorrente do coronav\u00edrus (COVID-19).<\/p><\/li><li class=\"TYR86d wXCUfe zfr3Q\" dir=\"ltr\"><p class=\"CDt4Ke zfr3Q\" dir=\"ltr\"><span class=\" aw5Odc\"><a class=\"XqQF9c\" href=\"http:\/\/www.google.com\/url?q=http%3A%2F%2Fwww.planalto.gov.br%2FCCIVIL_03%2FPortaria%2FPRT%2FPortaria%2520n%25C2%25BA%2520132-20-mj.htm&amp;sa=D&amp;sntz=1&amp;usg=AOvVaw2PPFmAcr1nglKec-wcUIbm\" target=\"_blank\" rel=\"noopener\">Portaria n\u00ba 132, de 22.3.2020<\/a><\/span> &#8211; Estabelece medidas de prote\u00e7\u00e3o para enfrentamento da emerg\u00eancia de sa\u00fade p\u00fablica de import\u00e2ncia internacional decorrente do coronav\u00edrus (COVID-19) e exerc\u00edcio de atividades por servidores, empregados p\u00fablicos e estagi\u00e1rios do Minist\u00e9rio da Justi\u00e7a e Seguran\u00e7a P\u00fablica, em car\u00e1ter excepcional, delega compet\u00eancias ao Secret\u00e1rio-Executivo do Minist\u00e9rio da Justi\u00e7a e Seguran\u00e7a P\u00fablica e autoriza a ado\u00e7\u00e3o de atos de gest\u00e3o de que trata a Instru\u00e7\u00e3o Normativa n\u00ba 19, de 12 de mar\u00e7o de 2020, da Secretaria de Gest\u00e3o e Desempenho de Pessoal do Minist\u00e9rio da Economia.<\/p><\/li><li class=\"TYR86d wXCUfe zfr3Q\" dir=\"ltr\"><p class=\"CDt4Ke zfr3Q\" dir=\"ltr\"><span class=\" aw5Odc\"><a class=\"XqQF9c\" href=\"http:\/\/www.google.com\/url?q=http%3A%2F%2Fwww.planalto.gov.br%2FCCIVIL_03%2FPortaria%2Fprt132-20-ccv.htm&amp;sa=D&amp;sntz=1&amp;usg=AOvVaw1nI3VoV9qxUC62AA20YKfw\" target=\"_blank\" rel=\"noopener\">Portaria n\u00ba 132, de 22.3.2020<\/a><\/span> &#8211; Disp\u00f5e sobre a restri\u00e7\u00e3o excepcional e tempor\u00e1ria de entrada no Pa\u00eds, por via terrestre, de estrangeiros provenientes da Rep\u00fablica Oriental do Uruguai, conforme recomenda\u00e7\u00e3o da Ag\u00eancia Nacional de Vigil\u00e2ncia Sanit\u00e1ria &#8211; Anvisa.<\/p><\/li><li class=\"TYR86d wXCUfe zfr3Q\" dir=\"ltr\"><p class=\"CDt4Ke zfr3Q\" dir=\"ltr\"><span class=\" aw5Odc\"><a class=\"XqQF9c\" href=\"http:\/\/www.google.com\/url?q=http%3A%2F%2Fwww.planalto.gov.br%2FCCIVIL_03%2FPortaria%2FPRT%2FPortaria%2520n%25C2%25BA%2520139-20-MMA.htm&amp;sa=D&amp;sntz=1&amp;usg=AOvVaw04XkDewPVJLfVh43RaqVDH\" target=\"_blank\" rel=\"noopener\">Portaria n\u00ba 139, de 21.3.2020<\/a><\/span> &#8211; Estabelece as diretrizes quanto \u00e0 execu\u00e7\u00e3o de trabalho remoto para o Minist\u00e9rio do Meio Ambiente e suas entidades vinculadas, enquanto perdurar o estado de emerg\u00eancia de sa\u00fade p\u00fablica de import\u00e2ncia internacional decorrente do coronav\u00edrus (COVID-19).<\/p><\/li><li class=\"TYR86d wXCUfe zfr3Q\" dir=\"ltr\"><p class=\"CDt4Ke zfr3Q\" dir=\"ltr\"><span class=\" aw5Odc\"><a class=\"XqQF9c\" href=\"http:\/\/www.google.com\/url?q=http%3A%2F%2Fwww.planalto.gov.br%2FCCIVIL_03%2FPortaria%2FRES%2Fres-122-20-cref4.htm&amp;sa=D&amp;sntz=1&amp;usg=AOvVaw1Y7Y4YrNwHWpkff7XGm8_v\" target=\"_blank\" rel=\"noopener\">Resolu\u00e7\u00e3o n\u00ba 122, de 21.3.2020<\/a><\/span> &#8211; Disp\u00f5e sobre provid\u00eancias a serem adotadas em raz\u00e3o da pandemia causado pelo COVID-19.<\/p><\/li><li class=\"TYR86d wXCUfe zfr3Q\" dir=\"ltr\"><p class=\"CDt4Ke zfr3Q\" dir=\"ltr\"><span class=\" aw5Odc\"><a class=\"XqQF9c\" href=\"http:\/\/www.google.com\/url?q=http%3A%2F%2Fwww.planalto.gov.br%2FCCIVIL_03%2FPortaria%2FPRT%2FPortaria-226-20-mma-ibama.htm&amp;sa=D&amp;sntz=1&amp;usg=AOvVaw1zOdpon0fai7fQXC_t5pTC\" target=\"_blank\" rel=\"noopener\">Portaria n\u00ba 226, de 21.3.2020<\/a><\/span> &#8211; Disp\u00f5e sobre medidas complementares \u00e0 Instru\u00e7\u00e3o Normativa n\u00ba 19, de 12 de mar\u00e7o de 2020 para enfrentamento da emerg\u00eancia de sa\u00fade p\u00fablica de import\u00e2ncia internacional decorrente do coronav\u00edrus (COVID-19).<\/p><\/li><li class=\"TYR86d wXCUfe zfr3Q\" dir=\"ltr\"><p class=\"CDt4Ke zfr3Q\" dir=\"ltr\"><span class=\" aw5Odc\"><a class=\"XqQF9c\" href=\"http:\/\/www.google.com\/url?q=http%3A%2F%2Fwww.planalto.gov.br%2FCCIVIL_03%2FPortaria%2FPRT%2FPortaria%2520n%25C2%25BA%2520826-20-mma-ibama.htm&amp;sa=D&amp;sntz=1&amp;usg=AOvVaw1KsM2rghJRbzJINQYonsgD\" target=\"_blank\" rel=\"noopener\">Portaria n\u00ba 826, de 21.3.2020<\/a><\/span> &#8211; Disp\u00f5e sobre medidas complementares \u00e0 Instru\u00e7\u00e3o Normativa n\u00ba 19, de 12 de mar\u00e7o de 2020 para enfrentamento da emerg\u00eancia de sa\u00fade p\u00fablica de import\u00e2ncia internacional decorrente do coronav\u00edrus (COVID-19).<\/p><\/li><li class=\"TYR86d wXCUfe zfr3Q\" dir=\"ltr\"><p class=\"CDt4Ke zfr3Q\" dir=\"ltr\"><span class=\" aw5Odc\"><a class=\"XqQF9c\" href=\"http:\/\/www.google.com\/url?q=http%3A%2F%2Fwww.planalto.gov.br%2FCCIVIL_03%2FPortaria%2FDLB%2Fdeliberacao%2520n%25C2%25BA%2520848-20-me-cvm.htm&amp;sa=D&amp;sntz=1&amp;usg=AOvVaw09DGy8N76XmePG5EJCI_gE\" target=\"_blank\" rel=\"noopener\">Delibera\u00e7\u00e3o n\u00ba 848, de 20.3.2020<\/a><\/span> &#8211; Prorroga determinados prazos com vencimento no exerc\u00edcio de 2020 previstos em regulamenta\u00e7\u00e3o editada pela CVM, bem como o t\u00e9rmino do per\u00edodo de vac\u00e2ncia da Instru\u00e7\u00e3o CVM n\u00ba 617, de 5 de dezembro de 2019, disp\u00f5e sobre a suspens\u00e3o dos prazos dos processos administrativos sancionadores, de que trata a Medida Provis\u00f3ria n\u00b0 928, de 2020, enquanto perdurar o estado de calamidade de que trata o Decreto Legislativo n\u00ba 6, de 2020, e promove altera\u00e7\u00f5es tempor\u00e1rias na Instru\u00e7\u00e3o CVM n\u00ba 476, de 16 de janeiro de 2009 e na Instru\u00e7\u00e3o CVM n\u00ba 566, de 31 de julho de 2015.<\/p><\/li><li class=\"TYR86d wXCUfe zfr3Q\" dir=\"ltr\"><p class=\"CDt4Ke zfr3Q\" dir=\"ltr\"><span class=\" aw5Odc\"><a class=\"XqQF9c\" href=\"http:\/\/www.google.com\/url?q=http%3A%2F%2Fwww.planalto.gov.br%2FCCIVIL_03%2FPortaria%2FRES%2FResolucao-5876-20-minfra.htm&amp;sa=D&amp;sntz=1&amp;usg=AOvVaw26uj8fTxvxAdzGe8pa3QO9\" target=\"_blank\" rel=\"noopener\">Resolu\u00e7\u00e3o n\u00ba 5.876, de 20.3.2020<\/a><\/span> &#8211; Disp\u00f5e sobre as medidas para enfrentamento da emerg\u00eancia de sa\u00fade p\u00fablica de import\u00e2ncia internacional decorrente do coronav\u00edrus respons\u00e1vel pelo surto de 2019\/2020, no \u00e2mbito do servi\u00e7o de transporte rodovi\u00e1rio de cargas.<\/p><\/li><li class=\"TYR86d wXCUfe zfr3Q\" dir=\"ltr\"><p class=\"CDt4Ke zfr3Q\" dir=\"ltr\"><span class=\" aw5Odc\"><a class=\"XqQF9c\" href=\"http:\/\/www.google.com\/url?q=http%3A%2F%2Fwww.planalto.gov.br%2FCCIVIL_03%2F_Ato2019-2022%2F2020%2FDecreto%2FD10285.htm&amp;sa=D&amp;sntz=1&amp;usg=AOvVaw0KUauTe8aNe1QUT7bsslgF\" target=\"_blank\" rel=\"noopener\">Decreto n\u00ba 10.285, de 20.3.2020<\/a><\/span> &#8211; Reduz temporariamente as al\u00edquotas do Imposto sobre Produtos Industrializados &#8211; IPI incidentes sobre os produtos que menciona.<\/p><\/li><li class=\"TYR86d wXCUfe zfr3Q\" dir=\"ltr\"><p class=\"CDt4Ke zfr3Q\" dir=\"ltr\"><span class=\" aw5Odc\"><a class=\"XqQF9c\" href=\"http:\/\/www.google.com\/url?q=http%3A%2F%2Fwww.planalto.gov.br%2FCCIVIL_03%2F_Ato2019-2022%2F2020%2FDecreto%2FD10284.htm&amp;sa=D&amp;sntz=1&amp;usg=AOvVaw0hjhEgQOl6OPEMmX65eEn9\" target=\"_blank\" rel=\"noopener\">Decreto n\u00ba 10.284, de 20.3.2020 <\/a><\/span> &#8211; Disp\u00f5e sobre a dila\u00e7\u00e3o do prazo de vencimento das tarifas de navega\u00e7\u00e3o a\u00e9rea, durante o per\u00edodo de enfrentamento da pandemia da covid-19.<\/p><\/li><li class=\"TYR86d wXCUfe zfr3Q\" dir=\"ltr\"><p class=\"CDt4Ke zfr3Q\" dir=\"ltr\"><span class=\" aw5Odc\"><a class=\"XqQF9c\" href=\"http:\/\/www.google.com\/url?q=http%3A%2F%2Fwww.planalto.gov.br%2FCCIVIL_03%2F_Ato2019-2022%2F2020%2FDecreto%2FD10283.htm&amp;sa=D&amp;sntz=1&amp;usg=AOvVaw31XTj0CiM1TbQ1btLDmG1J\" target=\"_blank\" rel=\"noopener\">Decreto n\u00ba 10.283, de 20.3.2020<\/a><\/span> &#8211; Institui o Servi\u00e7o Social Aut\u00f4nomo denominado Ag\u00eancia para o Desenvolvimento da Aten\u00e7\u00e3o Prim\u00e1ria \u00e0 Sa\u00fade &#8211; Adaps.<\/p><\/li><li class=\"TYR86d wXCUfe zfr3Q\" dir=\"ltr\"><p class=\"CDt4Ke zfr3Q\" dir=\"ltr\"><span class=\" aw5Odc\"><a class=\"XqQF9c\" href=\"http:\/\/www.google.com\/url?q=http%3A%2F%2Fwww.planalto.gov.br%2FCCIVIL_03%2F_Ato2019-2022%2F2020%2FDecreto%2FD10282.htm&amp;sa=D&amp;sntz=1&amp;usg=AOvVaw2on2mac-F7LjEbLUM38sim\" target=\"_blank\" rel=\"noopener\">Decreto n\u00ba 10.282, de 20.3.2020<\/a><\/span> &#8211; Regulamenta a Lei n\u00ba 13.979, de 6 de fevereiro de 2020, para definir os servi\u00e7os p\u00fablicos e as atividades essenciais.<\/p><\/li><li class=\"TYR86d wXCUfe zfr3Q\" dir=\"ltr\"><p class=\"CDt4Ke zfr3Q\" dir=\"ltr\"><span class=\" aw5Odc\"><a class=\"XqQF9c\" href=\"http:\/\/www.google.com\/url?q=http%3A%2F%2Fwww.planalto.gov.br%2FCCIVIL_03%2FPortaria%2FPRT%2FPortaria%25201272-MD.htm&amp;sa=D&amp;sntz=1&amp;usg=AOvVaw0zvoDGcbjMznM-Xx0EMbNU\" target=\"_blank\" rel=\"noopener\">Portaria n\u00ba 1.272, de 20.3.2020<\/a><\/span> &#8211; Aprova\u00e7\u00e3o da Diretriz Ministerial de Execu\u00e7\u00e3o n\u00ba 7\/2020, que autoriza a execu\u00e7\u00e3o das a\u00e7\u00f5es de apoio para mitigar os impactos do COVID-19<\/p><\/li><li class=\"TYR86d wXCUfe zfr3Q\" dir=\"ltr\"><p class=\"CDt4Ke zfr3Q\" dir=\"ltr\"><span class=\" aw5Odc\"><a class=\"XqQF9c\" href=\"http:\/\/www.google.com\/url?q=http%3A%2F%2Fwww.planalto.gov.br%2FCCIVIL_03%2FPortaria%2FPRT%2FPortaria%2520n%25C2%25BA%25201501-me-serf.htm&amp;sa=D&amp;sntz=1&amp;usg=AOvVaw0IT2A7ORX9tbmA02c1_Wwj\" target=\"_blank\" rel=\"noopener\">Portaria n\u00ba 1.501, de 20.3.2020<\/a><\/span> &#8211; Suspende as atividades de atendimento presencial do Centro de Atendimento ao Contribuinte (CAC) da Alf\u00e2ndega da Receita Federal do Brasil em S\u00e3o Paulo.<\/p><\/li><li class=\"TYR86d wXCUfe zfr3Q\" dir=\"ltr\"><p class=\"CDt4Ke zfr3Q\" dir=\"ltr\"><span class=\" aw5Odc\"><a class=\"XqQF9c\" href=\"http:\/\/www.google.com\/url?q=http%3A%2F%2Fwww.planalto.gov.br%2FCCIVIL_03%2F_Ato2019-2022%2F2020%2FMpv%2Fmpv926.htm&amp;sa=D&amp;sntz=1&amp;usg=AOvVaw3ZRNqsv53MSdC2ZF_ep7xv\" target=\"_blank\" rel=\"noopener\">Medida Provis\u00f3ria n\u00ba 926, de 20.3.2020<\/a><\/span> &#8211; Altera a Lei n\u00ba 13.979, de 6 de fevereiro de 2020, para dispor sobre procedimentos para aquisi\u00e7\u00e3o de bens, servi\u00e7os e insumos destinados ao enfrentamento da emerg\u00eancia de sa\u00fade p\u00fablica de import\u00e2ncia internacional decorrente do coronav\u00edrus.<\/p><\/li><li class=\"TYR86d wXCUfe zfr3Q\" dir=\"ltr\"><p class=\"CDt4Ke zfr3Q\" dir=\"ltr\"><span class=\" aw5Odc\"><a class=\"XqQF9c\" href=\"http:\/\/www.google.com\/url?q=http%3A%2F%2Fwww.planalto.gov.br%2FCCIVIL_03%2FPortaria%2FPRT%2FPortaria-543-ME.htm&amp;sa=D&amp;sntz=1&amp;usg=AOvVaw1BefD7t8PljT9l9TACNZVc\" target=\"_blank\" rel=\"noopener\">Portaria n\u00ba 543, de 20.3.2020<\/a><\/span> &#8211; Estabelece, em car\u00e1ter tempor\u00e1rio, regras para o atendimento presencial nas unidades de atendimento, e suspende o prazo para pr\u00e1tica de atos processuais e os procedimentos administrativos que especifica, no \u00e2mbito da Secretaria Especial da Receita Federal do Brasil (RFB), como medida de prote\u00e7\u00e3o para enfrentamento da emerg\u00eancia de sa\u00fade p\u00fablica decorrente do coronav\u00edrus (Covid-19).<\/p><\/li><li class=\"TYR86d wXCUfe zfr3Q\" dir=\"ltr\"><p class=\"CDt4Ke zfr3Q\" dir=\"ltr\"><span class=\" aw5Odc\"><a class=\"XqQF9c\" href=\"http:\/\/www.google.com\/url?q=http%3A%2F%2Fwww.planalto.gov.br%2FCCIVIL_03%2FPortaria%2FPRT%2FPortaria%2520n%25C2%25BA%2520467-20-ms.htm&amp;sa=D&amp;sntz=1&amp;usg=AOvVaw2pGiPcoJks0Y6KPQn5-EIl\" target=\"_blank\" rel=\"noopener\">Portaria n\u00ba 467, de 20.3.2020<\/a><\/span> &#8211; Disp\u00f5e, em car\u00e1ter excepcional e tempor\u00e1rio, sobre as a\u00e7\u00f5es de Telemedicina, com o objetivo de regulamentar e operacionalizar as medidas de enfrentamento da emerg\u00eancia de sa\u00fade p\u00fablica de import\u00e2ncia internacional previstas no art. 3\u00ba da Lei n\u00ba 13.979, de 6 de fevereiro de 2020, decorrente da epidemia de COVID-19.<\/p><\/li><li class=\"TYR86d wXCUfe zfr3Q\" dir=\"ltr\"><p class=\"CDt4Ke zfr3Q\" dir=\"ltr\"><span class=\" aw5Odc\"><a class=\"XqQF9c\" href=\"http:\/\/www.google.com\/url?q=http%3A%2F%2Fwww.planalto.gov.br%2FCCIVIL_03%2FPortaria%2Fprt454-20-ms.htm&amp;sa=D&amp;sntz=1&amp;usg=AOvVaw1kQSXKZTz3fFEAWewv0H3Q\" target=\"_blank\" rel=\"noopener\">Portaria n\u00ba 454, de 20.3.2020<\/a><\/span> &#8211; Declara, em todo o territ\u00f3rio nacional, o estado de transmiss\u00e3o comunit\u00e1ria do coronav\u00edrus (covid-19).<\/p><\/li><li class=\"TYR86d wXCUfe zfr3Q\" dir=\"ltr\"><p class=\"CDt4Ke zfr3Q\" dir=\"ltr\"><span class=\" aw5Odc\"><a class=\"XqQF9c\" href=\"http:\/\/www.google.com\/url?q=http%3A%2F%2Fwww.planalto.gov.br%2FCCIVIL_03%2FPortaria%2FPRT%2FPortaria%2520n%25C2%25BA%2520412-20-me-inss.htm&amp;sa=D&amp;sntz=1&amp;usg=AOvVaw1nclcmbmFM8HxDnrOZNWNA\" target=\"_blank\" rel=\"noopener\">Portaria n\u00ba 412, de 20.3.2020<\/a><\/span> &#8211; Disp\u00f5e sobre a manuten\u00e7\u00e3o de direitos dos segurados e benefici\u00e1rios do INSS em raz\u00e3o das medidas restritivas no atendimento ao p\u00fablico para enfrentamento da emerg\u00eancia de sa\u00fade p\u00fablica de import\u00e2ncia internacional decorrente da pandemia do coronav\u00edrus (COVID-19).<\/p><\/li><li class=\"TYR86d wXCUfe zfr3Q\" dir=\"ltr\"><p class=\"CDt4Ke zfr3Q\" dir=\"ltr\"><span class=\" aw5Odc\"><a class=\"XqQF9c\" href=\"http:\/\/www.google.com\/url?q=http%3A%2F%2Fwww.planalto.gov.br%2FCCIVIL_03%2FPortaria%2FPRT%2FPortaria%2520n%25C2%25BA%2520356-20-mec.htm&amp;sa=D&amp;sntz=1&amp;usg=AOvVaw1ceToImO5aK5uCen_lnqcG\" target=\"_blank\" rel=\"noopener\">Portaria n\u00ba 356, de 20.3.2020<\/a><\/span> &#8211; Disp\u00f5e sobre a atua\u00e7\u00e3o dos alunos dos cursos da \u00e1rea de sa\u00fade no combate \u00e0 pandemia do COVID-19 (coronav\u00edrus).<\/p><\/li><li class=\"TYR86d wXCUfe zfr3Q\" dir=\"ltr\"><p class=\"CDt4Ke zfr3Q\" dir=\"ltr\"><span class=\" aw5Odc\"><a class=\"XqQF9c\" href=\"http:\/\/www.google.com\/url?q=http%3A%2F%2Fwww.planalto.gov.br%2FCCIVIL_03%2FPortaria%2FPRT%2FPortaria%2520n%25C2%25BA%2520335-20-mcid.htm&amp;sa=D&amp;sntz=1&amp;usg=AOvVaw0J_Kg4LBqrLn_4aBLY1NF5\" target=\"_blank\" rel=\"noopener\">Portaria n\u00ba 335, de 20.3.2020<\/a><\/span> &#8211; Estabelece medidas emergenciais na gest\u00e3o do Programa Bolsa Fam\u00edlia, criado pela Lei n\u00ba 10.836, de 9 de janeiro de 2004, e do Cadastro \u00danico para Programas Sociais do Governo Federal, regulamentado pelo Decreto n\u00ba 6.135, de 26 de junho de 2007, em decorr\u00eancia da Emerg\u00eancia em Sa\u00fade P\u00fablica de Import\u00e2ncia Nacional.<\/p><\/li><li class=\"TYR86d wXCUfe zfr3Q\" dir=\"ltr\"><p class=\"CDt4Ke zfr3Q\" dir=\"ltr\"><span class=\" aw5Odc\"><a class=\"XqQF9c\" href=\"http:\/\/www.google.com\/url?q=http%3A%2F%2Fwww.planalto.gov.br%2FCCIVIL_03%2FPortaria%2FResolucao%2520n%25C2%25BA%2520352-ANVISA.htm&amp;sa=D&amp;sntz=1&amp;usg=AOvVaw3dSNVzblAkCoi0JN-GwANx\" target=\"_blank\" rel=\"noopener\">Resolu\u00e7\u00e3o n\u00ba 352, de 20.3.2020<\/a><\/span> &#8211; Disp\u00f5e sobre a autoriza\u00e7\u00e3o pr\u00e9via para fins de exporta\u00e7\u00e3o de cloroquina e hidroxicloroquina e de produtos sujeitos \u00e0 vigil\u00e2ncia sanit\u00e1ria destinados ao combate da Covid-19.<\/p><\/li><li class=\"TYR86d wXCUfe zfr3Q\" dir=\"ltr\"><p class=\"CDt4Ke zfr3Q\" dir=\"ltr\"><span class=\" aw5Odc\"><a class=\"XqQF9c\" href=\"http:\/\/www.google.com\/url?q=http%3A%2F%2Fwww.planalto.gov.br%2FCCIVIL_03%2FPortaria%2F_Outros%2FDecisao%252043-coren-ce.htm&amp;sa=D&amp;sntz=1&amp;usg=AOvVaw1Rv-brDlrrZKo-P7wNBxxd\" target=\"_blank\" rel=\"noopener\">Decis\u00e3o n\u00ba 43, de 20.3.2020<\/a><\/span> &#8211; Determina as estrat\u00e9gias de atua\u00e7\u00e3o emergencial para o enfrentamento \u00e0 pandemia de Coronav\u00edrus (COVID-19) no \u00e2mbito do Conselho Regional de Enfermagem do Cear\u00e1 e d\u00e1 outras provid\u00eancias.<\/p><\/li><li class=\"TYR86d wXCUfe zfr3Q\" dir=\"ltr\"><p class=\"CDt4Ke zfr3Q\" dir=\"ltr\"><span class=\" aw5Odc\"><a class=\"XqQF9c\" href=\"http:\/\/www.google.com\/url?q=http%3A%2F%2Fwww.planalto.gov.br%2FCCIVIL_03%2FPortaria%2FPRT%2FPortaria%2520n%25C2%25BA%252018-20-me-seceai.htm&amp;sa=D&amp;sntz=1&amp;usg=AOvVaw3VoCroJHWUcPsBKYZhNpEe\" target=\"_blank\" rel=\"noopener\">Portaria n\u00ba 18, de 20.3.2020<\/a><\/span> &#8211; Suspende a exig\u00eancia de licenciamento de importa\u00e7\u00e3o para os produtos referidos na Resolu\u00e7\u00e3o CAMEX n\u00ba 26, de 29 de abril de 2015, publicada no D.O.U. de 30 de abril de 2015, e na Resolu\u00e7\u00e3o CAMEX n\u00ba 58, de 19 de junho de 2015, publicada no D.O.U. de 22 de junho de 2015.<\/p><\/li><li class=\"TYR86d wXCUfe zfr3Q\" dir=\"ltr\"><p class=\"CDt4Ke zfr3Q\" dir=\"ltr\"><span class=\" aw5Odc\"><a class=\"XqQF9c\" href=\"http:\/\/www.google.com\/url?q=http%3A%2F%2Fwww.planalto.gov.br%2FCCIVIL_03%2FPortaria%2FPRT%2FPortaria%2520n%25C2%25BA%252017-20-me-serf.htm&amp;sa=D&amp;sntz=1&amp;usg=AOvVaw1_ru7gIcNCOlIeDwCD7NKt\" target=\"_blank\" rel=\"noopener\">Portaria n\u00ba 17, de 20.3.2020<\/a><\/span> &#8211; Disp\u00f5e sobre o atendimento ao contribuinte na Delegacia da Receita Federal do Brasil em Sete Lagoas\/MG &#8211; Centro de Atendimento ao Contribuinte (CAC) e nas Ag\u00eancias da Receita Federal do Brasil em Lagoa Santa\/MG, Curvelo\/MG, Diamantina\/MG e Paracatu\/MG &#8211; em car\u00e1ter excepcional, para o enfrentamento da emerg\u00eancia de sa\u00fade p\u00fablica de import\u00e2ncia internacional decorrente do Coronav\u00edrus (COVID-19).<\/p><\/li><li class=\"TYR86d wXCUfe zfr3Q\" dir=\"ltr\"><p class=\"CDt4Ke zfr3Q\" dir=\"ltr\"><span class=\" aw5Odc\"><a class=\"XqQF9c\" href=\"http:\/\/www.google.com\/url?q=http%3A%2F%2Fwww.planalto.gov.br%2FCCIVIL_03%2FPortaria%2FPRT%2FPortaria%2520n%25C2%25BA%252017-20-crp18.htm&amp;sa=D&amp;sntz=1&amp;usg=AOvVaw1hiI3vi3UAeYlvD1-lg39b\" target=\"_blank\" rel=\"noopener\">Portaria n\u00ba 17, de 20.3.2020<\/a><\/span> &#8211; Altera as medidas administravas tempor\u00e1rias para prevenir cont\u00e1gio pelo novo coronav\u00edrus (COVID-19), no \u00e2mbito de jurisdi\u00e7\u00e3o do CRP\/18\u00aa Regi\u00e3o, dispostas na Portaria CRPMT n\u00ba 016, de 17 de mar\u00e7o de 2020.<\/p><\/li><li class=\"TYR86d wXCUfe zfr3Q\" dir=\"ltr\"><p class=\"CDt4Ke zfr3Q\" dir=\"ltr\"><span class=\" aw5Odc\"><a class=\"XqQF9c\" href=\"http:\/\/www.google.com\/url?q=http%3A%2F%2Fwww.planalto.gov.br%2FCCIVIL_03%2FPortaria%2FPRT%2FPortaria%2520n%25C2%25BA%252011-20-me-serf-contagem.htm&amp;sa=D&amp;sntz=1&amp;usg=AOvVaw3pP1dNb6ZrijlhXWvHOR_b\" target=\"_blank\" rel=\"noopener\">Portaria n\u00ba 11, de 20.3.2020<\/a><\/span> &#8211; Estabelece medidas quanto ao funcionamento das unidades de atendimento no \u00e2mbito da Delegacia da Receita Federal do Brasil em Contagem\/MG &#8211; Centro de Atendimento ao Contribuinte (CAC) &#8211; e Ag\u00eancia da Receita Federal do Brasil em Betim\/MG &#8211; em car\u00e1ter excepcional, considerando o estado de emerg\u00eancia de sa\u00fade p\u00fablica de import\u00e2ncia internacional decorrente do Coronav\u00edrus (Codiv-19).<\/p><\/li><li class=\"TYR86d wXCUfe zfr3Q\" dir=\"ltr\"><p class=\"CDt4Ke zfr3Q\" dir=\"ltr\"><span class=\" aw5Odc\"><a class=\"XqQF9c\" href=\"http:\/\/www.google.com\/url?q=http%3A%2F%2Fwww.planalto.gov.br%2FCCIVIL_03%2FPortaria%2FPRT%2FPortaria%2520n%25C2%25BA%252010-20-me-serf-bauru.htm&amp;sa=D&amp;sntz=1&amp;usg=AOvVaw1zJVx8v5QeOd_Ht1PPPCAp\" target=\"_blank\" rel=\"noopener\">Portaria n\u00ba 10, de 20.3.2020<\/a><\/span> &#8211; Disciplina o atendimento ao contribuinte na Delegacia da Receita Federal do Brasil em Bauru e em suas unidades jurisdicionais para o enfrentamento da emerg\u00eancia de sa\u00fade p\u00fablica de import\u00e2ncia internacional decorrente do coronav\u00edrus(COVID-19).<\/p><\/li><li class=\"TYR86d wXCUfe zfr3Q\" dir=\"ltr\"><p class=\"CDt4Ke zfr3Q\" dir=\"ltr\"><span class=\" aw5Odc\"><a class=\"XqQF9c\" href=\"http:\/\/www.google.com\/url?q=http%3A%2F%2Fwww.planalto.gov.br%2FCCIVIL_03%2FPortaria%2FPRT%2FPortaria%2520n%25C2%25BA%252010-20-crp7.htm&amp;sa=D&amp;sntz=1&amp;usg=AOvVaw2ztyMRrt9jq5eM2lWz3uF9\" target=\"_blank\" rel=\"noopener\">Portaria n\u00ba 10, de 20.3.2020<\/a><\/span> &#8211; Estabelecimento de medidas tempor\u00e1rias de preven\u00e7\u00e3o ao cont\u00e1gio de pessoas pelo Novo Coronav\u00edrus (COVID-19) em todas as depend\u00eancias do Conselho Regional de Psicologia da 7\u00aa Regi\u00e3o.<\/p><\/li><li class=\"TYR86d wXCUfe zfr3Q\" dir=\"ltr\"><p class=\"CDt4Ke zfr3Q\" dir=\"ltr\"><span class=\" aw5Odc\"><a class=\"XqQF9c\" href=\"http:\/\/www.google.com\/url?q=http%3A%2F%2Fwww.planalto.gov.br%2FCCIVIL_03%2FPortaria%2FPRT%2FPortaria%2520n%25C2%25BA%25209-20-me-serf-franca.htm&amp;sa=D&amp;sntz=1&amp;usg=AOvVaw02yBASb2Txj5vbAZ-A_tqW\" target=\"_blank\" rel=\"noopener\">Portaria n\u00ba 9, de 20.3.2020<\/a><\/span> &#8211; Suspende o funcionamento da Ag\u00eancia da Receita Federal em Barretos-SP.<\/p><\/li><li class=\"TYR86d wXCUfe zfr3Q\" dir=\"ltr\"><p class=\"CDt4Ke zfr3Q\" dir=\"ltr\"><span class=\" aw5Odc\"><a class=\"XqQF9c\" href=\"http:\/\/www.google.com\/url?q=http%3A%2F%2Fwww.planalto.gov.br%2FCCIVIL_03%2FPortaria%2FPRT%2FPortaria%2520n%25C2%25BA%25208-20-me-serf-juizfora.htm&amp;sa=D&amp;sntz=1&amp;usg=AOvVaw2Omax8K146KiMP8jA9nb47\" target=\"_blank\" rel=\"noopener\">Portaria n\u00ba 8, de 20.3.2020<\/a><\/span> &#8211; Suspens\u00e3o funcionamento das unidades da DRF\/JFA e Ag\u00eancias em decorr\u00eancia do Coronav\u00edrus (COVID-19)<\/p><\/li><li class=\"TYR86d wXCUfe zfr3Q\" dir=\"ltr\"><p class=\"CDt4Ke zfr3Q\" dir=\"ltr\"><span class=\" aw5Odc\"><a class=\"XqQF9c\" href=\"http:\/\/www.google.com\/url?q=http%3A%2F%2Fwww.planalto.gov.br%2FCCIVIL_03%2FPortaria%2FPRT%2FPortaria%2520n%25C2%25BA%25205-20-me-serf-varginha.htm&amp;sa=D&amp;sntz=1&amp;usg=AOvVaw3342XnRnNYMkASvyRkNbqS\" target=\"_blank\" rel=\"noopener\">Portaria n\u00ba 5, de 20.3.2020<\/a><\/span> &#8211; Disp\u00f5e sobre o atendimento ao contribuinte na Delegacia da Receita Federal em Varginha, Ag\u00eancia da Receita Federal em Pouso Alegre\/MG, para o enfrentamento da emerg\u00eancia de sa\u00fade p\u00fablica de import\u00e2ncia internacional decorrente do coronav\u00edrus (COVID-19).<\/p><\/li><li class=\"TYR86d wXCUfe zfr3Q\" dir=\"ltr\"><p class=\"CDt4Ke zfr3Q\" dir=\"ltr\"><span class=\" aw5Odc\"><a class=\"XqQF9c\" href=\"http:\/\/www.google.com\/url?q=http%3A%2F%2Fwww.planalto.gov.br%2FCCIVIL_03%2FPortaria%2FPRT%2FPortaria%2520n%25C2%25BA%25204-20-me-serf-varginha.htm&amp;sa=D&amp;sntz=1&amp;usg=AOvVaw1B3s4zydH6bfrs64Gbe1rW\" target=\"_blank\" rel=\"noopener\">Portaria n\u00ba 4, de 20.3.2020<\/a><\/span> &#8211; Disp\u00f5e sobre o atendimento ao contribuinte na Delegacia da Receita Federal em Varginha, Ag\u00eancia da Receita Federal em Lavras\/MG, para o enfrentamento da emerg\u00eancia de sa\u00fade p\u00fablica de import\u00e2ncia internacional decorrente do coronav\u00edrus (COVID-19).<\/p><\/li><li class=\"TYR86d wXCUfe zfr3Q\" dir=\"ltr\"><p class=\"CDt4Ke zfr3Q\" dir=\"ltr\"><span class=\" aw5Odc\"><a class=\"XqQF9c\" href=\"http:\/\/www.google.com\/url?q=http%3A%2F%2Fwww.planalto.gov.br%2FCCIVIL_03%2FPortaria%2FPRT%2FPortaria%2520n%25C2%25BA%25203-20-me-serf-varginha.htm&amp;sa=D&amp;sntz=1&amp;usg=AOvVaw0p6KTAgsrVlQj5uAruUd1w\" target=\"_blank\" rel=\"noopener\">Portaria n\u00ba 3, de 20.3.2020<\/a><\/span> &#8211; Disp\u00f5e sobre o atendimento ao contribuinte na Delegacia da Receita Federal em Varginha, Ag\u00eancia da Receita Federal em Itajub\u00e1\/MG, para o enfrentamento da emerg\u00eancia de sa\u00fade p\u00fablica de import\u00e2ncia internacional decorrente do coronav\u00edrus (COVID-19).<\/p><\/li><li class=\"TYR86d wXCUfe zfr3Q\" dir=\"ltr\"><p class=\"CDt4Ke zfr3Q\" dir=\"ltr\"><span class=\" aw5Odc\"><a class=\"XqQF9c\" href=\"http:\/\/www.google.com\/url?q=http%3A%2F%2Fwww.planalto.gov.br%2FCCIVIL_03%2FPortaria%2FPRT%2FPortaria%2520n%25C2%25BA%25202-20-me-serf-varginha.htm&amp;sa=D&amp;sntz=1&amp;usg=AOvVaw0cTaqWG2_dizOr89NopghM\" target=\"_blank\" rel=\"noopener\">Portaria n\u00ba 2, de 20.3.2020<\/a><\/span> &#8211; Disp\u00f5e sobre o atendimento ao contribuinte na Delegacia da Receita Federal em Varginha, Ag\u00eancia da Receita Federal em Alfenas\/MG, para o enfrentamento da emerg\u00eancia de sa\u00fade p\u00fablica de import\u00e2ncia internacional decorrente do coronav\u00edrus (COVID-19).<\/p><\/li><li class=\"TYR86d wXCUfe zfr3Q\" dir=\"ltr\"><p class=\"CDt4Ke zfr3Q\" dir=\"ltr\"><span class=\" aw5Odc\"><a class=\"XqQF9c\" href=\"http:\/\/www.google.com\/url?q=http%3A%2F%2Fwww.planalto.gov.br%2FCCIVIL_03%2FPortaria%2FPRT%2FPortaria%2520n%25C2%25BA%25201-20-me-serf-varginha.htm&amp;sa=D&amp;sntz=1&amp;usg=AOvVaw1UxcZODVAlIySlCkuCmj9G\" target=\"_blank\" rel=\"noopener\">Portaria n\u00ba 1, de 20.3.2020<\/a><\/span> &#8211; Disp\u00f5e sobre o atendimento ao contribuinte na Delegacia da Receita Federal em Varginha, Centro de Atendimento ao Contribuinte &#8211; CAC, para o enfrentamento da emerg\u00eancia de sa\u00fade p\u00fablica de import\u00e2ncia internacional decorrente do coronav\u00edrus (COVID-19).<\/p><\/li><li class=\"TYR86d wXCUfe zfr3Q\" dir=\"ltr\"><p class=\"CDt4Ke zfr3Q\" dir=\"ltr\"><span class=\" aw5Odc\"><a class=\"XqQF9c\" href=\"http:\/\/www.google.com\/url?q=http%3A%2F%2Fwww.planalto.gov.br%2FCCIVIL_03%2FPortaria%2FDLG6-2020.htm&amp;sa=D&amp;sntz=1&amp;usg=AOvVaw0G4jKYJPbzL2No5pOXtbGj\" target=\"_blank\" rel=\"noopener\">Decreto Legislativo n\u00ba 6, de 20.3.2020<\/a><\/span> &#8211; Reconhece, para os fins do art. 65 da Lei Complementar n\u00ba 101, de 4 de maio de 2000, a ocorr\u00eancia do estado de calamidade p\u00fablica, nos termos da solicita\u00e7\u00e3o do Presidente da Rep\u00fablica encaminhada por meio da Mensagem n\u00ba 93, de 18 de mar\u00e7o de 2020.<\/p><\/li><li class=\"TYR86d wXCUfe zfr3Q\" dir=\"ltr\"><p class=\"CDt4Ke zfr3Q\" dir=\"ltr\"><span class=\" aw5Odc\"><a class=\"XqQF9c\" href=\"http:\/\/www.google.com\/url?q=http%3A%2F%2Fwww.planalto.gov.br%2FCCIVIL_03%2FPortaria%2FPRT%2FPortaria%2520n%25C2%25BA%25201-20-mcidadania-sep.htm&amp;sa=D&amp;sntz=1&amp;usg=AOvVaw2BGR_yV4sy_4kVitwiClBi\" target=\"_blank\" rel=\"noopener\">Portaria n\u00ba 1, de 20.3.2020<\/a><\/span> &#8211; Estabelece a amplia\u00e7\u00e3o do prazo de validade das certid\u00f5es emitidas em decorr\u00eancia do atendimento dos artigos 18 e 18-A da Lei n\u00ba 9.615, de 24 de mar\u00e7o de 1998, em raz\u00e3o da situa\u00e7\u00e3o de Emerg\u00eancia de Sa\u00fade P\u00fablica de Import\u00e2ncia Internacional decorrente do Coronav\u00edrus (COVID-19).<\/p><\/li><li class=\"TYR86d wXCUfe zfr3Q\" dir=\"ltr\"><p class=\"CDt4Ke zfr3Q\" dir=\"ltr\"><span class=\" aw5Odc\"><a class=\"XqQF9c\" href=\"http:\/\/www.google.com\/url?q=http%3A%2F%2Fwww.planalto.gov.br%2FCCIVIL_03%2FPortaria%2FPRT%2FPortaria%2520n%25C2%25BA%25208024-20-ME-SEPT.htm&amp;sa=D&amp;sntz=1&amp;usg=AOvVaw3U7DQevDFxGZe23br-GoxI\" target=\"_blank\" rel=\"noopener\">Portaria n\u00ba 8.024, de 19.3.2020<\/a><\/span> &#8211; Disp\u00f5e sobre o atendimento dos segurados e benefici\u00e1rios do Instituto Nacional do Seguro Social durante o per\u00edodo de enfrentamento da emerg\u00eancia de sa\u00fade p\u00fablica de import\u00e2ncia internacional decorrente da pandemia do coronav\u00edrus (COVID-19). (Processo n\u00ba 10128.106029\/2020-73).<\/p><\/li><li class=\"TYR86d wXCUfe zfr3Q\" dir=\"ltr\"><p class=\"CDt4Ke zfr3Q\" dir=\"ltr\"><span class=\" aw5Odc\"><a class=\"XqQF9c\" href=\"http:\/\/www.google.com\/url?q=http%3A%2F%2Fwww.planalto.gov.br%2FCCIVIL_03%2FPortaria%2FPRT%2FPortaria%2520n%25C2%25BA%25208012-20-ME-PGFN.htm&amp;sa=D&amp;sntz=1&amp;usg=AOvVaw2U3rfbGqq2GXiE_RbEblA_\" target=\"_blank\" rel=\"noopener\">Portaria n\u00ba 8.012, de 19.3.2020<\/a><\/span> &#8211; Estabelece medidas tempor\u00e1rias, no \u00e2mbito da gest\u00e3o administrativa da Procuradoria-Geral da Fazenda Nacional &#8211; PGFN, de preven\u00e7\u00e3o ao cont\u00e1gio do covid-19, considerada a classifica\u00e7\u00e3o de pandemia pela Organiza\u00e7\u00e3o Mundial de Sa\u00fade &#8211; OMS e o disposto na Portaria ME n\u00ba 96, de 17 de mar\u00e7o de 2020.<\/p><\/li><li class=\"TYR86d wXCUfe zfr3Q\" dir=\"ltr\"><p class=\"CDt4Ke zfr3Q\" dir=\"ltr\"><span class=\" aw5Odc\"><a class=\"XqQF9c\" href=\"http:\/\/www.google.com\/url?q=http%3A%2F%2Fwww.planalto.gov.br%2FCCIVIL_03%2FPortaria%2FPRT%2FPortaria%2520n%25C2%25BA%25207957-20-me-pgfn.htm&amp;sa=D&amp;sntz=1&amp;usg=AOvVaw0HNc7nk_Yly7t1brKSLBH4\" target=\"_blank\" rel=\"noopener\">Portaria n\u00ba 7.957, de 19.3.2020<\/a><\/span> &#8211; Representa\u00e7\u00e3o da Uni\u00e3o \u00e0 dist\u00e2ncia, por meio de sistema eletr\u00f4nico em assembleias gerais.<\/p><\/li><li class=\"TYR86d wXCUfe zfr3Q\" dir=\"ltr\"><p class=\"CDt4Ke zfr3Q\" dir=\"ltr\"><span class=\" aw5Odc\"><a class=\"XqQF9c\" href=\"http:\/\/www.google.com\/url?q=http%3A%2F%2Fwww.planalto.gov.br%2FCCIVIL_03%2FPortaria%2Fcircular%2520n%25C2%25BA%25203991-20-me-Bacen-dg.htm&amp;sa=D&amp;sntz=1&amp;usg=AOvVaw1B_rBxVr_iIjnf-tiSG-lb\" target=\"_blank\" rel=\"noopener\">Circular n\u00ba 3.991, de 19.3.2020<\/a><\/span> &#8211; Disp\u00f5e sobre o hor\u00e1rio de atendimento ao p\u00fablico nas depend\u00eancias das institui\u00e7\u00f5es financeiras e demais institui\u00e7\u00f5es autorizadas a funcionar pelo Banco Central do Brasil enquanto perdurar a situa\u00e7\u00e3o de risco \u00e0 sa\u00fade p\u00fablica decorrente do novo Coronav\u00edrus (Covid-19).<\/p><\/li><li class=\"TYR86d wXCUfe zfr3Q\" dir=\"ltr\"><p class=\"CDt4Ke zfr3Q\" dir=\"ltr\"><span class=\" aw5Odc\"><a class=\"XqQF9c\" href=\"http:\/\/www.google.com\/url?q=http%3A%2F%2Fwww.planalto.gov.br%2FCCIVIL_03%2FPortaria%2FPRT%2FPortaria%2520n%25C2%25BA%25201153-20-mct.htm&amp;sa=D&amp;sntz=1&amp;usg=AOvVaw2fjZHCn1F4KFh5M0TmDgp5\" target=\"_blank\" rel=\"noopener\">Portaria n\u00ba 1.153, de 19.3.2020<\/a><\/span> &#8211; Cria o Comit\u00ea de Crise para Supervis\u00e3o e Monitoramento dos Impactos da Covid-19 no \u00e2mbito das Comunica\u00e7\u00f5es (REDE CONECTADA MCTIC) e estabelece diretrizes a serem adotadas pela Ag\u00eancia Nacional de Telecomunica\u00e7\u00f5es &#8211; Anatel.<\/p><\/li><li class=\"TYR86d wXCUfe zfr3Q\" dir=\"ltr\"><p class=\"CDt4Ke zfr3Q\" dir=\"ltr\"><span class=\" aw5Odc\"><a class=\"XqQF9c\" href=\"http:\/\/www.google.com\/url?q=http%3A%2F%2Fwww.planalto.gov.br%2FCCIVIL_03%2FPortaria%2Fprt683-20-mmfdh.htm&amp;sa=D&amp;sntz=1&amp;usg=AOvVaw3YK_5SwzNfXeOassNe4g_R\" target=\"_blank\" rel=\"noopener\">Portaria n\u00ba 683, de 19.3.2020<\/a><\/span> &#8211; Disp\u00f5e sobre a institui\u00e7\u00e3o de comit\u00ea t\u00e9cnico para elabora\u00e7\u00e3o de iniciativas de promo\u00e7\u00e3o e defesa dos Direitos Humanos, considerando a situa\u00e7\u00e3o de emerg\u00eancia de sa\u00fade p\u00fablica de import\u00e2ncia internacional decorrente do coronav\u00edrus (COVID-19).<\/p><\/li><li class=\"TYR86d wXCUfe zfr3Q\" dir=\"ltr\"><p class=\"CDt4Ke zfr3Q\" dir=\"ltr\"><span class=\" aw5Odc\"><a class=\"XqQF9c\" href=\"http:\/\/www.google.com\/url?q=http%3A%2F%2Fwww.planalto.gov.br%2FCCIVIL_03%2FPortaria%2FPRT%2FPortaria%2520n%25C2%25BA%2520491-20-mec.htm&amp;sa=D&amp;sntz=1&amp;usg=AOvVaw2rPfXz96p5TAQvLpLHI6IF\" target=\"_blank\" rel=\"noopener\">Portaria n\u00ba 491, de 19.3.2020<\/a><\/span> &#8211; Estabelece medidas tempor\u00e1rias de preven\u00e7\u00e3o ao cont\u00e1gio pelo Novo Coronav\u00edrus (COVID-19) no \u00e2mbito do Minist\u00e9rio da Educa\u00e7\u00e3o.<\/p><\/li><li class=\"TYR86d wXCUfe zfr3Q\" dir=\"ltr\"><p class=\"CDt4Ke zfr3Q\" dir=\"ltr\"><span class=\" aw5Odc\"><a class=\"XqQF9c\" href=\"http:\/\/www.google.com\/url?q=http%3A%2F%2Fwww.planalto.gov.br%2FCCIVIL_03%2FPortaria%2FPRT%2FPortaria%2520n%25C2%25BA%2520430-20-ms.htm&amp;sa=D&amp;sntz=1&amp;usg=AOvVaw0RtWtTeKl3sBjuthZtHD5T\" target=\"_blank\" rel=\"noopener\">Portaria n\u00ba 430, de 19.3.2020<\/a><\/span> &#8211; Estabelece incentivo financeiro federal de custeio no \u00e2mbito da Aten\u00e7\u00e3o Prim\u00e1ria \u00e0 Sa\u00fade, em car\u00e1ter excepcional e tempor\u00e1rio, com o objetivo de apoiar o funcionamento em hor\u00e1rio estendido das Unidades de Sa\u00fade da Fam\u00edlia (USF) ou Unidades B\u00e1sicas de Sa\u00fade (UBS) no pa\u00eds, para enfrentamento da emerg\u00eancia de sa\u00fade p\u00fablica de import\u00e2ncia internacional decorrente do coronav\u00edrus (covid-19).<\/p><\/li><li class=\"TYR86d wXCUfe zfr3Q\" dir=\"ltr\"><p class=\"CDt4Ke zfr3Q\" dir=\"ltr\"><span class=\" aw5Odc\"><a class=\"XqQF9c\" href=\"http:\/\/www.google.com\/url?q=http%3A%2F%2Fwww.planalto.gov.br%2FCCIVIL_03%2FPortaria%2FPRT%2FPortaria%2520n%25C2%25BA%2520428-20-ms.htm&amp;sa=D&amp;sntz=1&amp;usg=AOvVaw1PTmC4nozDES6lYmpQE1xC\" target=\"_blank\" rel=\"noopener\">Portaria n\u00ba 428, de 19.3.2020<\/a><\/span> &#8211; Disp\u00f5e sobre as medidas de prote\u00e7\u00e3o para enfrentamento da emerg\u00eancia de sa\u00fade p\u00fablica de import\u00e2ncia internacional decorrente do coronav\u00edrus (covid-19) no \u00e2mbito das unidades do Minist\u00e9rio da Sa\u00fade no Distrito Federal e nos Estados.<\/p><\/li><li class=\"TYR86d wXCUfe zfr3Q\" dir=\"ltr\"><p class=\"CDt4Ke zfr3Q\" dir=\"ltr\"><span class=\" aw5Odc\"><a class=\"XqQF9c\" href=\"http:\/\/www.google.com\/url?q=http%3A%2F%2Fwww.planalto.gov.br%2FCCIVIL_03%2FPortaria%2FResolucao%2520n%25C2%25BA%2520351-ANVISA.htm&amp;sa=D&amp;sntz=1&amp;usg=AOvVaw3TC1Fuy6fjlYOhcuilWBqR\" target=\"_blank\" rel=\"noopener\">Resolu\u00e7\u00e3o n\u00ba 351, de 19.3.2020<\/a><\/span> &#8211; Disp\u00f5e sobre a autoriza\u00e7\u00e3o pr\u00e9via para fins de exporta\u00e7\u00e3o de cloroquina e hidroxicloroquina e de produtos sujeitos \u00e0 vigil\u00e2ncia sanit\u00e1ria destinados ao combate da Covid-19.<\/p><\/li><li class=\"TYR86d wXCUfe zfr3Q\" dir=\"ltr\"><p class=\"CDt4Ke zfr3Q\" dir=\"ltr\"><span class=\" aw5Odc\"><a class=\"XqQF9c\" href=\"http:\/\/www.google.com\/url?q=http%3A%2F%2Fwww.planalto.gov.br%2FCCIVIL_03%2FPortaria%2FRES%2FResolucao%2520n%25C2%25BA%2520350-ANVISA.htm&amp;sa=D&amp;sntz=1&amp;usg=AOvVaw0Pl4FA8Z5R3KHWAmhf4v5s\" target=\"_blank\" rel=\"noopener\">Resolu\u00e7\u00e3o n\u00ba 350, de 19.3.2020<\/a><\/span> &#8211; Define os crit\u00e9rios e os procedimentos extraordin\u00e1rios e tempor\u00e1rios para a fabrica\u00e7\u00e3o e comercializa\u00e7\u00e3o de prepara\u00e7\u00f5es antiss\u00e9pticas ou sanitizantes oficinais sem pr\u00e9via autoriza\u00e7\u00e3o da Anvisa e d\u00e1 outras provid\u00eancias, em virtude da emerg\u00eancia de sa\u00fade p\u00fablica internacional relacionada ao SARS-CoV-2.<\/p><\/li><li class=\"TYR86d wXCUfe zfr3Q\" dir=\"ltr\"><p class=\"CDt4Ke zfr3Q\" dir=\"ltr\"><span class=\" aw5Odc\"><a class=\"XqQF9c\" href=\"http:\/\/www.google.com\/url?q=http%3A%2F%2Fwww.planalto.gov.br%2FCCIVIL_03%2FPortaria%2FRES%2Fres-349-20-ms-anvisa.htm&amp;sa=D&amp;sntz=1&amp;usg=AOvVaw1kjbSKUBZiKsEN-jJ2W5_G\" target=\"_blank\" rel=\"noopener\">Resolu\u00e7\u00e3o n\u00ba 349, de 19.3.2020<\/a><\/span> &#8211; Define os crit\u00e9rios e os procedimentos extraordin\u00e1rios e tempor\u00e1rios para tratamento de peti\u00e7\u00f5es de regulariza\u00e7\u00e3o de equipamentos de prote\u00e7\u00e3o individual, de equipamentos m\u00e9dicos do tipo ventilador pulmonar e de outros dispositivos m\u00e9dicos identificados como estrat\u00e9gicos pela Anvisa, em virtude da emerg\u00eancia de sa\u00fade p\u00fablica internacional decorrente do novo Coronav\u00edrus e d\u00e1 outras provid\u00eancias.<\/p><\/li><li class=\"TYR86d wXCUfe zfr3Q\" dir=\"ltr\"><p class=\"CDt4Ke zfr3Q\" dir=\"ltr\"><span class=\" aw5Odc\"><a class=\"XqQF9c\" href=\"http:\/\/www.google.com\/url?q=http%3A%2F%2Fwww.planalto.gov.br%2FCCIVIL_03%2FPortaria%2FDLB%2Fdeliberacao%2520n%25C2%25BA%2520185-20-minfra.htm&amp;sa=D&amp;sntz=1&amp;usg=AOvVaw2QUMy2fj7Yygi_ysMMVki-\" target=\"_blank\" rel=\"noopener\">Delibera\u00e7\u00e3o n\u00ba 185, de 19.3.2020<\/a><\/span> &#8211; Disp\u00f5e sobre a amplia\u00e7\u00e3o e a interrup\u00e7\u00e3o de prazos de processos e de procedimentos afetos aos \u00f3rg\u00e3os e entidades do Sistema Nacional de Tr\u00e2nsito e \u00e0s entidades p\u00fablicas e privadas prestadoras de servi\u00e7os relacionados ao tr\u00e2nsito.<\/p><\/li><li class=\"TYR86d wXCUfe zfr3Q\" dir=\"ltr\"><p class=\"CDt4Ke zfr3Q\" dir=\"ltr\"><span class=\" aw5Odc\"><a class=\"XqQF9c\" href=\"http:\/\/www.google.com\/url?q=http%3A%2F%2Fwww.planalto.gov.br%2FCCIVIL_03%2FPortaria%2FPRT%2FPortaria%2520n%25C2%25BA%2520151E-20-mt-anc-dc.htm&amp;sa=D&amp;sntz=1&amp;usg=AOvVaw21YmwsPK3M93qB7OIjkK6D\" target=\"_blank\" rel=\"noopener\">Portaria n\u00ba 151-E, de 19.3.2020<\/a><\/span> &#8211; Estabelece, em car\u00e1ter excepcional, medidas administrativas para a mitiga\u00e7\u00e3o dos impactos do COVID-19 no setor audiovisual e no que se refere \u00e0s atribui\u00e7\u00f5es da Ag\u00eancia Nacional do Cinema &#8211; ANCINE, nos limites de sua compet\u00eancia.<\/p><\/li><li class=\"TYR86d wXCUfe zfr3Q\" dir=\"ltr\"><p class=\"CDt4Ke zfr3Q\" dir=\"ltr\"><span class=\" aw5Odc\"><a class=\"XqQF9c\" href=\"http:\/\/www.google.com\/url?q=http%3A%2F%2Fwww.planalto.gov.br%2FCCIVIL_03%2FPortaria%2FPRT%2FPortaria%2520n%25C2%25BA%2520151-20-cffto.htm&amp;sa=D&amp;sntz=1&amp;usg=AOvVaw0E5IcRrHiwJ0QuuoCx_9YA\" target=\"_blank\" rel=\"noopener\">Portaria n\u00ba 151, de 19.3.2020<\/a><\/span> &#8211; Disp\u00f5e sobre a cria\u00e7\u00e3o do Cadastro Nacional de Profissionais Volunt\u00e1rios (CNPV) para o enfrentamento da crise provocada pela pandemia da COVID-19.<\/p><\/li><li class=\"TYR86d wXCUfe zfr3Q\" dir=\"ltr\"><p class=\"CDt4Ke zfr3Q\" dir=\"ltr\"><span class=\" aw5Odc\"><a class=\"XqQF9c\" href=\"http:\/\/www.google.com\/url?q=http%3A%2F%2Fwww.planalto.gov.br%2FCCIVIL_03%2FPortaria%2FPRT%2FPortaria%2520n%25C2%25BA%2520141-20-mtur.htm&amp;sa=D&amp;sntz=1&amp;usg=AOvVaw0MvZfIS_2WhR__mxFF5YjH\" target=\"_blank\" rel=\"noopener\">Portaria n\u00ba 141, de 19.3.2020<\/a><\/span> &#8211; Altera dispositivos da Portaria n\u00ba 75, de 20 maio de 2015, com a reda\u00e7\u00e3o que lhe foi conferida pela Portaria n\u00ba 166, de 12 de junho de 2019, que aprova as normas gerais e crit\u00e9rios de aplica\u00e7\u00e3o dos recursos do Fundo Geral de Turismo &#8211; FUNGETUR em opera\u00e7\u00f5es de financiamento.<\/p><\/li><li class=\"TYR86d wXCUfe zfr3Q\" dir=\"ltr\"><p class=\"CDt4Ke zfr3Q\" dir=\"ltr\"><span class=\" aw5Odc\"><a class=\"XqQF9c\" href=\"http:\/\/www.google.com\/url?q=http%3A%2F%2Fwww.planalto.gov.br%2FCCIVIL_03%2FPortaria%2FPRT%2FPortaria%2520n%25C2%25BA%2520133-20-mma.htm&amp;sa=D&amp;sntz=1&amp;usg=AOvVaw3gSiqhRtWZgpqRE2B1RlXj\" target=\"_blank\" rel=\"noopener\">Portaria n\u00ba 133, de 19.3.2020<\/a><\/span> &#8211; Estabelece orienta\u00e7\u00f5es e diretrizes quanto \u00e0s medidas de prote\u00e7\u00e3o para enfrentamento da emerg\u00eancia de sa\u00fade p\u00fablica de import\u00e2ncia internacional decorrente do coronav\u00edrus (COVID-19), no \u00e2mbito Minist\u00e9rio do Meio Ambiente.<\/p><\/li><li class=\"TYR86d wXCUfe zfr3Q\" dir=\"ltr\"><p class=\"CDt4Ke zfr3Q\" dir=\"ltr\"><span class=\" aw5Odc\"><a class=\"XqQF9c\" href=\"http:\/\/www.google.com\/url?q=http%3A%2F%2Fwww.planalto.gov.br%2FCCIVIL_03%2FPortaria%2Fprt126-20-ccv.htm&amp;sa=D&amp;sntz=1&amp;usg=AOvVaw37qAg0SGfID3Kc_aVf-lds\" target=\"_blank\" rel=\"noopener\">Portaria n\u00ba 126, de 19.3.2020<\/a><\/span> &#8211; Disp\u00f5e sobre a restri\u00e7\u00e3o excepcional e tempor\u00e1ria de entrada no Pa\u00eds de estrangeiros provenientes dos pa\u00edses que relaciona, conforme recomenda\u00e7\u00e3o da Ag\u00eancia Nacional de Vigil\u00e2ncia Sanit\u00e1ria &#8211; Anvisa.<\/p><\/li><li class=\"TYR86d wXCUfe zfr3Q\" dir=\"ltr\"><p class=\"CDt4Ke zfr3Q\" dir=\"ltr\"><span class=\" aw5Odc\"><a class=\"XqQF9c\" href=\"http:\/\/www.google.com\/url?q=http%3A%2F%2Fwww.planalto.gov.br%2FCCIVIL_03%2FPortaria%2Fprt125-20-ccv.htm&amp;sa=D&amp;sntz=1&amp;usg=AOvVaw0ZQNF38hMBxiz--wAJjOeY\" target=\"_blank\" rel=\"noopener\">Portaria n\u00ba 125, de 19.3.2020<\/a><\/span> &#8211; Disp\u00f5e sobre a restri\u00e7\u00e3o excepcional e tempor\u00e1ria de entrada no Pa\u00eds de estrangeiros oriundos dos pa\u00edses que relaciona, conforme recomenda\u00e7\u00e3o da Ag\u00eancia Nacional de Vigil\u00e2ncia Sanit\u00e1ria &#8211; Anvisa.<\/p><\/li><li class=\"TYR86d wXCUfe zfr3Q\" dir=\"ltr\"><p class=\"CDt4Ke zfr3Q\" dir=\"ltr\"><span class=\" aw5Odc\"><a class=\"XqQF9c\" href=\"http:\/\/www.google.com\/url?q=http%3A%2F%2Fwww.planalto.gov.br%2FCCIVIL_03%2FPortaria%2FPRT%2FPortaria%2520n%25C2%25BA%2520111-20-antt.htm&amp;sa=D&amp;sntz=1&amp;usg=AOvVaw09IX4PsDoOI-tRcMuy5VUl\" target=\"_blank\" rel=\"noopener\">Portaria n\u00ba 111, de 19.3.2020<\/a><\/span> &#8211; Institui\u00e7\u00e3o do Comit\u00ea de Enfrentamento de Crise para supervis\u00e3o e monitoramento dos impactos do coronav\u00edrus (COVID-19) no \u00e2mbito da Ag\u00eancia Nacional de Transportes Terrestres &#8211; ANTT<\/p><\/li><li class=\"TYR86d wXCUfe zfr3Q\" dir=\"ltr\"><p class=\"CDt4Ke zfr3Q\" dir=\"ltr\"><span class=\" aw5Odc\"><a class=\"XqQF9c\" href=\"http:\/\/www.google.com\/url?q=http%3A%2F%2Fwww.planalto.gov.br%2FCCIVIL_03%2FPortaria%2FPRT%2FPortaria%2520n%25C2%25BA%252095-20-cremepe.htm&amp;sa=D&amp;sntz=1&amp;usg=AOvVaw3BIYgS2VQQC3OaccHNvTm6\" target=\"_blank\" rel=\"noopener\">Portaria n\u00ba 95, de 19.3.2020<\/a><\/span> &#8211; Disp\u00f5e sobre a suspens\u00e3o das atividades no \u00e2mbito do CREMEPE, pelo per\u00edodo de 19.03.2020 a 24.04.2020, como forma de seguir as medidas de preven\u00e7\u00e3o ao contagio pelo Novo Coronavirus &#8211; COVID-19, e d\u00e1 outras provid\u00eancias.<\/p><\/li><li class=\"TYR86d wXCUfe zfr3Q\" dir=\"ltr\"><p class=\"CDt4Ke zfr3Q\" dir=\"ltr\"><span class=\" aw5Odc\"><a class=\"XqQF9c\" href=\"http:\/\/www.google.com\/url?q=http%3A%2F%2Fwww.planalto.gov.br%2FCCIVIL_03%2FPortaria%2FPRT%2FPortaria%2520n%25C2%25BA%252094-20-mapa.htm&amp;sa=D&amp;sntz=1&amp;usg=AOvVaw21qlGercPU29ReHyFImA2B\" target=\"_blank\" rel=\"noopener\">Portaria n\u00ba 94, de 19.3.2020<\/a><\/span> &#8211; Medidas tempor\u00e1rias de preven\u00e7\u00e3o ao cont\u00e1gio pelo Novo Coronav\u00edrus (COVID-19) definidas no \u00e2mbito do Minist\u00e9rio da Agricultura, Pecu\u00e1ria e Abastecimento &#8211; MAPA.<\/p><\/li><li class=\"TYR86d wXCUfe zfr3Q\" dir=\"ltr\"><p class=\"CDt4Ke zfr3Q\" dir=\"ltr\"><span class=\" aw5Odc\"><a class=\"XqQF9c\" href=\"http:\/\/www.google.com\/url?q=http%3A%2F%2Fwww.planalto.gov.br%2FCCIVIL_03%2FPortaria%2FPRT%2FPortaria%2520n%25C2%25BA%252085-20-md-cn-dgn-dpc.htm&amp;sa=D&amp;sntz=1&amp;usg=AOvVaw099avUUHNkFVtapLNxsWsq\" target=\"_blank\" rel=\"noopener\">Portaria n\u00ba 85, de 19.3.2020<\/a><\/span> &#8211; Prorroga\u00e7\u00e3o da validade de Certificados de Aquavi\u00e1rios e n\u00e3o Aquavi\u00e1rios, Certificados Estatut\u00e1rios, de Vistorias e outros documentos.<\/p><\/li><li class=\"TYR86d wXCUfe zfr3Q\" dir=\"ltr\"><p class=\"CDt4Ke zfr3Q\" dir=\"ltr\"><span class=\" aw5Odc\"><a class=\"XqQF9c\" href=\"http:\/\/www.google.com\/url?q=http%3A%2F%2Fwww.planalto.gov.br%2FCCIVIL_03%2FPortaria%2FPRT%2FPortaria%2520n%25C2%25BA%252080-20-minfra-antaq.htm&amp;sa=D&amp;sntz=1&amp;usg=AOvVaw3KEXPqoKduh68BxMnXP7Xi\" target=\"_blank\" rel=\"noopener\">Portaria n\u00ba 80, de 19.3.2020<\/a><\/span> &#8211; Disp\u00f5e sobre medidas tempor\u00e1rias de preven\u00e7\u00e3o ao cont\u00e1gio pelo coronav\u00edrus (COVID-19) na Ag\u00eancia Nacional dos Transportes Aquavi\u00e1rios &#8211; Antaq.<\/p><\/li><li class=\"TYR86d wXCUfe zfr3Q\" dir=\"ltr\"><p class=\"CDt4Ke zfr3Q\" dir=\"ltr\"><span class=\" aw5Odc\"><a class=\"XqQF9c\" href=\"http:\/\/www.google.com\/url?q=http%3A%2F%2Fwww.planalto.gov.br%2FCCIVIL_03%2FPortaria%2FPRT%2FPortaria%2520n%25C2%25BA%252061-20-tcu.htm&amp;sa=D&amp;sntz=1&amp;usg=AOvVaw1ibzVo8lmQuPhBHEfnKVXo\" target=\"_blank\" rel=\"noopener\">Portaria n\u00ba 61, de 19.3.2020<\/a><\/span> &#8211; Disp\u00f5e sobre a suspens\u00e3o dos prazos processuais no \u00e2mbito do Tribunal de Contas da Uni\u00e3o.<\/p><\/li><li class=\"TYR86d wXCUfe zfr3Q\" dir=\"ltr\"><p class=\"CDt4Ke zfr3Q\" dir=\"ltr\"><span class=\" aw5Odc\"><a class=\"XqQF9c\" href=\"http:\/\/www.google.com\/url?q=http%3A%2F%2Fwww.planalto.gov.br%2FCCIVIL_03%2FPortaria%2FPRT%2FPortaria%2520n%25C2%25BA%252048-20-crcrs.htm&amp;sa=D&amp;sntz=1&amp;usg=AOvVaw0XPYolzZuJQCOBpR_96coA\" target=\"_blank\" rel=\"noopener\">Portaria n\u00ba 48, de 19.3.2020<\/a><\/span> &#8211; Disp\u00f5e sobre medidas preventivas para a redu\u00e7\u00e3o dos riscos de contamina\u00e7\u00e3o com o novo coronav\u00edrus (COVID-19), no \u00e2mbito do Conselho Regional de Contabilidade do Rio Grande do Sul &#8211; CRCRS.<\/p><\/li><li class=\"TYR86d wXCUfe zfr3Q\" dir=\"ltr\"><p class=\"CDt4Ke zfr3Q\" dir=\"ltr\"><span class=\" aw5Odc\"><a class=\"XqQF9c\" href=\"http:\/\/www.google.com\/url?q=http%3A%2F%2Fwww.planalto.gov.br%2FCCIVIL_03%2FPortaria%2FPRT%2FPortaria%2520n%25C2%25BA%25209-20-me-serf1r.htm&amp;sa=D&amp;sntz=1&amp;usg=AOvVaw0t6qSmjFVrBJEd0ofb6Juy\" target=\"_blank\" rel=\"noopener\">Portaria n\u00ba 9, de 19.3.2020<\/a><\/span> &#8211; Suspender excepcionalmente o atendimento ao contribuinte em decorr\u00eancia do coronav\u00edrus (COVID-19).<\/p><\/li><li class=\"TYR86d wXCUfe zfr3Q\" dir=\"ltr\"><p class=\"CDt4Ke zfr3Q\" dir=\"ltr\"><span class=\" aw5Odc\"><a class=\"XqQF9c\" href=\"http:\/\/www.google.com\/url?q=http%3A%2F%2Fwww.planalto.gov.br%2FCCIVIL_03%2FPortaria%2FRES%2FResolucao%2520n%25C2%25BA%25205-cremers.htm&amp;sa=D&amp;sntz=1&amp;usg=AOvVaw0W4vNGR0jD0MJu15_6oS5R\" target=\"_blank\" rel=\"noopener\">Resolu\u00e7\u00e3o n\u00ba 5, de 19.3.2020<\/a><\/span> &#8211; Recomenda medidas preventivas a serem adotadas na realiza\u00e7\u00e3o de consultas de n\u00edvel ambulatorial para enfrentamento do COVID-19<\/p><\/li><li class=\"TYR86d wXCUfe zfr3Q\" dir=\"ltr\"><p class=\"CDt4Ke zfr3Q\" dir=\"ltr\"><span class=\" aw5Odc\"><a class=\"XqQF9c\" href=\"http:\/\/www.google.com\/url?q=http%3A%2F%2Fwww.planalto.gov.br%2FCCIVIL_03%2FPortaria%2FPRT%2FPortaria%2520n%25C2%25BA%25203-20-crf6.htm&amp;sa=D&amp;sntz=1&amp;usg=AOvVaw2v3dLA7-rmtZXQu8Hd8RZX\" target=\"_blank\" rel=\"noopener\">Portaria n\u00ba 3, de 19.3.2020<\/a><\/span> &#8211; Disp\u00f5e sobre medidas preventivas adotadas contra a propaga\u00e7\u00e3o do coronav\u00edrus (COVID-19)<\/p><\/li><li class=\"TYR86d wXCUfe zfr3Q\" dir=\"ltr\"><p class=\"CDt4Ke zfr3Q\" dir=\"ltr\"><span class=\" aw5Odc\"><a class=\"XqQF9c\" href=\"http:\/\/www.google.com\/url?q=http%3A%2F%2Fwww.planalto.gov.br%2FCCIVIL_03%2F_Ato2019-2022%2F2020%2FDecreto%2FD10281.htm&amp;sa=D&amp;sntz=1&amp;usg=AOvVaw1KpNKHfEHG6bYequwwiXYy\" target=\"_blank\" rel=\"noopener\">Decreto n\u00ba 10.281, de 18.3.2020<\/a><\/span> &#8211; Reabre, em favor do Minist\u00e9rio da Defesa, cr\u00e9dito extraordin\u00e1rio, no valor de R$ 10.601.952,00, aberto pela Medida Provis\u00f3ria n\u00ba 912, de 19 de dezembro de 2019.<\/p><\/li><li class=\"TYR86d wXCUfe zfr3Q\" dir=\"ltr\"><p class=\"CDt4Ke zfr3Q\" dir=\"ltr\"><span class=\" aw5Odc\"><a class=\"XqQF9c\" href=\"http:\/\/www.google.com\/url?q=http%3A%2F%2Fwww.planalto.gov.br%2FCCIVIL_03%2F_Ato2019-2022%2F2020%2FMpv%2Fmpv925.htm&amp;sa=D&amp;sntz=1&amp;usg=AOvVaw0GehirGsg2SXkxpxiOzq64\" target=\"_blank\" rel=\"noopener\">Medida Provis\u00f3ria n\u00ba 925, de 18.3.2020<\/a><\/span> &#8211; Disp\u00f5e sobre medidas emergenciais para a avia\u00e7\u00e3o civil brasileira em raz\u00e3o da pandemia da covid-19.<\/p><\/li><li class=\"TYR86d wXCUfe zfr3Q\" dir=\"ltr\"><p class=\"CDt4Ke zfr3Q\" dir=\"ltr\"><span class=\" aw5Odc\"><a class=\"XqQF9c\" href=\"http:\/\/www.google.com\/url?q=http%3A%2F%2Fwww.planalto.gov.br%2FCCIVIL_03%2FPortaria%2FPRT%2FPortaria%2520n%25C2%25BA%25207821-20-me-pgfn.htm&amp;sa=D&amp;sntz=1&amp;usg=AOvVaw0ZKyAO6FGx2yDqNzGiYJ6F\" target=\"_blank\" rel=\"noopener\">Portaria n\u00ba 7.821, de 18.3.2020<\/a><\/span> &#8211; Estabelece medidas tempor\u00e1rias de preven\u00e7\u00e3o ao cont\u00e1gio pelo Novo Coronav\u00edrus (COVID-19), considerando a classifica\u00e7\u00e3o de pandemia pela Organiza\u00e7\u00e3o Mundial de Sa\u00fade (OMS), no \u00e2mbito da Procuradoria-Geral da Fazenda Nacional.<\/p><\/li><li class=\"TYR86d wXCUfe zfr3Q\" dir=\"ltr\"><p class=\"CDt4Ke zfr3Q\" dir=\"ltr\"><span class=\" aw5Odc\"><a class=\"XqQF9c\" href=\"http:\/\/www.google.com\/url?q=http%3A%2F%2Fwww.planalto.gov.br%2FCCIVIL_03%2FPortaria%2FPRT%2FPortaria%2520n%25C2%25BA%25207820-20-me-pgfn.htm&amp;sa=D&amp;sntz=1&amp;usg=AOvVaw0QsIHgCyWVesFyLLlfs7jp\" target=\"_blank\" rel=\"noopener\">Portaria n\u00ba 7.820, de 18.3.2020<\/a><\/span> &#8211; Estabelece as condi\u00e7\u00f5es para transa\u00e7\u00e3o extraordin\u00e1ria na cobran\u00e7a da d\u00edvida ativa da Uni\u00e3o, em fun\u00e7\u00e3o dos efeitos do coronavirus (COVID-19) na capacidade de gera\u00e7\u00e3o de resultado dos devedores inscritos em DAU<\/p><\/li><li class=\"TYR86d wXCUfe zfr3Q\" dir=\"ltr\"><p class=\"CDt4Ke zfr3Q\" dir=\"ltr\"><span class=\" aw5Odc\"><a class=\"XqQF9c\" href=\"http:\/\/www.google.com\/url?q=http%3A%2F%2Fwww.planalto.gov.br%2FCCIVIL_03%2FPortaria%2FPRT%2FPortaria%2520n%25C2%25BA%25207806-20-me-sept.htm&amp;sa=D&amp;sntz=1&amp;usg=AOvVaw2QHeOF10KQBJxopWt1L_4q\" target=\"_blank\" rel=\"noopener\">Portaria n\u00ba 7.806, de 18.3.2020<\/a><\/span> &#8211; Estabelece medidas quanto ao funcionamento das unidades de atendimento da Secretaria de Trabalho, em car\u00e1ter excepcional, em raz\u00e3o da pandemia de COVID-19. (Processo n\u00ba 19955.100318\/2020-91).<\/p><\/li><li class=\"TYR86d wXCUfe zfr3Q\" dir=\"ltr\"><p class=\"CDt4Ke zfr3Q\" dir=\"ltr\"><span class=\" aw5Odc\"><a class=\"XqQF9c\" href=\"http:\/\/www.google.com\/url?q=http%3A%2F%2Fwww.planalto.gov.br%2FCCIVIL_03%2FPortaria%2FPRT%2FPortaria%2520n%25C2%25BA%25201232-20-MD.htm&amp;sa=D&amp;sntz=1&amp;usg=AOvVaw0Q1zqaCRzctRKRZag5C4J8\" target=\"_blank\" rel=\"noopener\">Portaria n\u00ba 1.232, de 18.3.2020<\/a><\/span> &#8211; Aprova\u00e7\u00e3o da Diretriz Ministerial de Planejamento n\u00ba 6\/GM\/MD, de 18 de mar\u00e7o de 2020, que regula o emprego das For\u00e7as Armadas em todo o territ\u00f3rio nacional.<\/p><\/li><li class=\"TYR86d wXCUfe zfr3Q\" dir=\"ltr\"><p class=\"CDt4Ke zfr3Q\" dir=\"ltr\"><span class=\" aw5Odc\"><a class=\"XqQF9c\" href=\"http:\/\/www.google.com\/url?q=http%3A%2F%2Fwww.planalto.gov.br%2FCCIVIL_03%2FPortaria%2FResolucao%2520n%25C2%25BA%2520851-CODEFAT.htm&amp;sa=D&amp;sntz=1&amp;usg=AOvVaw0zxoxTfuBM1_5n3YYoeI7u\" target=\"_blank\" rel=\"noopener\">Resolu\u00e7\u00e3o n\u00ba 851, de 18.3.2020<\/a><\/span> &#8211; Disp\u00f5e sobre a Programa\u00e7\u00e3o Anual da Aplica\u00e7\u00e3o dos Dep\u00f3sitos Especiais do FAT PDE, para o exerc\u00edcio de 2020.<\/p><\/li><li class=\"TYR86d wXCUfe zfr3Q\" dir=\"ltr\"><p class=\"CDt4Ke zfr3Q\" dir=\"ltr\"><span class=\" aw5Odc\"><a class=\"XqQF9c\" href=\"http:\/\/www.google.com\/url?q=http%3A%2F%2Fwww.planalto.gov.br%2FCCIVIL_03%2FPortaria%2FResolucao%2520n%25C2%25BA%2520777-ANVISA.htm&amp;sa=D&amp;sntz=1&amp;usg=AOvVaw2cSVScptZUKr4DJsnnjTfv\" target=\"_blank\" rel=\"noopener\">Resolu\u00e7\u00e3o n\u00ba 777, de 18.3.2020<\/a><\/span> &#8211; Deferir as peti\u00e7\u00f5es relacionadas \u00e0 Ger\u00eancia-Geral de Tecnologia de Produtos para a Sa\u00fade<\/p><\/li><li class=\"TYR86d wXCUfe zfr3Q\" dir=\"ltr\"><p class=\"CDt4Ke zfr3Q\" dir=\"ltr\"><span class=\" aw5Odc\"><a class=\"XqQF9c\" href=\"http:\/\/www.google.com\/url?q=http%3A%2F%2Fwww.planalto.gov.br%2FCCIVIL_03%2FPortaria%2FResolucao%2520n%25C2%25BA%2520776-ANVISA.htm&amp;sa=D&amp;sntz=1&amp;usg=AOvVaw3XNfbTHuQXEWfbW4IAb3N4\" target=\"_blank\" rel=\"noopener\">Resolu\u00e7\u00e3o n\u00ba 776, de 18.3.2020<\/a><\/span> &#8211; Deferir as peti\u00e7\u00f5es relacionadas \u00e0 Ger\u00eancia-Geral de Tecnologia de Produtos para a Sa\u00fade<\/p><\/li><li class=\"TYR86d wXCUfe zfr3Q\" dir=\"ltr\"><p class=\"CDt4Ke zfr3Q\" dir=\"ltr\"><span class=\" aw5Odc\"><a class=\"XqQF9c\" href=\"http:\/\/www.google.com\/url?q=http%3A%2F%2Fwww.planalto.gov.br%2FCCIVIL_03%2FPortaria%2FPRT%2FPortaria%2520n%25C2%25BA%2520414-20-ms.htm&amp;sa=D&amp;sntz=1&amp;usg=AOvVaw2qJSr1i2jOaunDlhYtLW3h\" target=\"_blank\" rel=\"noopener\">Portaria n\u00ba 414, de 18.3.2020<\/a><\/span> &#8211; Autoriza a habilita\u00e7\u00e3o de leitos de Unidade de Terapia Intensiva Adulto e Pedi\u00e1trico, para atendimento exclusivo dos pacientes COVID-19.<\/p><\/li><li class=\"TYR86d wXCUfe zfr3Q\" dir=\"ltr\"><p class=\"CDt4Ke zfr3Q\" dir=\"ltr\"><span class=\" aw5Odc\"><a class=\"XqQF9c\" href=\"http:\/\/www.google.com\/url?q=http%3A%2F%2Fwww.planalto.gov.br%2FCCIVIL_03%2FPortaria%2FPRT%2FPortaria%2520n%25C2%25BA%2520237-20-ms-saes.htm&amp;sa=D&amp;sntz=1&amp;usg=AOvVaw2Ug5nmy9e1jk-lAhEvAoRC\" target=\"_blank\" rel=\"noopener\">Portaria n\u00ba 237, de 18.3.2020<\/a><\/span> &#8211; Inclui leitos e procedimentos na Tabela de Procedimentos, Medicamentos, \u00d3rteses, Pr\u00f3teses e Materiais Especiais (OPM) do Sistema \u00danico de Sa\u00fade (SUS), para atendimento exclusivo dos pacientes com COVID-19.<\/p><\/li><li class=\"TYR86d wXCUfe zfr3Q\" dir=\"ltr\"><p class=\"CDt4Ke zfr3Q\" dir=\"ltr\"><span class=\" aw5Odc\"><a class=\"XqQF9c\" href=\"http:\/\/www.google.com\/url?q=http%3A%2F%2Fwww.planalto.gov.br%2FCCIVIL_03%2FPortaria%2FPRT%2FPortaria%2520n%25C2%25BA%2520333-20-me-serf.htm&amp;sa=D&amp;sntz=1&amp;usg=AOvVaw0S7PstcmZb6rOXnHzJKDBg\" target=\"_blank\" rel=\"noopener\">Portaria n\u00ba 333, de 18.3.2020<\/a><\/span> &#8211; Disciplina o atendimento ao contribuinte no \u00e2mbito das unidades da Secretaria Especial da Receita Federal do Brasil na 8\u00aa Regi\u00e3o Fiscal para o enfrentamento da emerg\u00eancia de sa\u00fade p\u00fablica de import\u00e2ncia internacional decorrente do coronav\u00edrus (COVID-19).<\/p><\/li><li class=\"TYR86d wXCUfe zfr3Q\" dir=\"ltr\"><p class=\"CDt4Ke zfr3Q\" dir=\"ltr\"><span class=\" aw5Odc\"><a class=\"XqQF9c\" href=\"http:\/\/www.google.com\/url?q=http%3A%2F%2Fwww.planalto.gov.br%2FCCIVIL_03%2FPortaria%2FPRT%2FPortaria%2520n%25C2%25BA%2520330-20-mcidadania.htm&amp;sa=D&amp;sntz=1&amp;usg=AOvVaw3jycBGL8grcLYUpCxPG3vm\" target=\"_blank\" rel=\"noopener\">Portaria n\u00ba 330, de 18.3.2020<\/a><\/span> &#8211; Estabelece o adiamento dos procedimentos em raz\u00e3o do n\u00e3o cumprimento do cronograma de inscri\u00e7\u00e3o no Cadastro \u00danico para Programas Sociais do Governo Federal para fortalecer o enfrentamento da Emerg\u00eancia de Sa\u00fade P\u00fablica de Import\u00e2ncia Internacional decorrente do Coronav\u00edrus (COVID-19).<\/p><\/li><li class=\"TYR86d wXCUfe zfr3Q\" dir=\"ltr\"><p class=\"CDt4Ke zfr3Q\" dir=\"ltr\"><span class=\" aw5Odc\"><a class=\"XqQF9c\" href=\"http:\/\/www.google.com\/url?q=http%3A%2F%2Fwww.planalto.gov.br%2FCCIVIL_03%2FPortaria%2FPRT%2FPortaria%2520n%25C2%25BA%2520208-20-mme-anm.htm&amp;sa=D&amp;sntz=1&amp;usg=AOvVaw2gxWuTqxcsh7MmGrz3jbOB\" target=\"_blank\" rel=\"noopener\">Portaria n\u00ba 208, de 18.3.2020<\/a><\/span> &#8211; Trata da suspens\u00e3o do atendimento presencial nas instala\u00e7\u00f5es da ANM em todo o territ\u00f3rio nacional enquanto perdurar o estado de emerg\u00eancia de sa\u00fade p\u00fablica de import\u00e2ncia internacional decorrente do coronav\u00edrus (COVID-19).<\/p><\/li><li class=\"TYR86d wXCUfe zfr3Q\" dir=\"ltr\"><p class=\"CDt4Ke zfr3Q\" dir=\"ltr\"><span class=\" aw5Odc\"><a class=\"XqQF9c\" href=\"http:\/\/www.google.com\/url?q=http%3A%2F%2Fwww.planalto.gov.br%2FCCIVIL_03%2FPortaria%2FResolucao%2520n%25C2%25BA%2520152-ME_SEF.htm&amp;sa=D&amp;sntz=1&amp;usg=AOvVaw1ezKUyp6nGbWZbGQIsANB6\" target=\"_blank\" rel=\"noopener\">Resolu\u00e7\u00e3o n\u00ba 152, de 18.3.2020<\/a><\/span> &#8211; Prorroga o prazo para pagamento dos tributos federais no \u00e2mbito do Simples Nacional.<\/p><\/li><li class=\"TYR86d wXCUfe zfr3Q\" dir=\"ltr\"><p class=\"CDt4Ke zfr3Q\" dir=\"ltr\"><span class=\" aw5Odc\"><a class=\"XqQF9c\" href=\"http:\/\/www.google.com\/url?q=http%3A%2F%2Fwww.planalto.gov.br%2FCCIVIL_03%2FPortaria%2FPRT%2FPortaria%2520n%25C2%25BA%2520145-20-me-serf.htm&amp;sa=D&amp;sntz=1&amp;usg=AOvVaw2FqNberRIFamlvUwK4S_Yq\" target=\"_blank\" rel=\"noopener\">Portaria n\u00ba 145, de 18.3.2020<\/a><\/span> &#8211; Disciplina excepcionalmente o atendimento ao contribuinte e o agendamento de senhas no \u00e2mbito das unidades jurisdicionadas da 1\u00aa Regi\u00e3o Fiscal, para o enfrentamento da emerg\u00eancia de sa\u00fade p\u00fablica de import\u00e2ncia internacional decorrente do coronav\u00edrus (COVID-19).<\/p><\/li><li class=\"TYR86d wXCUfe zfr3Q\" dir=\"ltr\"><p class=\"CDt4Ke zfr3Q\" dir=\"ltr\"><span class=\" aw5Odc\"><a class=\"XqQF9c\" href=\"http:\/\/www.google.com\/url?q=http%3A%2F%2Fwww.planalto.gov.br%2FCCIVIL_03%2FPortaria%2FPRT%2FPortaria%2520n%25C2%25BA%2520117-20-mme.htm&amp;sa=D&amp;sntz=1&amp;usg=AOvVaw39gf1ZNjKXfX2xVwPigGIa\" target=\"_blank\" rel=\"noopener\">Portaria n\u00ba 117, de 18.3.2020<\/a><\/span> &#8211; Institui\u00e7\u00e3o do Comit\u00ea Setorial de Crise, no \u00e2mbito do Minist\u00e9rio de Minas e Energia.<\/p><\/li><li class=\"TYR86d wXCUfe zfr3Q\" dir=\"ltr\"><p class=\"CDt4Ke zfr3Q\" dir=\"ltr\"><span class=\" aw5Odc\"><a class=\"XqQF9c\" href=\"http:\/\/www.google.com\/url?q=http%3A%2F%2Fwww.planalto.gov.br%2FCCIVIL_03%2FPortaria%2FPRT%2FPortaria%2520n%25C2%25BA%252097-20-mec-ufila.htm&amp;sa=D&amp;sntz=1&amp;usg=AOvVaw2JPzHDnvOZ-cZG7u0wwOTB\" target=\"_blank\" rel=\"noopener\">Portaria n\u00ba 97, de 18.3.2020<\/a><\/span> &#8211; Regulamenta as rotinas de trabalho e os procedimentos administrativos no \u00e2mbito da Universidade Federal da Integra\u00e7\u00e3o Latino-Americana &#8211; UNILA.<\/p><\/li><li class=\"TYR86d wXCUfe zfr3Q\" dir=\"ltr\"><p class=\"CDt4Ke zfr3Q\" dir=\"ltr\"><span class=\" aw5Odc\"><a class=\"XqQF9c\" href=\"http:\/\/www.google.com\/url?q=http%3A%2F%2Fwww.planalto.gov.br%2FCCIVIL_03%2FPortaria%2FPRT%2FPortaria%2520n%25C2%25BA%252032-20-MD.htm&amp;sa=D&amp;sntz=1&amp;usg=AOvVaw1S_TKzL3kGDFICpsOhw3XR\" target=\"_blank\" rel=\"noopener\">Portaria n\u00ba 32, de 18.3.2020<\/a><\/span> &#8211; Altera a Portaria Normativa n\u00ba 30\/GM-MD, de 17 de mar\u00e7o de 2020, que estabelece medidas de prote\u00e7\u00e3o no \u00e2mbito do Minist\u00e9rio da Defesa e dos Comandos das For\u00e7as Singulares para enfrentamento da emerg\u00eancia de sa\u00fade p\u00fablica de import\u00e2ncia internacional decorrente do coronav\u00edrus (COVID-19).<\/p><\/li><li class=\"TYR86d wXCUfe zfr3Q\" dir=\"ltr\"><p class=\"CDt4Ke zfr3Q\" dir=\"ltr\"><span class=\" aw5Odc\"><a class=\"XqQF9c\" href=\"http:\/\/www.google.com\/url?q=http%3A%2F%2Fwww.planalto.gov.br%2FCCIVIL_03%2FPortaria%2FPRT%2FPortaria%2520n%25C2%25BA%252018-20-pr-sgov.htm&amp;sa=D&amp;sntz=1&amp;usg=AOvVaw0W0i8JE7N5pjhRV5l3ru2I\" target=\"_blank\" rel=\"noopener\">Portaria n\u00ba 18, de 18.3.2020<\/a><\/span> &#8211; Delega compet\u00eancia ao Secret\u00e1rio-Executivo da Secretaria de Governo da Presid\u00eancia da Rep\u00fablica para ado\u00e7\u00e3o de preven\u00e7\u00e3o, cautela e redu\u00e7\u00e3o da transmissibilidade, tratadas no art. 6\u00ba-A da Instru\u00e7\u00e3o Normativa SEGES\/ME n\u00ba 19, de 12 de mar\u00e7o de 2020<\/p><\/li><li class=\"TYR86d wXCUfe zfr3Q\" dir=\"ltr\"><p class=\"CDt4Ke zfr3Q\" dir=\"ltr\"><span class=\" aw5Odc\"><a class=\"XqQF9c\" href=\"http:\/\/www.google.com\/url?q=http%3A%2F%2Fwww.planalto.gov.br%2FCCIVIL_03%2FPortaria%2FPRT%2FPortaria%2520n%25C2%25BA%252016-20-me-seceai.htm&amp;sa=D&amp;sntz=1&amp;usg=AOvVaw3uxIN-I5DNa1DxNqjpaPwv\" target=\"_blank\" rel=\"noopener\">Portaria n\u00ba 16, de 18.3.2020<\/a><\/span> &#8211; Altera a Portaria n\u00ba 19, de 2 julho de 2019, que disp\u00f5e sobre a emiss\u00e3o de licen\u00e7as, autoriza\u00e7\u00f5es, certificados e outros documentos p\u00fablicos de exporta\u00e7\u00e3o por meio do Portal \u00danico de Com\u00e9rcio Exterior do Sistema Integrado de Com\u00e9rcio Exterior &#8211; SISCOMEX, para estabelecer a Licen\u00e7a Especial de Exporta\u00e7\u00e3o de Produtos para o Combate do Covid-19.<\/p><\/li><li class=\"TYR86d wXCUfe zfr3Q\" dir=\"ltr\"><p class=\"CDt4Ke zfr3Q\" dir=\"ltr\"><span class=\" aw5Odc\"><a class=\"XqQF9c\" href=\"http:\/\/www.google.com\/url?q=http%3A%2F%2Fwww.planalto.gov.br%2FCCIVIL_03%2FPortaria%2FPRT%2FPortaria-135-20-mjsp.htm&amp;sa=D&amp;sntz=1&amp;usg=AOvVaw3oqYqTZwyS7nBoS0Cdh_5e\" target=\"_blank\" rel=\"noopener\">Portaria n\u00ba 135, de 18.3.2020<\/a><\/span> &#8211; Estabelece padr\u00f5es m\u00ednimos de conduta a serem adotados em \u00e2mbito prisional visando a preven\u00e7\u00e3o da dissemina\u00e7\u00e3o do COVID-19.<\/p><\/li><li class=\"TYR86d wXCUfe zfr3Q\" dir=\"ltr\"><p class=\"CDt4Ke zfr3Q\" dir=\"ltr\"><span class=\" aw5Odc\"><a class=\"XqQF9c\" href=\"http:\/\/www.google.com\/url?q=http%3A%2F%2Fwww.planalto.gov.br%2FCCIVIL_03%2FPortaria%2FPRT%2FPortaria%2520n%25C2%25BA%25207-20-mjsp-ms.htm&amp;sa=D&amp;sntz=1&amp;usg=AOvVaw0RZ-Zw-Xa6_Pzgu2lzLD9N\" target=\"_blank\" rel=\"noopener\">Portaria n\u00ba 7, de 18.3.2020<\/a><\/span> &#8211; Disp\u00f5e sobre as medidas de enfrentamento da emerg\u00eancia de sa\u00fade p\u00fablica previstas na Lei n\u00ba 13.979, de 6 de fevereiro de 2020, no \u00e2mbito do Sistema Prisional.<\/p><\/li><li class=\"TYR86d wXCUfe zfr3Q\" dir=\"ltr\"><p class=\"CDt4Ke zfr3Q\" dir=\"ltr\"><span class=\" aw5Odc\"><a class=\"XqQF9c\" href=\"http:\/\/www.google.com\/url?q=http%3A%2F%2Fwww.planalto.gov.br%2FCCIVIL_03%2FPortaria%2FRES%2Fres-5875-20-ms-antt.htm&amp;sa=D&amp;sntz=1&amp;usg=AOvVaw0NrwUFadzUHHFFkbTKoYFA\" target=\"_blank\" rel=\"noopener\">Resolu\u00e7\u00e3o n\u00ba 5.875, de 17.3.2020<\/a><\/span> &#8211; Disp\u00f5e sobre as medidas para enfrentamento da emerg\u00eancia de sa\u00fade p\u00fablica de import\u00e2ncia internacional decorrente do coronav\u00edrus respons\u00e1vel pelo surto de 2019\/2020, no \u00e2mbito do servi\u00e7o de transporte rodovi\u00e1rio interestadual e internacional de passageiros.<\/p><\/li><li class=\"TYR86d wXCUfe zfr3Q\" dir=\"ltr\"><p class=\"CDt4Ke zfr3Q\" dir=\"ltr\"><span class=\" aw5Odc\"><a class=\"XqQF9c\" href=\"http:\/\/www.google.com\/url?q=http%3A%2F%2Fwww.planalto.gov.br%2FCCIVIL_03%2FPortaria%2FIN%2Fin1927-20-me-srfb.htm&amp;sa=D&amp;sntz=1&amp;usg=AOvVaw0qQ25Hnbo3-lMBVq-xgpfc\" target=\"_blank\" rel=\"noopener\">Instru\u00e7\u00e3o Normativa n\u00ba 1.927, de 17.3.2020<\/a><\/span> &#8211; Altera a Instru\u00e7\u00e3o Normativa SRF n\u00ba 680, de 2 de outubro de 2006, que disciplina o despacho aduaneiro de importa\u00e7\u00e3o.<\/p><\/li><li class=\"TYR86d wXCUfe zfr3Q\" dir=\"ltr\"><p class=\"CDt4Ke zfr3Q\" dir=\"ltr\"><span class=\" aw5Odc\"><a class=\"XqQF9c\" href=\"http:\/\/www.google.com\/url?q=http%3A%2F%2Fwww.planalto.gov.br%2FCCIVIL_03%2FPortaria%2FResolucao%2520n%25C2%25BA%25201.338-CNPS.htm&amp;sa=D&amp;sntz=1&amp;usg=AOvVaw0hXGpNw_-ryJCXtg0uJ29Y\" target=\"_blank\" rel=\"noopener\">Resolu\u00e7\u00e3o n\u00ba 1.338, de 17.3.2020<\/a><\/span> &#8211; Fixa\u00e7\u00e3o de teto m\u00e1ximo de juros ao m\u00eas, para as opera\u00e7\u00f5es de empr\u00e9stimo consignado em benef\u00edcio previdenci\u00e1rio, e d\u00e1 outras provid\u00eancias.<\/p><\/li><li class=\"TYR86d wXCUfe zfr3Q\" dir=\"ltr\"><p class=\"CDt4Ke zfr3Q\" dir=\"ltr\"><span class=\" aw5Odc\"><a class=\"XqQF9c\" href=\"http:\/\/www.google.com\/url?q=http%3A%2F%2Fwww.planalto.gov.br%2FCCIVIL_03%2FPortaria%2FPRT%2FPortaria%2520n%25C2%25BA%2520419-20-mjsp-funai.htm&amp;sa=D&amp;sntz=1&amp;usg=AOvVaw1U4Ix0nP00igU73EOR26PT\" target=\"_blank\" rel=\"noopener\">Portaria n\u00ba 419, de 17.3.2020<\/a><\/span> &#8211; Estabelece medidas tempor\u00e1rias de preven\u00e7\u00e3o \u00e0 infec\u00e7\u00e3o e propaga\u00e7\u00e3o do novo Coronav\u00edrus (COVID-19) no \u00e2mbito da Funda\u00e7\u00e3o Nacional do \u00cdndio &#8211; FUNAI.<\/p><\/li><li class=\"TYR86d wXCUfe zfr3Q\" dir=\"ltr\"><p class=\"CDt4Ke zfr3Q\" dir=\"ltr\"><span class=\" aw5Odc\"><a class=\"XqQF9c\" href=\"http:\/\/www.google.com\/url?q=http%3A%2F%2Fwww.planalto.gov.br%2FCCIVIL_03%2FPortaria%2FPRT%2FPortaria%2520n%25C2%25BA%2520375-20-me-inss.htm&amp;sa=D&amp;sntz=1&amp;usg=AOvVaw0VIvhrBBsKHP9qg6BslMvX\" target=\"_blank\" rel=\"noopener\">Portaria n\u00ba 375, de 17.3.2020<\/a><\/span> &#8211; Estabelece medidas para as unidades descentralizadas do Instituto Nacional do Seguro Social quanto \u00e0s medidas de prote\u00e7\u00e3o que devem ser adotadas no atendimento ao p\u00fablico para preven\u00e7\u00e3o ao cont\u00e1gio pelo Novo Coronav\u00edrus (COVID-19).<\/p><\/li><li class=\"TYR86d wXCUfe zfr3Q\" dir=\"ltr\"><p class=\"CDt4Ke zfr3Q\" dir=\"ltr\"><span class=\" aw5Odc\"><a class=\"XqQF9c\" href=\"http:\/\/www.google.com\/url?q=http%3A%2F%2Fwww.planalto.gov.br%2FCCIVIL_03%2FPortaria%2FResolucao%2520n%25C2%25BA%2520348-ANVISA.htm&amp;sa=D&amp;sntz=1&amp;usg=AOvVaw0qGucBVJ2x-v0uxhtgnEis\" target=\"_blank\" rel=\"noopener\">Resolu\u00e7\u00e3o n\u00ba 348, de 17.3.2020<\/a><\/span> &#8211; Define os crit\u00e9rios e os procedimentos extraordin\u00e1rios e tempor\u00e1rios para tratamento de peti\u00e7\u00f5es de registro de medicamentos, produtos biol\u00f3gicos e produtos para diagn\u00f3stico in vitro e mudan\u00e7a p\u00f3s-registro de medicamentos e produtos biol\u00f3gicos em virtude da emerg\u00eancia de sa\u00fade p\u00fablica internacional decorrente do novo Coronav\u00edrus.<\/p><\/li><li class=\"TYR86d wXCUfe zfr3Q\" dir=\"ltr\"><p class=\"CDt4Ke zfr3Q\" dir=\"ltr\"><span class=\" aw5Odc\"><a class=\"XqQF9c\" href=\"http:\/\/www.google.com\/url?q=http%3A%2F%2Fwww.planalto.gov.br%2FCCIVIL_03%2FPortaria%2FResolucao%2520n%25C2%25BA%2520347-ANVISA.htm&amp;sa=D&amp;sntz=1&amp;usg=AOvVaw1bUp_Q8DelPzTbvjmZZg6M\" target=\"_blank\" rel=\"noopener\">Resolu\u00e7\u00e3o n\u00ba 347, de 17.3.2020<\/a><\/span> &#8211; Define os crit\u00e9rios e os procedimentos extraordin\u00e1rios e tempor\u00e1rios para a exposi\u00e7\u00e3o \u00e0 venda de prepara\u00e7\u00f5es antiss\u00e9pticas ou sanitizantes oficinais, em virtude da emerg\u00eancia de sa\u00fade p\u00fablica internacional relacionada ao SARS-CoV-2.<\/p><\/li><li class=\"TYR86d wXCUfe zfr3Q\" dir=\"ltr\"><p class=\"CDt4Ke zfr3Q\" dir=\"ltr\"><span class=\" aw5Odc\"><a class=\"XqQF9c\" href=\"http:\/\/www.google.com\/url?q=http%3A%2F%2Fwww.planalto.gov.br%2FCCIVIL_03%2FPortaria%2FPRT%2FPortaria%2520n%25C2%25BA%2520343-20-mec.htm&amp;sa=D&amp;sntz=1&amp;usg=AOvVaw1DUevaorIk-ohGGfiC5Wm4\" target=\"_blank\" rel=\"noopener\">Portaria n\u00ba 343, de 17.3.2020<\/a><\/span> &#8211; Disp\u00f5e sobre a substitui\u00e7\u00e3o das aulas presenciais por aulas em meios digitais enquanto durar a situa\u00e7\u00e3o de pandemia do Novo Coronav\u00edrus &#8211; COVID-19.<\/p><\/li><li class=\"TYR86d wXCUfe zfr3Q\" dir=\"ltr\"><p class=\"CDt4Ke zfr3Q\" dir=\"ltr\"><span class=\" aw5Odc\"><a class=\"XqQF9c\" href=\"http:\/\/www.google.com\/url?q=http%3A%2F%2Fwww.planalto.gov.br%2FCCIVIL_03%2FPortaria%2FPRT%2FPortaria%2520n%25C2%25BA%2520342-20-mec.htm&amp;sa=D&amp;sntz=1&amp;usg=AOvVaw2ScCmT7VHxi7S2bJGpzP4i\" target=\"_blank\" rel=\"noopener\">Portaria n\u00ba 342, de 17.3.2020<\/a><\/span> &#8211; Delega compet\u00eancia ao Secret\u00e1rio-Executivo para ado\u00e7\u00e3o de medidas previstas na Instru\u00e7\u00e3o Normativa n\u00ba 19, de 12 de mar\u00e7o de 2020, alterada pela Instru\u00e7\u00e3o Normativa n\u00ba 21, de 16 de mar\u00e7o de 2020.<\/p><\/li><li class=\"TYR86d wXCUfe zfr3Q\" dir=\"ltr\"><p class=\"CDt4Ke zfr3Q\" dir=\"ltr\"><span class=\" aw5Odc\"><a class=\"XqQF9c\" href=\"http:\/\/www.google.com\/url?q=http%3A%2F%2Fwww.planalto.gov.br%2FCCIVIL_03%2FPortaria%2FPRT%2FPortaria%2520n%25C2%25BA%2520210-20-mma-icmbio.htm&amp;sa=D&amp;sntz=1&amp;usg=AOvVaw0O8mmlvx5Wf9V7sErAdjue\" target=\"_blank\" rel=\"noopener\">Portaria n\u00ba 210, de 17.3.2020<\/a><\/span> &#8211; Disp\u00f5e sobre medidas complementares \u00e0 Instru\u00e7\u00e3o Normativa n\u00ba 19, de 12 de mar\u00e7o de 2020 para enfrentamento da emerg\u00eancia de sa\u00fade p\u00fablica de import\u00e2ncia internacional decorrente do coronav\u00edrus (COVID-19)<\/p><\/li><li class=\"TYR86d wXCUfe zfr3Q\" dir=\"ltr\"><p class=\"CDt4Ke zfr3Q\" dir=\"ltr\"><span class=\" aw5Odc\"><a class=\"XqQF9c\" href=\"http:\/\/www.google.com\/url?q=http%3A%2F%2Fwww.planalto.gov.br%2FCCIVIL_03%2FPortaria%2FPRT%2FPortaria%2520n%25C2%25BA%2520175-20-mtur-iphan.htm&amp;sa=D&amp;sntz=1&amp;usg=AOvVaw3hSjFKYY8oGrSp96wC_Ony\" target=\"_blank\" rel=\"noopener\">Portaria n\u00ba 175, de 18.3.2020<\/a><\/span> &#8211; Estabelece medidas de car\u00e1ter tempor\u00e1rio para a mitiga\u00e7\u00e3o dos riscos decorrentes da doen\u00e7a causada pelo Novo Coronav\u00edrus (COVID-19), no \u00e2mbito do Instituto do Patrim\u00f4nio Hist\u00f3rico e Art\u00edstico Nacional.<\/p><\/li><li class=\"TYR86d wXCUfe zfr3Q\" dir=\"ltr\"><p class=\"CDt4Ke zfr3Q\" dir=\"ltr\"><span class=\" aw5Odc\"><a class=\"XqQF9c\" href=\"http:\/\/www.google.com\/url?q=http%3A%2F%2Fwww.planalto.gov.br%2FCCIVIL_03%2FPortaria%2FPRT%2FPortaria%2520n%25C2%25BA%2520174-20-mtur-iphan.htm&amp;sa=D&amp;sntz=1&amp;usg=AOvVaw2ySEtUgy0Z5kATnHmVmAyC\" target=\"_blank\" rel=\"noopener\">Portaria n\u00ba 174, de 17.3.2020<\/a><\/span> &#8211; Estabelece medidas quanto ao exerc\u00edcio de atividades de servidores, empregados p\u00fablicos, estagi\u00e1rios, colaboradores e prestadores de servi\u00e7os do Instituto do Patrim\u00f4nio Hist\u00f3rico e Art\u00edstico Nacional, em car\u00e1ter excepcional, em raz\u00e3o da pandemia de COVID-19.<\/p><\/li><li class=\"TYR86d wXCUfe zfr3Q\" dir=\"ltr\"><p class=\"CDt4Ke zfr3Q\" dir=\"ltr\"><span class=\" aw5Odc\"><a class=\"XqQF9c\" href=\"http:\/\/www.google.com\/url?q=http%3A%2F%2Fwww.planalto.gov.br%2FCCIVIL_03%2FPortaria%2Fprt120-20-ccv.htm&amp;sa=D&amp;sntz=1&amp;usg=AOvVaw2NjgJjnA6aR299oouswFxv\" target=\"_blank\" rel=\"noopener\">Portaria n\u00ba 120, de 17.3.2020<\/a><\/span> &#8211; Disp\u00f5e sobre a restri\u00e7\u00e3o excepcional e tempor\u00e1ria de entrada no Pa\u00eds de estrangeiros oriundos da Rep\u00fablica Bolivariana da Venezuela, conforme recomenda\u00e7\u00e3o da Ag\u00eancia Nacional de Vigil\u00e2ncia Sanit\u00e1ria &#8211; Anvisa.<\/p><\/li><li class=\"TYR86d wXCUfe zfr3Q\" dir=\"ltr\"><p class=\"CDt4Ke zfr3Q\" dir=\"ltr\"><span class=\" aw5Odc\"><a class=\"XqQF9c\" href=\"http:\/\/www.google.com\/url?q=http%3A%2F%2Fwww.planalto.gov.br%2FCCIVIL_03%2FPortaria%2FPRT%2FPortaria%2520n%25C2%25BA%2520103-20-me.htm&amp;sa=D&amp;sntz=1&amp;usg=AOvVaw2KdVjBKYmfg-ffKJhfjfxe\" target=\"_blank\" rel=\"noopener\">Portaria n\u00ba 103, de 17.3.2020<\/a><\/span> &#8211; Disp\u00f5e sobre medidas relacionadas aos atos de cobran\u00e7a da d\u00edvida ativa da Uni\u00e3o, incluindo suspens\u00e3o, prorroga\u00e7\u00e3o e diferimento, em decorr\u00eancia da pandemia declarada pela Organiza\u00e7\u00e3o Mundial da Sa\u00fade relacionada ao coronav\u00edrus (COVID-19), e d\u00e1 outras provid\u00eancias.<\/p><\/li><li class=\"TYR86d wXCUfe zfr3Q\" dir=\"ltr\"><p class=\"CDt4Ke zfr3Q\" dir=\"ltr\"><span class=\" aw5Odc\"><a class=\"XqQF9c\" href=\"http:\/\/www.google.com\/url?q=http%3A%2F%2Fwww.planalto.gov.br%2FCCIVIL_03%2FPortaria%2FPRT%2FPortaria%2520n%25C2%25BA%252096-20-me.htm&amp;sa=D&amp;sntz=1&amp;usg=AOvVaw1knXoq4iNRG5EbhUjZkx-D\" target=\"_blank\" rel=\"noopener\">Portaria n\u00ba 96, de 17.3.2020<\/a><\/span> &#8211; Delega compet\u00eancias ao Secret\u00e1rio-Executivo do Minist\u00e9rio da Economia, enquanto perdurar o estado de emerg\u00eancia de sa\u00fade p\u00fablica de import\u00e2ncia internacional decorrente do coronav\u00edrus (COVID-19), e autoriza a ado\u00e7\u00e3o de atos de gest\u00e3o de que trata a Instru\u00e7\u00e3o Normativa n\u00ba 19, de 12 de mar\u00e7o de 2020, da Secretaria de Gest\u00e3o e Desempenho de Pessoal.<\/p><\/li><li class=\"TYR86d wXCUfe zfr3Q\" dir=\"ltr\"><p class=\"CDt4Ke zfr3Q\" dir=\"ltr\"><span class=\" aw5Odc\"><a class=\"XqQF9c\" href=\"http:\/\/www.google.com\/url?q=http%3A%2F%2Fwww.planalto.gov.br%2FCCIVIL_03%2FPortaria%2Fdecisao-43-minfra-anac.htm&amp;sa=D&amp;sntz=1&amp;usg=AOvVaw0avdXHmvLXczHkfReos_cc\" target=\"_blank\" rel=\"noopener\">Decis\u00e3o n\u00ba 43, de 17.3.2020<\/a><\/span> &#8211; Prorroga a validade de certifica\u00e7\u00f5es de profissionais previstas no RBAC n\u00ba 110, RBAC n\u00ba 153 e na Resolu\u00e7\u00e3o ANAC n\u00ba 279 e isenta a realiza\u00e7\u00e3o de reuni\u00f5es ordin\u00e1rias de Comiss\u00e3o de Seguran\u00e7a Aeroportu\u00e1ria (CSA), bem como estende o prazo para realiza\u00e7\u00e3o das atividades de controle de qualidade AVSEC por parte dos operadores previstas nos RBAC n\u00ba 107 e RBAC n\u00ba 108.<\/p><\/li><li class=\"TYR86d wXCUfe zfr3Q\" dir=\"ltr\"><p class=\"CDt4Ke zfr3Q\" dir=\"ltr\"><span class=\" aw5Odc\"><a class=\"XqQF9c\" href=\"http:\/\/www.google.com\/url?q=http%3A%2F%2Fwww.planalto.gov.br%2FCCIVIL_03%2FPortaria%2F_Outros%2FDecis%25C3%25A3o%2520n%25C2%25BA%252042-20-minfra-anac.htm&amp;sa=D&amp;sntz=1&amp;usg=AOvVaw3pwVgD_Daq8tQRLsufluVd\" target=\"_blank\" rel=\"noopener\">Decis\u00e3o n\u00ba 42, de 17.3.2020<\/a><\/span> &#8211; Prorroga a validade de habilita\u00e7\u00f5es, certificados, autoriza\u00e7\u00f5es, averba\u00e7\u00f5es, credenciamentos, treinamentos e exames.<\/p><\/li><li class=\"TYR86d wXCUfe zfr3Q\" dir=\"ltr\"><p class=\"CDt4Ke zfr3Q\" dir=\"ltr\"><span class=\" aw5Odc\"><a class=\"XqQF9c\" href=\"http:\/\/www.google.com\/url?q=http%3A%2F%2Fwww.planalto.gov.br%2FCCIVIL_03%2FPortaria%2FPRT%2FPortaria%2520n%25C2%25BA%252030-20-MD.htm&amp;sa=D&amp;sntz=1&amp;usg=AOvVaw3Vm35gxW3XofFXotgA2Q5Z\" target=\"_blank\" rel=\"noopener\">Portaria n\u00ba 30, de 17.3.2020<\/a><\/span> &#8211; Estabelece medidas de prote\u00e7\u00e3o no \u00e2mbito do Minist\u00e9rio da Defesa e dos Comandos das For\u00e7as Singulares para enfrentamento da emerg\u00eancia de sa\u00fade p\u00fablica de import\u00e2ncia internacional decorrente do coronav\u00edrus (COVID-19)<\/p><\/li><li class=\"TYR86d wXCUfe zfr3Q\" dir=\"ltr\"><p class=\"CDt4Ke zfr3Q\" dir=\"ltr\"><span class=\" aw5Odc\"><a class=\"XqQF9c\" href=\"http:\/\/www.google.com\/url?q=http%3A%2F%2Fwww.planalto.gov.br%2FCCIVIL_03%2FPortaria%2FRES%2FRES-17-20-ME-CAMEX.htm&amp;sa=D&amp;sntz=1&amp;usg=AOvVaw3pMFCMjvag9AS5q-HmT_Sl\" target=\"_blank\" rel=\"noopener\">Resolu\u00e7\u00e3o n\u00ba 17, de 17.3.2020<\/a><\/span> &#8211; Concede redu\u00e7\u00e3o tempor\u00e1ria da al\u00edquota do Imposto de Importa\u00e7\u00e3o ao amparo do artigo 50, al\u00ednea d, do Tratado de Montevid\u00e9u de 1980, internalizado pelo Decreto Legislativo n\u00ba 66, de 16 de novembro de 1981, tendo por objetivo facilitar o combate \u00e0 pandemia do Corona V\u00edrus \/ Covid-19.<\/p><\/li><li class=\"TYR86d wXCUfe zfr3Q\" dir=\"ltr\"><p class=\"CDt4Ke zfr3Q\" dir=\"ltr\"><span class=\" aw5Odc\"><a class=\"XqQF9c\" href=\"http:\/\/www.google.com\/url?q=http%3A%2F%2Fwww.planalto.gov.br%2FCCIVIL_03%2FPortaria%2FPRT%2FPortaria%2520n%25C2%25BA%252011-20-crmrs.htm&amp;sa=D&amp;sntz=1&amp;usg=AOvVaw1-1Ix3u-jBjkKLiGYYrD5y\" target=\"_blank\" rel=\"noopener\">Portaria n\u00ba 11, de 17.03.2020<\/a><\/span> &#8211; Estabelece medidas adicionais ao disposto na Resolu\u00e7\u00e3o Cremers n.\u00ba 04\/2020, que disp\u00f5e acerca das medidas administrativas preventivas do CREMERS para enfrentamento do COVID-19, no \u00e2mbito do Conselho Regional de Medicina do Estado do Rio Grande do Sul.<\/p><\/li><li class=\"TYR86d wXCUfe zfr3Q\" dir=\"ltr\"><p class=\"CDt4Ke zfr3Q\" dir=\"ltr\"><span class=\" aw5Odc\"><a class=\"XqQF9c\" href=\"http:\/\/www.google.com\/url?q=http%3A%2F%2Fwww.planalto.gov.br%2FCCIVIL_03%2FPortaria%2FPRT%2FPortaria%2520n%25C2%25BA%252010-20-pr-inti.htm&amp;sa=D&amp;sntz=1&amp;usg=AOvVaw0mrqzhodDlqrYBKVia01-Y\" target=\"_blank\" rel=\"noopener\">Portaria n\u00ba 10, de 17.3.2020<\/a><\/span> &#8211; Estabelece orienta\u00e7\u00f5es e diretrizes quanto \u00e0s medidas de prote\u00e7\u00e3o para enfrentamento da emerg\u00eancia de sa\u00fade p\u00fablica de import\u00e2ncia internacional decorrente do coronav\u00edrus (COVID-19), no \u00e2mbito do Instituto Nacional de Tecnologia da Informa\u00e7\u00e3o.<\/p><\/li><li class=\"TYR86d wXCUfe zfr3Q\" dir=\"ltr\"><p class=\"CDt4Ke zfr3Q\" dir=\"ltr\"><span class=\" aw5Odc\"><a class=\"XqQF9c\" href=\"http:\/\/www.google.com\/url?q=http%3A%2F%2Fwww.planalto.gov.br%2FCCIVIL_03%2FPortaria%2FPRT%2FPortaria%2520n%25C2%25BA%25208-20-pr-sg.htm&amp;sa=D&amp;sntz=1&amp;usg=AOvVaw0Zf-xL1xa5BAPSVM_rFEWY\" target=\"_blank\" rel=\"noopener\">Portaria n\u00ba 8, de 17.3.2020<\/a><\/span> &#8211; Estabelece o regime de trabalho remoto, em car\u00e1ter tempor\u00e1rio e excepcional, quanto ao exerc\u00edcio de atividades por servidores e empregados p\u00fablicos dos \u00f3rg\u00e3os da Presid\u00eancia da Rep\u00fablica em raz\u00e3o do estado de emerg\u00eancia de sa\u00fade p\u00fablica de import\u00e2ncia internacional decorrente do coronav\u00edrus (COVID-19).<\/p><\/li><li class=\"TYR86d wXCUfe zfr3Q\" dir=\"ltr\"><p class=\"CDt4Ke zfr3Q\" dir=\"ltr\"><span class=\" aw5Odc\"><a class=\"XqQF9c\" href=\"http:\/\/www.google.com\/url?q=http%3A%2F%2Fwww.planalto.gov.br%2FCCIVIL_03%2FPortaria%2FPRT%2FPortaria%2520n%25C2%25BA%25205-20-mjsp-ms.htm&amp;sa=D&amp;sntz=1&amp;usg=AOvVaw18ct6RlXS4JPLA32N3zhDT\" target=\"_blank\" rel=\"noopener\">Portaria n\u00ba 5, de 17.3.2020<\/a><\/span> &#8211; Disp\u00f5e sobre a compulsoriedade das medidas de enfrentamento da emerg\u00eancia de sa\u00fade p\u00fablica previstas na Lei n\u00ba 13.979, de 06 de fevereiro de 2020.<\/p><\/li><li class=\"TYR86d wXCUfe zfr3Q\" dir=\"ltr\"><p class=\"CDt4Ke zfr3Q\" dir=\"ltr\"><span class=\" aw5Odc\"><a class=\"XqQF9c\" href=\"http:\/\/www.google.com\/url?q=http%3A%2F%2Fwww.planalto.gov.br%2FCCIVIL_03%2FPortaria%2FResolucao-5862-19-minfra.htm&amp;sa=D&amp;sntz=1&amp;usg=AOvVaw230jiuQFMfAwXRhPhirE5C\" target=\"_blank\" rel=\"noopener\">Resolu\u00e7\u00e3o n\u00ba 5.862, de 17.3.2020<\/a><\/span> &#8211; Regulamenta o cadastro da Opera\u00e7\u00e3o de Transporte necess\u00e1rio para a gera\u00e7\u00e3o do C\u00f3digo Identificador da Opera\u00e7\u00e3o de Transporte &#8211; CIOT e os meios de pagamentos do valor do frete referentes \u00e0 presta\u00e7\u00e3o de servi\u00e7os de transporte rodovi\u00e1rio remunerado de cargas.<\/p><\/li><li class=\"TYR86d wXCUfe zfr3Q\" dir=\"ltr\"><p class=\"CDt4Ke zfr3Q\" dir=\"ltr\"><span class=\" aw5Odc\"><a class=\"XqQF9c\" href=\"http:\/\/www.google.com\/url?q=http%3A%2F%2Fwww.planalto.gov.br%2FCCIVIL_03%2FPortaria%2FPRT%2FPortaria%2520n%25C2%25BA%25203-20-crp8.htm&amp;sa=D&amp;sntz=1&amp;usg=AOvVaw29q8HjPvreTeCYAyplMtg8\" target=\"_blank\" rel=\"noopener\">Portaria n\u00ba 3, de 17.03.2020<\/a><\/span> &#8211; Estabelece medidas tempor\u00e1rias de preven\u00e7\u00e3o ao cont\u00e1gio de pessoas pelo Novo Coronav\u00edrus (COVID-19) em todas as depend\u00eancias do Conselho Regional de Psicologia &#8211; 8\u00aa Regi\u00e3o e d\u00e1 outras provid\u00eancias.<\/p><\/li><li class=\"TYR86d wXCUfe zfr3Q\" dir=\"ltr\"><p class=\"CDt4Ke zfr3Q\" dir=\"ltr\"><span class=\" aw5Odc\"><a class=\"XqQF9c\" href=\"http:\/\/www.google.com\/url?q=http%3A%2F%2Fwww.planalto.gov.br%2FCCIVIL_03%2FPortaria%2FREC%2Frecomendacao%2520n%25C2%25BA%25201--20-cremepe.htm&amp;sa=D&amp;sntz=1&amp;usg=AOvVaw1TgtHjHT7UjDY6CcesgvbF\" target=\"_blank\" rel=\"noopener\">Recomenda\u00e7\u00e3o n\u00ba 1, de 17.3.2020<\/a><\/span> &#8211; Recomenda procedimentos a serem observados pelas autoridades sanit\u00e1rias do estado de Pernambuco no atendimento m\u00e9dico prestado aos casos do COVID-19 e outras provid\u00eancias.<\/p><\/li><li class=\"TYR86d wXCUfe zfr3Q\" dir=\"ltr\"><p class=\"CDt4Ke zfr3Q\" dir=\"ltr\"><span class=\" aw5Odc\"><a class=\"XqQF9c\" href=\"http:\/\/www.google.com\/url?q=http%3A%2F%2Fwww.planalto.gov.br%2FCCIVIL_03%2F_Ato2019-2022%2F2020%2FDecreto%2FD10277.htm&amp;sa=D&amp;sntz=1&amp;usg=AOvVaw2C_LlUNBjEyZGOOAmKszYn\" target=\"_blank\" rel=\"noopener\">Decreto n\u00ba 10.277, de 16.3.2020<\/a><\/span> &#8211; Institui o Comit\u00ea de Crise para Supervis\u00e3o e Monitoramento dos Impactos da Covid-19.<\/p><\/li><li class=\"TYR86d wXCUfe zfr3Q\" dir=\"ltr\"><p class=\"CDt4Ke zfr3Q\" dir=\"ltr\"><span class=\" aw5Odc\"><a class=\"XqQF9c\" href=\"http:\/\/www.google.com\/url?q=http%3A%2F%2Fwww.planalto.gov.br%2FCCIVIL_03%2FPortaria%2FResolucao%2520n%25C2%25BA%25204783-20-Bacen.htm&amp;sa=D&amp;sntz=1&amp;usg=AOvVaw0gtSdEWjoA9RxGcxDbDfnM\" target=\"_blank\" rel=\"noopener\">Resolu\u00e7\u00e3o n\u00ba 4.783, de 16.3.2020<\/a><\/span> &#8211; Estabelece, por prazos determinados, percentuais a serem aplicados ao montante RWA, para fins de apura\u00e7\u00e3o da parcela ACPConserva\u00e7\u00e3o de que trata a Resolu\u00e7\u00e3o n\u00ba 4.193, de 1\u00ba de mar\u00e7o de 2013.<\/p><\/li><li class=\"TYR86d wXCUfe zfr3Q\" dir=\"ltr\"><p class=\"CDt4Ke zfr3Q\" dir=\"ltr\"><span class=\" aw5Odc\"><a class=\"XqQF9c\" href=\"http:\/\/www.google.com\/url?q=http%3A%2F%2Fwww.planalto.gov.br%2FCCIVIL_03%2FPortaria%2FResolucao%2520n%25C2%25BA%25204782-20-Bacen.htm&amp;sa=D&amp;sntz=1&amp;usg=AOvVaw2i6CmKAp_vh4ZsHEQMcaH1\" target=\"_blank\" rel=\"noopener\">Resolu\u00e7\u00e3o n\u00ba 4.782, de 16.3.2020<\/a><\/span> &#8211; Estabelece, por tempo determinado, em fun\u00e7\u00e3o de eventuais impactos da Covid-19 na economia, crit\u00e9rios tempor\u00e1rios para a caracteriza\u00e7\u00e3o das reestrutura\u00e7\u00f5es de opera\u00e7\u00f5es de cr\u00e9dito, para fins de gerenciamento de risco de cr\u00e9dito.<\/p><\/li><li class=\"TYR86d wXCUfe zfr3Q\" dir=\"ltr\"><p class=\"CDt4Ke zfr3Q\" dir=\"ltr\"><span class=\" aw5Odc\"><a class=\"XqQF9c\" href=\"http:\/\/www.google.com\/url?q=http%3A%2F%2Fwww.planalto.gov.br%2FCCIVIL_03%2FPortaria%2FPRT%2FPortaria%2520n%25C2%25BA%25201076-20-mctic.htm&amp;sa=D&amp;sntz=1&amp;usg=AOvVaw1yNA6z63rzfqomPOWzpKTA\" target=\"_blank\" rel=\"noopener\">Portaria n\u00ba 1.076, de 16.3.2020<\/a><\/span> &#8211; Estabelece medidas tempor\u00e1rias de preven\u00e7\u00e3o \u00e0 infec\u00e7\u00e3o e propaga\u00e7\u00e3o do Coronav\u00edrus (COVID-19) no \u00e2mbito do Minist\u00e9rio da Ci\u00eancia, Tecnologia, Inova\u00e7\u00f5es e Comunica\u00e7\u00f5es &#8211; MCTIC e de suas Entidades Vinculadas.<\/p><\/li><li class=\"TYR86d wXCUfe zfr3Q\" dir=\"ltr\"><p class=\"CDt4Ke zfr3Q\" dir=\"ltr\"><span class=\" aw5Odc\"><a class=\"XqQF9c\" href=\"http:\/\/www.google.com\/url?q=http%3A%2F%2Fwww.planalto.gov.br%2FCCIVIL_03%2FPortaria%2Fprt395-20-ms.htm&amp;sa=D&amp;sntz=1&amp;usg=AOvVaw2qkVp1XZuvvFOyBur-MftE\" target=\"_blank\" rel=\"noopener\">Portaria n\u00ba 395, de 16.3.2020<\/a><\/span> &#8211; Estabelece recurso do Bloco de Custeio das A\u00e7\u00f5es e Servi\u00e7os P\u00fablicos de Sa\u00fade &#8211; Grupo de Aten\u00e7\u00e3o de M\u00e9dia e Alta Complexidade-MAC, a ser disponibilizado aos Estados e Distrito Federal, destinados \u00e0s a\u00e7\u00f5es de sa\u00fade para o enfrentamento do Coronav\u00edrus &#8211; COVID 19.<\/p><\/li><li class=\"TYR86d wXCUfe zfr3Q\" dir=\"ltr\"><p class=\"CDt4Ke zfr3Q\" dir=\"ltr\"><span class=\" aw5Odc\"><a class=\"XqQF9c\" href=\"http:\/\/www.google.com\/url?q=http%3A%2F%2Fwww.planalto.gov.br%2FCCIVIL_03%2FPortaria%2FPRT%2FPortaria%2520n%25C2%25BA%2520373-20-me-inss.htm&amp;sa=D&amp;sntz=1&amp;usg=AOvVaw0V-qmpIIXkuWj5jFCwNPPc\" target=\"_blank\" rel=\"noopener\">Portaria n\u00ba 373, de 16.3.2020<\/a><\/span> &#8211; Estabelece orienta\u00e7\u00f5es quanto \u00e0s medidas protetivas, no \u00e2mbito do INSS, para enfrentamento da emerg\u00eancia de sa\u00fade p\u00fablica decorrente da pandemia do coronav\u00edrus (COVID 19).<\/p><\/li><li class=\"TYR86d wXCUfe zfr3Q\" dir=\"ltr\"><p class=\"CDt4Ke zfr3Q\" dir=\"ltr\"><span class=\" aw5Odc\"><a class=\"XqQF9c\" href=\"http:\/\/www.google.com\/url?q=http%3A%2F%2Fwww.planalto.gov.br%2FCCIVIL_03%2FPortaria%2FPRT%2FPortaria%2520n%25C2%25BA%2520125-20-mjsp.htm&amp;sa=D&amp;sntz=1&amp;usg=AOvVaw1r-dx6fSxWjWE-5NsXNgFR\" target=\"_blank\" rel=\"noopener\">Portaria n\u00ba 125, de 16.3.2020<\/a><\/span> &#8211; Estabelece medidas quanto ao exerc\u00edcio de atividades por servidores do Minist\u00e9rio da Justi\u00e7a e Seguran\u00e7a P\u00fablica, em car\u00e1ter excepcional, em raz\u00e3o da pandemia de COVID-19.<\/p><\/li><li class=\"TYR86d wXCUfe zfr3Q\" dir=\"ltr\"><p class=\"CDt4Ke zfr3Q\" dir=\"ltr\"><span class=\" aw5Odc\"><a class=\"XqQF9c\" href=\"http:\/\/www.google.com\/url?q=http%3A%2F%2Fwww.planalto.gov.br%2FCCIVIL_03%2FPortaria%2FPRT%2FPortaria%2520n%25C2%25BA%252065-20-me-fjdfsmt.htm&amp;sa=D&amp;sntz=1&amp;usg=AOvVaw1Xl5u-XCe-SFnjuvTLPbrp\" target=\"_blank\" rel=\"noopener\">Portaria n\u00ba 65, de 16.3.2020<\/a><\/span> &#8211; Estabelecimento de orienta\u00e7\u00f5es, no \u00e2mbito da FUNDACENTRO, quanto \u00e0s medidas de prote\u00e7\u00e3o para enfrentamento da emerg\u00eancia de sa\u00fade p\u00fablica de import\u00e2ncia internacional decorrente do Coronav\u00edrus (COVID-19).<\/p><\/li><li class=\"TYR86d wXCUfe zfr3Q\" dir=\"ltr\"><p class=\"CDt4Ke zfr3Q\" dir=\"ltr\"><span class=\" aw5Odc\"><a class=\"XqQF9c\" href=\"http:\/\/www.google.com\/url?q=http%3A%2F%2Fwww.planalto.gov.br%2FCCIVIL_03%2FPortaria%2FPRT%2FPortaria%2520n%25C2%25BA%252059-20-MPU.htm&amp;sa=D&amp;sntz=1&amp;usg=AOvVaw2yVSudgu7ivDvmXrH03myN\" target=\"_blank\" rel=\"noopener\">Portaria n\u00ba 59, de 16.3.2020<\/a><\/span> &#8211; Institui\u00e7\u00e3o do o Gabinete Integrado de Acompanhamento \u00e0 Epidemia do Coronav\u00edrus-19 (GIAC-COVID19).<\/p><\/li><li class=\"TYR86d wXCUfe zfr3Q\" dir=\"ltr\"><p class=\"CDt4Ke zfr3Q\" dir=\"ltr\"><span class=\" aw5Odc\"><a class=\"XqQF9c\" href=\"http:\/\/www.google.com\/url?q=http%3A%2F%2Fwww.planalto.gov.br%2FCCIVIL_03%2FPortaria%2FIN%2FIN-21-20-SGDP.htm&amp;sa=D&amp;sntz=1&amp;usg=AOvVaw2s1IPSazXIt01mzrUYUAsO\" target=\"_blank\" rel=\"noopener\">Instru\u00e7\u00e3o Normativa n\u00ba 21, de 16.3.2020<\/a><\/span> &#8211; Altera a Instru\u00e7\u00e3o Normativa n\u00ba 19, de 12 de mar\u00e7o de 2020, que estabelece orienta\u00e7\u00f5es aos \u00f3rg\u00e3os e entidades do Sistema de Pessoal Civil da Administra\u00e7\u00e3o P\u00fablica Federal &#8211; SIPEC, quanto \u00e0s medidas de prote\u00e7\u00e3o para enfrentamento da emerg\u00eancia de sa\u00fade p\u00fablica de import\u00e2ncia internacional decorrente do coronav\u00edrus (COVID-19)<\/p><\/li><li class=\"TYR86d wXCUfe zfr3Q\" dir=\"ltr\"><p class=\"CDt4Ke zfr3Q\" dir=\"ltr\"><span class=\" aw5Odc\"><a class=\"XqQF9c\" href=\"http:\/\/www.google.com\/url?q=http%3A%2F%2Fwww.planalto.gov.br%2FCCIVIL_03%2FPortaria%2FPRT%2FPortaria%2520n%25C2%25BA%252029-20-mma-ipjbrj.htm&amp;sa=D&amp;sntz=1&amp;usg=AOvVaw3t9O-5uIzJwz6hDb5zAEn9\" target=\"_blank\" rel=\"noopener\">Portaria n\u00ba 29, de 15.3.2020<\/a><\/span> &#8211; Ado\u00e7\u00e3o de medidas pelo Instituto de Pesquisas Jardim Bot\u00e2nico do Rio de Janeiro.<\/p><\/li><li class=\"TYR86d wXCUfe zfr3Q\" dir=\"ltr\"><p class=\"CDt4Ke zfr3Q\" dir=\"ltr\"><span class=\" aw5Odc\"><a class=\"XqQF9c\" href=\"http:\/\/www.google.com\/url?q=http%3A%2F%2Fwww.planalto.gov.br%2FCCIVIL_03%2FPortaria%2FPRT%2FPortaria%2520n%25C2%25BA%25204-20-mjsp-dpn.htm&amp;sa=D&amp;sntz=1&amp;usg=AOvVaw2S2_mdxeLm5B-my7hBYgRX\" target=\"_blank\" rel=\"noopener\">Portaria n\u00ba 4, de 15.3.2020<\/a><\/span> &#8211; Suspende as visitas sociais, atendimentos de advogados e as escoltas dos presos custodiados nas Penitenci\u00e1rias Federais do Sistema Penitenci\u00e1rio Federal do Departamento Penitenci\u00e1rio Nacional como forma de preven\u00e7\u00e3o, controle e conten\u00e7\u00e3o de riscos do Novo Coronav\u00edrus.<\/p><\/li><li class=\"TYR86d wXCUfe zfr3Q\" dir=\"ltr\"><p class=\"CDt4Ke zfr3Q\" dir=\"ltr\"><span class=\" aw5Odc\"><a class=\"XqQF9c\" href=\"http:\/\/www.google.com\/url?q=http%3A%2F%2Fwww.planalto.gov.br%2FCCIVIL_03%2F_Ato2019-2022%2F2020%2FMpv%2Fmpv924.htm&amp;sa=D&amp;sntz=1&amp;usg=AOvVaw2Y_OkgEOsCHVFilcK2YA3H\" target=\"_blank\" rel=\"noopener\">Medida Provis\u00f3ria n\u00ba 924, de 13.3.2020<\/a><\/span> &#8211; Abre cr\u00e9dito extraordin\u00e1rio, em favor dos Minist\u00e9rios da Educa\u00e7\u00e3o e da Sa\u00fade, no valor de R$ 5.099.795.979,00, para os fins que especifica.<\/p><\/li><li class=\"TYR86d wXCUfe zfr3Q\" dir=\"ltr\"><p class=\"CDt4Ke zfr3Q\" dir=\"ltr\"><span class=\" aw5Odc\"><a class=\"XqQF9c\" href=\"http:\/\/www.google.com\/url?q=http%3A%2F%2Fwww.planalto.gov.br%2FCCIVIL_03%2FPortaria%2FPRT%2FPortaria%2520n%25C2%25BA%2520413-20-mjsp-funai.htm&amp;sa=D&amp;sntz=1&amp;usg=AOvVaw3buXq7dA0fTepDd7oJCW6i\" target=\"_blank\" rel=\"noopener\">Portaria n\u00ba 413, de 13.3.2020<\/a><\/span> &#8211; Estabelece medidas tempor\u00e1rias de preven\u00e7\u00e3o \u00e0 infec\u00e7\u00e3o e propaga\u00e7\u00e3o do novo Coronav\u00edrus (COVID-19) no \u00e2mbito da Funda\u00e7\u00e3o Nacional do \u00cdndio &#8211; FUNAI.<\/p><\/li><li class=\"TYR86d wXCUfe zfr3Q\" dir=\"ltr\"><p class=\"CDt4Ke zfr3Q\" dir=\"ltr\"><span class=\" aw5Odc\"><a class=\"XqQF9c\" href=\"http:\/\/www.google.com\/url?q=http%3A%2F%2Fwww.planalto.gov.br%2FCCIVIL_03%2FPortaria%2FIN20-20-me.htm&amp;sa=D&amp;sntz=1&amp;usg=AOvVaw0o6FfwfBRJYOu85EAiYoW8\" target=\"_blank\" rel=\"noopener\">Instru\u00e7\u00e3o Normativa n\u00ba 20, de 13.3.2020<\/a><\/span> &#8211; Altera a Instru\u00e7\u00e3o Normativa n\u00ba 19, de 12 de mar\u00e7o de 2020, que estabelece orienta\u00e7\u00f5es aos \u00f3rg\u00e3os e entidades do Sistema de Pessoal Civil da Administra\u00e7\u00e3o P\u00fablica Federal &#8211; SIPEC, quanto \u00e0s medidas de prote\u00e7\u00e3o para enfrentamento da emerg\u00eancia de sa\u00fade p\u00fablica de import\u00e2ncia internacional decorrente do coronav\u00edrus (COVID-19)<\/p><\/li><li class=\"TYR86d wXCUfe zfr3Q\" dir=\"ltr\"><p class=\"CDt4Ke zfr3Q\" dir=\"ltr\"><span class=\" aw5Odc\"><a class=\"XqQF9c\" href=\"http:\/\/www.google.com\/url?q=http%3A%2F%2Fwww.planalto.gov.br%2FCCIVIL_03%2FPortaria%2FRES%2FRES-453-20-MS-ANS.htm&amp;sa=D&amp;sntz=1&amp;usg=AOvVaw0PIjHEI2WF9EhseFrsWOXY\" target=\"_blank\" rel=\"noopener\">Resolu\u00e7\u00e3o n\u00ba 453, de 12.3.2020<\/a><\/span> &#8211; Altera a Resolu\u00e7\u00e3o Normativa &#8211; RN n\u00ba 428, de 07 de novembro de 2020, que disp\u00f5e sobre o Rol de Procedimentos e Eventos em Sa\u00fade no \u00e2mbito da Sa\u00fade Suplementar, para regulamentar a cobertura obrigat\u00f3ria e a utiliza\u00e7\u00e3o de testes diagn\u00f3sticos para infec\u00e7\u00e3o pelo Coronav\u00edrus.<\/p><\/li><li class=\"TYR86d wXCUfe zfr3Q\" dir=\"ltr\"><p class=\"CDt4Ke zfr3Q\" dir=\"ltr\"><span class=\" aw5Odc\"><a class=\"XqQF9c\" href=\"http:\/\/www.google.com\/url?q=http%3A%2F%2Fwww.planalto.gov.br%2FCCIVIL_03%2FPortaria%2FRES%2Fres-349-20-ms-anvisa.htm&amp;sa=D&amp;sntz=1&amp;usg=AOvVaw1kjbSKUBZiKsEN-jJ2W5_G\" target=\"_blank\" rel=\"noopener\">Resolu\u00e7\u00e3o n\u00ba 346, de 12.3.2020<\/a><\/span> &#8211; Define os crit\u00e9rios e os procedimentos extraordin\u00e1rios e tempor\u00e1rios para a certifica\u00e7\u00e3o de boas pr\u00e1ticas de fabrica\u00e7\u00e3o para fins de registro e altera\u00e7\u00f5es p\u00f3s-registro de insumo farmac\u00eautico ativo, medicamento e produtos para sa\u00fade em virtude da emerg\u00eancia de sa\u00fade p\u00fablica internacional do novo Coronav\u00edrus.<\/p><\/li><li class=\"TYR86d wXCUfe zfr3Q\" dir=\"ltr\"><p class=\"CDt4Ke zfr3Q\" dir=\"ltr\"><span class=\" aw5Odc\"><a class=\"XqQF9c\" href=\"http:\/\/www.google.com\/url?q=http%3A%2F%2Fwww.planalto.gov.br%2FCCIVIL_03%2FPortaria%2FIN19-20-me.htm&amp;sa=D&amp;sntz=1&amp;usg=AOvVaw2EDBYGN5JmmQ75Wp6_582L\" target=\"_blank\" rel=\"noopener\">Instru\u00e7\u00e3o Normativa n\u00ba 19, de 12.3.2020<\/a><\/span> &#8211; Estabelece orienta\u00e7\u00f5es aos \u00f3rg\u00e3os e entidades do Sistema de Pessoal Civil da Administra\u00e7\u00e3o P\u00fablica Federal &#8211; SIPEC, quanto \u00e0s medidas de prote\u00e7\u00e3o para enfrentamento da emerg\u00eancia de sa\u00fade p\u00fablica de import\u00e2ncia internacional decorrente do coronav\u00edrus (COVID-19).<\/p><\/li><li class=\"TYR86d wXCUfe zfr3Q\" dir=\"ltr\"><p class=\"CDt4Ke zfr3Q\" dir=\"ltr\"><span class=\" aw5Odc\"><a class=\"XqQF9c\" href=\"http:\/\/www.google.com\/url?q=http%3A%2F%2Fwww.planalto.gov.br%2FCCIVIL_03%2FPortaria%2FPRT%2FPortaria%2520n%25C2%25BA%2520356-20-MS.htm&amp;sa=D&amp;sntz=1&amp;usg=AOvVaw2XNvkRmF64QL75AF-YEhSK\" target=\"_blank\" rel=\"noopener\">Portaria n\u00ba 356, de 11.3.2020<\/a><\/span> &#8211; Disp\u00f5e sobre a regulamenta\u00e7\u00e3o e operacionaliza\u00e7\u00e3o do disposto na Lei n\u00ba 13.979, de 6 de fevereiro de 2020, que estabelece as medidas para enfrentamento da emerg\u00eancia de sa\u00fade p\u00fablica de import\u00e2ncia internacional decorrente do coronav\u00edrus (COVID-19).<\/p><\/li><li class=\"TYR86d wXCUfe zfr3Q\" dir=\"ltr\"><p class=\"CDt4Ke zfr3Q\" dir=\"ltr\"><span class=\" aw5Odc\"><a class=\"XqQF9c\" href=\"http:\/\/www.google.com\/url?q=http%3A%2F%2Fwww.planalto.gov.br%2FCCIVIL_03%2F_Ato2019-2022%2F2020%2FMpv%2Fmpv921.htm&amp;sa=D&amp;sntz=1&amp;usg=AOvVaw2DZ-stLNmLQawnTXVkDtYG\" target=\"_blank\" rel=\"noopener\">Medida Provis\u00f3ria n\u00ba 921, de 7.2.2020<\/a><\/span> &#8211; Abre cr\u00e9dito extraordin\u00e1rio, em favor do Minist\u00e9rio da Defesa, no valor de R$ 11.287.803,00, para os fins que especifica.<\/p><\/li><li class=\"TYR86d wXCUfe zfr3Q\" dir=\"ltr\"><p class=\"CDt4Ke zfr3Q\" dir=\"ltr\"><span class=\" aw5Odc\"><a class=\"XqQF9c\" href=\"http:\/\/www.google.com\/url?q=http%3A%2F%2Fwww.planalto.gov.br%2FCCIVIL_03%2F_Ato2019-2022%2F2020%2FLei%2FL13979.htm&amp;sa=D&amp;sntz=1&amp;usg=AOvVaw1gjlRvQ8D0mEZkjuJ8sk3o\" target=\"_blank\" rel=\"noopener\">Lei n\u00ba 13.979, de 6.2.2020<\/a><\/span> &#8211; Disp\u00f5e sobre as medidas para enfrentamento da emerg\u00eancia de sa\u00fade p\u00fablica de import\u00e2ncia internacional decorrente do coronav\u00edrus respons\u00e1vel pelo surto de 2019.<\/p><\/li><li class=\"TYR86d wXCUfe zfr3Q\" dir=\"ltr\"><p class=\"CDt4Ke zfr3Q\" dir=\"ltr\"><span class=\" aw5Odc\"><a class=\"XqQF9c\" href=\"http:\/\/www.google.com\/url?q=http%3A%2F%2Fwww.planalto.gov.br%2FCCIVIL_03%2FPortaria%2FPRT%2FPortaria%2520n%25C2%25BA%252079-20-ME-INMETRO.htm&amp;sa=D&amp;sntz=1&amp;usg=AOvVaw2tTDc7v11rLbBsYPPJeD0P\" target=\"_blank\" rel=\"noopener\">Portaria n\u00ba 79, de 4.3.2020<\/a><\/span> &#8211; Aprova condi\u00e7\u00f5es extraordin\u00e1rias para realiza\u00e7\u00e3o das atividades de avalia\u00e7\u00e3o da conformidade em pa\u00edses afetados pela epidemia do coronav\u00edrus (COVID-19).<\/p><\/li><li class=\"TYR86d wXCUfe zfr3Q\" dir=\"ltr\"><p class=\"CDt4Ke zfr3Q\" dir=\"ltr\"><span class=\" aw5Odc\"><a class=\"XqQF9c\" href=\"http:\/\/www.google.com\/url?q=http%3A%2F%2Fwww.planalto.gov.br%2FCCIVIL_03%2FPortaria%2FPortaria-188-20-ms.htm&amp;sa=D&amp;sntz=1&amp;usg=AOvVaw2M55_DbDxT5Y7AABdHQPIj\" target=\"_blank\" rel=\"noopener\">Portaria n\u00ba 188, de 3.2.2020<\/a><\/span> &#8211; Declara Emerg\u00eancia em Sa\u00fade P\u00fablica de import\u00e2ncia Nacional (ESPIN) em decorr\u00eancia da Infec\u00e7\u00e3o Humana pelo novo Coronav\u00edrus (2019-nCoV).<\/p><\/li><\/ul><\/div><\/div><\/div><\/div><div class=\"oKdM2c ZZyype\"><div id=\"h.16f51c7ac7a371de_52\" class=\"hJDwNd-AhqUyc-uQSCkd Ft7HRd-AhqUyc-uQSCkd jXK9ad D2fZ2 zu5uec wHaque g5GTcb GNzUNc\"><div class=\"jXK9ad-SmKAyb\"><div class=\"tyJCtd mGzaTb Depvyb baZpAe\"><small id=\"h.ppno359y3zo6\" class=\"CDt4Ke zfr3Q TMjjoe\" dir=\"ltr\">Cr\u00e9dito: Governo Federal<\/small><\/div><\/div><\/div><\/div><\/div><\/div><\/div><\/div><\/div><\/div>\n\t\t\t\t<\/div>\n\t\t\t\t\t\t\t<div class=\"elementor-toggle-item\">\n\t\t\t\t\t<div id=\"elementor-tab-title-4324\" class=\"elementor-tab-title\" data-tab=\"4\" role=\"button\" aria-controls=\"elementor-tab-content-4324\" aria-expanded=\"false\">\n\t\t\t\t\t\t\t\t\t\t\t\t<span class=\"elementor-toggle-icon elementor-toggle-icon-left\" aria-hidden=\"true\">\n\t\t\t\t\t\t\t\t\t\t\t\t\t\t\t<span class=\"elementor-toggle-icon-closed\"><i class=\"fas fa-caret-right\"><\/i><\/span>\n\t\t\t\t\t\t\t\t<span class=\"elementor-toggle-icon-opened\"><i class=\"elementor-toggle-icon-opened fas fa-caret-up\"><\/i><\/span>\n\t\t\t\t\t\t\t\t\t\t\t\t\t<\/span>\n\t\t\t\t\t\t\t\t\t\t\t\t<a class=\"elementor-toggle-title\" tabindex=\"0\">Prefeitura de Goi\u00e2nia<\/a>\n\t\t\t\t\t<\/div>\n\n\t\t\t\t\t<div id=\"elementor-tab-content-4324\" class=\"elementor-tab-content elementor-clearfix\" data-tab=\"4\" role=\"region\" aria-labelledby=\"elementor-tab-title-4324\"><div class=\"mYVXT\"><div class=\"LS81yb VICjCf j5pSsc db35Fc\" tabindex=\"-1\"><div class=\"hJDwNd-AhqUyc-uQSCkd Ft7HRd-AhqUyc-uQSCkd purZT-AhqUyc-II5mzb ZcASvf-AhqUyc-II5mzb pSzOP-AhqUyc-qWD73c Ktthjf-AhqUyc-qWD73c JNdkSc SQVYQc yYI8W HQwdzb\"><div class=\"JNdkSc-SmKAyb LkDMRd\"><div class=\"\"><div class=\"oKdM2c ZZyype Kzv0Me\"><div id=\"h.3f5ecf45ab67155e_678\" class=\"hJDwNd-AhqUyc-uQSCkd Ft7HRd-AhqUyc-uQSCkd jXK9ad D2fZ2 zu5uec OjCsFc dmUFtb GNzUNc\"><div class=\"jXK9ad-SmKAyb\"><div class=\"tyJCtd mGzaTb Depvyb baZpAe\"><ul class=\"n8H08c UVNKR\"><li class=\"TYR86d wXCUfe zfr3Q\" dir=\"ltr\"><p class=\"CDt4Ke zfr3Q\" dir=\"ltr\"><span class=\" aw5Odc\"><a class=\"XqQF9c\" href=\"https:\/\/drive.google.com\/file\/d\/1nFvBforApBHpAQtMUKZtybxEiVl5Khv0\/view\" target=\"_blank\" rel=\"noopener\">Portaria n\u00b0 146, de 04 de maio de 2020<\/a><\/span> &#8211; Normatiza a Nota T\u00e9cnica no 01\/2020-SMS\/GAB, que recomenda a n\u00e3o flexibiliza\u00e7\u00e3o das atividades n\u00e3o essenciais al\u00e9m daquelas previstas no Decreto Estadual no 9.653, de 19\/04\/2020.<\/p><\/li><\/ul><\/div><\/div><\/div><\/div><div class=\"oKdM2c ZZyype\"><div id=\"h.5f601c0e18225e1a_12\" class=\"hJDwNd-AhqUyc-uQSCkd Ft7HRd-AhqUyc-uQSCkd jXK9ad D2fZ2 zu5uec wHaque g5GTcb GNzUNc\"><div class=\"jXK9ad-SmKAyb\"><div class=\"tyJCtd mGzaTb Depvyb baZpAe\"><small id=\"h.kmgupfjo1tyn\" class=\"CDt4Ke zfr3Q TMjjoe\" dir=\"ltr\">Cr\u00e9dito: Prefeitura de Goi\u00e2nia<\/small><\/div><\/div><\/div><\/div><\/div><\/div><\/div><\/div><\/div><\/div>\n\t\t\t\t<\/div>\n\t\t\t\t\t\t\t<div class=\"elementor-toggle-item\">\n\t\t\t\t\t<div id=\"elementor-tab-title-4325\" class=\"elementor-tab-title\" data-tab=\"5\" role=\"button\" aria-controls=\"elementor-tab-content-4325\" aria-expanded=\"false\">\n\t\t\t\t\t\t\t\t\t\t\t\t<span class=\"elementor-toggle-icon elementor-toggle-icon-left\" aria-hidden=\"true\">\n\t\t\t\t\t\t\t\t\t\t\t\t\t\t\t<span class=\"elementor-toggle-icon-closed\"><i class=\"fas fa-caret-right\"><\/i><\/span>\n\t\t\t\t\t\t\t\t<span class=\"elementor-toggle-icon-opened\"><i class=\"elementor-toggle-icon-opened fas fa-caret-up\"><\/i><\/span>\n\t\t\t\t\t\t\t\t\t\t\t\t\t<\/span>\n\t\t\t\t\t\t\t\t\t\t\t\t<a class=\"elementor-toggle-title\" tabindex=\"0\">Secretaria Municipal de Sa\u00fade<\/a>\n\t\t\t\t\t<\/div>\n\n\t\t\t\t\t<div id=\"elementor-tab-content-4325\" class=\"elementor-tab-content elementor-clearfix\" data-tab=\"5\" role=\"region\" aria-labelledby=\"elementor-tab-title-4325\"><div class=\"CjVfdc\">Decretos e Atos \u2013 COVID-19<\/div><div id=\"h.s7ew0cufdkvw\" class=\"GV3q8e aP9Z7e\">\u00a0<\/div><div class=\"CjVfdc\"><div class=\"PPhIP rviiZ\">\u00a0<\/div><\/div><div class=\"CjVfdc\">Medidas Emergenciais<\/div><ul class=\"n8H08c UVNKR\"><li class=\"TYR86d wXCUfe zfr3Q\" dir=\"ltr\"><p class=\"CDt4Ke zfr3Q\" dir=\"ltr\"><a class=\"XqQF9c rXJpyf\" href=\"https:\/\/www.google.com\/url?q=https%3A%2F%2Fwww.goiania.go.gov.br%2Fhtml%2Fgabinete_civil%2Fsileg%2Fdados%2Flegis%2F2021%2Fdc_20210222_000001601.html&amp;sa=D&amp;sntz=1&amp;usg=AOvVaw1heasmWbpXG2lE7ELC5SxM\" target=\"_blank\" rel=\"noopener\">Decreto N\u00ba 1.601, de 22 de fevereiro de 2021<\/a><a class=\"XqQF9c rXJpyf\" href=\"https:\/\/www.google.com\/url?q=https%3A%2F%2Fwww.goiania.go.gov.br%2Fhtml%2Fgabinete_civil%2Fsileg%2Fdados%2Flegis%2F2021%2Fdc_20210222_000001601.html&amp;sa=D&amp;sntz=1&amp;usg=AOvVaw1heasmWbpXG2lE7ELC5SxM\" target=\"_blank\" rel=\"noopener\"> (Legisla\u00e7\u00e3o em vigor, atualizada com as altera\u00e7\u00f5es posteriores) <\/a>&#8211; Mant\u00e9m SITUA\u00c7\u00c3O DE EMERG\u00caNCIA em Sa\u00fade P\u00fablica no Munic\u00edpio de Goi\u00e2nia e disp\u00f5e sobre medidas de enfrentamento da pandemia da COVID-19 provocada pelo SARS-CoV-2 e suas variantes, no \u00e2mbito do Poder Executivo do Munic\u00edpio de Goi\u00e2nia.<\/p><\/li><\/ul><ul class=\"n8H08c UVNKR\"><li class=\"TYR86d wXCUfe zfr3Q\" dir=\"ltr\"><p class=\"CDt4Ke zfr3Q\" dir=\"ltr\"><a class=\"XqQF9c rXJpyf\" href=\"https:\/\/www.google.com\/url?q=https%3A%2F%2Fwww.goiania.go.gov.br%2Fhtml%2Fgabinete_civil%2Fsileg%2Fdados%2Flegis%2F2020%2Fdc_20200325_000000833.html&amp;sa=D&amp;sntz=1&amp;usg=AOvVaw27ynswQClOoDfPx_PtPCNy\" target=\"_blank\" rel=\"noopener\">Decreto N\u00ba 833, de 26 de mar\u00e7o de 2020<\/a> &#8211; Adota como medida administrativa para enfrentamento da situa\u00e7\u00e3o de emerg\u00eancia em raz\u00e3o do COVID-19, a designa\u00e7\u00e3o tempor\u00e1ria do Hospital e Maternidade Municipal C\u00e9lia C\u00e2mara para interna\u00e7\u00e3o dos casos de s\u00edndrome respirat\u00f3ria aguda grave.<\/p><\/li><\/ul><ul class=\"n8H08c UVNKR\"><li class=\"TYR86d wXCUfe zfr3Q\" dir=\"ltr\"><p class=\"CDt4Ke zfr3Q\" dir=\"ltr\"><a class=\"XqQF9c rXJpyf\" href=\"https:\/\/www.google.com\/url?q=https%3A%2F%2Fwww.goiania.go.gov.br%2Fhtml%2Fgabinete_civil%2Fsileg%2Fdados%2Flegis%2F2020%2Fdc_20200323_000000799.html&amp;sa=D&amp;sntz=1&amp;usg=AOvVaw3-KDPZUpw8aYYhX3OIepcj\" target=\"_blank\" rel=\"noopener\">Decreto N\u00ba 799, de 23 de mar\u00e7o de 2020<\/a> &#8211; Declara SITUA\u00c7\u00c3O DE CALAMIDADE P\u00daBLICA no Munic\u00edpio de Goi\u00e2nia (23\/03\/2020)<\/p><\/li><\/ul><ul class=\"n8H08c UVNKR\"><li class=\"TYR86d wXCUfe zfr3Q\" dir=\"ltr\"><p class=\"CDt4Ke zfr3Q\" dir=\"ltr\"><a class=\"XqQF9c rXJpyf\" href=\"https:\/\/www.google.com\/url?q=https%3A%2F%2Fwww.goiania.go.gov.br%2Fhtml%2Fgabinete_civil%2Fsileg%2Fdados%2Flegis%2F2020%2Fdc_20200313_000000736.html&amp;sa=D&amp;sntz=1&amp;usg=AOvVaw1SkkI-lG_Hn_7mLz0HFtLj\" target=\"_blank\" rel=\"noopener\">Decreto n\u00ba 736, de 13 de mar\u00e7o de 2020<\/a> &#8211; Declara Situa\u00e7\u00e3o de Emerg\u00eancia.<\/p><\/li><\/ul><ul class=\"n8H08c UVNKR\"><li class=\"TYR86d wXCUfe zfr3Q\" dir=\"ltr\"><p class=\"CDt4Ke zfr3Q\" dir=\"ltr\"><a class=\"XqQF9c rXJpyf\" href=\"https:\/\/www.google.com\/url?q=https%3A%2F%2Fwww.goiania.go.gov.br%2Fhtml%2Fgabinete_civil%2Fsileg%2Fdados%2Flegis%2F2020%2Fdc_20200326_000000847.html&amp;sa=D&amp;sntz=1&amp;usg=AOvVaw1BGDHoXwINgxZyCEoFOetL\" target=\"_blank\" rel=\"noopener\">Decreto N\u00ba 847, de 26 de mar\u00e7o de 2020<\/a> &#8211; Disp\u00f5e sobre a realiza\u00e7\u00e3o de obras p\u00fablicas no Munic\u00edpio de Goi\u00e2nia durante a pandemia de COVID-19<\/p><\/li><\/ul><ul class=\"n8H08c UVNKR\"><li class=\"TYR86d wXCUfe zfr3Q\" dir=\"ltr\"><p class=\"CDt4Ke zfr3Q\" dir=\"ltr\"><a class=\"XqQF9c rXJpyf\" href=\"https:\/\/www.google.com\/url?q=https%3A%2F%2Fwww.goiania.go.gov.br%2Fhtml%2Fgabinete_civil%2Fsileg%2Fdados%2Flegis%2F2020%2Fdc_20200318_000000784.html&amp;sa=D&amp;sntz=1&amp;usg=AOvVaw0rgA7IAUPxpjyxj6mtMzjc\" target=\"_blank\" rel=\"noopener\">Decreto N\u00ba 784, de 23 de mar\u00e7o de 2020<\/a> &#8211; Altera o Decreto n\u00ba 751, de 16 de mar\u00e7o de 2020, que Disp\u00f5e sobre medidas complementares de enfrentamento da pandemia provocada pelo Coronav\u00edrus (COVID-19), no \u00e2mbito do Poder Executivo do Munic\u00edpio de Goi\u00e2nia.<\/p><\/li><\/ul><ul class=\"n8H08c UVNKR\"><li class=\"TYR86d wXCUfe zfr3Q\" dir=\"ltr\"><p class=\"CDt4Ke zfr3Q\" dir=\"ltr\"><a class=\"XqQF9c rXJpyf\" href=\"https:\/\/www.google.com\/url?q=https%3A%2F%2Fwww.goiania.go.gov.br%2Fhtml%2Fgabinete_civil%2Fsileg%2Fdados%2Flegis%2F2020%2Fdc_20200316_000000751.html&amp;sa=D&amp;sntz=1&amp;usg=AOvVaw3aor4fRwCNZ0zVl_crTOje\" target=\"_blank\" rel=\"noopener\">Decreto n\u00ba 751, de 16 de mar\u00e7o de 2020<\/a> &#8211; Disp\u00f5e sobre medidas complementares de enfrentamento<\/p><\/li><\/ul><div id=\"h.j26bzcarf70u\" class=\"GV3q8e aP9Z7e\">\u00a0<\/div><div class=\"CjVfdc\"><div class=\"PPhIP rviiZ\">\u00a0<\/div><\/div><div class=\"CjVfdc\">Flexibiliza\u00e7\u00e3o e Reabertura do com\u00e9rcio<\/div><ul class=\"n8H08c UVNKR\"><li class=\"TYR86d wXCUfe zfr3Q\" dir=\"ltr\"><p class=\"CDt4Ke zfr3Q\" dir=\"ltr\"><a class=\"XqQF9c rXJpyf\" href=\"https:\/\/www.google.com\/url?q=https%3A%2F%2Fwww.goiania.go.gov.br%2Fhtml%2Fgabinete_civil%2Fsileg%2Fdados%2Flegis%2F2020%2Fdc_20200915_000001655.html&amp;sa=D&amp;sntz=1&amp;usg=AOvVaw1YxKaksbIIrIZWbtTbkkHB\" target=\"_blank\" rel=\"noopener\">Decreto n\u00b0 1655, de 15 de setembro de 2020<\/a> &#8211; Altera os decretos que especifica e d\u00e1 outras provid\u00eancias.<\/p><\/li><\/ul><ul class=\"n8H08c UVNKR\"><li class=\"TYR86d wXCUfe zfr3Q\" dir=\"ltr\"><p class=\"CDt4Ke zfr3Q\" dir=\"ltr\"><a class=\"XqQF9c rXJpyf\" href=\"https:\/\/www.google.com\/url?q=https%3A%2F%2Fwww.goiania.go.gov.br%2Fhtml%2Fgabinete_civil%2Fsileg%2Fdados%2Flegis%2F2020%2Fdc_20200713_000001313.html&amp;sa=D&amp;sntz=1&amp;usg=AOvVaw3Epi4z7PFLFZA12LOZ8qRf\" target=\"_blank\" rel=\"noopener\">Decreto n\u00b0 1313, de 13 de junho de 2020<\/a> &#8211; Estabelece normas para o retorno das atividades econ\u00f4micas e n\u00e3o econ\u00f4micas ap\u00f3s o per\u00edodo de suspens\u00e3o para a preven\u00e7\u00e3o e enfrentamento da pandemia da COVID-19 e d\u00e1 outras provid\u00eancias.<\/p><\/li><\/ul><ul class=\"n8H08c UVNKR\"><li class=\"TYR86d wXCUfe zfr3Q\" dir=\"ltr\"><p class=\"CDt4Ke zfr3Q\" dir=\"ltr\"><a class=\"XqQF9c rXJpyf\" href=\"https:\/\/www.google.com\/url?q=https%3A%2F%2Fwww.goiania.go.gov.br%2Fhtml%2Fgabinete_civil%2Fsileg%2Fdados%2Flegis%2F2020%2Fdc_20200630_000001242.html&amp;sa=D&amp;sntz=1&amp;usg=AOvVaw2-OQ4ecUw2I39Dhd6tvG70\" target=\"_blank\" rel=\"noopener\">Decreto 1242, de 30 de junho de 2020<\/a> <em>&#8211; <\/em>Disp\u00f5e sobre ades\u00e3o ao sistema de revezamento de atividades econ\u00f4micas organizadas para a produ\u00e7\u00e3o ou a circula\u00e7\u00e3o de bens e de servi\u00e7os que especifica.<br \/><br \/>Estabelece que a Prefeitura de Goi\u00e2nia seguir\u00e1 na \u00edntegra as diretrizes divulgadas pelo Governo de Goi\u00e1s no decreto n\u00famero 9.685, de 29 de junho de 2020, que determinou medidas de combate ao novo coronav\u00edrus com revezamento intermitente. Ficam suspensas as atividades por 14 dias seguidos a partir de 30\/6, Sendo assim, a primeira etapa de fechamento segue at\u00e9 dia 13\/7, com segmentos permitidos sendo reabertos no dia 14\/7. Depois disso, segue-se um modelo alternado de abertura e isolamento de 14 dias em 14 dias sucessivamente.<\/p><\/li><\/ul><ul class=\"n8H08c UVNKR\"><li class=\"TYR86d wXCUfe zfr3Q\" dir=\"ltr\"><p class=\"CDt4Ke zfr3Q\" dir=\"ltr\"><a class=\"XqQF9c rXJpyf\" href=\"https:\/\/www.google.com\/url?q=https%3A%2F%2Fwww.goiania.go.gov.br%2Fhtml%2Fgabinete_civil%2Fsileg%2Fdados%2Flegis%2F2020%2Fdc_20200619_000001187.html&amp;sa=D&amp;sntz=1&amp;usg=AOvVaw1lnzqWkVQK7YA13RtUKZaq\" target=\"_blank\" rel=\"noopener\">(Revogado) Decreto 1187 de 19 de junho de 2020<\/a> <em>&#8211; <\/em>Flexibiliza\u00e7\u00e3o de novos segmentos em Goi\u00e2nia &#8211; Altera os Decretos que especifica e d\u00e1 outras provid\u00eancias.<br \/>Reabre novos segmentos de forma segura e estabelece r\u00edgidos protocolos de seguran\u00e7a. No dia 22 de junho, voltam a funcionar shoppings centers, galerias, centros comerciais, os setores varejista e atacadista e os espa\u00e7os onde atuam profissionais liberais. No dia 30 de junho, voltam a funcionar os estabelecimentos da regi\u00e3o da 44.<\/p><\/li><\/ul><ul class=\"n8H08c UVNKR\"><li class=\"TYR86d wXCUfe zfr3Q\" dir=\"ltr\"><p class=\"CDt4Ke zfr3Q\" dir=\"ltr\"><a class=\"XqQF9c rXJpyf\" href=\"https:\/\/www.google.com\/url?q=https%3A%2F%2Fwww.goiania.go.gov.br%2Fhtml%2Fgabinete_civil%2Fsileg%2Fdados%2Flegis%2F2020%2Fdc_20200529_000001113.html&amp;sa=D&amp;sntz=1&amp;usg=AOvVaw2Et6R457W6fIlofA2iRQ65\" target=\"_blank\" rel=\"noopener\">(Revogado) Decreto 1113 de 29 de maio de 2020<\/a> &#8211; Flexibiliza\u00e7\u00e3o do com\u00e9rcio &#8211; Mercados Municipais, \u00e1rea administrativa das imobili\u00e1rias, treinos de futebol profissional. Estabelece as regras de reabertura de alguns segmentos dentro do plano do retorno seguro de setores que tiveram as atividades suspensas em decorr\u00eancia das medidas para enfrentamento e preven\u00e7\u00e3o da covid-19. A partir da segunda-feira (1\u00ba\/06) retornam a \u00e1rea administrativa das imobili\u00e1rias; mercados p\u00fablicos municipais e centros de treinamento de atletas profissionais de times oficiais de futebol.<\/p><\/li><\/ul><ul class=\"n8H08c UVNKR\"><li class=\"TYR86d wXCUfe zfr3Q\" dir=\"ltr\"><p class=\"CDt4Ke zfr3Q\" dir=\"ltr\"><a class=\"XqQF9c rXJpyf\" href=\"https:\/\/www.google.com\/url?q=https%3A%2F%2Fwww.goiania.go.gov.br%2Fhtml%2Fgabinete_civil%2Fsileg%2Fdados%2Flegis%2F2020%2Fdc_20200518_000001050.html&amp;sa=D&amp;sntz=1&amp;usg=AOvVaw0AcUMyoSnpS5hGWoRMvcyJ\" target=\"_blank\" rel=\"noopener\">Decreto 1050 de 18 de maio de 2020<\/a> &#8211; Estabelece hor\u00e1rios de funcionamento de estabelecimentos industriais, comerciais e de servi\u00e7os; disp\u00f5e sobre medidas complementares de enfrentamento e de preven\u00e7\u00e3o pandemia da COVID-19 nos servi\u00e7os de transporte p\u00fablico coletivo, no \u00e2mbito do Munic\u00edpio de Goi\u00e2nia, e d\u00e1 outras provid\u00eancias.<\/p><\/li><\/ul><div id=\"h.erioimvopmp1\" class=\"GV3q8e aP9Z7e\">\u00a0<\/div><div class=\"CjVfdc\"><div class=\"PPhIP rviiZ\">\u00a0<\/div><\/div><div class=\"CjVfdc\">Transpar\u00eancia nas Contrata\u00e7\u00f5es Emergenciais<\/div><ul class=\"n8H08c UVNKR\"><li class=\"TYR86d wXCUfe zfr3Q\" dir=\"ltr\"><p class=\"CDt4Ke zfr3Q\" dir=\"ltr\"><a class=\"XqQF9c rXJpyf\" href=\"https:\/\/www.google.com\/url?q=https%3A%2F%2Fwww.goiania.go.gov.br%2Fhtml%2Fgabinete_civil%2Fsileg%2Fdados%2Flegis%2F2020%2Fdc_20200515_000001043.html&amp;sa=D&amp;sntz=1&amp;usg=AOvVaw2pi8eShNk-Ux5ba-ZyVVC5\" target=\"_blank\" rel=\"noopener\">Decreto 1043, de 15 de maio de 2020<\/a> &#8211; Determina que todos os \u00f3rg\u00e3os e entidades da Administra\u00e7\u00e3o P\u00fablica Municipal empreendam imediatas medidas preventivas e de transpar\u00eancia alimentando as bases de dados do Portal de Transpar\u00eancia espec\u00edfico dos gastos decorrentes ao COVID-19 e do TCM-GO (licita\u00e7\u00f5es e contratos, despesas e receitas, dentre outras, na periodicidade regrada); o documento ainda instrui que seja remetido \u201cimediatamente ao TCM-GO, por meio eletr\u00f4nico, informa\u00e7\u00f5es e documentos previstos na IN n.\u00ba 12\/18 do TCM-GO (plataforma COLARE), relativos a procedimentos licitat\u00f3rios e dispensas decorrentes do COVID-19.<\/p><\/li><\/ul><ul class=\"n8H08c UVNKR\"><li class=\"TYR86d wXCUfe zfr3Q\" dir=\"ltr\"><p class=\"CDt4Ke zfr3Q\" dir=\"ltr\"><a class=\"XqQF9c rXJpyf\" href=\"https:\/\/www.google.com\/url?q=https%3A%2F%2Fwww.goiania.go.gov.br%2Fwp-uploads%2F2020%2F07%2FInstru%25C3%25A7%25C3%25A3o-Normativa-Processo-Dispensa-COVID-19.pdf&amp;sa=D&amp;sntz=1&amp;usg=AOvVaw0Pkk7o3GlWw1bPtlb4bDnv\" target=\"_blank\" rel=\"noopener\">Instru\u00e7\u00e3o Normativa CGM 001\/2020<\/a> &#8211; Determina \u00e0 compet\u00eancia da Controladoria Geral do Munic\u00edpio o acompanhamento de todas as contrata\u00e7\u00f5es decorrentes do COVID-19, fornece informa\u00e7\u00f5es pr\u00e1ticas e orienta\u00e7\u00f5es aos gestores respons\u00e1veis por contrata\u00e7\u00f5es.<\/p><\/li><\/ul><div id=\"h.hqkxsvfpup5r\" class=\"GV3q8e aP9Z7e\">\u00a0<\/div><div class=\"CjVfdc\"><div class=\"PPhIP rviiZ\">\u00a0<\/div><\/div><div class=\"CjVfdc\">Aux\u00edlio Social<\/div><ul class=\"n8H08c UVNKR\"><li class=\"TYR86d wXCUfe zfr3Q\" dir=\"ltr\"><p class=\"CDt4Ke zfr3Q\" dir=\"ltr\"><a class=\"XqQF9c rXJpyf\" href=\"https:\/\/www.google.com\/url?q=https%3A%2F%2Fwww.goiania.go.gov.br%2Fhtml%2Fgabinete_civil%2Fsileg%2Fdados%2Flegis%2F2020%2Fdc_20200515_000001041.html&amp;sa=D&amp;sntz=1&amp;usg=AOvVaw0froQgIZJPYJ-fAGGxkspR\" target=\"_blank\" rel=\"noopener\">Decreto 1041, de 15 de maio de 2020<\/a> &#8211; Comiss\u00e3o de acompanhamento e distribui\u00e7\u00e3o das cestas b\u00e1sicas &#8211; Cria comiss\u00e3o que ir\u00e1 acompanhar distribui\u00e7\u00e3o de cestas b\u00e1sicas e institui a participa\u00e7\u00e3o de cinco pastas e quatro \u00f3rg\u00e3os externos. O objetivo \u00e9 dar mais transpar\u00eancia e agilidade ao processo que pretende entregar os alimentos a cerca de cem mil fam\u00edlias em vulnerabilidade social.Participam da Comiss\u00e3o, representantes da Secretaria Municipal de Assist\u00eancia Social (SEMAS), Secretaria de Governo (SEGOV), Secretaria de Direitos Humanos e Pol\u00edticas Afirmativas (SDHPA), Procuradoria Geral e Controladoria do Munic\u00edpio. Foram convidados a participar, C\u00e2mara Municipal de Goi\u00e2nia, Tribunal de Contas dos Munic\u00edpios, Defensoria P\u00fablica do Estado de Goi\u00e1s e Minist\u00e9rio P\u00fablico (MP-GO)<\/p><\/li><\/ul><div id=\"h.38rallkieih6\" class=\"GV3q8e aP9Z7e\">\u00a0<\/div><div class=\"CjVfdc\"><div class=\"PPhIP rviiZ\">\u00a0<\/div><\/div><div class=\"CjVfdc\">Medidas Preventivas<\/div><ul class=\"n8H08c UVNKR\"><li class=\"TYR86d wXCUfe zfr3Q\" dir=\"ltr\"><p class=\"CDt4Ke zfr3Q\" dir=\"ltr\"><a class=\"XqQF9c rXJpyf\" href=\"https:\/\/www.google.com\/url?q=https%3A%2F%2Fwww.goiania.go.gov.br%2Fhtml%2Fgabinete_civil%2Fsileg%2Fdados%2Flegis%2F2020%2Fdc_20200428_000000951.html&amp;sa=D&amp;sntz=1&amp;usg=AOvVaw3DtYwybAeWLL8TFd62HZoO\" target=\"_blank\" rel=\"noopener\">(Revogado) Decreto N\u00ba 951, de 28 de abril de 2020<\/a> &#8211; Disp\u00f5e sobre medidas complementares de enfrentamento da crise provocada pela pandemia causada pelo novo coronav\u00edrus (COVID-19) nos servi\u00e7os de transporte p\u00fablico e coletivo e recomenda hor\u00e1rios de funcionamento de estabelecimentos industriais, comerciais e de servi\u00e7os, no \u00e2mbito do Munic\u00edpio de Goi\u00e2nia.<\/p><\/li><\/ul><div id=\"h.it58y1ig8ndh\" class=\"GV3q8e aP9Z7e\">\u00a0<\/div><div class=\"CjVfdc\"><div class=\"PPhIP rviiZ\">\u00a0<\/div><\/div><div class=\"CjVfdc\">Fiscaliza\u00e7\u00e3o<\/div><ul class=\"n8H08c UVNKR\"><li class=\"TYR86d wXCUfe zfr3Q\" dir=\"ltr\"><p class=\"CDt4Ke zfr3Q\" dir=\"ltr\"><a class=\"XqQF9c rXJpyf\" href=\"https:\/\/www.google.com\/url?q=https%3A%2F%2Fwww.goiania.go.gov.br%2Fhtml%2Fgabinete_civil%2Fsileg%2Fdados%2Flegis%2F2020%2Fdc_20200428_000000950.html&amp;sa=D&amp;sntz=1&amp;usg=AOvVaw3D7h53FgoTRUK1ST70ZzlU\" target=\"_blank\" rel=\"noopener\">Decreto N\u00ba 950, de 28 de abril de 2020<\/a> &#8211; Institui a Central de Fiscaliza\u00e7\u00e3o COVID-19, de natureza tempor\u00e1ria, para intensificar as a\u00e7\u00f5es fiscalizat\u00f3rias e coibir as atividades e condutas incompat\u00edveis com as a\u00e7\u00f5es de combate \u00e0 pandemia da COVID-19, no Munic\u00edpio de Goi\u00e2nia.<\/p><\/li><\/ul><div id=\"h.rm29x0a11pjk\" class=\"GV3q8e aP9Z7e\">\u00a0<\/div><div class=\"CjVfdc\"><div class=\"PPhIP rviiZ\">\u00a0<\/div><\/div><div class=\"CjVfdc\">Contigenciamento de Gastos<\/div><ul class=\"n8H08c UVNKR\"><li class=\"TYR86d wXCUfe zfr3Q\" dir=\"ltr\"><p class=\"CDt4Ke zfr3Q\" dir=\"ltr\"><a class=\"XqQF9c rXJpyf\" href=\"https:\/\/www.google.com\/url?q=https%3A%2F%2Fwww.goiania.go.gov.br%2Fhtml%2Fgabinete_civil%2Fsileg%2Fdados%2Flegis%2F2020%2Fdc_20200515_000001044.html&amp;sa=D&amp;sntz=1&amp;usg=AOvVaw00X2xw_zLkgPlX2U280TPB\" target=\"_blank\" rel=\"noopener\">Decreto 1044, de 15 de maio de 2020<\/a> &#8211; Plano de Contingenciamento &#8211; Veta a realiza\u00e7\u00e3o de novas obras; aditiva\u00e7\u00e3o de contratos em vigor; nomea\u00e7\u00e3o de servidores comissionados, tempor\u00e1rios e efetivos, entre outras medidas. Objetivo \u00e9 frear gastos que poderiam somar R$ 170 milh\u00f5es. S\u00f3 em abril, perdas de Goi\u00e2nia alcan\u00e7am R$ 121 milh\u00f5es, mais de 30% abaixo do previsto. Individualmente, a maior parte das redu\u00e7\u00f5es decorrem da anula\u00e7\u00e3o de Empenhos &#8211; reserva de recursos para cobrir despesas com a aquisi\u00e7\u00e3o de bens e servi\u00e7os contratados. O valor chega a R$ 44,065 milh\u00f5es.<\/p><\/li><\/ul><ul class=\"n8H08c UVNKR\"><li class=\"TYR86d wXCUfe zfr3Q\" dir=\"ltr\"><p class=\"CDt4Ke zfr3Q\" dir=\"ltr\"><a class=\"XqQF9c rXJpyf\" href=\"https:\/\/www.google.com\/url?q=https%3A%2F%2Fwww.goiania.go.gov.br%2Fhtml%2Fgabinete_civil%2Fsileg%2Fdados%2Flegis%2F2020%2Fdc_20200413_000000896.html&amp;sa=D&amp;sntz=1&amp;usg=AOvVaw1Ga-NDY81dptiOzYfSju-L\" target=\"_blank\" rel=\"noopener\">D<\/a><a class=\"XqQF9c rXJpyf\" href=\"https:\/\/www.google.com\/url?q=https%3A%2F%2Fwww.goiania.go.gov.br%2Fhtml%2Fgabinete_civil%2Fsileg%2Fdados%2Flegis%2F2020%2Fdc_20200413_000000896.html&amp;sa=D&amp;sntz=1&amp;usg=AOvVaw1Ga-NDY81dptiOzYfSju-L\" target=\"_blank\" rel=\"noopener\">ecreto N\u00ba 896, de 13 de abril de 2020<\/a> &#8211; Disp\u00f5e sobre procedimentos emergenciais de redu\u00e7\u00e3o de despesas com pessoal, visando garantir a disponibilidade or\u00e7ament\u00e1ria e financeira para o pagamento da folha de pagamento no \u00e2mbito do Poder Executivo do Munic\u00edpio de Goi\u00e2nia.<\/p><\/li><\/ul><div id=\"h.at0khergoieo\" class=\"GV3q8e aP9Z7e\">\u00a0<\/div><div class=\"CjVfdc\"><div class=\"PPhIP rviiZ\">\u00a0<\/div><\/div><div class=\"CjVfdc\">Medidas Administrativas<\/div><ul class=\"n8H08c UVNKR\"><li class=\"TYR86d wXCUfe zfr3Q\" dir=\"ltr\"><p class=\"CDt4Ke zfr3Q\" dir=\"ltr\"><a class=\"XqQF9c rXJpyf\" href=\"https:\/\/www.google.com\/url?q=https%3A%2F%2Fwww.goiania.go.gov.br%2Fhtml%2Fgabinete_civil%2Fsileg%2Fdados%2Flegis%2F2020%2Fdc_20200515_000001042.html&amp;sa=D&amp;sntz=1&amp;usg=AOvVaw0gfbU7fx186czl7q204saL\" target=\"_blank\" rel=\"noopener\">Decreto 1042, de 15 de maio de 2020<\/a> &#8211; Altera os decretos 751 e 786 &#8211; Expediente e Home office &#8211; Amplia a ordem de prioridade dos servidores do munic\u00edpio para o teletrabalho e define outras provid\u00eancias a serem observadas no \u00e2mbito da administra\u00e7\u00e3o municipal. Hor\u00e1rio de expediente volta a ser integral ( das 8 \u00e0s 18h) em todos os \u00f3rg\u00e3os para ampliar o per\u00edodo de atendimento presencial, diminuindo assim as algomera\u00e7\u00f5es: o home office e revezamento dos servidores que atuam presencialmente permanecem como regra; na Sa\u00fade, o documento veda a concess\u00e3o de afastamentos legais como f\u00e9rias, licen\u00e7a pr\u00eamio por assiduidade e licen\u00e7a para tratar de interesse particular para os servidores, excetuando a concess\u00e3o de licen\u00e7a pr\u00eamio por assiduidade ap\u00f3s o t\u00e9rmino de licen\u00e7a maternidade. Tamb\u00e9m est\u00e3o proibidos os afastamentos para exerc\u00edcio em outro \u00f3rg\u00e3o ou entidade da administra\u00e7\u00e3o p\u00fablica, inclusive do pr\u00f3prio Munic\u00edpio.<\/p><\/li><\/ul><ul class=\"n8H08c UVNKR\"><li class=\"TYR86d wXCUfe zfr3Q\" dir=\"ltr\"><p class=\"CDt4Ke zfr3Q\" dir=\"ltr\"><a class=\"XqQF9c rXJpyf\" href=\"https:\/\/www.google.com\/url?q=https%3A%2F%2Fwww.goiania.go.gov.br%2Fhtml%2Fgabinete_civil%2Fsileg%2Fdados%2Flegis%2F2020%2Fdc_20200406_000000871.html&amp;sa=D&amp;sntz=1&amp;usg=AOvVaw1o2vCYFpTJuTgYmkqSqMBO\" target=\"_blank\" rel=\"noopener\">Decreto N\u00ba 871, de 06 de abril de 2020<\/a> &#8211; Altera os Decretos n.\u00b0 751, de 16 de mar\u00e7o de 2020 e n.\u00b0 849, de 27 de mar\u00e7o de 2020, que disp\u00f5em sobre medidas excepcionais em face da crise instalada pela pandemia provocada pelo Coronav\u00edrus (COVID-19), no \u00e2mbito do Poder Executivo do Munic\u00edpio de Goi\u00e2nia.<\/p><\/li><\/ul><ul class=\"n8H08c UVNKR\"><li class=\"TYR86d wXCUfe zfr3Q\" dir=\"ltr\"><p class=\"CDt4Ke zfr3Q\" dir=\"ltr\"><a class=\"XqQF9c rXJpyf\" href=\"https:\/\/www.google.com\/url?q=https%3A%2F%2Fwww.goiania.go.gov.br%2Fhtml%2Fgabinete_civil%2Fsileg%2Fdados%2Flegis%2F2020%2Fdc_20200327_000000849.html&amp;sa=D&amp;sntz=1&amp;usg=AOvVaw0ufo2sydohh_sWP4ZZofhx\" target=\"_blank\" rel=\"noopener\">(Revogado) Decreto N\u00ba 849, de 27 de mar\u00e7o de 2020<\/a> &#8211; Disp\u00f5e sobre a suspens\u00e3o de prazos administrativos no \u00e2mbito da Administra\u00e7\u00e3o P\u00fablica Direta e Indireta do Poder Executivo do Munic\u00edpio de Goi\u00e2nia.<\/p><\/li><\/ul><div id=\"h.gbljf1mvygcw\" class=\"GV3q8e aP9Z7e\">\u00a0<\/div><div class=\"CjVfdc\"><div class=\"PPhIP rviiZ\">\u00a0<\/div><\/div><div class=\"oKdM2c ZZyype Kzv0Me\"><div id=\"h.643709406fcab7c2_22\" class=\"hJDwNd-AhqUyc-uQSCkd Ft7HRd-AhqUyc-uQSCkd jXK9ad D2fZ2 zu5uec OjCsFc dmUFtb GNzUNc\"><div class=\"jXK9ad-SmKAyb\"><div class=\"tyJCtd mGzaTb Depvyb baZpAe\"><div class=\"CjVfdc\">Outros Atos<\/div><ul class=\"n8H08c UVNKR\"><li class=\"TYR86d wXCUfe zfr3Q\" dir=\"ltr\"><p class=\"CDt4Ke zfr3Q\" dir=\"ltr\"><a class=\"XqQF9c rXJpyf\" href=\"https:\/\/www.google.com\/url?q=https%3A%2F%2Fsaude.goiania.go.gov.br%2Fgoiania-contra-o-coronavirus%2Fdocumentos-covid-19%2Fportarias-covid-19-2%2F&amp;sa=D&amp;sntz=1&amp;usg=AOvVaw0FqUAqLSBVmePi5t4Hi-l0\" target=\"_blank\" rel=\"noopener\">Portarias Sa\u00fade COVID-19<\/a><\/p><\/li><li class=\"TYR86d wXCUfe zfr3Q\" dir=\"ltr\"><p class=\"CDt4Ke zfr3Q\" dir=\"ltr\"><a class=\"XqQF9c rXJpyf\" href=\"https:\/\/www.google.com\/url?q=https%3A%2F%2Fsaude.goiania.go.gov.br%2Fgoiania-contra-o-coronavirus%2Fdocumentos-covid-19%2Fnotas-tecnicas-covid-19-2-2%2F&amp;sa=D&amp;sntz=1&amp;usg=AOvVaw3mXb2gK8nbpLRzIiT9K_yC\" target=\"_blank\" rel=\"noopener\">Notas T\u00e9cnicas COVID-19<\/a><\/p><\/li><li class=\"TYR86d wXCUfe zfr3Q\" dir=\"ltr\"><p class=\"CDt4Ke zfr3Q\" dir=\"ltr\"><a class=\"XqQF9c rXJpyf\" href=\"https:\/\/www.google.com\/url?q=https%3A%2F%2Fsaude.goiania.go.gov.br%2Fgoiania-contra-o-coronavirus%2Fdocumentos-covid-19%2Fresolucoes-covid-19%2F&amp;sa=D&amp;sntz=1&amp;usg=AOvVaw0GXAwBa7tCugrjcF4YEvx3\" target=\"_blank\" rel=\"noopener\">Resolu\u00e7\u00f5es COVID-19<\/a><\/p><\/li><li class=\"TYR86d wXCUfe zfr3Q\" dir=\"ltr\"><p class=\"CDt4Ke zfr3Q\" dir=\"ltr\"><a class=\"XqQF9c rXJpyf\" href=\"https:\/\/www.google.com\/url?q=https%3A%2F%2Fsaude.goiania.go.gov.br%2Fgoiania-contra-o-coronavirus%2Fdocumentos-covid-19%2F3209-2%2F&amp;sa=D&amp;sntz=1&amp;usg=AOvVaw1gmr-sQedEbhtry1h23V8a\" target=\"_blank\" rel=\"noopener\">Vigil\u00e2ncia do \u00d3bito<\/a><\/p><\/li><\/ul><\/div><\/div><\/div><\/div><div class=\"oKdM2c ZZyype\"><div id=\"h.5f601c0e18225e1a_20\" class=\"hJDwNd-AhqUyc-uQSCkd Ft7HRd-AhqUyc-uQSCkd jXK9ad D2fZ2 zu5uec wHaque g5GTcb GNzUNc\"><div class=\"jXK9ad-SmKAyb\"><div class=\"tyJCtd mGzaTb Depvyb baZpAe\"><small id=\"h.lm2h5yqtm15v\" class=\"CDt4Ke zfr3Q TMjjoe\" dir=\"ltr\">Cr\u00e9dito: Secretaria Municipal de Sa\u00fade<\/small><\/div><\/div><\/div><\/div><\/div>\n\t\t\t\t<\/div>\n\t\t\t\t\t\t\t<div class=\"elementor-toggle-item\">\n\t\t\t\t\t<div id=\"elementor-tab-title-4326\" class=\"elementor-tab-title\" data-tab=\"6\" role=\"button\" aria-controls=\"elementor-tab-content-4326\" aria-expanded=\"false\">\n\t\t\t\t\t\t\t\t\t\t\t\t<span class=\"elementor-toggle-icon elementor-toggle-icon-left\" aria-hidden=\"true\">\n\t\t\t\t\t\t\t\t\t\t\t\t\t\t\t<span class=\"elementor-toggle-icon-closed\"><i class=\"fas fa-caret-right\"><\/i><\/span>\n\t\t\t\t\t\t\t\t<span class=\"elementor-toggle-icon-opened\"><i class=\"elementor-toggle-icon-opened fas fa-caret-up\"><\/i><\/span>\n\t\t\t\t\t\t\t\t\t\t\t\t\t<\/span>\n\t\t\t\t\t\t\t\t\t\t\t\t<a class=\"elementor-toggle-title\" tabindex=\"0\">Secretaria de Sa\u00fade do Estado de Goi\u00e1s<\/a>\n\t\t\t\t\t<\/div>\n\n\t\t\t\t\t<div id=\"elementor-tab-content-4326\" class=\"elementor-tab-content elementor-clearfix\" data-tab=\"6\" role=\"region\" aria-labelledby=\"elementor-tab-title-4326\"><ul class=\"n8H08c UVNKR\"><li class=\"TYR86d wXCUfe zfr3Q\" dir=\"ltr\"><p class=\"CDt4Ke zfr3Q\" dir=\"ltr\"><span class=\" aw5Odc\"><a class=\"XqQF9c\" href=\"https:\/\/www.google.com\/url?q=https%3A%2F%2Flegisla.casacivil.go.gov.br%2Fapi%2Fv2%2Fpesquisa%2Flegislacoes%2F103905%2Fpdf&amp;sa=D&amp;sntz=1&amp;usg=AOvVaw3dqvHZJiyPmgzqHTf_jTm0\" target=\"_blank\" rel=\"noopener\">Lei n\u00b0 20.972, de 23 de mar\u00e7o de 2021<\/a><\/span> &#8211; Disp\u00f5e sobre medidas para enfrentamento da emerg\u00eancia de sa\u00fade p\u00fablica decorrente do novo coronav\u00edrus no \u00e2mbito do Estado de Goi\u00e1s.<\/p><\/li><li class=\"TYR86d wXCUfe zfr3Q\" dir=\"ltr\"><p class=\"CDt4Ke zfr3Q\" dir=\"ltr\"><a class=\"XqQF9c rXJpyf\" href=\"http:\/\/www.google.com\/url?q=http%3A%2F%2Fbvsms.saude.gov.br%2Fbvs%2Fsaudelegis%2Fgm%2F2020%2Fprt1393_22_05_2020.html&amp;sa=D&amp;sntz=1&amp;usg=AOvVaw3dF8xVMtj4wKlHXkDvqMOw\" target=\"_blank\" rel=\"noopener\">P<\/a><a class=\"XqQF9c rXJpyf\" href=\"http:\/\/www.google.com\/url?q=http%3A%2F%2Fbvsms.saude.gov.br%2Fbvs%2Fsaudelegis%2Fgm%2F2020%2Fprt1393_22_05_2020.html&amp;sa=D&amp;sntz=1&amp;usg=AOvVaw3dF8xVMtj4wKlHXkDvqMOw\" target=\"_blank\" rel=\"noopener\">ortaria<\/a> <a class=\"XqQF9c rXJpyf\" href=\"http:\/\/www.google.com\/url?q=http%3A%2F%2Fbvsms.saude.gov.br%2Fbvs%2Fsaudelegis%2Fgm%2F2020%2Fprt1393_22_05_2020.html&amp;sa=D&amp;sntz=1&amp;usg=AOvVaw3dF8xVMtj4wKlHXkDvqMOw\" target=\"_blank\" rel=\"noopener\">n<\/a><a class=\"XqQF9c rXJpyf\" href=\"http:\/\/www.google.com\/url?q=http%3A%2F%2Fbvsms.saude.gov.br%2Fbvs%2Fsaudelegis%2Fgm%2F2020%2Fprt1393_22_05_2020.html&amp;sa=D&amp;sntz=1&amp;usg=AOvVaw3dF8xVMtj4wKlHXkDvqMOw\" target=\"_blank\" rel=\"noopener\">\u00ba 1.393, <\/a><a class=\"XqQF9c rXJpyf\" href=\"http:\/\/www.google.com\/url?q=http%3A%2F%2Fbvsms.saude.gov.br%2Fbvs%2Fsaudelegis%2Fgm%2F2020%2Fprt1393_22_05_2020.html&amp;sa=D&amp;sntz=1&amp;usg=AOvVaw3dF8xVMtj4wKlHXkDvqMOw\" target=\"_blank\" rel=\"noopener\">de<\/a><a class=\"XqQF9c rXJpyf\" href=\"http:\/\/www.google.com\/url?q=http%3A%2F%2Fbvsms.saude.gov.br%2Fbvs%2Fsaudelegis%2Fgm%2F2020%2Fprt1393_22_05_2020.html&amp;sa=D&amp;sntz=1&amp;usg=AOvVaw3dF8xVMtj4wKlHXkDvqMOw\" target=\"_blank\" rel=\"noopener\"> 21 <\/a><a class=\"XqQF9c rXJpyf\" href=\"http:\/\/www.google.com\/url?q=http%3A%2F%2Fbvsms.saude.gov.br%2Fbvs%2Fsaudelegis%2Fgm%2F2020%2Fprt1393_22_05_2020.html&amp;sa=D&amp;sntz=1&amp;usg=AOvVaw3dF8xVMtj4wKlHXkDvqMOw\" target=\"_blank\" rel=\"noopener\">de<\/a> <a class=\"XqQF9c rXJpyf\" href=\"http:\/\/www.google.com\/url?q=http%3A%2F%2Fbvsms.saude.gov.br%2Fbvs%2Fsaudelegis%2Fgm%2F2020%2Fprt1393_22_05_2020.html&amp;sa=D&amp;sntz=1&amp;usg=AOvVaw3dF8xVMtj4wKlHXkDvqMOw\" target=\"_blank\" rel=\"noopener\">maio de<\/a><a class=\"XqQF9c rXJpyf\" href=\"http:\/\/www.google.com\/url?q=http%3A%2F%2Fbvsms.saude.gov.br%2Fbvs%2Fsaudelegis%2Fgm%2F2020%2Fprt1393_22_05_2020.html&amp;sa=D&amp;sntz=1&amp;usg=AOvVaw3dF8xVMtj4wKlHXkDvqMOw\" target=\"_blank\" rel=\"noopener\"> 2020<\/a> &#8211; <em>Disp\u00f5e sobre o aux\u00edlio financeiro emergencial \u00e0s santas casas e aos hospitais filantr\u00f3picos sem fins lucrativos, que participam de forma complementar do Sistema \u00danico de Sa\u00fade (SUS), no exerc\u00edcio de 2020, com o objetivo de permitir-lhes atuar de forma coordenada no controle do avan\u00e7o da pandemia da Covid-19.<\/em><\/p><\/li><\/ul><ul class=\"n8H08c UVNKR\"><li class=\"TYR86d wXCUfe zfr3Q\" dir=\"ltr\"><p class=\"CDt4Ke zfr3Q\" dir=\"ltr\"><a class=\"XqQF9c rXJpyf\" href=\"https:\/\/www.google.com\/url?q=https%3A%2F%2Fwww.saude.go.gov.br%2Fcomponent%2Fcontent%2Farticle%2F766-presta%25C3%25A7%25C3%25A3o-de-contas%2Flicitacoes%2Fdispensa-e-inexigibilidade-2020%2F10854-regulamento-interno-comite-intersecretarial-covid-19%3Fhighlight%3DWyJjb3ZpZCIsImxlZ2lzbGFcdTAwZTdcdTAwZTNvIl0%3D%26Itemid%3D101&amp;sa=D&amp;sntz=1&amp;usg=AOvVaw2Y4WZUo6zOT43wvvz7EcY2\" target=\"_blank\" rel=\"noopener\">Regulamento Interno Comit\u00ea Intersecretarial \u2013 COVID-19<\/a><\/p><\/li><li class=\"TYR86d wXCUfe zfr3Q\" dir=\"ltr\"><p class=\"CDt4Ke zfr3Q\" dir=\"ltr\"><a class=\"XqQF9c rXJpyf\" href=\"https:\/\/www.google.com\/url?q=https%3A%2F%2Fwww.casacivil.go.gov.br%2Fnoticias%2F9033-legisla%25C3%25A7%25C3%25A3o-sobre-o-coronav%25C3%25ADrus-covid-19.html&amp;sa=D&amp;sntz=1&amp;usg=AOvVaw1a5oE00ZhmRhvuWZFo0AmZ\" target=\"_blank\" rel=\"noopener\">Conhe\u00e7a os decretos e normas do Governo de Goi\u00e1s sobre o combate \u00e0 pandemia do coronav\u00edrus<\/a><\/p><\/li><\/ul><div id=\"h.nd2rp2rhxc9w\" class=\"CobnVe aP9Z7e\">\u00a0<\/div><div class=\"CjVfdc\"><div class=\"PPhIP rviiZ\">\u00a0<\/div><\/div><div class=\"CjVfdc\"><span class=\" jgG6ef\">Fluxos, Guias e Protocolos\u00ad<\/span><\/div><ul class=\"n8H08c UVNKR\"><li class=\"TYR86d wXCUfe zfr3Q\" dir=\"ltr\"><p class=\"CDt4Ke zfr3Q\" dir=\"ltr\"><a class=\"XqQF9c rXJpyf\" href=\"https:\/\/www.google.com\/url?q=https%3A%2F%2Fwww.saude.go.gov.br%2Ffiles%2Fcoronavirus%2Finformacoes-gerais%2Fguiasaudemental.pdf&amp;sa=D&amp;sntz=1&amp;usg=AOvVaw2RhJ0MYK8xjbPnp3WHVbXF\" target=\"_blank\" rel=\"noopener\">Guia de Sa\u00fade Mental:<\/a><a class=\"XqQF9c rXJpyf\" href=\"https:\/\/www.google.com\/url?q=https%3A%2F%2Fwww.saude.go.gov.br%2Ffiles%2Fcoronavirus%2Finformacoes-gerais%2Fguiasaudemental.pdf&amp;sa=D&amp;sntz=1&amp;usg=AOvVaw2RhJ0MYK8xjbPnp3WHVbXF\" target=\"_blank\" rel=\"noopener\"> Orienta\u00e7\u00f5es para o Cuidado Integral no Enfrentamento da COVID-19 na Rede de Aten\u00e7\u00e3o Psicossocial<\/a><\/p><\/li><li class=\"TYR86d wXCUfe zfr3Q\" dir=\"ltr\"><p class=\"CDt4Ke zfr3Q\" dir=\"ltr\"><a class=\"XqQF9c rXJpyf\" href=\"https:\/\/www.google.com\/url?q=https%3A%2F%2Fwww.saude.go.gov.br%2Ffiles%2Fbanner_coronavirus%2FLivro_Fanut_Covid_19.pdf&amp;sa=D&amp;sntz=1&amp;usg=AOvVaw2ssNOuhA11omU-02fBziyb\" target=\"_blank\" rel=\"noopener\">Orienta\u00e7\u00f5es em alimenta\u00e7\u00e3o e nutri\u00e7\u00e3o para crian\u00e7as e adolescente com COVID-19 em isolamento domiciliar e ap\u00f3s alta hospitalar<\/a><a class=\"XqQF9c rXJpyf\" href=\"https:\/\/www.google.com\/url?q=https%3A%2F%2Fwww.saude.go.gov.br%2Ffiles%2Fbanner_coronavirus%2FLivro_Fanut_Covid_19.pdf&amp;sa=D&amp;sntz=1&amp;usg=AOvVaw2ssNOuhA11omU-02fBziyb\" target=\"_blank\" rel=\"noopener\"> &#8211; 14\/08\/2020<\/a><\/p><\/li><li class=\"TYR86d wXCUfe zfr3Q\" dir=\"ltr\"><p class=\"CDt4Ke zfr3Q\" dir=\"ltr\"><a class=\"XqQF9c rXJpyf\" href=\"https:\/\/www.google.com\/url?q=https%3A%2F%2Fwww.saude.go.gov.br%2Ffiles%2Fbanner_coronavirus%2FLivro_Fanut_Covid_19_adultos_idosos.pdf&amp;sa=D&amp;sntz=1&amp;usg=AOvVaw2hwgO-bcArqPuwG8Gpf_Yq\" target=\"_blank\" rel=\"noopener\">Orienta\u00e7\u00f5es em alimenta\u00e7\u00e3o e nutri\u00e7\u00e3o para adultos e idosos com COVI-19 em isolamento domiciliar e ap\u00f3s alta hospitalar<\/a><a class=\"XqQF9c rXJpyf\" href=\"https:\/\/www.google.com\/url?q=https%3A%2F%2Fwww.saude.go.gov.br%2Ffiles%2Fbanner_coronavirus%2FLivro_Fanut_Covid_19_adultos_idosos.pdf&amp;sa=D&amp;sntz=1&amp;usg=AOvVaw2hwgO-bcArqPuwG8Gpf_Yq\" target=\"_blank\" rel=\"noopener\"> &#8211; 14\/08\/2020<\/a><\/p><\/li><li class=\"TYR86d wXCUfe zfr3Q\" dir=\"ltr\"><p class=\"CDt4Ke zfr3Q\" dir=\"ltr\"><a class=\"XqQF9c rXJpyf\" href=\"https:\/\/www.google.com\/url?q=https%3A%2F%2Fwww.saude.go.gov.br%2Ffiles%2Fbanner_coronavirus%2FGuiaMS-Recomendacoesdeprotecaotrabalhadores-COVID-19.pdf&amp;sa=D&amp;sntz=1&amp;usg=AOvVaw1ba5I3HJSTVUcgfHHOXGaV\" target=\"_blank\" rel=\"noopener\">Guia MS &#8211; Recomendac\u0327o\u0303es de protec\u0327a\u0303o aos trabalhadores dos servic\u0327os de sau\u0301de no atendimento de COVID-19<\/a><a class=\"XqQF9c rXJpyf\" href=\"https:\/\/www.google.com\/url?q=https%3A%2F%2Fwww.saude.go.gov.br%2Ffiles%2Fbanner_coronavirus%2FGuiaMS-Recomendacoesdeprotecaotrabalhadores-COVID-19.pdf&amp;sa=D&amp;sntz=1&amp;usg=AOvVaw1ba5I3HJSTVUcgfHHOXGaV\" target=\"_blank\" rel=\"noopener\"> &#8211; 17\/04\/2020<\/a><\/p><\/li><li class=\"TYR86d wXCUfe zfr3Q\" dir=\"ltr\"><p class=\"CDt4Ke zfr3Q\" dir=\"ltr\"><a class=\"XqQF9c rXJpyf\" href=\"http:\/\/www.google.com\/url?q=http%3A%2F%2Fwww.saude.go.gov.br%2Ffiles%2Fregulacao_estadual%2Fprotocoloderegulacao.pdf&amp;sa=D&amp;sntz=1&amp;usg=AOvVaw11n0mhn7ChEGNPB2EtX75m\" target=\"_blank\" rel=\"noopener\">Protocolo de Regula\u00e7\u00e3o de Interna\u00e7\u00e3o e de Urg\u00eancia e Emerg\u00eancia &#8211; COVID-19<\/a><a class=\"XqQF9c rXJpyf\" href=\"http:\/\/www.google.com\/url?q=http%3A%2F%2Fwww.saude.go.gov.br%2Ffiles%2Fregulacao_estadual%2Fprotocoloderegulacao.pdf&amp;sa=D&amp;sntz=1&amp;usg=AOvVaw11n0mhn7ChEGNPB2EtX75m\" target=\"_blank\" rel=\"noopener\"> &#8211; 07\/04\/2020<\/a><\/p><\/li><li class=\"TYR86d wXCUfe zfr3Q\" dir=\"ltr\"><p class=\"CDt4Ke zfr3Q\" dir=\"ltr\"><a class=\"XqQF9c rXJpyf\" href=\"http:\/\/www.google.com\/url?q=http%3A%2F%2Fwww.saude.go.gov.br%2Ffiles%2Fregulacao_estadual%2Ffluxodeatendimento-COVID-19.pdf&amp;sa=D&amp;sntz=1&amp;usg=AOvVaw1DMAlprpVGtFjCTcAZMST9\" target=\"_blank\" rel=\"noopener\">Fluxo de atendimento para casos moderados e graves<\/a><a class=\"XqQF9c rXJpyf\" href=\"http:\/\/www.google.com\/url?q=http%3A%2F%2Fwww.saude.go.gov.br%2Ffiles%2Fregulacao_estadual%2Ffluxodeatendimento-COVID-19.pdf&amp;sa=D&amp;sntz=1&amp;usg=AOvVaw1DMAlprpVGtFjCTcAZMST9\" target=\"_blank\" rel=\"noopener\"> &#8211; 07\/04\/2020<\/a><\/p><\/li><li class=\"TYR86d wXCUfe zfr3Q\" dir=\"ltr\"><p class=\"CDt4Ke zfr3Q\" dir=\"ltr\"><a class=\"XqQF9c rXJpyf\" href=\"https:\/\/www.google.com\/url?q=https%3A%2F%2Fwww.saude.go.gov.br%2Ffiles%2Fbanner_coronavirus%2FApresentacao_Coronavirus__Manejo_Clinico.pdf&amp;sa=D&amp;sntz=1&amp;usg=AOvVaw2nvxeMkJ8WvmPg6BLUFmQa\" target=\"_blank\" rel=\"noopener\">Apresenta\u00e7\u00e3o para as Regionais de Sa\u00fade sobre Covid-19<\/a><a class=\"XqQF9c rXJpyf\" href=\"https:\/\/www.google.com\/url?q=https%3A%2F%2Fwww.saude.go.gov.br%2Ffiles%2Fbanner_coronavirus%2FApresentacao_Coronavirus__Manejo_Clinico.pdf&amp;sa=D&amp;sntz=1&amp;usg=AOvVaw2nvxeMkJ8WvmPg6BLUFmQa\" target=\"_blank\" rel=\"noopener\"> &#8211; 06\/04\/2020<\/a><\/p><\/li><li class=\"TYR86d wXCUfe zfr3Q\" dir=\"ltr\"><p class=\"CDt4Ke zfr3Q\" dir=\"ltr\"><a class=\"XqQF9c rXJpyf\" href=\"http:\/\/www.google.com\/url?q=http%3A%2F%2Fwww.saude.go.gov.br%2Ffiles%2Fbanner_coronavirus%2Fmanual_saudemental-coronavirus.pdf&amp;sa=D&amp;sntz=1&amp;usg=AOvVaw3XLiTcXmhEaShd9GlVh_Eg\" target=\"_blank\" rel=\"noopener\">Guia de Cuidado da Sa\u00fade Mental na Pandemia da COVID-19 e isolamento social<\/a><a class=\"XqQF9c rXJpyf\" href=\"http:\/\/www.google.com\/url?q=http%3A%2F%2Fwww.saude.go.gov.br%2Ffiles%2Fbanner_coronavirus%2Fmanual_saudemental-coronavirus.pdf&amp;sa=D&amp;sntz=1&amp;usg=AOvVaw3XLiTcXmhEaShd9GlVh_Eg\" target=\"_blank\" rel=\"noopener\"> &#8211; 02\/04\/2020<\/a><\/p><\/li><li class=\"TYR86d wXCUfe zfr3Q\" dir=\"ltr\"><p class=\"CDt4Ke zfr3Q\" dir=\"ltr\"><a class=\"XqQF9c rXJpyf\" href=\"https:\/\/www.google.com\/url?q=https%3A%2F%2Fwww.casacivil.go.gov.br%2Ffiles%2FImprensa%2FCartilhaAbreeFecha.pdf&amp;sa=D&amp;sntz=1&amp;usg=AOvVaw0xEIYh9VaKBu4yj7M3Liut\" target=\"_blank\" rel=\"noopener\">O que abre e fecha durante a quarentena<\/a><a class=\"XqQF9c rXJpyf\" href=\"https:\/\/www.google.com\/url?q=https%3A%2F%2Fwww.casacivil.go.gov.br%2Ffiles%2FImprensa%2FCartilhaAbreeFecha.pdf&amp;sa=D&amp;sntz=1&amp;usg=AOvVaw0xEIYh9VaKBu4yj7M3Liut\" target=\"_blank\" rel=\"noopener\"> &#8211; 31\/03\/2020<\/a><\/p><\/li><li class=\"TYR86d wXCUfe zfr3Q\" dir=\"ltr\"><p class=\"CDt4Ke zfr3Q\" dir=\"ltr\">\u200b\u200b\u200b\u200b\u200b<a class=\"XqQF9c rXJpyf\" href=\"https:\/\/www.google.com\/url?q=https%3A%2F%2Fwww.saude.go.gov.br%2Ffiles%2Fbanner_coronavirus%2Fmanejo_corpos_coronavirus_versao1_25mar20_rev3.pdf&amp;sa=D&amp;sntz=1&amp;usg=AOvVaw1xSWySe_uRUVltY_vWoeBC\" target=\"_blank\" rel=\"noopener\">Manejo de corpos no contexto do novo coronav\u00edrus COVID-19 Bras\u00edlia\/DF Vers\u00e3o 1<\/a> <a class=\"XqQF9c rXJpyf\" href=\"https:\/\/www.google.com\/url?q=https%3A%2F%2Fwww.saude.go.gov.br%2Ffiles%2Fbanner_coronavirus%2Fmanejo_corpos_coronavirus_versao1_25mar20_rev3.pdf&amp;sa=D&amp;sntz=1&amp;usg=AOvVaw1xSWySe_uRUVltY_vWoeBC\" target=\"_blank\" rel=\"noopener\">&#8211; <\/a><a class=\"XqQF9c rXJpyf\" href=\"https:\/\/www.google.com\/url?q=https%3A%2F%2Fwww.saude.go.gov.br%2Ffiles%2Fbanner_coronavirus%2Fmanejo_corpos_coronavirus_versao1_25mar20_rev3.pdf&amp;sa=D&amp;sntz=1&amp;usg=AOvVaw1xSWySe_uRUVltY_vWoeBC\" target=\"_blank\" rel=\"noopener\">23\/03\/2020<\/a><\/p><\/li><\/ul><div id=\"h.qmfe9abv25d0\" class=\"CobnVe aP9Z7e\">\u00a0<\/div><div class=\"CjVfdc\"><div class=\"PPhIP rviiZ\">\u00a0<\/div><\/div><div class=\"oKdM2c ZZyype Kzv0Me\"><div id=\"h.643709406fcab7c2_58\" class=\"hJDwNd-AhqUyc-uQSCkd Ft7HRd-AhqUyc-uQSCkd jXK9ad D2fZ2 zu5uec OjCsFc dmUFtb GNzUNc\"><div class=\"jXK9ad-SmKAyb\"><div class=\"tyJCtd mGzaTb Depvyb baZpAe\"><div class=\"CjVfdc\"><span class=\" jgG6ef\">A\u00e7\u00f5es Estrat\u00e9gicas e Plataformas<\/span><\/div><ul class=\"n8H08c UVNKR\"><li class=\"TYR86d wXCUfe zfr3Q\" dir=\"ltr\"><p class=\"CDt4Ke zfr3Q\" dir=\"ltr\"><a class=\"XqQF9c rXJpyf\" href=\"http:\/\/www.google.com\/url?q=http%3A%2F%2Fwww.saude.go.gov.br%2Fnoticias%2F10653-menos-fake-news-mais-ciencia%3Fhighlight%3DWyJtZW5vcyIsImZha2UiLCJuZXdzIiwibWFpcyIsImNpXHUwMGVhbmNpYSIsIm1lbm9zIGZha2UiLCJtZW5vcyBmYWtlIG5ld3MiLCJmYWtlIG5ld3MiLCJmYWtlIG5ld3MgbWFpcyIsIm5ld3MgbWFpcyIsIm5ld3MgbWFpcyBjaWVuY2lhIiwibWFpcyBjaWVuY2lhIl0%3D&amp;sa=D&amp;sntz=1&amp;usg=AOvVaw1aNFctPJtn9xeAojVLoHCf\" target=\"_blank\" rel=\"noopener\">Menos Fake News, Mais Ci\u00eancia<\/a><a class=\"XqQF9c rXJpyf\" href=\"http:\/\/www.google.com\/url?q=http%3A%2F%2Fwww.saude.go.gov.br%2Fnoticias%2F10653-menos-fake-news-mais-ciencia%3Fhighlight%3DWyJtZW5vcyIsImZha2UiLCJuZXdzIiwibWFpcyIsImNpXHUwMGVhbmNpYSIsIm1lbm9zIGZha2UiLCJtZW5vcyBmYWtlIG5ld3MiLCJmYWtlIG5ld3MiLCJmYWtlIG5ld3MgbWFpcyIsIm5ld3MgbWFpcyIsIm5ld3MgbWFpcyBjaWVuY2lhIiwibWFpcyBjaWVuY2lhIl0%3D&amp;sa=D&amp;sntz=1&amp;usg=AOvVaw1aNFctPJtn9xeAojVLoHCf\" target=\"_blank\" rel=\"noopener\"> &#8211; 01\/04\/2020<\/a><\/p><\/li><li class=\"TYR86d wXCUfe zfr3Q\" dir=\"ltr\"><p class=\"CDt4Ke zfr3Q\" dir=\"ltr\"><a class=\"XqQF9c rXJpyf\" href=\"https:\/\/www.google.com\/url?q=https%3A%2F%2Fwww.saude.go.gov.br%2Ffiles%2Fbanner_coronavirus%2Facoes_estrategicas_COVID-19.pdf&amp;sa=D&amp;sntz=1&amp;usg=AOvVaw3sc_eyBvF2VkEHlKmRdtZv\" target=\"_blank\" rel=\"noopener\">A\u00e7\u00f5es Estrat\u00e9gicas COVID-2019<\/a> <a class=\"XqQF9c rXJpyf\" href=\"https:\/\/www.google.com\/url?q=https%3A%2F%2Fwww.saude.go.gov.br%2Ffiles%2Fbanner_coronavirus%2Facoes_estrategicas_COVID-19.pdf&amp;sa=D&amp;sntz=1&amp;usg=AOvVaw3sc_eyBvF2VkEHlKmRdtZv\" target=\"_blank\" rel=\"noopener\">&#8211; <\/a><a class=\"XqQF9c rXJpyf\" href=\"https:\/\/www.google.com\/url?q=https%3A%2F%2Fwww.saude.go.gov.br%2Ffiles%2Fbanner_coronavirus%2Facoes_estrategicas_COVID-19.pdf&amp;sa=D&amp;sntz=1&amp;usg=AOvVaw3sc_eyBvF2VkEHlKmRdtZv\" target=\"_blank\" rel=\"noopener\">17\/03\/2020<\/a><\/p><\/li><li class=\"TYR86d wXCUfe zfr3Q\" dir=\"ltr\"><p class=\"CDt4Ke zfr3Q\" dir=\"ltr\"><a class=\"XqQF9c rXJpyf\" href=\"http:\/\/www.google.com\/url?q=http%3A%2F%2Fplataforma.saude.gov.br%2Fnovocoronavirus%2F&amp;sa=D&amp;sntz=1&amp;usg=AOvVaw0X1YPRuVxHr0w1NpzAOaYR\" target=\"_blank\" rel=\"noopener\">Plataforma IVIS: Notifica\u00e7\u00e3o de casos de doen\u00e7a pelo coronav\u00edrus 2019 (COVID-19)<\/a><\/p><\/li><li class=\"TYR86d wXCUfe zfr3Q\" dir=\"ltr\"><p class=\"CDt4Ke zfr3Q\" dir=\"ltr\"><a class=\"XqQF9c rXJpyf\" href=\"https:\/\/www.google.com\/url?q=https%3A%2F%2Fwww.saude.gov.br%2Ffakenews&amp;sa=D&amp;sntz=1&amp;usg=AOvVaw0cAaDOFuyEbaII7BI7RKDg\" target=\"_blank\" rel=\"noopener\">Sa\u00fade sem fake news<\/a><\/p><\/li><\/ul><\/div><\/div><\/div><\/div><div class=\"oKdM2c ZZyype\"><div id=\"h.5f601c0e18225e1a_24\" class=\"hJDwNd-AhqUyc-uQSCkd Ft7HRd-AhqUyc-uQSCkd jXK9ad D2fZ2 zu5uec wHaque g5GTcb GNzUNc\"><div class=\"jXK9ad-SmKAyb\"><div class=\"tyJCtd mGzaTb Depvyb baZpAe\"><small id=\"h.ecbwvoqsnidh\" class=\"CDt4Ke zfr3Q TMjjoe\" dir=\"ltr\">Cr\u00e9dito: Secretaria de Sa\u00fade do Estado de Goi\u00e1s<\/small><\/div><\/div><\/div><\/div><\/div>\n\t\t\t\t<\/div>\n\t\t\t\t\t\t\t<div class=\"elementor-toggle-item\">\n\t\t\t\t\t<div id=\"elementor-tab-title-4327\" class=\"elementor-tab-title\" data-tab=\"7\" role=\"button\" aria-controls=\"elementor-tab-content-4327\" aria-expanded=\"false\">\n\t\t\t\t\t\t\t\t\t\t\t\t<span class=\"elementor-toggle-icon elementor-toggle-icon-left\" aria-hidden=\"true\">\n\t\t\t\t\t\t\t\t\t\t\t\t\t\t\t<span class=\"elementor-toggle-icon-closed\"><i class=\"fas fa-caret-right\"><\/i><\/span>\n\t\t\t\t\t\t\t\t<span class=\"elementor-toggle-icon-opened\"><i class=\"elementor-toggle-icon-opened fas fa-caret-up\"><\/i><\/span>\n\t\t\t\t\t\t\t\t\t\t\t\t\t<\/span>\n\t\t\t\t\t\t\t\t\t\t\t\t<a class=\"elementor-toggle-title\" tabindex=\"0\">Supremo Tribunal Federal<\/a>\n\t\t\t\t\t<\/div>\n\n\t\t\t\t\t<div id=\"elementor-tab-content-4327\" class=\"elementor-tab-content elementor-clearfix\" data-tab=\"7\" role=\"region\" aria-labelledby=\"elementor-tab-title-4327\"><div class=\"mYVXT\"><div class=\"LS81yb VICjCf j5pSsc db35Fc\" tabindex=\"-1\"><div class=\"hJDwNd-AhqUyc-uQSCkd Ft7HRd-AhqUyc-uQSCkd purZT-AhqUyc-II5mzb ZcASvf-AhqUyc-II5mzb pSzOP-AhqUyc-qWD73c Ktthjf-AhqUyc-qWD73c JNdkSc SQVYQc yYI8W HQwdzb\"><div class=\"JNdkSc-SmKAyb LkDMRd\"><div class=\"\"><div class=\"oKdM2c ZZyype Kzv0Me\"><div id=\"h.3f5ecf45ab67155e_687\" class=\"hJDwNd-AhqUyc-uQSCkd Ft7HRd-AhqUyc-uQSCkd jXK9ad D2fZ2 zu5uec OjCsFc dmUFtb GNzUNc\"><div class=\"jXK9ad-SmKAyb\"><div class=\"tyJCtd mGzaTb Depvyb baZpAe\"><ul class=\"n8H08c UVNKR\"><li class=\"TYR86d wXCUfe zfr3Q\" dir=\"ltr\"><p class=\"CDt4Ke zfr3Q\" dir=\"ltr\"><span class=\" aw5Odc\"><a class=\"XqQF9c\" href=\"https:\/\/www.google.com\/url?q=https%3A%2F%2Fwww.conjur.com.br%2Fdl%2Fstf-resolucao-663-coronavirus-1632020.pdf&amp;sa=D&amp;sntz=1&amp;usg=AOvVaw3nYqw8T_hohAOtFEyCGXcl\" target=\"_blank\" rel=\"noopener\">R<\/a><\/span><span class=\" aw5Odc\"><a class=\"XqQF9c\" href=\"https:\/\/www.google.com\/url?q=https%3A%2F%2Fwww.conjur.com.br%2Fdl%2Fstf-resolucao-663-coronavirus-1632020.pdf&amp;sa=D&amp;sntz=1&amp;usg=AOvVaw3nYqw8T_hohAOtFEyCGXcl\" target=\"_blank\" rel=\"noopener\">esolu\u00e7\u00e3o n\u00b0 <\/a><\/span><span class=\" aw5Odc\"><a class=\"XqQF9c\" href=\"https:\/\/www.google.com\/url?q=https%3A%2F%2Fwww.conjur.com.br%2Fdl%2Fstf-resolucao-663-coronavirus-1632020.pdf&amp;sa=D&amp;sntz=1&amp;usg=AOvVaw3nYqw8T_hohAOtFEyCGXcl\" target=\"_blank\" rel=\"noopener\">663<\/a><\/span><span class=\" aw5Odc\"><a class=\"XqQF9c\" href=\"https:\/\/www.google.com\/url?q=https%3A%2F%2Fwww.conjur.com.br%2Fdl%2Fstf-resolucao-663-coronavirus-1632020.pdf&amp;sa=D&amp;sntz=1&amp;usg=AOvVaw3nYqw8T_hohAOtFEyCGXcl\" target=\"_blank\" rel=\"noopener\">,<\/a><\/span><span class=\" aw5Odc\"><a class=\"XqQF9c\" href=\"https:\/\/www.google.com\/url?q=https%3A%2F%2Fwww.conjur.com.br%2Fdl%2Fstf-resolucao-663-coronavirus-1632020.pdf&amp;sa=D&amp;sntz=1&amp;usg=AOvVaw3nYqw8T_hohAOtFEyCGXcl\" target=\"_blank\" rel=\"noopener\"> de 12<\/a><\/span><span class=\" aw5Odc\"><a class=\"XqQF9c\" href=\"http:\/\/www.google.com\/url?q=http%3A%2F%2Fwww.stf.jus.br%2Farquivo%2Fcms%2FnoticiaNoticiaStf%2Fanexo%2FResolucao670.pdf&amp;sa=D&amp;sntz=1&amp;usg=AOvVaw1LfDRrBNpVolub0GuWI65n\" target=\"_blank\" rel=\"noopener\"> de mar\u00e7o de <\/a><\/span><span class=\" aw5Odc\"><a class=\"XqQF9c\" href=\"https:\/\/www.google.com\/url?q=https%3A%2F%2Fwww.conjur.com.br%2Fdl%2Fstf-resolucao-663-coronavirus-1632020.pdf&amp;sa=D&amp;sntz=1&amp;usg=AOvVaw3nYqw8T_hohAOtFEyCGXcl\" target=\"_blank\" rel=\"noopener\">2020<\/a><\/span> &#8211; Estabelece medidas tempor\u00e1rias de preven\u00e7\u00e3o ao cont\u00e1gio pelo Novo Coronav\u00edrus (COVID-19) considerando a classifica\u00e7\u00e3o de pandemia pela Organiza\u00e7\u00e3o Mundial de Sa\u00fade (OMS).<\/p><\/li><li dir=\"ltr\"><a href=\"https:\/\/portal.stf.jus.br\/servicos\/normativos\/veratonormativo.asp?documento=2818\">Portaria n\u00b0 073, de mar\u00e7o de 2020<\/a> &#8211; Disp\u00f5e sobre provid\u00eancias administrativas complementares \u00e0 Resolu\u00e7\u00e3o 663, de 12 de mar\u00e7o de 2020, de modo a evitar a propaga\u00e7\u00e3o interna do v\u00edrus COVID-19.<\/li><li class=\"TYR86d wXCUfe zfr3Q\" dir=\"ltr\"><p class=\"CDt4Ke zfr3Q\" dir=\"ltr\"><span class=\" aw5Odc\"><a class=\"XqQF9c\" href=\"http:\/\/www.google.com\/url?q=http%3A%2F%2Fwww.stf.jus.br%2Farquivo%2Fcms%2FnoticiaNoticiaStf%2Fanexo%2FResolucao670.pdf&amp;sa=D&amp;sntz=1&amp;usg=AOvVaw1LfDRrBNpVolub0GuWI65n\" target=\"_blank\" rel=\"noopener\">R<\/a><\/span><span class=\" aw5Odc\"><a class=\"XqQF9c\" href=\"http:\/\/www.google.com\/url?q=http%3A%2F%2Fwww.stf.jus.br%2Farquivo%2Fcms%2FnoticiaNoticiaStf%2Fanexo%2FResolucao670.pdf&amp;sa=D&amp;sntz=1&amp;usg=AOvVaw1LfDRrBNpVolub0GuWI65n\" target=\"_blank\" rel=\"noopener\">esolu\u00e7\u00e3o n\u00b0<\/a><\/span><span class=\" aw5Odc\"><a class=\"XqQF9c\" href=\"http:\/\/www.google.com\/url?q=http%3A%2F%2Fwww.stf.jus.br%2Farquivo%2Fcms%2FnoticiaNoticiaStf%2Fanexo%2FResolucao670.pdf&amp;sa=D&amp;sntz=1&amp;usg=AOvVaw1LfDRrBNpVolub0GuWI65n\" target=\"_blank\" rel=\"noopener\"> 670<\/a><\/span><span class=\" aw5Odc\"><a class=\"XqQF9c\" href=\"http:\/\/www.google.com\/url?q=http%3A%2F%2Fwww.stf.jus.br%2Farquivo%2Fcms%2FnoticiaNoticiaStf%2Fanexo%2FResolucao670.pdf&amp;sa=D&amp;sntz=1&amp;usg=AOvVaw1LfDRrBNpVolub0GuWI65n\" target=\"_blank\" rel=\"noopener\">,<\/a><\/span><span class=\" aw5Odc\"><a class=\"XqQF9c\" href=\"http:\/\/www.google.com\/url?q=http%3A%2F%2Fwww.stf.jus.br%2Farquivo%2Fcms%2FnoticiaNoticiaStf%2Fanexo%2FResolucao670.pdf&amp;sa=D&amp;sntz=1&amp;usg=AOvVaw1LfDRrBNpVolub0GuWI65n\" target=\"_blank\" rel=\"noopener\"> de 23<\/a><\/span><span class=\" aw5Odc\"><a class=\"XqQF9c\" href=\"http:\/\/www.google.com\/url?q=http%3A%2F%2Fwww.stf.jus.br%2Farquivo%2Fcms%2FnoticiaNoticiaStf%2Fanexo%2FResolucao670.pdf&amp;sa=D&amp;sntz=1&amp;usg=AOvVaw1LfDRrBNpVolub0GuWI65n\" target=\"_blank\" rel=\"noopener\"> de mar\u00e7o de <\/a><\/span><span class=\" aw5Odc\"><a class=\"XqQF9c\" href=\"http:\/\/www.google.com\/url?q=http%3A%2F%2Fwww.stf.jus.br%2Farquivo%2Fcms%2FnoticiaNoticiaStf%2Fanexo%2FResolucao670.pdf&amp;sa=D&amp;sntz=1&amp;usg=AOvVaw1LfDRrBNpVolub0GuWI65n\" target=\"_blank\" rel=\"noopener\">2020<\/a><\/span> &#8211; Estabelece novas medidas tempor\u00e1rias de preven\u00e7\u00e3o ao cont\u00e1gio pelo Novo Coronav\u00edrus (COVID-19) no Supremo Tribunal Federal (STF).<\/p><\/li><li><span class=\" aw5Odc\"><a class=\"XqQF9c\" href=\"http:\/\/www.google.com\/url?q=http%3A%2F%2Fwww.stf.jus.br%2Farquivo%2Fcms%2FnoticiaNoticiaStf%2Fanexo%2FResolucao670.pdf&amp;sa=D&amp;sntz=1&amp;usg=AOvVaw1LfDRrBNpVolub0GuWI65n\" target=\"_blank\" rel=\"noopener\">R<\/a><\/span><span class=\" aw5Odc\"><a class=\"XqQF9c\" href=\"http:\/\/www.google.com\/url?q=http%3A%2F%2Fwww.stf.jus.br%2Farquivo%2Fcms%2FnoticiaNoticiaStf%2Fanexo%2FResolucao670.pdf&amp;sa=D&amp;sntz=1&amp;usg=AOvVaw1LfDRrBNpVolub0GuWI65n\" target=\"_blank\" rel=\"noopener\">esolu\u00e7\u00e3o n\u00b0<\/a><\/span><span class=\" aw5Odc\"><a class=\"XqQF9c\" href=\"http:\/\/www.google.com\/url?q=http%3A%2F%2Fwww.stf.jus.br%2Farquivo%2Fcms%2FnoticiaNoticiaStf%2Fanexo%2FResolucao670.pdf&amp;sa=D&amp;sntz=1&amp;usg=AOvVaw1LfDRrBNpVolub0GuWI65n\" target=\"_blank\" rel=\"noopener\"> 678<\/a><\/span><span class=\" aw5Odc\"><a class=\"XqQF9c\" href=\"http:\/\/www.google.com\/url?q=http%3A%2F%2Fwww.stf.jus.br%2Farquivo%2Fcms%2FnoticiaNoticiaStf%2Fanexo%2FResolucao670.pdf&amp;sa=D&amp;sntz=1&amp;usg=AOvVaw1LfDRrBNpVolub0GuWI65n\" target=\"_blank\" rel=\"noopener\">,<\/a><\/span><span class=\" aw5Odc\"><a class=\"XqQF9c\" href=\"http:\/\/www.google.com\/url?q=http%3A%2F%2Fwww.stf.jus.br%2Farquivo%2Fcms%2FnoticiaNoticiaStf%2Fanexo%2FResolucao670.pdf&amp;sa=D&amp;sntz=1&amp;usg=AOvVaw1LfDRrBNpVolub0GuWI65n\" target=\"_blank\" rel=\"noopener\"> de 29<\/a><\/span><span class=\" aw5Odc\"><a class=\"XqQF9c\" href=\"http:\/\/www.google.com\/url?q=http%3A%2F%2Fwww.stf.jus.br%2Farquivo%2Fcms%2FnoticiaNoticiaStf%2Fanexo%2FResolucao670.pdf&amp;sa=D&amp;sntz=1&amp;usg=AOvVaw1LfDRrBNpVolub0GuWI65n\" target=\"_blank\" rel=\"noopener\"> de abril de <\/a><\/span><span class=\" aw5Odc\"><a class=\"XqQF9c\" href=\"http:\/\/www.google.com\/url?q=http%3A%2F%2Fwww.stf.jus.br%2Farquivo%2Fcms%2FnoticiaNoticiaStf%2Fanexo%2FResolucao670.pdf&amp;sa=D&amp;sntz=1&amp;usg=AOvVaw1LfDRrBNpVolub0GuWI65n\" target=\"_blank\" rel=\"noopener\">2020<\/a><\/span> &#8211; Prorroga a suspens\u00e3o de prazos de processos f\u00edsicos e estabelece novas medidas preventivas ao COVID-19 no Supremo Tribunal Federal.<\/li><li><a href=\"https:\/\/portal.stf.jus.br\/servicos\/normativos\/veratonormativo.asp?documento=2855\">Resolu\u00e7\u00e3o n\u00b0 681, de 09 de maio de 2020<\/a> &#8211; Decreta luto no Supremo Tribunal Federal, por tr\u00eas dias, em mem\u00f3ria das mais de dez mil v\u00edtimas oficiais da COVID-19.<\/li><li><a href=\"https:\/\/portal.stf.jus.br\/servicos\/normativos\/veratonormativo.asp?documento=2884\">Resolu\u00e7\u00e3o n\u00b0 698, de 08 de agosto de 2020<\/a> &#8211; Decreta luto no Supremo Tribunal Federal, por tr\u00eas dias, em mem\u00f3ria das cem mil v\u00edtimas da COVID-19.<\/li><li><a href=\"https:\/\/portal.stf.jus.br\/servicos\/normativos\/veratonormativo.asp?documento=2940\">Portaria n\u00b0 463, de 09 de outubro de 2020<\/a> &#8211; Altera o art. 2\u00ba da Portaria 73, de 16 de mar\u00e7o de 2020 (Ementa elaborada pela Biblioteca).<\/li><li><a href=\"https:\/\/portal.stf.jus.br\/servicos\/normativos\/veratonormativo.asp?documento=2953\">Portaria n\u00b0 648, de 20 de novembro de 2020<\/a> &#8211; Altera o art. 2\u00ba da Portaria 73, de 16 de mar\u00e7o de 2020 [Ementa elaborada pela Biblioteca].<\/li><li><a href=\"https:\/\/portal.stf.jus.br\/servicos\/normativos\/veratonormativo.asp?documento=2994\">Portaria n\u00b0 086, de 29 de mar\u00e7o de 2021<\/a> &#8211; Altera o art. 2\u00ba da Portaria 73, de 16 de mar\u00e7o de 2020 (Ementa elaborada pela Biblioteca).<\/li><li><a href=\"https:\/\/portal.stf.jus.br\/servicos\/normativos\/veratonormativo.asp?documento=2992\">Portaria n\u00b0 728, de 29 de mar\u00e7o de 2021<\/a> &#8211; Estabelece o Modelo de Gest\u00e3o Integrado das Atividades do Supremo Tribunal Federal.<\/li><li><a href=\"https:\/\/portal.stf.jus.br\/servicos\/normativos\/veratonormativo.asp?documento=2993\">Portaria n\u00b0 729, de 30 de mar\u00e7o de 2021<\/a> &#8211; Estabelece medidas preventivas ao Covid-19 no Supremo Tribunal Federal.<\/li><li><a href=\"https:\/\/portal.stf.jus.br\/servicos\/normativos\/veratonormativo.asp?documento=2998\">Portaria n\u00b0 731, de 03 de maio de 2021 &#8211;<\/a> Altera a Resolu\u00e7\u00e3o 729\/2021, para prorrogar a suspens\u00e3o de prazos de processos f\u00edsicos em tr\u00e2mite no Supremo Tribunal Federal.<\/li><li><a href=\"https:\/\/portal.stf.jus.br\/servicos\/normativos\/veratonormativo.asp?documento=3021\">Portaria n\u00b0 176, de 23 de julho de 2021<\/a> &#8211; Institui o Grupo de Trabalho para elabora\u00e7\u00e3o de proposta de Plano de Retorno Seguro \u00e0s atividades presenciais no STF durante as pr\u00f3ximas fases da pandemia de Covid-19 (Ementa elaborada pela Biblioteca).<\/li><li><a href=\"https:\/\/portal.stf.jus.br\/servicos\/normativos\/veratonormativo.asp?documento=3023\">Portaria n\u00b0 200, de 09 de agosto de 2021<\/a> &#8211; Altera a Portaria GDG n\u00ba 86, de 29 de mar\u00e7o de 2021.<\/li><li><a href=\"https:\/\/portal.stf.jus.br\/servicos\/normativos\/veratonormativo.asp?documento=3031\">Portaria n\u00b0 744, de 30 de setembro de 2021<\/a> &#8211; Portaria n\u00b0 728, de 29 de mar\u00e7o de 2021 &#8211; Altera o art. 2\u00ba da Portaria 73, de 16 de mar\u00e7o de 2020 (Ementa elaborada pela Biblioteca).<\/li><li><a href=\"https:\/\/portal.stf.jus.br\/servicos\/normativos\/veratonormativo.asp?documento=3032\">Portaria n\u00b0 745, de 14 de outubro de 2021<\/a> &#8211; Altera o art. 2\u00ba da Portaria 73, de 16 de mar\u00e7o de 2020 (Ementa elaborada pela Biblioteca).<\/li><li><a href=\"https:\/\/portal.stf.jus.br\/servicos\/normativos\/veratonormativo.asp?documento=3039\">Instru\u00e7\u00e3o Normativa n\u00b0 260, de 26 de outubro de 2021<\/a> &#8211; Disp\u00f5e sobre o uso do sistema Preven\u00e7\u00e3o e Inqu\u00e9rito Epidemiol\u00f3gico (Previna) no Supremo Tribunal Federal.<\/li><li><a href=\"https:\/\/portal.stf.jus.br\/servicos\/normativos\/veratonormativo.asp?documento=3037\">Resolu\u00e7\u00e3o n\u00b0 748, de 26 de outubro de 2021<\/a> &#8211; Estabelece medidas e orienta\u00e7\u00f5es para o retorno das atividades presenciais no Supremo Tribunal Federal.<\/li><li><a href=\"https:\/\/portal.stf.jus.br\/servicos\/normativos\/veratonormativo.asp?documento=3063\">Portaria n\u00b0 004, de 08 de janeiro de 2022<\/a> &#8211; Autoriza Unidades Administrativas do STF a adotarem regime de teletrabalho excepcional ou com escalas de revezamento at\u00e9 o pr\u00f3ximo dia 31 de janeiro, com regime presencial no m\u00e1ximo 30% (trinta por cento) dos integrantes de equipes que atuem em um mesmo ambiente de trabalho sem preju\u00edzo ao trabalho da Unidade. (Ementa elaborada pela Biblioteca).<\/li><li><a href=\"https:\/\/portal.stf.jus.br\/servicos\/normativos\/veratonormativo.asp?documento=3066\">Portaria n\u00b0 026, de 29 de janeiro de 2022<\/a> &#8211; Autoriza as Unidades Administrativas do Supremo Tribunal Federal a adotarem regime de teletrabalho excepcional, informa que as sess\u00f5es judiciais, solenes e administrativas previstas para o m\u00eas de fevereiro acontecer\u00e3o inteiramente por videoconfer\u00eancia, e que as audi\u00eancias p\u00fablicas seguir\u00e3o o mesmo crit\u00e9rio. (Ementa elaborada pela Biblioteca).<\/li><li><a href=\"https:\/\/portal.stf.jus.br\/servicos\/normativos\/veratonormativo.asp?documento=3073\">Resolu\u00e7\u00e3o n\u00b0 764, de 24 de fevereiro de 2022<\/a> &#8211; Atualiza as medidas e orienta\u00e7\u00f5es para funcionamento das atividades presenciais no Supremo Tribunal Federal durante a vig\u00eancia da Emerg\u00eancia de Sa\u00fade P\u00fablica de Import\u00e2ncia Nacional decorrente da infec\u00e7\u00e3o humana pelo Coronav\u00edrus.<\/li><li><a href=\"https:\/\/portal.stf.jus.br\/servicos\/normativos\/veratonormativo.asp?documento=3077\">Resolu\u00e7\u00e3o n\u00b0 767, de 31 de outubro de 2022<\/a> &#8211; Atualiza as medidas e orienta\u00e7\u00f5es para funcionamento das atividades presenciais no Supremo Tribu-nal Federal durante a vig\u00eancia da Emerg\u00eancia de Sa\u00fade P\u00fablica de Import\u00e2ncia Nacional decorrente da infec\u00e7\u00e3o humana pelo Coronav\u00edrus.<\/li><li><a href=\"https:\/\/portal.stf.jus.br\/servicos\/normativos\/veratonormativo.asp?documento=3079\">Instru\u00e7\u00e3o Normativa n\u00b0 263, de 04 de maio de 2022<\/a> &#8211; Revoga a Instru\u00e7\u00e3o Normativa n\u00ba 260, de 26 de outubro de 2021.<\/li><li><a href=\"https:\/\/portal.stf.jus.br\/servicos\/normativos\/veratonormativo.asp?documento=3093\">Portaria n\u00b0 087, de 01 de junho de 2022<\/a> &#8211; Recomenda, at\u00e9 o pr\u00f3ximo dia 22 de junho, nas depend\u00eancias do Supremo Tribunal Federal, o uso de m\u00e1scaras de prote\u00e7\u00e3o facial e especial observ\u00e2ncia \u00e0s medidas e orienta\u00e7\u00f5es divulgadas pela Secretaria de Servi\u00e7os Integrados de Sa\u00fade &#8211; SIS. (Ementa elaborada pela Biblioteca).<\/li><li><a href=\"https:\/\/portal.stf.jus.br\/servicos\/normativos\/veratonormativo.asp?documento=3098\">Portaria n\u00b0 098, de 08 de junho de 2022<\/a> &#8211; Altera o art. 1\u00ba da Portaria GDG 87, de 1\u00ba de junho de 2022. (Ementa elaborada pela biblioteca).<\/li><li><a href=\"https:\/\/portal.stf.jus.br\/servicos\/normativos\/veratonormativo.asp?documento=3102\">Portaria n\u00b0 112, de 20 de junho de 2022<\/a> &#8211; Disp\u00f5e sobre a obrigatoriedade do uso de m\u00e1scara de prote\u00e7\u00e3o facial no \u00e2mbito do Supremo Tribunal Federal.<\/li><li><a href=\"https:\/\/portal.stf.jus.br\/servicos\/normativos\/veratonormativo.asp?documento=3122\">Resolu\u00e7\u00e3o n\u00b0 784, de 25 de agosto de 2022<\/a> &#8211; Atualiza as medidas e orienta\u00e7\u00f5es para funcionamento das atividadespresenciais no Supremo Tribunal Federal durante a vig\u00eancia da Emerg\u00eancia de Sa\u00fade P\u00fablica de Import\u00e2ncia Internacional (ESPII) decorrente da infec\u00e7\u00e3o humana pelo Coronav\u00edrus 2019 (COVID-19).<\/li><li class=\"TYR86d wXCUfe zfr3Q\" dir=\"ltr\"><p class=\"CDt4Ke zfr3Q\" dir=\"ltr\"><span class=\" aw5Odc\"><a class=\"XqQF9c\" href=\"https:\/\/drive.google.com\/file\/d\/11is2Mzsjq3vDzG2IAcmiqnQYagvJ4dfS\/view\" target=\"_blank\" rel=\"noopener\">Medida Cautelar na A\u00e7\u00e3o Direta de Inconstitucionalidade 6.341 Distrito Federal<\/a><\/span> &#8211; Surgem atendidos os requisitos de urg\u00eancia e necessidade, no que medida provis\u00f3ria disp\u00f5e sobre provid\u00eancias no campo da sa\u00fade p\u00fablica nacional, sem preju\u00edzo da legitima\u00e7\u00e3o concorrentes dos Estados, do Distrito Federal e dos Munic\u00edpios.<\/p><\/li><li class=\"TYR86d wXCUfe zfr3Q\" dir=\"ltr\"><p class=\"CDt4Ke zfr3Q\" dir=\"ltr\"><span class=\" aw5Odc\"><a class=\"XqQF9c\" href=\"https:\/\/drive.google.com\/file\/d\/1kzNuYas-hpVqbHERh_FFLTcuM73Z1nwx\/view\" target=\"_blank\" rel=\"noopener\">Decis\u00e3o:<\/a><\/span> O Tribunal, por maioria, referendou a medida cautelar deferida pelo Ministro Marco Aur\u00e9lio (Relator), acrescida de interpreta\u00e7\u00e3o conforme \u00e0 Constitui\u00e7\u00e3o ao \u00a7 9\u00ba do art. 3\u00ba da Lei n\u00ba 13.979, a fim de explicitar que, preservada a atribui\u00e7\u00e3o de cada esfera de governo, nos termos do inciso I do art. 198 da Constitui\u00e7\u00e3o, o Presidente da Rep\u00fablica poder\u00e1 dispor, mediante decreto, sobre os servi\u00e7os p\u00fablicos e atividades essenciais, vencidos, neste ponto, o Ministro Relator e o Ministro Dias Toffoli (Presidente), e, em parte, quanto \u00e0 interpreta\u00e7\u00e3o conforme \u00e0 letra b do inciso VI do art. 3\u00ba, os Ministros Alexandre de Moraes e Luiz Fux. Redigir\u00e1 o ac\u00f3rd\u00e3o o Ministro Edson Fachin. Falaram: pelo requerente, o Dr. Lucas de Castro Rivas; pelo amicus curiae Federa\u00e7\u00e3o Brasileira de Telecomunica\u00e7\u00f5es \u2013 FEBRATEL, o Dr. Felipe Monnerat Solon de Pontes Rodrigues; pelo interessado, o Ministro Andr\u00e9 Luiz de Almeida Mendon\u00e7a, Advogado-Geral da Uni\u00e3o; e, pela Procuradoria-Geral da Rep\u00fablica, o Dr. Ant\u00f4nio Augusto Brand\u00e3o de Aras, Procurador-Geral da Rep\u00fablica. Afirmou suspei\u00e7\u00e3o o Ministro Roberto Barroso. Ausente, justificadamente, o Ministro Celso de Mello. Plen\u00e1rio, 15.04.2020 (Sess\u00e3o realizada inteiramente por videoconfer\u00eancia &#8211; Resolu\u00e7\u00e3o 672\/2020\/STF).<\/p><\/li><\/ul><\/div><\/div><\/div><\/div><div class=\"oKdM2c ZZyype\"><div id=\"h.1a4754e3f7cfd0f6_0\" class=\"hJDwNd-AhqUyc-uQSCkd Ft7HRd-AhqUyc-uQSCkd jXK9ad D2fZ2 zu5uec GNzUNc\"><div class=\"jXK9ad-SmKAyb\"><div class=\"tyJCtd mGzaTb Depvyb baZpAe\"><p class=\"CDt4Ke zfr3Q\" dir=\"ltr\">Quarta-feira, 15 de abril de 2020<\/p><p class=\"CDt4Ke zfr3Q\" dir=\"ltr\">Supremo Tribunal Federal reconhece compet\u00eancia concorrente de estados, DF, munic\u00edpios e Uni\u00e3o no combate \u00e0 Covid-19<\/p><p class=\"CDt4Ke zfr3Q\" dir=\"ltr\">O Plen\u00e1rio do Supremo Tribunal Federal (STF), por unanimidade, confirmou o entendimento de que as medidas adotadas pelo Governo Federal na Medida Provis\u00f3ria (MP) 926\/2020 para o enfrentamento do novo coronav\u00edrus n\u00e3o afastam a compet\u00eancia concorrente nem a tomada de provid\u00eancias normativas e administrativas pelos estados, pelo Distrito Federal e pelos munic\u00edpios. A decis\u00e3o foi tomada nesta quarta-feira (15), em sess\u00e3o realizada por videoconfer\u00eancia, no referendo da medida cautelar deferida em mar\u00e7o pelo ministro Marco Aur\u00e9lio na A\u00e7\u00e3o Direta de Inconstitucionalidade (ADI) 6341.<\/p><p class=\"CDt4Ke zfr3Q\" dir=\"ltr\">A maioria dos ministros aderiu \u00e0 proposta do ministro Edson Fachin sobre a necessidade de que o artigo 3\u00ba da Lei 13.979\/2020 tamb\u00e9m seja interpretado de acordo com a Constitui\u00e7\u00e3o, a fim de deixar claro que a Uni\u00e3o pode legislar sobre o tema, mas que o exerc\u00edcio desta compet\u00eancia deve sempre resguardar a autonomia dos demais entes. No seu entendimento, a possibilidade do chefe do Executivo Federal definir por decreto a essencialidade dos servi\u00e7os p\u00fablicos, sem observ\u00e2ncia da autonomia dos entes locais, afrontaria o princ\u00edpio da separa\u00e7\u00e3o dos poderes. Ficaram vencidos, neste ponto, o relator e o ministro Dias Toffoli, que entenderam que a liminar, nos termos em que foi deferida, era suficiente.<\/p><p class=\"CDt4Ke zfr3Q\" dir=\"ltr\">Pol\u00edcia sanit\u00e1ria<\/p><p class=\"CDt4Ke zfr3Q\" dir=\"ltr\">O Partido Democr\u00e1tico Trabalhista (PDT), autor da a\u00e7\u00e3o, argumentava que a redistribui\u00e7\u00e3o de poderes de pol\u00edcia sanit\u00e1ria introduzida pela MP 926\/2020 na Lei Federal 13.979\/2020 interferiu no regime de coopera\u00e7\u00e3o entre os entes federativos, pois confiou \u00e0 Uni\u00e3o as prerrogativas de isolamento, quarentena, interdi\u00e7\u00e3o de locomo\u00e7\u00e3o, de servi\u00e7os p\u00fablicos e atividades essenciais e de circula\u00e7\u00e3o.<\/p><p class=\"CDt4Ke zfr3Q\" dir=\"ltr\">Compet\u00eancia concorrente<\/p><p class=\"CDt4Ke zfr3Q\" dir=\"ltr\">Em seu voto, o ministro Marco Aur\u00e9lio reafirmou seu entendimento de que n\u00e3o h\u00e1 na norma transgress\u00e3o a preceito da Constitui\u00e7\u00e3o Federal. Para o ministro, a MP n\u00e3o afasta os atos a serem praticados pelos estados, pelo Distrito Federal e pelos munic\u00edpios, que t\u00eam compet\u00eancia concorrente para legislar sobre sa\u00fade p\u00fablica (artigo 23, inciso II, da Constitui\u00e7\u00e3o). A seu ver, a norma apenas trata das atribui\u00e7\u00f5es das autoridades em rela\u00e7\u00e3o \u00e0s medidas a serem implementadas em raz\u00e3o da pandemia.<\/p><p class=\"CDt4Ke zfr3Q\" dir=\"ltr\">O relator ressaltou ainda que a medida provis\u00f3ria, diante da urg\u00eancia e da necessidade de disciplina, foi editada com a finalidade de mitigar os efeitos da chegada da pandemia ao Brasil e que o Governo Federal, ao edit\u00e1-la, atuou a tempo e modo, diante da urg\u00eancia e da necessidade de uma disciplina de abrang\u00eancia nacional sobre a mat\u00e9ria.<\/p><\/div><\/div><\/div><\/div><div class=\"oKdM2c ZZyype\"><div id=\"h.16f51c7ac7a371de_39\" class=\"hJDwNd-AhqUyc-uQSCkd Ft7HRd-AhqUyc-uQSCkd jXK9ad D2fZ2 zu5uec wHaque g5GTcb GNzUNc\"><div class=\"jXK9ad-SmKAyb\"><div class=\"tyJCtd mGzaTb Depvyb baZpAe\"><small id=\"h.5qng5sq3qxj0\" class=\"CDt4Ke zfr3Q TMjjoe\" dir=\"ltr\">Cr\u00e9dito: Assessoria de Imprensa do Supremo Tribunal Federal<\/small><\/div><\/div><\/div><\/div><\/div><\/div><\/div><\/div><\/div><\/div>\n\t\t\t\t<\/div>\n\t\t\t\t\t\t\t<div class=\"elementor-toggle-item\">\n\t\t\t\t\t<div id=\"elementor-tab-title-4328\" class=\"elementor-tab-title\" data-tab=\"8\" role=\"button\" aria-controls=\"elementor-tab-content-4328\" aria-expanded=\"false\">\n\t\t\t\t\t\t\t\t\t\t\t\t<span class=\"elementor-toggle-icon elementor-toggle-icon-left\" aria-hidden=\"true\">\n\t\t\t\t\t\t\t\t\t\t\t\t\t\t\t<span class=\"elementor-toggle-icon-closed\"><i class=\"fas fa-caret-right\"><\/i><\/span>\n\t\t\t\t\t\t\t\t<span class=\"elementor-toggle-icon-opened\"><i class=\"elementor-toggle-icon-opened fas fa-caret-up\"><\/i><\/span>\n\t\t\t\t\t\t\t\t\t\t\t\t\t<\/span>\n\t\t\t\t\t\t\t\t\t\t\t\t<a class=\"elementor-toggle-title\" tabindex=\"0\">Tribunal Regional Eleitoral de Goi\u00e1s<\/a>\n\t\t\t\t\t<\/div>\n\n\t\t\t\t\t<div id=\"elementor-tab-content-4328\" class=\"elementor-tab-content elementor-clearfix\" data-tab=\"8\" role=\"region\" aria-labelledby=\"elementor-tab-title-4328\"><div class=\"mYVXT\"><div class=\"LS81yb VICjCf j5pSsc db35Fc\" tabindex=\"-1\"><div class=\"hJDwNd-AhqUyc-uQSCkd Ft7HRd-AhqUyc-uQSCkd purZT-AhqUyc-II5mzb ZcASvf-AhqUyc-II5mzb pSzOP-AhqUyc-qWD73c Ktthjf-AhqUyc-qWD73c JNdkSc SQVYQc yYI8W HQwdzb\"><div class=\"JNdkSc-SmKAyb LkDMRd\"><div class=\"\"><div class=\"oKdM2c ZZyype Kzv0Me\"><div id=\"h.3f5ecf45ab67155e_695\" class=\"hJDwNd-AhqUyc-uQSCkd Ft7HRd-AhqUyc-uQSCkd jXK9ad D2fZ2 zu5uec OjCsFc dmUFtb GNzUNc\"><div class=\"jXK9ad-SmKAyb\"><div class=\"tyJCtd mGzaTb Depvyb baZpAe\"><ul class=\"n8H08c UVNKR\"><li class=\"TYR86d wXCUfe zfr3Q\" dir=\"ltr\"><p class=\"CDt4Ke zfr3Q\" dir=\"ltr\"><span class=\" aw5Odc\"><a class=\"XqQF9c\" href=\"https:\/\/www.google.com\/url?q=https%3A%2F%2Fapps.tre-go.jus.br%2Finternet%2Flegislacao-compilada%2Fresolucao%2Fresolucao-202000321.htm&amp;sa=D&amp;sntz=1&amp;usg=AOvVaw1FrrxHU06dqZ7tbjyZrSfH\" target=\"_blank\" rel=\"noopener\">Resolu\u00e7\u00e3o n<\/a><\/span><span class=\" aw5Odc\"><a class=\"XqQF9c\" href=\"https:\/\/www.google.com\/url?q=https%3A%2F%2Fapps.tre-go.jus.br%2Finternet%2Flegislacao-compilada%2Fresolucao%2Fresolucao-202000321.htm&amp;sa=D&amp;sntz=1&amp;usg=AOvVaw1FrrxHU06dqZ7tbjyZrSfH\" target=\"_blank\" rel=\"noopener\">\u00b0<\/a><\/span><span class=\" aw5Odc\"><a class=\"XqQF9c\" href=\"https:\/\/www.google.com\/url?q=https%3A%2F%2Fapps.tre-go.jus.br%2Finternet%2Flegislacao-compilada%2Fresolucao%2Fresolucao-202000321.htm&amp;sa=D&amp;sntz=1&amp;usg=AOvVaw1FrrxHU06dqZ7tbjyZrSfH\" target=\"_blank\" rel=\"noopener\"> 321, de 31 de mar\u00e7o de 2020<\/a><\/span> &#8211; Disp\u00f5e sobre as sess\u00f5es de julgamento por meio de videoconfer\u00eancia no \u00e2mbito do Tribunal Regional Eleitoral de Goi\u00e1s.<\/p><\/li><li class=\"TYR86d wXCUfe zfr3Q\" dir=\"ltr\"><p class=\"CDt4Ke zfr3Q\" dir=\"ltr\"><span class=\" aw5Odc\"><a class=\"XqQF9c\" href=\"https:\/\/www.google.com\/url?q=https%3A%2F%2Fapps.tre-go.jus.br%2Finternet%2Flegislacao-compilada%2Fresolucao%2Fresolucao-202000325.htm&amp;sa=D&amp;sntz=1&amp;usg=AOvVaw3W0IdF0Vp-iwLf2vP7XWFd\" target=\"_blank\" rel=\"noopener\">Resolu\u00e7\u00e3o n\u00b0 325, de 21 de julho de 2020<\/a><\/span> &#8211; Disp\u00f5e sobre a designa\u00e7\u00e3o excepcional de ju\u00edzes eleitorais de primeiro grau no \u00e2mbito do Tribunal Regional Eleitoral de Goi\u00e1s.<\/p><\/li><li class=\"TYR86d wXCUfe zfr3Q\" dir=\"ltr\"><p class=\"CDt4Ke zfr3Q\" dir=\"ltr\"><span class=\" aw5Odc\"><a class=\"XqQF9c\" href=\"https:\/\/www.google.com\/url?q=https%3A%2F%2Fapps.tre-go.jus.br%2Finternet%2Flegislacao-compilada%2Fresolucao%2Fresolucao-202000328.htm&amp;sa=D&amp;sntz=1&amp;usg=AOvVaw13S0UoGrllalxmH343PR2n\" target=\"_blank\" rel=\"noopener\">Resolu\u00e7\u00e3o n<\/a><\/span><span class=\" aw5Odc\"><a class=\"XqQF9c\" href=\"https:\/\/www.google.com\/url?q=https%3A%2F%2Fapps.tre-go.jus.br%2Finternet%2Flegislacao-compilada%2Fresolucao%2Fresolucao-202000328.htm&amp;sa=D&amp;sntz=1&amp;usg=AOvVaw13S0UoGrllalxmH343PR2n\" target=\"_blank\" rel=\"noopener\">\u00b0<\/a><\/span><span class=\" aw5Odc\"><a class=\"XqQF9c\" href=\"https:\/\/www.google.com\/url?q=https%3A%2F%2Fapps.tre-go.jus.br%2Finternet%2Flegislacao-compilada%2Fresolucao%2Fresolucao-202000328.htm&amp;sa=D&amp;sntz=1&amp;usg=AOvVaw13S0UoGrllalxmH343PR2n\" target=\"_blank\" rel=\"noopener\"> 328, de 29 de julho de 2020<\/a><\/span> &#8211; Disp\u00f5e sobre a composi\u00e7\u00e3o de Mesas Receptoras de Votos (MRV), instala\u00e7\u00e3o de Mesas Receptoras de Justificativas (MRJ), das agrega\u00e7\u00f5es de se\u00e7\u00f5es, da convoca\u00e7\u00e3o de auxiliares e da transfer\u00eancia tempor\u00e1ria de eleitores nas Elei\u00e7\u00f5es 2020, e d\u00e1 outras provid\u00eancias.<\/p><\/li><li class=\"TYR86d wXCUfe zfr3Q\" dir=\"ltr\"><p class=\"CDt4Ke zfr3Q\" dir=\"ltr\"><span class=\" aw5Odc\"><a class=\"XqQF9c\" href=\"https:\/\/www.google.com\/url?q=https%3A%2F%2Fapps.tre-go.jus.br%2Finternet%2Flegislacao-compilada%2Fresolucao%2Fresolucao-202000334.htm&amp;sa=D&amp;sntz=1&amp;usg=AOvVaw2m__PfB1b1rwtfdv-N_xuC\" target=\"_blank\" rel=\"noopener\">Resolu\u00e7\u00e3o n<\/a><\/span><span class=\" aw5Odc\"><a class=\"XqQF9c\" href=\"https:\/\/www.google.com\/url?q=https%3A%2F%2Fapps.tre-go.jus.br%2Finternet%2Flegislacao-compilada%2Fresolucao%2Fresolucao-202000334.htm&amp;sa=D&amp;sntz=1&amp;usg=AOvVaw2m__PfB1b1rwtfdv-N_xuC\" target=\"_blank\" rel=\"noopener\">\u00b0<\/a><\/span><span class=\" aw5Odc\"><a class=\"XqQF9c\" href=\"https:\/\/www.google.com\/url?q=https%3A%2F%2Fapps.tre-go.jus.br%2Finternet%2Flegislacao-compilada%2Fresolucao%2Fresolucao-202000334.htm&amp;sa=D&amp;sntz=1&amp;usg=AOvVaw2m__PfB1b1rwtfdv-N_xuC\" target=\"_blank\" rel=\"noopener\"> 334, de 27 de agosto de 2020<\/a><\/span> &#8211; Disp\u00f5e sobre o Plano de Retomada Gradual ao Trabalho Presencial no \u00e2mbito da Justi\u00e7a Eleitoral de Goi\u00e1s.<\/p><\/li><li class=\"TYR86d wXCUfe zfr3Q\" dir=\"ltr\"><p class=\"CDt4Ke zfr3Q\" dir=\"ltr\"><span class=\" aw5Odc\"><a class=\"XqQF9c\" href=\"https:\/\/www.google.com\/url?q=https%3A%2F%2Fapps.tre-go.jus.br%2Finternet%2Flegislacao-compilada%2Fresolucao%2Fresolucao-202000344.htm&amp;sa=D&amp;sntz=1&amp;usg=AOvVaw1LLZz2DYLyo0VCFq74F5Us\" target=\"_blank\" rel=\"noopener\">Resolu\u00e7\u00e3o n<\/a><\/span><span class=\" aw5Odc\"><a class=\"XqQF9c\" href=\"https:\/\/www.google.com\/url?q=https%3A%2F%2Fapps.tre-go.jus.br%2Finternet%2Flegislacao-compilada%2Fresolucao%2Fresolucao-202000344.htm&amp;sa=D&amp;sntz=1&amp;usg=AOvVaw1LLZz2DYLyo0VCFq74F5Us\" target=\"_blank\" rel=\"noopener\">\u00b0<\/a><\/span><span class=\" aw5Odc\"><a class=\"XqQF9c\" href=\"https:\/\/www.google.com\/url?q=https%3A%2F%2Fapps.tre-go.jus.br%2Finternet%2Flegislacao-compilada%2Fresolucao%2Fresolucao-202000344.htm&amp;sa=D&amp;sntz=1&amp;usg=AOvVaw1LLZz2DYLyo0VCFq74F5Us\" target=\"_blank\" rel=\"noopener\"> 344, de 1\u00ba de dezembro de 2020<\/a><\/span> &#8211; Disp\u00f5e sobre a diploma\u00e7\u00e3o dos candidatos eleitos e suplentes nas Elei\u00e7\u00f5es 2020, em raz\u00e3o do cen\u00e1rio excepcional decorrente da pandemia da Covid-19.<\/p><\/li><li class=\"TYR86d wXCUfe zfr3Q\" dir=\"ltr\"><p class=\"CDt4Ke zfr3Q\" dir=\"ltr\"><span class=\" aw5Odc\"><a class=\"XqQF9c\" href=\"https:\/\/www.google.com\/url?q=https%3A%2F%2Fapps.tre-go.jus.br%2Finternet%2Flegislacao-compilada%2Fresolucao%2Fresolucao-202000345.htm&amp;sa=D&amp;sntz=1&amp;usg=AOvVaw2ROqXz4GjgMFO6jcC3xVQd\" target=\"_blank\" rel=\"noopener\">Resolu\u00e7\u00e3o n<\/a><\/span><span class=\" aw5Odc\"><a class=\"XqQF9c\" href=\"https:\/\/www.google.com\/url?q=https%3A%2F%2Fapps.tre-go.jus.br%2Finternet%2Flegislacao-compilada%2Fresolucao%2Fresolucao-202000345.htm&amp;sa=D&amp;sntz=1&amp;usg=AOvVaw2ROqXz4GjgMFO6jcC3xVQd\" target=\"_blank\" rel=\"noopener\">\u00b0<\/a><\/span><span class=\" aw5Odc\"><a class=\"XqQF9c\" href=\"https:\/\/www.google.com\/url?q=https%3A%2F%2Fapps.tre-go.jus.br%2Finternet%2Flegislacao-compilada%2Fresolucao%2Fresolucao-202000345.htm&amp;sa=D&amp;sntz=1&amp;usg=AOvVaw2ROqXz4GjgMFO6jcC3xVQd\" target=\"_blank\" rel=\"noopener\"> 345, de 17 de dezembro de 2020<\/a><\/span> &#8211; Altera o art. 5\u00b0 da Resolu\u00e7\u00e3o TRE-GO n\u00b0 334\/2020, para prorrogar o prazo de retorno gradual ao trabalho presencial.<\/p><\/li><li class=\"TYR86d wXCUfe zfr3Q\" dir=\"ltr\"><p class=\"CDt4Ke zfr3Q\" dir=\"ltr\"><span class=\" aw5Odc\"><a class=\"XqQF9c\" href=\"https:\/\/www.google.com\/url?q=https%3A%2F%2Fapps.tre-go.jus.br%2Finternet%2Flegislacao-compilada%2Fresolucao%2Fresolucao-202100348.htm&amp;sa=D&amp;sntz=1&amp;usg=AOvVaw1ShSXwbLS2JcOekCCWyJ9p\" target=\"_blank\" rel=\"noopener\">Resolu\u00e7\u00e3o n<\/a><\/span><span class=\" aw5Odc\"><a class=\"XqQF9c\" href=\"https:\/\/www.google.com\/url?q=https%3A%2F%2Fapps.tre-go.jus.br%2Finternet%2Flegislacao-compilada%2Fresolucao%2Fresolucao-202100348.htm&amp;sa=D&amp;sntz=1&amp;usg=AOvVaw1ShSXwbLS2JcOekCCWyJ9p\" target=\"_blank\" rel=\"noopener\">\u00b0<\/a><\/span><span class=\" aw5Odc\"><a class=\"XqQF9c\" href=\"https:\/\/www.google.com\/url?q=https%3A%2F%2Fapps.tre-go.jus.br%2Finternet%2Flegislacao-compilada%2Fresolucao%2Fresolucao-202100348.htm&amp;sa=D&amp;sntz=1&amp;usg=AOvVaw1ShSXwbLS2JcOekCCWyJ9p\" target=\"_blank\" rel=\"noopener\"> 348, de 25 de mar\u00e7o de 2021<\/a><\/span> &#8211; Altera dispositivos da Resolu\u00e7\u00e3o TRE-GO n\u00b0 334\/2020, que disp\u00f5e sobre o Plano de Retomada Gradual do Trabalho Presencial no \u00e2mbito da Justi\u00e7a Eleitoral de Goi\u00e1s.<\/p><\/li><li dir=\"ltr\"><a href=\"https:\/\/apps.tre-go.jus.br\/internet\/legislacao-compilada\/resolucao\/resolucao-202100351.htmhttps:\/\/apps.tre-go.jus.br\/internet\/legislacao-compilada\/resolucao\/resolucao-202100351.htm\">Resolu\u00e7\u00e3o n\u00b0 351, de 17 de maio de 2021<\/a> &#8211; Disp\u00f5e sobre a realiza\u00e7\u00e3o de exames m\u00e9dicos peri\u00f3dicos no per\u00edodo de emerg\u00eancia da sa\u00fade p\u00fablica, em fun\u00e7\u00e3o da pandemia da COVID-19.<\/li><li dir=\"ltr\"><a href=\"https:\/\/apps.tre-go.jus.br\/internet\/legislacao-compilada\/resolucao\/resolucao-202100353.htm\">Resolu\u00e7\u00e3o n\u00b0 353, de 24 de junho de 2021<\/a> &#8211; Disp\u00f5e sobre o Ju\u00edzo 100% Digital, a realiza\u00e7\u00e3o de audi\u00eancias telepresenciais ou por videoconfer\u00eancia e sobre o atendimento virtual aos advogados, aos membros do Minist\u00e9rio P\u00fablico, \u00e0 Pol\u00edcia Judici\u00e1ria, aos procuradores e\u00a0 \u00e0s partes, no \u00e2mbito da Justi\u00e7a Eleitoral em Goi\u00e1s.<\/li><li dir=\"ltr\"><a href=\"https:\/\/apps.tre-go.jus.br\/internet\/legislacao-compilada\/resolucao\/resolucao-202200360.htm\">Resolu\u00e7\u00e3o n\u00b0 360, de 28 de janeiro de 2022<\/a> &#8211; Revoga a <a href=\"https:\/\/www.tre-go.jus.br\/legislacao\/legislacao-compilada\/resolucoes\/resolucao-202000334.htm\">Resolu\u00e7\u00e3o TRE-GO n\u00ba 334\/2020<\/a> e estabelece diretrizes e medidas preventivas ao cont\u00e1gio pelo Novo Coronav\u00edrus (COVID-19).<\/li><li dir=\"ltr\"><a href=\"https:\/\/apps.tre-go.jus.br\/internet\/legislacao-compilada\/resolucao\/resolucao-202200367.htm\">Resolu\u00e7\u00e3o n\u00b0 367, de 26 de abril de 2022<\/a> &#8211; Revoga a <a href=\"http:\/\/apps.tre-go.jus.br\/internet\/legislacao-compilada\/resolucao\/resolucao-202200360.htm\">Resolu\u00e7\u00e3o TRE-GO n\u00ba 360\/2022<\/a> e estabelece diretrizes para o retorno ao trabalho presencial.<\/li><li dir=\"ltr\"><a href=\"https:\/\/apps.tre-go.jus.br\/internet\/legislacao-compilada\/resolucao\/resolucao-202200375.htm\">Resolu\u00e7\u00e3o n\u00b0 375, de 13 de setembro de 2022<\/a> &#8211; Altera a <a href=\"http:\/\/apps.tre-go.jus.br\/internet\/legislacao-compilada\/resolucao\/resolucao-202200367.htm\">Resolu\u00e7\u00e3o TRE-GO n\u00ba 367<\/a>, de 26 de abril de 2022.<\/li><li class=\"TYR86d wXCUfe zfr3Q\" dir=\"ltr\"><p class=\"CDt4Ke zfr3Q\" dir=\"ltr\"><span class=\" aw5Odc\"><a class=\"XqQF9c\" href=\"https:\/\/www.google.com\/url?q=https%3A%2F%2Fapps.tre-go.jus.br%2Finternet%2Flegislacao-compilada%2Fportaria-da-presidencia%2Fportaria-da-presidencia-202000074.htm&amp;sa=D&amp;sntz=1&amp;usg=AOvVaw2BSBJezT1pEcCuhcAc_bnt\" target=\"_blank\" rel=\"noopener\">Portaria PRES n<\/a><\/span><span class=\" aw5Odc\"><a class=\"XqQF9c\" href=\"https:\/\/www.google.com\/url?q=https%3A%2F%2Fapps.tre-go.jus.br%2Finternet%2Flegislacao-compilada%2Fportaria-da-presidencia%2Fportaria-da-presidencia-202000074.htm&amp;sa=D&amp;sntz=1&amp;usg=AOvVaw2BSBJezT1pEcCuhcAc_bnt\" target=\"_blank\" rel=\"noopener\">\u00b0<\/a><\/span><span class=\" aw5Odc\"><a class=\"XqQF9c\" href=\"https:\/\/www.google.com\/url?q=https%3A%2F%2Fapps.tre-go.jus.br%2Finternet%2Flegislacao-compilada%2Fportaria-da-presidencia%2Fportaria-da-presidencia-202000074.htm&amp;sa=D&amp;sntz=1&amp;usg=AOvVaw2BSBJezT1pEcCuhcAc_bnt\" target=\"_blank\" rel=\"noopener\"> 74, de 17 de mar\u00e7o de 2020<\/a><\/span> &#8211; Disp\u00f5e sobre medidas complementares de preven\u00e7\u00e3o ao cont\u00e1gio pelo novo coronav\u00edrus (2019-nCoV), causador da doen\u00e7a COVID-19, na Justi\u00e7a Eleitoral de Goi\u00e1s.<\/p><\/li><li class=\"TYR86d wXCUfe zfr3Q\" dir=\"ltr\"><p class=\"CDt4Ke zfr3Q\" dir=\"ltr\"><span class=\" aw5Odc\"><a class=\"XqQF9c\" href=\"https:\/\/www.google.com\/url?q=https%3A%2F%2Fapps.tre-go.jus.br%2Finternet%2Flegislacao-compilada%2Fportaria-da-presidencia%2Fportaria-da-presidencia-202000076.htm&amp;sa=D&amp;sntz=1&amp;usg=AOvVaw0JZwrbEXFUThbv8MSJKG0s\" target=\"_blank\" rel=\"noopener\">Portaria <\/a><a class=\"XqQF9c\" href=\"https:\/\/www.google.com\/url?q=https%3A%2F%2Fapps.tre-go.jus.br%2Finternet%2Flegislacao-compilada%2Fportaria-da-presidencia%2Fportaria-da-presidencia-202000074.htm&amp;sa=D&amp;sntz=1&amp;usg=AOvVaw2BSBJezT1pEcCuhcAc_bnt\" target=\"_blank\" rel=\"noopener\">PRES <\/a><a class=\"XqQF9c\" href=\"https:\/\/www.google.com\/url?q=https%3A%2F%2Fapps.tre-go.jus.br%2Finternet%2Flegislacao-compilada%2Fportaria-da-presidencia%2Fportaria-da-presidencia-202000076.htm&amp;sa=D&amp;sntz=1&amp;usg=AOvVaw0JZwrbEXFUThbv8MSJKG0s\" target=\"_blank\" rel=\"noopener\">n<\/a><\/span><span class=\" aw5Odc\"><a class=\"XqQF9c\" href=\"https:\/\/www.google.com\/url?q=https%3A%2F%2Fapps.tre-go.jus.br%2Finternet%2Flegislacao-compilada%2Fportaria-da-presidencia%2Fportaria-da-presidencia-202000076.htm&amp;sa=D&amp;sntz=1&amp;usg=AOvVaw0JZwrbEXFUThbv8MSJKG0s\" target=\"_blank\" rel=\"noopener\">\u00b0 <\/a><\/span><span class=\" aw5Odc\"><a class=\"XqQF9c\" href=\"https:\/\/www.google.com\/url?q=https%3A%2F%2Fapps.tre-go.jus.br%2Finternet%2Flegislacao-compilada%2Fportaria-da-presidencia%2Fportaria-da-presidencia-202000076.htm&amp;sa=D&amp;sntz=1&amp;usg=AOvVaw0JZwrbEXFUThbv8MSJKG0s\" target=\"_blank\" rel=\"noopener\">76, de 20 de mar\u00e7o de 2020<\/a><\/span> &#8211; Estabelece medidas complementares \u00e0s adotadas na Portaria Conjunta PRES\/VPCRE n\u00ba 01\/2020, de 16 de mar\u00e7o de 2020, e na Portaria PRES n\u00ba 74\/2020, de 17 de mar\u00e7o de 2020.<\/p><\/li><li class=\"TYR86d wXCUfe zfr3Q\" dir=\"ltr\"><p class=\"CDt4Ke zfr3Q\" dir=\"ltr\"><span class=\" aw5Odc\"><a class=\"XqQF9c\" href=\"https:\/\/www.google.com\/url?q=https%3A%2F%2Fapps.tre-go.jus.br%2Finternet%2Flegislacao-compilada%2Fportaria-da-presidencia%2Fportaria-da-presidencia-202000088.htm&amp;sa=D&amp;sntz=1&amp;usg=AOvVaw3wnt9OW8oo85uQyNYzugGF\" target=\"_blank\" rel=\"noopener\">Portaria <\/a><a class=\"XqQF9c\" href=\"https:\/\/www.google.com\/url?q=https%3A%2F%2Fapps.tre-go.jus.br%2Finternet%2Flegislacao-compilada%2Fportaria-da-presidencia%2Fportaria-da-presidencia-202000074.htm&amp;sa=D&amp;sntz=1&amp;usg=AOvVaw2BSBJezT1pEcCuhcAc_bnt\" target=\"_blank\" rel=\"noopener\">PRES <\/a><a class=\"XqQF9c\" href=\"https:\/\/www.google.com\/url?q=https%3A%2F%2Fapps.tre-go.jus.br%2Finternet%2Flegislacao-compilada%2Fportaria-da-presidencia%2Fportaria-da-presidencia-202000088.htm&amp;sa=D&amp;sntz=1&amp;usg=AOvVaw3wnt9OW8oo85uQyNYzugGF\" target=\"_blank\" rel=\"noopener\">n<\/a><\/span><span class=\" aw5Odc\"><a class=\"XqQF9c\" href=\"https:\/\/www.google.com\/url?q=https%3A%2F%2Fapps.tre-go.jus.br%2Finternet%2Flegislacao-compilada%2Fportaria-da-presidencia%2Fportaria-da-presidencia-202000088.htm&amp;sa=D&amp;sntz=1&amp;usg=AOvVaw3wnt9OW8oo85uQyNYzugGF\" target=\"_blank\" rel=\"noopener\">\u00b0<\/a><\/span><span class=\" aw5Odc\"><a class=\"XqQF9c\" href=\"https:\/\/www.google.com\/url?q=https%3A%2F%2Fapps.tre-go.jus.br%2Finternet%2Flegislacao-compilada%2Fportaria-da-presidencia%2Fportaria-da-presidencia-202000088.htm&amp;sa=D&amp;sntz=1&amp;usg=AOvVaw3wnt9OW8oo85uQyNYzugGF\" target=\"_blank\" rel=\"noopener\"> 88, de 3 de abril de 2020<\/a><\/span> &#8211; Estabelece medidas para os servidores em trabalho remoto ou afastados, regularizando a frequ\u00eancia mediante registro da natureza do servi\u00e7o prestado ou do afastamento no sistema pr\u00f3prio.<\/p><\/li><li class=\"TYR86d wXCUfe zfr3Q\" dir=\"ltr\"><p class=\"CDt4Ke zfr3Q\" dir=\"ltr\"><span class=\" aw5Odc\"><a class=\"XqQF9c\" href=\"https:\/\/www.google.com\/url?q=https%3A%2F%2Fapps.tre-go.jus.br%2Finternet%2Flegislacao-compilada%2Fportaria-da-presidencia%2Fportaria-da-presidencia-202000090.htm&amp;sa=D&amp;sntz=1&amp;usg=AOvVaw33WzhvrLnGOlmA7GIPsO3I\" target=\"_blank\" rel=\"noopener\">Portaria <\/a><a class=\"XqQF9c\" href=\"https:\/\/www.google.com\/url?q=https%3A%2F%2Fapps.tre-go.jus.br%2Finternet%2Flegislacao-compilada%2Fportaria-da-presidencia%2Fportaria-da-presidencia-202000074.htm&amp;sa=D&amp;sntz=1&amp;usg=AOvVaw2BSBJezT1pEcCuhcAc_bnt\" target=\"_blank\" rel=\"noopener\">PRES <\/a><a class=\"XqQF9c\" href=\"https:\/\/www.google.com\/url?q=https%3A%2F%2Fapps.tre-go.jus.br%2Finternet%2Flegislacao-compilada%2Fportaria-da-presidencia%2Fportaria-da-presidencia-202000090.htm&amp;sa=D&amp;sntz=1&amp;usg=AOvVaw33WzhvrLnGOlmA7GIPsO3I\" target=\"_blank\" rel=\"noopener\">n<\/a><\/span><span class=\" aw5Odc\"><a class=\"XqQF9c\" href=\"https:\/\/www.google.com\/url?q=https%3A%2F%2Fapps.tre-go.jus.br%2Finternet%2Flegislacao-compilada%2Fportaria-da-presidencia%2Fportaria-da-presidencia-202000090.htm&amp;sa=D&amp;sntz=1&amp;usg=AOvVaw33WzhvrLnGOlmA7GIPsO3I\" target=\"_blank\" rel=\"noopener\">\u00b0<\/a><\/span><span class=\" aw5Odc\"><a class=\"XqQF9c\" href=\"https:\/\/www.google.com\/url?q=https%3A%2F%2Fapps.tre-go.jus.br%2Finternet%2Flegislacao-compilada%2Fportaria-da-presidencia%2Fportaria-da-presidencia-202000090.htm&amp;sa=D&amp;sntz=1&amp;usg=AOvVaw33WzhvrLnGOlmA7GIPsO3I\" target=\"_blank\" rel=\"noopener\"> 90, de 7 de abril de 2020<\/a><\/span> &#8211; Designa o juiz membro Dr. Vicente Lopes da Rocha J\u00fanior e o Secret\u00e1rio Judici\u00e1rio, Leonardo Sapi\u00eancia, para acompanharem as a\u00e7\u00f5es decorrentes do novo coronav\u00edrus no \u00e2mbito deste Tribunal.<\/p><\/li><li class=\"TYR86d wXCUfe zfr3Q\" dir=\"ltr\"><p class=\"CDt4Ke zfr3Q\" dir=\"ltr\"><span class=\" aw5Odc\"><a class=\"XqQF9c\" href=\"https:\/\/www.google.com\/url?q=https%3A%2F%2Fapps.tre-go.jus.br%2Finternet%2Flegislacao-compilada%2Fportaria-da-presidencia%2Fportaria-da-presidencia-202000102.htm&amp;sa=D&amp;sntz=1&amp;usg=AOvVaw28yK0MSrsJmLXiy9lJKAbA\" target=\"_blank\" rel=\"noopener\">Portaria <\/a><a class=\"XqQF9c\" href=\"https:\/\/www.google.com\/url?q=https%3A%2F%2Fapps.tre-go.jus.br%2Finternet%2Flegislacao-compilada%2Fportaria-da-presidencia%2Fportaria-da-presidencia-202000074.htm&amp;sa=D&amp;sntz=1&amp;usg=AOvVaw2BSBJezT1pEcCuhcAc_bnt\" target=\"_blank\" rel=\"noopener\">PRES <\/a><a class=\"XqQF9c\" href=\"https:\/\/www.google.com\/url?q=https%3A%2F%2Fapps.tre-go.jus.br%2Finternet%2Flegislacao-compilada%2Fportaria-da-presidencia%2Fportaria-da-presidencia-202000102.htm&amp;sa=D&amp;sntz=1&amp;usg=AOvVaw28yK0MSrsJmLXiy9lJKAbA\" target=\"_blank\" rel=\"noopener\">n<\/a><\/span><span class=\" aw5Odc\"><a class=\"XqQF9c\" href=\"https:\/\/www.google.com\/url?q=https%3A%2F%2Fapps.tre-go.jus.br%2Finternet%2Flegislacao-compilada%2Fportaria-da-presidencia%2Fportaria-da-presidencia-202000102.htm&amp;sa=D&amp;sntz=1&amp;usg=AOvVaw28yK0MSrsJmLXiy9lJKAbA\" target=\"_blank\" rel=\"noopener\">\u00b0<\/a><\/span><span class=\" aw5Odc\"><a class=\"XqQF9c\" href=\"https:\/\/www.google.com\/url?q=https%3A%2F%2Fapps.tre-go.jus.br%2Finternet%2Flegislacao-compilada%2Fportaria-da-presidencia%2Fportaria-da-presidencia-202000102.htm&amp;sa=D&amp;sntz=1&amp;usg=AOvVaw28yK0MSrsJmLXiy9lJKAbA\" target=\"_blank\" rel=\"noopener\"> 102, de 28 de abril de 2020<\/a><\/span> &#8211; Prorroga por prazo indeterminado a vig\u00eancia do regime de trabalho diferenciado estabelecido nas Portarias que tratam do assunto, bem como as provid\u00eancias adotadas.<\/p><\/li><li class=\"TYR86d wXCUfe zfr3Q\" dir=\"ltr\"><p class=\"CDt4Ke zfr3Q\" dir=\"ltr\"><span class=\" aw5Odc\"><a class=\"XqQF9c\" href=\"https:\/\/www.google.com\/url?q=https%3A%2F%2Fapps.tre-go.jus.br%2Finternet%2Flegislacao-compilada%2Fportaria-da-presidencia%2Fportaria-da-presidencia-202000148.htm&amp;sa=D&amp;sntz=1&amp;usg=AOvVaw2aCaZTc8QtReNP6mFcHSqC\" target=\"_blank\" rel=\"noopener\">Portaria <\/a><a class=\"XqQF9c\" href=\"https:\/\/www.google.com\/url?q=https%3A%2F%2Fapps.tre-go.jus.br%2Finternet%2Flegislacao-compilada%2Fportaria-da-presidencia%2Fportaria-da-presidencia-202000074.htm&amp;sa=D&amp;sntz=1&amp;usg=AOvVaw2BSBJezT1pEcCuhcAc_bnt\" target=\"_blank\" rel=\"noopener\">PRES <\/a><a class=\"XqQF9c\" href=\"https:\/\/www.google.com\/url?q=https%3A%2F%2Fapps.tre-go.jus.br%2Finternet%2Flegislacao-compilada%2Fportaria-da-presidencia%2Fportaria-da-presidencia-202000148.htm&amp;sa=D&amp;sntz=1&amp;usg=AOvVaw2aCaZTc8QtReNP6mFcHSqC\" target=\"_blank\" rel=\"noopener\">n<\/a><\/span><span class=\" aw5Odc\"><a class=\"XqQF9c\" href=\"https:\/\/www.google.com\/url?q=https%3A%2F%2Fapps.tre-go.jus.br%2Finternet%2Flegislacao-compilada%2Fportaria-da-presidencia%2Fportaria-da-presidencia-202000148.htm&amp;sa=D&amp;sntz=1&amp;usg=AOvVaw2aCaZTc8QtReNP6mFcHSqC\" target=\"_blank\" rel=\"noopener\">\u00b0<\/a><\/span><span class=\" aw5Odc\"><a class=\"XqQF9c\" href=\"https:\/\/www.google.com\/url?q=https%3A%2F%2Fapps.tre-go.jus.br%2Finternet%2Flegislacao-compilada%2Fportaria-da-presidencia%2Fportaria-da-presidencia-202000148.htm&amp;sa=D&amp;sntz=1&amp;usg=AOvVaw2aCaZTc8QtReNP6mFcHSqC\" target=\"_blank\" rel=\"noopener\"> 148, de 10 de junho de 2020<\/a><\/span> &#8211; Disp\u00f5e sobre o plano de retorno gradativo dos estagi\u00e1rios da Justi\u00e7a Eleitoral de Goi\u00e1s.<\/p><\/li><li class=\"TYR86d wXCUfe zfr3Q\" dir=\"ltr\"><p class=\"CDt4Ke zfr3Q\" dir=\"ltr\"><span class=\" aw5Odc\"><a class=\"XqQF9c\" href=\"https:\/\/www.google.com\/url?q=https%3A%2F%2Fapps.tre-go.jus.br%2Finternet%2Flegislacao-compilada%2Fportaria-da-presidencia%2Fportaria-da-presidencia-202000168.htm&amp;sa=D&amp;sntz=1&amp;usg=AOvVaw3s_BVIpZ5wVzckjKmIw887\" target=\"_blank\" rel=\"noopener\">Portaria <\/a><a class=\"XqQF9c\" href=\"https:\/\/www.google.com\/url?q=https%3A%2F%2Fapps.tre-go.jus.br%2Finternet%2Flegislacao-compilada%2Fportaria-da-presidencia%2Fportaria-da-presidencia-202000074.htm&amp;sa=D&amp;sntz=1&amp;usg=AOvVaw2BSBJezT1pEcCuhcAc_bnt\" target=\"_blank\" rel=\"noopener\">PRES <\/a><a class=\"XqQF9c\" href=\"https:\/\/www.google.com\/url?q=https%3A%2F%2Fapps.tre-go.jus.br%2Finternet%2Flegislacao-compilada%2Fportaria-da-presidencia%2Fportaria-da-presidencia-202000168.htm&amp;sa=D&amp;sntz=1&amp;usg=AOvVaw3s_BVIpZ5wVzckjKmIw887\" target=\"_blank\" rel=\"noopener\">n<\/a><\/span><span class=\" aw5Odc\"><a class=\"XqQF9c\" href=\"https:\/\/www.google.com\/url?q=https%3A%2F%2Fapps.tre-go.jus.br%2Finternet%2Flegislacao-compilada%2Fportaria-da-presidencia%2Fportaria-da-presidencia-202000168.htm&amp;sa=D&amp;sntz=1&amp;usg=AOvVaw3s_BVIpZ5wVzckjKmIw887\" target=\"_blank\" rel=\"noopener\">\u00b0 <\/a><\/span><span class=\" aw5Odc\"><a class=\"XqQF9c\" href=\"https:\/\/www.google.com\/url?q=https%3A%2F%2Fapps.tre-go.jus.br%2Finternet%2Flegislacao-compilada%2Fportaria-da-presidencia%2Fportaria-da-presidencia-202000168.htm&amp;sa=D&amp;sntz=1&amp;usg=AOvVaw3s_BVIpZ5wVzckjKmIw887\" target=\"_blank\" rel=\"noopener\">168, de 2 de julho de 2020<\/a><\/span> &#8211; Institui no \u00e2mbito do Tribunal Regional Eleitoral de Goi\u00e1s o Comit\u00ea de Gerenciamento de Crise COVID 19.<\/p><\/li><li class=\"TYR86d wXCUfe zfr3Q\" dir=\"ltr\"><p class=\"CDt4Ke zfr3Q\" dir=\"ltr\"><span class=\" aw5Odc\"><a class=\"XqQF9c\" href=\"https:\/\/www.google.com\/url?q=https%3A%2F%2Fapps.tre-go.jus.br%2Finternet%2Flegislacao-compilada%2Fportaria-da-presidencia%2Fportaria-da-presidencia-202000307.htm&amp;sa=D&amp;sntz=1&amp;usg=AOvVaw30AzshLq_6JSdKVB0MaNxt\" target=\"_blank\" rel=\"noopener\">Portaria <\/a><a class=\"XqQF9c\" href=\"https:\/\/www.google.com\/url?q=https%3A%2F%2Fapps.tre-go.jus.br%2Finternet%2Flegislacao-compilada%2Fportaria-da-presidencia%2Fportaria-da-presidencia-202000074.htm&amp;sa=D&amp;sntz=1&amp;usg=AOvVaw2BSBJezT1pEcCuhcAc_bnt\" target=\"_blank\" rel=\"noopener\">PRES <\/a><a class=\"XqQF9c\" href=\"https:\/\/www.google.com\/url?q=https%3A%2F%2Fapps.tre-go.jus.br%2Finternet%2Flegislacao-compilada%2Fportaria-da-presidencia%2Fportaria-da-presidencia-202000307.htm&amp;sa=D&amp;sntz=1&amp;usg=AOvVaw30AzshLq_6JSdKVB0MaNxt\" target=\"_blank\" rel=\"noopener\">n<\/a><\/span><span class=\" aw5Odc\"><a class=\"XqQF9c\" href=\"https:\/\/www.google.com\/url?q=https%3A%2F%2Fapps.tre-go.jus.br%2Finternet%2Flegislacao-compilada%2Fportaria-da-presidencia%2Fportaria-da-presidencia-202000307.htm&amp;sa=D&amp;sntz=1&amp;usg=AOvVaw30AzshLq_6JSdKVB0MaNxt\" target=\"_blank\" rel=\"noopener\">\u00b0<\/a><\/span><span class=\" aw5Odc\"><a class=\"XqQF9c\" href=\"https:\/\/www.google.com\/url?q=https%3A%2F%2Fapps.tre-go.jus.br%2Finternet%2Flegislacao-compilada%2Fportaria-da-presidencia%2Fportaria-da-presidencia-202000307.htm&amp;sa=D&amp;sntz=1&amp;usg=AOvVaw30AzshLq_6JSdKVB0MaNxt\" target=\"_blank\" rel=\"noopener\"> 307, de 14 de dezembro de 2020<\/a><\/span> &#8211; Disp\u00f5e sobre o plant\u00e3o nas Unidades da Justi\u00e7a Eleitoral de Goi\u00e1s durante o recesso forense de 2020\/2021.<\/p><\/li><li class=\"TYR86d wXCUfe zfr3Q\" dir=\"ltr\"><p class=\"CDt4Ke zfr3Q\" dir=\"ltr\"><span class=\" aw5Odc\"><a class=\"XqQF9c\" href=\"https:\/\/www.google.com\/url?q=https%3A%2F%2Fapps.tre-go.jus.br%2Finternet%2Flegislacao-compilada%2Fportaria-da-presidencia%2Fportaria-da-presidencia-202100057.htm&amp;sa=D&amp;sntz=1&amp;usg=AOvVaw01HLkhL4D-R9PeUtWrWp-G\" target=\"_blank\" rel=\"noopener\">Portaria <\/a><a class=\"XqQF9c\" href=\"https:\/\/www.google.com\/url?q=https%3A%2F%2Fapps.tre-go.jus.br%2Finternet%2Flegislacao-compilada%2Fportaria-da-presidencia%2Fportaria-da-presidencia-202000074.htm&amp;sa=D&amp;sntz=1&amp;usg=AOvVaw2BSBJezT1pEcCuhcAc_bnt\" target=\"_blank\" rel=\"noopener\">PRES <\/a><a class=\"XqQF9c\" href=\"https:\/\/www.google.com\/url?q=https%3A%2F%2Fapps.tre-go.jus.br%2Finternet%2Flegislacao-compilada%2Fportaria-da-presidencia%2Fportaria-da-presidencia-202100057.htm&amp;sa=D&amp;sntz=1&amp;usg=AOvVaw01HLkhL4D-R9PeUtWrWp-G\" target=\"_blank\" rel=\"noopener\">n<\/a><\/span><span class=\" aw5Odc\"><a class=\"XqQF9c\" href=\"https:\/\/www.google.com\/url?q=https%3A%2F%2Fapps.tre-go.jus.br%2Finternet%2Flegislacao-compilada%2Fportaria-da-presidencia%2Fportaria-da-presidencia-202100057.htm&amp;sa=D&amp;sntz=1&amp;usg=AOvVaw01HLkhL4D-R9PeUtWrWp-G\" target=\"_blank\" rel=\"noopener\">\u00b0<\/a><\/span><span class=\" aw5Odc\"><a class=\"XqQF9c\" href=\"https:\/\/www.google.com\/url?q=https%3A%2F%2Fapps.tre-go.jus.br%2Finternet%2Flegislacao-compilada%2Fportaria-da-presidencia%2Fportaria-da-presidencia-202100057.htm&amp;sa=D&amp;sntz=1&amp;usg=AOvVaw01HLkhL4D-R9PeUtWrWp-G\" target=\"_blank\" rel=\"noopener\"> 57, de 24 de fevereiro de 2021<\/a><\/span> &#8211; Disp\u00f5e sobre a observ\u00e2ncia, pelos cart\u00f3rios eleitorais de Goi\u00e1s, da Nota T\u00e9cnica n\u00b0 1\/2021 &#8211; GAB-03076 da Secretaria de Estado da Sa\u00fade de Goi\u00e1s.<\/p><\/li><li class=\"TYR86d wXCUfe zfr3Q\" dir=\"ltr\"><p class=\"CDt4Ke zfr3Q\" dir=\"ltr\"><span class=\" aw5Odc\"><a class=\"XqQF9c\" href=\"https:\/\/www.google.com\/url?q=https%3A%2F%2Fapps.tre-go.jus.br%2Finternet%2Flegislacao-compilada%2Fportaria-da-presidencia%2Fportaria-da-presidencia-202100061.htm&amp;sa=D&amp;sntz=1&amp;usg=AOvVaw0XFDiojsJ8W2eDvBRooYuS\" target=\"_blank\" rel=\"noopener\">Portaria <\/a><a class=\"XqQF9c\" href=\"https:\/\/www.google.com\/url?q=https%3A%2F%2Fapps.tre-go.jus.br%2Finternet%2Flegislacao-compilada%2Fportaria-da-presidencia%2Fportaria-da-presidencia-202000074.htm&amp;sa=D&amp;sntz=1&amp;usg=AOvVaw2BSBJezT1pEcCuhcAc_bnt\" target=\"_blank\" rel=\"noopener\">PRES <\/a><a class=\"XqQF9c\" href=\"https:\/\/www.google.com\/url?q=https%3A%2F%2Fapps.tre-go.jus.br%2Finternet%2Flegislacao-compilada%2Fportaria-da-presidencia%2Fportaria-da-presidencia-202100061.htm&amp;sa=D&amp;sntz=1&amp;usg=AOvVaw0XFDiojsJ8W2eDvBRooYuS\" target=\"_blank\" rel=\"noopener\">n<\/a><\/span><span class=\" aw5Odc\"><a class=\"XqQF9c\" href=\"https:\/\/www.google.com\/url?q=https%3A%2F%2Fapps.tre-go.jus.br%2Finternet%2Flegislacao-compilada%2Fportaria-da-presidencia%2Fportaria-da-presidencia-202100061.htm&amp;sa=D&amp;sntz=1&amp;usg=AOvVaw0XFDiojsJ8W2eDvBRooYuS\" target=\"_blank\" rel=\"noopener\">\u00b0<\/a><\/span><span class=\" aw5Odc\"><a class=\"XqQF9c\" href=\"https:\/\/www.google.com\/url?q=https%3A%2F%2Fapps.tre-go.jus.br%2Finternet%2Flegislacao-compilada%2Fportaria-da-presidencia%2Fportaria-da-presidencia-202100061.htm&amp;sa=D&amp;sntz=1&amp;usg=AOvVaw0XFDiojsJ8W2eDvBRooYuS\" target=\"_blank\" rel=\"noopener\"> 61, de 1\u00ba de mar\u00e7o de 2021<\/a><\/span> &#8211; Disp\u00f5e sobre a extens\u00e3o dos efeitos da Portaria PRES n\u00b0 57\/2021 a todas as Unidades da Justi\u00e7a Eleitoral em Goi\u00e1s, tamb\u00e9m nas hip\u00f3teses de decreta\u00e7\u00e3o de Fechamento pelo Poder Executivo local, e d\u00e1 outras provid\u00eancias.<\/p><\/li><li dir=\"ltr\"><a href=\"https:\/\/apps.tre-go.jus.br\/internet\/legislacao-compilada\/portaria-da-presidencia\/portaria-da-presidencia-202100202.htm\">Portaria PRES n\u00b0 202, de 24 de agosto de 2021 <\/a>&#8211; Altera o Plano de Retorno ao Trabalho Presencial &#8211; PRTP anexo \u00e0 Resolu\u00e7\u00e3o TRE-GO n\u00b0 334, de 27 de agosto de 2020, e implementar nova etapa de retorno ao trabalho presencial, nos termos desta portaria e do seu anexo.<\/li><li dir=\"ltr\"><a href=\"https:\/\/apps.tre-go.jus.br\/internet\/legislacao-compilada\/portaria-da-presidencia\/portaria-da-presidencia-202100089.htm\">Portaria PRES n\u00b0 89, de 29 de mar\u00e7o de 2021<\/a> &#8211; <br \/>Altera os prazos estimados de retorno ao trabalho presencial dos grupos 4 e 5, previstos na tabela constante do item 2.2., I, do Plano de Retorno ao Trabalho Presencial, anexo a Resolu\u00e7\u00e3o TRE-GO n\u00b0 334, de 27 de agosto de 2020.<\/li><li dir=\"ltr\"><a href=\"https:\/\/apps.tre-go.jus.br\/internet\/legislacao-compilada\/portaria-da-presidencia\/portaria-da-presidencia-202200141.htm\">Portaria PRES n\u00b0 141, de 22 de junho de 2022<\/a> &#8211; Estabelece novo protocolo de seguran\u00e7a sanit\u00e1ria para preven\u00e7\u00e3o contra contamina\u00e7\u00e3o por COVID-19, a ser adotado nas depend\u00eancias da Justi\u00e7a Eleitoral de Goi\u00e1s.<\/li><li dir=\"ltr\"><a href=\"https:\/\/apps.tre-go.jus.br\/internet\/legislacao-compilada\/portaria-da-presidencia\/portaria-da-presidencia-202200235.htm\">Portaria PRES n\u00b0 235, de 20 de junho de 2022<\/a> &#8211; Estabelece novo protocolo de seguran\u00e7a sanit\u00e1ria para preven\u00e7\u00e3o contra contamina\u00e7\u00e3o por COVID-19, a ser adotado nas depend\u00eancias da Justi\u00e7a Eleitoral de Goi\u00e1s.<\/li><li class=\"TYR86d wXCUfe zfr3Q\" dir=\"ltr\"><p class=\"CDt4Ke zfr3Q\" dir=\"ltr\"><span class=\" aw5Odc\"><a class=\"XqQF9c\" href=\"https:\/\/www.google.com\/url?q=https%3A%2F%2Fapps.tre-go.jus.br%2Finternet%2Flegislacao-compilada%2Fprovimento-da-corregedoria-regional-eleitoral%2Fprovimento-da-corregedoria-regional-eleitoral-202000003.htm&amp;sa=D&amp;sntz=1&amp;usg=AOvVaw3XM558TskW6PoOZSPsyNr8\" target=\"_blank\" rel=\"noopener\">Provimento VPCRE n<\/a><\/span><span class=\" aw5Odc\"><a class=\"XqQF9c\" href=\"https:\/\/www.google.com\/url?q=https%3A%2F%2Fapps.tre-go.jus.br%2Finternet%2Flegislacao-compilada%2Fprovimento-da-corregedoria-regional-eleitoral%2Fprovimento-da-corregedoria-regional-eleitoral-202000003.htm&amp;sa=D&amp;sntz=1&amp;usg=AOvVaw3XM558TskW6PoOZSPsyNr8\" target=\"_blank\" rel=\"noopener\">\u00b0<\/a><\/span><span class=\" aw5Odc\"><a class=\"XqQF9c\" href=\"https:\/\/www.google.com\/url?q=https%3A%2F%2Fapps.tre-go.jus.br%2Finternet%2Flegislacao-compilada%2Fprovimento-da-corregedoria-regional-eleitoral%2Fprovimento-da-corregedoria-regional-eleitoral-202000003.htm&amp;sa=D&amp;sntz=1&amp;usg=AOvVaw3XM558TskW6PoOZSPsyNr8\" target=\"_blank\" rel=\"noopener\"> 3, de 17 de mar\u00e7o de 2020<\/a><\/span> &#8211; Altera o cronograma de inspe\u00e7\u00f5es eleitorais para o ano de 2020.<\/p><\/li><li class=\"TYR86d wXCUfe zfr3Q\" dir=\"ltr\"><p class=\"CDt4Ke zfr3Q\" dir=\"ltr\"><span class=\" aw5Odc\"><a class=\"XqQF9c\" href=\"https:\/\/www.google.com\/url?q=https%3A%2F%2Fapps.tre-go.jus.br%2Finternet%2Flegislacao-compilada%2Fprovimento-da-corregedoria-regional-eleitoral%2Fprovimento-da-corregedoria-regional-eleitoral-202000006.htm&amp;sa=D&amp;sntz=1&amp;usg=AOvVaw18ST01KkVZohJ9m4C-hHJr\" target=\"_blank\" rel=\"noopener\">Provimento VPCRE n<\/a><\/span><span class=\" aw5Odc\"><a class=\"XqQF9c\" href=\"https:\/\/www.google.com\/url?q=https%3A%2F%2Fapps.tre-go.jus.br%2Finternet%2Flegislacao-compilada%2Fprovimento-da-corregedoria-regional-eleitoral%2Fprovimento-da-corregedoria-regional-eleitoral-202000006.htm&amp;sa=D&amp;sntz=1&amp;usg=AOvVaw18ST01KkVZohJ9m4C-hHJr\" target=\"_blank\" rel=\"noopener\">\u00b0<\/a><\/span><span class=\" aw5Odc\"><a class=\"XqQF9c\" href=\"https:\/\/www.google.com\/url?q=https%3A%2F%2Fapps.tre-go.jus.br%2Finternet%2Flegislacao-compilada%2Fprovimento-da-corregedoria-regional-eleitoral%2Fprovimento-da-corregedoria-regional-eleitoral-202000006.htm&amp;sa=D&amp;sntz=1&amp;usg=AOvVaw18ST01KkVZohJ9m4C-hHJr\" target=\"_blank\" rel=\"noopener\"> 6<\/a><\/span><span class=\" aw5Odc\"><a class=\"XqQF9c\" href=\"https:\/\/www.google.com\/url?q=https%3A%2F%2Fapps.tre-go.jus.br%2Finternet%2Flegislacao-compilada%2Fprovimento-da-corregedoria-regional-eleitoral%2Fprovimento-da-corregedoria-regional-eleitoral-202000006.htm&amp;sa=D&amp;sntz=1&amp;usg=AOvVaw18ST01KkVZohJ9m4C-hHJr\" target=\"_blank\" rel=\"noopener\">, de 7 de agosto de 2020<\/a><\/span> &#8211; Disp\u00f5e sobre as rotinas para o exerc\u00edcio do poder de pol\u00edcia pelos Ju\u00edzes Eleitorais nas Elei\u00e7\u00f5es Municipais de 2020.<\/p><\/li><li class=\"TYR86d wXCUfe zfr3Q\" dir=\"ltr\"><p class=\"CDt4Ke zfr3Q\" dir=\"ltr\"><span class=\" aw5Odc\"><a class=\"XqQF9c\" href=\"https:\/\/www.google.com\/url?q=https%3A%2F%2Fapps.tre-go.jus.br%2Finternet%2Flegislacao-compilada%2Fprovimento-da-corregedoria-regional-eleitoral%2Fprovimento-da-corregedoria-regional-eleitoral-202000007.htm&amp;sa=D&amp;sntz=1&amp;usg=AOvVaw1tm5ARN_utQ5rpRvuW0tIM\" target=\"_blank\" rel=\"noopener\">Provimento VPCRE n<\/a><\/span><span class=\" aw5Odc\"><a class=\"XqQF9c\" href=\"https:\/\/www.google.com\/url?q=https%3A%2F%2Fapps.tre-go.jus.br%2Finternet%2Flegislacao-compilada%2Fprovimento-da-corregedoria-regional-eleitoral%2Fprovimento-da-corregedoria-regional-eleitoral-202000007.htm&amp;sa=D&amp;sntz=1&amp;usg=AOvVaw1tm5ARN_utQ5rpRvuW0tIM\" target=\"_blank\" rel=\"noopener\">\u00b0<\/a><\/span><span class=\" aw5Odc\"><a class=\"XqQF9c\" href=\"https:\/\/www.google.com\/url?q=https%3A%2F%2Fapps.tre-go.jus.br%2Finternet%2Flegislacao-compilada%2Fprovimento-da-corregedoria-regional-eleitoral%2Fprovimento-da-corregedoria-regional-eleitoral-202000007.htm&amp;sa=D&amp;sntz=1&amp;usg=AOvVaw1tm5ARN_utQ5rpRvuW0tIM\" target=\"_blank\" rel=\"noopener\"> 7<\/a><\/span><span class=\" aw5Odc\"><a class=\"XqQF9c\" href=\"https:\/\/www.google.com\/url?q=https%3A%2F%2Fapps.tre-go.jus.br%2Finternet%2Flegislacao-compilada%2Fprovimento-da-corregedoria-regional-eleitoral%2Fprovimento-da-corregedoria-regional-eleitoral-202000007.htm&amp;sa=D&amp;sntz=1&amp;usg=AOvVaw1tm5ARN_utQ5rpRvuW0tIM\" target=\"_blank\" rel=\"noopener\">, de 28 de agosto de 2020<\/a><\/span> &#8211; Disp\u00f5e sobre os procedimentos a serem adotados pelas Unidades de Primeira Inst\u00e2ncia da Justi\u00e7a Eleitoral do Estado de Goi\u00e1s no recebimento das solicita\u00e7\u00f5es de Transfer\u00eancia Tempor\u00e1ria de Eleitores, durante o per\u00edodo de suspens\u00e3o do atendimento presencial.<\/p><\/li><li class=\"TYR86d wXCUfe zfr3Q\" dir=\"ltr\"><p class=\"CDt4Ke zfr3Q\" dir=\"ltr\"><span class=\" aw5Odc\"><a class=\"XqQF9c\" href=\"https:\/\/www.google.com\/url?q=https%3A%2F%2Fapps.tre-go.jus.br%2Finternet%2Flegislacao-compilada%2Fprovimento-da-corregedoria-regional-eleitoral%2Fprovimento-da-corregedoria-regional-eleitoral-202100001.htm&amp;sa=D&amp;sntz=1&amp;usg=AOvVaw2Lm2jqRgcUfi7fwbPNVXY6\" target=\"_blank\" rel=\"noopener\">Provimento VPCRE n<\/a><\/span><span class=\" aw5Odc\"><a class=\"XqQF9c\" href=\"https:\/\/www.google.com\/url?q=https%3A%2F%2Fapps.tre-go.jus.br%2Finternet%2Flegislacao-compilada%2Fprovimento-da-corregedoria-regional-eleitoral%2Fprovimento-da-corregedoria-regional-eleitoral-202100001.htm&amp;sa=D&amp;sntz=1&amp;usg=AOvVaw2Lm2jqRgcUfi7fwbPNVXY6\" target=\"_blank\" rel=\"noopener\">\u00b0<\/a><\/span><span class=\" aw5Odc\"><a class=\"XqQF9c\" href=\"https:\/\/www.google.com\/url?q=https%3A%2F%2Fapps.tre-go.jus.br%2Finternet%2Flegislacao-compilada%2Fprovimento-da-corregedoria-regional-eleitoral%2Fprovimento-da-corregedoria-regional-eleitoral-202100001.htm&amp;sa=D&amp;sntz=1&amp;usg=AOvVaw2Lm2jqRgcUfi7fwbPNVXY6\" target=\"_blank\" rel=\"noopener\"> 1<\/a><\/span><span class=\" aw5Odc\"><a class=\"XqQF9c\" href=\"https:\/\/www.google.com\/url?q=https%3A%2F%2Fapps.tre-go.jus.br%2Finternet%2Flegislacao-compilada%2Fprovimento-da-corregedoria-regional-eleitoral%2Fprovimento-da-corregedoria-regional-eleitoral-202100001.htm&amp;sa=D&amp;sntz=1&amp;usg=AOvVaw2Lm2jqRgcUfi7fwbPNVXY6\" target=\"_blank\" rel=\"noopener\">, de 3 de mar\u00e7o de 2021<\/a><\/span> &#8211; Disp\u00f5e sobre a prorroga\u00e7\u00e3o das correi\u00e7\u00f5es ordin\u00e1rias nas zonas eleitorais, no \u00e2mbito do Tribunal Regional Eleitoral de Goi\u00e1s.<\/p><\/li><li class=\"TYR86d wXCUfe zfr3Q\" dir=\"ltr\"><p class=\"CDt4Ke zfr3Q\" dir=\"ltr\"><span class=\" aw5Odc\"><a class=\"XqQF9c\" href=\"https:\/\/www.google.com\/url?q=https%3A%2F%2Fapps.tre-go.jus.br%2Finternet%2Flegislacao-compilada%2Fprovimento-da-corregedoria-regional-eleitoral%2Fprovimento-da-corregedoria-regional-eleitoral-202100002.htm&amp;sa=D&amp;sntz=1&amp;usg=AOvVaw2t1-GN-w_VlvlQDC0IgZ3D\" target=\"_blank\" rel=\"noopener\">ProvimentoVPCRE n<\/a><\/span><span class=\" aw5Odc\"><a class=\"XqQF9c\" href=\"https:\/\/www.google.com\/url?q=https%3A%2F%2Fapps.tre-go.jus.br%2Finternet%2Flegislacao-compilada%2Fprovimento-da-corregedoria-regional-eleitoral%2Fprovimento-da-corregedoria-regional-eleitoral-202100002.htm&amp;sa=D&amp;sntz=1&amp;usg=AOvVaw2t1-GN-w_VlvlQDC0IgZ3D\" target=\"_blank\" rel=\"noopener\">\u00b0<\/a><\/span><span class=\" aw5Odc\"><a class=\"XqQF9c\" href=\"https:\/\/www.google.com\/url?q=https%3A%2F%2Fapps.tre-go.jus.br%2Finternet%2Flegislacao-compilada%2Fprovimento-da-corregedoria-regional-eleitoral%2Fprovimento-da-corregedoria-regional-eleitoral-202100002.htm&amp;sa=D&amp;sntz=1&amp;usg=AOvVaw2t1-GN-w_VlvlQDC0IgZ3D\" target=\"_blank\" rel=\"noopener\"> 2<\/a><\/span><span class=\" aw5Odc\"><a class=\"XqQF9c\" href=\"https:\/\/www.google.com\/url?q=https%3A%2F%2Fapps.tre-go.jus.br%2Finternet%2Flegislacao-compilada%2Fprovimento-da-corregedoria-regional-eleitoral%2Fprovimento-da-corregedoria-regional-eleitoral-202100002.htm&amp;sa=D&amp;sntz=1&amp;usg=AOvVaw2t1-GN-w_VlvlQDC0IgZ3D\" target=\"_blank\" rel=\"noopener\">, de 16 de abril de 2021<\/a><\/span> &#8211; Disp\u00f5e sobre a prorroga\u00e7\u00e3o das correi\u00e7\u00f5es ordin\u00e1rias nas zonas eleitorais, no \u00e2mbito do Tribunal Regional Eleitoral de Goi\u00e1s.<\/p><\/li><li class=\"TYR86d wXCUfe zfr3Q\" dir=\"ltr\"><p class=\"CDt4Ke zfr3Q\" dir=\"ltr\"><span class=\" aw5Odc\"><a class=\"XqQF9c\" href=\"https:\/\/www.google.com\/url?q=https%3A%2F%2Fapps.tre-go.jus.br%2Finternet%2Flegislacao-compilada%2Fatos-conjuntos%2Fportaria-conjunta-202000001.htm&amp;sa=D&amp;sntz=1&amp;usg=AOvVaw2eZThlIt2qJbbKTpl0dLlq\" target=\"_blank\" rel=\"noopener\">Portaria Conjunta n<\/a><\/span><span class=\" aw5Odc\"><a class=\"XqQF9c\" href=\"https:\/\/www.google.com\/url?q=https%3A%2F%2Fapps.tre-go.jus.br%2Finternet%2Flegislacao-compilada%2Fatos-conjuntos%2Fportaria-conjunta-202000001.htm&amp;sa=D&amp;sntz=1&amp;usg=AOvVaw2eZThlIt2qJbbKTpl0dLlq\" target=\"_blank\" rel=\"noopener\">\u00b0 <\/a><\/span><span class=\" aw5Odc\"><a class=\"XqQF9c\" href=\"https:\/\/www.google.com\/url?q=https%3A%2F%2Fapps.tre-go.jus.br%2Finternet%2Flegislacao-compilada%2Fatos-conjuntos%2Fportaria-conjunta-202000001.htm&amp;sa=D&amp;sntz=1&amp;usg=AOvVaw2eZThlIt2qJbbKTpl0dLlq\" target=\"_blank\" rel=\"noopener\">1, de 16 de mar\u00e7o de 2020<\/a><\/span> &#8211; Disp\u00f5e sobre medidas tempor\u00e1rias de preven\u00e7\u00e3o ao cont\u00e1gio pelo novo coronav\u00edrus (2019-nCoV), causador da doen\u00e7a COVID-19, na Justi\u00e7a Eleitoral de Goi\u00e1s.<\/p><\/li><li class=\"TYR86d wXCUfe zfr3Q\" dir=\"ltr\"><p class=\"CDt4Ke zfr3Q\" dir=\"ltr\"><span class=\" aw5Odc\"><a class=\"XqQF9c\" href=\"https:\/\/www.google.com\/url?q=https%3A%2F%2Fapps.tre-go.jus.br%2Finternet%2Flegislacao-compilada%2Fatos-conjuntos%2Fportaria-conjunta-202000002.htm&amp;sa=D&amp;sntz=1&amp;usg=AOvVaw3g5P_q_vABQ1p0Nvn-BBQh\" target=\"_blank\" rel=\"noopener\">Portaria Conjunta n<\/a><\/span><span class=\" aw5Odc\"><a class=\"XqQF9c\" href=\"https:\/\/www.google.com\/url?q=https%3A%2F%2Fapps.tre-go.jus.br%2Finternet%2Flegislacao-compilada%2Fatos-conjuntos%2Fportaria-conjunta-202000002.htm&amp;sa=D&amp;sntz=1&amp;usg=AOvVaw3g5P_q_vABQ1p0Nvn-BBQh\" target=\"_blank\" rel=\"noopener\">\u00b0<\/a><\/span><span class=\" aw5Odc\"><a class=\"XqQF9c\" href=\"https:\/\/www.google.com\/url?q=https%3A%2F%2Fapps.tre-go.jus.br%2Finternet%2Flegislacao-compilada%2Fatos-conjuntos%2Fportaria-conjunta-202000002.htm&amp;sa=D&amp;sntz=1&amp;usg=AOvVaw3g5P_q_vABQ1p0Nvn-BBQh\" target=\"_blank\" rel=\"noopener\"> 2, de 22 de abril de 2020<\/a><\/span> &#8211; Disp\u00f5e sobre o atendimento remoto ao eleitor pelas Unidades da Justi\u00e7a Eleitoral no Estado de Goi\u00e1s.<\/p><\/li><\/ul><\/div><\/div><\/div><\/div><div class=\"oKdM2c ZZyype\"><div id=\"h.3f5ecf45ab67155e_703\" class=\"hJDwNd-AhqUyc-uQSCkd Ft7HRd-AhqUyc-uQSCkd jXK9ad D2fZ2 zu5uec wHaque g5GTcb GNzUNc\"><div class=\"jXK9ad-SmKAyb\"><div class=\"tyJCtd mGzaTb Depvyb baZpAe\"><small id=\"h.in0z678sfsjz\" class=\"CDt4Ke zfr3Q TMjjoe\" dir=\"ltr\">Cr\u00e9dito: Tribunal Regional Eleitoral de Goi\u00e1s<\/small><\/div><\/div><\/div><\/div><\/div><\/div><\/div><\/div><\/div><\/div>\n\t\t\t\t<\/div>\n\t\t\t\t\t\t\t<div class=\"elementor-toggle-item\">\n\t\t\t\t\t<div id=\"elementor-tab-title-4329\" class=\"elementor-tab-title\" data-tab=\"9\" role=\"button\" aria-controls=\"elementor-tab-content-4329\" aria-expanded=\"false\">\n\t\t\t\t\t\t\t\t\t\t\t\t<span class=\"elementor-toggle-icon elementor-toggle-icon-left\" aria-hidden=\"true\">\n\t\t\t\t\t\t\t\t\t\t\t\t\t\t\t<span class=\"elementor-toggle-icon-closed\"><i class=\"fas fa-caret-right\"><\/i><\/span>\n\t\t\t\t\t\t\t\t<span class=\"elementor-toggle-icon-opened\"><i class=\"elementor-toggle-icon-opened fas fa-caret-up\"><\/i><\/span>\n\t\t\t\t\t\t\t\t\t\t\t\t\t<\/span>\n\t\t\t\t\t\t\t\t\t\t\t\t<a class=\"elementor-toggle-title\" tabindex=\"0\">Tribunal Superior Eleitoral<\/a>\n\t\t\t\t\t<\/div>\n\n\t\t\t\t\t<div id=\"elementor-tab-content-4329\" class=\"elementor-tab-content elementor-clearfix\" data-tab=\"9\" role=\"region\" aria-labelledby=\"elementor-tab-title-4329\"><div class=\"mYVXT\"><div class=\"LS81yb VICjCf j5pSsc db35Fc\" tabindex=\"-1\"><div class=\"hJDwNd-AhqUyc-uQSCkd Ft7HRd-AhqUyc-uQSCkd purZT-AhqUyc-II5mzb ZcASvf-AhqUyc-II5mzb pSzOP-AhqUyc-qWD73c Ktthjf-AhqUyc-qWD73c JNdkSc SQVYQc yYI8W HQwdzb\"><div class=\"JNdkSc-SmKAyb LkDMRd\"><div class=\"\"><div class=\"oKdM2c ZZyype Kzv0Me\"><div id=\"h.3f5ecf45ab67155e_689\" class=\"hJDwNd-AhqUyc-uQSCkd Ft7HRd-AhqUyc-uQSCkd jXK9ad D2fZ2 zu5uec OjCsFc dmUFtb GNzUNc\"><div class=\"jXK9ad-SmKAyb\"><div class=\"tyJCtd mGzaTb Depvyb baZpAe\"><ul class=\"n8H08c UVNKR\"><li class=\"TYR86d wXCUfe zfr3Q\" dir=\"ltr\"><p class=\"CDt4Ke zfr3Q\" dir=\"ltr\"><span class=\" aw5Odc\"><a class=\"XqQF9c\" href=\"https:\/\/www.google.com\/url?q=https%3A%2F%2Fwww.tse.jus.br%2Flegislacao%2Fcompilada%2Fres%2F2020%2Fresolucao-no-23-616-de-19-de-marco-de-2020&amp;sa=D&amp;sntz=1&amp;usg=AOvVaw3fFyj6OW2rGyW8QiaXChPw\" target=\"_blank\" rel=\"noopener\">Resolu\u00e7\u00e3o n<\/a><\/span><span class=\" aw5Odc\"><a class=\"XqQF9c\" href=\"https:\/\/www.google.com\/url?q=https%3A%2F%2Fwww.tse.jus.br%2Flegislacao%2Fcompilada%2Fres%2F2020%2Fresolucao-no-23-616-de-19-de-marco-de-2020&amp;sa=D&amp;sntz=1&amp;usg=AOvVaw3fFyj6OW2rGyW8QiaXChPw\" target=\"_blank\" rel=\"noopener\">\u00b0<\/a><\/span><span class=\" aw5Odc\"><a class=\"XqQF9c\" href=\"https:\/\/www.google.com\/url?q=https%3A%2F%2Fwww.tse.jus.br%2Flegislacao%2Fcompilada%2Fres%2F2020%2Fresolucao-no-23-616-de-19-de-marco-de-2020&amp;sa=D&amp;sntz=1&amp;usg=AOvVaw3fFyj6OW2rGyW8QiaXChPw\" target=\"_blank\" rel=\"noopener\"> 23.614, de 19 de mar\u00e7o de 2020<\/a><\/span> &#8211; Altera a Resolu\u00e7\u00e3o-TSE 23.598, de 5 de novembro de 2019, que institui as sess\u00f5es de julgamento por meio eletr\u00f4nico no \u00e2mbito do Tribunal Superior Eleitoral e disciplina o seu procedimento, considerando a transitoriedade e excepcionalidade da situa\u00e7\u00e3o de pandemia que caracteriza o Novo Coronav\u00edrus (COVID-19).<\/p><\/li><li class=\"TYR86d wXCUfe zfr3Q\" dir=\"ltr\"><p class=\"CDt4Ke zfr3Q\" dir=\"ltr\"><span class=\" aw5Odc\"><a class=\"XqQF9c\" href=\"https:\/\/www.google.com\/url?q=https%3A%2F%2Fwww.tse.jus.br%2Flegislacao%2Fcompilada%2Fres%2F2020%2Fresolucao-no-23-6152-de-19-de-marco-de-2020&amp;sa=D&amp;sntz=1&amp;usg=AOvVaw2DRT-29CAmHXCfQV8sHy6a\" target=\"_blank\" rel=\"noopener\">Resolu\u00e7\u00e3o n<\/a><\/span><span class=\" aw5Odc\"><a class=\"XqQF9c\" href=\"https:\/\/www.google.com\/url?q=https%3A%2F%2Fwww.tse.jus.br%2Flegislacao%2Fcompilada%2Fres%2F2020%2Fresolucao-no-23-6152-de-19-de-marco-de-2020&amp;sa=D&amp;sntz=1&amp;usg=AOvVaw2DRT-29CAmHXCfQV8sHy6a\" target=\"_blank\" rel=\"noopener\">\u00b0<\/a><\/span><span class=\" aw5Odc\"><a class=\"XqQF9c\" href=\"https:\/\/www.google.com\/url?q=https%3A%2F%2Fwww.tse.jus.br%2Flegislacao%2Fcompilada%2Fres%2F2020%2Fresolucao-no-23-6152-de-19-de-marco-de-2020&amp;sa=D&amp;sntz=1&amp;usg=AOvVaw2DRT-29CAmHXCfQV8sHy6a\" target=\"_blank\" rel=\"noopener\"> 23.615, de 19 de mar\u00e7o de 2020<\/a><\/span> &#8211; Estabelece, no \u00e2mbito da Justi\u00e7a Eleitoral, regime de Plant\u00e3o Extraordin\u00e1rio, para uniformizar o funcionamento dos servi\u00e7os judici\u00e1rios, com o objetivo de prevenir o cont\u00e1gio pelo Novo Coronav\u00edrus (COVID 19), e garantir o acesso \u00e0 justi\u00e7a neste per\u00edodo emergencial.<\/p><\/li><li class=\"TYR86d wXCUfe zfr3Q\" dir=\"ltr\"><p class=\"CDt4Ke zfr3Q\" dir=\"ltr\"><span class=\" aw5Odc\"><a class=\"XqQF9c\" href=\"https:\/\/www.google.com\/url?q=https%3A%2F%2Fwww.tse.jus.br%2Flegislacao%2Fcompilada%2Fres%2F2020%2Fresolucao-no-23-616-de-17-de-abril-de-2020&amp;sa=D&amp;sntz=1&amp;usg=AOvVaw1TTKs7B68xOVibImqJl6m0\" target=\"_blank\" rel=\"noopener\">Resolu\u00e7\u00e3o n<\/a><\/span><span class=\" aw5Odc\"><a class=\"XqQF9c\" href=\"https:\/\/www.google.com\/url?q=https%3A%2F%2Fwww.tse.jus.br%2Flegislacao%2Fcompilada%2Fres%2F2020%2Fresolucao-no-23-616-de-17-de-abril-de-2020&amp;sa=D&amp;sntz=1&amp;usg=AOvVaw1TTKs7B68xOVibImqJl6m0\" target=\"_blank\" rel=\"noopener\">\u00b0<\/a><\/span><span class=\" aw5Odc\"><a class=\"XqQF9c\" href=\"https:\/\/www.google.com\/url?q=https%3A%2F%2Fwww.tse.jus.br%2Flegislacao%2Fcompilada%2Fres%2F2020%2Fresolucao-no-23-616-de-17-de-abril-de-2020&amp;sa=D&amp;sntz=1&amp;usg=AOvVaw1TTKs7B68xOVibImqJl6m0\" target=\"_blank\" rel=\"noopener\"> 23.616, de 17 de abril de 2020<\/a><\/span> &#8211; Altera a Resolu\u00e7\u00e3o TSE n\u00ba 23.615, de 19 de mar\u00e7o de 2020, que estabelece, no \u00e2mbito da Justi\u00e7a Eleitoral, regime de Plant\u00e3o Extraordin\u00e1rio, para uniformizar o funcionamento dos servi\u00e7os judici\u00e1rios, com o objetivo de prevenir o cont\u00e1gio pelo Novo Coronav\u00edrus (COVID 19), e garantir o acesso \u00e0 justi\u00e7a neste per\u00edodo emergencial.<\/p><\/li><li class=\"TYR86d wXCUfe zfr3Q\" dir=\"ltr\"><p class=\"CDt4Ke zfr3Q\" dir=\"ltr\"><span class=\" aw5Odc\"><a class=\"XqQF9c\" href=\"https:\/\/www.google.com\/url?q=https%3A%2F%2Fwww.tse.jus.br%2Flegislacao%2Fcompilada%2Fres%2F2020%2Fresolucao-no-23-623-de-30-de-junho-2020&amp;sa=D&amp;sntz=1&amp;usg=AOvVaw2XS6VW6dIdeYJIeU5JpBCH\" target=\"_blank\" rel=\"noopener\">Resolu\u00e7\u00e3o n<\/a><\/span><span class=\" aw5Odc\"><a class=\"XqQF9c\" href=\"https:\/\/www.google.com\/url?q=https%3A%2F%2Fwww.tse.jus.br%2Flegislacao%2Fcompilada%2Fres%2F2020%2Fresolucao-no-23-623-de-30-de-junho-2020&amp;sa=D&amp;sntz=1&amp;usg=AOvVaw2XS6VW6dIdeYJIeU5JpBCH\" target=\"_blank\" rel=\"noopener\">\u00b0<\/a><\/span><span class=\" aw5Odc\"><a class=\"XqQF9c\" href=\"https:\/\/www.google.com\/url?q=https%3A%2F%2Fwww.tse.jus.br%2Flegislacao%2Fcompilada%2Fres%2F2020%2Fresolucao-no-23-623-de-30-de-junho-2020&amp;sa=D&amp;sntz=1&amp;usg=AOvVaw2XS6VW6dIdeYJIeU5JpBCH\" target=\"_blank\" rel=\"noopener\"> 23.623, de 30 de junho de 2020<\/a><\/span> &#8211; Disp\u00f5e sobre as regras destinadas a viabilizar o controle de autenticidade da ata de conven\u00e7\u00e3o partid\u00e1ria pela Justi\u00e7a Eleitoral, nas Elei\u00e7\u00f5es 2020.<\/p><\/li><li class=\"TYR86d wXCUfe zfr3Q\" dir=\"ltr\"><p class=\"CDt4Ke zfr3Q\" dir=\"ltr\"><span class=\" aw5Odc\"><a class=\"XqQF9c\" href=\"https:\/\/www.google.com\/url?q=https%3A%2F%2Fwww.tse.jus.br%2Flegislacao%2Fcompilada%2Fres%2F2020%2Fresolucao-no-23-622-de-1o-de-julho-de-2020&amp;sa=D&amp;sntz=1&amp;usg=AOvVaw3CwpIoCp18ABqz6cVWCmFx\" target=\"_blank\" rel=\"noopener\">Resolu\u00e7\u00e3o n<\/a><\/span><span class=\" aw5Odc\"><a class=\"XqQF9c\" href=\"https:\/\/www.google.com\/url?q=https%3A%2F%2Fwww.tse.jus.br%2Flegislacao%2Fcompilada%2Fres%2F2020%2Fresolucao-no-23-622-de-1o-de-julho-de-2020&amp;sa=D&amp;sntz=1&amp;usg=AOvVaw3CwpIoCp18ABqz6cVWCmFx\" target=\"_blank\" rel=\"noopener\">\u00b0<\/a><\/span><span class=\" aw5Odc\"><a class=\"XqQF9c\" href=\"https:\/\/www.google.com\/url?q=https%3A%2F%2Fwww.tse.jus.br%2Flegislacao%2Fcompilada%2Fres%2F2020%2Fresolucao-no-23-622-de-1o-de-julho-de-2020&amp;sa=D&amp;sntz=1&amp;usg=AOvVaw3CwpIoCp18ABqz6cVWCmFx\" target=\"_blank\" rel=\"noopener\"> 23.622, de 1\u00ba de julho de 2020<\/a><\/span> &#8211; Trata da suspens\u00e3o do prazo de aplica\u00e7\u00e3o de san\u00e7\u00f5es em presta\u00e7\u00f5es de contas de partidos pol\u00edticos referentes ao exerc\u00edcio financeiro de 2015 em raz\u00e3o da pandemia da COVID-19.<\/p><\/li><li class=\"TYR86d wXCUfe zfr3Q\" dir=\"ltr\"><p class=\"CDt4Ke zfr3Q\" dir=\"ltr\"><span class=\" aw5Odc\"><a class=\"XqQF9c\" href=\"https:\/\/www.google.com\/url?q=https%3A%2F%2Fwww.tse.jus.br%2Flegislacao%2Fcompilada%2Fres%2F2020%2Fresolucao-no-23-624-de-13-de-agosto-de-2020&amp;sa=D&amp;sntz=1&amp;usg=AOvVaw2DjyC6aGGn71AOIJR2RvL4\" target=\"_blank\" rel=\"noopener\">Resolu\u00e7\u00e3o n<\/a><\/span><span class=\" aw5Odc\"><a class=\"XqQF9c\" href=\"https:\/\/www.google.com\/url?q=https%3A%2F%2Fwww.tse.jus.br%2Flegislacao%2Fcompilada%2Fres%2F2020%2Fresolucao-no-23-624-de-13-de-agosto-de-2020&amp;sa=D&amp;sntz=1&amp;usg=AOvVaw2DjyC6aGGn71AOIJR2RvL4\" target=\"_blank\" rel=\"noopener\">\u00b0<\/a><\/span><span class=\" aw5Odc\"><a class=\"XqQF9c\" href=\"https:\/\/www.google.com\/url?q=https%3A%2F%2Fwww.tse.jus.br%2Flegislacao%2Fcompilada%2Fres%2F2020%2Fresolucao-no-23-624-de-13-de-agosto-de-2020&amp;sa=D&amp;sntz=1&amp;usg=AOvVaw2DjyC6aGGn71AOIJR2RvL4\" target=\"_blank\" rel=\"noopener\"> 23.624, de 13 de agosto de 2020<\/a><\/span> &#8211; Promove ajustes normativos nas resolu\u00e7\u00f5es aplic\u00e1veis \u00e0s elei\u00e7\u00f5es municipais de 2020, em cumprimento ao estabelecido pela Emenda Constitucional n\u00ba 107, de 2 de julho de 2020, promulgada em raz\u00e3o do cen\u00e1rio excepcional decorrente da pandemia da Covid-19<\/p><\/li><li class=\"TYR86d wXCUfe zfr3Q\" dir=\"ltr\"><p class=\"CDt4Ke zfr3Q\" dir=\"ltr\"><span class=\" aw5Odc\"><a class=\"XqQF9c\" href=\"https:\/\/www.google.com\/url?q=https%3A%2F%2Fwww.tse.jus.br%2Flegislacao%2Fcompilada%2Fres%2F2020%2Fresolucao-no-23-625-de-13-de-agosto-de-2020&amp;sa=D&amp;sntz=1&amp;usg=AOvVaw2pC_kyMd0_3_sibb_0oAIZ\" target=\"_blank\" rel=\"noopener\">Resolu\u00e7\u00e3o n<\/a><\/span><span class=\" aw5Odc\"><a class=\"XqQF9c\" href=\"https:\/\/www.google.com\/url?q=https%3A%2F%2Fwww.tse.jus.br%2Flegislacao%2Fcompilada%2Fres%2F2020%2Fresolucao-no-23-625-de-13-de-agosto-de-2020&amp;sa=D&amp;sntz=1&amp;usg=AOvVaw2pC_kyMd0_3_sibb_0oAIZ\" target=\"_blank\" rel=\"noopener\">\u00b0<\/a><\/span><span class=\" aw5Odc\"><a class=\"XqQF9c\" href=\"https:\/\/www.google.com\/url?q=https%3A%2F%2Fwww.tse.jus.br%2Flegislacao%2Fcompilada%2Fres%2F2020%2Fresolucao-no-23-625-de-13-de-agosto-de-2020&amp;sa=D&amp;sntz=1&amp;usg=AOvVaw2pC_kyMd0_3_sibb_0oAIZ\" target=\"_blank\" rel=\"noopener\"> 23.625, de 13 de agosto de 2020<\/a><\/span> &#8211; Altera a Resolu\u00e7\u00e3o-TSE n\u00ba 23.611, de 19 de dezembro de 2019, que disp\u00f5e sobre os atos gerais do processo eleitoral para as Elei\u00e7\u00f5es 2020.<\/p><\/li><li class=\"TYR86d wXCUfe zfr3Q\" dir=\"ltr\"><p class=\"CDt4Ke zfr3Q\" dir=\"ltr\"><span class=\" aw5Odc\"><a class=\"XqQF9c\" href=\"https:\/\/www.google.com\/url?q=https%3A%2F%2Fwww.tse.jus.br%2Flegislacao%2Fcompilada%2Fres%2F2020%2Fresolucao-no-23-627-de-13-de-agosto-de-2020&amp;sa=D&amp;sntz=1&amp;usg=AOvVaw21tMWKyybItrMfcOEoIDsw\" target=\"_blank\" rel=\"noopener\">Resolu\u00e7\u00e3o n<\/a><\/span><span class=\" aw5Odc\"><a class=\"XqQF9c\" href=\"https:\/\/www.google.com\/url?q=https%3A%2F%2Fwww.tse.jus.br%2Flegislacao%2Fcompilada%2Fres%2F2020%2Fresolucao-no-23-627-de-13-de-agosto-de-2020&amp;sa=D&amp;sntz=1&amp;usg=AOvVaw21tMWKyybItrMfcOEoIDsw\" target=\"_blank\" rel=\"noopener\">\u00b0<\/a><\/span><span class=\" aw5Odc\"><a class=\"XqQF9c\" href=\"https:\/\/www.google.com\/url?q=https%3A%2F%2Fwww.tse.jus.br%2Flegislacao%2Fcompilada%2Fres%2F2020%2Fresolucao-no-23-627-de-13-de-agosto-de-2020&amp;sa=D&amp;sntz=1&amp;usg=AOvVaw21tMWKyybItrMfcOEoIDsw\" target=\"_blank\" rel=\"noopener\"> 23.627, de 13 de agosto de 2020<\/a><\/span> &#8211; Institui o Calend\u00e1rio Eleitoral das Elei\u00e7\u00f5es 2020, em conformidade com a Emenda Constitucional n\u00ba 107, de 2 de julho de 2020, pela qual adiada, em raz\u00e3o da pandemia da Covid-19, as elei\u00e7\u00f5es municipais de outubro de 2020 e os prazos eleitorais respectivos.<\/p><\/li><li class=\"TYR86d wXCUfe zfr3Q\" dir=\"ltr\"><p class=\"CDt4Ke zfr3Q\" dir=\"ltr\"><span class=\" aw5Odc\"><a class=\"XqQF9c\" href=\"https:\/\/www.google.com\/url?q=https%3A%2F%2Fwww.tse.jus.br%2Flegislacao%2Fcompilada%2Fres%2F2020%2Fresolucao-no-23-628-de-27-de-agosto-de-2020&amp;sa=D&amp;sntz=1&amp;usg=AOvVaw3M89Jxlzml3hyxZHdyJC3p\" target=\"_blank\" rel=\"noopener\">Resolu\u00e7\u00e3o n<\/a><\/span><span class=\" aw5Odc\"><a class=\"XqQF9c\" href=\"https:\/\/www.google.com\/url?q=https%3A%2F%2Fwww.tse.jus.br%2Flegislacao%2Fcompilada%2Fres%2F2020%2Fresolucao-no-23-628-de-27-de-agosto-de-2020&amp;sa=D&amp;sntz=1&amp;usg=AOvVaw3M89Jxlzml3hyxZHdyJC3p\" target=\"_blank\" rel=\"noopener\">\u00b0<\/a><\/span><span class=\" aw5Odc\"><a class=\"XqQF9c\" href=\"https:\/\/www.google.com\/url?q=https%3A%2F%2Fwww.tse.jus.br%2Flegislacao%2Fcompilada%2Fres%2F2020%2Fresolucao-no-23-628-de-27-de-agosto-de-2020&amp;sa=D&amp;sntz=1&amp;usg=AOvVaw3M89Jxlzml3hyxZHdyJC3p\" target=\"_blank\" rel=\"noopener\"> 23.628, de 27 de agosto de 2020<\/a><\/span> &#8211; Estabelece regras excepcionais e transit\u00f3rias para possibilitar a realiza\u00e7\u00e3o de servi\u00e7o extraordin\u00e1rio no \u00e2mbito da Justi\u00e7a Eleitoral durante a vig\u00eancia da Resolu\u00e7\u00e3o-TSE n\u00ba 23.615, de 19 de mar\u00e7o de 2020.<\/p><\/li><li class=\"TYR86d wXCUfe zfr3Q\" dir=\"ltr\"><p class=\"CDt4Ke zfr3Q\" dir=\"ltr\"><span class=\" aw5Odc\"><a class=\"XqQF9c\" href=\"https:\/\/www.google.com\/url?q=https%3A%2F%2Fwww.tse.jus.br%2Flegislacao%2Fcompilada%2Fres%2F2020%2Fresolucao-no-23-630-de-1o-de-setembro-de-2020&amp;sa=D&amp;sntz=1&amp;usg=AOvVaw270kESYISZKQaCsKkVy8Fx\" target=\"_blank\" rel=\"noopener\">Resolu\u00e7\u00e3o n<\/a><\/span><span class=\" aw5Odc\"><a class=\"XqQF9c\" href=\"https:\/\/www.google.com\/url?q=https%3A%2F%2Fwww.tse.jus.br%2Flegislacao%2Fcompilada%2Fres%2F2020%2Fresolucao-no-23-630-de-1o-de-setembro-de-2020&amp;sa=D&amp;sntz=1&amp;usg=AOvVaw270kESYISZKQaCsKkVy8Fx\" target=\"_blank\" rel=\"noopener\">\u00b0<\/a><\/span><span class=\" aw5Odc\"><a class=\"XqQF9c\" href=\"https:\/\/www.google.com\/url?q=https%3A%2F%2Fwww.tse.jus.br%2Flegislacao%2Fcompilada%2Fres%2F2020%2Fresolucao-no-23-630-de-1o-de-setembro-de-2020&amp;sa=D&amp;sntz=1&amp;usg=AOvVaw270kESYISZKQaCsKkVy8Fx\" target=\"_blank\" rel=\"noopener\"> 23.630, de 1\u00ba de setembro de 2020<\/a><\/span> &#8211; Disp\u00f5e sobre o atendimento presencial nos cart\u00f3rios eleitorais para a pr\u00e1tica de atos indispens\u00e1veis ao exerc\u00edcio de direitos relativos ao processo de registro de candidatura, nas Elei\u00e7\u00f5es 2020.<\/p><\/li><li class=\"TYR86d wXCUfe zfr3Q\" dir=\"ltr\"><p class=\"CDt4Ke zfr3Q\" dir=\"ltr\"><span class=\" aw5Odc\"><a class=\"XqQF9c\" href=\"https:\/\/www.google.com\/url?q=https%3A%2F%2Fwww.tse.jus.br%2Flegislacao%2Fcompilada%2Fres%2F2020%2Fresolucao-no-23-631-de-1o-de-outubro-de-2020&amp;sa=D&amp;sntz=1&amp;usg=AOvVaw29K4_P851y_0XhFihJ7gw4\" target=\"_blank\" rel=\"noopener\">Resolu\u00e7\u00e3o n<\/a><\/span><span class=\" aw5Odc\"><a class=\"XqQF9c\" href=\"https:\/\/www.google.com\/url?q=https%3A%2F%2Fwww.tse.jus.br%2Flegislacao%2Fcompilada%2Fres%2F2020%2Fresolucao-no-23-631-de-1o-de-outubro-de-2020&amp;sa=D&amp;sntz=1&amp;usg=AOvVaw29K4_P851y_0XhFihJ7gw4\" target=\"_blank\" rel=\"noopener\">\u00b0<\/a><\/span><span class=\" aw5Odc\"><a class=\"XqQF9c\" href=\"https:\/\/www.google.com\/url?q=https%3A%2F%2Fwww.tse.jus.br%2Flegislacao%2Fcompilada%2Fres%2F2020%2Fresolucao-no-23-631-de-1o-de-outubro-de-2020&amp;sa=D&amp;sntz=1&amp;usg=AOvVaw29K4_P851y_0XhFihJ7gw4\" target=\"_blank\" rel=\"noopener\"> 23.631, de 1\u00ba de outubro de 2020<\/a><\/span> &#8211; Disp\u00f5e sobre a transfer\u00eancia tempor\u00e1ria de eleitores de of\u00edcio e promove ajustes nas normas sobre recep\u00e7\u00e3o de votos, justificativa e fiscaliza\u00e7\u00e3o no dia da elei\u00e7\u00e3o, hor\u00e1rio de funcionamento das se\u00e7\u00f5es eleitorais e distribui\u00e7\u00e3o dos eleitores no per\u00edodo, nos termos do art. 1\u00ba, \u00a75\u00ba, II da Emenda Constitucional n\u00ba 107, de 2 de julho de 2020.<\/p><\/li><li class=\"TYR86d wXCUfe zfr3Q\" dir=\"ltr\"><p class=\"CDt4Ke zfr3Q\" dir=\"ltr\"><span class=\" aw5Odc\"><a class=\"XqQF9c\" href=\"https:\/\/www.google.com\/url?q=https%3A%2F%2Fwww.tse.jus.br%2Flegislacao%2Fcompilada%2Fres%2F2020%2Fresolucao-no-23-632-de-19-de-novembro-de-2020&amp;sa=D&amp;sntz=1&amp;usg=AOvVaw0FCRy2q5y3zdaZ6HzhG3Am\" target=\"_blank\" rel=\"noopener\">Resolu\u00e7\u00e3o n<\/a><\/span><span class=\" aw5Odc\"><a class=\"XqQF9c\" href=\"https:\/\/www.google.com\/url?q=https%3A%2F%2Fwww.tse.jus.br%2Flegislacao%2Fcompilada%2Fres%2F2020%2Fresolucao-no-23-632-de-19-de-novembro-de-2020&amp;sa=D&amp;sntz=1&amp;usg=AOvVaw0FCRy2q5y3zdaZ6HzhG3Am\" target=\"_blank\" rel=\"noopener\">\u00b0<\/a><\/span><span class=\" aw5Odc\"><a class=\"XqQF9c\" href=\"https:\/\/www.google.com\/url?q=https%3A%2F%2Fwww.tse.jus.br%2Flegislacao%2Fcompilada%2Fres%2F2020%2Fresolucao-no-23-632-de-19-de-novembro-de-2020&amp;sa=D&amp;sntz=1&amp;usg=AOvVaw0FCRy2q5y3zdaZ6HzhG3Am\" target=\"_blank\" rel=\"noopener\"> 23.632, de 19 de novembro de 2020<\/a><\/span> &#8211; Estabelece procedimentos espec\u00edficos para a entrega da presta\u00e7\u00e3o de contas final de candidatos e partidos pol\u00edticos nas elei\u00e7\u00f5es municipais de 2020, em raz\u00e3o do cen\u00e1rio excepcional decorrente da pandemia da COVID 19.<\/p><\/li><li class=\"TYR86d wXCUfe zfr3Q\" dir=\"ltr\"><p class=\"CDt4Ke zfr3Q\" dir=\"ltr\"><span class=\" aw5Odc\"><a class=\"XqQF9c\" href=\"https:\/\/www.google.com\/url?q=https%3A%2F%2Fwww.tse.jus.br%2Flegislacao%2Fcompilada%2Fres%2F2021%2Fre&amp;sa=D&amp;sntz=1&amp;usg=AOvVaw2qxNkDpiXPwqIO5uaPHul0\" target=\"_blank\" rel=\"noopener\">Resolu\u00e7\u00e3o n<\/a><\/span><span class=\" aw5Odc\"><a class=\"XqQF9c\" href=\"https:\/\/www.google.com\/url?q=https%3A%2F%2Fwww.tse.jus.br%2Flegislacao%2Fcompilada%2Fres%2F2021%2Fre&amp;sa=D&amp;sntz=1&amp;usg=AOvVaw2qxNkDpiXPwqIO5uaPHul0\" target=\"_blank\" rel=\"noopener\">\u00b0<\/a><\/span><span class=\" aw5Odc\"><a class=\"XqQF9c\" href=\"https:\/\/www.google.com\/url?q=https%3A%2F%2Fwww.tse.jus.br%2Flegislacao%2Fcompilada%2Fres%2F2021%2Fre&amp;sa=D&amp;sntz=1&amp;usg=AOvVaw2qxNkDpiXPwqIO5uaPHul0\" target=\"_blank\" rel=\"noopener\"> 23.637, de 21 de janeiro de 2021<\/a><\/span> &#8211; Suspende os efeitos referidos pelo art. 7\u00ba do C\u00f3digo Eleitoral para os eleitores que deixaram de votar nas Elei\u00e7\u00f5es 2020 e n\u00e3o apresentaram justificativa eleitoral ou n\u00e3o pagaram a respectiva multa, ad referendum do Plen\u00e1rio do TSE, em raz\u00e3o da persist\u00eancia da pandemia da Covid-19.<\/p><\/li><li class=\"TYR86d wXCUfe zfr3Q\" dir=\"ltr\"><p class=\"CDt4Ke zfr3Q\" dir=\"ltr\"><span class=\" aw5Odc\"><a class=\"XqQF9c\" href=\"https:\/\/www.google.com\/url?q=https%3A%2F%2Fwww.tse.jus.br%2Flegislacao%2Fcompilada%2Fresolucao-administrativa%2F2020%2Fresolucao-administrativa-no-1-de-12-de-marco-de-2020&amp;sa=D&amp;sntz=1&amp;usg=AOvVaw3pPvZ5JuovngX2SS1MyJPm\" target=\"_blank\" rel=\"noopener\">Resolu\u00e7\u00e3o Administrativa n<\/a><\/span><span class=\" aw5Odc\"><a class=\"XqQF9c\" href=\"https:\/\/www.google.com\/url?q=https%3A%2F%2Fwww.tse.jus.br%2Flegislacao%2Fcompilada%2Fresolucao-administrativa%2F2020%2Fresolucao-administrativa-no-1-de-12-de-marco-de-2020&amp;sa=D&amp;sntz=1&amp;usg=AOvVaw3pPvZ5JuovngX2SS1MyJPm\" target=\"_blank\" rel=\"noopener\">\u00b0<\/a><\/span><span class=\" aw5Odc\"><a class=\"XqQF9c\" href=\"https:\/\/www.google.com\/url?q=https%3A%2F%2Fwww.tse.jus.br%2Flegislacao%2Fcompilada%2Fresolucao-administrativa%2F2020%2Fresolucao-administrativa-no-1-de-12-de-marco-de-2020&amp;sa=D&amp;sntz=1&amp;usg=AOvVaw3pPvZ5JuovngX2SS1MyJPm\" target=\"_blank\" rel=\"noopener\"> 1, de 12 de mar\u00e7o de 2020<\/a><\/span> &#8211; Estabelece medidas tempor\u00e1rias de preven\u00e7\u00e3o ao cont\u00e1gio pelo Novo Coronav\u00edrus (COVID-19) considerando a classifica\u00e7\u00e3o de pandemia pela Organiza\u00e7\u00e3o Mundial de Sa\u00fade (OMS).<\/p><\/li><li class=\"TYR86d wXCUfe zfr3Q\" dir=\"ltr\"><p class=\"CDt4Ke zfr3Q\" dir=\"ltr\"><span class=\" aw5Odc\"><a class=\"XqQF9c\" href=\"https:\/\/www.google.com\/url?q=https%3A%2F%2Fwww.tse.jus.br%2Flegislacao%2Fcompilada%2Fresolucao-administrativa%2F2020%2Fresolucao-administrativa-no-02-de-27-de-marco-de-2020&amp;sa=D&amp;sntz=1&amp;usg=AOvVaw3C7J9JrlCZ4Eo-sNgNiMlB\" target=\"_blank\" rel=\"noopener\">Resolu\u00e7\u00e3o Administrativa n<\/a><\/span><span class=\" aw5Odc\"><a class=\"XqQF9c\" href=\"https:\/\/www.google.com\/url?q=https%3A%2F%2Fwww.tse.jus.br%2Flegislacao%2Fcompilada%2Fresolucao-administrativa%2F2020%2Fresolucao-administrativa-no-02-de-27-de-marco-de-2020&amp;sa=D&amp;sntz=1&amp;usg=AOvVaw3C7J9JrlCZ4Eo-sNgNiMlB\" target=\"_blank\" rel=\"noopener\">\u00b0<\/a><\/span><span class=\" aw5Odc\"><a class=\"XqQF9c\" href=\"https:\/\/www.google.com\/url?q=https%3A%2F%2Fwww.tse.jus.br%2Flegislacao%2Fcompilada%2Fresolucao-administrativa%2F2020%2Fresolucao-administrativa-no-02-de-27-de-marco-de-2020&amp;sa=D&amp;sntz=1&amp;usg=AOvVaw3C7J9JrlCZ4Eo-sNgNiMlB\" target=\"_blank\" rel=\"noopener\"> 2, de 27 de mar\u00e7o de 2020<\/a><\/span> &#8211; Permite o uso de videoconfer\u00eancia nas sess\u00f5es de julgamento do Tribunal Superior Eleitoral, em face da excepcionalidade gerada pela pandemia provocada pelo novo Coronav\u00edrus (COVID-19).<\/p><\/li><li class=\"TYR86d wXCUfe zfr3Q\" dir=\"ltr\"><p class=\"CDt4Ke zfr3Q\" dir=\"ltr\"><span class=\" aw5Odc\"><a class=\"XqQF9c\" href=\"https:\/\/www.google.com\/url?q=https%3A%2F%2Fwww.tse.jus.br%2Flegislacao%2Fcompilada%2Fprt%2F2020%2Fportaria-no-198-de-19-de-marco-de-2020&amp;sa=D&amp;sntz=1&amp;usg=AOvVaw01ttxyU7Hbq7rm7lA5DVtv\" target=\"_blank\" rel=\"noopener\">Portaria n<\/a><\/span><span class=\" aw5Odc\"><a class=\"XqQF9c\" href=\"https:\/\/www.google.com\/url?q=https%3A%2F%2Fwww.tse.jus.br%2Flegislacao%2Fcompilada%2Fprt%2F2020%2Fportaria-no-198-de-19-de-marco-de-2020&amp;sa=D&amp;sntz=1&amp;usg=AOvVaw01ttxyU7Hbq7rm7lA5DVtv\" target=\"_blank\" rel=\"noopener\">\u00b0<\/a><\/span><span class=\" aw5Odc\"><a class=\"XqQF9c\" href=\"https:\/\/www.google.com\/url?q=https%3A%2F%2Fwww.tse.jus.br%2Flegislacao%2Fcompilada%2Fprt%2F2020%2Fportaria-no-198-de-19-de-marco-de-2020&amp;sa=D&amp;sntz=1&amp;usg=AOvVaw01ttxyU7Hbq7rm7lA5DVtv\" target=\"_blank\" rel=\"noopener\"> 198, de 19 de mar\u00e7o de 2020<\/a><\/span> &#8211; Institui Gabinete de Crise para acompanhar e articular as a\u00e7\u00f5es relativas \u00e0s medidas tempor\u00e1rias de preven\u00e7\u00e3o ao cont\u00e1gio pelo Novo Coronav\u00edrus (COVID-19) no \u00e2mbito do Tribunal Superior Eleitoral.<\/p><\/li><li class=\"TYR86d wXCUfe zfr3Q\" dir=\"ltr\"><p class=\"CDt4Ke zfr3Q\" dir=\"ltr\"><span class=\" aw5Odc\"><a class=\"XqQF9c\" href=\"https:\/\/www.google.com\/url?q=https%3A%2F%2Fwww.tse.jus.br%2Flegislacao%2Fcompilada%2Fprt%2F2020%2Fportaria-no-242-de-06-de-abril-de-2020&amp;sa=D&amp;sntz=1&amp;usg=AOvVaw0LLKKCfGTs3ud3RJyb6q0i\" target=\"_blank\" rel=\"noopener\">Portaria n<\/a><\/span><span class=\" aw5Odc\"><a class=\"XqQF9c\" href=\"https:\/\/www.google.com\/url?q=https%3A%2F%2Fwww.tse.jus.br%2Flegislacao%2Fcompilada%2Fprt%2F2020%2Fportaria-no-242-de-06-de-abril-de-2020&amp;sa=D&amp;sntz=1&amp;usg=AOvVaw0LLKKCfGTs3ud3RJyb6q0i\" target=\"_blank\" rel=\"noopener\">\u00b0<\/a><\/span><span class=\" aw5Odc\"><a class=\"XqQF9c\" href=\"https:\/\/www.google.com\/url?q=https%3A%2F%2Fwww.tse.jus.br%2Flegislacao%2Fcompilada%2Fprt%2F2020%2Fportaria-no-242-de-06-de-abril-de-2020&amp;sa=D&amp;sntz=1&amp;usg=AOvVaw0LLKKCfGTs3ud3RJyb6q0i\" target=\"_blank\" rel=\"noopener\"> 242, de 06 de abril de 2020<\/a><\/span> (REVOGADA pela Portaria n\u00b0 438, de 16 de junho de 2020) &#8211; Institui grupo de trabalho incumbido de projetar os impactos da pandemia do Novo Coronav\u00edrus (COVID-19) nas atividades do Tribunal Superior Eleitoral, com vista em especial \u00e0s elei\u00e7\u00f5es municipais de 2020.<\/p><\/li><li class=\"TYR86d wXCUfe zfr3Q\" dir=\"ltr\"><p class=\"CDt4Ke zfr3Q\" dir=\"ltr\"><span class=\" aw5Odc\"><a class=\"XqQF9c\" href=\"https:\/\/www.google.com\/url?q=https%3A%2F%2Fwww.tse.jus.br%2Flegislacao%2Fcompilada%2Fprt%2F2020%2Fportaria-no-244-de-7-de-abril-de-2020-1&amp;sa=D&amp;sntz=1&amp;usg=AOvVaw2m72CusRK-oIg0SkBIhXq-\" target=\"_blank\" rel=\"noopener\">Portaria n<\/a><\/span><span class=\" aw5Odc\"><a class=\"XqQF9c\" href=\"https:\/\/www.google.com\/url?q=https%3A%2F%2Fwww.tse.jus.br%2Flegislacao%2Fcompilada%2Fprt%2F2020%2Fportaria-no-244-de-7-de-abril-de-2020-1&amp;sa=D&amp;sntz=1&amp;usg=AOvVaw2m72CusRK-oIg0SkBIhXq-\" target=\"_blank\" rel=\"noopener\">\u00b0<\/a><\/span><span class=\" aw5Odc\"><a class=\"XqQF9c\" href=\"https:\/\/www.google.com\/url?q=https%3A%2F%2Fwww.tse.jus.br%2Flegislacao%2Fcompilada%2Fprt%2F2020%2Fportaria-no-244-de-7-de-abril-de-2020-1&amp;sa=D&amp;sntz=1&amp;usg=AOvVaw2m72CusRK-oIg0SkBIhXq-\" target=\"_blank\" rel=\"noopener\"> 244, de 07 de abril de 2020<\/a><\/span> (REVOGADA pela Portaria n\u00b0 438, de 16 de junho de 2020) &#8211; Torna p\u00fablica a composi\u00e7\u00e3o do Grupo de Trabalho institu\u00eddo pela Portaria TSE n\u00ba 242 de 06 de abril de 2020.<\/p><\/li><li class=\"TYR86d wXCUfe zfr3Q\" dir=\"ltr\"><p class=\"CDt4Ke zfr3Q\" dir=\"ltr\"><span class=\" aw5Odc\"><a class=\"XqQF9c\" href=\"https:\/\/www.google.com\/url?q=https%3A%2F%2Fwww.tse.jus.br%2Flegislacao%2Fcompilada%2Fprt%2F2020%2Fportaria-no-265-de-24-de-abril-de-2020&amp;sa=D&amp;sntz=1&amp;usg=AOvVaw1felilgyljMzg8eythDhne\" target=\"_blank\" rel=\"noopener\">Portaria n<\/a><\/span><span class=\" aw5Odc\"><a class=\"XqQF9c\" href=\"https:\/\/www.google.com\/url?q=https%3A%2F%2Fwww.tse.jus.br%2Flegislacao%2Fcompilada%2Fprt%2F2020%2Fportaria-no-265-de-24-de-abril-de-2020&amp;sa=D&amp;sntz=1&amp;usg=AOvVaw1felilgyljMzg8eythDhne\" target=\"_blank\" rel=\"noopener\">\u00b0<\/a><\/span><span class=\" aw5Odc\"><a class=\"XqQF9c\" href=\"https:\/\/www.google.com\/url?q=https%3A%2F%2Fwww.tse.jus.br%2Flegislacao%2Fcompilada%2Fprt%2F2020%2Fportaria-no-265-de-24-de-abril-de-2020&amp;sa=D&amp;sntz=1&amp;usg=AOvVaw1felilgyljMzg8eythDhne\" target=\"_blank\" rel=\"noopener\"> 265, de 24 de abril de 2020<\/a><\/span> &#8211; Prorroga por prazo indeterminado a vig\u00eancia da Resolu\u00e7\u00e3o-TSE n\u00ba 23.615\/2020.<\/p><\/li><li class=\"TYR86d wXCUfe zfr3Q\" dir=\"ltr\"><p class=\"CDt4Ke zfr3Q\" dir=\"ltr\"><span class=\" aw5Odc\"><a class=\"XqQF9c\" href=\"https:\/\/www.google.com\/url?q=https%3A%2F%2Fwww.tse.jus.br%2Flegislacao%2Fcompilada%2Fprt%2F2020%2Fportaria-no-394-de-4-de-junho-de-2020&amp;sa=D&amp;sntz=1&amp;usg=AOvVaw1NSmkXqeT8sHkIEtc4gkGJ\" target=\"_blank\" rel=\"noopener\">Portaria n<\/a><\/span><span class=\" aw5Odc\"><a class=\"XqQF9c\" href=\"https:\/\/www.google.com\/url?q=https%3A%2F%2Fwww.tse.jus.br%2Flegislacao%2Fcompilada%2Fprt%2F2020%2Fportaria-no-394-de-4-de-junho-de-2020&amp;sa=D&amp;sntz=1&amp;usg=AOvVaw1NSmkXqeT8sHkIEtc4gkGJ\" target=\"_blank\" rel=\"noopener\">\u00b0<\/a><\/span><span class=\" aw5Odc\"><a class=\"XqQF9c\" href=\"https:\/\/www.google.com\/url?q=https%3A%2F%2Fwww.tse.jus.br%2Flegislacao%2Fcompilada%2Fprt%2F2020%2Fportaria-no-394-de-4-de-junho-de-2020&amp;sa=D&amp;sntz=1&amp;usg=AOvVaw1NSmkXqeT8sHkIEtc4gkGJ\" target=\"_blank\" rel=\"noopener\"> 394, de 4 de junho de 2020<\/a><\/span> &#8211; Institui grupo de trabalho com o objetivo de propor regras destinadas a viabilizar o controle de autenticidade da ata de conven\u00e7\u00e3o pela Justi\u00e7a Eleitoral.<\/p><\/li><li class=\"TYR86d wXCUfe zfr3Q\" dir=\"ltr\"><p class=\"CDt4Ke zfr3Q\" dir=\"ltr\"><span class=\" aw5Odc\"><a class=\"XqQF9c\" href=\"https:\/\/www.google.com\/url?q=https%3A%2F%2Fwww.tse.jus.br%2Flegislacao%2Fcompilada%2Fprt%2F2020%2Fportaria-no-438-de-16-de-junho-de-2020&amp;sa=D&amp;sntz=1&amp;usg=AOvVaw0Ee-p617ddH06Iw3dt9EHe\" target=\"_blank\" rel=\"noopener\">Portaria n<\/a><\/span><span class=\" aw5Odc\"><a class=\"XqQF9c\" href=\"https:\/\/www.google.com\/url?q=https%3A%2F%2Fwww.tse.jus.br%2Flegislacao%2Fcompilada%2Fprt%2F2020%2Fportaria-no-438-de-16-de-junho-de-2020&amp;sa=D&amp;sntz=1&amp;usg=AOvVaw0Ee-p617ddH06Iw3dt9EHe\" target=\"_blank\" rel=\"noopener\">\u00b0<\/a><\/span><span class=\" aw5Odc\"><a class=\"XqQF9c\" href=\"https:\/\/www.google.com\/url?q=https%3A%2F%2Fwww.tse.jus.br%2Flegislacao%2Fcompilada%2Fprt%2F2020%2Fportaria-no-438-de-16-de-junho-de-2020&amp;sa=D&amp;sntz=1&amp;usg=AOvVaw0Ee-p617ddH06Iw3dt9EHe\" target=\"_blank\" rel=\"noopener\"> 438, de 16 de junho de 2020<\/a><\/span> (REVOGADA pela Portaria n\u00b0 104, de 25 de fevereiro de 2021) &#8211; Institui Comit\u00ea de Monitoramento das atividades necess\u00e1rias \u00e0 realiza\u00e7\u00e3o das elei\u00e7\u00f5es municipais de 2020 no contexto da pandemia da COVID-19 (Comit\u00ea de Monitoramento &#8211; Elei\u00e7\u00f5es 2020).<\/p><\/li><li class=\"TYR86d wXCUfe zfr3Q\" dir=\"ltr\"><p class=\"CDt4Ke zfr3Q\" dir=\"ltr\"><span class=\" aw5Odc\"><a class=\"XqQF9c\" href=\"https:\/\/www.google.com\/url?q=https%3A%2F%2Fwww.tse.jus.br%2Flegislacao%2Fcompilada%2Fprt%2F2020%2Fportaria-no-483-de-30-de-junho-de-2020&amp;sa=D&amp;sntz=1&amp;usg=AOvVaw3hjNKzKImLYYPQKZvGHIpX\" target=\"_blank\" rel=\"noopener\">Portaria n<\/a><\/span><span class=\" aw5Odc\"><a class=\"XqQF9c\" href=\"https:\/\/www.google.com\/url?q=https%3A%2F%2Fwww.tse.jus.br%2Flegislacao%2Fcompilada%2Fprt%2F2020%2Fportaria-no-483-de-30-de-junho-de-2020&amp;sa=D&amp;sntz=1&amp;usg=AOvVaw3hjNKzKImLYYPQKZvGHIpX\" target=\"_blank\" rel=\"noopener\">\u00b0<\/a><\/span><span class=\" aw5Odc\"><a class=\"XqQF9c\" href=\"https:\/\/www.google.com\/url?q=https%3A%2F%2Fwww.tse.jus.br%2Flegislacao%2Fcompilada%2Fprt%2F2020%2Fportaria-no-483-de-30-de-junho-de-2020&amp;sa=D&amp;sntz=1&amp;usg=AOvVaw3hjNKzKImLYYPQKZvGHIpX\" target=\"_blank\" rel=\"noopener\"> 483, de 30 de junho de 2020<\/a><\/span> &#8211; Disp\u00f5e sobre a realiza\u00e7\u00e3o de atividades presenciais.<\/p><\/li><li class=\"TYR86d wXCUfe zfr3Q\" dir=\"ltr\"><p class=\"CDt4Ke zfr3Q\" dir=\"ltr\"><span class=\" aw5Odc\"><a class=\"XqQF9c\" href=\"https:\/\/www.google.com\/url?q=https%3A%2F%2Fwww.tse.jus.br%2Flegislacao%2Fcompilada%2Fprt%2F2020%2Fportaria-no-704-de-18-de-setembro-de-2020&amp;sa=D&amp;sntz=1&amp;usg=AOvVaw2nQ4npCwP2g_UBcEXJgi_z\" target=\"_blank\" rel=\"noopener\">Portaria n<\/a><\/span><span class=\" aw5Odc\"><a class=\"XqQF9c\" href=\"https:\/\/www.google.com\/url?q=https%3A%2F%2Fwww.tse.jus.br%2Flegislacao%2Fcompilada%2Fprt%2F2020%2Fportaria-no-704-de-18-de-setembro-de-2020&amp;sa=D&amp;sntz=1&amp;usg=AOvVaw2nQ4npCwP2g_UBcEXJgi_z\" target=\"_blank\" rel=\"noopener\">\u00b0<\/a><\/span><span class=\" aw5Odc\"><a class=\"XqQF9c\" href=\"https:\/\/www.google.com\/url?q=https%3A%2F%2Fwww.tse.jus.br%2Flegislacao%2Fcompilada%2Fprt%2F2020%2Fportaria-no-704-de-18-de-setembro-de-2020&amp;sa=D&amp;sntz=1&amp;usg=AOvVaw2nQ4npCwP2g_UBcEXJgi_z\" target=\"_blank\" rel=\"noopener\"> 704, de 18 de setembro de 2020<\/a><\/span> &#8211; Ressalva, do \u00e2mbito de incid\u00eancia da veda\u00e7\u00e3o contida no art. 2\u00ba da Resolu\u00e7\u00e3o-TSE n\u00ba 23.630, de 1\u00ba de setembro de 2020, a inviabilidade t\u00e9cnica de transmiss\u00e3o, pela internet, de arquivos gerados no CANDex, autorizando o atendimento presencial nos cart\u00f3rios eleitorais, a partir de 21.09.2020, para recebimento, em m\u00eddia, do Demonstrativo de Regularidade de Atos Partid\u00e1rios (DRAP) e de Requerimento de Registro de Candidatura (RRC).<\/p><\/li><li class=\"TYR86d wXCUfe zfr3Q\" dir=\"ltr\"><p class=\"CDt4Ke zfr3Q\" dir=\"ltr\"><span class=\" aw5Odc\"><a class=\"XqQF9c\" href=\"https:\/\/www.google.com\/url?q=https%3A%2F%2Fwww.tse.jus.br%2Flegislacao%2Fcompilada%2Fprt%2F2020%2Fportaria-no-798-de-2-de-novembro-de-2020&amp;sa=D&amp;sntz=1&amp;usg=AOvVaw2K4rJUVl9FfSLXMWTLSMKP\" target=\"_blank\" rel=\"noopener\">Portaria n<\/a><\/span><span class=\" aw5Odc\"><a class=\"XqQF9c\" href=\"https:\/\/www.google.com\/url?q=https%3A%2F%2Fwww.tse.jus.br%2Flegislacao%2Fcompilada%2Fprt%2F2020%2Fportaria-no-798-de-2-de-novembro-de-2020&amp;sa=D&amp;sntz=1&amp;usg=AOvVaw2K4rJUVl9FfSLXMWTLSMKP\" target=\"_blank\" rel=\"noopener\">\u00b0 <\/a><\/span><span class=\" aw5Odc\"><a class=\"XqQF9c\" href=\"https:\/\/www.google.com\/url?q=https%3A%2F%2Fwww.tse.jus.br%2Flegislacao%2Fcompilada%2Fprt%2F2020%2Fportaria-no-798-de-2-de-novembro-de-2020&amp;sa=D&amp;sntz=1&amp;usg=AOvVaw2K4rJUVl9FfSLXMWTLSMKP\" target=\"_blank\" rel=\"noopener\">798, de 2 de novembro de 2020<\/a><\/span> &#8211; Disp\u00f5e sobre a sustenta\u00e7\u00e3o oral nos processos apresentados para julgamento em sess\u00e3o por videoconfer\u00eancia e por meio eletr\u00f4nico que independem de publica\u00e7\u00e3o de pauta e sobre a publica\u00e7\u00e3o dos respectivos ac\u00f3rd\u00e3os em sess\u00e3o, no \u00e2mbito do Tribunal Superior Eleitoral, nas Elei\u00e7\u00f5es 2020.<\/p><\/li><li class=\"TYR86d wXCUfe zfr3Q\" dir=\"ltr\"><p class=\"CDt4Ke zfr3Q\" dir=\"ltr\"><span class=\" aw5Odc\"><a class=\"XqQF9c\" href=\"https:\/\/www.google.com\/url?q=https%3A%2F%2Fwww.tse.jus.br%2Flegislacao%2Fcompilada%2Fprt%2F2020%2Fportaria-no-812-de-09-de-novembro-de-2020&amp;sa=D&amp;sntz=1&amp;usg=AOvVaw1zzs17Ar0jt4lW282uWkuH\" target=\"_blank\" rel=\"noopener\">Portaria n<\/a><\/span><span class=\" aw5Odc\"><a class=\"XqQF9c\" href=\"https:\/\/www.google.com\/url?q=https%3A%2F%2Fwww.tse.jus.br%2Flegislacao%2Fcompilada%2Fprt%2F2020%2Fportaria-no-812-de-09-de-novembro-de-2020&amp;sa=D&amp;sntz=1&amp;usg=AOvVaw1zzs17Ar0jt4lW282uWkuH\" target=\"_blank\" rel=\"noopener\">\u00b0<\/a><\/span><span class=\" aw5Odc\"><a class=\"XqQF9c\" href=\"https:\/\/www.google.com\/url?q=https%3A%2F%2Fwww.tse.jus.br%2Flegislacao%2Fcompilada%2Fprt%2F2020%2Fportaria-no-812-de-09-de-novembro-de-2020&amp;sa=D&amp;sntz=1&amp;usg=AOvVaw1zzs17Ar0jt4lW282uWkuH\" target=\"_blank\" rel=\"noopener\"> 812, de 9 de novembro de 2020<\/a><\/span> &#8211; Estabelece protocolos sanit\u00e1rios adicionais aplic\u00e1veis \u00e0s Elei\u00e7\u00f5es 2020 para a preven\u00e7\u00e3o do cont\u00e1gio e da dissemina\u00e7\u00e3o da Covid-19 entre os povos ind\u00edgenas.<\/p><\/li><li class=\"TYR86d wXCUfe zfr3Q\" dir=\"ltr\"><p class=\"CDt4Ke zfr3Q\" dir=\"ltr\"><span class=\" aw5Odc\"><a class=\"XqQF9c\" href=\"https:\/\/www.google.com\/url?q=https%3A%2F%2Fwww.tse.jus.br%2Flegislacao%2Fcompilada%2Fprt%2F2020%2Fportaria-no-875-de-06-de-dezembro-de-2020&amp;sa=D&amp;sntz=1&amp;usg=AOvVaw1Q5TAiXxlvF24kujTVenmB\" target=\"_blank\" rel=\"noopener\">Portaria n<\/a><\/span><span class=\" aw5Odc\"><a class=\"XqQF9c\" href=\"https:\/\/www.google.com\/url?q=https%3A%2F%2Fwww.tse.jus.br%2Flegislacao%2Fcompilada%2Fprt%2F2020%2Fportaria-no-875-de-06-de-dezembro-de-2020&amp;sa=D&amp;sntz=1&amp;usg=AOvVaw1Q5TAiXxlvF24kujTVenmB\" target=\"_blank\" rel=\"noopener\">\u00b0<\/a><\/span><span class=\" aw5Odc\"><a class=\"XqQF9c\" href=\"https:\/\/www.google.com\/url?q=https%3A%2F%2Fwww.tse.jus.br%2Flegislacao%2Fcompilada%2Fprt%2F2020%2Fportaria-no-875-de-06-de-dezembro-de-2020&amp;sa=D&amp;sntz=1&amp;usg=AOvVaw1Q5TAiXxlvF24kujTVenmB\" target=\"_blank\" rel=\"noopener\"> 875, de 6 de dezembro de 2020<\/a><\/span> &#8211; Estabelece o Calend\u00e1rio de realiza\u00e7\u00e3o de elei\u00e7\u00f5es suplementares de 2021.<\/p><\/li><li class=\"TYR86d wXCUfe zfr3Q\" dir=\"ltr\"><p class=\"CDt4Ke zfr3Q\" dir=\"ltr\"><span class=\" aw5Odc\"><a class=\"XqQF9c\" href=\"https:\/\/www.google.com\/url?q=https%3A%2F%2Fwww.tse.jus.br%2Flegislacao%2Fcompilada%2Fprt%2F2021%2Fportaria-no-62-de-29-de-janeiro-de-2021&amp;sa=D&amp;sntz=1&amp;usg=AOvVaw3rIB_gRhSkSrVdcmtEPard\" target=\"_blank\" rel=\"noopener\">Portaria n<\/a><\/span><span class=\" aw5Odc\"><a class=\"XqQF9c\" href=\"https:\/\/www.google.com\/url?q=https%3A%2F%2Fwww.tse.jus.br%2Flegislacao%2Fcompilada%2Fprt%2F2021%2Fportaria-no-62-de-29-de-janeiro-de-2021&amp;sa=D&amp;sntz=1&amp;usg=AOvVaw3rIB_gRhSkSrVdcmtEPard\" target=\"_blank\" rel=\"noopener\">\u00b0<\/a><\/span><span class=\" aw5Odc\"><a class=\"XqQF9c\" href=\"https:\/\/www.google.com\/url?q=https%3A%2F%2Fwww.tse.jus.br%2Flegislacao%2Fcompilada%2Fprt%2F2021%2Fportaria-no-62-de-29-de-janeiro-de-2021&amp;sa=D&amp;sntz=1&amp;usg=AOvVaw3rIB_gRhSkSrVdcmtEPard\" target=\"_blank\" rel=\"noopener\"> 62, de 29 de janeiro de 2021<\/a><\/span> &#8211; Determina a aplica\u00e7\u00e3o \u00e0s elei\u00e7\u00f5es suplementares da dispensa de identifica\u00e7\u00e3o biom\u00e9trica e das regras excepcionais relativas a recep\u00e7\u00e3o de votos, justificativa, fiscaliza\u00e7\u00e3o no dia da elei\u00e7\u00e3o, hor\u00e1rio de funcionamento das se\u00e7\u00f5es eleitorais e distribui\u00e7\u00e3o dos eleitores, previstas para as elei\u00e7\u00f5es ordin\u00e1rias, em raz\u00e3o da persist\u00eancia da pandemia da Covid-19.<\/p><\/li><li class=\"TYR86d wXCUfe zfr3Q\" dir=\"ltr\"><p class=\"CDt4Ke zfr3Q\" dir=\"ltr\"><span class=\" aw5Odc\"><a class=\"XqQF9c\" href=\"https:\/\/www.google.com\/url?q=https%3A%2F%2Fwww.tse.jus.br%2Flegislacao%2Fcompilada%2Fprt%2F2021%2Fportaria-no-111-de-01-de-marco-de-2021&amp;sa=D&amp;sntz=1&amp;usg=AOvVaw1BkV_1nOBC3FEES2T67w22\" target=\"_blank\" rel=\"noopener\">Portaria n<\/a><\/span><span class=\" aw5Odc\"><a class=\"XqQF9c\" href=\"https:\/\/www.google.com\/url?q=https%3A%2F%2Fwww.tse.jus.br%2Flegislacao%2Fcompilada%2Fprt%2F2021%2Fportaria-no-111-de-01-de-marco-de-2021&amp;sa=D&amp;sntz=1&amp;usg=AOvVaw1BkV_1nOBC3FEES2T67w22\" target=\"_blank\" rel=\"noopener\">\u00b0<\/a><\/span><span class=\" aw5Odc\"><a class=\"XqQF9c\" href=\"https:\/\/www.google.com\/url?q=https%3A%2F%2Fwww.tse.jus.br%2Flegislacao%2Fcompilada%2Fprt%2F2021%2Fportaria-no-111-de-01-de-marco-de-2021&amp;sa=D&amp;sntz=1&amp;usg=AOvVaw1BkV_1nOBC3FEES2T67w22\" target=\"_blank\" rel=\"noopener\"> 111, de 01 de mar\u00e7o de 2021<\/a><\/span> &#8211; Determina a suspens\u00e3o do prazo para entrega de m\u00eddias eletr\u00f4nicas contendo documenta\u00e7\u00e3o relativa \u00e0 presta\u00e7\u00e3o de contas de campanha, nas Elei\u00e7\u00f5es 2020, por candidatos n\u00e3o eleitos e partidos pol\u00edticos, em raz\u00e3o do agravamento da pandemia da Covid-19.<\/p><\/li><li dir=\"ltr\"><a href=\"https:\/\/www.tse.jus.br\/legislacao\/compilada\/prt\/2021\/portaria-no-426-de-30-de-junho-de-2021-1\">Portaria n\u00b0 426, de 30 de junho de 2021<\/a> &#8211; Disp\u00f5e sobre\u00a0expediente\u00a0na Secretaria do Tribunal, atendimento ao p\u00fablico externo,\u00a0observadas as especificidades em raz\u00e3o da pandemia da Covid-19, ser\u00e1 das 13h \u00e0s 18h, no per\u00edodo de 2 a 31 de julho de 2021.<\/li><li dir=\"ltr\"><a href=\"https:\/\/www.tse.jus.br\/legislacao\/compilada\/prt\/2021\/portaria-no-627-de-28-de-setembro-de-2021\">Portaria n\u00b0 627, de 28 de setembro de 2021<\/a> &#8211; Disp\u00f5e sobre o protocolo para a realiza\u00e7\u00e3o de sess\u00f5es de julgamento no \u00e2mbito do Tribunal Superior Eleitoral em regime h\u00edbrido e estabelece medidas preventivas ao cont\u00e1gio pelo Novo Coronav\u00edrus (Covid-19).<\/li><li dir=\"ltr\"><a href=\"https:\/\/www.tse.jus.br\/legislacao\/compilada\/prt\/2021\/portaria-no-829-de-14-de-dezembro-de-2021\">Portaria n\u00b0 829, de 14 de dezembro de 2021<\/a> &#8211; Disp\u00f5e sobre retomada gradual dos servi\u00e7os presenciais no Tribunal Superior Eleitoral a partir de 1\u00ba de fevereiro de 2022 e estabelece medidas preventivas ao cont\u00e1gio pelo Novo Coronav\u00edrus (Covid-19).\u00a0<\/li><li dir=\"ltr\"><a href=\"https:\/\/www.tse.jus.br\/legislacao\/compilada\/prt\/2022\/portaria-no-346-de-05-de-abril-de-2022\">Portaria n\u00b0 346, de 05 de abril de 2022<\/a> &#8211; Institui grupo de trabalho com finalidade de promover estudos sobre a utiliza\u00e7\u00e3o da garagem e propor reformula\u00e7\u00f5es, frente \u00e0 nova realidade do trabalho p\u00f3s pandemia.<\/li><li dir=\"ltr\"><a href=\"https:\/\/www.tse.jus.br\/legislacao\/compilada\/prt\/2022\/portaria-no-391-de-25-de-abril-de-2022\">Portaria n\u00b0 391, de 25 de abril de 2022<\/a> &#8211; Altera a composi\u00e7\u00e3o do grupo de trabalho com finalidade de promover estudos sobre a utiliza\u00e7\u00e3o da garagem e propor reformula\u00e7\u00f5es, frente \u00e0 nova realidade do trabalho p\u00f3s pandemia.<\/li><li dir=\"ltr\"><a href=\"https:\/\/www.tse.jus.br\/legislacao\/compilada\/prt\/2022\/portaria-no-398-de-27-de-abril-de-2022\">Portaria n\u00b0 398, de 27 de abril de 2022<\/a> &#8211; Altera a composi\u00e7\u00e3o do grupo de trabalho com finalidade de promover estudos sobre a utiliza\u00e7\u00e3o da garagem e propor reformula\u00e7\u00f5es, frente \u00e0 nova realidade do trabalho p\u00f3s pandemia.<\/li><li class=\"TYR86d wXCUfe zfr3Q\" dir=\"ltr\"><p class=\"CDt4Ke zfr3Q\" dir=\"ltr\"><span class=\" aw5Odc\"><a class=\"XqQF9c\" href=\"https:\/\/www.google.com\/url?q=https%3A%2F%2Fwww.tse.jus.br%2Flegislacao%2Fcompilada%2Fprtc%2F2020%2Fportaria-conjunta-no-2-de-27-de-outubro-de-2020&amp;sa=D&amp;sntz=1&amp;usg=AOvVaw1S8dNpvK5nsTonvTXez8sT\" target=\"_blank\" rel=\"noopener\">Portaria Conjunta n\u00b0 2, de 27 de outubro de 2020<\/a><\/span> &#8211; Disp\u00f5e sobre a padroniza\u00e7\u00e3o de rotinas para apresenta\u00e7\u00e3o das listas ou fichas individuais de apoiamento \u00e0 cria\u00e7\u00e3o de partidos pol\u00edticos durante o per\u00edodo do regime de plant\u00e3o extraordin\u00e1rio estabelecido pelo Tribunal Superior Eleitoral em raz\u00e3o das restri\u00e7\u00f5es sanit\u00e1rias no per\u00edodo da pandemia do novo coronav\u00edrus.<\/p><\/li><li class=\"TYR86d wXCUfe zfr3Q\" dir=\"ltr\"><p class=\"CDt4Ke zfr3Q\" dir=\"ltr\"><span class=\" aw5Odc\"><a class=\"XqQF9c\" href=\"https:\/\/www.google.com\/url?q=https%3A%2F%2Fwww.tse.jus.br%2Flegislacao%2Fcompilada%2Fprv-cge%2F2020%2Fprovimento-cge-no-2-de-10-de-setembro-de-2020&amp;sa=D&amp;sntz=1&amp;usg=AOvVaw3aYfNw3-5PRUGe5FsQ8FXv\" target=\"_blank\" rel=\"noopener\">Provimento CGE n<\/a><\/span><span class=\" aw5Odc\"><a class=\"XqQF9c\" href=\"https:\/\/www.google.com\/url?q=https%3A%2F%2Fwww.tse.jus.br%2Flegislacao%2Fcompilada%2Fprv-cge%2F2020%2Fprovimento-cge-no-2-de-10-de-setembro-de-2020&amp;sa=D&amp;sntz=1&amp;usg=AOvVaw3aYfNw3-5PRUGe5FsQ8FXv\" target=\"_blank\" rel=\"noopener\">\u00b0<\/a><\/span><span class=\" aw5Odc\"><a class=\"XqQF9c\" href=\"https:\/\/www.google.com\/url?q=https%3A%2F%2Fwww.tse.jus.br%2Flegislacao%2Fcompilada%2Fprv-cge%2F2020%2Fprovimento-cge-no-2-de-10-de-setembro-de-2020&amp;sa=D&amp;sntz=1&amp;usg=AOvVaw3aYfNw3-5PRUGe5FsQ8FXv\" target=\"_blank\" rel=\"noopener\"> 2, de 10 de setembro de 2020<\/a><\/span> (REVOGADO pelo Provimento n\u00b0 2 \u2013 CGE, de 8 de abril de 2021) &#8211; Estabelece prazo limite para encaminhamento, pelos ju\u00edzos eleitorais, do relat\u00f3rio de correi\u00e7\u00e3o ordin\u00e1ria anual pertinente ao exerc\u00edcio de 2020.<\/p><\/li><li class=\"TYR86d wXCUfe zfr3Q\" dir=\"ltr\"><p class=\"CDt4Ke zfr3Q\" dir=\"ltr\"><span class=\" aw5Odc\"><a class=\"XqQF9c\" href=\"https:\/\/www.google.com\/url?q=https%3A%2F%2Fwww.tse.jus.br%2Flegislacao%2Fcompilada%2Fprv-cge%2F2021%2Fprovimento-no-2-cge-de-8-de-abril-de-2021&amp;sa=D&amp;sntz=1&amp;usg=AOvVaw3kxy1Q8AffW_o_9S_zxpXx\" target=\"_blank\" rel=\"noopener\">Provimento n<\/a><\/span><span class=\" aw5Odc\"><a class=\"XqQF9c\" href=\"https:\/\/www.google.com\/url?q=https%3A%2F%2Fwww.tse.jus.br%2Flegislacao%2Fcompilada%2Fprv-cge%2F2021%2Fprovimento-no-2-cge-de-8-de-abril-de-2021&amp;sa=D&amp;sntz=1&amp;usg=AOvVaw3kxy1Q8AffW_o_9S_zxpXx\" target=\"_blank\" rel=\"noopener\">\u00b0<\/a><\/span><span class=\" aw5Odc\"><a class=\"XqQF9c\" href=\"https:\/\/www.google.com\/url?q=https%3A%2F%2Fwww.tse.jus.br%2Flegislacao%2Fcompilada%2Fprv-cge%2F2021%2Fprovimento-no-2-cge-de-8-de-abril-de-2021&amp;sa=D&amp;sntz=1&amp;usg=AOvVaw3kxy1Q8AffW_o_9S_zxpXx\" target=\"_blank\" rel=\"noopener\"> 2 &#8211; CGE, de 8 de abril de 2021<\/a><\/span> &#8211; Estabelece prazo limite para encaminhamento, pelos ju\u00edzos eleitorais, do relat\u00f3rio de correi\u00e7\u00e3o ordin\u00e1ria anual pertinente ao exerc\u00edcio de 2020.<\/p><\/li><li class=\"TYR86d wXCUfe zfr3Q\" dir=\"ltr\"><p class=\"CDt4Ke zfr3Q\" dir=\"ltr\"><span class=\" aw5Odc\"><a class=\"XqQF9c\" href=\"https:\/\/www.google.com\/url?q=https%3A%2F%2Fwww.tse.jus.br%2Flegislacao%2Fcompilada%2Fprv-cge%2F2021%2Fprovimento-no-4-cge-de-20-de-abril-de-2021&amp;sa=D&amp;sntz=1&amp;usg=AOvVaw0SgEI8FmwfmVn1kQRdAk_O\" target=\"_blank\" rel=\"noopener\">Provimento n<\/a><\/span><span class=\" aw5Odc\"><a class=\"XqQF9c\" href=\"https:\/\/www.google.com\/url?q=https%3A%2F%2Fwww.tse.jus.br%2Flegislacao%2Fcompilada%2Fprv-cge%2F2021%2Fprovimento-no-4-cge-de-20-de-abril-de-2021&amp;sa=D&amp;sntz=1&amp;usg=AOvVaw0SgEI8FmwfmVn1kQRdAk_O\" target=\"_blank\" rel=\"noopener\">\u00b0<\/a><\/span><span class=\" aw5Odc\"><a class=\"XqQF9c\" href=\"https:\/\/www.google.com\/url?q=https%3A%2F%2Fwww.tse.jus.br%2Flegislacao%2Fcompilada%2Fprv-cge%2F2021%2Fprovimento-no-4-cge-de-20-de-abril-de-2021&amp;sa=D&amp;sntz=1&amp;usg=AOvVaw0SgEI8FmwfmVn1kQRdAk_O\" target=\"_blank\" rel=\"noopener\"> 4 &#8211; CGE, de 20 de abril de 2021<\/a><\/span> &#8211; Estabelece prazo para aprecia\u00e7\u00e3o dos requerimentos de opera\u00e7\u00f5es formuladas pelo T\u00edtulo Net e para envio dos respectivos lotes para processamento.<\/p><\/li><\/ul><\/div><\/div><\/div><\/div><div class=\"oKdM2c ZZyype\"><div id=\"h.5f601c0e18225e1a_28\" class=\"hJDwNd-AhqUyc-uQSCkd Ft7HRd-AhqUyc-uQSCkd jXK9ad D2fZ2 zu5uec wHaque g5GTcb GNzUNc\"><div class=\"jXK9ad-SmKAyb\"><div class=\"tyJCtd mGzaTb Depvyb baZpAe\"><small id=\"h.e15mlt2bdudo\" class=\"CDt4Ke zfr3Q TMjjoe\" dir=\"ltr\">Cr\u00e9dito: Tribunal Superior Eleitoral<\/small><\/div><\/div><\/div><\/div><\/div><\/div><\/div><\/div><\/div><\/div>\n\t\t\t\t<\/div>\n\t\t\t\t\t\t\t\t<\/div>\n\t\t\t\t\t\t<\/div>\n\t\t\t\t<\/div>\n\t\t\t\t<div class=\"elementor-element elementor-element-c497eb9 elementor-widget elementor-widget-text-editor\" data-id=\"c497eb9\" data-element_type=\"widget\" data-widget_type=\"text-editor.default\">\n\t\t\t\t<div class=\"elementor-widget-container\">\n\t\t\t\t\t\t\t\t\t<p class=\"CDt4Ke zfr3Q\" dir=\"ltr\" style=\"text-align: right;\">Cr\u00e9dito: Se\u00e7\u00e3o de Legisla\u00e7\u00e3o e Editora\u00e7\u00e3o<\/p><p class=\"CDt4Ke zfr3Q\" dir=\"ltr\" style=\"text-align: right;\">\u00a0<\/p>\t\t\t\t\t\t\t\t<\/div>\n\t\t\t\t<\/div>\n\t\t\t\t\t<\/div>\n\t\t<\/div>\n\t\t\t\t\t<\/div>\n\t\t<\/section>\n\t\t\t\t<section class=\"elementor-section elementor-top-section elementor-element elementor-element-f0e259f elementor-section-boxed elementor-section-height-default elementor-section-height-default\" data-id=\"f0e259f\" data-element_type=\"section\">\n\t\t\t\t\t\t<div class=\"elementor-container elementor-column-gap-default\">\n\t\t\t\t\t<div class=\"elementor-column elementor-col-100 elementor-top-column elementor-element elementor-element-ec8d71f\" data-id=\"ec8d71f\" data-element_type=\"column\">\n\t\t\t<div class=\"elementor-widget-wrap elementor-element-populated\">\n\t\t\t\t\t\t<div class=\"elementor-element elementor-element-9fe839e elementor-widget elementor-widget-spacer\" data-id=\"9fe839e\" data-element_type=\"widget\" data-widget_type=\"spacer.default\">\n\t\t\t\t<div class=\"elementor-widget-container\">\n\t\t\t\t\t\t\t<div class=\"elementor-spacer\">\n\t\t\t<div class=\"elementor-spacer-inner\"><\/div>\n\t\t<\/div>\n\t\t\t\t\t\t<\/div>\n\t\t\t\t<\/div>\n\t\t\t\t\t<\/div>\n\t\t<\/div>\n\t\t\t\t\t<\/div>\n\t\t<\/section>\n\t\t\t\t<section class=\"elementor-section elementor-top-section elementor-element elementor-element-aeb68bd elementor-section-boxed elementor-section-height-default elementor-section-height-default\" data-id=\"aeb68bd\" data-element_type=\"section\">\n\t\t\t\t\t\t<div class=\"elementor-container elementor-column-gap-default\">\n\t\t\t\t\t<div class=\"elementor-column elementor-col-100 elementor-top-column elementor-element elementor-element-2576807\" data-id=\"2576807\" data-element_type=\"column\">\n\t\t\t<div class=\"elementor-widget-wrap\">\n\t\t\t\t\t\t\t<\/div>\n\t\t<\/div>\n\t\t\t\t\t<\/div>\n\t\t<\/section>\n\t\t\t\t<\/div>\n\t\t","protected":false},"excerpt":{"rendered":"<p>Atos Normativos Voltar para Pandemia da COVID-19 Acervo Dados hist\u00f3ricos de constru\u00e7\u00e3o dos pr\u00e9dios da Justi\u00e7a Eleitoral Documentos Hist\u00f3ricos Centro de Mem\u00f3ria Des. Geraldo Crispim Borges Elei\u00e7\u00f5es Antigas Diplomas Acessibilidade e Log\u00edstica Sustent\u00e1vel Acessibilidade e Log\u00edstica Sustent\u00e1vel Comenda Desembargador Jorge de Morais Jardim Resolu\u00e7\u00e3o n\u00ba 02\/96 Condecorados Fotografias Comiss\u00e3o de Gest\u00e3o da Mem\u00f3ria e Cultura [&hellip;]<\/p>\n","protected":false},"author":4,"featured_media":0,"parent":0,"menu_order":0,"comment_status":"closed","ping_status":"closed","template":"","meta":{"site-sidebar-layout":"no-sidebar","site-content-layout":"page-builder","ast-site-content-layout":"default","site-content-style":"default","site-sidebar-style":"default","ast-global-header-display":"","ast-banner-title-visibility":"","ast-main-header-display":"","ast-hfb-above-header-display":"","ast-hfb-below-header-display":"","ast-hfb-mobile-header-display":"","site-post-title":"disabled","ast-breadcrumbs-content":"","ast-featured-img":"disabled","footer-sml-layout":"","theme-transparent-header-meta":"enabled","adv-header-id-meta":"","stick-header-meta":"","header-above-stick-meta":"","header-main-stick-meta":"","header-below-stick-meta":"","astra-migrate-meta-layouts":"default","ast-page-background-enabled":"default","ast-page-background-meta":{"desktop":{"background-color":"var(--ast-global-color-4)","background-image":"","background-repeat":"repeat","background-position":"center center","background-size":"auto","background-attachment":"scroll","background-type":"","background-media":"","overlay-type":"","overlay-color":"","overlay-opacity":"","overlay-gradient":""},"tablet":{"background-color":"","background-image":"","background-repeat":"repeat","background-position":"center center","background-size":"auto","background-attachment":"scroll","background-type":"","background-media":"","overlay-type":"","overlay-color":"","overlay-opacity":"","overlay-gradient":""},"mobile":{"background-color":"","background-image":"","background-repeat":"repeat","background-position":"center center","background-size":"auto","background-attachment":"scroll","background-type":"","background-media":"","overlay-type":"","overlay-color":"","overlay-opacity":"","overlay-gradient":""}},"ast-content-background-meta":{"desktop":{"background-color":"var(--ast-global-color-5)","background-image":"","background-repeat":"repeat","background-position":"center center","background-size":"auto","background-attachment":"scroll","background-type":"","background-media":"","overlay-type":"","overlay-color":"","overlay-opacity":"","overlay-gradient":""},"tablet":{"background-color":"var(--ast-global-color-5)","background-image":"","background-repeat":"repeat","background-position":"center center","background-size":"auto","background-attachment":"scroll","background-type":"","background-media":"","overlay-type":"","overlay-color":"","overlay-opacity":"","overlay-gradient":""},"mobile":{"background-color":"var(--ast-global-color-5)","background-image":"","background-repeat":"repeat","background-position":"center center","background-size":"auto","background-attachment":"scroll","background-type":"","background-media":"","overlay-type":"","overlay-color":"","overlay-opacity":"","overlay-gradient":""}},"footnotes":""},"class_list":["post-6892","page","type-page","status-publish","hentry"],"_links":{"self":[{"href":"http:\/\/10.10.1.232\/wordpress\/index.php?rest_route=\/wp\/v2\/pages\/6892","targetHints":{"allow":["GET"]}}],"collection":[{"href":"http:\/\/10.10.1.232\/wordpress\/index.php?rest_route=\/wp\/v2\/pages"}],"about":[{"href":"http:\/\/10.10.1.232\/wordpress\/index.php?rest_route=\/wp\/v2\/types\/page"}],"author":[{"embeddable":true,"href":"http:\/\/10.10.1.232\/wordpress\/index.php?rest_route=\/wp\/v2\/users\/4"}],"replies":[{"embeddable":true,"href":"http:\/\/10.10.1.232\/wordpress\/index.php?rest_route=%2Fwp%2Fv2%2Fcomments&post=6892"}],"version-history":[{"count":105,"href":"http:\/\/10.10.1.232\/wordpress\/index.php?rest_route=\/wp\/v2\/pages\/6892\/revisions"}],"predecessor-version":[{"id":21814,"href":"http:\/\/10.10.1.232\/wordpress\/index.php?rest_route=\/wp\/v2\/pages\/6892\/revisions\/21814"}],"wp:attachment":[{"href":"http:\/\/10.10.1.232\/wordpress\/index.php?rest_route=%2Fwp%2Fv2%2Fmedia&parent=6892"}],"curies":[{"name":"wp","href":"https:\/\/api.w.org\/{rel}","templated":true}]}}