{"id":24205,"date":"2026-04-24T14:18:05","date_gmt":"2026-04-24T17:18:05","guid":{"rendered":"http:\/\/10.10.1.232\/wordpress\/?page_id=24205"},"modified":"2026-04-24T14:21:20","modified_gmt":"2026-04-24T17:21:20","slug":"a-historia-da-justica-eleitoral-de-goias","status":"publish","type":"page","link":"http:\/\/10.10.1.232\/wordpress\/?page_id=24205","title":{"rendered":"A Hist\u00f3ria da Justi\u00e7a Eleitoral de Goi\u00e1s"},"content":{"rendered":"\t\t<div data-elementor-type=\"wp-page\" data-elementor-id=\"24205\" class=\"elementor elementor-24205\">\n\t\t\t\t\t\t<section class=\"elementor-section elementor-top-section elementor-element elementor-element-c8ddeb6 elementor-section-height-min-height elementor-section-boxed elementor-section-height-default elementor-section-items-middle\" data-id=\"c8ddeb6\" data-element_type=\"section\" data-settings=\"{&quot;background_background&quot;:&quot;classic&quot;}\">\n\t\t\t\t\t\t\t<div class=\"elementor-background-overlay\"><\/div>\n\t\t\t\t\t\t\t<div class=\"elementor-container elementor-column-gap-default\">\n\t\t\t\t\t<div class=\"elementor-column elementor-col-100 elementor-top-column elementor-element elementor-element-6a5337e\" data-id=\"6a5337e\" data-element_type=\"column\">\n\t\t\t<div class=\"elementor-widget-wrap elementor-element-populated\">\n\t\t\t\t\t\t<div class=\"elementor-element elementor-element-feefb6c elementor-widget elementor-widget-heading\" data-id=\"feefb6c\" data-element_type=\"widget\" data-widget_type=\"heading.default\">\n\t\t\t\t<div class=\"elementor-widget-container\">\n\t\t\t\t\t<h2 class=\"elementor-heading-title elementor-size-default\">A Hist\u00f3ria da Justi\u00e7a Eleitoral de Goi\u00e1s<\/h2>\t\t\t\t<\/div>\n\t\t\t\t<\/div>\n\t\t\t\t\t<\/div>\n\t\t<\/div>\n\t\t\t\t\t<\/div>\n\t\t<\/section>\n\t\t\t\t<section class=\"elementor-section elementor-top-section elementor-element elementor-element-ae3664b elementor-section-boxed elementor-section-height-default elementor-section-height-default\" data-id=\"ae3664b\" data-element_type=\"section\">\n\t\t\t\t\t\t<div class=\"elementor-container elementor-column-gap-default\">\n\t\t\t\t\t<div class=\"elementor-column elementor-col-100 elementor-top-column elementor-element elementor-element-18ea5ac\" data-id=\"18ea5ac\" data-element_type=\"column\">\n\t\t\t<div class=\"elementor-widget-wrap elementor-element-populated\">\n\t\t\t\t\t\t<div class=\"elementor-element elementor-element-a569c8a elementor-widget elementor-widget-spacer\" data-id=\"a569c8a\" data-element_type=\"widget\" data-widget_type=\"spacer.default\">\n\t\t\t\t<div class=\"elementor-widget-container\">\n\t\t\t\t\t\t\t<div class=\"elementor-spacer\">\n\t\t\t<div class=\"elementor-spacer-inner\"><\/div>\n\t\t<\/div>\n\t\t\t\t\t\t<\/div>\n\t\t\t\t<\/div>\n\t\t\t\t\t<\/div>\n\t\t<\/div>\n\t\t\t\t\t<\/div>\n\t\t<\/section>\n\t\t\t\t<section class=\"elementor-section elementor-top-section elementor-element elementor-element-aeb68bd elementor-section-boxed elementor-section-height-default elementor-section-height-default\" data-id=\"aeb68bd\" data-element_type=\"section\">\n\t\t\t\t\t\t<div class=\"elementor-container elementor-column-gap-default\">\n\t\t\t\t\t<div class=\"elementor-column elementor-col-100 elementor-top-column elementor-element elementor-element-2576807\" data-id=\"2576807\" data-element_type=\"column\">\n\t\t\t<div class=\"elementor-widget-wrap\">\n\t\t\t\t\t\t\t<\/div>\n\t\t<\/div>\n\t\t\t\t\t<\/div>\n\t\t<\/section>\n\t\t\t\t<section class=\"elementor-section elementor-top-section elementor-element elementor-element-398ee64 elementor-section-boxed elementor-section-height-default elementor-section-height-default\" data-id=\"398ee64\" data-element_type=\"section\">\n\t\t\t\t\t\t<div class=\"elementor-container elementor-column-gap-default\">\n\t\t\t\t\t<div class=\"elementor-column elementor-col-100 elementor-top-column elementor-element elementor-element-06030ce\" data-id=\"06030ce\" data-element_type=\"column\">\n\t\t\t<div class=\"elementor-widget-wrap elementor-element-populated\">\n\t\t\t\t\t\t<div class=\"elementor-element elementor-element-ca88c74 elementor-widget elementor-widget-button\" data-id=\"ca88c74\" data-element_type=\"widget\" data-widget_type=\"button.default\">\n\t\t\t\t<div class=\"elementor-widget-container\">\n\t\t\t\t\t\t\t\t\t<div class=\"elementor-button-wrapper\">\n\t\t\t\t\t<a class=\"elementor-button elementor-button-link elementor-size-sm\" href=\"http:\/\/10.10.1.232\/wordpress\/?preview_id=11\">\n\t\t\t\t\t\t<span class=\"elementor-button-content-wrapper\">\n\t\t\t\t\t\t\t\t\t<span class=\"elementor-button-text\">Voltar ao menu inicial<\/span>\n\t\t\t\t\t<\/span>\n\t\t\t\t\t<\/a>\n\t\t\t\t<\/div>\n\t\t\t\t\t\t\t\t<\/div>\n\t\t\t\t<\/div>\n\t\t\t\t<div class=\"elementor-element elementor-element-f917886 elementor-widget-divider--view-line elementor-widget elementor-widget-divider\" data-id=\"f917886\" data-element_type=\"widget\" data-widget_type=\"divider.default\">\n\t\t\t\t<div class=\"elementor-widget-container\">\n\t\t\t\t\t\t\t<div class=\"elementor-divider\">\n\t\t\t<span class=\"elementor-divider-separator\">\n\t\t\t\t\t\t<\/span>\n\t\t<\/div>\n\t\t\t\t\t\t<\/div>\n\t\t\t\t<\/div>\n\t\t\t\t<section class=\"elementor-section elementor-inner-section elementor-element elementor-element-2f45a6c elementor-section-boxed elementor-section-height-default elementor-section-height-default\" data-id=\"2f45a6c\" data-element_type=\"section\">\n\t\t\t\t\t\t<div class=\"elementor-container elementor-column-gap-default\">\n\t\t\t\t\t<div class=\"elementor-column elementor-col-100 elementor-inner-column elementor-element elementor-element-a02ce61\" data-id=\"a02ce61\" data-element_type=\"column\">\n\t\t\t<div class=\"elementor-widget-wrap elementor-element-populated\">\n\t\t\t\t\t\t<div class=\"elementor-element elementor-element-82631a1 elementor-widget elementor-widget-heading\" data-id=\"82631a1\" data-element_type=\"widget\" data-widget_type=\"heading.default\">\n\t\t\t\t<div class=\"elementor-widget-container\">\n\t\t\t\t\t<h2 class=\"elementor-heading-title elementor-size-default\">A Hist\u00f3ria da Justi\u00e7a Eleitoral de Goi\u00e1s<\/h2>\t\t\t\t<\/div>\n\t\t\t\t<\/div>\n\t\t\t\t\t<\/div>\n\t\t<\/div>\n\t\t\t\t\t<\/div>\n\t\t<\/section>\n\t\t\t\t\t<\/div>\n\t\t<\/div>\n\t\t\t\t\t<\/div>\n\t\t<\/section>\n\t\t\t\t<section class=\"elementor-section elementor-top-section elementor-element elementor-element-e4a418e elementor-section-boxed elementor-section-height-default elementor-section-height-default\" data-id=\"e4a418e\" data-element_type=\"section\">\n\t\t\t\t\t\t<div class=\"elementor-container elementor-column-gap-default\">\n\t\t\t\t\t<div class=\"elementor-column elementor-col-100 elementor-top-column elementor-element elementor-element-2305793\" data-id=\"2305793\" data-element_type=\"column\">\n\t\t\t<div class=\"elementor-widget-wrap elementor-element-populated\">\n\t\t\t\t\t\t<div class=\"elementor-element elementor-element-c7d79f1 elementor-widget elementor-widget-text-editor\" data-id=\"c7d79f1\" data-element_type=\"widget\" data-widget_type=\"text-editor.default\">\n\t\t\t\t<div class=\"elementor-widget-container\">\n\t\t\t\t\t\t\t\t\t<p>A cria\u00e7\u00e3o da Justi\u00e7a Eleitoral no Brasil est\u00e1 diretamente ligada \u00e0 necessidade de enfrentar fraudes e garantir maior integridade aos processos eleitorais, problemas recorrentes durante a Primeira Rep\u00fablica. Esse processo se consolidou com a promulga\u00e7\u00e3o do primeiro C\u00f3digo Eleitoral brasileiro, em 24 de fevereiro de 1932, por meio do Decreto n\u00ba 21.076, que instituiu uma Justi\u00e7a especializada respons\u00e1vel por organizar e assegurar a legitimidade das elei\u00e7\u00f5es. Entre as principais inova\u00e7\u00f5es estavam o voto secreto, o voto feminino e a representa\u00e7\u00e3o proporcional, avan\u00e7os fundamentais para a consolida\u00e7\u00e3o democr\u00e1tica no pa\u00eds.<\/p>\t\t\t\t\t\t\t\t<\/div>\n\t\t\t\t<\/div>\n\t\t\t\t\t<\/div>\n\t\t<\/div>\n\t\t\t\t\t<\/div>\n\t\t<\/section>\n\t\t\t\t<section class=\"elementor-section elementor-top-section elementor-element elementor-element-4f8ba53 elementor-section-boxed elementor-section-height-default elementor-section-height-default\" data-id=\"4f8ba53\" data-element_type=\"section\">\n\t\t\t\t\t\t<div class=\"elementor-container elementor-column-gap-default\">\n\t\t\t\t\t<div class=\"elementor-column elementor-col-100 elementor-top-column elementor-element elementor-element-7380572\" data-id=\"7380572\" data-element_type=\"column\">\n\t\t\t<div class=\"elementor-widget-wrap elementor-element-populated\">\n\t\t\t\t\t\t<section class=\"elementor-section elementor-inner-section elementor-element elementor-element-c6fff47 elementor-section-boxed elementor-section-height-default elementor-section-height-default\" data-id=\"c6fff47\" data-element_type=\"section\">\n\t\t\t\t\t\t<div class=\"elementor-container elementor-column-gap-default\">\n\t\t\t\t\t<div class=\"elementor-column elementor-col-50 elementor-inner-column elementor-element elementor-element-bef8a08\" data-id=\"bef8a08\" data-element_type=\"column\">\n\t\t\t<div class=\"elementor-widget-wrap\">\n\t\t\t\t\t\t\t<\/div>\n\t\t<\/div>\n\t\t\t\t<div class=\"elementor-column elementor-col-50 elementor-inner-column elementor-element elementor-element-7e91ad3\" data-id=\"7e91ad3\" data-element_type=\"column\">\n\t\t\t<div class=\"elementor-widget-wrap elementor-element-populated\">\n\t\t\t\t\t\t<div class=\"elementor-element elementor-element-99331c6 elementor-widget__width-initial elementor-widget elementor-widget-image\" data-id=\"99331c6\" data-element_type=\"widget\" data-widget_type=\"image.default\">\n\t\t\t\t<div class=\"elementor-widget-container\">\n\t\t\t\t\t\t\t\t\t\t\t\t\t\t\t<img fetchpriority=\"high\" decoding=\"async\" width=\"1024\" height=\"724\" src=\"http:\/\/10.10.1.232\/wordpress\/wp-content\/uploads\/2026\/04\/Linha-do-Tempo-17-1024x724.png\" class=\"attachment-large size-large wp-image-24116\" alt=\"\" srcset=\"http:\/\/10.10.1.232\/wordpress\/wp-content\/uploads\/2026\/04\/Linha-do-Tempo-17-1024x724.png 1024w, http:\/\/10.10.1.232\/wordpress\/wp-content\/uploads\/2026\/04\/Linha-do-Tempo-17-300x212.png 300w, http:\/\/10.10.1.232\/wordpress\/wp-content\/uploads\/2026\/04\/Linha-do-Tempo-17-768x543.png 768w, http:\/\/10.10.1.232\/wordpress\/wp-content\/uploads\/2026\/04\/Linha-do-Tempo-17-1536x1086.png 1536w, http:\/\/10.10.1.232\/wordpress\/wp-content\/uploads\/2026\/04\/Linha-do-Tempo-17-2048x1448.png 2048w\" sizes=\"(max-width: 1024px) 100vw, 1024px\" \/>\t\t\t\t\t\t\t\t\t\t\t\t\t\t\t<\/div>\n\t\t\t\t<\/div>\n\t\t\t\t\t<\/div>\n\t\t<\/div>\n\t\t\t\t\t<\/div>\n\t\t<\/section>\n\t\t\t\t<div class=\"elementor-element elementor-element-cf24952 elementor-widget elementor-widget-text-editor\" data-id=\"cf24952\" data-element_type=\"widget\" data-widget_type=\"text-editor.default\">\n\t\t\t\t<div class=\"elementor-widget-container\">\n\t\t\t\t\t\t\t\t\t<p>No contexto dessas transforma\u00e7\u00f5es, o Tribunal Regional Eleitoral de Goi\u00e1s (TRE-GO) foi inaugurado em 20 de agosto de 1932, em sess\u00e3o solene realizada no sal\u00e3o de honra da extinta C\u00e2mara dos Deputados, na Cidade de Goi\u00e1s, ent\u00e3o capital do estado. Nos seus primeiros anos, sob a presid\u00eancia do desembargador Maur\u00edlio Augusto Curado Fleury, o Tribunal Regional Eleitoral de Goi\u00e1s dedicou-se \u00e0 organiza\u00e7\u00e3o e regulariza\u00e7\u00e3o do alistamento eleitoral, etapa essencial para a realiza\u00e7\u00e3o das primeiras elei\u00e7\u00f5es conduzidas pela Justi\u00e7a Eleitoral em Goi\u00e1s, ocorridas em 1933 e 1934.<\/p>\t\t\t\t\t\t\t\t<\/div>\n\t\t\t\t<\/div>\n\t\t\t\t\t<\/div>\n\t\t<\/div>\n\t\t\t\t\t<\/div>\n\t\t<\/section>\n\t\t\t\t<section class=\"elementor-section elementor-top-section elementor-element elementor-element-781156e elementor-section-boxed elementor-section-height-default elementor-section-height-default\" data-id=\"781156e\" data-element_type=\"section\">\n\t\t\t\t\t\t<div class=\"elementor-container elementor-column-gap-default\">\n\t\t\t\t\t<div class=\"elementor-column elementor-col-100 elementor-top-column elementor-element elementor-element-5a27288\" data-id=\"5a27288\" data-element_type=\"column\">\n\t\t\t<div class=\"elementor-widget-wrap elementor-element-populated\">\n\t\t\t\t\t\t<section class=\"elementor-section elementor-inner-section elementor-element elementor-element-3ca11ec elementor-section-boxed elementor-section-height-default elementor-section-height-default\" data-id=\"3ca11ec\" data-element_type=\"section\">\n\t\t\t\t\t\t<div class=\"elementor-container elementor-column-gap-default\">\n\t\t\t\t\t<div class=\"elementor-column elementor-col-50 elementor-inner-column elementor-element elementor-element-079857c\" data-id=\"079857c\" data-element_type=\"column\">\n\t\t\t<div class=\"elementor-widget-wrap\">\n\t\t\t\t\t\t\t<\/div>\n\t\t<\/div>\n\t\t\t\t<div class=\"elementor-column elementor-col-50 elementor-inner-column elementor-element elementor-element-27c7774\" data-id=\"27c7774\" data-element_type=\"column\">\n\t\t\t<div class=\"elementor-widget-wrap elementor-element-populated\">\n\t\t\t\t\t\t<div class=\"elementor-element elementor-element-64bbd99 elementor-widget__width-initial elementor-widget elementor-widget-image\" data-id=\"64bbd99\" data-element_type=\"widget\" data-widget_type=\"image.default\">\n\t\t\t\t<div class=\"elementor-widget-container\">\n\t\t\t\t\t\t\t\t\t\t\t\t\t\t\t<img decoding=\"async\" width=\"1024\" height=\"724\" src=\"http:\/\/10.10.1.232\/wordpress\/wp-content\/uploads\/2026\/04\/Linha-do-Tempo-1-1024x724.png\" class=\"attachment-large size-large wp-image-24068\" alt=\"\" srcset=\"http:\/\/10.10.1.232\/wordpress\/wp-content\/uploads\/2026\/04\/Linha-do-Tempo-1-1024x724.png 1024w, http:\/\/10.10.1.232\/wordpress\/wp-content\/uploads\/2026\/04\/Linha-do-Tempo-1-300x212.png 300w, http:\/\/10.10.1.232\/wordpress\/wp-content\/uploads\/2026\/04\/Linha-do-Tempo-1-768x543.png 768w, http:\/\/10.10.1.232\/wordpress\/wp-content\/uploads\/2026\/04\/Linha-do-Tempo-1-1536x1086.png 1536w, http:\/\/10.10.1.232\/wordpress\/wp-content\/uploads\/2026\/04\/Linha-do-Tempo-1-2048x1448.png 2048w\" sizes=\"(max-width: 1024px) 100vw, 1024px\" \/>\t\t\t\t\t\t\t\t\t\t\t\t\t\t\t<\/div>\n\t\t\t\t<\/div>\n\t\t\t\t\t<\/div>\n\t\t<\/div>\n\t\t\t\t\t<\/div>\n\t\t<\/section>\n\t\t\t\t<div class=\"elementor-element elementor-element-a4810cd elementor-widget elementor-widget-text-editor\" data-id=\"a4810cd\" data-element_type=\"widget\" data-widget_type=\"text-editor.default\">\n\t\t\t\t<div class=\"elementor-widget-container\">\n\t\t\t\t\t\t\t\t\t<p>Em setembro de 1935, a presid\u00eancia do TRE-GO foi assumida pelo desembargador Rodolpho Luz Vieira. Esse momento coincidiu com importantes transforma\u00e7\u00f5es territoriais e administrativas: a cria\u00e7\u00e3o do munic\u00edpio de Goi\u00e2nia, por meio do decreto estadual n\u00ba 327, de 2 de agosto de 1935 e o in\u00edcio da transfer\u00eancia da capital. Com a oficializa\u00e7\u00e3o da nova capital pelo Decreto estadual n\u00ba 1.816, de 23 de mar\u00e7o de 1937, e o consequente deslocamento das estruturas do Poder Judici\u00e1rio, o Tribunal Regional Eleitoral de Goi\u00e1s foi transferido definitivamente para Goi\u00e2nia em 14 de junho de 1937, passando a funcionar em sua nova sede na Pra\u00e7a C\u00edvica.<\/p>\t\t\t\t\t\t\t\t<\/div>\n\t\t\t\t<\/div>\n\t\t\t\t\t<\/div>\n\t\t<\/div>\n\t\t\t\t\t<\/div>\n\t\t<\/section>\n\t\t\t\t<section class=\"elementor-section elementor-top-section elementor-element elementor-element-3a76d7d elementor-section-boxed elementor-section-height-default elementor-section-height-default\" data-id=\"3a76d7d\" data-element_type=\"section\">\n\t\t\t\t\t\t<div class=\"elementor-container elementor-column-gap-default\">\n\t\t\t\t\t<div class=\"elementor-column elementor-col-100 elementor-top-column elementor-element elementor-element-a8f7e56\" data-id=\"a8f7e56\" data-element_type=\"column\">\n\t\t\t<div class=\"elementor-widget-wrap elementor-element-populated\">\n\t\t\t\t\t\t<section class=\"elementor-section elementor-inner-section elementor-element elementor-element-9eaccdd elementor-section-boxed elementor-section-height-default elementor-section-height-default\" data-id=\"9eaccdd\" data-element_type=\"section\">\n\t\t\t\t\t\t<div class=\"elementor-container elementor-column-gap-default\">\n\t\t\t\t\t<div class=\"elementor-column elementor-col-50 elementor-inner-column elementor-element elementor-element-05287d5\" data-id=\"05287d5\" data-element_type=\"column\">\n\t\t\t<div class=\"elementor-widget-wrap\">\n\t\t\t\t\t\t\t<\/div>\n\t\t<\/div>\n\t\t\t\t<div class=\"elementor-column elementor-col-50 elementor-inner-column elementor-element elementor-element-0ad19eb\" data-id=\"0ad19eb\" data-element_type=\"column\">\n\t\t\t<div class=\"elementor-widget-wrap elementor-element-populated\">\n\t\t\t\t\t\t<div class=\"elementor-element elementor-element-bff5cc7 elementor-widget__width-initial elementor-widget elementor-widget-image\" data-id=\"bff5cc7\" data-element_type=\"widget\" data-widget_type=\"image.default\">\n\t\t\t\t<div class=\"elementor-widget-container\">\n\t\t\t\t\t\t\t\t\t\t\t\t\t\t\t<img decoding=\"async\" width=\"1024\" height=\"724\" src=\"http:\/\/10.10.1.232\/wordpress\/wp-content\/uploads\/2026\/04\/Linha-do-Tempo-2-1024x724.png\" class=\"attachment-large size-large wp-image-24069\" alt=\"\" srcset=\"http:\/\/10.10.1.232\/wordpress\/wp-content\/uploads\/2026\/04\/Linha-do-Tempo-2-1024x724.png 1024w, http:\/\/10.10.1.232\/wordpress\/wp-content\/uploads\/2026\/04\/Linha-do-Tempo-2-300x212.png 300w, http:\/\/10.10.1.232\/wordpress\/wp-content\/uploads\/2026\/04\/Linha-do-Tempo-2-768x543.png 768w, http:\/\/10.10.1.232\/wordpress\/wp-content\/uploads\/2026\/04\/Linha-do-Tempo-2-1536x1086.png 1536w, http:\/\/10.10.1.232\/wordpress\/wp-content\/uploads\/2026\/04\/Linha-do-Tempo-2-2048x1448.png 2048w\" sizes=\"(max-width: 1024px) 100vw, 1024px\" \/>\t\t\t\t\t\t\t\t\t\t\t\t\t\t\t<\/div>\n\t\t\t\t<\/div>\n\t\t\t\t\t<\/div>\n\t\t<\/div>\n\t\t\t\t\t<\/div>\n\t\t<\/section>\n\t\t\t\t<div class=\"elementor-element elementor-element-5b0ad3b elementor-widget elementor-widget-text-editor\" data-id=\"5b0ad3b\" data-element_type=\"widget\" data-widget_type=\"text-editor.default\">\n\t\t\t\t<div class=\"elementor-widget-container\">\n\t\t\t\t\t\t\t\t\t<p>A primeira fase da Justi\u00e7a Eleitoral em Goi\u00e1s, compreendida entre 1932 e 1937, teve como \u00faltimo presidente o desembargador Ant\u00f4nio Perilo, que assumiu o cargo em agosto de 1936. Sua gest\u00e3o foi interrompida pelo golpe do Estado Novo, instaurado em novembro de 1937 pelo governo de Get\u00falio Vargas, que extinguiu a Justi\u00e7a Eleitoral e instituiu elei\u00e7\u00f5es indiretas. A Justi\u00e7a Eleitoral seria restabelecida apenas oito anos depois, em 1945, por meio do Decreto-Lei n\u00ba 7.586, conhecido como Lei Agamenon, dando in\u00edcio \u00e0 sua segunda fase, que se estende at\u00e9 os dias atuais. Em Goi\u00e1s, o Tribunal foi reorganizado e passou a estruturar novamente o sistema eleitoral, promovendo a divis\u00e3o do estado inicialmente em 33 Zonas Eleitorais. A partir desse momento, a Justi\u00e7a Eleitoral goiana passou por um cont\u00ednuo processo de expans\u00e3o e moderniza\u00e7\u00e3o. Destacam-se a cria\u00e7\u00e3o de novas zonas eleitorais, a constru\u00e7\u00e3o de cart\u00f3rios em diversos munic\u00edpios e a ado\u00e7\u00e3o de tecnologias que transformaram o processo de vota\u00e7\u00e3o. A introdu\u00e7\u00e3o da urna eletr\u00f4nica, iniciada na d\u00e9cada de 1990 em cidades com maior n\u00famero de eleitores e ampliada para todo o pa\u00eds a partir dos anos 2000, representou um avan\u00e7o significativo na seguran\u00e7a e na agilidade das elei\u00e7\u00f5es.\u00a0<\/p>\t\t\t\t\t\t\t\t<\/div>\n\t\t\t\t<\/div>\n\t\t\t\t\t<\/div>\n\t\t<\/div>\n\t\t\t\t\t<\/div>\n\t\t<\/section>\n\t\t\t\t<section class=\"elementor-section elementor-top-section elementor-element elementor-element-92aab85 elementor-section-boxed elementor-section-height-default elementor-section-height-default\" data-id=\"92aab85\" data-element_type=\"section\">\n\t\t\t\t\t\t<div class=\"elementor-container elementor-column-gap-default\">\n\t\t\t\t\t<div class=\"elementor-column elementor-col-100 elementor-top-column elementor-element elementor-element-13cc962\" data-id=\"13cc962\" data-element_type=\"column\">\n\t\t\t<div class=\"elementor-widget-wrap elementor-element-populated\">\n\t\t\t\t\t\t<div class=\"elementor-element elementor-element-9f5bebc elementor-widget elementor-widget-text-editor\" data-id=\"9f5bebc\" data-element_type=\"widget\" data-widget_type=\"text-editor.default\">\n\t\t\t\t<div class=\"elementor-widget-container\">\n\t\t\t\t\t\t\t\t\t<p>No campo estrutural, o Tribunal tamb\u00e9m se desenvolveu fisicamente. Em 1998, foi inaugurado o Anexo I, permitindo a centraliza\u00e7\u00e3o das atividades administrativas.<\/p>\t\t\t\t\t\t\t\t<\/div>\n\t\t\t\t<\/div>\n\t\t\t\t<section class=\"elementor-section elementor-inner-section elementor-element elementor-element-7f9f75f elementor-section-boxed elementor-section-height-default elementor-section-height-default\" data-id=\"7f9f75f\" data-element_type=\"section\">\n\t\t\t\t\t\t<div class=\"elementor-container elementor-column-gap-default\">\n\t\t\t\t\t<div class=\"elementor-column elementor-col-50 elementor-inner-column elementor-element elementor-element-5eebcc0\" data-id=\"5eebcc0\" data-element_type=\"column\">\n\t\t\t<div class=\"elementor-widget-wrap\">\n\t\t\t\t\t\t\t<\/div>\n\t\t<\/div>\n\t\t\t\t<div class=\"elementor-column elementor-col-50 elementor-inner-column elementor-element elementor-element-d3db540\" data-id=\"d3db540\" data-element_type=\"column\">\n\t\t\t<div class=\"elementor-widget-wrap elementor-element-populated\">\n\t\t\t\t\t\t<div class=\"elementor-element elementor-element-168df53 elementor-widget__width-initial elementor-widget elementor-widget-image\" data-id=\"168df53\" data-element_type=\"widget\" data-widget_type=\"image.default\">\n\t\t\t\t<div class=\"elementor-widget-container\">\n\t\t\t\t\t\t\t\t\t\t\t\t\t\t\t<img loading=\"lazy\" decoding=\"async\" width=\"1024\" height=\"724\" src=\"http:\/\/10.10.1.232\/wordpress\/wp-content\/uploads\/2026\/04\/Linha-do-Tempo-8-1024x724.png\" class=\"attachment-large size-large wp-image-24074\" alt=\"\" srcset=\"http:\/\/10.10.1.232\/wordpress\/wp-content\/uploads\/2026\/04\/Linha-do-Tempo-8-1024x724.png 1024w, http:\/\/10.10.1.232\/wordpress\/wp-content\/uploads\/2026\/04\/Linha-do-Tempo-8-300x212.png 300w, http:\/\/10.10.1.232\/wordpress\/wp-content\/uploads\/2026\/04\/Linha-do-Tempo-8-768x543.png 768w, http:\/\/10.10.1.232\/wordpress\/wp-content\/uploads\/2026\/04\/Linha-do-Tempo-8-1536x1086.png 1536w, http:\/\/10.10.1.232\/wordpress\/wp-content\/uploads\/2026\/04\/Linha-do-Tempo-8-2048x1448.png 2048w\" sizes=\"(max-width: 1024px) 100vw, 1024px\" \/>\t\t\t\t\t\t\t\t\t\t\t\t\t\t\t<\/div>\n\t\t\t\t<\/div>\n\t\t\t\t<div class=\"elementor-element elementor-element-6f19700 elementor-widget__width-initial elementor-widget elementor-widget-image\" data-id=\"6f19700\" data-element_type=\"widget\" data-widget_type=\"image.default\">\n\t\t\t\t<div class=\"elementor-widget-container\">\n\t\t\t\t\t\t\t\t\t\t\t\t\t\t\t<img loading=\"lazy\" decoding=\"async\" width=\"1024\" height=\"724\" src=\"http:\/\/10.10.1.232\/wordpress\/wp-content\/uploads\/2026\/04\/Linha-do-Tempo-9-1024x724.png\" class=\"attachment-large size-large wp-image-24075\" alt=\"\" srcset=\"http:\/\/10.10.1.232\/wordpress\/wp-content\/uploads\/2026\/04\/Linha-do-Tempo-9-1024x724.png 1024w, http:\/\/10.10.1.232\/wordpress\/wp-content\/uploads\/2026\/04\/Linha-do-Tempo-9-300x212.png 300w, http:\/\/10.10.1.232\/wordpress\/wp-content\/uploads\/2026\/04\/Linha-do-Tempo-9-768x543.png 768w, http:\/\/10.10.1.232\/wordpress\/wp-content\/uploads\/2026\/04\/Linha-do-Tempo-9-1536x1086.png 1536w, http:\/\/10.10.1.232\/wordpress\/wp-content\/uploads\/2026\/04\/Linha-do-Tempo-9-2048x1448.png 2048w\" sizes=\"(max-width: 1024px) 100vw, 1024px\" \/>\t\t\t\t\t\t\t\t\t\t\t\t\t\t\t<\/div>\n\t\t\t\t<\/div>\n\t\t\t\t\t<\/div>\n\t\t<\/div>\n\t\t\t\t\t<\/div>\n\t\t<\/section>\n\t\t\t\t\t<\/div>\n\t\t<\/div>\n\t\t\t\t\t<\/div>\n\t\t<\/section>\n\t\t\t\t<section class=\"elementor-section elementor-top-section elementor-element elementor-element-adb6868 elementor-section-boxed elementor-section-height-default elementor-section-height-default\" data-id=\"adb6868\" data-element_type=\"section\">\n\t\t\t\t\t\t<div class=\"elementor-container elementor-column-gap-default\">\n\t\t\t\t\t<div class=\"elementor-column elementor-col-100 elementor-top-column elementor-element elementor-element-3a4c729\" data-id=\"3a4c729\" data-element_type=\"column\">\n\t\t\t<div class=\"elementor-widget-wrap elementor-element-populated\">\n\t\t\t\t\t\t<div class=\"elementor-element elementor-element-a5115af elementor-widget elementor-widget-text-editor\" data-id=\"a5115af\" data-element_type=\"widget\" data-widget_type=\"text-editor.default\">\n\t\t\t\t<div class=\"elementor-widget-container\">\n\t\t\t\t\t\t\t\t\t<p>O edif\u00edcio-sede, localizado na Pra\u00e7a C\u00edvica, foi tombado como patrim\u00f4nio hist\u00f3rico pelo IPHAN por meio da Portaria n\u00ba 507, de 18 de novembro de 2003, mantendo-se preservado desde sua constru\u00e7\u00e3o.<\/p>\t\t\t\t\t\t\t\t<\/div>\n\t\t\t\t<\/div>\n\t\t\t\t<div class=\"elementor-element elementor-element-26e94e6 elementor-widget elementor-widget-text-editor\" data-id=\"26e94e6\" data-element_type=\"widget\" data-widget_type=\"text-editor.default\">\n\t\t\t\t<div class=\"elementor-widget-container\">\n\t\t\t\t\t\t\t\t\t<p>Em 2009, foi inaugurado o Anexo II, que passou a abrigar o arquivo e o dep\u00f3sito da institui\u00e7\u00e3o, refor\u00e7ando o compromisso com a preserva\u00e7\u00e3o documental e a mem\u00f3ria institucional.<\/p>\t\t\t\t\t\t\t\t<\/div>\n\t\t\t\t<\/div>\n\t\t\t\t<section class=\"elementor-section elementor-inner-section elementor-element elementor-element-14791d1 elementor-section-boxed elementor-section-height-default elementor-section-height-default\" data-id=\"14791d1\" data-element_type=\"section\">\n\t\t\t\t\t\t<div class=\"elementor-container elementor-column-gap-default\">\n\t\t\t\t\t<div class=\"elementor-column elementor-col-50 elementor-inner-column elementor-element elementor-element-657dbc9\" data-id=\"657dbc9\" data-element_type=\"column\">\n\t\t\t<div class=\"elementor-widget-wrap\">\n\t\t\t\t\t\t\t<\/div>\n\t\t<\/div>\n\t\t\t\t<div class=\"elementor-column elementor-col-50 elementor-inner-column elementor-element elementor-element-95930e7\" data-id=\"95930e7\" data-element_type=\"column\">\n\t\t\t<div class=\"elementor-widget-wrap elementor-element-populated\">\n\t\t\t\t\t\t<div class=\"elementor-element elementor-element-ea528d6 elementor-widget__width-initial elementor-widget elementor-widget-image\" data-id=\"ea528d6\" data-element_type=\"widget\" data-widget_type=\"image.default\">\n\t\t\t\t<div class=\"elementor-widget-container\">\n\t\t\t\t\t\t\t\t\t\t\t\t\t\t\t<img loading=\"lazy\" decoding=\"async\" width=\"1024\" height=\"724\" src=\"http:\/\/10.10.1.232\/wordpress\/wp-content\/uploads\/2026\/04\/Linha-do-Tempo-10-1024x724.png\" class=\"attachment-large size-large wp-image-24076\" alt=\"\" srcset=\"http:\/\/10.10.1.232\/wordpress\/wp-content\/uploads\/2026\/04\/Linha-do-Tempo-10-1024x724.png 1024w, http:\/\/10.10.1.232\/wordpress\/wp-content\/uploads\/2026\/04\/Linha-do-Tempo-10-300x212.png 300w, http:\/\/10.10.1.232\/wordpress\/wp-content\/uploads\/2026\/04\/Linha-do-Tempo-10-768x543.png 768w, http:\/\/10.10.1.232\/wordpress\/wp-content\/uploads\/2026\/04\/Linha-do-Tempo-10-1536x1086.png 1536w, http:\/\/10.10.1.232\/wordpress\/wp-content\/uploads\/2026\/04\/Linha-do-Tempo-10-2048x1448.png 2048w\" sizes=\"(max-width: 1024px) 100vw, 1024px\" \/>\t\t\t\t\t\t\t\t\t\t\t\t\t\t\t<\/div>\n\t\t\t\t<\/div>\n\t\t\t\t\t<\/div>\n\t\t<\/div>\n\t\t\t\t\t<\/div>\n\t\t<\/section>\n\t\t\t\t\t<\/div>\n\t\t<\/div>\n\t\t\t\t\t<\/div>\n\t\t<\/section>\n\t\t\t\t<section class=\"elementor-section elementor-top-section elementor-element elementor-element-300fdcb elementor-section-boxed elementor-section-height-default elementor-section-height-default\" data-id=\"300fdcb\" data-element_type=\"section\">\n\t\t\t\t\t\t<div class=\"elementor-container elementor-column-gap-default\">\n\t\t\t\t\t<div class=\"elementor-column elementor-col-100 elementor-top-column elementor-element elementor-element-7a9222c\" data-id=\"7a9222c\" data-element_type=\"column\">\n\t\t\t<div class=\"elementor-widget-wrap elementor-element-populated\">\n\t\t\t\t\t\t<div class=\"elementor-element elementor-element-824a9b8 elementor-widget elementor-widget-text-editor\" data-id=\"824a9b8\" data-element_type=\"widget\" data-widget_type=\"text-editor.default\">\n\t\t\t\t<div class=\"elementor-widget-container\">\n\t\t\t\t\t\t\t\t\t<p>E em 2021 foi inaugurado o Anexo III, que passou a abrigar a Central de Atendimento ao Eleitor e os cart\u00f3rios das zonas eleitorais de Goi\u00e2nia.<\/p>\t\t\t\t\t\t\t\t<\/div>\n\t\t\t\t<\/div>\n\t\t\t\t<section class=\"elementor-section elementor-inner-section elementor-element elementor-element-f906d72 elementor-section-boxed elementor-section-height-default elementor-section-height-default\" data-id=\"f906d72\" data-element_type=\"section\">\n\t\t\t\t\t\t<div class=\"elementor-container elementor-column-gap-default\">\n\t\t\t\t\t<div class=\"elementor-column elementor-col-50 elementor-inner-column elementor-element elementor-element-62c687d\" data-id=\"62c687d\" data-element_type=\"column\">\n\t\t\t<div class=\"elementor-widget-wrap\">\n\t\t\t\t\t\t\t<\/div>\n\t\t<\/div>\n\t\t\t\t<div class=\"elementor-column elementor-col-50 elementor-inner-column elementor-element elementor-element-00c73b4\" data-id=\"00c73b4\" data-element_type=\"column\">\n\t\t\t<div class=\"elementor-widget-wrap elementor-element-populated\">\n\t\t\t\t\t\t<div class=\"elementor-element elementor-element-82a46a2 elementor-widget__width-initial elementor-widget elementor-widget-image\" data-id=\"82a46a2\" data-element_type=\"widget\" data-widget_type=\"image.default\">\n\t\t\t\t<div class=\"elementor-widget-container\">\n\t\t\t\t\t\t\t\t\t\t\t\t\t\t\t<img loading=\"lazy\" decoding=\"async\" width=\"1024\" height=\"724\" src=\"http:\/\/10.10.1.232\/wordpress\/wp-content\/uploads\/2026\/04\/Linha-do-Tempo-14-1024x724.png\" class=\"attachment-large size-large wp-image-24086\" alt=\"\" srcset=\"http:\/\/10.10.1.232\/wordpress\/wp-content\/uploads\/2026\/04\/Linha-do-Tempo-14-1024x724.png 1024w, http:\/\/10.10.1.232\/wordpress\/wp-content\/uploads\/2026\/04\/Linha-do-Tempo-14-300x212.png 300w, http:\/\/10.10.1.232\/wordpress\/wp-content\/uploads\/2026\/04\/Linha-do-Tempo-14-768x543.png 768w, http:\/\/10.10.1.232\/wordpress\/wp-content\/uploads\/2026\/04\/Linha-do-Tempo-14-1536x1086.png 1536w, http:\/\/10.10.1.232\/wordpress\/wp-content\/uploads\/2026\/04\/Linha-do-Tempo-14-2048x1448.png 2048w\" sizes=\"(max-width: 1024px) 100vw, 1024px\" \/>\t\t\t\t\t\t\t\t\t\t\t\t\t\t\t<\/div>\n\t\t\t\t<\/div>\n\t\t\t\t\t<\/div>\n\t\t<\/div>\n\t\t\t\t\t<\/div>\n\t\t<\/section>\n\t\t\t\t<div class=\"elementor-element elementor-element-ff260af elementor-widget elementor-widget-text-editor\" data-id=\"ff260af\" data-element_type=\"widget\" data-widget_type=\"text-editor.default\">\n\t\t\t\t<div class=\"elementor-widget-container\">\n\t\t\t\t\t\t\t\t\t<p>Ao longo dessa trajet\u00f3ria, a Justi\u00e7a Eleitoral consolidou-se como uma institui\u00e7\u00e3o inovadora e essencial, respons\u00e1vel por assegurar a legitimidade das elei\u00e7\u00f5es e a soberania popular. No \u00e2mbito da preserva\u00e7\u00e3o de sua hist\u00f3ria, destaca-se a inaugura\u00e7\u00e3o, em 5 de maio de 2011, do Centro Hist\u00f3rico da Justi\u00e7a Eleitoral de Goi\u00e1s, instalado na antiga sala do plen\u00e1rio do edif\u00edcio-sede do TRE-GO. Esse movimento foi fortalecido por iniciativas em n\u00edvel nacional, como a edi\u00e7\u00e3o das Resolu\u00e7\u00f5es n\u00ba 316\/2020 e n\u00ba 324\/2020 do Conselho Nacional de Justi\u00e7a, que institu\u00edram, respectivamente, o Dia da Mem\u00f3ria do Poder Judici\u00e1rio e as diretrizes para a gest\u00e3o da mem\u00f3ria e da documenta\u00e7\u00e3o no \u00e2mbito do Judici\u00e1rio. Em alinhamento com essas diretrizes, em 2021 foi institu\u00edda a Comiss\u00e3o de Gest\u00e3o da Mem\u00f3ria do TRE-GO, por meio da Portaria da Presid\u00eancia n\u00ba 21\/2021, que tamb\u00e9m marcou a cria\u00e7\u00e3o do Memorial Virtual da Justi\u00e7a Eleitoral de Goi\u00e1s. No ano seguinte, em 2022, o espa\u00e7o foi ampliado e passou a se chamar Centro de Mem\u00f3ria Desembargador Geraldo Crispim Borges.<\/p>\t\t\t\t\t\t\t\t<\/div>\n\t\t\t\t<\/div>\n\t\t\t\t<section class=\"elementor-section elementor-inner-section elementor-element elementor-element-3a4eb34 elementor-section-boxed elementor-section-height-default elementor-section-height-default\" data-id=\"3a4eb34\" data-element_type=\"section\">\n\t\t\t\t\t\t<div class=\"elementor-container elementor-column-gap-default\">\n\t\t\t\t\t<div class=\"elementor-column elementor-col-50 elementor-inner-column elementor-element elementor-element-832ae12\" data-id=\"832ae12\" data-element_type=\"column\">\n\t\t\t<div class=\"elementor-widget-wrap\">\n\t\t\t\t\t\t\t<\/div>\n\t\t<\/div>\n\t\t\t\t<div class=\"elementor-column elementor-col-50 elementor-inner-column elementor-element elementor-element-fe655c6\" data-id=\"fe655c6\" data-element_type=\"column\">\n\t\t\t<div class=\"elementor-widget-wrap elementor-element-populated\">\n\t\t\t\t\t\t<div class=\"elementor-element elementor-element-314ea68 elementor-widget__width-initial elementor-widget elementor-widget-image\" data-id=\"314ea68\" data-element_type=\"widget\" data-widget_type=\"image.default\">\n\t\t\t\t<div class=\"elementor-widget-container\">\n\t\t\t\t\t\t\t\t\t\t\t\t\t\t\t<img loading=\"lazy\" decoding=\"async\" width=\"1024\" height=\"724\" src=\"http:\/\/10.10.1.232\/wordpress\/wp-content\/uploads\/2026\/04\/Linha-do-Tempo-12-1024x724.png\" class=\"attachment-large size-large wp-image-24078\" alt=\"\" srcset=\"http:\/\/10.10.1.232\/wordpress\/wp-content\/uploads\/2026\/04\/Linha-do-Tempo-12-1024x724.png 1024w, http:\/\/10.10.1.232\/wordpress\/wp-content\/uploads\/2026\/04\/Linha-do-Tempo-12-300x212.png 300w, http:\/\/10.10.1.232\/wordpress\/wp-content\/uploads\/2026\/04\/Linha-do-Tempo-12-768x543.png 768w, http:\/\/10.10.1.232\/wordpress\/wp-content\/uploads\/2026\/04\/Linha-do-Tempo-12-1536x1086.png 1536w, http:\/\/10.10.1.232\/wordpress\/wp-content\/uploads\/2026\/04\/Linha-do-Tempo-12-2048x1448.png 2048w\" sizes=\"(max-width: 1024px) 100vw, 1024px\" \/>\t\t\t\t\t\t\t\t\t\t\t\t\t\t\t<\/div>\n\t\t\t\t<\/div>\n\t\t\t\t<div class=\"elementor-element elementor-element-f1249d5 elementor-widget__width-initial elementor-widget elementor-widget-image\" data-id=\"f1249d5\" data-element_type=\"widget\" data-widget_type=\"image.default\">\n\t\t\t\t<div class=\"elementor-widget-container\">\n\t\t\t\t\t\t\t\t\t\t\t\t\t\t\t<img loading=\"lazy\" decoding=\"async\" width=\"1024\" height=\"1024\" src=\"http:\/\/10.10.1.232\/wordpress\/wp-content\/uploads\/2026\/04\/img5.jpg-1-1024x1024.jpeg\" class=\"attachment-large size-large wp-image-24208\" alt=\"\" srcset=\"http:\/\/10.10.1.232\/wordpress\/wp-content\/uploads\/2026\/04\/img5.jpg-1-1024x1024.jpeg 1024w, http:\/\/10.10.1.232\/wordpress\/wp-content\/uploads\/2026\/04\/img5.jpg-1-300x300.jpeg 300w, http:\/\/10.10.1.232\/wordpress\/wp-content\/uploads\/2026\/04\/img5.jpg-1-150x150.jpeg 150w, http:\/\/10.10.1.232\/wordpress\/wp-content\/uploads\/2026\/04\/img5.jpg-1-768x768.jpeg 768w, http:\/\/10.10.1.232\/wordpress\/wp-content\/uploads\/2026\/04\/img5.jpg-1-1536x1536.jpeg 1536w, http:\/\/10.10.1.232\/wordpress\/wp-content\/uploads\/2026\/04\/img5.jpg-1.jpeg 1853w\" sizes=\"(max-width: 1024px) 100vw, 1024px\" \/>\t\t\t\t\t\t\t\t\t\t\t\t\t\t\t<\/div>\n\t\t\t\t<\/div>\n\t\t\t\t\t<\/div>\n\t\t<\/div>\n\t\t\t\t\t<\/div>\n\t\t<\/section>\n\t\t\t\t<div class=\"elementor-element elementor-element-8480310 elementor-widget elementor-widget-text-editor\" data-id=\"8480310\" data-element_type=\"widget\" data-widget_type=\"text-editor.default\">\n\t\t\t\t<div class=\"elementor-widget-container\">\n\t\t\t\t\t\t\t\t\t<p>Atualmente, o Tribunal Regional Eleitoral de Goi\u00e1s conta com uma ampla rede de zonas eleitorais distribu\u00eddas por todo o estado, refletindo sua capilaridade e import\u00e2ncia na garantia do exerc\u00edcio democr\u00e1tico. Em 2026, s\u00e3o 92 zonas eleitorais em todo o estado, das quais 9 est\u00e3o localizadas na capital, Goi\u00e2nia. Assim, a trajet\u00f3ria da Justi\u00e7a Eleitoral em Goi\u00e1s n\u00e3o \u00e9 apenas uma narrativa administrativa, mas um reflexo das transforma\u00e7\u00f5es pol\u00edticas e sociais do Brasil. Entre avan\u00e7os e desafios, sua hist\u00f3ria evidencia o constante esfor\u00e7o de constru\u00e7\u00e3o e aprimoramento da democracia.<\/p>\t\t\t\t\t\t\t\t<\/div>\n\t\t\t\t<\/div>\n\t\t\t\t\t<\/div>\n\t\t<\/div>\n\t\t\t\t\t<\/div>\n\t\t<\/section>\n\t\t\t\t<section class=\"elementor-section elementor-top-section elementor-element elementor-element-c3a1c3b elementor-section-boxed elementor-section-height-default elementor-section-height-default\" data-id=\"c3a1c3b\" data-element_type=\"section\">\n\t\t\t\t\t\t<div class=\"elementor-container elementor-column-gap-default\">\n\t\t\t\t\t<div class=\"elementor-column elementor-col-100 elementor-top-column elementor-element elementor-element-d868662\" data-id=\"d868662\" data-element_type=\"column\">\n\t\t\t<div class=\"elementor-widget-wrap\">\n\t\t\t\t\t\t\t<\/div>\n\t\t<\/div>\n\t\t\t\t\t<\/div>\n\t\t<\/section>\n\t\t\t\t<\/div>\n\t\t","protected":false},"excerpt":{"rendered":"<p>A Hist\u00f3ria da Justi\u00e7a Eleitoral de Goi\u00e1s Voltar ao menu inicial A Hist\u00f3ria da Justi\u00e7a Eleitoral de Goi\u00e1s A cria\u00e7\u00e3o da Justi\u00e7a Eleitoral no Brasil est\u00e1 diretamente ligada \u00e0 necessidade de enfrentar fraudes e garantir maior integridade aos processos eleitorais, problemas recorrentes durante a Primeira Rep\u00fablica. Esse processo se consolidou com a promulga\u00e7\u00e3o do primeiro [&hellip;]<\/p>\n","protected":false},"author":11,"featured_media":0,"parent":0,"menu_order":0,"comment_status":"closed","ping_status":"closed","template":"","meta":{"site-sidebar-layout":"no-sidebar","site-content-layout":"page-builder","ast-site-content-layout":"default","site-content-style":"default","site-sidebar-style":"default","ast-global-header-display":"","ast-banner-title-visibility":"","ast-main-header-display":"","ast-hfb-above-header-display":"","ast-hfb-below-header-display":"","ast-hfb-mobile-header-display":"","site-post-title":"disabled","ast-breadcrumbs-content":"","ast-featured-img":"disabled","footer-sml-layout":"","theme-transparent-header-meta":"enabled","adv-header-id-meta":"","stick-header-meta":"","header-above-stick-meta":"","header-main-stick-meta":"","header-below-stick-meta":"","astra-migrate-meta-layouts":"default","ast-page-background-enabled":"default","ast-page-background-meta":{"desktop":{"background-color":"var(--ast-global-color-4)","background-image":"","background-repeat":"repeat","background-position":"center center","background-size":"auto","background-attachment":"scroll","background-type":"","background-media":"","overlay-type":"","overlay-color":"","overlay-opacity":"","overlay-gradient":""},"tablet":{"background-color":"","background-image":"","background-repeat":"repeat","background-position":"center center","background-size":"auto","background-attachment":"scroll","background-type":"","background-media":"","overlay-type":"","overlay-color":"","overlay-opacity":"","overlay-gradient":""},"mobile":{"background-color":"","background-image":"","background-repeat":"repeat","background-position":"center center","background-size":"auto","background-attachment":"scroll","background-type":"","background-media":"","overlay-type":"","overlay-color":"","overlay-opacity":"","overlay-gradient":""}},"ast-content-background-meta":{"desktop":{"background-color":"var(--ast-global-color-5)","background-image":"","background-repeat":"repeat","background-position":"center center","background-size":"auto","background-attachment":"scroll","background-type":"","background-media":"","overlay-type":"","overlay-color":"","overlay-opacity":"","overlay-gradient":""},"tablet":{"background-color":"var(--ast-global-color-5)","background-image":"","background-repeat":"repeat","background-position":"center center","background-size":"auto","background-attachment":"scroll","background-type":"","background-media":"","overlay-type":"","overlay-color":"","overlay-opacity":"","overlay-gradient":""},"mobile":{"background-color":"var(--ast-global-color-5)","background-image":"","background-repeat":"repeat","background-position":"center center","background-size":"auto","background-attachment":"scroll","background-type":"","background-media":"","overlay-type":"","overlay-color":"","overlay-opacity":"","overlay-gradient":""}},"footnotes":""},"class_list":["post-24205","page","type-page","status-publish","hentry"],"_links":{"self":[{"href":"http:\/\/10.10.1.232\/wordpress\/index.php?rest_route=\/wp\/v2\/pages\/24205","targetHints":{"allow":["GET"]}}],"collection":[{"href":"http:\/\/10.10.1.232\/wordpress\/index.php?rest_route=\/wp\/v2\/pages"}],"about":[{"href":"http:\/\/10.10.1.232\/wordpress\/index.php?rest_route=\/wp\/v2\/types\/page"}],"author":[{"embeddable":true,"href":"http:\/\/10.10.1.232\/wordpress\/index.php?rest_route=\/wp\/v2\/users\/11"}],"replies":[{"embeddable":true,"href":"http:\/\/10.10.1.232\/wordpress\/index.php?rest_route=%2Fwp%2Fv2%2Fcomments&post=24205"}],"version-history":[{"count":7,"href":"http:\/\/10.10.1.232\/wordpress\/index.php?rest_route=\/wp\/v2\/pages\/24205\/revisions"}],"predecessor-version":[{"id":24217,"href":"http:\/\/10.10.1.232\/wordpress\/index.php?rest_route=\/wp\/v2\/pages\/24205\/revisions\/24217"}],"wp:attachment":[{"href":"http:\/\/10.10.1.232\/wordpress\/index.php?rest_route=%2Fwp%2Fv2%2Fmedia&parent=24205"}],"curies":[{"name":"wp","href":"https:\/\/api.w.org\/{rel}","templated":true}]}}