{"id":24096,"date":"2026-04-15T14:17:16","date_gmt":"2026-04-15T17:17:16","guid":{"rendered":"http:\/\/10.10.1.232\/wordpress\/?page_id=24096"},"modified":"2026-04-24T11:53:13","modified_gmt":"2026-04-24T14:53:13","slug":"linha-do-tempo-brasil","status":"publish","type":"page","link":"http:\/\/10.10.1.232\/wordpress\/?page_id=24096","title":{"rendered":"Linha do tempo Brasil"},"content":{"rendered":"\t\t<div data-elementor-type=\"wp-page\" data-elementor-id=\"24096\" class=\"elementor elementor-24096\">\n\t\t\t\t\t\t<section class=\"elementor-section elementor-top-section elementor-element elementor-element-a940c33 elementor-section-boxed elementor-section-height-default elementor-section-height-default\" data-id=\"a940c33\" data-element_type=\"section\">\n\t\t\t\t\t\t<div class=\"elementor-container elementor-column-gap-default\">\n\t\t\t\t\t<div class=\"elementor-column elementor-col-100 elementor-top-column elementor-element elementor-element-383eb5a\" data-id=\"383eb5a\" data-element_type=\"column\">\n\t\t\t<div class=\"elementor-widget-wrap\">\n\t\t\t\t\t\t\t<\/div>\n\t\t<\/div>\n\t\t\t\t\t<\/div>\n\t\t<\/section>\n\t\t\t\t<section class=\"elementor-section elementor-top-section elementor-element elementor-element-6226e4b elementor-section-boxed elementor-section-height-default elementor-section-height-default\" data-id=\"6226e4b\" data-element_type=\"section\">\n\t\t\t\t\t\t<div class=\"elementor-container elementor-column-gap-default\">\n\t\t\t\t\t<div class=\"elementor-column elementor-col-100 elementor-top-column elementor-element elementor-element-9f99de6\" data-id=\"9f99de6\" data-element_type=\"column\">\n\t\t\t<div class=\"elementor-widget-wrap\">\n\t\t\t\t\t\t\t<\/div>\n\t\t<\/div>\n\t\t\t\t\t<\/div>\n\t\t<\/section>\n\t\t\t\t<section class=\"elementor-section elementor-top-section elementor-element elementor-element-59fd6f6 elementor-section-boxed elementor-section-height-default elementor-section-height-default\" data-id=\"59fd6f6\" data-element_type=\"section\">\n\t\t\t\t\t\t<div class=\"elementor-container elementor-column-gap-default\">\n\t\t\t\t\t<div class=\"elementor-column elementor-col-100 elementor-top-column elementor-element elementor-element-aea8628\" data-id=\"aea8628\" data-element_type=\"column\">\n\t\t\t<div class=\"elementor-widget-wrap elementor-element-populated\">\n\t\t\t\t\t\t<div class=\"elementor-element elementor-element-c318def elementor-widget elementor-widget-spacer\" data-id=\"c318def\" data-element_type=\"widget\" data-widget_type=\"spacer.default\">\n\t\t\t\t<div class=\"elementor-widget-container\">\n\t\t\t\t\t\t\t<div class=\"elementor-spacer\">\n\t\t\t<div class=\"elementor-spacer-inner\"><\/div>\n\t\t<\/div>\n\t\t\t\t\t\t<\/div>\n\t\t\t\t<\/div>\n\t\t\t\t<div class=\"elementor-element elementor-element-d262d11 elementor-widget elementor-widget-heading\" data-id=\"d262d11\" data-element_type=\"widget\" data-widget_type=\"heading.default\">\n\t\t\t\t<div class=\"elementor-widget-container\">\n\t\t\t\t\t<h2 class=\"elementor-heading-title elementor-size-default\"><h2 class=\"elementor-heading-title elementor-size-default elementor-inline-editing pen\" data-elementor-setting-key=\"title\" data-pen-placeholder=\"Digite aqui...\" style=\"font-style: normal\"><span style=\"font-weight: 700\">Fatos institucionais e sociais relevantes<\/span><\/h2><span style=\"font-weight: 700;font-size: 1.875rem\">Justi\u00e7a Eleitoral Brasil<\/span><\/h2>\t\t\t\t<\/div>\n\t\t\t\t<\/div>\n\t\t\t\t\t<\/div>\n\t\t<\/div>\n\t\t\t\t\t<\/div>\n\t\t<\/section>\n\t\t\t\t<section class=\"elementor-section elementor-top-section elementor-element elementor-element-585fe3e elementor-section-boxed elementor-section-height-default elementor-section-height-default\" data-id=\"585fe3e\" data-element_type=\"section\">\n\t\t\t\t\t\t<div class=\"elementor-container elementor-column-gap-default\">\n\t\t\t\t\t<div class=\"elementor-column elementor-col-100 elementor-top-column elementor-element elementor-element-211d439\" data-id=\"211d439\" data-element_type=\"column\">\n\t\t\t<div class=\"elementor-widget-wrap\">\n\t\t\t\t\t\t\t<\/div>\n\t\t<\/div>\n\t\t\t\t\t<\/div>\n\t\t<\/section>\n\t\t\t\t<section class=\"elementor-section elementor-top-section elementor-element elementor-element-a96abe6 elementor-section-boxed elementor-section-height-default elementor-section-height-default\" data-id=\"a96abe6\" data-element_type=\"section\">\n\t\t\t\t\t\t<div class=\"elementor-container elementor-column-gap-default\">\n\t\t\t\t\t<div class=\"elementor-column elementor-col-100 elementor-top-column elementor-element elementor-element-fa57a70\" data-id=\"fa57a70\" data-element_type=\"column\">\n\t\t\t<div class=\"elementor-widget-wrap elementor-element-populated\">\n\t\t\t\t\t\t<section class=\"elementor-section elementor-inner-section elementor-element elementor-element-11a5c54 elementor-section-boxed elementor-section-height-default elementor-section-height-default\" data-id=\"11a5c54\" data-element_type=\"section\">\n\t\t\t\t\t\t<div class=\"elementor-container elementor-column-gap-default\">\n\t\t\t\t\t<div class=\"elementor-column elementor-col-50 elementor-inner-column elementor-element elementor-element-630f111\" data-id=\"630f111\" data-element_type=\"column\">\n\t\t\t<div class=\"elementor-widget-wrap\">\n\t\t\t\t\t\t\t<\/div>\n\t\t<\/div>\n\t\t\t\t<div class=\"elementor-column elementor-col-50 elementor-inner-column elementor-element elementor-element-b6f05da\" data-id=\"b6f05da\" data-element_type=\"column\">\n\t\t\t<div class=\"elementor-widget-wrap elementor-element-populated\">\n\t\t\t\t\t\t<div class=\"elementor-element elementor-element-cdc3813 elementor-widget__width-initial animated-slow elementor-arrows-position-inside elementor-pagination-position-outside elementor-invisible elementor-widget elementor-widget-image-carousel\" data-id=\"cdc3813\" data-element_type=\"widget\" data-settings=\"{&quot;slides_to_show&quot;:&quot;1&quot;,&quot;_animation&quot;:&quot;zoomIn&quot;,&quot;_animation_delay&quot;:400,&quot;navigation&quot;:&quot;both&quot;,&quot;autoplay&quot;:&quot;yes&quot;,&quot;pause_on_hover&quot;:&quot;yes&quot;,&quot;pause_on_interaction&quot;:&quot;yes&quot;,&quot;autoplay_speed&quot;:5000,&quot;infinite&quot;:&quot;yes&quot;,&quot;effect&quot;:&quot;slide&quot;,&quot;speed&quot;:500}\" data-widget_type=\"image-carousel.default\">\n\t\t\t\t<div class=\"elementor-widget-container\">\n\t\t\t\t\t\t\t<div class=\"elementor-image-carousel-wrapper swiper\" role=\"region\" aria-roledescription=\"carousel\" aria-label=\"Carrossel de imagens\" dir=\"ltr\">\n\t\t\t<div class=\"elementor-image-carousel swiper-wrapper swiper-image-stretch\" aria-live=\"off\">\n\t\t\t\t\t\t\t\t<div class=\"swiper-slide\" role=\"group\" aria-roledescription=\"slide\" aria-label=\"1 de 21\"><figure class=\"swiper-slide-inner\"><img decoding=\"async\" class=\"swiper-slide-image\" src=\"http:\/\/10.10.1.232\/wordpress\/wp-content\/uploads\/2026\/04\/Linha-do-Tempo-17-scaled.png\" alt=\"1932 - Cria\u00e7\u00e3o do 1\u00ba C\u00f3digo Eleitoral Brasileiro que introduziu e organizou a Justi\u00e7a Eleitoral no Brasil. Fonte: Tribunal Superior Eleitoral\" \/><figcaption class=\"elementor-image-carousel-caption\">1932 - Cria\u00e7\u00e3o do 1\u00ba C\u00f3digo Eleitoral Brasileiro que introduziu e organizou a Justi\u00e7a Eleitoral no Brasil. Fonte: Tribunal Superior Eleitoral<\/figcaption><\/figure><\/div><div class=\"swiper-slide\" role=\"group\" aria-roledescription=\"slide\" aria-label=\"2 de 21\"><figure class=\"swiper-slide-inner\"><img decoding=\"async\" class=\"swiper-slide-image\" src=\"http:\/\/10.10.1.232\/wordpress\/wp-content\/uploads\/2026\/04\/Linha-do-Tempo-18-scaled.png\" alt=\"1933 - Realiza\u00e7\u00e3o, em 03 de maio, das primeiras elei\u00e7\u00f5es organizadas pela Justi\u00e7a Eleitoral. Fonte: Tribunal Superior Eleitoral\" \/><figcaption class=\"elementor-image-carousel-caption\">1933 - Realiza\u00e7\u00e3o, em 03 de maio, das primeiras elei\u00e7\u00f5es organizadas pela Justi\u00e7a Eleitoral. Fonte: Tribunal Superior Eleitoral<\/figcaption><\/figure><\/div><div class=\"swiper-slide\" role=\"group\" aria-roledescription=\"slide\" aria-label=\"3 de 21\"><figure class=\"swiper-slide-inner\"><img decoding=\"async\" class=\"swiper-slide-image\" src=\"http:\/\/10.10.1.232\/wordpress\/wp-content\/uploads\/2026\/04\/Linha-do-Tempo-37-scaled.png\" alt=\"1933 - Se\u00e7\u00e3o eleitoral feminina do M\u00e9ier - RJ, em 1933, no primeiro pleito com participa\u00e7\u00e3o das mulheres.  Fonte: Arquivo O Globo \/ Ag\u00eancia O Globo\" \/><figcaption class=\"elementor-image-carousel-caption\">1933 - Se\u00e7\u00e3o eleitoral feminina do M\u00e9ier - RJ, em 1933, no primeiro pleito com participa\u00e7\u00e3o das mulheres.  Fonte: Arquivo O Globo \/ Ag\u00eancia O Globo<\/figcaption><\/figure><\/div><div class=\"swiper-slide\" role=\"group\" aria-roledescription=\"slide\" aria-label=\"4 de 21\"><figure class=\"swiper-slide-inner\"><img decoding=\"async\" class=\"swiper-slide-image\" src=\"http:\/\/10.10.1.232\/wordpress\/wp-content\/uploads\/2026\/04\/Linha-do-Tempo-19-scaled.png\" alt=\"1935 - Entrada em vigor da Lei n\u00ba 48, de 04 de maio de 1935, que modifica o primeiro C\u00f3digo Eleitoral Brasileiro. Dentre as altera\u00e7\u00f5es, destaca-se a regulamenta\u00e7\u00e3o das atribui\u00e7\u00f5es do Minist\u00e9rio P\u00fablico no processo eleitoral. Fonte: Tribunal Regional Eleitoral do Rio Grande do Sul\" \/><figcaption class=\"elementor-image-carousel-caption\">1935 - Entrada em vigor da Lei n\u00ba 48, de 04 de maio de 1935, que modifica o primeiro C\u00f3digo Eleitoral Brasileiro. Dentre as altera\u00e7\u00f5es, destaca-se a regulamenta\u00e7\u00e3o das atribui\u00e7\u00f5es do Minist\u00e9rio P\u00fablico no processo eleitoral. Fonte: Tribunal Regional Eleitoral do Rio Grande do Sul<\/figcaption><\/figure><\/div><div class=\"swiper-slide\" role=\"group\" aria-roledescription=\"slide\" aria-label=\"5 de 21\"><figure class=\"swiper-slide-inner\"><img decoding=\"async\" class=\"swiper-slide-image\" src=\"http:\/\/10.10.1.232\/wordpress\/wp-content\/uploads\/2026\/04\/Linha-do-Tempo-20-scaled.png\" alt=\"1937 - Implementa\u00e7\u00e3o do Estado Novo, em 10 de novembro; outorga da Constitui\u00e7\u00e3o de 1937 e revoga\u00e7\u00e3o do C\u00f3digo Eleitoral de 1932. Fonte: O Globo\" \/><figcaption class=\"elementor-image-carousel-caption\">1937 - Implementa\u00e7\u00e3o do Estado Novo, em 10 de novembro; outorga da Constitui\u00e7\u00e3o de 1937 e revoga\u00e7\u00e3o do C\u00f3digo Eleitoral de 1932. Fonte: O Globo<\/figcaption><\/figure><\/div><div class=\"swiper-slide\" role=\"group\" aria-roledescription=\"slide\" aria-label=\"6 de 21\"><figure class=\"swiper-slide-inner\"><img decoding=\"async\" class=\"swiper-slide-image\" src=\"http:\/\/10.10.1.232\/wordpress\/wp-content\/uploads\/2026\/04\/Linha-do-Tempo-21-scaled.png\" alt=\"1945 - Reabertura da Justi\u00e7a Eleitoral determinada pela Lei Agamenon Magalh\u00e3es - Decreto-Lei n\u00ba 7.586, de 28 de maio de 1945. O ministro Agamenon Magalh\u00e3es re\u00fane-se com Get\u00falio Vargas em Petr\u00f3polis, em maio de 1945. Fonte: Memorial da Democracia\" \/><figcaption class=\"elementor-image-carousel-caption\">1945 - Reabertura da Justi\u00e7a Eleitoral determinada pela Lei Agamenon Magalh\u00e3es - Decreto-Lei n\u00ba 7.586, de 28 de maio de 1945. O ministro Agamenon Magalh\u00e3es re\u00fane-se com Get\u00falio Vargas em Petr\u00f3polis, em maio de 1945. Fonte: Memorial da Democracia<\/figcaption><\/figure><\/div><div class=\"swiper-slide\" role=\"group\" aria-roledescription=\"slide\" aria-label=\"7 de 21\"><figure class=\"swiper-slide-inner\"><img decoding=\"async\" class=\"swiper-slide-image\" src=\"http:\/\/10.10.1.232\/wordpress\/wp-content\/uploads\/2026\/04\/Linha-do-Tempo-22-scaled.png\" alt=\"1947 - Primeira elei\u00e7\u00e3o direta de governadores e prefeitos ap\u00f3s a Ditadura do Estado Novo, quando a popula\u00e7\u00e3o escolheu seus governadores e prefeitos. Fiscal observa fila de eleitores que aguardam para votar nas elei\u00e7\u00f5es de 1947 em S\u00e3o Paulo. Fonte: Estad\u00e3o | Memorial da Democracia\" \/><figcaption class=\"elementor-image-carousel-caption\">1947 - Primeira elei\u00e7\u00e3o direta de governadores e prefeitos ap\u00f3s a Ditadura do Estado Novo, quando a popula\u00e7\u00e3o escolheu seus governadores e prefeitos. Fiscal observa fila de eleitores que aguardam para votar nas elei\u00e7\u00f5es de 1947 em S\u00e3o Paulo. Fonte: Estad\u00e3o | Memorial da Democracia<\/figcaption><\/figure><\/div><div class=\"swiper-slide\" role=\"group\" aria-roledescription=\"slide\" aria-label=\"8 de 21\"><figure class=\"swiper-slide-inner\"><img decoding=\"async\" class=\"swiper-slide-image\" src=\"http:\/\/10.10.1.232\/wordpress\/wp-content\/uploads\/2026\/04\/Linha-do-Tempo-23-scaled.png\" alt=\"1950 - Cria\u00e7\u00e3o de um novo C\u00f3digo Eleitoral pela Lei n\u00ba 1.164, de 24 de julho de 1950. Dentre as v\u00e1rias inova\u00e7\u00f5es, destaca-se a cria\u00e7\u00e3o da c\u00e9dula \u00fanica de vota\u00e7\u00e3o. Fonte: Tribunal Regional Eleitoral do Rio Grande do Sul\" \/><figcaption class=\"elementor-image-carousel-caption\">1950 - Cria\u00e7\u00e3o de um novo C\u00f3digo Eleitoral pela Lei n\u00ba 1.164, de 24 de julho de 1950. Dentre as v\u00e1rias inova\u00e7\u00f5es, destaca-se a cria\u00e7\u00e3o da c\u00e9dula \u00fanica de vota\u00e7\u00e3o. Fonte: Tribunal Regional Eleitoral do Rio Grande do Sul<\/figcaption><\/figure><\/div><div class=\"swiper-slide\" role=\"group\" aria-roledescription=\"slide\" aria-label=\"9 de 21\"><figure class=\"swiper-slide-inner\"><img decoding=\"async\" class=\"swiper-slide-image\" src=\"http:\/\/10.10.1.232\/wordpress\/wp-content\/uploads\/2026\/04\/Linha-do-Tempo-24-scaled.png\" alt=\"1964 - Golpe Militar - Durante esse per\u00edodo foi proibido, via Atos Institucionais n\u00ba 1, 2 e 3, o voto direto para Presidente da Rep\u00fablica e para os cargos de Governador e Prefeito.Tanques do Ex\u00e9rcito a caminho do Pal\u00e1cio das Laranjeiras em 1\u00ba de abril de 1964. Foto: Arquivo\/Ag\u00eancia O Globo.\" \/><figcaption class=\"elementor-image-carousel-caption\">1964 - Golpe Militar - Durante esse per\u00edodo foi proibido, via Atos Institucionais n\u00ba 1, 2 e 3, o voto direto para Presidente da Rep\u00fablica e para os cargos de Governador e Prefeito.Tanques do Ex\u00e9rcito a caminho do Pal\u00e1cio das Laranjeiras em 1\u00ba de abril de 1964. Foto: Arquivo\/Ag\u00eancia O Globo.<\/figcaption><\/figure><\/div><div class=\"swiper-slide\" role=\"group\" aria-roledescription=\"slide\" aria-label=\"10 de 21\"><figure class=\"swiper-slide-inner\"><img decoding=\"async\" class=\"swiper-slide-image\" src=\"http:\/\/10.10.1.232\/wordpress\/wp-content\/uploads\/2026\/04\/Linha-do-Tempo-38-scaled.png\" alt=\"1965 - Entrada em vigor do atual C\u00f3digo Eleitoral pela Lei n\u00ba 4.737, de 15 de julho de 1965. Destaca-se a institui\u00e7\u00e3o da uma c\u00e9dula oficial para as elei\u00e7\u00f5es. Fonte: Folha de S\u00e3o Paulo\" \/><figcaption class=\"elementor-image-carousel-caption\">1965 - Entrada em vigor do atual C\u00f3digo Eleitoral pela Lei n\u00ba 4.737, de 15 de julho de 1965. Destaca-se a institui\u00e7\u00e3o da uma c\u00e9dula oficial para as elei\u00e7\u00f5es. Fonte: Folha de S\u00e3o Paulo<\/figcaption><\/figure><\/div><div class=\"swiper-slide\" role=\"group\" aria-roledescription=\"slide\" aria-label=\"11 de 21\"><figure class=\"swiper-slide-inner\"><img decoding=\"async\" class=\"swiper-slide-image\" src=\"http:\/\/10.10.1.232\/wordpress\/wp-content\/uploads\/2026\/04\/Linha-do-Tempo-26-scaled.png\" alt=\"1972 - Restauradas as elei\u00e7\u00f5es diretas para Prefeito e Vice-Prefeito de algumas cidades. No entanto, a partir de 1978, parte das vagas ao Senado foi preenchida  por meio de elei\u00e7\u00f5es indiretas. Esses Senadores, eleitos indiretamente, ficaram popularmente conhecidos como Senadores Bi\u00f4nicos. Plen\u00e1rio do Congresso vazio devido \u00e0 decreta\u00e7\u00e3o do recesso parlamentar pelo Pacote de Abril Fonte: Memorial da Democracia\" \/><figcaption class=\"elementor-image-carousel-caption\">1972 - Restauradas as elei\u00e7\u00f5es diretas para Prefeito e Vice-Prefeito de algumas cidades. No entanto, a partir de 1978, parte das vagas ao Senado foi preenchida  por meio de elei\u00e7\u00f5es indiretas. Esses Senadores, eleitos indiretamente, ficaram popularmente conhecidos como Senadores Bi\u00f4nicos. Plen\u00e1rio do Congresso vazio devido \u00e0 decreta\u00e7\u00e3o do recesso parlamentar pelo Pacote de Abril Fonte: Memorial da Democracia<\/figcaption><\/figure><\/div><div class=\"swiper-slide\" role=\"group\" aria-roledescription=\"slide\" aria-label=\"12 de 21\"><figure class=\"swiper-slide-inner\"><img decoding=\"async\" class=\"swiper-slide-image\" src=\"http:\/\/10.10.1.232\/wordpress\/wp-content\/uploads\/2026\/04\/Linha-do-Tempo-27-scaled.png\" alt=\"1983 - Movimento Popular das \u201cDiretas J\u00e1\u201d que reivindica a aprova\u00e7\u00e3o da Emenda Dante de Oliveira para a realiza\u00e7\u00e3o de elei\u00e7\u00f5es presidenciais de forma direta, em 1985. Com\u00edcio pelas \u201cDiretas J\u00e1\u201d na Pra\u00e7a da S\u00e9, regi\u00e3o central de S\u00e3o Paulo. Fonte: FGV\/CPDOC\" \/><figcaption class=\"elementor-image-carousel-caption\">1983 - Movimento Popular das \u201cDiretas J\u00e1\u201d que reivindica a aprova\u00e7\u00e3o da Emenda Dante de Oliveira para a realiza\u00e7\u00e3o de elei\u00e7\u00f5es presidenciais de forma direta, em 1985. Com\u00edcio pelas \u201cDiretas J\u00e1\u201d na Pra\u00e7a da S\u00e9, regi\u00e3o central de S\u00e3o Paulo. Fonte: FGV\/CPDOC <\/figcaption><\/figure><\/div><div class=\"swiper-slide\" role=\"group\" aria-roledescription=\"slide\" aria-label=\"13 de 21\"><figure class=\"swiper-slide-inner\"><img decoding=\"async\" class=\"swiper-slide-image\" src=\"http:\/\/10.10.1.232\/wordpress\/wp-content\/uploads\/2026\/04\/Linha-do-Tempo-28-scaled.png\" alt=\"1985 - Volta dos civis ao poder. A Emenda Constitucional n\u00ba 25, de 15 de maio de 1985, assegura, pela primeira vez no Brasil, o direito ao voto para pessoas n\u00e3o alfabetizadas. Fonte: O Senado\" \/><figcaption class=\"elementor-image-carousel-caption\">1985 - Volta dos civis ao poder. A Emenda Constitucional n\u00ba 25, de 15 de maio de 1985, assegura, pela primeira vez no Brasil, o direito ao voto para pessoas n\u00e3o alfabetizadas. Fonte: O Senado<\/figcaption><\/figure><\/div><div class=\"swiper-slide\" role=\"group\" aria-roledescription=\"slide\" aria-label=\"14 de 21\"><figure class=\"swiper-slide-inner\"><img decoding=\"async\" class=\"swiper-slide-image\" src=\"http:\/\/10.10.1.232\/wordpress\/wp-content\/uploads\/2026\/04\/Linha-do-Tempo-29-scaled.png\" alt=\"1988 -  Promulga\u00e7\u00e3o da Constitui\u00e7\u00e3o Federal de 1988, conhecida como \u201cConstitui\u00e7\u00e3o Cidad\u00e3\u201d. Em sess\u00e3o hist\u00f3rica, Congresso aprova o texto final da Constitui\u00e7\u00e3o, em 22 de setembro de 1988  Foto: Josemar Gon\u00e7alves - reprodu\u00e7\u00e3o www.camara.leg.br\" \/><figcaption class=\"elementor-image-carousel-caption\">1988 -  Promulga\u00e7\u00e3o da Constitui\u00e7\u00e3o Federal de 1988, conhecida como \u201cConstitui\u00e7\u00e3o Cidad\u00e3\u201d. Em sess\u00e3o hist\u00f3rica, Congresso aprova o texto final da Constitui\u00e7\u00e3o, em 22 de setembro de 1988  Foto: Josemar Gon\u00e7alves - reprodu\u00e7\u00e3o www.camara.leg.br<\/figcaption><\/figure><\/div><div class=\"swiper-slide\" role=\"group\" aria-roledescription=\"slide\" aria-label=\"15 de 21\"><figure class=\"swiper-slide-inner\"><img decoding=\"async\" class=\"swiper-slide-image\" src=\"http:\/\/10.10.1.232\/wordpress\/wp-content\/uploads\/2026\/04\/Linha-do-Tempo-40-scaled.png\" alt=\"1989 - Primeira elei\u00e7\u00e3o presidencial direta, desde o ano de 1960, com 22 candidatos \u00e0 Presid\u00eancia da Rep\u00fablica Federativa do Brasil. Observado pelos filhos, Jos\u00e9 Vasconcelos Calado vota para presidente em 1989. Foto: Edu Garcia\/Estad\u00e3o - 15\/11\/1989\" \/><figcaption class=\"elementor-image-carousel-caption\">1989 - Primeira elei\u00e7\u00e3o presidencial direta, desde o ano de 1960, com 22 candidatos \u00e0 Presid\u00eancia da Rep\u00fablica Federativa do Brasil. Observado pelos filhos, Jos\u00e9 Vasconcelos Calado vota para presidente em 1989. Foto: Edu Garcia\/Estad\u00e3o - 15\/11\/1989<\/figcaption><\/figure><\/div><div class=\"swiper-slide\" role=\"group\" aria-roledescription=\"slide\" aria-label=\"16 de 21\"><figure class=\"swiper-slide-inner\"><img decoding=\"async\" class=\"swiper-slide-image\" src=\"http:\/\/10.10.1.232\/wordpress\/wp-content\/uploads\/2026\/04\/Linha-do-Tempo-39-scaled.png\" alt=\"1989 - Os 22 candidatos \u00e0 Presid\u00eancia da Rep\u00fablica Federativa do Brasil.\" \/><figcaption class=\"elementor-image-carousel-caption\">1989 - Os 22 candidatos \u00e0 Presid\u00eancia da Rep\u00fablica Federativa do Brasil.<\/figcaption><\/figure><\/div><div class=\"swiper-slide\" role=\"group\" aria-roledescription=\"slide\" aria-label=\"17 de 21\"><figure class=\"swiper-slide-inner\"><img decoding=\"async\" class=\"swiper-slide-image\" src=\"http:\/\/10.10.1.232\/wordpress\/wp-content\/uploads\/2026\/04\/Linha-do-Tempo-31-scaled.png\" alt=\"1996 - As urnas eletr\u00f4nicas s\u00e3o utilizadas pela primeira vez no Brasil nas elei\u00e7\u00f5es municipais de 1996. Cerca de 32 milh\u00f5es de eleitores votaram, em 57 munic\u00edpios diferentes, nos primeiros modelos utilizados. Fonte: Tribunal Superior Eleitoral.\" \/><figcaption class=\"elementor-image-carousel-caption\">1996 - As urnas eletr\u00f4nicas s\u00e3o utilizadas pela primeira vez no Brasil nas elei\u00e7\u00f5es municipais de 1996. Cerca de 32 milh\u00f5es de eleitores votaram, em 57 munic\u00edpios diferentes, nos primeiros modelos utilizados. Fonte: Tribunal Superior Eleitoral.<\/figcaption><\/figure><\/div><div class=\"swiper-slide\" role=\"group\" aria-roledescription=\"slide\" aria-label=\"18 de 21\"><figure class=\"swiper-slide-inner\"><img decoding=\"async\" class=\"swiper-slide-image\" src=\"http:\/\/10.10.1.232\/wordpress\/wp-content\/uploads\/2026\/04\/Linha-do-Tempo-32-scaled.png\" alt=\"2000 - Urna Eletr\u00f4nica passa a ser utilizada em todo o Brasil. Fonte: Tribunal Regional Eleitoral de Goi\u00e1s\" \/><figcaption class=\"elementor-image-carousel-caption\">2000 - Urna Eletr\u00f4nica passa a ser utilizada em todo o Brasil. Fonte: Tribunal Regional Eleitoral de Goi\u00e1s<\/figcaption><\/figure><\/div><div class=\"swiper-slide\" role=\"group\" aria-roledescription=\"slide\" aria-label=\"19 de 21\"><figure class=\"swiper-slide-inner\"><img decoding=\"async\" class=\"swiper-slide-image\" src=\"http:\/\/10.10.1.232\/wordpress\/wp-content\/uploads\/2026\/04\/Linha-do-Tempo-33-scaled.png\" alt=\"2011 - Inaugura\u00e7\u00e3o da nova Sede do TSE em Bras\u00edlia em 5 de dezembro, sendo assinada pelo arquiteto Oscar Niemeyer. Fonte: Tribunal Regional Eleitoral de Goi\u00e1s. Fonte: Acervo do Tribunal Superior Eleitoral.\" \/><figcaption class=\"elementor-image-carousel-caption\">2011 - Inaugura\u00e7\u00e3o da nova Sede do TSE em Bras\u00edlia em 5 de dezembro, sendo assinada pelo arquiteto Oscar Niemeyer. Fonte: Tribunal Regional Eleitoral de Goi\u00e1s. Fonte: Acervo do Tribunal Superior Eleitoral.<\/figcaption><\/figure><\/div><div class=\"swiper-slide\" role=\"group\" aria-roledescription=\"slide\" aria-label=\"20 de 21\"><figure class=\"swiper-slide-inner\"><img decoding=\"async\" class=\"swiper-slide-image\" src=\"http:\/\/10.10.1.232\/wordpress\/wp-content\/uploads\/2026\/04\/Linha-do-Tempo-34-scaled.png\" alt=\"2020 - Edi\u00e7\u00e3o da Resolu\u00e7\u00e3o CNJ n\u00ba 316\/2020, que cria o Dia da Mem\u00f3ria do Poder Judici\u00e1rio e da Resolu\u00e7\u00e3o CNJ n\u00ba 324\/2020, que institui as primeiras diretrizes e normas de Gest\u00e3o da Mem\u00f3ria e de Gest\u00e3o Documental no Poder Judici\u00e1rio.\" \/><figcaption class=\"elementor-image-carousel-caption\">2020 - Edi\u00e7\u00e3o da Resolu\u00e7\u00e3o CNJ n\u00ba 316\/2020, que cria o Dia da Mem\u00f3ria do Poder Judici\u00e1rio e da Resolu\u00e7\u00e3o CNJ n\u00ba 324\/2020, que institui as primeiras diretrizes e normas de Gest\u00e3o da Mem\u00f3ria e de Gest\u00e3o Documental no Poder Judici\u00e1rio.<\/figcaption><\/figure><\/div><div class=\"swiper-slide\" role=\"group\" aria-roledescription=\"slide\" aria-label=\"21 de 21\"><figure class=\"swiper-slide-inner\"><img decoding=\"async\" class=\"swiper-slide-image\" src=\"http:\/\/10.10.1.232\/wordpress\/wp-content\/uploads\/2026\/04\/Linha-do-Tempo-35-scaled.png\" alt=\"2022. Utilizada, pela primeira vez, a urna eletr\u00f4nica modelo 2020 (UE 2020), utilizada pela primeira vez nas elei\u00e7\u00f5es de 2022. A vers\u00e3o conta com melhor processador, bateria, teclado aprimorado, apresenta\u00e7\u00e3o de int\u00e9rprete de Libras na tela da urna, indicando os cargos em vota\u00e7\u00e3o, entre outros. Fonte: Acervo do Tribunal Superior Eleitoral.\" \/><figcaption class=\"elementor-image-carousel-caption\">2022. Utilizada, pela primeira vez, a urna eletr\u00f4nica modelo 2020 (UE 2020), utilizada pela primeira vez nas elei\u00e7\u00f5es de 2022. A vers\u00e3o conta com melhor processador, bateria, teclado aprimorado, apresenta\u00e7\u00e3o de int\u00e9rprete de Libras na tela da urna, indicando os cargos em vota\u00e7\u00e3o, entre outros. Fonte: Acervo do Tribunal Superior Eleitoral.<\/figcaption><\/figure><\/div>\t\t\t<\/div>\n\t\t\t\t\t\t\t\t\t\t\t\t<div class=\"elementor-swiper-button elementor-swiper-button-prev\" role=\"button\" tabindex=\"0\">\n\t\t\t\t\t\t<i aria-hidden=\"true\" class=\"eicon-chevron-left\"><\/i>\t\t\t\t\t<\/div>\n\t\t\t\t\t<div class=\"elementor-swiper-button elementor-swiper-button-next\" role=\"button\" tabindex=\"0\">\n\t\t\t\t\t\t<i aria-hidden=\"true\" class=\"eicon-chevron-right\"><\/i>\t\t\t\t\t<\/div>\n\t\t\t\t\n\t\t\t\t\t\t\t\t\t<div class=\"swiper-pagination\"><\/div>\n\t\t\t\t\t\t\t\t\t<\/div>\n\t\t\t\t\t\t<\/div>\n\t\t\t\t<\/div>\n\t\t\t\t<div class=\"elementor-element elementor-element-573fedd elementor-widget elementor-widget-text-editor\" data-id=\"573fedd\" data-element_type=\"widget\" data-widget_type=\"text-editor.default\">\n\t\t\t\t<div class=\"elementor-widget-container\">\n\t\t\t\t\t\t\t\t\t<div class=\"oKdM2c ZZyype Kzv0Me\" style=\"text-align: center;\"><div id=\"h.15569c01c74ffc5f_75\" class=\"hJDwNd-AhqUyc-ibL1re Ft7HRd-AhqUyc-ibL1re purZT-AhqUyc-ibL1re ZcASvf-AhqUyc-ibL1re pSzOP-AhqUyc-ibL1re Ktthjf-AhqUyc-ibL1re jXK9ad D2fZ2 zu5uec OjCsFc dmUFtb GNzUNc\"><div class=\"jXK9ad-SmKAyb\"><div class=\"tyJCtd mGzaTb Depvyb baZpAe\"><div class=\"CjVfdc\"><strong>Des. Eleitoral<br \/>Laudo <b>Natel Mateus<\/b><\/strong><\/div><\/div><\/div><\/div><\/div><div class=\"oKdM2c ZZyype\" style=\"text-align: center;\"><div id=\"h.15569c01c74ffc5f_77\" class=\"hJDwNd-AhqUyc-ibL1re Ft7HRd-AhqUyc-ibL1re purZT-AhqUyc-ibL1re ZcASvf-AhqUyc-ibL1re pSzOP-AhqUyc-ibL1re Ktthjf-AhqUyc-ibL1re jXK9ad D2fZ2 zu5uec wHaque g5GTcb GNzUNc\"><div class=\"jXK9ad-SmKAyb\"><div class=\"tyJCtd mGzaTb Depvyb baZpAe\"><small id=\"h.gwgq841den9s\" class=\"CDt4Ke zfr3Q TMjjoe\" dir=\"ltr\" style=\"font-size: 12.8px;\">Jurista<\/small><small id=\"h.gwgq841den9s\" class=\"CDt4Ke zfr3Q TMjjoe\" dir=\"ltr\" style=\"font-size: 12.8px;\">\u00a0<\/small><small id=\"h.5b66t5zf7n27\" class=\"CDt4Ke zfr3Q TMjjoe\" dir=\"ltr\" style=\"font-size: 12.8px;\">(21\/01\/2025 a 20\/01\/2027)<\/small><\/div><\/div><\/div><\/div>\t\t\t\t\t\t\t\t<\/div>\n\t\t\t\t<\/div>\n\t\t\t\t\t<\/div>\n\t\t<\/div>\n\t\t\t\t\t<\/div>\n\t\t<\/section>\n\t\t\t\t\t<\/div>\n\t\t<\/div>\n\t\t\t\t\t<\/div>\n\t\t<\/section>\n\t\t\t\t<section class=\"elementor-section elementor-top-section elementor-element elementor-element-372a1b6 elementor-section-boxed elementor-section-height-default elementor-section-height-default\" data-id=\"372a1b6\" data-element_type=\"section\">\n\t\t\t\t\t\t<div class=\"elementor-container elementor-column-gap-default\">\n\t\t\t\t\t<div class=\"elementor-column elementor-col-100 elementor-top-column elementor-element elementor-element-53acb13\" data-id=\"53acb13\" data-element_type=\"column\">\n\t\t\t<div class=\"elementor-widget-wrap\">\n\t\t\t\t\t\t\t<\/div>\n\t\t<\/div>\n\t\t\t\t\t<\/div>\n\t\t<\/section>\n\t\t\t\t<\/div>\n\t\t","protected":false},"excerpt":{"rendered":"<p>Fatos institucionais e sociais relevantes Justi\u00e7a Eleitoral Brasil 1932 &#8211; Cria\u00e7\u00e3o do 1\u00ba C\u00f3digo Eleitoral Brasileiro que introduziu e organizou a Justi\u00e7a Eleitoral no Brasil. Fonte: Tribunal Superior Eleitoral 1933 &#8211; Realiza\u00e7\u00e3o, em 03 de maio, das primeiras elei\u00e7\u00f5es organizadas pela Justi\u00e7a Eleitoral. Fonte: Tribunal Superior Eleitoral 1933 &#8211; Se\u00e7\u00e3o eleitoral feminina do M\u00e9ier &#8211; [&hellip;]<\/p>\n","protected":false},"author":11,"featured_media":0,"parent":0,"menu_order":0,"comment_status":"closed","ping_status":"closed","template":"","meta":{"site-sidebar-layout":"no-sidebar","site-content-layout":"page-builder","ast-site-content-layout":"default","site-content-style":"default","site-sidebar-style":"default","ast-global-header-display":"","ast-banner-title-visibility":"","ast-main-header-display":"","ast-hfb-above-header-display":"","ast-hfb-below-header-display":"","ast-hfb-mobile-header-display":"","site-post-title":"disabled","ast-breadcrumbs-content":"","ast-featured-img":"disabled","footer-sml-layout":"","theme-transparent-header-meta":"enabled","adv-header-id-meta":"","stick-header-meta":"","header-above-stick-meta":"","header-main-stick-meta":"","header-below-stick-meta":"","astra-migrate-meta-layouts":"default","ast-page-background-enabled":"default","ast-page-background-meta":{"desktop":{"background-color":"var(--ast-global-color-4)","background-image":"","background-repeat":"repeat","background-position":"center center","background-size":"auto","background-attachment":"scroll","background-type":"","background-media":"","overlay-type":"","overlay-color":"","overlay-opacity":"","overlay-gradient":""},"tablet":{"background-color":"","background-image":"","background-repeat":"repeat","background-position":"center center","background-size":"auto","background-attachment":"scroll","background-type":"","background-media":"","overlay-type":"","overlay-color":"","overlay-opacity":"","overlay-gradient":""},"mobile":{"background-color":"","background-image":"","background-repeat":"repeat","background-position":"center center","background-size":"auto","background-attachment":"scroll","background-type":"","background-media":"","overlay-type":"","overlay-color":"","overlay-opacity":"","overlay-gradient":""}},"ast-content-background-meta":{"desktop":{"background-color":"var(--ast-global-color-5)","background-image":"","background-repeat":"repeat","background-position":"center center","background-size":"auto","background-attachment":"scroll","background-type":"","background-media":"","overlay-type":"","overlay-color":"","overlay-opacity":"","overlay-gradient":""},"tablet":{"background-color":"var(--ast-global-color-5)","background-image":"","background-repeat":"repeat","background-position":"center center","background-size":"auto","background-attachment":"scroll","background-type":"","background-media":"","overlay-type":"","overlay-color":"","overlay-opacity":"","overlay-gradient":""},"mobile":{"background-color":"var(--ast-global-color-5)","background-image":"","background-repeat":"repeat","background-position":"center center","background-size":"auto","background-attachment":"scroll","background-type":"","background-media":"","overlay-type":"","overlay-color":"","overlay-opacity":"","overlay-gradient":""}},"footnotes":""},"class_list":["post-24096","page","type-page","status-publish","hentry"],"_links":{"self":[{"href":"http:\/\/10.10.1.232\/wordpress\/index.php?rest_route=\/wp\/v2\/pages\/24096","targetHints":{"allow":["GET"]}}],"collection":[{"href":"http:\/\/10.10.1.232\/wordpress\/index.php?rest_route=\/wp\/v2\/pages"}],"about":[{"href":"http:\/\/10.10.1.232\/wordpress\/index.php?rest_route=\/wp\/v2\/types\/page"}],"author":[{"embeddable":true,"href":"http:\/\/10.10.1.232\/wordpress\/index.php?rest_route=\/wp\/v2\/users\/11"}],"replies":[{"embeddable":true,"href":"http:\/\/10.10.1.232\/wordpress\/index.php?rest_route=%2Fwp%2Fv2%2Fcomments&post=24096"}],"version-history":[{"count":7,"href":"http:\/\/10.10.1.232\/wordpress\/index.php?rest_route=\/wp\/v2\/pages\/24096\/revisions"}],"predecessor-version":[{"id":24204,"href":"http:\/\/10.10.1.232\/wordpress\/index.php?rest_route=\/wp\/v2\/pages\/24096\/revisions\/24204"}],"wp:attachment":[{"href":"http:\/\/10.10.1.232\/wordpress\/index.php?rest_route=%2Fwp%2Fv2%2Fmedia&parent=24096"}],"curies":[{"name":"wp","href":"https:\/\/api.w.org\/{rel}","templated":true}]}}