{"id":24066,"date":"2026-04-14T16:33:22","date_gmt":"2026-04-14T19:33:22","guid":{"rendered":"http:\/\/10.10.1.232\/wordpress\/?page_id=24066"},"modified":"2026-04-24T11:51:17","modified_gmt":"2026-04-24T14:51:17","slug":"linha-do-tempo-goias","status":"publish","type":"page","link":"http:\/\/10.10.1.232\/wordpress\/?page_id=24066","title":{"rendered":"Linha do tempo Goi\u00e1s"},"content":{"rendered":"\t\t<div data-elementor-type=\"wp-page\" data-elementor-id=\"24066\" class=\"elementor elementor-24066\">\n\t\t\t\t\t\t<section class=\"elementor-section elementor-top-section elementor-element elementor-element-a940c33 elementor-section-boxed elementor-section-height-default elementor-section-height-default\" data-id=\"a940c33\" data-element_type=\"section\">\n\t\t\t\t\t\t<div class=\"elementor-container elementor-column-gap-default\">\n\t\t\t\t\t<div class=\"elementor-column elementor-col-100 elementor-top-column elementor-element elementor-element-383eb5a\" data-id=\"383eb5a\" data-element_type=\"column\">\n\t\t\t<div class=\"elementor-widget-wrap\">\n\t\t\t\t\t\t\t<\/div>\n\t\t<\/div>\n\t\t\t\t\t<\/div>\n\t\t<\/section>\n\t\t\t\t<section class=\"elementor-section elementor-top-section elementor-element elementor-element-6226e4b elementor-section-boxed elementor-section-height-default elementor-section-height-default\" data-id=\"6226e4b\" data-element_type=\"section\">\n\t\t\t\t\t\t<div class=\"elementor-container elementor-column-gap-default\">\n\t\t\t\t\t<div class=\"elementor-column elementor-col-100 elementor-top-column elementor-element elementor-element-9f99de6\" data-id=\"9f99de6\" data-element_type=\"column\">\n\t\t\t<div class=\"elementor-widget-wrap\">\n\t\t\t\t\t\t\t<\/div>\n\t\t<\/div>\n\t\t\t\t\t<\/div>\n\t\t<\/section>\n\t\t\t\t<section class=\"elementor-section elementor-top-section elementor-element elementor-element-59fd6f6 elementor-section-boxed elementor-section-height-default elementor-section-height-default\" data-id=\"59fd6f6\" data-element_type=\"section\">\n\t\t\t\t\t\t<div class=\"elementor-container elementor-column-gap-default\">\n\t\t\t\t\t<div class=\"elementor-column elementor-col-100 elementor-top-column elementor-element elementor-element-aea8628\" data-id=\"aea8628\" data-element_type=\"column\">\n\t\t\t<div class=\"elementor-widget-wrap elementor-element-populated\">\n\t\t\t\t\t\t<div class=\"elementor-element elementor-element-c318def elementor-widget elementor-widget-spacer\" data-id=\"c318def\" data-element_type=\"widget\" data-widget_type=\"spacer.default\">\n\t\t\t\t<div class=\"elementor-widget-container\">\n\t\t\t\t\t\t\t<div class=\"elementor-spacer\">\n\t\t\t<div class=\"elementor-spacer-inner\"><\/div>\n\t\t<\/div>\n\t\t\t\t\t\t<\/div>\n\t\t\t\t<\/div>\n\t\t\t\t<div class=\"elementor-element elementor-element-d262d11 elementor-widget elementor-widget-heading\" data-id=\"d262d11\" data-element_type=\"widget\" data-widget_type=\"heading.default\">\n\t\t\t\t<div class=\"elementor-widget-container\">\n\t\t\t\t\t<h2 class=\"elementor-heading-title elementor-size-default\"><h2 class=\"elementor-heading-title elementor-size-default elementor-inline-editing pen\" data-elementor-setting-key=\"title\" data-pen-placeholder=\"Digite aqui...\" style=\"font-style: normal\"><span style=\"font-weight: 700\">Fatos institucionais e sociais relevantes<\/span><\/h2><span style=\"font-weight: 700;font-size: 1.875rem\">Justi\u00e7a Eleitoral de Goi\u00e1s<\/span><\/h2>\t\t\t\t<\/div>\n\t\t\t\t<\/div>\n\t\t\t\t\t<\/div>\n\t\t<\/div>\n\t\t\t\t\t<\/div>\n\t\t<\/section>\n\t\t\t\t<section class=\"elementor-section elementor-top-section elementor-element elementor-element-585fe3e elementor-section-boxed elementor-section-height-default elementor-section-height-default\" data-id=\"585fe3e\" data-element_type=\"section\">\n\t\t\t\t\t\t<div class=\"elementor-container elementor-column-gap-default\">\n\t\t\t\t\t<div class=\"elementor-column elementor-col-100 elementor-top-column elementor-element elementor-element-211d439\" data-id=\"211d439\" data-element_type=\"column\">\n\t\t\t<div class=\"elementor-widget-wrap\">\n\t\t\t\t\t\t\t<\/div>\n\t\t<\/div>\n\t\t\t\t\t<\/div>\n\t\t<\/section>\n\t\t\t\t<section class=\"elementor-section elementor-top-section elementor-element elementor-element-a96abe6 elementor-section-boxed elementor-section-height-default elementor-section-height-default\" data-id=\"a96abe6\" data-element_type=\"section\">\n\t\t\t\t\t\t<div class=\"elementor-container elementor-column-gap-default\">\n\t\t\t\t\t<div class=\"elementor-column elementor-col-100 elementor-top-column elementor-element elementor-element-fa57a70\" data-id=\"fa57a70\" data-element_type=\"column\">\n\t\t\t<div class=\"elementor-widget-wrap elementor-element-populated\">\n\t\t\t\t\t\t<section class=\"elementor-section elementor-inner-section elementor-element elementor-element-11a5c54 elementor-section-boxed elementor-section-height-default elementor-section-height-default\" data-id=\"11a5c54\" data-element_type=\"section\">\n\t\t\t\t\t\t<div class=\"elementor-container elementor-column-gap-default\">\n\t\t\t\t\t<div class=\"elementor-column elementor-col-50 elementor-inner-column elementor-element elementor-element-630f111\" data-id=\"630f111\" data-element_type=\"column\">\n\t\t\t<div class=\"elementor-widget-wrap\">\n\t\t\t\t\t\t\t<\/div>\n\t\t<\/div>\n\t\t\t\t<div class=\"elementor-column elementor-col-50 elementor-inner-column elementor-element elementor-element-b6f05da\" data-id=\"b6f05da\" data-element_type=\"column\">\n\t\t\t<div class=\"elementor-widget-wrap elementor-element-populated\">\n\t\t\t\t\t\t<div class=\"elementor-element elementor-element-cdc3813 elementor-widget__width-initial animated-slow elementor-arrows-position-inside elementor-pagination-position-outside elementor-invisible elementor-widget elementor-widget-image-carousel\" data-id=\"cdc3813\" data-element_type=\"widget\" data-settings=\"{&quot;slides_to_show&quot;:&quot;1&quot;,&quot;_animation&quot;:&quot;zoomIn&quot;,&quot;_animation_delay&quot;:400,&quot;navigation&quot;:&quot;both&quot;,&quot;autoplay&quot;:&quot;yes&quot;,&quot;pause_on_hover&quot;:&quot;yes&quot;,&quot;pause_on_interaction&quot;:&quot;yes&quot;,&quot;autoplay_speed&quot;:5000,&quot;infinite&quot;:&quot;yes&quot;,&quot;effect&quot;:&quot;slide&quot;,&quot;speed&quot;:500}\" data-widget_type=\"image-carousel.default\">\n\t\t\t\t<div class=\"elementor-widget-container\">\n\t\t\t\t\t\t\t<div class=\"elementor-image-carousel-wrapper swiper\" role=\"region\" aria-roledescription=\"carousel\" aria-label=\"Carrossel de imagens\" dir=\"ltr\">\n\t\t\t<div class=\"elementor-image-carousel swiper-wrapper swiper-image-stretch\" aria-live=\"off\">\n\t\t\t\t\t\t\t\t<div class=\"swiper-slide\" role=\"group\" aria-roledescription=\"slide\" aria-label=\"1 de 15\"><figure class=\"swiper-slide-inner\"><img decoding=\"async\" class=\"swiper-slide-image\" src=\"http:\/\/10.10.1.232\/wordpress\/wp-content\/uploads\/2026\/04\/Linha-do-Tempo-1-scaled.png\" alt=\"1932 - Instala\u00e7\u00e3o do Tribunal Regional Eleitoral de Goi\u00e1s na cidade de Goi\u00e1s, em 20 de agosto de 1932, no pr\u00e9dio da C\u00e2mara dos Deputados.Primeiro Edif\u00edcio onde funcionou a Justi\u00e7a Eleitoral de Goi\u00e1s.  Fonte: Livro \u201cOrigem dos Institutos Jur\u00eddicos de Goiaz\u201d, Abel Soares de Castro\" \/><figcaption class=\"elementor-image-carousel-caption\"> 1932 - Instala\u00e7\u00e3o do Tribunal Regional Eleitoral de Goi\u00e1s na cidade de Goi\u00e1s, em 20 de agosto de 1932, no pr\u00e9dio da C\u00e2mara dos Deputados.Primeiro Edif\u00edcio onde funcionou a Justi\u00e7a Eleitoral de Goi\u00e1s.  Fonte: Livro \u201cOrigem dos Institutos Jur\u00eddicos de Goiaz\u201d, Abel Soares de Castro<\/figcaption><\/figure><\/div><div class=\"swiper-slide\" role=\"group\" aria-roledescription=\"slide\" aria-label=\"2 de 15\"><figure class=\"swiper-slide-inner\"><img decoding=\"async\" class=\"swiper-slide-image\" src=\"http:\/\/10.10.1.232\/wordpress\/wp-content\/uploads\/2026\/04\/Linha-do-Tempo-2-scaled.png\" alt=\"1937 - Inaugura\u00e7\u00e3o do Edif\u00edcio-sede do TRE-GO com a transfer\u00eancia do Poder Judici\u00e1rio para a nova capital do estado, Goi\u00e2nia, em 14 de julho de 1937. Fonte: Museu da Imagem e Som de Goi\u00e1s - MIS\" \/><figcaption class=\"elementor-image-carousel-caption\">1937 - Inaugura\u00e7\u00e3o do Edif\u00edcio-sede do TRE-GO com a transfer\u00eancia do Poder Judici\u00e1rio para a nova capital do estado, Goi\u00e2nia, em 14 de julho de 1937. Fonte: Museu da Imagem e Som de Goi\u00e1s - MIS<\/figcaption><\/figure><\/div><div class=\"swiper-slide\" role=\"group\" aria-roledescription=\"slide\" aria-label=\"3 de 15\"><figure class=\"swiper-slide-inner\"><img decoding=\"async\" class=\"swiper-slide-image\" src=\"http:\/\/10.10.1.232\/wordpress\/wp-content\/uploads\/2026\/04\/Linha-do-Tempo-3-scaled.png\" alt=\"1937 - Extin\u00e7\u00e3o da Justi\u00e7a Eleitoral e encerramento das atividades do TRE-GO, em 17 de novembro de 1937. Fonte: Museu da Imagem e Som de Goi\u00e1s  - MIS\" \/><figcaption class=\"elementor-image-carousel-caption\">1937 - Extin\u00e7\u00e3o da Justi\u00e7a Eleitoral e encerramento das atividades do TRE-GO, em 17 de novembro de 1937. Fonte: Museu da Imagem e Som de Goi\u00e1s  - MIS<\/figcaption><\/figure><\/div><div class=\"swiper-slide\" role=\"group\" aria-roledescription=\"slide\" aria-label=\"4 de 15\"><figure class=\"swiper-slide-inner\"><img decoding=\"async\" class=\"swiper-slide-image\" src=\"http:\/\/10.10.1.232\/wordpress\/wp-content\/uploads\/2026\/04\/Linha-do-Tempo-5-scaled.png\" alt=\"1964 - Em 26 de novembro de 1964, o presidente Humberto de Alencar Castelo Branco destituiu o governador Mauro Borges, nomeando o coronel Carlos de Meira Matos como interventor em Goi\u00e1s. A a\u00e7\u00e3o incluiu a pris\u00e3o de 102 colaboradores e foi marcada pelo sobrevoo da For\u00e7a A\u00e9rea sobre o Pal\u00e1cio das Esmeraldas, em Goi\u00e2nia. Fonte: Jornal O Popular\/ H\u00e9lio de Oliveira\" \/><figcaption class=\"elementor-image-carousel-caption\">1964 - Em 26 de novembro de 1964, o presidente Humberto de Alencar Castelo Branco destituiu o governador Mauro Borges, nomeando o coronel Carlos de Meira Matos como interventor em Goi\u00e1s. A a\u00e7\u00e3o incluiu a pris\u00e3o de 102 colaboradores e foi marcada pelo sobrevoo da For\u00e7a A\u00e9rea sobre o Pal\u00e1cio das Esmeraldas, em Goi\u00e2nia. Fonte: Jornal O Popular\/ H\u00e9lio de Oliveira<\/figcaption><\/figure><\/div><div class=\"swiper-slide\" role=\"group\" aria-roledescription=\"slide\" aria-label=\"5 de 15\"><figure class=\"swiper-slide-inner\"><img decoding=\"async\" class=\"swiper-slide-image\" src=\"http:\/\/10.10.1.232\/wordpress\/wp-content\/uploads\/2026\/04\/Linha-do-Tempo-6-scaled.png\" alt=\"1983 - Com\u00edcio pelas \u201cDFonte: Memorial da Democraciairetas J\u00e1\u201d na Pra\u00e7a C\u00edvica, em Goi\u00e2nia, em 15 de junho.\" \/><figcaption class=\"elementor-image-carousel-caption\">1983 - Com\u00edcio pelas \u201cDFonte: Memorial da Democraciairetas J\u00e1\u201d na Pra\u00e7a C\u00edvica, em Goi\u00e2nia, em 15 de junho.<\/figcaption><\/figure><\/div><div class=\"swiper-slide\" role=\"group\" aria-roledescription=\"slide\" aria-label=\"6 de 15\"><figure class=\"swiper-slide-inner\"><img decoding=\"async\" class=\"swiper-slide-image\" src=\"http:\/\/10.10.1.232\/wordpress\/wp-content\/uploads\/2026\/04\/Linha-do-Tempo-7-scaled.png\" alt=\"1998 - Exposi\u00e7\u00e3o da urna eletr\u00f4nica no Centro de Conven\u00e7\u00f5es de Goi\u00e2nia.Fonte: Tribunal Regional Eleitoral de Goi\u00e1s.\" \/><figcaption class=\"elementor-image-carousel-caption\">1998 - Exposi\u00e7\u00e3o da urna eletr\u00f4nica no Centro de Conven\u00e7\u00f5es de Goi\u00e2nia.Fonte: Tribunal Regional Eleitoral de Goi\u00e1s.<\/figcaption><\/figure><\/div><div class=\"swiper-slide\" role=\"group\" aria-roledescription=\"slide\" aria-label=\"7 de 15\"><figure class=\"swiper-slide-inner\"><img decoding=\"async\" class=\"swiper-slide-image\" src=\"http:\/\/10.10.1.232\/wordpress\/wp-content\/uploads\/2026\/04\/Linha-do-Tempo-8-scaled.png\" alt=\"1998 - Inaugura\u00e7\u00e3o do Anexo I do TRE-GO que expandiu o espa\u00e7o administrativo do Tribunal. Fonte: Tribunal Regional Eleitoral de Goi\u00e1s\" \/><figcaption class=\"elementor-image-carousel-caption\">1998 - Inaugura\u00e7\u00e3o do Anexo I do TRE-GO que expandiu o espa\u00e7o administrativo do Tribunal. Fonte: Tribunal Regional Eleitoral de Goi\u00e1s<\/figcaption><\/figure><\/div><div class=\"swiper-slide\" role=\"group\" aria-roledescription=\"slide\" aria-label=\"8 de 15\"><figure class=\"swiper-slide-inner\"><img decoding=\"async\" class=\"swiper-slide-image\" src=\"http:\/\/10.10.1.232\/wordpress\/wp-content\/uploads\/2026\/04\/Linha-do-Tempo-9-scaled.png\" alt=\"2003 - O Edif\u00edcio-sede do TRE-GO \u00e9 tombado pelo Minist\u00e9rio da Cultura, atrav\u00e9s do Instituto de Patrim\u00f4nio Hist\u00f3rico e Art\u00edstico Nacional, Portaria n\u00b0 507, de 18\/11\/2003. Fonte: Instituto do Patrim\u00f4nio Hist\u00f3rico e Art\u00edstico Nacional\" \/><figcaption class=\"elementor-image-carousel-caption\">2003 - O Edif\u00edcio-sede do TRE-GO \u00e9 tombado pelo Minist\u00e9rio da Cultura, atrav\u00e9s do Instituto de Patrim\u00f4nio Hist\u00f3rico e Art\u00edstico Nacional, Portaria n\u00b0 507, de 18\/11\/2003. Fonte: Instituto do Patrim\u00f4nio Hist\u00f3rico e Art\u00edstico Nacional<\/figcaption><\/figure><\/div><div class=\"swiper-slide\" role=\"group\" aria-roledescription=\"slide\" aria-label=\"9 de 15\"><figure class=\"swiper-slide-inner\"><img decoding=\"async\" class=\"swiper-slide-image\" src=\"http:\/\/10.10.1.232\/wordpress\/wp-content\/uploads\/2026\/04\/Linha-do-Tempo-10-scaled.png\" alt=\"2009 - Inaugura\u00e7\u00e3o do Anexo II do TRE-GO garantindo mais seguran\u00e7a para a administra\u00e7\u00e3o da Justi\u00e7a Eleitoral de Goi\u00e1s. Fonte: Acervo do Tribunal Regional Eleitoral de Goi\u00e1s\" \/><figcaption class=\"elementor-image-carousel-caption\">2009 - Inaugura\u00e7\u00e3o do Anexo II do TRE-GO garantindo mais seguran\u00e7a para a administra\u00e7\u00e3o da Justi\u00e7a Eleitoral de Goi\u00e1s. Fonte: Acervo do Tribunal Regional Eleitoral de Goi\u00e1s<\/figcaption><\/figure><\/div><div class=\"swiper-slide\" role=\"group\" aria-roledescription=\"slide\" aria-label=\"10 de 15\"><figure class=\"swiper-slide-inner\"><img decoding=\"async\" class=\"swiper-slide-image\" src=\"http:\/\/10.10.1.232\/wordpress\/wp-content\/uploads\/2026\/04\/Linha-do-Tempo-11-scaled.png\" alt=\"2011 - Inaugura\u00e7\u00e3o, em 5 de maio, do Centro Hist\u00f3rico da Justi\u00e7a Eleitoral de Goi\u00e1s na sala do antigo Plen\u00e1rio, localizada no Edif\u00edcio-sede do TRE-GO. Fonte: Acervo do Tribunal Regional Eleitoral de Goi\u00e1s\" \/><figcaption class=\"elementor-image-carousel-caption\">2011 - Inaugura\u00e7\u00e3o, em 5 de maio, do Centro Hist\u00f3rico da Justi\u00e7a Eleitoral de Goi\u00e1s na sala do antigo Plen\u00e1rio, localizada no Edif\u00edcio-sede do TRE-GO. Fonte: Acervo do Tribunal Regional Eleitoral de Goi\u00e1s<\/figcaption><\/figure><\/div><div class=\"swiper-slide\" role=\"group\" aria-roledescription=\"slide\" aria-label=\"11 de 15\"><figure class=\"swiper-slide-inner\"><img decoding=\"async\" class=\"swiper-slide-image\" src=\"http:\/\/10.10.1.232\/wordpress\/wp-content\/uploads\/2026\/04\/Linha-do-Tempo-12-scaled.png\" alt=\"2021 - Institui\u00e7\u00e3o da Comiss\u00e3o de Gest\u00e3o de Mem\u00f3ria do TRE-GO pela Portaria da Presid\u00eancia n\u00ba 21\/2021. Cria-se, no mesmo ato, o Memorial Virtual da Justi\u00e7a Eleitoral de Goi\u00e1s. Fonte: Acervo Tribunal Regional Eleitoral de Goi\u00e1s\" \/><figcaption class=\"elementor-image-carousel-caption\">2021 - Institui\u00e7\u00e3o da Comiss\u00e3o de Gest\u00e3o de Mem\u00f3ria do TRE-GO pela Portaria da Presid\u00eancia n\u00ba 21\/2021. Cria-se, no mesmo ato, o Memorial Virtual da Justi\u00e7a Eleitoral de Goi\u00e1s. Fonte: Acervo Tribunal Regional Eleitoral de Goi\u00e1s<\/figcaption><\/figure><\/div><div class=\"swiper-slide\" role=\"group\" aria-roledescription=\"slide\" aria-label=\"12 de 15\"><figure class=\"swiper-slide-inner\"><img decoding=\"async\" class=\"swiper-slide-image\" src=\"http:\/\/10.10.1.232\/wordpress\/wp-content\/uploads\/2026\/04\/Linha-do-Tempo-13-scaled.png\" alt=\"2022 - Expans\u00e3o do Centro de Mem\u00f3ria da Justi\u00e7a Eleitoral que recebe a denomina\u00e7\u00e3o de Centro de Mem\u00f3ria da Justi\u00e7a Eleitoral de Goi\u00e1s Desembargador Geraldo Crispim Borges. Fonte: Acervo Tribunal Regional Eleitoral de Goi\u00e1s\" \/><figcaption class=\"elementor-image-carousel-caption\">2022 - Expans\u00e3o do Centro de Mem\u00f3ria da Justi\u00e7a Eleitoral que recebe a denomina\u00e7\u00e3o de Centro de Mem\u00f3ria da Justi\u00e7a Eleitoral de Goi\u00e1s Desembargador Geraldo Crispim Borges. Fonte: Acervo Tribunal Regional Eleitoral de Goi\u00e1s<\/figcaption><\/figure><\/div><div class=\"swiper-slide\" role=\"group\" aria-roledescription=\"slide\" aria-label=\"13 de 15\"><figure class=\"swiper-slide-inner\"><img decoding=\"async\" class=\"swiper-slide-image\" src=\"http:\/\/10.10.1.232\/wordpress\/wp-content\/uploads\/2026\/04\/Linha-do-Tempo-14-scaled.png\" alt=\"2022  - Inaugura\u00e7\u00e3o do Anexo III que abriga a Central de Atendimento ao Eleitor e os Cart\u00f3rios das zonas eleitorais de Goi\u00e2nia. Fonte: Acervo do Tribunal Regional Eleitoral de Goi\u00e1s\" \/><figcaption class=\"elementor-image-carousel-caption\">2022  - Inaugura\u00e7\u00e3o do Anexo III que abriga a Central de Atendimento ao Eleitor e os Cart\u00f3rios das zonas eleitorais de Goi\u00e2nia. Fonte: Acervo do Tribunal Regional Eleitoral de Goi\u00e1s<\/figcaption><\/figure><\/div><div class=\"swiper-slide\" role=\"group\" aria-roledescription=\"slide\" aria-label=\"14 de 15\"><figure class=\"swiper-slide-inner\"><img decoding=\"async\" class=\"swiper-slide-image\" src=\"http:\/\/10.10.1.232\/wordpress\/wp-content\/uploads\/2026\/04\/Linha-do-Tempo-15-scaled.png\" alt=\"2023 - TRE-GO recebe premia\u00e7\u00e3o no III Encontro Nacional de Mem\u00f3ria do Poder Judici\u00e1rio na categoria especial - Gest\u00e3o de Mem\u00f3ria: recursos humanos. Fonte: Acervo do Tribunal Regional Eleitoral de Goi\u00e1s\" \/><figcaption class=\"elementor-image-carousel-caption\">2023 - TRE-GO recebe premia\u00e7\u00e3o no III Encontro Nacional de Mem\u00f3ria do Poder Judici\u00e1rio na categoria especial - Gest\u00e3o de Mem\u00f3ria: recursos humanos. Fonte: Acervo do Tribunal Regional Eleitoral de Goi\u00e1s<\/figcaption><\/figure><\/div><div class=\"swiper-slide\" role=\"group\" aria-roledescription=\"slide\" aria-label=\"15 de 15\"><figure class=\"swiper-slide-inner\"><img decoding=\"async\" class=\"swiper-slide-image\" src=\"http:\/\/10.10.1.232\/wordpress\/wp-content\/uploads\/2026\/04\/Linha-do-Tempo-16-scaled.png\" alt=\"2024 - Lan\u00e7amento do Livro \u201cPrimeira Fase da Justi\u00e7a Eleitoral de Goi\u00e1s (1932-1937)\u201d, durante a III Semana da Mem\u00f3ria do Poder Judici\u00e1rio Goiano. Fonte: Acervo do Tribunal Regional Eleitoral de Goi\u00e1s\" \/><figcaption class=\"elementor-image-carousel-caption\">2024 - Lan\u00e7amento do Livro \u201cPrimeira Fase da Justi\u00e7a Eleitoral de Goi\u00e1s (1932-1937)\u201d, durante a III Semana da Mem\u00f3ria do Poder Judici\u00e1rio Goiano. Fonte: Acervo do Tribunal Regional Eleitoral de Goi\u00e1s <\/figcaption><\/figure><\/div>\t\t\t<\/div>\n\t\t\t\t\t\t\t\t\t\t\t\t<div class=\"elementor-swiper-button elementor-swiper-button-prev\" role=\"button\" tabindex=\"0\">\n\t\t\t\t\t\t<i aria-hidden=\"true\" class=\"eicon-chevron-left\"><\/i>\t\t\t\t\t<\/div>\n\t\t\t\t\t<div class=\"elementor-swiper-button elementor-swiper-button-next\" role=\"button\" tabindex=\"0\">\n\t\t\t\t\t\t<i aria-hidden=\"true\" class=\"eicon-chevron-right\"><\/i>\t\t\t\t\t<\/div>\n\t\t\t\t\n\t\t\t\t\t\t\t\t\t<div class=\"swiper-pagination\"><\/div>\n\t\t\t\t\t\t\t\t\t<\/div>\n\t\t\t\t\t\t<\/div>\n\t\t\t\t<\/div>\n\t\t\t\t\t<\/div>\n\t\t<\/div>\n\t\t\t\t\t<\/div>\n\t\t<\/section>\n\t\t\t\t\t<\/div>\n\t\t<\/div>\n\t\t\t\t\t<\/div>\n\t\t<\/section>\n\t\t\t\t<section class=\"elementor-section elementor-top-section elementor-element elementor-element-372a1b6 elementor-section-boxed elementor-section-height-default elementor-section-height-default\" data-id=\"372a1b6\" data-element_type=\"section\">\n\t\t\t\t\t\t<div class=\"elementor-container elementor-column-gap-default\">\n\t\t\t\t\t<div class=\"elementor-column elementor-col-100 elementor-top-column elementor-element elementor-element-53acb13\" data-id=\"53acb13\" data-element_type=\"column\">\n\t\t\t<div class=\"elementor-widget-wrap\">\n\t\t\t\t\t\t\t<\/div>\n\t\t<\/div>\n\t\t\t\t\t<\/div>\n\t\t<\/section>\n\t\t\t\t<\/div>\n\t\t","protected":false},"excerpt":{"rendered":"<p>Fatos institucionais e sociais relevantes Justi\u00e7a Eleitoral de Goi\u00e1s 1932 &#8211; Instala\u00e7\u00e3o do Tribunal Regional Eleitoral de Goi\u00e1s na cidade de Goi\u00e1s, em 20 de agosto de 1932, no pr\u00e9dio da C\u00e2mara dos Deputados.Primeiro Edif\u00edcio onde funcionou a Justi\u00e7a Eleitoral de Goi\u00e1s. Fonte: Livro \u201cOrigem dos Institutos Jur\u00eddicos de Goiaz\u201d, Abel Soares de Castro 1937 [&hellip;]<\/p>\n","protected":false},"author":11,"featured_media":0,"parent":0,"menu_order":0,"comment_status":"closed","ping_status":"closed","template":"","meta":{"site-sidebar-layout":"no-sidebar","site-content-layout":"page-builder","ast-site-content-layout":"default","site-content-style":"default","site-sidebar-style":"default","ast-global-header-display":"","ast-banner-title-visibility":"","ast-main-header-display":"","ast-hfb-above-header-display":"","ast-hfb-below-header-display":"","ast-hfb-mobile-header-display":"","site-post-title":"disabled","ast-breadcrumbs-content":"","ast-featured-img":"disabled","footer-sml-layout":"","theme-transparent-header-meta":"enabled","adv-header-id-meta":"","stick-header-meta":"","header-above-stick-meta":"","header-main-stick-meta":"","header-below-stick-meta":"","astra-migrate-meta-layouts":"default","ast-page-background-enabled":"default","ast-page-background-meta":{"desktop":{"background-color":"var(--ast-global-color-4)","background-image":"","background-repeat":"repeat","background-position":"center center","background-size":"auto","background-attachment":"scroll","background-type":"","background-media":"","overlay-type":"","overlay-color":"","overlay-opacity":"","overlay-gradient":""},"tablet":{"background-color":"","background-image":"","background-repeat":"repeat","background-position":"center center","background-size":"auto","background-attachment":"scroll","background-type":"","background-media":"","overlay-type":"","overlay-color":"","overlay-opacity":"","overlay-gradient":""},"mobile":{"background-color":"","background-image":"","background-repeat":"repeat","background-position":"center center","background-size":"auto","background-attachment":"scroll","background-type":"","background-media":"","overlay-type":"","overlay-color":"","overlay-opacity":"","overlay-gradient":""}},"ast-content-background-meta":{"desktop":{"background-color":"var(--ast-global-color-5)","background-image":"","background-repeat":"repeat","background-position":"center center","background-size":"auto","background-attachment":"scroll","background-type":"","background-media":"","overlay-type":"","overlay-color":"","overlay-opacity":"","overlay-gradient":""},"tablet":{"background-color":"var(--ast-global-color-5)","background-image":"","background-repeat":"repeat","background-position":"center center","background-size":"auto","background-attachment":"scroll","background-type":"","background-media":"","overlay-type":"","overlay-color":"","overlay-opacity":"","overlay-gradient":""},"mobile":{"background-color":"var(--ast-global-color-5)","background-image":"","background-repeat":"repeat","background-position":"center center","background-size":"auto","background-attachment":"scroll","background-type":"","background-media":"","overlay-type":"","overlay-color":"","overlay-opacity":"","overlay-gradient":""}},"footnotes":""},"class_list":["post-24066","page","type-page","status-publish","hentry"],"_links":{"self":[{"href":"http:\/\/10.10.1.232\/wordpress\/index.php?rest_route=\/wp\/v2\/pages\/24066","targetHints":{"allow":["GET"]}}],"collection":[{"href":"http:\/\/10.10.1.232\/wordpress\/index.php?rest_route=\/wp\/v2\/pages"}],"about":[{"href":"http:\/\/10.10.1.232\/wordpress\/index.php?rest_route=\/wp\/v2\/types\/page"}],"author":[{"embeddable":true,"href":"http:\/\/10.10.1.232\/wordpress\/index.php?rest_route=\/wp\/v2\/users\/11"}],"replies":[{"embeddable":true,"href":"http:\/\/10.10.1.232\/wordpress\/index.php?rest_route=%2Fwp%2Fv2%2Fcomments&post=24066"}],"version-history":[{"count":7,"href":"http:\/\/10.10.1.232\/wordpress\/index.php?rest_route=\/wp\/v2\/pages\/24066\/revisions"}],"predecessor-version":[{"id":24201,"href":"http:\/\/10.10.1.232\/wordpress\/index.php?rest_route=\/wp\/v2\/pages\/24066\/revisions\/24201"}],"wp:attachment":[{"href":"http:\/\/10.10.1.232\/wordpress\/index.php?rest_route=%2Fwp%2Fv2%2Fmedia&parent=24066"}],"curies":[{"name":"wp","href":"https:\/\/api.w.org\/{rel}","templated":true}]}}